{"id":356,"date":"2019-04-09T01:00:12","date_gmt":"2019-04-08T23:00:12","guid":{"rendered":"https:\/\/webs.uab.cat\/grepuab\/books\/"},"modified":"2023-12-01T17:29:49","modified_gmt":"2023-12-01T15:29:49","slug":"books","status":"publish","type":"page","link":"https:\/\/webs.uab.cat\/grepuab\/en\/books\/","title":{"rendered":"Books"},"content":{"rendered":"\n<p><\/p>\n\n\n\n<figure class=\"wp-block-table\"><table><tbody><tr><td class=\"has-text-align-center\" data-align=\"center\"><strong>2023<\/strong><\/td><\/tr><\/tbody><\/table><\/figure>\n\n\n\n<p><strong>Fraile-Aranda, A.; Manrique, J. C..; Romero, R. y Vall\u00e9s, C. <\/strong><em>(2023).&nbsp;<\/em><em>Evaluar competencias docentes del profesorado. Gu\u00eda pr\u00e1ctica para la evaluaci\u00f3n de las competencias del docente de Educaci\u00f3n F\u00edsica y otras \u00e1reas<\/em><em>. Pir\u00e1mide. Madrid. ISBN: 978-84-368-4795-6.<\/em><\/p>\n\n\n<figure class=\"wp-block-image aligncenter\"><img loading=\"lazy\" decoding=\"async\" width=\"236\" height=\"300\" class=\"wp-image-1091\" src=\"https:\/\/webs.uab.cat\/grepuab\/wp-content\/uploads\/sites\/54\/2023\/07\/Fraile_Llibre_web-236x300.png\" alt=\"\" srcset=\"https:\/\/webs.uab.cat\/grepuab\/wp-content\/uploads\/sites\/54\/2023\/07\/Fraile_Llibre_web-236x300.png 236w, https:\/\/webs.uab.cat\/grepuab\/wp-content\/uploads\/sites\/54\/2023\/07\/Fraile_Llibre_web.png 512w\" sizes=\"auto, (max-width: 236px) 100vw, 236px\" \/><\/figure>\n\n\n<p><em><strong>Mart\u00ednez-M\u00ednguez, L.<\/strong> (coord.) (2023).<\/em><em> Psicomotridad. Pikler, Lapierre, Aucouturier y UAB diferencias conectadas<\/em><em>. Gra\u00f3.<\/em><\/p>\n\n\n<figure class=\"wp-block-image aligncenter\"><img loading=\"lazy\" decoding=\"async\" width=\"210\" height=\"300\" class=\"wp-image-1095\" src=\"https:\/\/webs.uab.cat\/grepuab\/wp-content\/uploads\/sites\/54\/2023\/07\/BI056T-210x300.jpg\" alt=\"\" srcset=\"https:\/\/webs.uab.cat\/grepuab\/wp-content\/uploads\/sites\/54\/2023\/07\/BI056T-210x300.jpg 210w, https:\/\/webs.uab.cat\/grepuab\/wp-content\/uploads\/sites\/54\/2023\/07\/BI056T.jpg 490w\" sizes=\"auto, (max-width: 210px) 100vw, 210px\" \/><\/figure>\n\n\n<figure class=\"wp-block-table\"><table><tbody><tr><td><strong>2021<\/strong><\/td><\/tr><\/tbody><\/table><\/figure>\n\n\n\n<p><strong>Mart\u00ednez-M\u00ednguez, L. y Moya, L.<\/strong> (2021). Proyecto de Aprendizaje Co-Tutorado entre universidad-escuela como pr\u00e1ctica de \u00e9xito en evaluaci\u00f3n formativa. <strong>En<\/strong> <strong>Hamodi, C. y Barba-Mart\u00edn, R.<\/strong>&nbsp;(coords.), Evaluaci\u00f3n formativa y compartida. Nuevas propuestas de desarrollo en educaci\u00f3n superior (pp. 151-164).<\/p>\n\n\n<figure class=\"wp-block-image aligncenter\"><img loading=\"lazy\" decoding=\"async\" width=\"231\" height=\"300\" class=\"wp-image-871\" src=\"https:\/\/webs.uab.cat\/grepuab\/wp-content\/uploads\/sites\/54\/2023\/02\/LLibre_capitol_lurdes-231x300.jpg\" alt=\"\" srcset=\"https:\/\/webs.uab.cat\/grepuab\/wp-content\/uploads\/sites\/54\/2023\/02\/LLibre_capitol_lurdes-231x300.jpg 231w, https:\/\/webs.uab.cat\/grepuab\/wp-content\/uploads\/sites\/54\/2023\/02\/LLibre_capitol_lurdes.jpg 345w\" sizes=\"auto, (max-width: 231px) 100vw, 231px\" \/><\/figure>\n\n\n<p><strong>Nieva, C.<\/strong> (2021). Exposici\u00f3n de espacios educativos: una experiencia de evaluaci\u00f3n formativa en la asignatura de pr\u00e1cticas. <strong>En Hamodi, C. y Barba-Mart\u00edn, R.<\/strong> (coords.), Evaluaci\u00f3n formativa y compartida. Nuevas propuestas de desarrollo en educaci\u00f3n superior (pp. 121-131).<\/p>\n\n\n<figure class=\"wp-block-image aligncenter\"><img loading=\"lazy\" decoding=\"async\" width=\"231\" height=\"300\" class=\"wp-image-871\" src=\"https:\/\/webs.uab.cat\/grepuab\/wp-content\/uploads\/sites\/54\/2023\/02\/LLibre_capitol_lurdes-231x300.jpg\" alt=\"\" srcset=\"https:\/\/webs.uab.cat\/grepuab\/wp-content\/uploads\/sites\/54\/2023\/02\/LLibre_capitol_lurdes-231x300.jpg 231w, https:\/\/webs.uab.cat\/grepuab\/wp-content\/uploads\/sites\/54\/2023\/02\/LLibre_capitol_lurdes.jpg 345w\" sizes=\"auto, (max-width: 231px) 100vw, 231px\" \/><\/figure>\n\n\n<p><strong>Nieva, C., Mart\u00ednez-M\u00ednguez, L. y Moya, L.<\/strong> (2021). El PAPCo-T como experiencia de evaluaci\u00f3n formativa y compartida en el grado de educaci\u00f3n infantil de la Universidad Aut\u00f3noma de Barcelona. <strong>En Dos Santos, W. y Stieg, R.<\/strong> (coords.), Evaluaci\u00f3n Educativa en la formaci\u00f3n de profesores (pp. 315-332).<\/p>\n\n\n<figure class=\"wp-block-image aligncenter\"><img loading=\"lazy\" decoding=\"async\" width=\"232\" height=\"300\" class=\"wp-image-874\" src=\"https:\/\/webs.uab.cat\/grepuab\/wp-content\/uploads\/sites\/54\/2023\/02\/Llibre_capitol_Laura-232x300.jpg\" alt=\"\" srcset=\"https:\/\/webs.uab.cat\/grepuab\/wp-content\/uploads\/sites\/54\/2023\/02\/Llibre_capitol_Laura-232x300.jpg 232w, https:\/\/webs.uab.cat\/grepuab\/wp-content\/uploads\/sites\/54\/2023\/02\/Llibre_capitol_Laura-793x1024.jpg 793w, https:\/\/webs.uab.cat\/grepuab\/wp-content\/uploads\/sites\/54\/2023\/02\/Llibre_capitol_Laura-768x992.jpg 768w, https:\/\/webs.uab.cat\/grepuab\/wp-content\/uploads\/sites\/54\/2023\/02\/Llibre_capitol_Laura-1190x1536.jpg 1190w, https:\/\/webs.uab.cat\/grepuab\/wp-content\/uploads\/sites\/54\/2023\/02\/Llibre_capitol_Laura-1586x2048.jpg 1586w, https:\/\/webs.uab.cat\/grepuab\/wp-content\/uploads\/sites\/54\/2023\/02\/Llibre_capitol_Laura-1200x1549.jpg 1200w, https:\/\/webs.uab.cat\/grepuab\/wp-content\/uploads\/sites\/54\/2023\/02\/Llibre_capitol_Laura.jpg 1758w\" sizes=\"auto, (max-width: 232px) 100vw, 232px\" \/><\/figure>\n\n<table class=\"aligncenter\" style=\"width: 700px\" border=\"3\" cellspacing=\"1\" cellpadding=\"1\" align=\"center\">\n<tbody>\n<tr>\n<td class=\"rtecenter\"><strong>2018<\/strong><\/td>\n<\/tr>\n<\/tbody>\n<\/table>\n<p><strong>Benincasa, G., Acebo, R., Luna, A., Masabeu, E. and\u00a0Morales, P.<\/strong> (coords.). (2018). <em>Terapia psicomotriz: reconstruyendo una historia.<\/em> Barcelona: Octaedro.<\/p>\n<p><a href=\"https:\/\/octaedro.com\/libro\/terapia-psicomotriz-reconstruyendo-una-historia\/\">https:\/\/octaedro.com\/libro\/terapia-psicomotriz-reconstruyendo-una-historia\/<\/a><\/p>\n<p><img loading=\"lazy\" decoding=\"async\" class=\"aligncenter\" src=\"https:\/\/images-na.ssl-images-amazon.com\/images\/I\/41eYMXenfRL._SX325_BO1,204,203,200_.jpg\" alt=\"Resultat d'imatges de Terapia psicomotriz: reconstruyendo una historia.\" width=\"204\" height=\"311\" \/><\/p>\n<p>\u00a0<\/p>\n<table style=\"width: 706px;height: 58px\" border=\"3\" cellspacing=\"1\" cellpadding=\"1\" align=\"center\">\n<tbody>\n<tr>\n<td class=\"rtecenter\" style=\"text-align: center\"><strong>2018<\/strong><\/td>\n<\/tr>\n<\/tbody>\n<\/table>\n<p><strong>Franch, N.<\/strong> (2018). <em>Po\u00e9tica corporal.\u00a0Psicomotricidad: Cuerpo en movimiento, cuerpo en relaci\u00f3n<\/em>. Barcelona: Octaedro.<\/p>\n<p><a href=\"https:\/\/octaedro.com\/libro\/poetica-corporal\/\">https:\/\/octaedro.com\/libro\/poetica-corporal\/<\/a><\/p>\n<p><img loading=\"lazy\" decoding=\"async\" class=\"alignnone  wp-image-1416 aligncenter\" src=\"https:\/\/webs.uab.cat\/grepuab\/wp-content\/uploads\/sites\/54\/2023\/12\/poetica_corporal_nuria_franch-196x300.jpg\" alt=\"\" width=\"220\" height=\"337\" srcset=\"https:\/\/webs.uab.cat\/grepuab\/wp-content\/uploads\/sites\/54\/2023\/12\/poetica_corporal_nuria_franch-196x300.jpg 196w, https:\/\/webs.uab.cat\/grepuab\/wp-content\/uploads\/sites\/54\/2023\/12\/poetica_corporal_nuria_franch.jpg 652w\" sizes=\"auto, (max-width: 220px) 100vw, 220px\" \/><\/p>\n<p>\u00a0<\/p>\n<table style=\"width: 711px;height: 65px\" border=\"3\" cellspacing=\"1\" cellpadding=\"1\" align=\"center\">\n<tbody>\n<tr>\n<td class=\"rtecenter\" style=\"text-align: center\"><strong>2017<\/strong><\/td>\n<\/tr>\n<\/tbody>\n<\/table>\n<p><strong>Martinez-M\u00ednguez, L., Rota, J. and\u00a0Anton, M.<\/strong> (Coords.) (2017). <em>Psicomoticitat, escola i curr\u00edculum.<\/em> Barcelona: Octaedro.<\/p>\n<p><a href=\"https:\/\/octaedro.com\/libro\/psicomotricitat-escola-i-curriculum\/\">https:\/\/octaedro.com\/libro\/psicomotricitat-escola-i-curriculum\/<\/a><\/p>\n<p><img loading=\"lazy\" decoding=\"async\" class=\"alignnone  wp-image-1112 aligncenter\" src=\"https:\/\/webs.uab.cat\/grepuab\/wp-content\/uploads\/sites\/54\/2023\/07\/80157-1-213x300.jpg\" alt=\"\" width=\"235\" height=\"331\" srcset=\"https:\/\/webs.uab.cat\/grepuab\/wp-content\/uploads\/sites\/54\/2023\/07\/80157-1-213x300.jpg 213w, https:\/\/webs.uab.cat\/grepuab\/wp-content\/uploads\/sites\/54\/2023\/07\/80157-1-725x1024.jpg 725w, https:\/\/webs.uab.cat\/grepuab\/wp-content\/uploads\/sites\/54\/2023\/07\/80157-1-768x1084.jpg 768w, https:\/\/webs.uab.cat\/grepuab\/wp-content\/uploads\/sites\/54\/2023\/07\/80157-1.jpg 850w\" sizes=\"auto, (max-width: 235px) 100vw, 235px\" \/><\/p>\n<p>\u00a0<\/p>\n<p><strong>Mas, M. and\u00a0Ant\u00f3n, M.<\/strong> (Coords.) (2017). <em>Psicomoticidad educativa: avanzando paso a paso.<\/em> Barcelona: Octaedro.<\/p>\n<p><a href=\"https:\/\/octaedro.com\/libro\/psicomotricidad-educativa-avanzando-paso-a-paso\/\">https:\/\/octaedro.com\/libro\/psicomotricidad-educativa-avanzando-paso-a-paso\/<\/a><\/p>\n<p><img loading=\"lazy\" decoding=\"async\" class=\"aligncenter\" src=\"https:\/\/images-na.ssl-images-amazon.com\/images\/I\/51At8Fai5rL._SX324_BO1,204,203,200_.jpg\" alt=\"Resultat d'imatges de Psicomoticidad educativa: avanzando paso a paso.\" width=\"219\" height=\"335\" \/><\/p>\n<p>\u00a0<\/p>\n<p><strong>Mart\u00ednez-M\u00ednguez, L.<\/strong> (2017). Coevaluaci\u00f3n y heteroevaluaci\u00f3n del Practicum a trav\u00e9s de una escala de puntuaci\u00f3n en la formaci\u00f3n inicial del profesorado en\u00a0L\u00f3pez-Pastor, V. and\u00a0P\u00e9rez-Pueyo, A. <em>Buenas Pr\u00e1cticas Docentes. Evaluaci\u00f3n formativa y compartida en educaci\u00f3n: Experiencias de \u00e9xito en todas las etapas educativas<\/em> (pp. 422-432). Le\u00f3n: Universidad de Le\u00f3n.<\/p>\n<p><a href=\"https:\/\/buleria.unileon.es\/handle\/10612\/5999\">https:\/\/buleria.unileon.es\/handle\/10612\/5999<\/a><\/p>\n<p><img loading=\"lazy\" decoding=\"async\" class=\"alignnone  wp-image-1109 aligncenter\" src=\"https:\/\/webs.uab.cat\/grepuab\/wp-content\/uploads\/sites\/54\/2023\/07\/imagen-214x300.png\" alt=\"\" width=\"245\" height=\"343\" srcset=\"https:\/\/webs.uab.cat\/grepuab\/wp-content\/uploads\/sites\/54\/2023\/07\/imagen-214x300.png 214w, https:\/\/webs.uab.cat\/grepuab\/wp-content\/uploads\/sites\/54\/2023\/07\/imagen.png 456w\" sizes=\"auto, (max-width: 245px) 100vw, 245px\" \/><\/p>\n<p>\u00a0<\/p>\n<p><strong>Ant\u00f3n, M. and\u00a0Mart\u00ednez-M\u00ednguez, L.<\/strong> (2017). Con el cuerpo expresamos, dialogamos, experimentamos&#8230; aprendemos en Ca\u00f1abate, D. and Soler, A. (Coords.), <em>Movimiento y lenguajes. De la experiencia sensoperceptiva a la conciencia y el pensamiento<\/em> (pp.33-37). Barcelona: Gra\u00f3.\u00a0<\/p>\n<p><a href=\"https:\/\/www.grao.com\/es\/producto\/movimiento-y-lenguajes-ge323\">https:\/\/www.grao.com\/es\/producto\/movimiento-y-lenguajes-ge323<\/a><\/p>\n<p><img loading=\"lazy\" decoding=\"async\" class=\" wp-image-1106 aligncenter\" src=\"https:\/\/webs.uab.cat\/grepuab\/wp-content\/uploads\/sites\/54\/2023\/07\/71VO0yIdtcL._AC_UF10001000_QL80_-210x300.jpg\" alt=\"\" width=\"226\" height=\"323\" srcset=\"https:\/\/webs.uab.cat\/grepuab\/wp-content\/uploads\/sites\/54\/2023\/07\/71VO0yIdtcL._AC_UF10001000_QL80_-210x300.jpg 210w, https:\/\/webs.uab.cat\/grepuab\/wp-content\/uploads\/sites\/54\/2023\/07\/71VO0yIdtcL._AC_UF10001000_QL80_.jpg 701w\" sizes=\"auto, (max-width: 226px) 100vw, 226px\" \/><\/p>\n<p>\u00a0<\/p>\n<table style=\"width: 707px;height: 72px\" border=\"3\" cellspacing=\"1\" cellpadding=\"1\" align=\"center\">\n<tbody>\n<tr>\n<td class=\"rtecenter\" style=\"text-align: center\"><strong>2016<\/strong><\/td>\n<\/tr>\n<\/tbody>\n<\/table>\n<p><strong>Mart\u00ednez-M\u00ednguez, L., Palou, S. and\u00a0Anton, M.<\/strong> (2016). El joc corporal com a base\u00a0de tots els jocs en\u00a0Edo, A. Blanch, S. and\u00a0Ant\u00f3n, M.\u00a0<em>El joc a la primera inf\u00e0ncia<\/em> (pp. 124-140). Barcelona: Octaedro.<\/p>\n<p><a href=\"https:\/\/octaedro.com\/libro\/el-joc-a-la-primera-infancia\/\">https:\/\/octaedro.com\/libro\/el-joc-a-la-primera-infancia\/<\/a><\/p>\n<p><img loading=\"lazy\" decoding=\"async\" class=\" wp-image-1103 aligncenter\" src=\"https:\/\/webs.uab.cat\/grepuab\/wp-content\/uploads\/sites\/54\/2023\/07\/80155-1-350x536-1-196x300.jpg\" alt=\"\" width=\"221\" height=\"338\" srcset=\"https:\/\/webs.uab.cat\/grepuab\/wp-content\/uploads\/sites\/54\/2023\/07\/80155-1-350x536-1-196x300.jpg 196w, https:\/\/webs.uab.cat\/grepuab\/wp-content\/uploads\/sites\/54\/2023\/07\/80155-1-350x536-1.jpg 350w\" sizes=\"auto, (max-width: 221px) 100vw, 221px\" \/><\/p>\n<p>\u00a0<\/p>\n<p><strong>Mart\u00ednez-M\u00ednguez, L., Moya, L., Ant\u00f3n, M. and\u00a0Rota, J.<\/strong> (Coords.) (2016). <em>VIII Jornades de Reflexi\u00f3 i Recerca: Psicomotricitat i Escola. El moviment.<\/em> Bellaterra: GREP-Universitat Aut\u00f2noma de Barcelona.\u00a0<\/p>\n<p><a href=\"https:\/\/issuu.com\/grepuab\/docs\/ix_jornades_de_reflexi__i_recerca\">https:\/\/issuu.com\/grepuab\/docs\/ix_jornades_de_reflexi__i_recerca<\/a><\/p>\n<p><img loading=\"lazy\" decoding=\"async\" class=\"alignnone  wp-image-1100 aligncenter\" src=\"https:\/\/webs.uab.cat\/grepuab\/wp-content\/uploads\/sites\/54\/2023\/07\/page_1-212x300.jpg\" alt=\"\" width=\"228\" height=\"323\" srcset=\"https:\/\/webs.uab.cat\/grepuab\/wp-content\/uploads\/sites\/54\/2023\/07\/page_1-212x300.jpg 212w, https:\/\/webs.uab.cat\/grepuab\/wp-content\/uploads\/sites\/54\/2023\/07\/page_1-724x1024.jpg 724w, https:\/\/webs.uab.cat\/grepuab\/wp-content\/uploads\/sites\/54\/2023\/07\/page_1-768x1086.jpg 768w, https:\/\/webs.uab.cat\/grepuab\/wp-content\/uploads\/sites\/54\/2023\/07\/page_1.jpg 1059w\" sizes=\"auto, (max-width: 228px) 100vw, 228px\" \/><\/p>\n<p>\u00a0<\/p>\n<p><strong>Ant\u00f3n, M. and Porta, F.<\/strong> (2016). La utilizaci\u00f3\u00a0del pati\u00a0escolar. in\u00a0Alvarado, M.\u00a0<em>Jugar en Psicomotricidad Estudios, an\u00e0lisis, reflexi\u00f3n y pr\u00e0ctica<\/em>,\u00a0(pags 106-123). Buenos Aires:\u00a0Revista de Psicomotricidad.<\/p>\n<p><img loading=\"lazy\" decoding=\"async\" class=\"aligncenter\" src=\"http:\/\/4.bp.blogspot.com\/-0V-pkjeepJk\/Vwmzrn3CbrI\/AAAAAAAAEEk\/_8-d-vbgYHobdg1TD1hpJx5Q0BEQsuJ0A\/s1600-r\/tapa%2Bfinal.jpg\" alt=\"http:\/\/4.bp.blogspot.com\/-0V-pkjeepJk\/Vwmzrn3CbrI\/AAAAAAAAEEk\/_8-d-vbgYHobdg1TD1hpJx5Q0BEQsuJ0A\/s1600-r\/tapa%2Bfinal.jpg\" width=\"209\" height=\"292\" \/><\/p>\n<p>\u00a0<\/p>\n<table style=\"width: 700px;height: 63px\" border=\"3\" cellspacing=\"1\" cellpadding=\"1\" align=\"center\">\n<tbody>\n<tr>\n<td class=\"rtecenter\" style=\"text-align: center\"><strong>2014<\/strong><\/td>\n<\/tr>\n<\/tbody>\n<\/table>\n<p><strong style=\"font-size: revert;color: var(--color-negre);letter-spacing: 0.05rem\">Rota Iglesias, J.<\/strong><span style=\"font-size: revert;color: var(--color-negre);letter-spacing: 0.05rem\"> (2014). <\/span><em style=\"font-size: revert;color: var(--color-negre);letter-spacing: 0.05rem\">La intervenci\u00f3n psicomotriz: de la pr\u00e1ctica al concepto. <\/em><span style=\"font-size: revert;color: var(--color-negre);letter-spacing: 0.05rem\">Barcelona: Octaedro.<\/span><\/p>\n<p><a href=\"https:\/\/octaedro.com\/libro\/la-intervencion-psicomotriz-de-la-practica-al-concepto\/\">https:\/\/octaedro.com\/libro\/la-intervencion-psicomotriz-de-la-practica-al-concepto\/<\/a><\/p>\n<p><img loading=\"lazy\" decoding=\"async\" class=\"alignnone  wp-image-1419 aligncenter\" src=\"https:\/\/webs.uab.cat\/grepuab\/wp-content\/uploads\/sites\/54\/2023\/12\/psicomotricidad-de-la-practica-al-concepto.-josep-rota-iglesias-194x300.jpg\" alt=\"\" width=\"210\" height=\"325\" srcset=\"https:\/\/webs.uab.cat\/grepuab\/wp-content\/uploads\/sites\/54\/2023\/12\/psicomotricidad-de-la-practica-al-concepto.-josep-rota-iglesias-194x300.jpg 194w, https:\/\/webs.uab.cat\/grepuab\/wp-content\/uploads\/sites\/54\/2023\/12\/psicomotricidad-de-la-practica-al-concepto.-josep-rota-iglesias.jpg 647w\" sizes=\"auto, (max-width: 210px) 100vw, 210px\" \/><\/p>\n<p>\u00a0<\/p>\n<table style=\"width: 707px;height: 61px\" border=\"3\" cellspacing=\"1\" cellpadding=\"1\" align=\"center\">\n<tbody>\n<tr>\n<td class=\"rtecenter\" style=\"text-align: center\"><strong>2013<\/strong><\/td>\n<\/tr>\n<\/tbody>\n<\/table>\n<p><strong>Luna, A., Serrat, A., Masabeu, E., Piazuelo, O. and\u00a0Acebo, R. <\/strong>(2013).\u00a0\u00a1Hoy me toca psico!<em>.<\/em>\u00a0Barcelona: Octaedro.<\/p>\n<p><a href=\"https:\/\/octaedro.com\/libro\/hoy-me-toca-psico\/\">https:\/\/octaedro.com\/libro\/hoy-me-toca-psico\/<\/a><\/p>\n<p><img loading=\"lazy\" decoding=\"async\" class=\"aligncenter\" src=\"https:\/\/images-na.ssl-images-amazon.com\/images\/I\/71t90-ARdEL.jpg\" alt=\"Resultat d'imatges per a &quot;\u00a1Hoy me toca psico!.&quot;&quot;\" width=\"203\" height=\"291\" \/><\/p>\n<p><strong>Luna, A., Serrat, A., Masabeu, E., Piazuelo, O. and\u00a0Acebo, R.<\/strong> (2013).\u00a0<em>Gaur, psiko!.<\/em> Barcelona: Octaedro.<\/p>\n<p><a href=\"https:\/\/octaedro.com\/libro\/gaur-psico-3\/\">https:\/\/octaedro.com\/libro\/gaur-psico-3\/<\/a><\/p>\n<p><img loading=\"lazy\" decoding=\"async\" class=\"aligncenter\" src=\"https:\/\/katakrak.net\/sites\/default\/files\/portadas\/9788499214498.jpeg\" alt=\"Resultat d'imatges per a &quot;Gaur, psiko!&quot;&quot;\" width=\"203\" height=\"287\" \/><\/p>\n<p>\u00a0<\/p>\n<table style=\"width: 706px;height: 65px\" border=\"3\" cellspacing=\"1\" cellpadding=\"1\" align=\"center\">\n<tbody>\n<tr>\n<td class=\"rtecenter\" style=\"text-align: center\"><strong>2008<\/strong><\/td>\n<\/tr>\n<\/tbody>\n<\/table>\n<p><strong>Mart\u00ednez, L.<\/strong> (coord.) (2008). <em>Educaci\u00f3n f\u00edsica, transversalidad y valores.<\/em> Barcelona: Wolters Kluwer.<\/p>\n<p><a href=\"https:\/\/www.amazon.es\/Educaci%C3%B3n-f%C3%ADsica-transversalidad-valores-emocional\/dp\/8471979020\">https:\/\/www.amazon.es\/Educaci%C3%B3n-f%C3%ADsica-transversalidad-valores-emocional\/dp\/8471979020<\/a><\/p>\n<p><img loading=\"lazy\" decoding=\"async\" class=\"alignnone size-medium wp-image-1087 aligncenter\" src=\"https:\/\/webs.uab.cat\/grepuab\/wp-content\/uploads\/sites\/54\/2023\/07\/LLibre_Lurdes_Wolters_Kluger-216x300.jpg\" alt=\"\" width=\"216\" height=\"300\" srcset=\"https:\/\/webs.uab.cat\/grepuab\/wp-content\/uploads\/sites\/54\/2023\/07\/LLibre_Lurdes_Wolters_Kluger-216x300.jpg 216w, https:\/\/webs.uab.cat\/grepuab\/wp-content\/uploads\/sites\/54\/2023\/07\/LLibre_Lurdes_Wolters_Kluger.jpg 451w\" sizes=\"auto, (max-width: 216px) 100vw, 216px\" \/><\/p>\n<p dir=\"ltr\">\u00a0<\/p>\n<p>\u00a0<\/p>","protected":false},"excerpt":{"rendered":"<p>2023 Fraile-Aranda, A.; Manrique, J. C..; Romero, R. y Vall\u00e9s, C. (2023).&nbsp;Evaluar competencias docentes del profesorado. Gu\u00eda pr\u00e1ctica para la evaluaci\u00f3n de las competencias del docente de Educaci\u00f3n F\u00edsica y otras \u00e1reas. Pir\u00e1mide. Madrid. ISBN: 978-84-368-4795-6. Mart\u00ednez-M\u00ednguez, L. (coord.) (2023). Psicomotridad. Pikler, Lapierre, Aucouturier y UAB diferencias conectadas. Gra\u00f3. 2021 Mart\u00ednez-M\u00ednguez, L. y Moya, L. [&hellip;]<\/p>\n","protected":false},"author":20,"featured_media":0,"parent":0,"menu_order":0,"comment_status":"closed","ping_status":"closed","template":"","meta":{"footnotes":""},"class_list":["post-356","page","type-page","status-publish","hentry"],"_links":{"self":[{"href":"https:\/\/webs.uab.cat\/grepuab\/en\/wp-json\/wp\/v2\/pages\/356","targetHints":{"allow":["GET"]}}],"collection":[{"href":"https:\/\/webs.uab.cat\/grepuab\/en\/wp-json\/wp\/v2\/pages"}],"about":[{"href":"https:\/\/webs.uab.cat\/grepuab\/en\/wp-json\/wp\/v2\/types\/page"}],"author":[{"embeddable":true,"href":"https:\/\/webs.uab.cat\/grepuab\/en\/wp-json\/wp\/v2\/users\/20"}],"replies":[{"embeddable":true,"href":"https:\/\/webs.uab.cat\/grepuab\/en\/wp-json\/wp\/v2\/comments?post=356"}],"version-history":[{"count":6,"href":"https:\/\/webs.uab.cat\/grepuab\/en\/wp-json\/wp\/v2\/pages\/356\/revisions"}],"predecessor-version":[{"id":1432,"href":"https:\/\/webs.uab.cat\/grepuab\/en\/wp-json\/wp\/v2\/pages\/356\/revisions\/1432"}],"wp:attachment":[{"href":"https:\/\/webs.uab.cat\/grepuab\/en\/wp-json\/wp\/v2\/media?parent=356"}],"curies":[{"name":"wp","href":"https:\/\/api.w.org\/{rel}","templated":true}]}}