{"id":384,"date":"2020-03-21T19:12:24","date_gmt":"2020-03-21T17:12:24","guid":{"rendered":"https:\/\/webs.uab.cat\/grepuab\/tfm-tutorized\/"},"modified":"2020-03-21T19:18:50","modified_gmt":"2020-03-21T17:18:50","slug":"tfm-tutorized","status":"publish","type":"page","link":"https:\/\/webs.uab.cat\/grepuab\/en\/tfm-tutorized\/","title":{"rendered":"TFM Tutorized"},"content":{"rendered":"<p>The GREP UAB contributes to the fact that there is more research related to Psychomotor Skills and that this is of quality.<\/p>\n<p>Its members direct Master\u2019s Thesis (TFM) of the Master\u2019s Degree in Research in Education of the Autonomous University of Barcelona, within the specialty \u201cArt, Body and Movement\u201d.<\/p>\n<p>Below are the TFMs tutored by the members of GREP UAB.<\/p>\n<p>&nbsp;<\/p>\n<table border=\"3\" cellpadding=\"1\" cellspacing=\"1\" style=\"width:500px\">\n<tbody>\n<tr>\n<td class=\"rtecenter\"><strong>2018-2019&nbsp;<\/strong><\/td>\n<\/tr>\n<\/tbody>\n<\/table>\n<p><strong>TFM:<\/strong>&nbsp;Vamos&nbsp;a ser felices en la&nbsp;escuela. Estudio sobre percepcions y actuacions de un&nbsp;maestro&nbsp;de&nbsp;primaria&nbsp;sobre&nbsp;sus&nbsp;emociones.&nbsp;<br \/>\n<strong>Student:<\/strong>&nbsp;Salvador Ezequiel Rojo Ballesteros.<\/p>\n<p><strong>Tutor:<\/strong>&nbsp;Carolina Nieva&nbsp;Boza.&nbsp;<\/p>\n<p>&nbsp;<\/p>\n<p><strong>TFM:<\/strong>&nbsp;Corponexiones. Un&nbsp;cuerpo&nbsp;que&nbsp;piensa&nbsp;\/ critica \/ crea \/&nbsp;conecta&nbsp;a trav\u00e9s de la&nbsp;danza.&nbsp;<br \/>\n<strong>Student:&nbsp;<\/strong>Diana Fuster.&nbsp;<\/p>\n<p><strong>Tutors:<\/strong>&nbsp;Montserrat Rif\u00e0 i&nbsp;Lurdes&nbsp;Mart\u00ednez&nbsp;M\u00ednguez.&nbsp;<\/p>\n<p>&nbsp;<\/p>\n<p><strong>TFM:<\/strong>&nbsp;Postgrado&nbsp;de&nbsp;Desarrollo&nbsp;Psicomotor de 0 a 8&nbsp;a\u00f1os&nbsp;de la UAB:&nbsp;percepciones&nbsp;sobre las&nbsp;competencias&nbsp;emocionales&nbsp;adquiridas&nbsp;y&nbsp;su&nbsp;aplicaci\u00f3n&nbsp;en el&nbsp;acompa\u00f1amiento&nbsp;del&nbsp;juego&nbsp;espontaneo&nbsp;del&nbsp;ni\u00f1o.&nbsp;<br \/>\n<strong>Student:&nbsp;<\/strong>Mar\u00eda Gabriela Fern\u00e1ndez Bonilla.&nbsp;<\/p>\n<p><strong>Tutor:<\/strong>&nbsp;Lurdes&nbsp;Mart\u00ednez&nbsp;M\u00ednguez.&nbsp;<\/p>\n<p>&nbsp;<\/p>\n<p>&nbsp;<\/p>\n<table border=\"3\" cellpadding=\"1\" cellspacing=\"1\" style=\"width:500px\">\n<tbody>\n<tr>\n<td class=\"rtecenter\"><strong>2017-2018&nbsp;<\/strong><\/td>\n<\/tr>\n<\/tbody>\n<\/table>\n<p><strong>TFM:&nbsp;<\/strong>Anem a jugar al sorral! Una mirada las patis exteriors escolars.&nbsp;<br \/>\n<strong>Student:<\/strong>&nbsp;Helena Rodr\u00edguez&nbsp;Bolzoni.&nbsp;<\/p>\n<p><strong>Tutor:<\/strong>&nbsp;Carolina Nieva&nbsp;Boza.&nbsp;<\/p>\n<p>&nbsp;<\/p>\n<p><strong>TFM:<\/strong>&nbsp;Psicomotricidad&nbsp;en un centro de&nbsp;acogida.&nbsp;Cuerpos&nbsp;que&nbsp;hablan, se constru\u00efen y se&nbsp;empoderan&nbsp;del&nbsp;ni\u00f1o.&nbsp;<br \/>\n<strong>Student:<\/strong>&nbsp;M\u00f2nica Jim\u00e9nez de la Fuente.&nbsp;<\/p>\n<p><strong>Tutor:<\/strong>&nbsp;Lurdes&nbsp;Mart\u00ednez&nbsp;M\u00ednguez.&nbsp;<\/p>\n<p>&nbsp;<\/p>\n<p>&nbsp;<\/p>\n<table border=\"3\" cellpadding=\"1\" cellspacing=\"1\" style=\"width:500px\">\n<tbody>\n<tr>\n<td class=\"rtecenter\"><strong>2016-2017<\/strong><\/td>\n<\/tr>\n<\/tbody>\n<\/table>\n<p><strong>TFM:<\/strong>&nbsp;Percepci\u00f3n del profesorado de educaci\u00f3n f\u00edsica en la inclusi\u00f3n del alumnado inmigrante. Pr\u00e1ctica docente.&nbsp;<br \/>\n<strong>Student:<\/strong>&nbsp;Jos\u00e9 Miguel Ramos Moreno.&nbsp;<\/p>\n<p><strong>Tutor:<\/strong>&nbsp;Carolina Nieva&nbsp;Boza.&nbsp;<\/p>\n<p>&nbsp;<\/p>\n<p><strong>TFM:<\/strong>&nbsp;La Corpore\u00eftat al centre d\u2019Educaci\u00f3 Infantil i Familiar Joaquim&nbsp;Blume: Factors que hi intervenen.&nbsp;<br \/>\n<strong>Student:<\/strong>&nbsp;M\u00aa del Mar Moya V\u00e1zquez.&nbsp;<\/p>\n<p><strong>Tutor:<\/strong>&nbsp;Lurdes&nbsp;Mart\u00ednez&nbsp;M\u00ednguez.&nbsp;<\/p>\n<p>&nbsp;<\/p>\n<p><strong>TFM:<\/strong>&nbsp;Cap a una comprensi\u00f3 simp\u00e0tica: Estudi dels efectes beneficiosos d\u2019un major coneixement de l\u2019alumnat de secund\u00e0ria.&nbsp;<br \/>\n<strong>Student:<\/strong>&nbsp;Joan Escoda Dom\u00e8nech.&nbsp;<\/p>\n<p><strong>Tutor:<\/strong>&nbsp;Lurdes&nbsp;Mart\u00ednez&nbsp;M\u00ednguez.&nbsp;<\/p>\n<p>&nbsp;<\/p>\n<p>&nbsp;<\/p>\n<table border=\"3\" cellpadding=\"1\" cellspacing=\"1\" style=\"width:500px\">\n<tbody>\n<tr>\n<td class=\"rtecenter\"><strong>2015-2016&nbsp;<\/strong><\/td>\n<\/tr>\n<\/tbody>\n<\/table>\n<p><strong>TFM:<\/strong>&nbsp;Fonaments pel disseny de l\u2019avaluaci\u00f3 del programa d\u2019ensenyament-aprenentatge feli\u00e7.&nbsp;<br \/>\n<strong>Student:&nbsp;<\/strong>Gemma Mora&nbsp;Muntadas.&nbsp;<\/p>\n<p><strong>Tutor:<\/strong>&nbsp;Lurdes&nbsp;Mart\u00ednez&nbsp;M\u00ednguez.&nbsp;<\/p>\n<p>&nbsp;<\/p>\n<p><strong>TFM:&nbsp;<\/strong>Les compet\u00e8ncies del psicomotricista. An\u00e0lisi comparatiu en diferents moments formatius.&nbsp;<br \/>\n<strong>Student:<\/strong>&nbsp;Aina Gavald\u00e0 Miralles.&nbsp;<\/p>\n<p><strong>Tutor:<\/strong>&nbsp;Lurdes&nbsp;Mart\u00ednez&nbsp;M\u00ednguez.&nbsp;<\/p>\n<p>&nbsp;<\/p>\n<p>\u202f<\/p>\n<table border=\"3\" cellpadding=\"1\" cellspacing=\"1\" style=\"width:500px\">\n<tbody>\n<tr>\n<td class=\"rtecenter\"><strong>2014-2015&nbsp;<\/strong><\/td>\n<\/tr>\n<\/tbody>\n<\/table>\n<p><strong>TFM:<\/strong>&nbsp;L\u2019\u00fas del cos en l\u2019aprenentatge de l\u2019escriptura.&nbsp;<br \/>\n<strong>Student:<\/strong>&nbsp;Ariadna&nbsp;Faustino&nbsp;Aldea.&nbsp;<\/p>\n<p><strong>Tutor:<\/strong>&nbsp;Lurdes&nbsp;Mart\u00ednez&nbsp;M\u00ednguez.&nbsp;<\/p>\n<p>&nbsp;<\/p>\n<p><strong>TFM:<\/strong>&nbsp;Searching&nbsp;for&nbsp;Embodiment&nbsp;in&nbsp;primary&nbsp;School:&nbsp;The&nbsp;case&nbsp;of&nbsp;Psychomotor&nbsp;Education&nbsp;for&nbsp;autonomy&nbsp;and&nbsp;social&nbsp;skills.&nbsp;<br \/>\n<strong>Student:<\/strong>&nbsp;Amalia&nbsp;Giannoutsou.&nbsp;<\/p>\n<p><strong>Tutor:<\/strong>&nbsp;Lurdes&nbsp;Mart\u00ednez&nbsp;M\u00ednguez.&nbsp;<\/p>\n<p>&nbsp;<\/p>\n<p class=\"rtecenter\">\u202f\u202f&nbsp;<\/p>\n<table border=\"3\" cellpadding=\"1\" cellspacing=\"1\" style=\"width:500px\">\n<tbody>\n<tr>\n<td class=\"rtecenter\"><strong>2013-2014&nbsp;<\/strong><\/td>\n<\/tr>\n<\/tbody>\n<\/table>\n<p><strong>TFM:<\/strong>&nbsp;La formaci\u00f3 personal en l\u2019\u00e0mbit de la corpore\u00eftat en els estudis de Mestre\/a d\u2019Educaci\u00f3 Infantil de Catalunya.&nbsp;<br \/>\n<strong>Student:<\/strong>&nbsp;Laura Moya Prados.&nbsp;<\/p>\n<p><strong>Tutor:<\/strong>&nbsp;Lurdes&nbsp;Mart\u00ednez&nbsp;M\u00ednguez.&nbsp;<\/p>\n<p>&nbsp;<\/p>\n<p><strong>TFM:<\/strong>&nbsp;Jo tamb\u00e9 vull ser protagonista, com el meu germ\u00e0. La import\u00e0ncia de l&#8217;atenci\u00f3 psicomotriu individualitzada.&nbsp;<br \/>\n<strong>Student:<\/strong>&nbsp;Francesc Porta Mart\u00ednez.&nbsp;<\/p>\n<p><strong>Tutor:<\/strong>&nbsp;Montserrat Anton&nbsp;Rosera.&nbsp;<\/p>\n<p>&nbsp;<\/p>\n","protected":false},"excerpt":{"rendered":"<p>The GREP UAB contributes to the fact that there is more research related to Psychomotor Skills and that this is of quality. Its members direct Master\u2019s Thesis (TFM) of the Master\u2019s Degree in Research in Education of the Autonomous University of Barcelona, within the specialty \u201cArt, Body and Movement\u201d. Below are the TFMs tutored by [&hellip;]<\/p>\n","protected":false},"author":20,"featured_media":0,"parent":0,"menu_order":0,"comment_status":"closed","ping_status":"closed","template":"","meta":{"footnotes":""},"class_list":["post-384","page","type-page","status-publish","hentry"],"_links":{"self":[{"href":"https:\/\/webs.uab.cat\/grepuab\/en\/wp-json\/wp\/v2\/pages\/384","targetHints":{"allow":["GET"]}}],"collection":[{"href":"https:\/\/webs.uab.cat\/grepuab\/en\/wp-json\/wp\/v2\/pages"}],"about":[{"href":"https:\/\/webs.uab.cat\/grepuab\/en\/wp-json\/wp\/v2\/types\/page"}],"author":[{"embeddable":true,"href":"https:\/\/webs.uab.cat\/grepuab\/en\/wp-json\/wp\/v2\/users\/20"}],"replies":[{"embeddable":true,"href":"https:\/\/webs.uab.cat\/grepuab\/en\/wp-json\/wp\/v2\/comments?post=384"}],"version-history":[{"count":0,"href":"https:\/\/webs.uab.cat\/grepuab\/en\/wp-json\/wp\/v2\/pages\/384\/revisions"}],"wp:attachment":[{"href":"https:\/\/webs.uab.cat\/grepuab\/en\/wp-json\/wp\/v2\/media?parent=384"}],"curies":[{"name":"wp","href":"https:\/\/api.w.org\/{rel}","templated":true}]}}