{"id":392,"date":"2021-04-15T23:32:25","date_gmt":"2021-04-15T21:32:25","guid":{"rendered":"https:\/\/webs.uab.cat\/grepuab\/tfe-tutorized\/"},"modified":"2023-07-29T15:52:37","modified_gmt":"2023-07-29T13:52:37","slug":"tfe-tutorized","status":"publish","type":"page","link":"https:\/\/webs.uab.cat\/grepuab\/en\/tfe-tutorized\/","title":{"rendered":"TFE tutorized"},"content":{"rendered":"<p>The GREP UAB contributes to the fact that there is more research related to Psychomotor Skills and that this is of quality.<\/p>\n<p>Its members direct Final Degree Projects (TFE) of the Degree in Early Childhood Education at the Autonomous University of Barcelona within the line &#8220;The body at school&#8221; (Body Unit, Department of Didactics of Musical Expression, Plastic Arts and Corporal).<\/p>\n<p>Below are the TFEs tutored by the members of GREP UAB.<\/p>\n<p>\u00a0<\/p>\n\n\n<h2 class=\"wp-block-heading\"><strong>COURSE 2022-2023<\/strong><\/h2>\n\n\n\n<p><strong>TFE:<\/strong>&nbsp;Orientacions pel desenvolupament de sessions de Psicomotricitat a l&#8217;escola de Can Manent.\n<strong>Student:<\/strong>&nbsp;Alba Echevarria Net.<\/p>\n\n\n\n<p><strong>Tutor:<\/strong>&nbsp;Paco Cort\u00e9s Ferrero.<\/p>\n\n\n\n<p class=\"has-negre-eben-background-color has-background\"><\/p>\n\n\n\n<p><\/p>\n\n\n\n<p><strong>TFE:<\/strong>&nbsp;Creaci\u00f3 d&#8217;un espai de pati per treballar l&#8217;esquema corporal a l&#8217;educaci\u00f3 infantil.\n<strong>Student:<\/strong>&nbsp;Carla Codosal Mancera.<\/p>\n\n\n\n<p><strong>Tutor:<\/strong> Paco Cort\u00e9s Ferrero.<\/p>\n\n\n\n<p class=\"has-negre-eben-background-color has-background\"><\/p>\n\n\n\n<p><\/p>\n\n\n\n<h2 class=\"wp-block-heading\"><strong>COURSE 2021-2022<\/strong><\/h2>\n\n\n\n<p><strong>TFE:<\/strong>&nbsp;El cos a l\u2019escola. Mestres i infants. Els\/Les especialistes de psicomotricitat realment estan preparats\/des per portar a terme el primer cicle d\u2019educaci\u00f3 prim\u00e0ria?\n<strong>Student:<\/strong>&nbsp;Cristina Norza Luengo.<\/p>\n\n\n\n<p><strong>Tutor:<\/strong> Paco Cort\u00e9s Ferrero.<\/p>\n\n\n\n<p class=\"has-negre-eben-background-color has-background\"><\/p>\n\n\n\n<p><\/p>\n\n\n\n<h2 class=\"wp-block-heading\"><strong>COURSE 2020-2021<\/strong><\/h2>\n\n\n\n<p><strong>TFE:<\/strong>\u00a0El rol i l\u2019actitud de l\u2019adult en la Pr\u00e0ctica Psicomotriu Aucouturier. 5 experi\u00e8ncies pr\u00e0ctiques. <\/p>\n\n\n\n<p><strong>Student:<\/strong>\u00a0M\u00f2nica Zafra Fosas.<\/p>\n\n\n\n<p><strong>Tutor:<\/strong>&nbsp;Paco Cort\u00e9s Ferrero.<\/p>\n\n\n\n<pre class=\"wp-block-preformatted has-negre-eben-background-color has-background\"><\/pre>\n\n\n\n<p><strong>TFE:<\/strong>&nbsp;El Ioga com a eina educativa que fomenta l\u2019educaci\u00f3 emocional en infants de 4 i 5 anys.\n<strong>Student:<\/strong>&nbsp;Meritxell Garcia Coma.<\/p>\n\n\n\n<p><strong>Tutor:<\/strong>&nbsp;Paco Cort\u00e9s Ferrero.<\/p>\n\n\n\n<pre class=\"wp-block-preformatted has-negre-eben-background-color has-background\"><\/pre>\n\n\n\n<p><strong>TFE:<\/strong>\u00a0Les falques motrius com a eina educativa en dues aules de P5. <\/p>\n\n\n\n<p><strong>Student:<\/strong>\u00a0Carla Guti\u00e9rrez Romero.<\/p>\n\n\n\n<p><strong>Tutor:<\/strong>&nbsp;Paco Cort\u00e9s Ferrero.<\/p>\n\n\n\n<pre class=\"wp-block-preformatted has-negre-eben-background-color has-background\"><\/pre>\n\n\n\n<p><strong>TFE:<\/strong>\u00a0Educaci\u00f3 Psicomotriu interdisciplinar: Les instal\u00b7lacions art\u00edstiques vistes des de l\u2019\u00e0mbit de la logicomatem\u00e0tica. <\/p>\n\n\n\n<p><strong>Student:<\/strong>\u00a0Carla Dom\u00e9nech Torres.<\/p>\n\n\n\n<p><strong>Tutor:<\/strong> Paco Cort\u00e9s Ferrero.<\/p>\n\n\n\n<p class=\"has-negre-eben-background-color has-background\"><\/p>\n\n\n\n<p><\/p>\n\n\n\n<h2 class=\"wp-block-heading\"><strong>COURSE 2019-2020<\/strong><\/h2>\n\n\n\n<p><strong>TFE:<\/strong>&nbsp;Sexualitat Infantil. <\/p>\n\n\n\n<p><strong>Student:<\/strong>&nbsp;Miriam&nbsp;Benitez&nbsp;Martor\u00ed. <\/p>\n\n\n\n<p><strong>Tutor:<\/strong>&nbsp;M\u00ba del Mar P\u00e9rez Mart\u00edn. <\/p>\n\n\n\n<p class=\"has-negre-eben-background-color has-background\"><\/p>\n\n\n\n<p><\/p>\n\n\n\n<p><strong>TFE:<\/strong>&nbsp;Estimuls&nbsp;visuals i esquema corporal. <\/p>\n\n\n\n<p><strong>Student:<\/strong>&nbsp;Cristina Garcia&nbsp;Marcen. <\/p>\n\n\n\n<p><strong>Tutor:<\/strong>&nbsp;M\u00ba del Mar P\u00e9rez Mart\u00edn.<\/p>\n\n\n\n<p class=\"has-negre-eben-background-color has-background\"><\/p>\n\n\n\n<p> <\/p>\n\n\n\n<p><strong>TFE:<\/strong>&nbsp;Import\u00e0ncia del joc al desenvolupament f\u00edsic i motriu a les primeres edats. <\/p>\n\n\n\n<p><strong>Student:<\/strong>&nbsp;Luis Lopez G\u00f3mez. <\/p>\n\n\n\n<p><strong>Tutor:<\/strong>&nbsp;M\u00ba del Mar P\u00e9rez Mart\u00edn. <\/p>\n\n\n\n<p class=\"has-negre-eben-background-color has-background\"><\/p>\n\n\n\n<p><\/p>\n\n\n\n<p><strong>TFE:<\/strong>&nbsp;Els peus descal\u00e7os a l&#8217;escola bressol <\/p>\n\n\n\n<p><strong>Student:<\/strong>&nbsp;Andrea&nbsp;Melgarejo&nbsp;Villar <\/p>\n\n\n\n<p><strong>Tutor:<\/strong>&nbsp;M\u00ba del Mar P\u00e9rez Mart\u00edn.<\/p>\n\n\n\n<p class=\"has-negre-eben-background-color has-background\"><\/p>\n\n\n\n<p><\/p>\n\n\n\n<h2 class=\"wp-block-heading\"><strong>COURSE 2016-2017<\/strong><\/h2>\n\n\n\n<p><strong>TFE:<\/strong>&nbsp;La pr\u00e0ctica psicomotriu en la primera inf\u00e0ncia. <\/p>\n\n\n\n<p><strong>Student:<\/strong>&nbsp;Anabel&nbsp;Fortea&nbsp;Rodr\u00edguez. <\/p>\n\n\n\n<p><strong>Tutor:<\/strong>&nbsp;Lurdes&nbsp;Mart\u00ednez&nbsp;M\u00ednguez. With an extraordinary prize qualification with Honorary Registration. <\/p>\n\n\n\n<p class=\"has-negre-eben-background-color has-background\"><\/p>\n\n\n\n<p><\/p>\n\n\n\n<p><strong>TFE:<\/strong>&nbsp;Pr\u00e0ctica psicomotriu d\u2019ajuda per a nens amb necessitats educatives espec\u00edfiques de l\u2019Escola Mestre Pla de Castellar del Vall\u00e8s <\/p>\n\n\n\n<p><strong>Student:<\/strong>&nbsp;Anna Garrido Vilaseca i Judit Pons Rabat. <\/p>\n\n\n\n<p><strong>Tutor:<\/strong>&nbsp;Lurdes&nbsp;Mart\u00ednez M\u00ednguez. With an extraordinary prize qualification with Honorary Registration.<\/p>\n\n\n\n<p class=\"has-negre-eben-background-color has-background\"><\/p>\n\n\n\n<p><\/p>\n\n\n\n<h2 class=\"wp-block-heading\"><strong>COURSE 2015-2016<\/strong><\/h2>\n\n\n\n<p><strong>TFE:<\/strong>&nbsp;La comunicaci\u00f3 corporal en la relaci\u00f3 mestre-infant a una aula d\u2019Educaci\u00f3 Infantil anglesa i catalana. <\/p>\n\n\n\n<p><strong>Student:<\/strong>&nbsp;L\u00eddia Bernal D\u00edaz. <\/p>\n\n\n\n<p><strong>Tutor:<\/strong>&nbsp;Lurdes&nbsp;Mart\u00ednez M\u00ednguez. <\/p>\n\n\n\n<p class=\"has-negre-eben-background-color has-background\"><\/p>\n\n\n\n<p><\/p>\n\n\n\n<p><strong>TFE:<\/strong>&nbsp;An\u00e0lisi comparativa de les diferents pres\u00e8ncies del cos durant a jornada escolar en dos centres de segon cicle d\u2019Educaci\u00f3 Infantil. <\/p>\n\n\n\n<p><strong>Student:<\/strong>&nbsp;Nerea Olea Prat <\/p>\n\n\n\n<p><strong>Tutor:<\/strong>&nbsp;Lurdes&nbsp;Mart\u00ednez M\u00ednguez.<\/p>\n\n\n\n<p class=\"has-negre-eben-background-color has-background\"><\/p>\n\n\n\n<p><\/p>\n\n\n\n<h2 class=\"wp-block-heading\"><strong>COURSE 2013-2014<\/strong><\/h2>\n\n\n\n<p><strong>TFE:<\/strong>&nbsp;Emocions: un aprenentatge ple de significat pels infants. <\/p>\n\n\n\n<p><strong>Student:<\/strong>&nbsp;Estefania Velasco&nbsp;Albarrac\u00edn. <\/p>\n\n\n\n<p><strong>Tutor:<\/strong>&nbsp;Lurdes&nbsp;Mart\u00ednez M\u00ednguez. <\/p>\n\n\n\n<p class=\"has-negre-eben-background-color has-background\"><\/p>\n\n\n\n<p><\/p>\n\n\n\n<p><strong>TFE:<\/strong>&nbsp;El massatge infantil. Un m\u00f3n sensorial. <br><strong>Student:<\/strong>&nbsp;Patricia Mu\u00f1oz Rodr\u00edguez. <\/p>\n\n\n\n<p><strong>Tutor:<\/strong>&nbsp;Lurdes&nbsp;Mart\u00ednez M\u00ednguez. <\/p>\n\n\n\n<p class=\"has-negre-eben-background-color has-background\"><\/p>\n\n\n\n<p><\/p>\n\n\n\n<p><strong>TFE:<\/strong>&nbsp;Juguem amb el cos. Constru\u00efm resili\u00e8ncia. <\/p>\n\n\n\n<p><strong>Student:<\/strong>&nbsp;\u00darsula Funes Botia. <\/p>\n\n\n\n<p><strong>Tutor:<\/strong>&nbsp;Lurdes&nbsp;Mart\u00ednez M\u00ednguez. <\/p>\n\n\n\n<p class=\"has-negre-eben-background-color has-background\"><\/p>\n\n\n\n<p><\/p>\n\n\n\n<p><strong>TFE:<\/strong>&nbsp;CORP-O-ralment. <\/p>\n\n\n\n<p><strong>Student:<\/strong>&nbsp;Anabel&nbsp;Ver\u00f3n&nbsp;Calero. <\/p>\n\n\n\n<p><strong>Tutor:<\/strong>&nbsp;Lurdes&nbsp;Mart\u00ednez M\u00ednguez.<\/p>\n\n\n\n<p class=\"has-negre-eben-background-color has-background\"><\/p>\n\n\n\n<p><\/p>\n\n\n\n<h2 class=\"wp-block-heading\"><strong>COURSE 2012-2013<\/strong><\/h2>\n\n\n\n<p><strong>TFE:<\/strong>&nbsp;Import\u00e0ncia de la psicomotricitat a l\u2019escola bressol. \u00c9s possible incorporar la pr\u00e0ctica psicomotriu&nbsp;Aucouturier&nbsp;a una escola bressol amb ideologia&nbsp;Pickler? <\/p>\n\n\n\n<p><strong>Student:<\/strong>&nbsp;Arantxa Ramos&nbsp;Aivar. <\/p>\n\n\n\n<p><strong>Tutor:<\/strong>&nbsp;Lurdes&nbsp;Mart\u00ednez M\u00ednguez. <\/p>\n\n\n\n<p class=\"has-negre-eben-background-color has-background\"><\/p>\n\n\n\n<p><\/p>\n\n\n\n<p><strong>TFE:<\/strong>&nbsp;Elaboraci\u00f3 d\u2019una pauta d\u2019observaci\u00f3 sobre l\u2019infant en psicomotricitat. <\/p>\n\n\n\n<p><strong>Student:<\/strong>&nbsp;L\u00eddia Castellv\u00ed Roca. <\/p>\n\n\n\n<p><strong>Tutor:<\/strong>&nbsp;Lurdes&nbsp;Mart\u00ednez M\u00ednguez. <\/p>\n\n\n\n<p class=\"has-negre-eben-background-color has-background\"><\/p>\n\n\n\n<p><\/p>\n\n\n\n<p><strong>TFE:<\/strong>&nbsp;Els cent llenguatges en el cos del mestre. Contrastos entre&nbsp;Reggio&nbsp;i la UAB <\/p>\n\n\n\n<p><strong>Student:<\/strong>&nbsp;Meritxell&nbsp;Pie&nbsp;P\u00e9rez. <\/p>\n\n\n\n<p><strong>Tutor:<\/strong>&nbsp;Lurdes&nbsp;Mart\u00ednez M\u00ednguez. With an extraordinary prize qualification with Honorary Registration. <\/p>\n\n\n\n<p class=\"has-negre-eben-background-color has-background\"><\/p>\n\n\n\n<p><\/p>\n\n\n\n<p><strong>TFE:<\/strong>&nbsp;Com afecta el cos del mestre al seu estil docent. <\/p>\n\n\n\n<p><strong>Student:<\/strong>&nbsp;Estefania Riba Art\u00e9s. <\/p>\n\n\n\n<p><strong>Tutor:<\/strong>&nbsp;Lurdes&nbsp;Mart\u00ednez M\u00ednguez. <\/p>\n\n\n\n<p class=\"has-negre-eben-background-color has-background\"><\/p>\n\n\n\n<p><\/p>\n\n\n\n<p><strong>TFE:<\/strong>&nbsp;Ajudar a n\u00e9ixer la psicomotricitat a l\u2019escola. <\/p>\n\n\n\n<p><strong>Student:&nbsp;<\/strong>Cristina Vega N\u00fa\u00f1ez. <\/p>\n\n\n\n<p><strong>Tutor:<\/strong>&nbsp;Lurdes&nbsp;Mart\u00ednez M\u00ednguez.<\/p>\n\n\n\n<p><\/p>\n","protected":false},"excerpt":{"rendered":"<p>The GREP UAB contributes to the fact that there is more research related to Psychomotor Skills and that this is of quality. Its members direct Final Degree Projects (TFE) of the Degree in Early Childhood Education at the Autonomous University of Barcelona within the line &#8220;The body at school&#8221; (Body Unit, Department of Didactics of [&hellip;]<\/p>\n","protected":false},"author":20,"featured_media":0,"parent":0,"menu_order":0,"comment_status":"closed","ping_status":"closed","template":"","meta":{"footnotes":""},"class_list":["post-392","page","type-page","status-publish","hentry"],"_links":{"self":[{"href":"https:\/\/webs.uab.cat\/grepuab\/en\/wp-json\/wp\/v2\/pages\/392","targetHints":{"allow":["GET"]}}],"collection":[{"href":"https:\/\/webs.uab.cat\/grepuab\/en\/wp-json\/wp\/v2\/pages"}],"about":[{"href":"https:\/\/webs.uab.cat\/grepuab\/en\/wp-json\/wp\/v2\/types\/page"}],"author":[{"embeddable":true,"href":"https:\/\/webs.uab.cat\/grepuab\/en\/wp-json\/wp\/v2\/users\/20"}],"replies":[{"embeddable":true,"href":"https:\/\/webs.uab.cat\/grepuab\/en\/wp-json\/wp\/v2\/comments?post=392"}],"version-history":[{"count":3,"href":"https:\/\/webs.uab.cat\/grepuab\/en\/wp-json\/wp\/v2\/pages\/392\/revisions"}],"predecessor-version":[{"id":1335,"href":"https:\/\/webs.uab.cat\/grepuab\/en\/wp-json\/wp\/v2\/pages\/392\/revisions\/1335"}],"wp:attachment":[{"href":"https:\/\/webs.uab.cat\/grepuab\/en\/wp-json\/wp\/v2\/media?parent=392"}],"curies":[{"name":"wp","href":"https:\/\/api.w.org\/{rel}","templated":true}]}}