{"id":1136,"date":"2017-11-24T11:48:54","date_gmt":"2017-11-24T09:48:54","guid":{"rendered":"http:\/\/gurbuab.com\/?page_id=1136"},"modified":"2017-11-24T11:48:54","modified_gmt":"2017-11-24T09:48:54","slug":"aina-goma-garcia","status":"publish","type":"page","link":"https:\/\/webs.uab.cat\/gurb\/aina-goma-garcia\/","title":{"rendered":"Aina Gom\u00e0 Garcia"},"content":{"rendered":"<p style=\"text-align:justify\"><em><strong><img loading=\"lazy\" decoding=\"async\" class=\" size-full wp-image-1140 alignleft\" src=\"https:\/\/webs.uab.cat\/gurb\/wp-content\/uploads\/sites\/586\/2017\/11\/img_web_goma.jpg\" alt=\"img_web_goma\" width=\"249\" height=\"300\" \/>Aina Gom\u00e0 Garcia<\/strong><\/em>\u00a0(Barcelona, 1993) \u00e9s graduada en Geografia i Ordenaci\u00f3 del Territori per la Universitat Aut\u00f2noma de Barcelona (2016). Ha estat becaria de col\u00b7laboraci\u00f3 del <a href=\"http:\/\/geografia.uab.cat\/genere\/\" target=\"_blank\" rel=\"noopener\">Grup de Recerca de Geografia i G\u00e8nere<\/a>, ha treballat com a t\u00e8cnica de recerca a l\u2019<a href=\"http:\/\/igop.uab.cat\/\" target=\"_blank\" rel=\"noopener\">Institut de Govern i Pol\u00edtiques P\u00fabliques<\/a> (IGOP) i actualment est\u00e0 vinculada al Grup d\u2019Estudis sobre Energia Territori i Societat en l\u2019an\u00e0lisi de l\u2019enquesta de joventut de Catalunya aix\u00ed com en altres l\u00ednies de recerca.<\/p>\n<hr \/>\n<p style=\"text-align:center\"><strong>Publicacions | Actes<\/strong><\/p>\n<p style=\"text-align:center\"><img loading=\"lazy\" decoding=\"async\" class=\"alignnone  wp-image-908\" src=\"https:\/\/webs.uab.cat\/gurb\/wp-content\/uploads\/sites\/586\/2016\/12\/linkedin.png\" alt=\"linkedin\" width=\"30\" height=\"30\" \/>\u00a0<img loading=\"lazy\" decoding=\"async\" class=\"alignnone  wp-image-907\" src=\"https:\/\/webs.uab.cat\/gurb\/wp-content\/uploads\/sites\/586\/2016\/12\/mendeley.png\" alt=\"mendeley\" width=\"30\" height=\"30\" \/>\u00a0<img loading=\"lazy\" decoding=\"async\" class=\"alignnone  wp-image-904\" src=\"https:\/\/webs.uab.cat\/gurb\/wp-content\/uploads\/sites\/586\/2016\/12\/academia.png\" alt=\"academia\" width=\"30\" height=\"30\" \/>\u00a0<img loading=\"lazy\" decoding=\"async\" class=\"alignnone  wp-image-906\" src=\"https:\/\/webs.uab.cat\/gurb\/wp-content\/uploads\/sites\/586\/2016\/12\/twitter.png\" alt=\"twitter\" width=\"30\" height=\"30\" \/>\u00a0<img loading=\"lazy\" decoding=\"async\" class=\"alignnone  wp-image-905\" src=\"https:\/\/webs.uab.cat\/gurb\/wp-content\/uploads\/sites\/586\/2016\/12\/facebook.png\" alt=\"facebook\" width=\"30\" height=\"30\" \/>\u00a0<img loading=\"lazy\" decoding=\"async\" class=\"alignnone  wp-image-918\" src=\"https:\/\/webs.uab.cat\/gurb\/wp-content\/uploads\/sites\/586\/2016\/12\/instagram.png\" alt=\"instagram\" width=\"30\" height=\"30\" \/><\/p>\n<p>&nbsp;<\/p>\n","protected":false},"excerpt":{"rendered":"<p>Aina Gom\u00e0 Garcia\u00a0(Barcelona, 1993) \u00e9s graduada en Geografia i Ordenaci\u00f3 del Territori per la Universitat Aut\u00f2noma de Barcelona (2016). Ha estat becaria de col\u00b7laboraci\u00f3 del Grup de Recerca de Geografia i G\u00e8nere, ha treballat com a t\u00e8cnica de recerca a l\u2019Institut de Govern i Pol\u00edtiques P\u00fabliques (IGOP) i actualment est\u00e0 vinculada al Grup d\u2019Estudis sobre [&hellip;]<\/p>\n","protected":false},"author":2819,"featured_media":0,"parent":0,"menu_order":0,"comment_status":"closed","ping_status":"closed","template":"","meta":{"footnotes":""},"class_list":["post-1136","page","type-page","status-publish","hentry"],"_links":{"self":[{"href":"https:\/\/webs.uab.cat\/gurb\/wp-json\/wp\/v2\/pages\/1136","targetHints":{"allow":["GET"]}}],"collection":[{"href":"https:\/\/webs.uab.cat\/gurb\/wp-json\/wp\/v2\/pages"}],"about":[{"href":"https:\/\/webs.uab.cat\/gurb\/wp-json\/wp\/v2\/types\/page"}],"author":[{"embeddable":true,"href":"https:\/\/webs.uab.cat\/gurb\/wp-json\/wp\/v2\/users\/2819"}],"replies":[{"embeddable":true,"href":"https:\/\/webs.uab.cat\/gurb\/wp-json\/wp\/v2\/comments?post=1136"}],"version-history":[{"count":0,"href":"https:\/\/webs.uab.cat\/gurb\/wp-json\/wp\/v2\/pages\/1136\/revisions"}],"wp:attachment":[{"href":"https:\/\/webs.uab.cat\/gurb\/wp-json\/wp\/v2\/media?parent=1136"}],"curies":[{"name":"wp","href":"https:\/\/api.w.org\/{rel}","templated":true}]}}