{"id":292,"date":"2014-07-16T12:10:07","date_gmt":"2014-07-16T10:10:07","guid":{"rendered":"http:\/\/gurbuab.wordpress.com\/?page_id=292"},"modified":"2014-07-16T12:10:07","modified_gmt":"2014-07-16T10:10:07","slug":"ministerio-de-economia-la-ciudad-de-la-luz","status":"publish","type":"page","link":"https:\/\/webs.uab.cat\/gurb\/ministerio-de-economia-la-ciudad-de-la-luz\/","title":{"rendered":"La luz de la ciudad"},"content":{"rendered":"<table style=\"height:70px\" width=\"624\">\n<tbody>\n<tr>\n<td>\n<div style=\"float:left;width:100%;text-align:left\">\n<p style=\"text-align:justify\"><img loading=\"lazy\" decoding=\"async\" class=\"attachment-post-thumbnail left alignleft\" src=\"https:\/\/webs.uab.cat\/gurb\/wp-content\/uploads\/sites\/586\/2014\/07\/iss034-e-58832.jpg?w=624\" alt=\"ISS034-E-58832\" width=\"100\" height=\"68\" \/> <img loading=\"lazy\" decoding=\"async\" class=\"attachment-post-thumbnail left alignleft\" src=\"https:\/\/webs.uab.cat\/gurb\/wp-content\/uploads\/sites\/586\/2014\/07\/iss021-e-17023.jpg?w=624\" alt=\"ISS021-E-17023\" width=\"100\" height=\"68\" \/> <img loading=\"lazy\" decoding=\"async\" class=\"attachment-post-thumbnail left alignleft\" src=\"https:\/\/webs.uab.cat\/gurb\/wp-content\/uploads\/sites\/586\/2014\/07\/iss035-e-23388.jpg?w=624\" alt=\"ISS035-E-23388\" width=\"100\" height=\"68\" \/> <img loading=\"lazy\" decoding=\"async\" class=\"attachment-post-thumbnail left alignleft\" src=\"https:\/\/webs.uab.cat\/gurb\/wp-content\/uploads\/sites\/586\/2014\/07\/iss026-e-26497.jpg?w=624\" alt=\"ISS026-E-26497\" width=\"100\" height=\"68\" \/> <img loading=\"lazy\" decoding=\"async\" class=\"attachment-post-thumbnail left alignleft\" src=\"https:\/\/webs.uab.cat\/gurb\/wp-content\/uploads\/sites\/586\/2014\/07\/iss030-e-209449.jpg?w=624\" alt=\"ISS030-E-209449\" width=\"100\" height=\"68\" \/><\/p>\n<\/div>\n<\/td>\n<\/tr>\n<\/tbody>\n<\/table>\n<p style=\"text-align:justify\"><em><strong>La estimaci\u00f3n del consumo de suelo en Espa\u00f1a a partir de las im\u00e1genes nocturnas de la Tierra (1992-2012)<\/strong><\/em><\/p>\n<p style=\"text-align:justify\">A lo largo de la primera d\u00e9cada de este siglo (entre los a\u00f1os 2001 y 2012), el parque de viviendas en Espa\u00f1a aument\u00f3 m\u00e1s de un 20%, pasando de poco m\u00e1s de 21 millones de unidades a 25,4 millones. M\u00e1s all\u00e1 del volumen total de viviendas y de las razones que condujeron a un sobredimensionamiento de las necesidades reales, el proceso de construcci\u00f3n tuvo un importante impacto territorial por lo que se refiere a la morfolog\u00eda urbana y al proceso de artificializaci\u00f3n del territorio. Esto es as\u00ed porque la localizaci\u00f3n de los nuevos desarrollos urbanos y las pautas de urbanizaci\u00f3n que siguieron comportaron un elevado consumo de suelo.<em><strong><br \/>\n<\/strong><\/em><\/p>\n<p style=\"text-align:justify\">Se dispone de diversas aproximaciones por lo que a ocupaci\u00f3n de suelo se refiere, como los proporcionados por el Sistema de Informaci\u00f3n sobre Ocupaci\u00f3n del Suelo de Espa\u00f1a (SIOSE), del Plan Nacional de Observaci\u00f3n del Territorio en Espa\u00f1a (PNOT). Sin embargo, la falta de informaci\u00f3n urban\u00edstica exhaustiva, precisa y comparable territorialmente (para el conjunto de municipios espa\u00f1oles) y temporalmente (a partir de series lo suficientemente largas como para observar unas determinadas pautas evolutivas) dificulta el an\u00e1lisis fiable y la cuantificaci\u00f3n rigurosa de este fen\u00f3meno. Por este motivo, la informaci\u00f3n existente hasta el momento sobre el consumo de suelo en Espa\u00f1a a lo largo de los \u00faltimos a\u00f1os adolece de falta de continuidad y recurrencia desde la perspectiva temporal, es territorialmente desigual y metodol\u00f3gicamente problem\u00e1tica.<\/p>\n<p style=\"text-align:justify\">En este contexto, la aparici\u00f3n de recursos de informaci\u00f3n provenientes de otras fuentes y\/u orientados a otros objetivos concretos representa una oportunidad para la superaci\u00f3n de las limitaciones apuntadas. En particular, las constantes mejoras incorporadas en la calidad y frecuencia de las fotograf\u00edas a\u00e9reas y por sat\u00e9lite juntamente con la tambi\u00e9n cada vez m\u00e1s alta voluntad de su difusi\u00f3n por parte de las instituciones responsables de su realizaci\u00f3n, abre la puerta a unas posibilidades de an\u00e1lisis inconcebibles hasta hace pocos a\u00f1os. Tal es el caso de las im\u00e1genes sat\u00e9lite nocturnas que la National Oceanic Atmospheric Administration (NOAA) publica anualmente. Este proyecto presenta una propuesta de explotaci\u00f3n de estas im\u00e1genes.<\/p>\n<p style=\"text-align:justify\">El trabajo se enmarca en la l\u00ednea de investigaci\u00f3n sobre la relaci\u00f3n entre forma urbana y consumo energ\u00e9tico que el equipo dirigido por el Dr. Oriol Nel\u00b7lo est\u00e1 desarrollando. En esta l\u00ednea, el equipo ha conseguido ya importantes apoyos de la Enel Foundation para la elaboraci\u00f3n de una investigaci\u00f3n sobre Urban Fabric, Housing Typology and Electric Energy Consumption.<em><strong><br \/>\n<\/strong><\/em><\/p>\n","protected":false},"excerpt":{"rendered":"<p>La estimaci\u00f3n del consumo de suelo en Espa\u00f1a a partir de las im\u00e1genes nocturnas de la Tierra (1992-2012) A lo largo de la primera d\u00e9cada de este siglo (entre los a\u00f1os 2001 y 2012), el parque de viviendas en Espa\u00f1a aument\u00f3 m\u00e1s de un 20%, pasando de poco m\u00e1s de 21 millones de unidades a [&hellip;]<\/p>\n","protected":false},"author":2819,"featured_media":0,"parent":0,"menu_order":0,"comment_status":"closed","ping_status":"closed","template":"","meta":{"footnotes":""},"class_list":["post-292","page","type-page","status-publish","hentry"],"_links":{"self":[{"href":"https:\/\/webs.uab.cat\/gurb\/wp-json\/wp\/v2\/pages\/292","targetHints":{"allow":["GET"]}}],"collection":[{"href":"https:\/\/webs.uab.cat\/gurb\/wp-json\/wp\/v2\/pages"}],"about":[{"href":"https:\/\/webs.uab.cat\/gurb\/wp-json\/wp\/v2\/types\/page"}],"author":[{"embeddable":true,"href":"https:\/\/webs.uab.cat\/gurb\/wp-json\/wp\/v2\/users\/2819"}],"replies":[{"embeddable":true,"href":"https:\/\/webs.uab.cat\/gurb\/wp-json\/wp\/v2\/comments?post=292"}],"version-history":[{"count":0,"href":"https:\/\/webs.uab.cat\/gurb\/wp-json\/wp\/v2\/pages\/292\/revisions"}],"wp:attachment":[{"href":"https:\/\/webs.uab.cat\/gurb\/wp-json\/wp\/v2\/media?parent=292"}],"curies":[{"name":"wp","href":"https:\/\/api.w.org\/{rel}","templated":true}]}}