{"id":151,"date":"2017-05-14T10:36:38","date_gmt":"2017-05-14T08:36:38","guid":{"rendered":"https:\/\/webs.uab.cat\/hugovalenzuela\/university-teacher-training-courses\/"},"modified":"2023-03-31T08:24:42","modified_gmt":"2023-03-31T06:24:42","slug":"university-teacher-training-courses","status":"publish","type":"page","link":"https:\/\/webs.uab.cat\/hugovalenzuela\/university-teacher-training-courses\/","title":{"rendered":"UNIVERSITY TEACHER TRAINING COURSES"},"content":{"rendered":"\n<h3 class=\"wp-block-heading\"><strong>UNIVERSITY TEACHER TRAINING COURSES&nbsp; <\/strong><sup>(394 h)<\/sup><\/h3>\n\n\n\n<ol class=\"wp-block-list\"><li class=\"rtejustify\"><strong>16\/05\/2018.<\/strong> <a href=\"http:\/\/www.uab.cat\/web\/sala-de-premsa\/detall-de-noticia\/el-professorat-debat-nous-metodes-de-docencia-en-la-jornada-d-innovacio-docent-1345667174054.html?noticiaid=1345751440568\"><em>JORNADA D&#8217;INNOVACI\u00d3 DOCENT 2018<\/em>.<\/a> Aula Magna Facultat de Dret. UAB. ICE. UAB<\/li><li class=\"rtejustify\"><strong>03\/2018. Certificate in EMI Skills <\/strong>(English as a Medium of Instruction). <a href=\"http:\/\/www.cambridgeenglish.org\/teaching-english\/teaching-qualifications\/certificate-in-emi-skills\/\"><em>CERTIFICATE OF EMI, ENGLISH as MEDIUM of INSTRUCTION<\/em><\/a>. Escola d&#8217;Idiomes Moderns, UAB.<\/li><li class=\"rtejustify\"><strong>7\/07\/2017.<\/strong> &#8220;Theory, Methods and Applications of Personal Networks&#8221;, <em>9th Summer Course<\/em>. Universitat Aut\u00f2noma de Barcelona. 2 ECTS.<\/li><li class=\"rtejustify\"><strong>20\/01\/2017.<\/strong> <em>RRI o Recerca i Innovaci\u00f3 Responsables: Qu\u00e8 \u00e9s i com la puc aplicar als meus projectes de recerca?.<\/em>Taller Recercaixa. Campus del Mar. Universitat Pompeu Fabra. Barcelona. <strong>3 horas<\/strong><\/li><li class=\"rtejustify\"><strong>13\/01\/2017<\/strong>. <em>An\u00e1lisis qualitativa de textos amb RQDA. <\/em>Oficina de Qualitat Docent (OQD). Universitat Aut\u00f2noma de Barcelona.<strong> 4 horas<\/strong><\/li><li class=\"rtejustify\"><strong>17\/06\/2016<\/strong>. <em>Millorar l\u2019expressi\u00f3 escrita dels alumnes de mat\u00e8ries no ling\u00fc\u00edstiques<\/em>. Oficina de Qualitat Docent (OQD). Universitat Aut\u00f2noma de Barcelona. <strong>4 horas<\/strong><\/li><li class=\"rtejustify\"><strong>21\/06\/2016.<\/strong> <em>Claus per al dissent d\u2019una doc\u00e8ncia motivadora<\/em>. Oficina de Qualitat Docent (OQD). Universitat Aut\u00f2noma de Barcelona. <strong>8 horas<\/strong><\/li><li class=\"rtejustify\"><strong>13\/06\/2016.<\/strong> <em>Introducci\u00f3 a la Gamificaci\u00f3 per a l\u2019educaci\u00f3 superior.<\/em> Oficina de Qualitat Docent (OQD). Universitat Aut\u00f2noma de Barcelona. <strong>4 horas<\/strong><\/li><li class=\"rtejustify\"><strong>13-16\/06\/2016.<\/strong> <em>Incidents Cr\u00edtics. <\/em>Oficina de Qualitat Docent (OQD). Universitat Aut\u00f2noma de Barcelona. <strong>8 horas<\/strong><\/li><li class=\"rtejustify\"><strong>9 y 10\/02\/2016. <\/strong><em>Elaboraci\u00f3 de R\u00fabriques<\/em>. Unitat de Formaci\u00f3 i Innovaci\u00f3. Oficina de Qualitat Docent (OQD). Universitat Aut\u00f2noma de Barcelona. Duraci\u00f3n: <strong>8 horas<\/strong><\/li><li class=\"rtejustify\"><strong>4\/02\/2016.<\/strong> <em>Mendeley Institucional B\u00e0sic. <\/em>Organiza Biblioteca de Lletres. Universitat Aut\u00f2noma de Barcelona. Duraci\u00f3n: <strong>2 horas<\/strong><\/li><li class=\"rtejustify\"><strong>11\/04\/2014<\/strong>. \u201c<em>Vull fer un MOOC: per on comen\u00e7o? <\/em>Auditori Campus Poblenou Roc Boronat 138, Barcelona. 11 abril de 2014. Organiza: Generalitat de Catalunya. Departament d\u2019Economia i Coneixement. Secretaria d\u2019Universitats i Recerca. <strong>4 horas<\/strong><\/li><li class=\"rtejustify\"><strong>13\/09\/2013. <\/strong><em>Programa de Formaci\u00f3 Docent en Educaci\u00f3 Superior <\/em>(FDES) (Equivalent a 6 ECTS) Certificat expedit per la Dra Gloria Gonz\u00e1lez Anadon. Vicerectora de Qualitat, Doc\u00e8ncia i Ocupabilat. Universitat Aut\u00f2noma de Barcelona. <strong>175 horas.<\/strong><\/li><li class=\"rtejustify\"><strong>21\/03\/2013-21\/06\/2013. <\/strong><em>Observaci\u00f3 a l\u2019aula<\/em> (1,5 ECTS del Programa FDES). Unitat de Formaci\u00f3 i Innovaci\u00f3. Oficina de Qualitat Docent (OQD). Universitat Aut\u00f2noma de Barcelona. Duraci\u00f3n: <strong>38 horas<\/strong><\/li><li class=\"rtejustify\"><strong>17\/10\/2012.<\/strong> <em>Empleo de bases bibliogr\u00e1ficas: SCOPUS. <\/em>FECYT, Ministerio de Ciencia y Tecnolog\u00eda.<strong> 2 horas<\/strong><\/li><li class=\"rtejustify\"><strong>07\/02\/2012.<\/strong> <em>La doc\u00e8ncia en el nou context d&#8217;Ensenyament-Aprenentatge<\/em>. Unitat d\u2019Innovaci\u00f3 Docent en Educaci\u00f3 Superior (IDES). &nbsp;<strong>2 horas<\/strong><\/li><li class=\"rtejustify\"><strong>8 y 10 \/02\/2012. <\/strong><em>Confecci\u00f3 de guies docents. <\/em>Unitat de Formaci\u00f3 i Innovaci\u00f3 (1,5 ECTS del Programa FDES). Oficina de Qualitat Docent (OQD). Universitat Aut\u00f2noma de Barcelona. Duraci\u00f3n: <strong>6 horas<\/strong><\/li><li class=\"rtejustify\"><strong>8 y 9 \/02\/2012. <\/strong><em>Pr\u00e0ctiques sobre el discurso oral<\/em>. Unitat de Formaci\u00f3 i Innovaci\u00f3. Oficina de Qualitat Docent (OQD). Universitat Aut\u00f2noma de Barcelona. Duraci\u00f3n: <strong>12 horas<\/strong><\/li><li class=\"rtejustify\"><strong>6\/02\/2012<\/strong>. <em>Sistemes d&#8217;avaluaci\u00f3<\/em> (1 cr\u00e8dit ECTS del Programa FDES). Unitat d\u2019Innovaci\u00f3 Docent en Educaci\u00f3 Superior (IDES). &nbsp;<strong>8 horas<\/strong><\/li><li class=\"rtejustify\"><strong>26\/04-24\/07\/2012.<\/strong> <em>Taller Interuniversitari sobre la carpeta docent<\/em> (1,5 ECTS del Programa FDES). Unitat de Formaci\u00f3 i Innovaci\u00f3. Oficina de Qualitat Docent (OQD). Universitat Aut\u00f2noma de Barcelona. Duraci\u00f3n: <strong>22 horas<\/strong><\/li><li class=\"rtejustify\"><strong>31\/01\/2012.<\/strong> <em>Sessi\u00f3 de treball: la Carpeta Docent.<\/em> Unitat d\u2019Innovaci\u00f3 Docent en Educaci\u00f3 Superior (IDES). Universitat Aut\u00f2noma de Barcelona<strong>. 3 horas.<\/strong><\/li><li class=\"rtejustify\"><strong>29\/04\/2008<\/strong>. <em>Aprenentatge Basat en Problemes (ABP) en grups petits i grans<\/em>. Unitat d\u2019Innovaci\u00f3 en Educaci\u00f3 Superior (IDES). Universita Aut\u00f2noma de Barcelona. Duraci\u00f3n: <strong>5 horas<\/strong><\/li><li class=\"rtejustify\"><strong>24-25\/01\/2007<\/strong>. <em>\u00das avan\u00e7at de correu electr\u00f2nic.<\/em> Pl\u00e0 d\u2019Extensi\u00f3 de les Tecnologies de la informaci\u00f3n i de les comunicacions. Universitat Aut\u00f2noma de Barcelona.<strong> 8 horas.<\/strong><\/li><li class=\"rtejustify\"><strong>20\/09\/2006.<\/strong> <em>Asistencia. II Jornada de Campus de Innovaci\u00f3 Docent<\/em>. Unitat d\u2019Innovaci\u00f3 Docent en Educaci\u00f3 Superior (IDES). Universitat Aut\u00f2noma de Barcelona. <strong>2 horas<\/strong><\/li><li class=\"rtejustify\"><strong>18-19\/09\/2006<\/strong>. <em>Treball avan\u00e7at amb presentacions<\/em>. Pl\u00e0 d\u2019Extensi\u00f3 de les Tecnologies de la informaci\u00f3n i de les comunicacions. Universitat Aut\u00f2noma de Barcelona.<strong> 8 horas<\/strong><\/li><li class=\"rtejustify\"><strong>6-7\/09\/2006<\/strong>. <em>La Cerca d&#8217;Informaci\u00f3 a Internet. <\/em>Pl\u00e0 d\u2019Extensi\u00f3 de les Tecnologies de la informaci\u00f3n i de les comunicacions. Universitat Aut\u00f2noma de Barcelona.<strong> 8 horas.<\/strong><\/li><li class=\"rtejustify\"><strong>7-9\/02\/2006<\/strong>.<em>Treball avan\u00e7at amb doc documents<\/em>. Pl\u00e0 d\u2019Extensi\u00f3 de les Tecnologies de la informaci\u00f3n i de les comunicacions. Universitat Aut\u00f2noma de Barcelona.<strong> 12 horas.<\/strong><\/li><li class=\"rtejustify\"><strong>18\/11\/2005.<\/strong> <em>Asistente II Jornada de Introducci\u00f3n y presentaci\u00f3n al uso de Web of Knowledge<\/em>. Fundaci\u00f3n Espa\u00f1ola para a Ciencia y la Tecnolog\u00eda FECYT. Lugar. Universitat Aut\u00f2noma de Barcelona. <strong>2 horas<\/strong><\/li><li class=\"rtejustify\"><strong>15-19\/07\/2002. <\/strong>Asistente <em>Seminario Lenguaje, Cognicaci\u00f3n y Evoluci\u00f3n<\/em>. Universidad Internacional Men\u00e9ndez Pelayo. Centro Ernest Lluch. Barcelona. <strong>20 horas<\/strong><\/li><li class=\"rtejustify\"><strong>12\/07\/1996<\/strong>. <em>Curso Antropologia Social i Cultural per a Professors de l\u2019ESO<\/em>. Colegio Oficial de Doctores y Licenciados en Filosof\u00eda y Letras y en Ciencias de Catalunya. Duraci\u00f3n: <strong>30 horas<\/strong><\/li><\/ol>\n\n\n\n<h3 class=\"wp-block-heading\"><strong>CURSOS DE FORMACI\u00d3N IMPARTIDOS<\/strong><\/h3>\n\n\n\n<ol class=\"wp-block-list\"><li><strong>24\/03\/2015.<\/strong> <em>Curso de Comunicaci\u00f3n Intercultural<\/em> (impartido por JL Molina). Curso Formaci\u00f3n del PAS.&nbsp;Universitat Aut\u00f2noma de Barcelona. Duraci\u00f3n: <strong>2 horas.<\/strong><\/li><li><strong>2008<\/strong>.<em> Curso a personal sanitario p\u00fablico: &#8220;Comunitats pakistaneses i salut\u201d.<\/em> Institut Catal\u00e0 de la Salut. BCN. Duraci\u00f3n: <strong>2 horas.<\/strong><\/li><li><strong>2008. <\/strong><em>Curso a personal sanitario p\u00fablico. Atenci\u00f3 Sanit\u00e0ria i Diversitat cultural: Aproximacions etnogr\u00e0fiques.<\/em> CAP Poble Nou. Barcelona. Duraci\u00f3n: <strong>2 horas. <\/strong><\/li><li><strong>2008. <\/strong> Curso a personal sanitario p\u00fablico: &#8220;Aproximaci\u00f3 a altres contextos culturals i processos migratoris: El Pakistan\u201d. Diputaci\u00f3n Barcelona. Duraci\u00f3n:&nbsp; <strong>5 horas. <\/strong><\/li><li><strong>2008.<\/strong> <em>Curso a personal sanitario p\u00fablico: &#8220;Exemples etnogr\u00e0fics (Salut i Pakist\u00e0). Salut, diversitat cultural i vulnerabilitat social<\/em>\u201d. Institut Catal\u00e0 de la Salut (ICS). Duraci\u00f3n:&nbsp; <strong>2 horas. <\/strong><\/li><li><strong>2008.<\/strong> <em>Curso a personal sanitario p\u00fablico: &#8220;Atenci\u00f3n a la salud en contextos interculturales\u201d.<\/em>&nbsp;CAP Raval Sur. Duraci\u00f3n:<strong> 3 horas<\/strong><\/li><li><strong>2008<\/strong>. <em>Curso a personal sanitario p\u00fablico: \u201cAntropolog\u00eda y Salud en la poblaci\u00f3n pakistan\u00ed\u201d. <\/em>CAP Raval Sur. Duraci\u00f3n:<strong> 1,5 horas.<\/strong><\/li><li><strong>2008<\/strong>. <em>Curso a personal sanitario p\u00fablico: \u201cExemples etnogr\u00e0fics: el col\u2022lectiu pakistan\u00e8s i la salut\u201d. Curso L&#8217;atenci\u00f3 a la salut en contextos interculturals. <\/em>Diversitat, vulnerabilitat social i compet\u00e8ncia cultural Institut d&#8217;Estudis de la Salut. Institut d\u2019Estudis de la Salut (IES). Duraci\u00f3n: <strong>1,5 horas.<\/strong><\/li><li><strong>2007<\/strong>. <em>Curso a personal sanitario p\u00fablico : &#8220;Aprofundiment en l&#8217;atenci\u00f3 a la salud en contextos intercultural&#8221;. Curso: L&#8217;atenci\u00f3 a la salud en contextos interculturals. <\/em>Diversitat, vulnerabilitat social i compet\u00e8ncia cultural Institut d&#8217;Estudis de la Salut. Duraci\u00f3n:<strong> 2 horas.<\/strong><\/li><li><strong>2007.<\/strong><em> Curso Comunicaci\u00f3 Intercultural.<\/em>&nbsp;<em>M\u00f2dul de doc\u00e8ncia pel personal sanitari: &#8220;La cultura pakistan\u00ed, religi\u00f3n, cultura i salud\u201d. <\/em> Hospital de San Juan de Dios, Sant Boi. UGT. UGT Barcelona. Duraci\u00f3n: <strong>3 horas.<\/strong><\/li><\/ol>\n","protected":false},"excerpt":{"rendered":"<p>UNIVERSITY TEACHER TRAINING COURSES&nbsp; (394 h) 16\/05\/2018. JORNADA D&#8217;INNOVACI\u00d3 DOCENT 2018. Aula Magna Facultat de Dret. UAB. ICE. UAB 03\/2018. Certificate in EMI Skills (English as a Medium of Instruction). CERTIFICATE OF EMI, ENGLISH as MEDIUM of INSTRUCTION. Escola d&#8217;Idiomes Moderns, UAB. 7\/07\/2017. &#8220;Theory, Methods and Applications of Personal Networks&#8221;, 9th Summer Course. Universitat Aut\u00f2noma [&hellip;]<\/p>\n","protected":false},"author":20,"featured_media":0,"parent":0,"menu_order":0,"comment_status":"closed","ping_status":"closed","template":"","meta":{"footnotes":""},"class_list":["post-151","page","type-page","status-publish","hentry"],"_links":{"self":[{"href":"https:\/\/webs.uab.cat\/hugovalenzuela\/wp-json\/wp\/v2\/pages\/151","targetHints":{"allow":["GET"]}}],"collection":[{"href":"https:\/\/webs.uab.cat\/hugovalenzuela\/wp-json\/wp\/v2\/pages"}],"about":[{"href":"https:\/\/webs.uab.cat\/hugovalenzuela\/wp-json\/wp\/v2\/types\/page"}],"author":[{"embeddable":true,"href":"https:\/\/webs.uab.cat\/hugovalenzuela\/wp-json\/wp\/v2\/users\/20"}],"replies":[{"embeddable":true,"href":"https:\/\/webs.uab.cat\/hugovalenzuela\/wp-json\/wp\/v2\/comments?post=151"}],"version-history":[{"count":1,"href":"https:\/\/webs.uab.cat\/hugovalenzuela\/wp-json\/wp\/v2\/pages\/151\/revisions"}],"predecessor-version":[{"id":425,"href":"https:\/\/webs.uab.cat\/hugovalenzuela\/wp-json\/wp\/v2\/pages\/151\/revisions\/425"}],"wp:attachment":[{"href":"https:\/\/webs.uab.cat\/hugovalenzuela\/wp-json\/wp\/v2\/media?parent=151"}],"curies":[{"name":"wp","href":"https:\/\/api.w.org\/{rel}","templated":true}]}}