{"id":138,"date":"2017-05-26T14:44:15","date_gmt":"2017-05-26T12:44:15","guid":{"rendered":"https:\/\/webs.uab.cat\/iceclassiques\/inicio\/"},"modified":"2017-05-26T14:44:15","modified_gmt":"2017-05-26T12:44:15","slug":"inicio","status":"publish","type":"page","link":"https:\/\/webs.uab.cat\/iceclassiques\/es\/","title":{"rendered":"Inicio"},"content":{"rendered":"<p>El Equip Arg\u00f3 de Lleng\u00fces i Cultura Cl\u00e0ssiques del <a href=\"http:\/\/www.uab.cat\/web\/institut-de-ciencies-de-l-educacio-de-la-uab-1345711355746.html\">Institut de Ci\u00e8ncies de l&#8217;Educaci\u00f3<\/a> de la <a href=\"http:\/\/www.uab.cat\">Universitat Aut\u00f2noma de Barcelona<\/a>, nacido en el curso 2017-2018, es continuador del <a href=\"http:\/\/pagines.uab.cat\/iceclassiques\/equipice\">Equip de Formaci\u00f3 i Innovaci\u00f3 de Lleng\u00fces i Cultura Cl\u00e0ssiques<\/a> (2008-2017). Est\u00e1 formado por profesorado de lat\u00edn, griego y cultura cl\u00e1sica de centros de ense\u00f1anza secundaria y de la UAB y pretende fortalecer las relaciones entre la secundaria y la UAB as\u00ed como establecer espacios de debate y de reflexi\u00f3n sobre el aprenendizaje del lat\u00edn, del griego y de la Cultura Cl\u00e1sica en cada etapa educativa.<\/p>\n<ul>\n<li>Organizamos <a href=\"http:\/\/pagines.uab.cat\/iceclassiques\/es\/paideia3esp\">Paideia. Trobada de did\u00e0ctica dels estudis cl\u00e0ssics<\/a>.<\/li>\n<li>Editamos <em><a href=\"http:\/\/pagines.uab.cat\/methodos\">Methodos. Revista de did\u00e0ctica dels estudis cl\u00e0ssics<\/a>.<\/em><\/li>\n<li>Preparamos actividades para estudiantes de secundaria: <a href=\"http:\/\/blogs.uab.cat\/estudisclassics\/tag\/olimpiada\/\">Olimp\u00edada Cl\u00e0ssica<\/a>.<\/li>\n<li>Dise\u00f1amos y realizamos actividades de formaci\u00f3n<em>: Colloquia Latina<\/em>.<\/li>\n<li>Participamos en la organizaci\u00f3n de las Jornadas de Did\u00e1ctica de las Lenguas Cl\u00e0ssiques impulsadas por el Col\u00b7legi Oficial de Doctors i Llicenciats en Filosofia i Lletres i en Ci\u00e8ncies de Catalunya.<\/li>\n<li>Asesoramos trabajos de investigaci\u00f3n de bachillerato en el marco del <a href=\"http:\/\/www.uab.cat\/web\/programa-argo\/programa-argo-estudiants\/estudiants\/com-funcionen-la-inscripcio-i-assignacio-dels-assessoraments-a-treballs-de-recerca-1345718647390.html\">programa Arg\u00f3<\/a>.<\/li>\n<\/ul>\n<p>Direcci\u00f3n de contacto: classiquesiceuab@gmail.com.<\/p>\n<p>Foto de encabezamiento: Atardecer en el cabo Sunion, <a href=\"http:\/\/www.flickr.com\/photos\/_lope\/2498203212\/\" target=\"_blank\" rel=\"noopener\">Aitor L\u00f3pez de Audikana<\/a> (CC).<\/p>\n","protected":false},"excerpt":{"rendered":"<p>El Equip Arg\u00f3 de Lleng\u00fces i Cultura Cl\u00e0ssiques del Institut de Ci\u00e8ncies de l&#8217;Educaci\u00f3 de la Universitat Aut\u00f2noma de Barcelona, nacido en el curso 2017-2018, es continuador del Equip de Formaci\u00f3 i Innovaci\u00f3 de Lleng\u00fces i Cultura Cl\u00e0ssiques (2008-2017). Est\u00e1 formado por profesorado de lat\u00edn, griego y cultura cl\u00e1sica de centros de ense\u00f1anza secundaria y [&hellip;]<\/p>\n","protected":false},"author":20,"featured_media":0,"parent":0,"menu_order":0,"comment_status":"closed","ping_status":"closed","template":"","meta":{"footnotes":""},"class_list":["post-138","page","type-page","status-publish","hentry"],"_links":{"self":[{"href":"https:\/\/webs.uab.cat\/iceclassiques\/es\/wp-json\/wp\/v2\/pages\/138","targetHints":{"allow":["GET"]}}],"collection":[{"href":"https:\/\/webs.uab.cat\/iceclassiques\/es\/wp-json\/wp\/v2\/pages"}],"about":[{"href":"https:\/\/webs.uab.cat\/iceclassiques\/es\/wp-json\/wp\/v2\/types\/page"}],"author":[{"embeddable":true,"href":"https:\/\/webs.uab.cat\/iceclassiques\/es\/wp-json\/wp\/v2\/users\/20"}],"replies":[{"embeddable":true,"href":"https:\/\/webs.uab.cat\/iceclassiques\/es\/wp-json\/wp\/v2\/comments?post=138"}],"version-history":[{"count":0,"href":"https:\/\/webs.uab.cat\/iceclassiques\/es\/wp-json\/wp\/v2\/pages\/138\/revisions"}],"wp:attachment":[{"href":"https:\/\/webs.uab.cat\/iceclassiques\/es\/wp-json\/wp\/v2\/media?parent=138"}],"curies":[{"name":"wp","href":"https:\/\/api.w.org\/{rel}","templated":true}]}}