{"id":380,"date":"2019-01-24T15:55:03","date_gmt":"2019-01-24T14:55:03","guid":{"rendered":"https:\/\/webs.uab.cat\/ifmuc\/catalogos\/"},"modified":"2024-10-25T11:10:34","modified_gmt":"2024-10-25T10:10:34","slug":"catalogos","status":"publish","type":"page","link":"https:\/\/webs.uab.cat\/ifmuc\/es\/catalogos\/","title":{"rendered":"Cat\u00e1logos"},"content":{"rendered":"\n<p>La elaboraci\u00f3n de los cat\u00e1logos ha configurado la sistematizaci\u00f3n de una metodolog\u00eda para la descripci\u00f3n de documentos musicales integrada en la normativa archiv\u00edstica y de gesti\u00f3n documental.<a id=\"_ftnref1\" href=\"#_ftn1\"><sup>[1]<\/sup><\/a> El sistema de descripci\u00f3n incorpora la digitalizaci\u00f3n de los \u00edncipits musicales de las partituras manuscritas, en la mayor\u00eda de los fondos descritos, lo que permite visualizar las caracter\u00edsticas paleogr\u00e1ficas de cada documento.<\/p>\n\n\n\n<p>La confecci\u00f3n de la colecci\u00f3n de los cat\u00e1logos impresos llega a su t\u00e9rmino con la redacci\u00f3n de una presentaci\u00f3n metodol\u00f3gica seguida de un estudio introductorio en el que se hace menci\u00f3n a la personalidad de los fondos, su historia y las principales aportaciones musicales que \u00e9ste contiene para el conocimiento de la historia de la m\u00fasica en Catalu\u00f1a. Este estudio que precede al cat\u00e1logo, contiene un cap\u00edtulo historiogr\u00e1fico elaborado con datos extra\u00eddos de la documentaci\u00f3n conservada en el archivo hist\u00f3rico al que pertenece el fondo, que ayudan a complementar los aspectos hist\u00f3ricos de la instituci\u00f3n madre que ha generado la existencia del fondo musical -magisterios de capilla y \u00f3rgano, escolan\u00edas y coplas de ministreros o plantillas instrumentales-, as\u00ed como los perfiles biogr\u00e1ficos de los compositores que est\u00e1n representados en \u00e9l, muchos de los cuales han permanecido desconocidos hasta la edici\u00f3n de los cat\u00e1logos. Se puede acceder al contenido de este estudio introductorio tanto a trav\u00e9s del enlace al <strong><a rel=\"noreferrer noopener\" href=\"https:\/\/ddd.uab.cat\/search?ln=ca&amp;p=Inventaris+dels+fons+musicals+de+Catalunya&amp;f=series&amp;action_search=Cerca&amp;c=Dip%C3%B2sit+Digital+de+Documents+de+la+UAB&amp;sf=year&amp;so=a&amp;rm=&amp;rg=25&amp;sc=1&amp;of=hb\" target=\"_blank\">Dip\u00f2sit Digital de Documents (DDD)<\/a><\/strong> de la UAB, que incorporamos al t\u00e9rmino de la ficha bibliogr\u00e1fica de los respectivos cat\u00e1logos, como de la secci\u00f3n <a href=\"https:\/\/webs.uab.cat\/ifmuc\/es\/publicaciones\/#estudis\" data-type=\"page\" data-id=\"984\"><strong>Estudios sobre fondos musicals catalogados<\/strong><\/a> en el apartado de publicaciones de este sitio.<\/p>\n\n\n\n<p>La colecci\u00f3n de los cat\u00e1logos impresos comprende los vol\u00famenes 1 a 12 y ha contado con varios patrocinios: la Subdirecci\u00f3n General de Archivos del Departamento de Cultura de la Generalidad de Catalu\u00f1a patrocin\u00f3 de forma exclusiva la edici\u00f3n de los vol\u00famenes 1 a 3 y en convenio con la UAB la de los vol\u00famenes 4 y 5; la edici\u00f3n de los vol\u00famenes 6, 7, 8 y 9 la asumi\u00f3 la UAB, a trav\u00e9s de las ayudas de los proyectos Micinn; y la publicaci\u00f3n de los vol\u00famenes 10, 11 y 12 se ha llevado a cabo en r\u00e9gimen de coedici\u00f3n entre la UAB y el IEC, gracias a las ayudas de los proyectos Micinn y Fontes Music\u00e6 Cataloni\u00e6. A partir de 2024 la colecci\u00f3n de los cat\u00e1logos pasa a publicarse s\u00f3lo en formato digital, gracias al patrocinio de la <strong>Subdirecci\u00f3 General d\u2019Arxius i Gesti\u00f3 Documental<\/strong> del <strong>Departament de Cultura de la Generalitat de Catalunya<\/strong>, en colaboraci\u00f3n con el <strong>Institut d\u2019Estudis Catalans<\/strong>.<\/p>\n\n\n\n<p><\/p>\n\n\n\n<h2 class=\"wp-block-heading has-text-align-center\">&nbsp;Cat\u00e1logos impresos de la colecci\u00f3n <em>Inventaris dels Fons Musicals de Catalunya<\/em><\/h2>\n\n\n\n<ol class=\"wp-block-list\">\n<li>Gregori i Cifr\u00e9, Josep Maria. <em>Inventari dels fons musicals de Catalunya. Volum 1: Fons de la catedral-bas\u00edlica del Sant Esperit de Terrassa.<\/em> Barcelona: Generalitat de Catalunya. Departament de Cultura i Mitjans de Comunicaci\u00f3, 2007. Arxius i documents. Eines de recerca, n\u00fam. 2. <a href=\"https:\/\/ddd.uab.cat\/record\/125763\">https:\/\/ddd.uab.cat\/record\/125763<\/a><\/li>\n\n\n\n<li>Bonastre i Bertran, Francesc &#8211; Gregori i Cifr\u00e9, Josep Maria. <em>Inventari dels fons musicals de Catalunya. Volum 2\/1, 2\/2: Fons de l&#8217;esgl\u00e9sia parroquial de Sant Pere i Sant Pau de Canet de Mar <\/em>Barcelona: Generalitat de Catalunya. Departament de Cultura i Mitjans de Comunicaci\u00f3, 2009. Arxius i documents. Eines de recerca, n\u00fams. 5\/1 i 5\/2. <a href=\"https:\/\/ddd.uab.cat\/record\/125761\">https:\/\/ddd.uab.cat\/record\/125761<\/a><\/li>\n\n\n\n<li>Grassot i Radresa, Marta. <em>Inventaris dels fons musicals de Catalunya. Volum 3: Fons del Museu de la Mediterr\u00e0nia de Torroella de Montrgr\u00ed (I)<\/em>. Barcelona: Generalitat de Catalunya. Departament de Cultura i Mitjans de Comunicaci\u00f3, 2009. Arxius i documents. Eines de recerca, n\u00fam. 6. <a href=\"https:\/\/ddd.uab.cat\/record\/125765\">https:\/\/ddd.uab.cat\/record\/125765<\/a><\/li>\n\n\n\n<li>Gregori i Cifr\u00e9, Josep Maria &#8211; Cabot i Sagrera, Neus. <em>Inventari dels fons musicals de Catalunya. Volum 4: Fons dels Museu-Arxiu de Santa Maria de Matar\u00f3. <\/em>Barcelona: Generalitat de Catalunya. Departament de Cultura i Mitjans de Comunicaci\u00f3 \u2013 Universitat Aut\u00f2noma de Barcelona, 2010. Arxius i documents. Eines de recerca, n\u00fam. 7. <a href=\"https:\/\/ddd.uab.cat\/record\/125764\">https:\/\/ddd.uab.cat\/record\/125764<\/a><\/li>\n\n\n\n<li>Niub\u00f3 i Sala, Olga. <em>Inventari dels fons musicals de Catalunya. Volum 5: Fons Ramon Florensa de l&#8217;Arxiu Comarcal de l&#8217;Urgell <\/em>Barcelona: Generalitat de Catalunya. Departament de Cultura i Mitjans de Comunicaci\u00f3 &#8211; Universitat Aut\u00f2noma de Barcelona, 2010. Arxius i documents. Eines de recerca, n\u00fam. 8. <a href=\"https:\/\/ddd.uab.cat\/record\/125766\">https:\/\/ddd.uab.cat\/record\/125766<\/a><\/li>\n\n\n\n<li>Gregori i Cifr\u00e9, Josep Maria &#8211; Monells i Laqu\u00e9, Carme. <em>Inventari dels fons musicals de Catalunya. Volum 6: Fons de l&#8217;esgl\u00e9sia parroquial de Sant Esteve d&#8217;Olot i Fons Teodoro Echegoyen de l&#8217;Arxiu Comarcal de la Garrotxa. <\/em>Barcelona: Universitat Aut\u00f2noma de Barcelona, 2012. <a href=\"https:\/\/ddd.uab.cat\/record\/125760\">https:\/\/ddd.uab.cat\/record\/125760<\/a><\/li>\n\n\n\n<li>Gregori i Cifr\u00e9, Josep Maria \u2013 Salgado Cobo, Elena. <em>Inventari dels fons musicals de Catalunya. Volum 7: Fons de l&#8217;esgl\u00e9sia parroquial de Santa Maria de Castell\u00f3 d\u2019Emp\u00faries. <\/em>Barcelona: Universitat Aut\u00f2noma de Barcelona, 2013. <a href=\"https:\/\/ddd.uab.cat\/record\/125762\">https:\/\/ddd.uab.cat\/record\/125762<\/a><\/li>\n\n\n\n<li>Bonastre i Bertran, Francesc \u2013 Gregori i Cifr\u00e9, Josep Maria \u2013 Canela i Grau, Montserrat. <em>Inventari dels fons musicals de Catalunya. Volum 8: Fons de la Catedral de Tarragona. <\/em>Barcelona: Universitat Aut\u00f2noma de Barcelona, 2015. <a href=\"https:\/\/ddd.uab.cat\/record\/211252\">https:\/\/ddd.uab.cat\/record\/211252<\/a><\/li>\n\n\n\n<li>Gregori i Cifr\u00e9, Josep Maria \u2013 Romeu i Sol\u00e0, Anna. <em>Inventari dels fons musicals de Catalunya. Volum 9: Fons de la bas\u00edlica de Santa Maria d\u2019Igualada de l\u2019Arxiu Comarcal de l\u2019Anoia. <\/em>Barcelona: Universitat Aut\u00f2noma de Barcelona, 2016. <a href=\"https:\/\/ddd.uab.cat\/record\/211255\">https:\/\/ddd.uab.cat\/record\/21125<\/a><\/li>\n\n\n\n<li>Gregori i Cifr\u00e9, Josep Maria. <em>Inventari dels fons musicals de Catalunya. Volum 10: Fons de Catedral de Girona. <\/em>Barcelona: Universitat Aut\u00f2noma de Barcelona \u2013 Institut d\u2019Estudis Catalans, 2019. <a href=\"https:\/\/ddd.uab.cat\/record\/234561\">https:\/\/ddd.uab.cat\/record\/234561<\/a><\/li>\n\n\n\n<li>Anglada, Anna Maria \u2013 Badal, Carles \u2013 Fern\u00e1ndez, Nil \u2013 Gregori, Josep Maria. <em>Inventari dels fons musicals de Catalunya. Volum 11: Fons de Sant Feliu de Girona, Santuari de Santa Maria dels Arcs, Casa Carles, Santa Maria de la Bisbal i Narc\u00eds Figueras de l\u2019Arxiu Dioces\u00e0 de Girona. <\/em>Barcelona: Universitat Aut\u00f2noma de Barcelona \u2013 Institut d\u2019Estudis Catalans, 2020. <a href=\"https:\/\/ddd.uab.cat\/record\/266821\">https:\/\/ddd.uab.cat\/record\/266821<\/a><\/li>\n\n\n\n<li>Aug\u00e9, Irene \u2013 Badia, Mart\u00ed \u2013 Nav\u00e0s, Josep \u2013 Gregori, Josep Maria. <em>Inventari dels fons musicals de Catalunya. Volum 12: Fons de la catedral de Solsona, Santa Eul\u00e0lia de Berga i Santa Maria de Cornudella. <\/em>Barcelona: Universitat Aut\u00f2noma de Barcelona \u2013 Institut d\u2019Estudis Catalans, 2021. <a href=\"https:\/\/ddd.uab.cat\/record\/266820\">https:\/\/ddd.uab.cat\/record\/266820<\/a><\/li>\n<\/ol>\n\n\n\n<hr class=\"wp-block-separator has-alpha-channel-opacity\" \/>\n\n\n\n<p><a id=\"_ftn1\" href=\"#_ftnref1\">[1]<\/a> <em>Cf<\/em>. GREGORI I CIFR\u00c9, Josep Maria \u2013 GRASSOT I RADRESA, Marta \u2013 BADAL I P\u00c9REZ-ALARC\u00d3N, Carles. <em>Guia per a la descripci\u00f3 de documents musicals<\/em>. Barcelona: Departament de Cultura de la Generalitat de Catalunya \u2013 Institut d\u2019Estudis Catalans, 2024.<\/p>\n","protected":false},"excerpt":{"rendered":"<p>La elaboraci\u00f3n de los cat\u00e1logos ha configurado la sistematizaci\u00f3n de una metodolog\u00eda para la descripci\u00f3n de documentos musicales integrada en la normativa archiv\u00edstica y de gesti\u00f3n documental.[1] El sistema de descripci\u00f3n incorpora la digitalizaci\u00f3n de los \u00edncipits musicales de las partituras manuscritas, en la mayor\u00eda de los fondos descritos, lo que permite visualizar las caracter\u00edsticas [&hellip;]<\/p>\n","protected":false},"author":126,"featured_media":0,"parent":0,"menu_order":0,"comment_status":"closed","ping_status":"closed","template":"","meta":{"footnotes":""},"class_list":["post-380","page","type-page","status-publish","hentry"],"_links":{"self":[{"href":"https:\/\/webs.uab.cat\/ifmuc\/es\/wp-json\/wp\/v2\/pages\/380","targetHints":{"allow":["GET"]}}],"collection":[{"href":"https:\/\/webs.uab.cat\/ifmuc\/es\/wp-json\/wp\/v2\/pages"}],"about":[{"href":"https:\/\/webs.uab.cat\/ifmuc\/es\/wp-json\/wp\/v2\/types\/page"}],"author":[{"embeddable":true,"href":"https:\/\/webs.uab.cat\/ifmuc\/es\/wp-json\/wp\/v2\/users\/126"}],"replies":[{"embeddable":true,"href":"https:\/\/webs.uab.cat\/ifmuc\/es\/wp-json\/wp\/v2\/comments?post=380"}],"version-history":[{"count":15,"href":"https:\/\/webs.uab.cat\/ifmuc\/es\/wp-json\/wp\/v2\/pages\/380\/revisions"}],"predecessor-version":[{"id":1094,"href":"https:\/\/webs.uab.cat\/ifmuc\/es\/wp-json\/wp\/v2\/pages\/380\/revisions\/1094"}],"wp:attachment":[{"href":"https:\/\/webs.uab.cat\/ifmuc\/es\/wp-json\/wp\/v2\/media?parent=380"}],"curies":[{"name":"wp","href":"https:\/\/api.w.org\/{rel}","templated":true}]}}