{"id":1932,"date":"2016-05-09T15:42:16","date_gmt":"2016-05-09T15:42:16","guid":{"rendered":"https:\/\/webs.uab.cat\/incasi\/etapas-del-proyecto-work-packages\/"},"modified":"2022-12-19T19:18:07","modified_gmt":"2022-12-19T19:18:07","slug":"etapas-del-proyecto-work-packages","status":"publish","type":"page","link":"https:\/\/webs.uab.cat\/incasi1\/etapas-del-proyecto-work-packages\/","title":{"rendered":"Etapas del proyecto: Work Packages"},"content":{"rendered":"\n<p>Para alcanzar los objetivos del proyecto \u00e9ste se organiza en 4 <em>Work Packages<\/em> secuenciales durante todo el per\u00edodo de realizaci\u00f3n: enero de 2016 a diciembre de 2019:<\/p>\n\n\n\n<p>Adem\u00e1s se contempla un quinto paquete de trabajo relativo a la organizaci\u00f3n y coordinaci\u00f3n de las actividades de la red INCASI.<\/p>\n\n\n\n<figure class=\"wp-block-image\"><img decoding=\"async\" src=\"http:\/\/incasi.uab.cat\/sites\/incasi.uab.cat\/files\/Etapas.png\" alt=\"\"\/><\/figure>\n\n\n\n<h2 class=\"wp-block-heading\"><strong>1. COMPILACI\u00d3N<\/strong><\/h2>\n\n\n\n<p>En la primera fase del proyecto se establece el objetivo principal de revisar el capital cient\u00edfico acumulado existente entre los miembros de la red. Se trata de compilar de forma exhaustiva la producci\u00f3n cient\u00edfica de las investigaciones realizadas sobre las desigualdades sociales de acuerdo con el modelo de an\u00e1lisis del proyecto que hemos denominado AMOSIT: Modelo anal\u00edtico de desigualdades sociales y trayectorias. Complementariamente se procede a la recolecci\u00f3n sistem\u00e1tica de las fuentes de datos procedentes de Europa y Am\u00e9rica Latina.<\/p>\n\n\n\n<h2 class=\"wp-block-heading\"><strong>2. CONSTRUCCI\u00d3N<\/strong><\/h2>\n\n\n\n<p>A partir de la contribuci\u00f3n de los diferentes grupos de la red INCASI se trata de consensuar y definir una perspectiva de investigaci\u00f3n com\u00fan de acuerdo con la propuesta del modelo de an\u00e1lisis AMOSIT. Se busca establecer los principales aspectos te\u00f3ricos y conceptuales sobre los que articular la investigaci\u00f3n en la red. Esta fase se completar\u00e1 con la sistematizaci\u00f3n y el an\u00e1lisis de las pol\u00edticas sociales de Europa y Latinoam\u00e9rica durante los a\u00f1os transcurridos del siglo XXI.<\/p>\n\n\n\n<h2 class=\"wp-block-heading\"><strong>3. INNOVACI\u00d3N<\/strong><\/h2>\n\n\n\n<p>La innovaci\u00f3n surge de la reflexi\u00f3n permanente sobre el an\u00e1lisis de las desigualdades sociales como resultado de las sinergias de la red. Usando el capital intelectual de la red y la investigaci\u00f3n que se ha llevado a cabo mediante el an\u00e1lisis de los aspectos te\u00f3ricos y metodol\u00f3gicos de las desigualdades sociales en Europa y Am\u00e9rica Latina, buscamos establecer y poner en funcionamiento un modelo anal\u00edtico AMOSIT. Este modelo hace hincapi\u00e9 en el an\u00e1lisis longitudinal y en las trayectorias de vida desde una perspectiva multidimensional de la vida social y como articulaci\u00f3n entre la educaci\u00f3n, el trabajo y el ciclo de vida que emergen de las realidades socio-pol\u00edticas y culturales de Europa y Am\u00e9rica Latina. Se propone de forma coherente una metodolog\u00eda innovadora con un dise\u00f1o de la investigaci\u00f3n de m\u00e9todos mixtos que articule t\u00e9cnicas cualitativas y cuantitativas.<\/p>\n\n\n\n<h2 class=\"wp-block-heading\"><strong>4. PROYECCI\u00d3N<\/strong><\/h2>\n\n\n\n<p>La fase final del proyecto se dedica a la planificaci\u00f3n de la sostenibilidad de la red a trav\u00e9s de dos l\u00edneas de acci\u00f3n espec\u00edficas en la investigaci\u00f3n y la ense\u00f1anza, y para la difusi\u00f3n de los resultados del proyecto. Con respecto a la primera, se propondr\u00e1 un programa de investigaci\u00f3n internacional para el avance y el desarrollo de un an\u00e1lisis comparativo de las desigualdades sociales con el objetivo de plantear proyectos comunes y dominios espec\u00edficos que se identifican entre las actividades de investigaci\u00f3n de la red. Con relaci\u00f3n a la formaci\u00f3n el proyecto se materializa a trav\u00e9s de la creaci\u00f3n de un M\u00e1ster Internacional de An\u00e1lisis Comparado de las Desigualdades Sociales. Esta fase tambi\u00e9n implica la difusi\u00f3n del trabajo realizado por la red y las contribuciones te\u00f3ricas, metodol\u00f3gicas y pr\u00e1cticas, incluyendo la interacci\u00f3n con los responsables pol\u00edticos y las autoridades p\u00fablicas. As\u00ed, se incluir\u00e1 la elaboraci\u00f3n de diagn\u00f3sticos con base cient\u00edfica y recomendaciones pol\u00edticas para el dise\u00f1o de pol\u00edticas sociales que contribuyan a reducir las desigualdades sociales.<\/p>\n","protected":false},"excerpt":{"rendered":"<p>Para alcanzar los objetivos del proyecto \u00e9ste se organiza en 4 Work Packages secuenciales durante todo el per\u00edodo de realizaci\u00f3n: enero de 2016 a diciembre de 2019: Adem\u00e1s se contempla un quinto paquete de trabajo relativo a la organizaci\u00f3n y coordinaci\u00f3n de las actividades de la red INCASI. 1. COMPILACI\u00d3N En la primera fase del [&hellip;]<\/p>\n","protected":false},"author":44,"featured_media":0,"parent":0,"menu_order":0,"comment_status":"closed","ping_status":"closed","template":"","meta":{"footnotes":""},"class_list":["post-1932","page","type-page","status-publish","hentry"],"_links":{"self":[{"href":"https:\/\/webs.uab.cat\/incasi1\/wp-json\/wp\/v2\/pages\/1932","targetHints":{"allow":["GET"]}}],"collection":[{"href":"https:\/\/webs.uab.cat\/incasi1\/wp-json\/wp\/v2\/pages"}],"about":[{"href":"https:\/\/webs.uab.cat\/incasi1\/wp-json\/wp\/v2\/types\/page"}],"author":[{"embeddable":true,"href":"https:\/\/webs.uab.cat\/incasi1\/wp-json\/wp\/v2\/users\/44"}],"replies":[{"embeddable":true,"href":"https:\/\/webs.uab.cat\/incasi1\/wp-json\/wp\/v2\/comments?post=1932"}],"version-history":[{"count":1,"href":"https:\/\/webs.uab.cat\/incasi1\/wp-json\/wp\/v2\/pages\/1932\/revisions"}],"predecessor-version":[{"id":5799,"href":"https:\/\/webs.uab.cat\/incasi1\/wp-json\/wp\/v2\/pages\/1932\/revisions\/5799"}],"wp:attachment":[{"href":"https:\/\/webs.uab.cat\/incasi1\/wp-json\/wp\/v2\/media?parent=1932"}],"curies":[{"name":"wp","href":"https:\/\/api.w.org\/{rel}","templated":true}]}}