{"id":2509,"date":"2018-05-23T12:44:32","date_gmt":"2018-05-23T12:44:32","guid":{"rendered":"https:\/\/webs.uab.cat\/incasi\/persones\/maria-cascales-mira\/"},"modified":"2018-05-23T12:44:32","modified_gmt":"2018-05-23T12:44:32","slug":"maria-cascales-mira","status":"publish","type":"persones","link":"https:\/\/webs.uab.cat\/incasi1\/persones\/maria-cascales-mira\/","title":{"rendered":"Mar\u00eda Cascales Mira"},"content":{"rendered":"<p>Soy profesora interina de la Universidad desde 2010. Anteriormente trabaj\u00e9 en varios centros de investigaci\u00f3n como la Fundaci\u00f3n Forja XXI o el Centro de Estudios Andaluces, donde me formaron durante dos a\u00f1os en el \u00e1rea de la sociolog\u00eda y me permiti\u00f3 adquirir una amplia experiencia en an\u00e1lisis estad\u00edstico, elaboraci\u00f3n de cuestionarios y monitoreo de todas sus fases (exploratorio, pretest, entrenamiento de investigadores, an\u00e1lisis posterior e informe de resultados).<\/p>\n<p>Actualmente combino mi docencia e investigaci\u00f3n en la Universidad con proyectos de investigaci\u00f3n del Instituto de Estad\u00edstica y Cartograf\u00eda de Andaluc\u00eda, espec\u00edficamente en un proyecto de movilidad social. Desarrollo mi docencia e investigaci\u00f3n en el Departamento de Sociolog\u00eda de la Universidad de Sevilla. He dado clases en Ciencias del Trabajo y Ciencias de la Educaci\u00f3n, mi especialidad en la ense\u00f1anza es la sociolog\u00eda del trabajo, la sociolog\u00eda de la educaci\u00f3n y los m\u00e9todos y t\u00e9cnicas de investigaci\u00f3n social. Mis l\u00edneas actuales de investigaci\u00f3n son calidad de vida en el trabajo, construcci\u00f3n de \u00edndices sint\u00e9ticos a trav\u00e9s de modelos factoriales y ecuaciones estructurales. Este trabajo se ubica dentro del marco m\u00e1s amplio del Grupo de Investigaci\u00f3n en Estudios de Calidad de Sociedades Europeas (ECALSE), en el que participo en un proyecto de indicadores sociales que miden la calidad de las sociedades europeas a trav\u00e9s de varias dimensiones, en mi caso la dimensi\u00f3n de calidad de trabajo a trav\u00e9s de la construcci\u00f3n de un \u00cdndice de Calidad de Trabajo y la elaboraci\u00f3n de un cap\u00edtulo del libro que est\u00e1 pendiente de publicaci\u00f3n.<\/p>\n<p>Por otro lado, tambi\u00e9n he realizado investigaciones en el campo de la sociolog\u00eda de las emociones y la satisfacci\u00f3n con la vida, cuyo resultado ha sido la participaci\u00f3n en el X Congreso Espa\u00f1ol de Sociolog\u00eda (10). N\u00ba 10 2010 con la presentaci\u00f3n Bienestar subjetivo y calidad de vida en Espa\u00f1a. Aproximaci\u00f3n a un estudio de bienestar desde la sociolog\u00eda de las emociones y en el XI Congreso Espa\u00f1ol de Sociolog\u00eda 2013, con la presentaci\u00f3n de Satisfacci\u00f3n Laboral en Espa\u00f1a. Tambi\u00e9n he investigado en menor medida la estructura de las clases, cuyo resultado es un art\u00edculo (pendiente de publicaci\u00f3n) sobre la comparaci\u00f3n de la estructura de clases entre Europa y Am\u00e9rica Latina, llamada Clases Sociales y Heterogeneidad estructural. Un an\u00e1lisis comparativo de Am\u00e9rica Latina y Europa, junto con otros dos investigadores (Chaves Molina y Marqu\u00e9s Perales). Y finalmente, la participaci\u00f3n en el proyecto de investigaci\u00f3n de movilidad social realizado por el Instituto de Estad\u00edstica y Cartograf\u00eda de Andaluc\u00eda, en el que particip\u00e9 como coordinadora.<\/p>\n","protected":false},"excerpt":{"rendered":"<p>Soy profesora interina de la Universidad desde 2010. Anteriormente trabaj\u00e9 en varios centros de investigaci\u00f3n como la Fundaci\u00f3n Forja XXI o el Centro de Estudios Andaluces, donde me formaron durante dos a\u00f1os en el \u00e1rea de la sociolog\u00eda y me permiti\u00f3 adquirir una amplia experiencia en an\u00e1lisis estad\u00edstico, elaboraci\u00f3n de cuestionarios y monitoreo de todas [&hellip;]<\/p>\n","protected":false},"author":44,"featured_media":0,"template":"","class_list":["post-2509","persones","type-persones","status-publish","hentry"],"_links":{"self":[{"href":"https:\/\/webs.uab.cat\/incasi1\/wp-json\/wp\/v2\/persones\/2509","targetHints":{"allow":["GET"]}}],"collection":[{"href":"https:\/\/webs.uab.cat\/incasi1\/wp-json\/wp\/v2\/persones"}],"about":[{"href":"https:\/\/webs.uab.cat\/incasi1\/wp-json\/wp\/v2\/types\/persones"}],"author":[{"embeddable":true,"href":"https:\/\/webs.uab.cat\/incasi1\/wp-json\/wp\/v2\/users\/44"}],"wp:attachment":[{"href":"https:\/\/webs.uab.cat\/incasi1\/wp-json\/wp\/v2\/media?parent=2509"}],"curies":[{"name":"wp","href":"https:\/\/api.w.org\/{rel}","templated":true}]}}