{"id":1873,"date":"2016-05-09T15:45:22","date_gmt":"2016-05-09T15:45:22","guid":{"rendered":"https:\/\/webs.uab.cat\/incasi\/universidades\/universitat-de-barcelona-ub\/"},"modified":"2022-12-20T12:02:59","modified_gmt":"2022-12-20T12:02:59","slug":"universitat-de-barcelona-ub","status":"publish","type":"universidades","link":"https:\/\/webs.uab.cat\/incasi1\/universidades\/universitat-de-barcelona-ub\/","title":{"rendered":"Universitat de Barcelona (UB)"},"content":{"rendered":"<div class=\"wp-block-media-text is-stacked-on-mobile has-primary-background-color has-background\" style=\"grid-template-columns:27% auto\">\r\n\t<figure class=\"wp-block-media-text__media\">\r\n\t\t<img loading=\"lazy\" decoding=\"async\" width=\"146\" height=\"195\" src=\"https:\/\/webs.uab.cat\/incasi1\/wp-content\/uploads\/sites\/308\/2016\/06\/marius_dominguez.png\" alt=\"#\" class=\"wp-image-240 size-full\">\r\n\t<\/figure>\r\n<div class=\"wp-block-media-text__content\">\r\n<p class=\"has-large-font-size\"><strong>M\u00e0rius Dom\u00ednguez<\/strong><\/p>\r\n<\/div>\r\n<\/div>\r\n\n<p class=\"wp-block-paragraph\">Profesor titular del Departamento de Sociolog\u00eda de la Universidad de Barcelona y miembro del Grupo interuniversitario Copolis \u201cBienestar, Comunidad y Control Social\u201d, adscrito a la Universidad de Barcelona (GRC).&nbsp;Sus l\u00edneas de trabajo y de especializaci\u00f3n son: Sistemas de indicadores sociales; T\u00e9cnicas de investigaci\u00f3n social; An\u00e1lisis multivariable de los datos; An\u00e1lisis de las desigualdades sociales; Tiempos, trabajo, vida cotidiana y bienestar.&nbsp;En todos ellos, ha llevado a cabo diversas investigaciones y ha publicado libros y art\u00edculos cient\u00edficos y acad\u00e9micos.&nbsp; Ha participado en diversos proyectos de I+D competitivos y en convenios de investigaci\u00f3n con las Administraciones P\u00fablicas.&nbsp;Adem\u00e1s es Coordinador del M\u00e1ster en T\u00e9cnicas de Investigaci\u00f3n Social Aplicada (Universidad Aut\u00f3noma de Barcelona, Universidad de Barcelona y el Col\u2022legi oficial de Soci\u00f2legs i Polit\u00f2legs de Catalunya). Participa en diversas asociaciones en el \u00e1mbito de la sociolog\u00eda, concretamente en la actualidad es el Vicepresidente de la Associaci\u00f3 Catalana de Sociologia (ACS) y Vicepresidente de la Federaci\u00f3n Espa\u00f1ola de Sociolog\u00eda (FES).<\/p>\n\n<p class=\"wp-block-paragraph\"><a href=\"https:\/\/mariusdominguez.wordpress.com\/\">https:\/\/mariusdominguez.wordpress.com\/<\/a><\/p>\n\n\n\n<h2 class=\"wp-block-heading\">Investigadores en el proyecto INCASI<\/h2>\n\n\n\r\n\t<ul class=\"news\">\r\n\r\n<li class=\"news-list-item\">\r\n\t<a href=\"https:\/\/webs.uab.cat\/incasi1\/persones\/antonia-collado\/\">Antonia Collado<\/a>\r\n<\/li>\r\n\r\n<li class=\"news-list-item\">\r\n\t<a href=\"https:\/\/webs.uab.cat\/incasi1\/persones\/cristina-lopez\/\">Cristina L\u00f3pez<\/a>\r\n<\/li>\r\n\r\n<li class=\"news-list-item\">\r\n\t<a href=\"https:\/\/webs.uab.cat\/incasi1\/persones\/elisabet-almeda-samaranch\/\">Elisabet Almeda Samaranch<\/a>\r\n<\/li>\r\n\r\n<li class=\"news-list-item\">\r\n\t<a href=\"https:\/\/webs.uab.cat\/incasi1\/persones\/joaquim-juan-albalate\/\">Joaquim Juan Albalate<\/a>\r\n<\/li>\r\n\r\n<li class=\"news-list-item\">\r\n\t<a href=\"https:\/\/webs.uab.cat\/incasi1\/persones\/leon-freude\/\">Leon Freude<\/a>\r\n<\/li>\r\n\r\n<li class=\"news-list-item\">\r\n\t<a href=\"https:\/\/webs.uab.cat\/incasi1\/persones\/nuria-verges-bosch\/\">N\u00faria Verg\u00e9s Bosch<\/a>\r\n<\/li>\r\n\r\n<li class=\"news-list-item\">\r\n\t<a href=\"https:\/\/webs.uab.cat\/incasi1\/persones\/rosa-ortiz-monera\/\">Rosa Ortiz Monera<\/a>\r\n<\/li>\r\n\r\n<li class=\"news-list-item\">\r\n\t<a href=\"https:\/\/webs.uab.cat\/incasi1\/persones\/veronica-aravena-vega\/\">Ver\u00f3nica Aravena Vega<\/a>\r\n<\/li>\r\n\r\n<li class=\"news-list-item\">\r\n\t<a href=\"https:\/\/webs.uab.cat\/incasi1\/persones\/victor-climent\/\">V\u00edctor Climent<\/a>\r\n<\/li>\r\n\r\n<\/ul>\r\n","protected":false},"excerpt":{"rendered":"<p>Investigadores en el proyecto INCASI<\/p>\n","protected":false},"author":44,"featured_media":0,"template":"","class_list":["post-1873","universidades","type-universidades","status-publish","hentry"],"_links":{"self":[{"href":"https:\/\/webs.uab.cat\/incasi1\/wp-json\/wp\/v2\/universidades\/1873","targetHints":{"allow":["GET"]}}],"collection":[{"href":"https:\/\/webs.uab.cat\/incasi1\/wp-json\/wp\/v2\/universidades"}],"about":[{"href":"https:\/\/webs.uab.cat\/incasi1\/wp-json\/wp\/v2\/types\/universidades"}],"author":[{"embeddable":true,"href":"https:\/\/webs.uab.cat\/incasi1\/wp-json\/wp\/v2\/users\/44"}],"wp:attachment":[{"href":"https:\/\/webs.uab.cat\/incasi1\/wp-json\/wp\/v2\/media?parent=1873"}],"curies":[{"name":"wp","href":"https:\/\/api.w.org\/{rel}","templated":true}]}}