{"id":1896,"date":"2016-05-09T15:49:00","date_gmt":"2016-05-09T15:49:00","guid":{"rendered":"https:\/\/webs.uab.cat\/incasi\/universidades\/pontificia-universidad-catolica-de-chile-uc\/"},"modified":"2022-12-20T12:36:56","modified_gmt":"2022-12-20T12:36:56","slug":"pontificia-universidad-catolica-de-chile-uc","status":"publish","type":"universidades","link":"https:\/\/webs.uab.cat\/incasi1\/universidades\/pontificia-universidad-catolica-de-chile-uc\/","title":{"rendered":"Pontificia Universidad Cat\u00f3lica de Chile (UC)"},"content":{"rendered":"<div class=\"wp-block-media-text is-stacked-on-mobile has-primary-background-color has-background\" style=\"grid-template-columns:27% auto\">\r\n\t<figure class=\"wp-block-media-text__media\">\r\n\t\t<img loading=\"lazy\" decoding=\"async\" width=\"146\" height=\"195\" src=\"https:\/\/webs.uab.cat\/incasi1\/wp-content\/uploads\/sites\/308\/2016\/06\/Gabriela-Rubilar.jpg\" alt=\"#\" class=\"wp-image-240 size-full\">\r\n\t<\/figure>\r\n<div class=\"wp-block-media-text__content\">\r\n<p class=\"has-large-font-size\"><strong>Gabriela Rubilar<\/strong><\/p>\r\n<\/div>\r\n<\/div>\r\n<p class=\"rtejustify\">Gabriela Rubilar es investigadora y especialista en pol\u00edticas p\u00fablicas y programas sociales orientados a la superaci\u00f3n de la pobreza y la exclusi\u00f3n social.&nbsp;Sus l\u00edneas de investigaci\u00f3n y desarrollo son: pol\u00edticas p\u00fablicas y pol\u00edticas sociales; investigaci\u00f3n y trabajo social; pobreza, exclusi\u00f3n y desigualdad. (<a href=\"http:\/\/ciir.cl\/persona\/gabriela-rubilar\/\" rel=\"noopener noreferrer\" target=\"_blank\">http:\/\/ciir.cl\/persona\/gabriela-rubilar\/<\/a>)&nbsp;Actualmente es coordinadora del N\u00facleo Pol\u00edticas Sociales y Pol\u00edticas P\u00fablicas, orientado al debate acerca de las pol\u00edticas sociales en Chile y Am\u00e9rica Latina, con \u00e9nfasis en el an\u00e1lisis comparado de los sistemas de transferencia de rentas, de pol\u00edticas sectoriales de educaci\u00f3n, vivienda, salud y medio ambiente. Es investigadora de la l\u00ednea de pol\u00edticas p\u00fablicas del Centro de Estudios Ind\u00edgenas e Interculturales CIIR, proyecto asociado a la Universidad Cat\u00f3lica<\/p>\n<p class=\"rtejustify\">Contacto: grubilad<a href=\"mailto:iciis@uc.cl\">@uc.cl<\/a><\/p>\n\n\n\n<h2 class=\"wp-block-heading\">Investigadores en el proyecto INCASI<\/h2>\n\n\n\r\n\t<ul class=\"news\">\r\n\r\n<li class=\"news-list-item\">\r\n\t<a href=\"https:\/\/webs.uab.cat\/incasi1\/persones\/alicia-razeto\/\">Alicia Razeto<\/a>\r\n<\/li>\r\n\r\n<li class=\"news-list-item\">\r\n\t<a href=\"https:\/\/webs.uab.cat\/incasi1\/persones\/anahi-huencho\/\">Anahi Huencho<\/a>\r\n<\/li>\r\n\r\n<li class=\"news-list-item\">\r\n\t<a href=\"https:\/\/webs.uab.cat\/incasi1\/persones\/fabiola-cortez-monroy\/\">Fabiola Cortez-Monroy<\/a>\r\n<\/li>\r\n\r\n<li class=\"news-list-item\">\r\n\t<a href=\"https:\/\/webs.uab.cat\/incasi1\/persones\/francisca-de-la-maza\/\">Francisca de la Maza<\/a>\r\n<\/li>\r\n\r\n<li class=\"news-list-item\">\r\n\t<a href=\"https:\/\/webs.uab.cat\/incasi1\/persones\/francisco-schwember-bustamante\/\">Francisco Schwember Bustamante<\/a>\r\n<\/li>\r\n\r\n<li class=\"news-list-item\">\r\n\t<a href=\"https:\/\/webs.uab.cat\/incasi1\/persones\/maria-carolina-aguilar-matus\/\">Mar\u00eda Carolina Aguilar Matus<\/a>\r\n<\/li>\r\n\r\n<li class=\"news-list-item\">\r\n\t<a href=\"https:\/\/webs.uab.cat\/incasi1\/persones\/maria-lara-millapan\/\">Mar\u00eda Lara Millap\u00e1n<\/a>\r\n<\/li>\r\n\r\n<li class=\"news-list-item\">\r\n\t<a href=\"https:\/\/webs.uab.cat\/incasi1\/persones\/maria-tsekoura\/\">Mar\u00eda Tsekoura<\/a>\r\n<\/li>\r\n\r\n<li class=\"news-list-item\">\r\n\t<a href=\"https:\/\/webs.uab.cat\/incasi1\/persones\/paola-marchant\/\">Paola Marchant<\/a>\r\n<\/li>\r\n\r\n<li class=\"news-list-item\">\r\n\t<a href=\"https:\/\/webs.uab.cat\/incasi1\/persones\/paula-miranda\/\">Paula Miranda<\/a>\r\n<\/li>\r\n\r\n<li class=\"news-list-item\">\r\n\t<a href=\"https:\/\/webs.uab.cat\/incasi1\/persones\/sara-caro\/\">Sara Caro<\/a>\r\n<\/li>\r\n\r\n<\/ul>\r\n","protected":false},"excerpt":{"rendered":"<p>Investigadores en el proyecto INCASI<\/p>\n","protected":false},"author":44,"featured_media":0,"template":"","class_list":["post-1896","universidades","type-universidades","status-publish","hentry"],"_links":{"self":[{"href":"https:\/\/webs.uab.cat\/incasi1\/wp-json\/wp\/v2\/universidades\/1896","targetHints":{"allow":["GET"]}}],"collection":[{"href":"https:\/\/webs.uab.cat\/incasi1\/wp-json\/wp\/v2\/universidades"}],"about":[{"href":"https:\/\/webs.uab.cat\/incasi1\/wp-json\/wp\/v2\/types\/universidades"}],"author":[{"embeddable":true,"href":"https:\/\/webs.uab.cat\/incasi1\/wp-json\/wp\/v2\/users\/44"}],"wp:attachment":[{"href":"https:\/\/webs.uab.cat\/incasi1\/wp-json\/wp\/v2\/media?parent=1896"}],"curies":[{"name":"wp","href":"https:\/\/api.w.org\/{rel}","templated":true}]}}