{"id":140,"date":"2017-02-20T13:13:19","date_gmt":"2017-02-20T11:13:19","guid":{"rendered":"https:\/\/webs.uab.cat\/interasia\/videos\/"},"modified":"2024-12-09T11:41:53","modified_gmt":"2024-12-09T09:41:53","slug":"videos","status":"publish","type":"page","link":"https:\/\/webs.uab.cat\/interasia\/en\/videos\/","title":{"rendered":"Videos"},"content":{"rendered":"\n<h2 class=\"wp-block-heading\">2024<\/h2>\n\n\n\n<p><strong>InterAsia Research Group Seminars 2024 (online)<\/strong>:<br><strong><em>China, Taiwan, and the United States under the new Trump administration<\/em><\/strong><\/p>\n\n\n\n<ul class=\"wp-block-list\">\n<li><strong>Xulio R\u00edos<\/strong>, Honorary Advisor at the Observatory of Chinese Politics<\/li>\n\n\n\n<li><strong>Se\u00e1n Golden<\/strong>, Senior Associate Researcher at CIDOB and contributor to Reset DOC<\/li>\n\n\n\n<li><strong>Ferr\u00e1n P\u00e9rez Mena<\/strong>, Professor at Durham University, United Kingdom. Member of InterAsia<\/li>\n\n\n\n<li><strong>Andr\u00e9s Herrera-Feligreras<\/strong>, PhD in History and Managing Partner at HerreraZhang. Member of InterAsia<\/li>\n<\/ul>\n\n\n\n<p>Moderator:&nbsp;<strong>Joaqu\u00edn Beltr\u00e1n Antol\u00edn<\/strong>, Co-I.P. of InterAsia, Universitat Aut\u00f2noma de Barcelona<br><strong>November 28, 2024<\/strong><br><strong>17:00-19:00<\/strong><\/p>\n\n\n\n<figure class=\"wp-block-embed is-type-video is-provider-youtube wp-block-embed-youtube wp-embed-aspect-16-9 wp-has-aspect-ratio\"><div class=\"wp-block-embed__wrapper\">\n<iframe loading=\"lazy\" title=\"Seminarios InterAsia 2024: China, Taiw\u00e1n y Estados Unidos ante la nueva administraci\u00f3n Trump\" width=\"580\" height=\"326\" src=\"https:\/\/www.youtube.com\/embed\/Yp6imyghigg?feature=oembed\" frameborder=\"0\" allow=\"accelerometer; autoplay; clipboard-write; encrypted-media; gyroscope; picture-in-picture; web-share\" referrerpolicy=\"strict-origin-when-cross-origin\" allowfullscreen><\/iframe>\n<\/div><\/figure>\n\n\n\n<h2 class=\"wp-block-heading\">2023<\/h2>\n\n\n\n<p><strong>February 23<\/strong>. &#8220;Por donde caen las hojas: po\u00e9ticas del retorno en la reci\u00e9n producci\u00f3n fotogr\u00e1fica china&#8221;  conference by <strong>Roberto Figliulo<\/strong>, with Sylvia Hottinger Craig as speaker and Filippo Costantini as moderator. In &#8220;Ciclo de conferencias virtuales internacionales sobre China&#8221; organized by the&nbsp;<a rel=\"noreferrer noopener\" href=\"https:\/\/urldefense.com\/v3\/__http:\/\/www.redsinolatina.ucr.ac.cr\/*20__;JQ!!D9dNQwwGXtA!VOU7TPh3NmHnEb71rXcBForN5yAOLVNe8fyri5wi_YuRC98zdPbRlE4xJIFPDTpIlcHyquPvCOkzntjy6pCV-nmRdZuJ7Gobx6M$\" target=\"_blank\">Red Acad\u00e9mica Latino (e Hispano) Americanista sobre Estudios Sinol\u00f3gicos \u62c9\u7f8e\u6c49\u5b66\u7814\u7a76\u5b66\u672f\u7f51<\/a>, Universidad de Costa Rica. <\/p>\n\n\n\n<figure class=\"wp-block-embed is-type-video is-provider-youtube wp-block-embed-youtube wp-embed-aspect-16-9 wp-has-aspect-ratio\"><div class=\"wp-block-embed__wrapper\">\n<iframe loading=\"lazy\" title=\"Por donde caen las hojas: po\u00e9ticas del retorno en la reci\u00e9n producci\u00f3n fotogr\u00e1fica china\" width=\"580\" height=\"326\" src=\"https:\/\/www.youtube.com\/embed\/dg9XITdR2_0?feature=oembed\" frameborder=\"0\" allow=\"accelerometer; autoplay; clipboard-write; encrypted-media; gyroscope; picture-in-picture; web-share\" referrerpolicy=\"strict-origin-when-cross-origin\" allowfullscreen><\/iframe>\n<\/div><\/figure>\n\n\n\n<p><strong>February 2.<\/strong> The journalist Javier Borr\u00e0s and the researchers <strong>Irene Masdeu Torruella<\/strong>, Xavier Ortells and Maialen Mar\u00edn speak about China\u2019s evolution in recent years, its present, and the future we share with it.<\/p>\n\n\n\n<figure class=\"wp-block-embed is-type-video is-provider-vimeo wp-block-embed-vimeo wp-embed-aspect-16-9 wp-has-aspect-ratio\"><div class=\"wp-block-embed__wrapper\">\n<iframe loading=\"lazy\" title=\"DEBAT \/ La Xina del present, el m\u00f3n del futur (VO Ca)\" src=\"https:\/\/player.vimeo.com\/video\/796236067?dnt=1&amp;app_id=122963\" width=\"580\" height=\"326\" frameborder=\"0\" allow=\"autoplay; fullscreen; picture-in-picture; clipboard-write\"><\/iframe>\n<\/div><\/figure>\n\n\n\n<h2 class=\"wp-block-heading\">2022<\/h2>\n\n\n\n<p><strong><strong><strong>October 30<\/strong><\/strong>. <\/strong>In &#8220;II Jornadas sobre el Mundo Chino&#8221;, organized by <a href=\"https:\/\/fundacionqili.org\/\">Fundaci\u00f3n Qili<\/a>, <strong>Joaqu\u00edn Beltr\u00e1n<\/strong> presents &#8220;El Partido Comunista Chino y su XX Congreso&#8221;, moderate Mart\u00edn de Rada.<\/p>\n\n\n\n<figure class=\"wp-block-embed is-type-video is-provider-youtube wp-block-embed-youtube wp-embed-aspect-16-9 wp-has-aspect-ratio\"><div class=\"wp-block-embed__wrapper\">\n<iframe loading=\"lazy\" title=\"EL PARTIDO COMUNISTA CHINO Y SU XX CONGRESO - JOAQU\u00cdN BELTR\u00c1N | PROGRAMA MART\u00cdN DE RADA\" width=\"580\" height=\"326\" src=\"https:\/\/www.youtube.com\/embed\/astv5KSSM4w?feature=oembed\" frameborder=\"0\" allow=\"accelerometer; autoplay; clipboard-write; encrypted-media; gyroscope; picture-in-picture; web-share\" referrerpolicy=\"strict-origin-when-cross-origin\" allowfullscreen><\/iframe>\n<\/div><\/figure>\n\n\n\n<p><strong><strong>June 16<\/strong>. <\/strong>The webinar &#8220;Las relaciones de la Uni\u00f3n Europea con China y Jap\u00f3n: retos ante un contexto geopol\u00edtico&#8221; by <strong>Just Castillo Iglesias<\/strong> in &#8220;II Ciclo de Conferencias: Estudios Globales de Asia Oriental&#8221;, organized by the&nbsp;<a href=\"https:\/\/www.uab.cat\/web\/estudiar\/la-oferta-de-masteres-oficiales\/informacion-general\/estudios-globales-de-asia-oriental-1096480309770.html?param1=1345803183017\">M\u00e1ster Oficial en Estudios Globales de Asia Oriental<\/a>&nbsp;&nbsp;of the Universidad Aut\u00f3noma de Barcelona (UAB) and  Casa Asia. Presented by Rafael Bueno, director of Pol\u00edtica, Sociedad y Programas Educativos, Casa Asia, and moderated by David Saur\u00ed,&nbsp;coordinator of the M\u00e1ster Oficial en Estudios Globales de Asia Oriental (UAB).<\/p>\n\n\n\n<figure class=\"wp-block-embed is-type-video is-provider-youtube wp-block-embed-youtube wp-embed-aspect-16-9 wp-has-aspect-ratio\"><div class=\"wp-block-embed__wrapper\">\n<iframe loading=\"lazy\" title=\"Webinar \u00abLas relaciones de la Uni\u00f3n Europea con China y Jap\u00f3n: retos ante un contexto geopol\u00edtico\u00bb\" width=\"580\" height=\"326\" src=\"https:\/\/www.youtube.com\/embed\/hjMw39a8n5s?feature=oembed\" frameborder=\"0\" allow=\"accelerometer; autoplay; clipboard-write; encrypted-media; gyroscope; picture-in-picture; web-share\" referrerpolicy=\"strict-origin-when-cross-origin\" allowfullscreen><\/iframe>\n<\/div><\/figure>\n\n\n\n<p><\/p>\n\n\n\n<p><strong>June 2<\/strong>. The webinar &#8220;Sinofuturismos: Imaginarios de ciencia ficci\u00f3n y nuevas tecnolog\u00edas en la producci\u00f3n art\u00edstica en China&#8221; by <strong>Roberto Figliulo<\/strong> in &#8220;II Ciclo de Conferencias: Estudios Globales de Asia Oriental&#8221;, organized by the M\u00e1ster Oficial en Estudios Globales de Asia Oriental of the Universidad Aut\u00f3noma de Barcelona (UAB) and Casa Asia. Presented by Rafael Bueno, director of Pol\u00edtica, Sociedad y Programas Educativos, Casa Asia, and moderated by Ester Torres-Sim\u00f3n, Serra H\u00fanter lecturer UAB.<\/p>\n\n\n\n<figure class=\"wp-block-embed is-type-video is-provider-youtube wp-block-embed-youtube wp-embed-aspect-16-9 wp-has-aspect-ratio\"><div class=\"wp-block-embed__wrapper\">\n<iframe loading=\"lazy\" title=\"Webinar \u00abImaginarios de ciencia ficci\u00f3n y nuevas tecnolog\u00edas en la producci\u00f3n art\u00edstica en China\u00bb\" width=\"580\" height=\"326\" src=\"https:\/\/www.youtube.com\/embed\/D8zldBvQr3o?feature=oembed\" frameborder=\"0\" allow=\"accelerometer; autoplay; clipboard-write; encrypted-media; gyroscope; picture-in-picture; web-share\" referrerpolicy=\"strict-origin-when-cross-origin\" allowfullscreen><\/iframe>\n<\/div><\/figure>\n\n\n\n<h2 class=\"wp-block-heading\">2021<\/h2>\n\n\n\n<p><strong><strong>May 12<\/strong>. <\/strong>The Fundaci\u00f3 Institut Confuci de Barcelona, with the Departament de Historia del Arte de la Universitat de Barcelona and the Grup de Recerca InterAsia of the UAB organized the workshop \u201cRe-escribir la historia: la producci\u00f3n cultural china en un contexto transnacional\u201d. <\/p>\n\n\n\n<figure class=\"wp-block-embed is-type-video is-provider-youtube wp-block-embed-youtube wp-embed-aspect-16-9 wp-has-aspect-ratio\"><div class=\"wp-block-embed__wrapper\">\n<iframe loading=\"lazy\" title=\"Parte 1 | Re-escribir la historia: la producci\u00f3n cultural china en un contexto transnacional\" width=\"580\" height=\"326\" src=\"https:\/\/www.youtube.com\/embed\/Mc8rbKOdUOE?feature=oembed\" frameborder=\"0\" allow=\"accelerometer; autoplay; clipboard-write; encrypted-media; gyroscope; picture-in-picture; web-share\" referrerpolicy=\"strict-origin-when-cross-origin\" allowfullscreen><\/iframe>\n<\/div><\/figure>\n\n\n\n<figure class=\"wp-block-embed is-type-video is-provider-youtube wp-block-embed-youtube wp-embed-aspect-16-9 wp-has-aspect-ratio\"><div class=\"wp-block-embed__wrapper\">\n<iframe loading=\"lazy\" title=\"Parte 2 | Re-escribir la historia: la producci\u00f3n cultural china en un contexto transnacional\" width=\"580\" height=\"326\" src=\"https:\/\/www.youtube.com\/embed\/Dsx6reOlggg?feature=oembed\" frameborder=\"0\" allow=\"accelerometer; autoplay; clipboard-write; encrypted-media; gyroscope; picture-in-picture; web-share\" referrerpolicy=\"strict-origin-when-cross-origin\" allowfullscreen><\/iframe>\n<\/div><\/figure>\n\n\n\n<h2 class=\"wp-block-heading\">2018<\/h2>\n\n\n\n<p><strong>November 29  &#8211; December 19&nbsp;2018<\/strong><\/p>\n\n\n\n<p><strong>Series of conferences: Historia y&nbsp;&nbsp;estado actual de la migraci\u00f3n china en Espa\u00f1a<\/strong><\/p>\n\n\n\n<p>Series organized by the Research group&nbsp;InterAsia, el <a rel=\"noreferrer noopener\" href=\"https:\/\/cerao.uab.cat\" target=\"_blank\">Centre d&#8217;Estudis i Recerca sobre \u00c0sia Oriental &#8211; CERAO<\/a>&nbsp; with the collaboration and financing of <a rel=\"noreferrer noopener\" href=\"https:\/\/www.confuciobarcelona.es\" target=\"_blank\"> Fundaci\u00f3n Instituto Confucio de Barcelona<\/a>.<\/p>\n\n\n\n<p><strong>Session&nbsp;1<\/strong> &#8211;&nbsp;<strong>November 21<\/strong>:&nbsp;&#8220;Acr\u00f3batas, Expresidiarios, Buhoneros, Estudiantes. Los inicios de la migraci\u00f3n China en Espa\u00f1a&#8221;, by Joaqu\u00edn Beltr\u00e1n Antol\u00edn, Universitat Aut\u00f2noma de Barcelona&nbsp;, &#8220;The Chinese in Europe: A Historical Review for One Century&#8221;, by Minghuan, School of International Studies and Overseas Chinese Research Centre. Jinan University, Guangzhou, China.&nbsp;<\/p>\n\n\n\n<figure class=\"wp-block-embed is-type-video is-provider-youtube wp-block-embed-youtube wp-embed-aspect-16-9 wp-has-aspect-ratio\"><div class=\"wp-block-embed__wrapper\">\n<iframe loading=\"lazy\" title=\"1\/4 Historia y estado actual de la migraci\u00f3n china en Espa\u00f1a\" width=\"580\" height=\"326\" src=\"https:\/\/www.youtube.com\/embed\/rtwqp9JJImo?feature=oembed\" frameborder=\"0\" allow=\"accelerometer; autoplay; clipboard-write; encrypted-media; gyroscope; picture-in-picture; web-share\" referrerpolicy=\"strict-origin-when-cross-origin\" allowfullscreen><\/iframe>\n<\/div><\/figure>\n\n\n\n<p><strong>Session 2<\/strong> &#8211;&nbsp;<strong>November<\/strong> <strong>28<\/strong>: &#8220;Las mujeres chinas en Espa\u00f1a&#8221;, by&nbsp;Amelia S\u00e1iz L\u00f3pez, Universitat Aut\u00f2noma de Barcelona. &#8220;Identidades en movimiento: Una perspectiva intergeneracional de la migraci\u00f3n china&#8221;, by&nbsp;Irene Masdeu Torruella, Universitat Aut\u00f2noma de Barcelona.<\/p>\n\n\n\n<figure class=\"wp-block-embed is-type-video is-provider-youtube wp-block-embed-youtube wp-embed-aspect-16-9 wp-has-aspect-ratio\"><div class=\"wp-block-embed__wrapper\">\n<iframe loading=\"lazy\" title=\"2\/4 Historia y estado actual de la migraci\u00f3n china en Espa\u00f1a\" width=\"580\" height=\"326\" src=\"https:\/\/www.youtube.com\/embed\/d6s9EEPKQrY?start=3&#038;feature=oembed\" frameborder=\"0\" allow=\"accelerometer; autoplay; clipboard-write; encrypted-media; gyroscope; picture-in-picture; web-share\" referrerpolicy=\"strict-origin-when-cross-origin\" allowfullscreen><\/iframe>\n<\/div><\/figure>\n\n\n\n<p><strong>Session 3<\/strong> &#8211;<strong> December 12<\/strong>: &#8220;Hijos de migrantes chinos en Espa\u00f1a: Diversidad de pr\u00e1cticas y experiencias de adaptaci\u00f3n&#8221;, by&nbsp;Paloma Robles Llana<strong>,&nbsp;<\/strong>The Hong Kong Polytechnic University. &#8220;Arte, accionismo, migraci\u00f3n china y transculturalidad en el marco espa\u00f1ol y m\u00e1s all\u00e1&#8221;, by&nbsp;Laia Manonelles Moner, Universitat de Barcelona.<\/p>\n\n\n\n<figure class=\"wp-block-embed is-type-video is-provider-youtube wp-block-embed-youtube wp-embed-aspect-16-9 wp-has-aspect-ratio\"><div class=\"wp-block-embed__wrapper\">\n<iframe loading=\"lazy\" title=\"3\/4 Historia y estado actual de la migraci\u00f3n china en Espa\u00f1a\" width=\"580\" height=\"326\" src=\"https:\/\/www.youtube.com\/embed\/NDmBFSIiveQ?start=3&#038;feature=oembed\" frameborder=\"0\" allow=\"accelerometer; autoplay; clipboard-write; encrypted-media; gyroscope; picture-in-picture; web-share\" referrerpolicy=\"strict-origin-when-cross-origin\" allowfullscreen><\/iframe>\n<\/div><\/figure>\n\n\n\n<p><strong>Session 4 &#8211;  December 19<\/strong>:&nbsp;Talk with D\u00eddac Lee and Cristina Zhang, moderated by Joaqu\u00edn Beltr\u00e1n Antol\u00edn, Universitat Aut\u00f2noma de Barcelona.<\/p>\n\n\n\n<figure class=\"wp-block-embed is-type-video is-provider-youtube wp-block-embed-youtube wp-embed-aspect-16-9 wp-has-aspect-ratio\"><div class=\"wp-block-embed__wrapper\">\n<iframe loading=\"lazy\" title=\"4\/4 Historia y estado actual de la migraci\u00f3n china en Espa\u00f1a\" width=\"580\" height=\"326\" src=\"https:\/\/www.youtube.com\/embed\/X97VOMZgLSU?feature=oembed\" frameborder=\"0\" allow=\"accelerometer; autoplay; clipboard-write; encrypted-media; gyroscope; picture-in-picture; web-share\" referrerpolicy=\"strict-origin-when-cross-origin\" allowfullscreen><\/iframe>\n<\/div><\/figure>\n\n\n\n<p><strong>May 8.<\/strong> <strong>Irene Masdeu Torruella<\/strong> speaks with Marina Garc\u00e9s at the CCCB in the series &#8220;Aula Oberta: #20 &#8211; Saber, hacer, comprender&#8221;.<\/p>\n\n\n\n<figure class=\"wp-block-embed is-type-video is-provider-vimeo wp-block-embed-vimeo wp-embed-aspect-16-9 wp-has-aspect-ratio\"><div class=\"wp-block-embed__wrapper\">\n<iframe loading=\"lazy\" title=\"08.05.18 | Irene Masdeu | Aula oberta #20: Saber, fer, comprendre\" src=\"https:\/\/player.vimeo.com\/video\/269813615?dnt=1&amp;app_id=122963\" width=\"580\" height=\"326\" frameborder=\"0\" allow=\"autoplay; fullscreen; picture-in-picture; clipboard-write\"><\/iframe>\n<\/div><\/figure>\n\n\n\n<p><strong>April 4<\/strong>. Conference &#8220;Visibilizaci\u00f3n, y \u00bfnormalizaci\u00f3n? de la sinidad en la Literatura espa\u00f1ola contempor\u00e1nea&#8221; presented by <strong>Amelia S\u00e1iz<\/strong>, Universitat Aut\u00f2noma de Barcelona, in the Series &#8220;Historia y ficci\u00f3n de China&#8221; organized by Maria Ant\u00f2nia Mart\u00ed Escayol, Universitat Aut\u00f2noma de Barcelona with the collaboration of  the Institut Confuci de Barcelona.<\/p>\n\n\n\n<figure class=\"wp-block-embed is-type-video is-provider-youtube wp-block-embed-youtube wp-embed-aspect-16-9 wp-has-aspect-ratio\"><div class=\"wp-block-embed__wrapper\">\n<iframe loading=\"lazy\" title=\"Visibilizaci\u00f3n, y \u00bfnormalizaci\u00f3n? de la sinidad en la Literatura espa\u00f1ola contempor\u00e1nea\" width=\"580\" height=\"326\" src=\"https:\/\/www.youtube.com\/embed\/WkYObvJLS94?start=4&#038;feature=oembed\" frameborder=\"0\" allow=\"accelerometer; autoplay; clipboard-write; encrypted-media; gyroscope; picture-in-picture; web-share\" referrerpolicy=\"strict-origin-when-cross-origin\" allowfullscreen><\/iframe>\n<\/div><\/figure>\n\n\n\n<h2 class=\"wp-block-heading\">2014<\/h2>\n\n\n\n<h3 class=\"wp-block-heading\">May 14<\/h3>\n\n\n\n<p>Tribuna d&#8217;\u00c0sia Oriental &#8211; Seminari Permanent de Recerca i Doctorat: conference and poetry reading by&nbsp;<strong>Yang Lian<\/strong>.<\/p>\n\n\n\n<figure class=\"wp-block-embed is-type-video is-provider-youtube wp-block-embed-youtube wp-embed-aspect-4-3 wp-has-aspect-ratio\"><div class=\"wp-block-embed__wrapper\">\n<iframe loading=\"lazy\" title=\"Contemporary Chinese Poetry, the Chinese Poetic Tradition &amp; Poetry in Exile\" width=\"580\" height=\"435\" src=\"https:\/\/www.youtube.com\/embed\/vzSbpnAYOyc?feature=oembed\" frameborder=\"0\" allow=\"accelerometer; autoplay; clipboard-write; encrypted-media; gyroscope; picture-in-picture; web-share\" referrerpolicy=\"strict-origin-when-cross-origin\" allowfullscreen><\/iframe>\n<\/div><\/figure>\n\n\n\n<h2 class=\"wp-block-heading\">&nbsp;2013<\/h2>\n\n\n\n<h3 class=\"wp-block-heading\">October 23<\/h3>\n\n\n\n<p><strong>Laia Manonelles<\/strong>&nbsp;in conversation with&nbsp;<strong>Wu Hung<\/strong>&nbsp;(Harrie A. Vanderstappen Distinguished Service Professor of Art History, University of Chicago):<\/p>\n\n\n\n<ul class=\"wp-block-list\">\n<li>Margins, Flows, and Intersections: Cross Paths in Contemporary Chinese Art\u00a0(audio and video excerpts)<\/li>\n<\/ul>\n\n\n\n<h2 class=\"wp-block-heading\">&nbsp;2012<\/h2>\n\n\n\n<h3 class=\"wp-block-heading\">November 29<\/h3>\n\n\n\n<p>Ph.D. Research Seminar &amp; East Asia Tribune:&nbsp;<strong>Rafael Caro Repetto&nbsp;<\/strong>(School of Oriental and African Studies, University of London).<\/p>\n\n\n\n<figure class=\"wp-block-embed is-type-video is-provider-youtube wp-block-embed-youtube wp-embed-aspect-4-3 wp-has-aspect-ratio\"><div class=\"wp-block-embed__wrapper\">\n<iframe loading=\"lazy\" title=\"Resonancias antiguas de sones modernos: tradici\u00f3n y modernidad en la m\u00fasica china\" width=\"580\" height=\"435\" src=\"https:\/\/www.youtube.com\/embed\/-vMy8a-Geuc?feature=oembed\" frameborder=\"0\" allow=\"accelerometer; autoplay; clipboard-write; encrypted-media; gyroscope; picture-in-picture; web-share\" referrerpolicy=\"strict-origin-when-cross-origin\" allowfullscreen><\/iframe>\n<\/div><\/figure>\n\n\n\n<h3 class=\"wp-block-heading\">November 22<\/h3>\n\n\n\n<p>SPh.D. Research Seminar &amp; East Asia Tribune:&nbsp;<strong>Gary W. McDonough,<\/strong>&nbsp;(Bryn Mawr College).<\/p>\n\n\n\n<figure class=\"wp-block-embed is-type-video is-provider-youtube wp-block-embed-youtube wp-embed-aspect-4-3 wp-has-aspect-ratio\"><div class=\"wp-block-embed__wrapper\">\n<iframe loading=\"lazy\" title=\"Chinatowns? Downtowns: Global Chinatowns as Urban Laboratories\" width=\"580\" height=\"435\" src=\"https:\/\/www.youtube.com\/embed\/ozkHFMe3IjI?feature=oembed\" frameborder=\"0\" allow=\"accelerometer; autoplay; clipboard-write; encrypted-media; gyroscope; picture-in-picture; web-share\" referrerpolicy=\"strict-origin-when-cross-origin\" allowfullscreen><\/iframe>\n<\/div><\/figure>\n\n\n\n<h3 class=\"wp-block-heading\">May 24<\/h3>\n\n\n\n<p>Ph.D. Research Seminar &amp; East Asia Tribune:&nbsp;<strong>Maria Ant\u00f2nia Mart\u00ed Escayol<\/strong>&nbsp;(Universitat Aut\u00f2noma de Barcelona)<\/p>\n\n\n\n<figure class=\"wp-block-embed is-type-video is-provider-youtube wp-block-embed-youtube wp-embed-aspect-4-3 wp-has-aspect-ratio\"><div class=\"wp-block-embed__wrapper\">\n<iframe loading=\"lazy\" title=\"El discurs ambiental al Manga\" width=\"580\" height=\"435\" src=\"https:\/\/www.youtube.com\/embed\/tPd16twnDg4?feature=oembed\" frameborder=\"0\" allow=\"accelerometer; autoplay; clipboard-write; encrypted-media; gyroscope; picture-in-picture; web-share\" referrerpolicy=\"strict-origin-when-cross-origin\" allowfullscreen><\/iframe>\n<\/div><\/figure>\n\n\n\n<h3 class=\"wp-block-heading\">May 11<\/h3>\n\n\n\n<p>Ph.D. Research Seminar &amp; East Asia Tribune:&nbsp;<strong>D. Javier Ching-Shan Hou<\/strong>&nbsp;(Representative of the Economic and Cultural Office of Taipei in Spain)<\/p>\n\n\n\n<figure class=\"wp-block-embed is-type-video is-provider-youtube wp-block-embed-youtube wp-embed-aspect-4-3 wp-has-aspect-ratio\"><div class=\"wp-block-embed__wrapper\">\n<iframe loading=\"lazy\" title=\"Taiwan, un pa\u00eds de oportunidades\" width=\"580\" height=\"435\" src=\"https:\/\/www.youtube.com\/embed\/SyuE9hwR2Ck?feature=oembed\" frameborder=\"0\" allow=\"accelerometer; autoplay; clipboard-write; encrypted-media; gyroscope; picture-in-picture; web-share\" referrerpolicy=\"strict-origin-when-cross-origin\" allowfullscreen><\/iframe>\n<\/div><\/figure>\n\n\n\n<h3 class=\"wp-block-heading\">May 10<\/h3>\n\n\n\n<p>Ph.D. Research Seminar:&nbsp;<strong>Brian Holton<\/strong>&nbsp;(poet and translator of Chinese poetry )<\/p>\n\n\n\n<figure class=\"wp-block-embed is-type-video is-provider-youtube wp-block-embed-youtube wp-embed-aspect-4-3 wp-has-aspect-ratio\"><div class=\"wp-block-embed__wrapper\">\n<iframe loading=\"lazy\" title=\"Translating the Void. Silence in Wang Wei\u2019s Buddhist Poetry\" width=\"580\" height=\"435\" src=\"https:\/\/www.youtube.com\/embed\/lHhLByfOmkg?feature=oembed\" frameborder=\"0\" allow=\"accelerometer; autoplay; clipboard-write; encrypted-media; gyroscope; picture-in-picture; web-share\" referrerpolicy=\"strict-origin-when-cross-origin\" allowfullscreen><\/iframe>\n<\/div><\/figure>\n\n\n\n<h3 class=\"wp-block-heading\">March 15<\/h3>\n\n\n\n<p>Ph.D. Research Seminar &amp; East Asia Tribune:&nbsp;<strong>Artur Colom<\/strong>&nbsp;(Universitat Aut\u00f2noma de Barcelona)<\/p>\n\n\n\n<figure class=\"wp-block-embed is-type-video is-provider-youtube wp-block-embed-youtube wp-embed-aspect-4-3 wp-has-aspect-ratio\"><div class=\"wp-block-embed__wrapper\">\n<iframe loading=\"lazy\" title=\"China en \u00c1frica\" width=\"580\" height=\"435\" src=\"https:\/\/www.youtube.com\/embed\/h2D8etBu8pw?feature=oembed\" frameborder=\"0\" allow=\"accelerometer; autoplay; clipboard-write; encrypted-media; gyroscope; picture-in-picture; web-share\" referrerpolicy=\"strict-origin-when-cross-origin\" allowfullscreen><\/iframe>\n<\/div><\/figure>\n\n\n\n<h2 class=\"wp-block-heading\">&nbsp;<\/h2>\n\n\n\n<h2 class=\"wp-block-heading\">2011<\/h2>\n\n\n\n<h3 class=\"wp-block-heading\">December 14<\/h3>\n\n\n\n<p>Ph.D. Research Seminar &amp; East Asia Tribune:&nbsp;<strong>Gregor Benton<\/strong>&nbsp;(Cardiff University and&nbsp;Universitat Aut\u00f2noma de Barcelona).<\/p>\n\n\n\n<figure class=\"wp-block-embed is-type-video is-provider-youtube wp-block-embed-youtube wp-embed-aspect-4-3 wp-has-aspect-ratio\"><div class=\"wp-block-embed__wrapper\">\n<iframe loading=\"lazy\" title=\"Prophets Unarmed: Chinese Trotskyists in Revolution, War, Gaol &amp; the Return from Limbo\" width=\"580\" height=\"435\" src=\"https:\/\/www.youtube.com\/embed\/KFkG_5h-dgs?feature=oembed\" frameborder=\"0\" allow=\"accelerometer; autoplay; clipboard-write; encrypted-media; gyroscope; picture-in-picture; web-share\" referrerpolicy=\"strict-origin-when-cross-origin\" allowfullscreen><\/iframe>\n<\/div><\/figure>\n\n\n\n<h3 class=\"wp-block-heading\">November 23<\/h3>\n\n\n\n<p>East Asia Tribune:&nbsp;<strong>Eduardo Daniel Oviedo<\/strong>&nbsp;(Universidad Nacional de Rosario, Consejo Nacional de Investigaciones Cient\u00edficas y T\u00e9cnicas, Argentina)<\/p>\n\n\n\n<figure class=\"wp-block-embed is-type-video is-provider-youtube wp-block-embed-youtube wp-embed-aspect-4-3 wp-has-aspect-ratio\"><div class=\"wp-block-embed__wrapper\">\n<iframe loading=\"lazy\" title=\"Am\u00e9rica Latina y China\" width=\"580\" height=\"435\" src=\"https:\/\/www.youtube.com\/embed\/aWzrpIxowxY?feature=oembed\" frameborder=\"0\" allow=\"accelerometer; autoplay; clipboard-write; encrypted-media; gyroscope; picture-in-picture; web-share\" referrerpolicy=\"strict-origin-when-cross-origin\" allowfullscreen><\/iframe>\n<\/div><\/figure>\n\n\n\n<h3 class=\"wp-block-heading\">November 3<\/h3>\n\n\n\n<p>East Asia Tribune:&nbsp;<strong>Isabel Cervera<\/strong>&nbsp;(Universidad Aut\u00f3noma de Madrid)<\/p>\n\n\n\n<figure class=\"wp-block-embed is-type-video is-provider-youtube wp-block-embed-youtube wp-embed-aspect-4-3 wp-has-aspect-ratio\"><div class=\"wp-block-embed__wrapper\">\n<iframe loading=\"lazy\" title=\"Paisajes de la memoria. La obra de Li Gonglin (1049-1106)\" width=\"580\" height=\"435\" src=\"https:\/\/www.youtube.com\/embed\/euibqfvgNF4?feature=oembed\" frameborder=\"0\" allow=\"accelerometer; autoplay; clipboard-write; encrypted-media; gyroscope; picture-in-picture; web-share\" referrerpolicy=\"strict-origin-when-cross-origin\" allowfullscreen><\/iframe>\n<\/div><\/figure>\n\n\n\n<h3 class=\"wp-block-heading\">October 21<\/h3>\n\n\n\n<p>East Asia Tribune:&nbsp;<strong>Young-mee Yu Cho<\/strong>&nbsp;(Rutgers University)<\/p>\n\n\n\n<figure class=\"wp-block-embed is-type-video is-provider-youtube wp-block-embed-youtube wp-embed-aspect-4-3 wp-has-aspect-ratio\"><div class=\"wp-block-embed__wrapper\">\n<iframe loading=\"lazy\" title=\"Language Unleashed Through K-Pop: Emerging Rhymes &amp; Puns\" width=\"580\" height=\"435\" src=\"https:\/\/www.youtube.com\/embed\/c68HhnX46mU?feature=oembed\" frameborder=\"0\" allow=\"accelerometer; autoplay; clipboard-write; encrypted-media; gyroscope; picture-in-picture; web-share\" referrerpolicy=\"strict-origin-when-cross-origin\" allowfullscreen><\/iframe>\n<\/div><\/figure>\n\n\n\n<h3 class=\"wp-block-heading\">June 2<\/h3>\n\n\n\n<p>East Asia Tribune:&nbsp;<strong>Gordon Mathews<\/strong>&nbsp;(Chinese University of Hong Kong)<\/p>\n\n\n\n<figure class=\"wp-block-embed is-type-video is-provider-youtube wp-block-embed-youtube wp-embed-aspect-4-3 wp-has-aspect-ratio\"><div class=\"wp-block-embed__wrapper\">\n<iframe loading=\"lazy\" title=\"Understanding Japanese Society through Life After Death\" width=\"580\" height=\"435\" src=\"https:\/\/www.youtube.com\/embed\/IBy6-94SEkE?feature=oembed\" frameborder=\"0\" allow=\"accelerometer; autoplay; clipboard-write; encrypted-media; gyroscope; picture-in-picture; web-share\" referrerpolicy=\"strict-origin-when-cross-origin\" allowfullscreen><\/iframe>\n<\/div><\/figure>\n\n\n\n<p>Seminar:&nbsp;<strong>Gordon Mathews<\/strong>&nbsp;(Chinese University of Hong Kong)<\/p>\n\n\n\n<figure class=\"wp-block-embed is-type-video is-provider-youtube wp-block-embed-youtube wp-embed-aspect-4-3 wp-has-aspect-ratio\"><div class=\"wp-block-embed__wrapper\">\n<iframe loading=\"lazy\" title=\"Ghetto at the Center of the World: Chungking Mansions, Hong Kong\" width=\"580\" height=\"435\" src=\"https:\/\/www.youtube.com\/embed\/xzAFiLUxAlk?feature=oembed\" frameborder=\"0\" allow=\"accelerometer; autoplay; clipboard-write; encrypted-media; gyroscope; picture-in-picture; web-share\" referrerpolicy=\"strict-origin-when-cross-origin\" allowfullscreen><\/iframe>\n<\/div><\/figure>\n\n\n\n<h3 class=\"wp-block-heading\">Mai 3<\/h3>\n\n\n\n<p>Seminar:&nbsp;<strong>Calvin Chen<\/strong>&nbsp;(Mount Holyoke College)<\/p>\n\n\n\n<figure class=\"wp-block-embed is-type-video is-provider-youtube wp-block-embed-youtube wp-embed-aspect-4-3 wp-has-aspect-ratio\"><div class=\"wp-block-embed__wrapper\">\n<iframe loading=\"lazy\" title=\"\u201cMade in Italy\u201d\u2026 by Chinese\" width=\"580\" height=\"435\" src=\"https:\/\/www.youtube.com\/embed\/6KTzZge-vgE?feature=oembed\" frameborder=\"0\" allow=\"accelerometer; autoplay; clipboard-write; encrypted-media; gyroscope; picture-in-picture; web-share\" referrerpolicy=\"strict-origin-when-cross-origin\" allowfullscreen><\/iframe>\n<\/div><\/figure>\n\n\n\n<h3 class=\"wp-block-heading\">March 4<\/h3>\n\n\n\n<p>Seminar:&nbsp;<strong>Amaury Garc\u00eda Rodr\u00edguez&nbsp;<\/strong>(Centro de Estudios de Asia y \u00c1frica &#8211; El Colegio de M\u00e9xico)<\/p>\n\n\n\n<figure class=\"wp-block-embed is-type-video is-provider-youtube wp-block-embed-youtube wp-embed-aspect-4-3 wp-has-aspect-ratio\"><div class=\"wp-block-embed__wrapper\">\n<iframe loading=\"lazy\" title=\"La cultura popular-urbana de los Ch\u014dnin\" width=\"580\" height=\"435\" src=\"https:\/\/www.youtube.com\/embed\/AuRX-_HcSEI?feature=oembed\" frameborder=\"0\" allow=\"accelerometer; autoplay; clipboard-write; encrypted-media; gyroscope; picture-in-picture; web-share\" referrerpolicy=\"strict-origin-when-cross-origin\" allowfullscreen><\/iframe>\n<\/div><\/figure>\n\n\n\n<h3 class=\"wp-block-heading\">February 2<\/h3>\n\n\n\n<p>Seminar:&nbsp;<strong>Consuelo Marco Mart\u00ednez<\/strong>&nbsp;(Universidad Complutense de Madrid)<\/p>\n\n\n\n<figure class=\"wp-block-embed is-type-video is-provider-youtube wp-block-embed-youtube wp-embed-aspect-4-3 wp-has-aspect-ratio\"><div class=\"wp-block-embed__wrapper\">\n<iframe loading=\"lazy\" title=\"La ense\u00f1anza-aprendizaje de la lengua china y su adaptaci\u00f3n al MCER\" width=\"580\" height=\"435\" src=\"https:\/\/www.youtube.com\/embed\/915gxpBotfs?feature=oembed\" frameborder=\"0\" allow=\"accelerometer; autoplay; clipboard-write; encrypted-media; gyroscope; picture-in-picture; web-share\" referrerpolicy=\"strict-origin-when-cross-origin\" allowfullscreen><\/iframe>\n<\/div><\/figure>\n\n\n\n<h3 class=\"wp-block-heading\">January 31<\/h3>\n\n\n\n<p>Seminar:&nbsp;<strong>Daniel M\u00e9ndez<\/strong>&nbsp;(Coordinator of&nbsp;<a href=\"http:\/\/www.zaichina.net\/\">ZaiChina.net<\/a>)<\/p>\n\n\n\n<figure class=\"wp-block-embed is-type-video is-provider-youtube wp-block-embed-youtube wp-embed-aspect-4-3 wp-has-aspect-ratio\"><div class=\"wp-block-embed__wrapper\">\n<iframe loading=\"lazy\" title=\"La batalla por la informaci\u00f3n en China. Medios de comunicaci\u00f3n e Internet\" width=\"580\" height=\"435\" src=\"https:\/\/www.youtube.com\/embed\/PBGKBqDOF4U?feature=oembed\" frameborder=\"0\" allow=\"accelerometer; autoplay; clipboard-write; encrypted-media; gyroscope; picture-in-picture; web-share\" referrerpolicy=\"strict-origin-when-cross-origin\" allowfullscreen><\/iframe>\n<\/div><\/figure>\n\n\n\n<p>&nbsp;<\/p>\n\n\n\n<h2 class=\"wp-block-heading\">2010<\/h2>\n\n\n\n<h3 class=\"wp-block-heading\">June 3<\/h3>\n\n\n\n<p>VIU [Venice International University] Lecture 2010:&nbsp;<strong>Se\u00e1n Golden<\/strong>&nbsp;(Universitat Auton\u00f2ma de Barcelona) and&nbsp;<strong>Tiziana Lippiello<\/strong>&nbsp;(Universit\u00e0 Ca&#8217; Foscari Venezia).<\/p>\n\n\n\n<figure class=\"wp-block-embed is-type-video is-provider-youtube wp-block-embed-youtube wp-embed-aspect-16-9 wp-has-aspect-ratio\"><div class=\"wp-block-embed__wrapper\">\n<iframe loading=\"lazy\" title=\"VIU Lectures 2010 &quot;The Crisis of Modernity in China&quot; - Sean Golden - part 1\" width=\"580\" height=\"326\" src=\"https:\/\/www.youtube.com\/embed\/K1zLRGrZFXU?feature=oembed\" frameborder=\"0\" allow=\"accelerometer; autoplay; clipboard-write; encrypted-media; gyroscope; picture-in-picture; web-share\" referrerpolicy=\"strict-origin-when-cross-origin\" allowfullscreen><\/iframe>\n<\/div><\/figure>\n\n\n\n<h3 class=\"wp-block-heading\">March 19<\/h3>\n\n\n\n<p><a href=\"http:\/\/grupsderecerca.uab.cat\/interasia\/sites\/grupsderecerca.uab.cat.interasia\/files\/la_tanka_catalana_programa.pdf\" target=\"_blank\" rel=\"noopener\">Seminario Internacional&nbsp;<em><strong>La Tanka Catalana<\/strong><\/em><\/a>, organized by&nbsp;<strong>Jordi Mas Lopez<\/strong>. Facultat de Traducci\u00f3 i d&#8217;Intepretaci\u00f3, Universitat Aut\u00f2noma de Barcelona. Acciones Complementarias del Ministerio de Ciencia e Innovaci\u00f3n. FFI-2009-0346-E\/FILO.<\/p>\n\n\n\n<ul class=\"wp-block-list\">\n<li><strong>Inaugural Seminar La Tanka Catalana<\/strong>. Inaugural Lecture.\u00a0<strong>Francesc Parcerisas<\/strong>\u00a0(Dean of Facultat de Traducci\u00f3 i d&#8217;Intepretaci\u00f3) and\u00a0<strong>Jordi Mas L\u00f3pez<\/strong>\u00a0(organizer, Inter Asia Research Group).<\/li>\n<\/ul>\n\n\n\n<figure class=\"wp-block-embed is-type-video is-provider-youtube wp-block-embed-youtube wp-embed-aspect-4-3 wp-has-aspect-ratio\"><div class=\"wp-block-embed__wrapper\">\n<iframe loading=\"lazy\" title=\"Inauguraci\u00f3 de la jornada La Tanka Catalana\" width=\"580\" height=\"435\" src=\"https:\/\/www.youtube.com\/embed\/IGwgS4f5Neg?feature=oembed\" frameborder=\"0\" allow=\"accelerometer; autoplay; clipboard-write; encrypted-media; gyroscope; picture-in-picture; web-share\" referrerpolicy=\"strict-origin-when-cross-origin\" allowfullscreen><\/iframe>\n<\/div><\/figure>\n\n\n\n<ul class=\"wp-block-list\">\n<li><a href=\"http:\/\/www.uab.cat\/servlet\/Satellite\/videos\/reproduccio-1192707516892.html?param1=10divulgacio&amp;param2=20ciencieshumanes&amp;param4=TradiInter&amp;url_video=1296113447684\" target=\"_blank\" rel=\"noopener\">Les tankes de Carles Riba i M\u00e0rius Torres: una experi\u00e8ncia po\u00e8tica<\/a>.\u00a0<strong>Merc\u00e8 Boixareu<\/strong>, professor Facultad de Filolog\u00eda de la\u00a0UNED.<\/li>\n<\/ul>\n\n\n\n<figure class=\"wp-block-embed is-type-video is-provider-youtube wp-block-embed-youtube wp-embed-aspect-4-3 wp-has-aspect-ratio\"><div class=\"wp-block-embed__wrapper\">\n<iframe loading=\"lazy\" title=\"Les tankes de Carles Riba i M\u00e0rius Torres: una experi\u00e8ncia po\u00e8tica\" width=\"580\" height=\"435\" src=\"https:\/\/www.youtube.com\/embed\/yzuRdBQ9U8s?feature=oembed\" frameborder=\"0\" allow=\"accelerometer; autoplay; clipboard-write; encrypted-media; gyroscope; picture-in-picture; web-share\" referrerpolicy=\"strict-origin-when-cross-origin\" allowfullscreen><\/iframe>\n<\/div><\/figure>\n\n\n\n<ul class=\"wp-block-list\">\n<li><a href=\"http:\/\/www.uab.cat\/servlet\/Satellite\/videos\/reproduccio-1192707516892.html?param1=10divulgacio&amp;param2=20ciencieshumanes&amp;param4=TradiInter&amp;url_video=1296113516486\" target=\"_blank\" rel=\"noopener\">Salvador Espriu: d&#8217;una prosa artitzada a la meditaci\u00f3 zen<\/a>.<strong>\u00a0Rosa Delor<\/strong>, Centre de Documentaci\u00f3 i Estudi Salvador Espriu.<\/li>\n<\/ul>\n\n\n\n<figure class=\"wp-block-embed is-type-video is-provider-youtube wp-block-embed-youtube wp-embed-aspect-4-3 wp-has-aspect-ratio\"><div class=\"wp-block-embed__wrapper\">\n<iframe loading=\"lazy\" title=\"Salvador Espriu: d\u2019una prosa artitzada a la meditaci\u00f3 zen\" width=\"580\" height=\"435\" src=\"https:\/\/www.youtube.com\/embed\/TSQeCg5jh14?feature=oembed\" frameborder=\"0\" allow=\"accelerometer; autoplay; clipboard-write; encrypted-media; gyroscope; picture-in-picture; web-share\" referrerpolicy=\"strict-origin-when-cross-origin\" allowfullscreen><\/iframe>\n<\/div><\/figure>\n\n\n\n<ul class=\"wp-block-list\">\n<li><a href=\"http:\/\/www.uab.cat\/servlet\/Satellite\/videos\/reproduccio-1192707516892.html?param1=10divulgacio&amp;param2=20ciencieshumanes&amp;param4=TradiInter&amp;url_video=1296113525014\" target=\"_blank\" rel=\"noopener\">Pres\u00e8ncia i funci\u00f3 dels kigo o mots estacionals a la tanka catalana<\/a>.\u00a0<strong>Denise Boyer<\/strong>, professor Universit\u00e9 Par\u00eds-Sorbonne.<\/li>\n<\/ul>\n\n\n\n<figure class=\"wp-block-embed is-type-video is-provider-youtube wp-block-embed-youtube wp-embed-aspect-4-3 wp-has-aspect-ratio\"><div class=\"wp-block-embed__wrapper\">\n<iframe loading=\"lazy\" title=\"Pres\u00e8ncia i funci\u00f3 dels kigo o mots estacionals a la tanka catalana\" width=\"580\" height=\"435\" src=\"https:\/\/www.youtube.com\/embed\/PsAQzA3VkS4?feature=oembed\" frameborder=\"0\" allow=\"accelerometer; autoplay; clipboard-write; encrypted-media; gyroscope; picture-in-picture; web-share\" referrerpolicy=\"strict-origin-when-cross-origin\" allowfullscreen><\/iframe>\n<\/div><\/figure>\n\n\n\n<ul class=\"wp-block-list\">\n<li><a href=\"http:\/\/www.uab.cat\/servlet\/Satellite\/videos\/reproduccio-1192707516892.html?param1=10divulgacio&amp;param2=20ciencieshumanes&amp;param4=TradiInter&amp;url_video=1296113552991\" target=\"_blank\" rel=\"noopener\">Per tot coix\u00ed les herbes. Versions de la l\u00edrica japonesa en catal\u00e0<\/a>.\u00a0<strong>Miquel Desclot<\/strong>, writer and translator.<\/li>\n<\/ul>\n\n\n\n<figure class=\"wp-block-embed is-type-video is-provider-youtube wp-block-embed-youtube wp-embed-aspect-4-3 wp-has-aspect-ratio\"><div class=\"wp-block-embed__wrapper\">\n<iframe loading=\"lazy\" title=\"Per tot coix\u00ed les herbes. Versions de la l\u00edrica japonesa en catal\u00e0\" width=\"580\" height=\"435\" src=\"https:\/\/www.youtube.com\/embed\/eUKHVLkwwdw?feature=oembed\" frameborder=\"0\" allow=\"accelerometer; autoplay; clipboard-write; encrypted-media; gyroscope; picture-in-picture; web-share\" referrerpolicy=\"strict-origin-when-cross-origin\" allowfullscreen><\/iframe>\n<\/div><\/figure>\n\n\n\n<ul class=\"wp-block-list\">\n<li><a href=\"http:\/\/www.uab.cat\/servlet\/Satellite\/videos\/reproduccio-1192707516892.html?param1=10divulgacio&amp;param2=20ciencieshumanes&amp;param4=TradiInter&amp;url_video=1296201903742\" target=\"_blank\" rel=\"noopener\">La tanka a l&#8217;estil amor\u00f3s de Rosa Leveroni: fil de maragdes o de subtils i refinats di\u00e0legs l\u00edrics<\/a>.<strong>Abraham Mohino<\/strong>, professor and writer.<\/li>\n<\/ul>\n\n\n\n<figure class=\"wp-block-embed is-type-video is-provider-youtube wp-block-embed-youtube wp-embed-aspect-4-3 wp-has-aspect-ratio\"><div class=\"wp-block-embed__wrapper\">\n<iframe loading=\"lazy\" title=\"La tanka a l\u2019estil amor\u00f3s de Rosa Leveroni: fil de maragdes o de subtils i refinats di\u00e0legs l\u00edrics\" width=\"580\" height=\"435\" src=\"https:\/\/www.youtube.com\/embed\/IpGaHS22Q7Q?feature=oembed\" frameborder=\"0\" allow=\"accelerometer; autoplay; clipboard-write; encrypted-media; gyroscope; picture-in-picture; web-share\" referrerpolicy=\"strict-origin-when-cross-origin\" allowfullscreen><\/iframe>\n<\/div><\/figure>\n\n\n\n<ul class=\"wp-block-list\">\n<li><a href=\"http:\/\/www.uab.cat\/servlet\/Satellite\/videos\/reproduccio-1192707516892.html?param1=10divulgacio&amp;param2=20ciencieshumanes&amp;param4=TradiInter&amp;url_video=1296201916651\" target=\"_blank\" rel=\"noopener\">Aspectes confessionals i autobiogr\u00e0fics de la tanka catalana<\/a>.\u00a0<strong>Enric Bou<\/strong>, professor Brown University, USA.<\/li>\n<\/ul>\n\n\n\n<figure class=\"wp-block-embed is-type-video is-provider-youtube wp-block-embed-youtube wp-embed-aspect-4-3 wp-has-aspect-ratio\"><div class=\"wp-block-embed__wrapper\">\n<iframe loading=\"lazy\" title=\"Aspectes confessionals i autobiogr\u00e0fics de la tanka catalana\" width=\"580\" height=\"435\" src=\"https:\/\/www.youtube.com\/embed\/f-J2xcbBBOM?feature=oembed\" frameborder=\"0\" allow=\"accelerometer; autoplay; clipboard-write; encrypted-media; gyroscope; picture-in-picture; web-share\" referrerpolicy=\"strict-origin-when-cross-origin\" allowfullscreen><\/iframe>\n<\/div><\/figure>\n\n\n\n<ul class=\"wp-block-list\">\n<li><a href=\"http:\/\/www.uab.cat\/servlet\/Satellite\/videos\/reproduccio-1192707516892.html?param1=10divulgacio&amp;param2=20ciencieshumanes&amp;param4=TradiInter&amp;url_video=1296201917272\" target=\"_blank\" rel=\"noopener\">La tanka i l&#8217;art de la fuga<\/a>.\u00a0<strong>Susanna Rafart<\/strong>, writer and journalist.<\/li>\n<\/ul>\n\n\n\n<figure class=\"wp-block-embed is-type-video is-provider-youtube wp-block-embed-youtube wp-embed-aspect-4-3 wp-has-aspect-ratio\"><div class=\"wp-block-embed__wrapper\">\n<iframe loading=\"lazy\" title=\"La tanka i l\u2019art de la fuga\" width=\"580\" height=\"435\" src=\"https:\/\/www.youtube.com\/embed\/DazIEv8diMw?feature=oembed\" frameborder=\"0\" allow=\"accelerometer; autoplay; clipboard-write; encrypted-media; gyroscope; picture-in-picture; web-share\" referrerpolicy=\"strict-origin-when-cross-origin\" allowfullscreen><\/iframe>\n<\/div><\/figure>\n\n\n\n<ul class=\"wp-block-list\">\n<li><a href=\"http:\/\/www.uab.cat\/servlet\/Satellite\/videos\/reproduccio-1192707516892.html?param1=10divulgacio&amp;param2=20ciencieshumanes&amp;param4=TradiInter&amp;url_video=1296201928660\" target=\"_blank\" rel=\"noopener\">La tanka de postguerra: una forma japonesa escrita en catal\u00e0 o una forma catalana d&#8217;origen japon\u00e8s?<\/a>.\u00a0<strong>Jordi Mas L\u00f3pez<\/strong>, Inter Asia Research Group.<\/li>\n<\/ul>\n\n\n\n<figure class=\"wp-block-embed is-type-video is-provider-youtube wp-block-embed-youtube wp-embed-aspect-4-3 wp-has-aspect-ratio\"><div class=\"wp-block-embed__wrapper\">\n<iframe loading=\"lazy\" title=\"La tanka de postguerra: una forma japonesa escrita en catal\u00e0 o una forma catalana d\u2019origen japon\u00e8s?\" width=\"580\" height=\"435\" src=\"https:\/\/www.youtube.com\/embed\/Ud7XD-hH_NQ?feature=oembed\" frameborder=\"0\" allow=\"accelerometer; autoplay; clipboard-write; encrypted-media; gyroscope; picture-in-picture; web-share\" referrerpolicy=\"strict-origin-when-cross-origin\" allowfullscreen><\/iframe>\n<\/div><\/figure>\n\n\n\n<p>&nbsp;<\/p>\n\n\n\n<h2 class=\"wp-block-heading\">2006 East Asia Year-UAB<\/h2>\n\n\n\n<p>Inter Asia contributed to&nbsp;<strong><em>East Asia Year-UAB<\/em>&nbsp;<\/strong>inviting scholars and organizing various activities, lectures and seminars:<\/p>\n\n\n\n<h3 class=\"wp-block-heading\">May 15<\/h3>\n\n\n\n<p>Conference: Passat, present i futur de la medicina tradicional xinesa, una experi\u00e8ncia a compartir<em>.<\/em>&nbsp;<strong>Joaqu\u00edn Beltr\u00e1n<\/strong>, professor East Asian Studies&nbsp;(Universitat Aut\u00f2noma de Barcelona).<\/p>\n\n\n\n<ul class=\"wp-block-list\">\n<li><em>Catalunya-Xina: Interculturalitat i salut<\/em><\/li>\n<\/ul>\n\n\n\n<h3 class=\"wp-block-heading\">April 24<\/h3>\n\n\n\n<p>Professor&nbsp;<strong>Geremie R. Barm\u00e9<\/strong>, Division of Pacific &amp; Asian History, Research School of Pacific and Asian Studies a la Australian National University, Canberra).<\/p>\n\n\n\n<ul class=\"wp-block-list\">\n<li><em>After the Future in China<\/em><\/li>\n<\/ul>\n\n\n\n<h3 class=\"wp-block-heading\">March 8<\/h3>\n\n\n\n<p>Conference:&nbsp;<strong>Les dones a l&#8217;\u00c0sia Oriental: El g\u00e8nere a l&#8217;\u00c0sia Oriental.<\/strong> Coordinated by&nbsp;<strong>Amelia S\u00e1iz<\/strong>. With the following interventions:<\/p>\n\n\n\n<ul class=\"wp-block-list\">\n<li><strong>Muta Kazue<\/strong>, professor of the\u00a0Dep. Humanities \u014csaka University:\u00a0<em>Las mujeres japonesas en el siglo xx y m\u00e1s all\u00e1\u00a0<\/em><strong>(00:00:00-1:05:25)<\/strong><\/li>\n\n\n\n<li><strong>Seungsook Moon<\/strong>, Vassar College, New York:\u00a0<em>Cambio social y situaci\u00f3n de las mujeres en Corea del Sur: familia, trabajo y pol\u00edtica\u00a0<\/em><strong>(1:05:26-2:08:44)<\/strong><\/li>\n\n\n\n<li><strong>Li Xiaojiang<\/strong>, Dalian University:\u00a0<em>Ganancias y p\u00e9rdidas de las mujeres en la construcci\u00f3n y la transici\u00f3n de la Rep\u00fablica Popular China\u00a0<\/em><strong>(2:08:45)<\/strong><\/li>\n<\/ul>\n\n\n\n<h3 class=\"wp-block-heading\">March 1<\/h3>\n\n\n\n<p>Professor&nbsp;<strong>Wang Hui<\/strong>, Department of Chinese Language and Literature, Tsinghua University, Beijing:<\/p>\n\n\n\n<ul class=\"wp-block-list\">\n<li><em>La introducci\u00f3n de la modernidad en Asia Oriental<\/em><\/li>\n<\/ul>\n\n\n\n<p>&nbsp;<\/p>\n\n\n\n<h2 class=\"wp-block-heading\">2005 East Asia Year-UAB<\/h2>\n\n\n\n<h3 class=\"wp-block-heading\">November 30<\/h3>\n\n\n\n<p>Seminar: De l&#8217;Orient lluny\u00e0 a l&#8217;Occident lluny\u00e0: la pres\u00e8ncia de l&#8217;\u00c0sia Oriental a l&#8217;Europa Occidental, coordinated by&nbsp;<strong>Joaqu\u00edn Beltr\u00e1n<\/strong>. With the following interventions:<\/p>\n\n\n\n<ul class=\"wp-block-list\">\n<li><strong>Park Hwua-Seo<\/strong>,\u00a0Department of Migrations Studies director, Myongji University:\u00a0<em>Xarxes transnacionals coreanes a Europa<\/em><\/li>\n\n\n\n<li><strong>Paul White<\/strong>, Pro-vice-chancellor for learning and teaching, Departament of geography, the University of Sheffield:\u00a0<em>Migraci\u00f3 japonesa a Europa: de l&#8217;institucional a l&#8217;individual<\/em><\/li>\n\n\n\n<li><strong>Frank N. Pieke<\/strong>, Director of the Institute for Chinese Studies, Oxford University:\u00a0<em>Comunitat i identitat en el nou ordre de la migraci\u00f3 xinesa<\/em><\/li>\n\n\n\n<li><strong>Joaqu\u00edn Beltr\u00e1n<\/strong>, Professor Estudis d&#8217;\u00c0sia Oriental,\u00a0UAB:\u00a0<em>El node espanyol a les di\u00e0spores de l&#8217;\u00c0sia Oriental<\/em><\/li>\n\n\n\n<li><strong>Taula rodona<\/strong>:\u00a0<em>Perspectives de futur dels asi\u00e0tics orientals a Europa<\/em><\/li>\n<\/ul>\n\n\n\n<h3 class=\"wp-block-heading\">September 30<\/h3>\n\n\n\n<p>Inaugural Lecture, Academic Year 2005-2006.&nbsp;<strong>Jonathan D. Spence<\/strong>, Sterling Professor of History Emeritus Yale University.<\/p>\n\n\n\n<ul class=\"wp-block-list\">\n<li><em>Shaping China: Is the Past Still Present<\/em><\/li>\n<\/ul>\n\n\n\n<p>&nbsp;<\/p>\n","protected":false},"excerpt":{"rendered":"<p>2024 InterAsia Research Group Seminars 2024 (online):China, Taiwan, and the United States under the new Trump administration Moderator:&nbsp;Joaqu\u00edn Beltr\u00e1n Antol\u00edn, Co-I.P. of InterAsia, Universitat Aut\u00f2noma de BarcelonaNovember 28, 202417:00-19:00 2023 February 23. &#8220;Por donde caen las hojas: po\u00e9ticas del retorno en la reci\u00e9n producci\u00f3n fotogr\u00e1fica china&#8221; conference by Roberto Figliulo, with Sylvia Hottinger Craig as [&hellip;]<\/p>\n","protected":false},"author":20,"featured_media":0,"parent":0,"menu_order":0,"comment_status":"closed","ping_status":"closed","template":"","meta":{"footnotes":""},"class_list":["post-140","page","type-page","status-publish","hentry"],"_links":{"self":[{"href":"https:\/\/webs.uab.cat\/interasia\/en\/wp-json\/wp\/v2\/pages\/140","targetHints":{"allow":["GET"]}}],"collection":[{"href":"https:\/\/webs.uab.cat\/interasia\/en\/wp-json\/wp\/v2\/pages"}],"about":[{"href":"https:\/\/webs.uab.cat\/interasia\/en\/wp-json\/wp\/v2\/types\/page"}],"author":[{"embeddable":true,"href":"https:\/\/webs.uab.cat\/interasia\/en\/wp-json\/wp\/v2\/users\/20"}],"replies":[{"embeddable":true,"href":"https:\/\/webs.uab.cat\/interasia\/en\/wp-json\/wp\/v2\/comments?post=140"}],"version-history":[{"count":28,"href":"https:\/\/webs.uab.cat\/interasia\/en\/wp-json\/wp\/v2\/pages\/140\/revisions"}],"predecessor-version":[{"id":1980,"href":"https:\/\/webs.uab.cat\/interasia\/en\/wp-json\/wp\/v2\/pages\/140\/revisions\/1980"}],"wp:attachment":[{"href":"https:\/\/webs.uab.cat\/interasia\/en\/wp-json\/wp\/v2\/media?parent=140"}],"curies":[{"name":"wp","href":"https:\/\/api.w.org\/{rel}","templated":true}]}}