{"id":118,"date":"2017-02-20T12:39:49","date_gmt":"2017-02-20T10:39:49","guid":{"rendered":"https:\/\/webs.uab.cat\/interasia\/miembros\/"},"modified":"2024-11-28T17:31:23","modified_gmt":"2024-11-28T15:31:23","slug":"miembros","status":"publish","type":"page","link":"https:\/\/webs.uab.cat\/interasia\/es\/miembros\/","title":{"rendered":"Miembros"},"content":{"rendered":"\n<h2 class=\"wp-block-heading\"><span style=\"font-size: 18px\">Miembros actuales<\/span><\/h2>\n\n\n\n<ul class=\"wp-block-list\">\n<li><a rel=\"noreferrer noopener\" href=\"https:\/\/portalrecerca.uab.cat\/en\/persons\/joaquin-beltran-antolin-3\" target=\"_blank\">Joaqu\u00edn Beltr\u00e1n Antol\u00edn<\/a>&nbsp;(Investigador principal)<\/li>\n\n\n\n<li><a rel=\"noreferrer noopener\" href=\"https:\/\/portalrecerca.uab.cat\/en\/persons\/amelia-saiz-lopez-3\" target=\"_blank\">Amelia S\u00e1iz L\u00f3pez<\/a>&nbsp;(Co-I.P.)<\/li>\n\n\n\n<li><a rel=\"noreferrer noopener\" href=\"https:\/\/portalrecerca.uab.cat\/en\/persons\/rachid-aarab-aarab\" target=\"_blank\">Rachid Aarab<\/a> (MENA-UAB)<\/li>\n\n\n\n<li><a rel=\"noreferrer noopener\" href=\"https:\/\/webgrec.ub.edu\/webpages\/000005\/cas\/gcairo.ub.edu.html\" target=\"_blank\">Gemma Cair\u00f3 i C\u00e9spedes<\/a> (Universitat de Barcelona)<\/li>\n\n\n\n<li><a rel=\"noreferrer noopener\" href=\"https:\/\/portalrecerca.uab.cat\/en\/persons\/blanca-camps-febrer-6\" target=\"_blank\">Blanca Camps Febre<\/a><a href=\"https:\/\/portalrecerca.uab.cat\/en\/persons\/blanca-camps-febrer-6\">r<\/a> (MENA-UAB)<\/li>\n\n\n\n<li><a rel=\"noreferrer noopener\" href=\"https:\/\/portalrecerca.uab.cat\/en\/persons\/just-castillo-iglesias-4\" target=\"_blank\">Just Castillo Iglesias<\/a><\/li>\n\n\n\n<li><a href=\"https:\/\/www.researchgate.net\/profile\/Artur-Colom-Jaen\" target=\"_blank\" rel=\"noreferrer noopener\">Artur Colom Ja\u00e9n<\/a> (Universitat de Barcelona)<\/li>\n\n\n\n<li><a rel=\"noreferrer noopener\" href=\"https:\/\/portalrecerca.uab.cat\/en\/persons\/didac-cubeiro-rodriguez-7\" target=\"_blank\">D\u00eddac Cubeiro Rodr\u00edguez<\/a><\/li>\n\n\n\n<li><a rel=\"noreferrer noopener\" href=\"https:\/\/portalrecerca.uab.cat\/en\/persons\/laura-feliu-martinez-3\" target=\"_blank\">Laura Feliu Mart\u00ednez <\/a>(MENA-UAB)<\/li>\n\n\n\n<li><a href=\"https:\/\/portalrecerca.uab.cat\/es\/persons\/mari-carme-esp%C3%ADn-garc%C3%ADa\">Mari Carme Esp\u00edn Garc\u00eda<\/a> <\/li>\n\n\n\n<li><a rel=\"noreferrer noopener\" href=\"https:\/\/portalrecerca.uab.cat\/en\/persons\/roberto-figliulo-7\" target=\"_blank\">Roberto Figliulo<\/a><\/li>\n\n\n\n<li>Olivia Glombitza (MENA-UAB)&nbsp;<\/li>\n\n\n\n<li><a rel=\"noreferrer noopener\" href=\"https:\/\/portalrecerca.uab.cat\/en\/persons\/fernando-izquierdo-brichs-3\" target=\"_blank\">Ferr\u00e1n Izquierdo Brichs<\/a> (MENA-UAB)<\/li>\n\n\n\n<li><a href=\"https:\/\/cchs.csic.es\/es\/personal\/laura-lamas-abraira\" target=\"_blank\" rel=\"noreferrer noopener\">Laura Lamas Abraira<\/a><\/li>\n\n\n\n<li><a rel=\"noreferrer noopener\" href=\"https:\/\/www.uji.es\/departaments\/com\/base\/estructura\/personal?p_departamento=2502&amp;p_profesor=209192\" target=\"_blank\">Antonio Loriguillo L\u00f3pez<\/a> (Universitat Jaume I)<\/li>\n\n\n\n<li><a rel=\"noreferrer noopener\" href=\"https:\/\/portalrecerca.uab.cat\/en\/persons\/arturo-lozano-mendez-3\" target=\"_blank\">Artur Lozano M\u00e9ndez<\/a><\/li>\n\n\n\n<li><a rel=\"noreferrer noopener\" href=\"https:\/\/webgrec.ub.edu\/webpages\/000012\/cas\/laiamanonelles.ub.edu.html\" target=\"_blank\">Laia Manonelles Moner<\/a>&nbsp;(Universitat de Barcelona)<\/li>\n\n\n\n<li><a rel=\"noreferrer noopener\" href=\"https:\/\/portalrecerca.uab.cat\/en\/persons\/irene-masdeu-torruella-4\" target=\"_blank\">Irene Masdeu Torruella<\/a><\/li>\n\n\n\n<li><a rel=\"noreferrer noopener\" href=\"https:\/\/portalrecerca.uab.cat\/en\/persons\/mara-alejandra-pea-gonzalez\" target=\"_blank\">Mar\u00eda Alejandra Pe\u00f1a Gonzalez<\/a> (MENA-UAB)<\/li>\n\n\n\n<li><a rel=\"noreferrer noopener\" href=\"https:\/\/portalrecerca.uab.cat\/en\/persons\/gustavo-pita-cspedes\" target=\"_blank\">Gustavo Pita C\u00e9spedes<\/a><\/li>\n\n\n\n<li><a rel=\"noreferrer noopener\" href=\"https:\/\/portalrecerca.uab.cat\/en\/persons\/natalia-ribas-mateos\" target=\"_blank\">Natalia Ribas Mateos<\/a> (Investigadora Mar\u00eda Zambrano) (MENA-UAB)<\/li>\n\n\n\n<li><a rel=\"noreferrer noopener\" href=\"https:\/\/www.ugr.es\/personal\/maria-teresa-rodriguez-navarro\" target=\"_blank\">Mar\u00eda Teresa Rodr\u00edguez Navarro<\/a> (Universidad de Granada)<\/li>\n\n\n\n<li><a rel=\"noreferrer noopener\" href=\"https:\/\/portalrecerca.uab.cat\/en\/persons\/jordi-rosell-foxa-5\" target=\"_blank\">Jordi Rosell Fox\u00e0<\/a><\/li>\n\n\n\n<li><a rel=\"noreferrer noopener\" href=\"https:\/\/portalrecerca.uab.cat\/en\/persons\/nilda-nora-sainz-gsell-7\" target=\"_blank\">Nora Sainz Gsell<\/a><\/li>\n\n\n\n<li><a rel=\"noreferrer noopener\" href=\"https:\/\/portalrecerca.uab.cat\/en\/persons\/alfonso-sanchez-romera\" target=\"_blank\">Alfonso S\u00e1nchez Romera<\/a>&nbsp;(Investigador posdoc Margarita Salas)<\/li>\n\n\n\n<li><a rel=\"noreferrer noopener\" href=\"https:\/\/portalrecerca.uab.cat\/en\/persons\/francesc-serra-massansalvador-9\" target=\"_blank\">Francesc Serra Massansalvador<\/a> (MENA-UAB)<\/li>\n\n\n\n<li><a rel=\"noreferrer noopener\" href=\"https:\/\/portalrecerca.uab.cat\/en\/persons\/ayumi-shimoyoshi-ref\" target=\"_blank\">Ayumi Shimoyoshi<\/a><\/li>\n\n\n\n<li><a href=\"https:\/\/www.uv.es\/uvweb\/universidad\/es\/ficha-persona-1285950309813.html?p2=teroga&amp;idA=true\">Gabriel Terol&nbsp;Rojo<\/a> (Universitat de Val\u00e8ncia)<\/li>\n\n\n\n<li><a href=\"https:\/\/portalrecerca.uab.cat\/en\/persons\/alba-torrent-gonzalez\">Alba Torrents Gonz\u00e1lez<\/a><\/li>\n\n\n\n<li><a rel=\"noreferrer noopener\" href=\"https:\/\/portalrecerca.uab.cat\/en\/persons\/minkang-zhou-gu-7\" target=\"_blank\">Minkang Zhou Gu<\/a><\/li>\n\n\n\n<li><a href=\"https:\/\/www.linkedin.com\/in\/lauramonteroplata\/?originalSubdomain=ca\" target=\"_blank\" rel=\"noreferrer noopener\">Laura Montero Plata<\/a><\/li>\n<\/ul>\n\n\n\n<p><span style=\"font-size: 18px\"><strong>Doctorandos<\/strong><\/span><\/p>\n\n\n\n<ul class=\"wp-block-list\">\n<li>Ivette Abul\u00ed Federico<\/li>\n\n\n\n<li>Oscar Garc\u00eda Aranda (becario predoc FI)<\/li>\n\n\n\n<li>Shuxin Fang (becaria predoc CSC)<\/li>\n\n\n\n<li>Rafael Flores Paz (becario predoc CSC)<\/li>\n\n\n\n<li>Junyu Huang<\/li>\n\n\n\n<li>Raquel Navarro Caparr\u00f3s<\/li>\n\n\n\n<li>Marina Shafir (becaria predoc CSC)<\/li>\n\n\n\n<li>Xuewei Sun<\/li>\n\n\n\n<li>Minerva Terrades<\/li>\n\n\n\n<li>Qi Zhang<\/li>\n<\/ul>\n\n\n\n<p><span style=\"font-size: 18px\"><strong>Colaboradores<\/strong><\/span><\/p>\n\n\n\n<ul class=\"wp-block-list\">\n<li><a href=\"https:\/\/webs.uab.cat\/interasia\/es\/sean-golden-2\/\" data-type=\"page\" data-id=\"249\">Se\u00e1n Golden <\/a>(miembre fundador, jubilado desde 2019)<\/li>\n\n\n\n<li><a href=\"https:\/\/martacatalan.com\/\" target=\"_blank\" rel=\"noreferrer noopener\">Marta Catal\u00e1n Eraso<\/a>,&nbsp;Estudi Marta Catal\u00e1n Arquitectos<\/li>\n\n\n\n<li><a href=\"https:\/\/filosofia.ucr.ac.cr\/personal\/profesores\/filippo-costantini\/\" target=\"_blank\" rel=\"noreferrer noopener\">Filippo Costantini<\/a>, Universidad de Costa Rica<\/li>\n\n\n\n<li>Andr\u00e9s Herrera-Feligreras,&nbsp;Director de HerreraZhang, consultora sobre el mon xin\u00e8s<\/li>\n\n\n\n<li><a href=\"https:\/\/www.meihuangstudio.com\/\" target=\"_blank\" rel=\"noreferrer noopener\">Mei Huang<\/a>, curator, Faculty of Experiment Art, Sichuan Fine Arts Institution, Chongqing, China<\/li>\n\n\n\n<li>Wanchu Zhong<\/li>\n\n\n\n<li>Mar\u00eda del Valle Guerra<\/li>\n\n\n\n<li>Zigang Wang, University of International Business and Economics (UIBE, Beijing, China).<\/li>\n<\/ul>\n\n\n\n<h2 class=\"wp-block-heading\"><span style=\"font-size: 18px\">Antiguos miembros<\/span><\/h2>\n\n\n\n<ul class=\"wp-block-list\">\n<li><a href=\"https:\/\/webs.uab.cat\/interasia\/es\/helena-casas-tost-2\/\" data-type=\"page\" data-id=\"293\">Helena Casas Tost<\/a> (<a href=\"https:\/\/grupsderecerca.uab.cat\/transmedia\/members\/senior\">Grupo TransMedia Catalonia<\/a> desde 2014; <a href=\"https:\/\/grupsderecerca.uab.cat\/txicc\/content\/membres\">Grupo TXICC<\/a>)<\/li>\n\n\n\n<li><a href=\"https:\/\/webs.uab.cat\/interasia\/es\/makiko-fukuda\/\" data-type=\"page\" data-id=\"243\">Makiko Fukuda<\/a> (<a href=\"https:\/\/grupsderecerca.uab.cat\/gregal\/ca\/content\/equip-de-recerca\">Grupo GREGAL<\/a> desde 2017)<\/li>\n\n\n\n<li>Rafael Grasa Hern\u00e1ndez<\/li>\n\n\n\n<li><a href=\"https:\/\/webs.uab.cat\/interasia\/es\/tomas-grau-de-pablos-2\/\" data-type=\"page\" data-id=\"252\">Tom\u00e1s Grau de Pablos<\/a>&nbsp;(becario PIF; <a href=\"https:\/\/grupsderecerca.uab.cat\/gregal\/ca\/content\/equip-de-recerca\">Grupo GREGAL<\/a> desde 2017)<\/li>\n\n\n\n<li><a href=\"https:\/\/webs.uab.cat\/interasia\/es\/blai-guarne-2\/\" data-type=\"page\" data-id=\"254\">Blai Guarn\u00e9<\/a> (<a href=\"https:\/\/grupsderecerca.uab.cat\/gregal\/ca\/content\/equip-de-recerca\">I.P. Grupo GREGAL<\/a> desde 2017)<\/li>\n\n\n\n<li><a href=\"https:\/\/webs.uab.cat\/interasia\/es\/jordi-mas-lopez-2\/\" data-type=\"page\" data-id=\"295\">Jordi Mas L\u00f3pez<\/a> (<a href=\"https:\/\/grupsderecerca.uab.cat\/getcc\/content\/membres-del-grup\">Grupo GETCC<\/a> desde 2014)<\/li>\n\n\n\n<li><a href=\"https:\/\/webs.uab.cat\/interasia\/es\/albert-nolla-cabellos-2\/\" data-type=\"page\" data-id=\"298\">Albert Nolla Cabellos<\/a><\/li>\n\n\n\n<li><a href=\"https:\/\/webs.uab.cat\/interasia\/es\/xavier-ortells-nicolau-2\/\" data-type=\"page\" data-id=\"301\">Xavier Ortells-Nicolau<\/a>&nbsp;(becario FI-DGR, hasta 2015; Universitat de Barcelona)<\/li>\n\n\n\n<li><a href=\"https:\/\/webs.uab.cat\/interasia\/es\/antonio-paoliello-2\/\" data-type=\"page\" data-id=\"303\">Antonio Paoliello<\/a>&nbsp;(becario PIF-UAB, hasta 2011)<\/li>\n\n\n\n<li><a href=\"https:\/\/webs.uab.cat\/interasia\/es\/carles-prado-fonts-2\/\" data-type=\"page\" data-id=\"306\">Carles Prado-Fonts <\/a>(Universitat Oberta de Catalunya)<\/li>\n\n\n\n<li><a href=\"https:\/\/webs.uab.cat\/interasia\/es\/sara-rovira-esteva-2\/\" data-type=\"page\" data-id=\"309\">Sara Rovira-Esteva<\/a> (<a href=\"https:\/\/grupsderecerca.uab.cat\/transmedia\/members\/senior\">Grupo TransMedia Catalonia<\/a> desde 2014; I.P. <a href=\"https:\/\/grupsderecerca.uab.cat\/txicc\/content\/membres\">Grupo TXICC<\/a>)<\/li>\n\n\n\n<li>Jes\u00fas Sayols Lara<\/li>\n\n\n\n<li><a href=\"https:\/\/webs.uab.cat\/interasia\/es\/alba-serra-vilella-2\/\" data-type=\"page\" data-id=\"312\">Alba Serra Vilella<\/a>&nbsp;(becaria&nbsp;FI-DG; <a href=\"https:\/\/grupsderecerca.uab.cat\/gregal\/ca\/content\/equip-de-recerca\">Grupo GREGAL<\/a> des de 2017)<\/li>\n\n\n\n<li><a href=\"https:\/\/webs.uab.cat\/interasia\/es\/mireia-vargas-urpi-2\/\" data-type=\"page\" data-id=\"315\">Mireia Vargas Urpi&nbsp;<\/a>(becaria&nbsp;PIF-UAB, hasta 2014; <a href=\"https:\/\/grupsderecerca.uab.cat\/miras\/node\/251\">Grupo MIRAS<\/a>; <a href=\"https:\/\/grupsderecerca.uab.cat\/txicc\/content\/membres\">Grupo TXICC<\/a>)<\/li>\n<\/ul>\n","protected":false},"excerpt":{"rendered":"<p>Miembros actuales Doctorandos Colaboradores Antiguos miembros<\/p>\n","protected":false},"author":20,"featured_media":0,"parent":0,"menu_order":0,"comment_status":"closed","ping_status":"closed","template":"","meta":{"footnotes":""},"class_list":["post-118","page","type-page","status-publish","hentry"],"_links":{"self":[{"href":"https:\/\/webs.uab.cat\/interasia\/es\/wp-json\/wp\/v2\/pages\/118","targetHints":{"allow":["GET"]}}],"collection":[{"href":"https:\/\/webs.uab.cat\/interasia\/es\/wp-json\/wp\/v2\/pages"}],"about":[{"href":"https:\/\/webs.uab.cat\/interasia\/es\/wp-json\/wp\/v2\/types\/page"}],"author":[{"embeddable":true,"href":"https:\/\/webs.uab.cat\/interasia\/es\/wp-json\/wp\/v2\/users\/20"}],"replies":[{"embeddable":true,"href":"https:\/\/webs.uab.cat\/interasia\/es\/wp-json\/wp\/v2\/comments?post=118"}],"version-history":[{"count":21,"href":"https:\/\/webs.uab.cat\/interasia\/es\/wp-json\/wp\/v2\/pages\/118\/revisions"}],"predecessor-version":[{"id":1954,"href":"https:\/\/webs.uab.cat\/interasia\/es\/wp-json\/wp\/v2\/pages\/118\/revisions\/1954"}],"wp:attachment":[{"href":"https:\/\/webs.uab.cat\/interasia\/es\/wp-json\/wp\/v2\/media?parent=118"}],"curies":[{"name":"wp","href":"https:\/\/api.w.org\/{rel}","templated":true}]}}