{"id":139,"date":"2017-02-20T13:13:19","date_gmt":"2017-02-20T11:13:19","guid":{"rendered":"https:\/\/webs.uab.cat\/interasia\/videos\/"},"modified":"2024-12-09T11:42:59","modified_gmt":"2024-12-09T09:42:59","slug":"videos","status":"publish","type":"page","link":"https:\/\/webs.uab.cat\/interasia\/es\/videos\/","title":{"rendered":"V\u00eddeos"},"content":{"rendered":"\n<h2 class=\"wp-block-heading\">2024<\/h2>\n\n\n\n<p><strong>Seminarios del Grupo de Investigaci\u00f3n InterAsia 2024 (online)<\/strong>:<\/p>\n\n\n\n<p><strong><em>China, Taiw\u00e1n y Estados Unidos ante la nueva administraci\u00f3n Trump<\/em><\/strong><\/p>\n\n\n\n<p><strong>Xulio R\u00edos<\/strong>, Asesor em\u00e9rito del Observatorio de la Pol\u00edtica China<\/p>\n\n\n\n<p><strong>Se\u00e1n Golden<\/strong>, Investigador Asociado Senior del CIDOB y colaborador de Reset DOC<\/p>\n\n\n\n<p><strong>Ferr\u00e1n P\u00e9rez Mena<\/strong>, Profesor de Durham University, Reino Unido. Miembro de InterAsia<\/p>\n\n\n\n<p><strong>Andr\u00e9s Herrera-Feligreras<\/strong>, Doctor en Historia y socio director de HerreraZhang. Miembro de InterAsia<\/p>\n\n\n\n<p>Moderado por&nbsp;<strong>Joaqu\u00edn Beltr\u00e1n Antol\u00edn,<\/strong>&nbsp;Co-I.P. de InterAsia, Universitat Aut\u00f2noma de Barcelona<\/p>\n\n\n\n<p><strong>28 de noviembre de 2024, 17:00-19:00<\/strong><\/p>\n\n\n\n<figure class=\"wp-block-embed is-type-video is-provider-youtube wp-block-embed-youtube wp-embed-aspect-16-9 wp-has-aspect-ratio\"><div class=\"wp-block-embed__wrapper\">\n<iframe loading=\"lazy\" title=\"Seminarios InterAsia 2024: China, Taiw\u00e1n y Estados Unidos ante la nueva administraci\u00f3n Trump\" width=\"580\" height=\"326\" src=\"https:\/\/www.youtube.com\/embed\/Yp6imyghigg?feature=oembed\" frameborder=\"0\" allow=\"accelerometer; autoplay; clipboard-write; encrypted-media; gyroscope; picture-in-picture; web-share\" referrerpolicy=\"strict-origin-when-cross-origin\" allowfullscreen><\/iframe>\n<\/div><\/figure>\n\n\n\n<h2 class=\"wp-block-heading\">2023<\/h2>\n\n\n\n<p><strong>23 de febrero<\/strong>. \u00abPor donde caen las hojas: po\u00e9ticas del retorno en la reci\u00e9n producci\u00f3n fotogr\u00e1fica china\u00bb  conferencia de <strong>Roberto Figliulo<\/strong>, con Sylvia Hottinger Craig como comentarista y Filippo Costantini como moderador. En el marco del \u00abCiclo de conferencias virtuales internacionales sobre China\u00bb organizadas por la&nbsp;<a rel=\"noreferrer noopener\" href=\"https:\/\/urldefense.com\/v3\/__http:\/\/www.redsinolatina.ucr.ac.cr\/*20__;JQ!!D9dNQwwGXtA!VOU7TPh3NmHnEb71rXcBForN5yAOLVNe8fyri5wi_YuRC98zdPbRlE4xJIFPDTpIlcHyquPvCOkzntjy6pCV-nmRdZuJ7Gobx6M$\" target=\"_blank\">Red Acad\u00e9mica Latino (e Hispano) Americanista sobre Estudios Sinol\u00f3gicos \u62c9\u7f8e\u6c49\u5b66\u7814\u7a76\u5b66\u672f\u7f51<\/a>&nbsp;con sede en la Universidad de Costa Rica. <\/p>\n\n\n\n<figure class=\"wp-block-embed is-type-video is-provider-youtube wp-block-embed-youtube wp-embed-aspect-16-9 wp-has-aspect-ratio\"><div class=\"wp-block-embed__wrapper\">\n<iframe loading=\"lazy\" title=\"Por donde caen las hojas: po\u00e9ticas del retorno en la reci\u00e9n producci\u00f3n fotogr\u00e1fica china\" width=\"580\" height=\"326\" src=\"https:\/\/www.youtube.com\/embed\/dg9XITdR2_0?feature=oembed\" frameborder=\"0\" allow=\"accelerometer; autoplay; clipboard-write; encrypted-media; gyroscope; picture-in-picture; web-share\" referrerpolicy=\"strict-origin-when-cross-origin\" allowfullscreen><\/iframe>\n<\/div><\/figure>\n\n\n\n<p><strong>2 de febrero.<\/strong> El periodista Javier Borr\u00e0s y los investigadores <strong>Irene Masdeu Torruella<\/strong>, Xavier Ortells y Maialen Mar\u00edn conversan sobre la evoluci\u00f3n de la China en los \u00faltimos a\u00f1os, su presente y el futuro que compartimos.<\/p>\n\n\n\n<figure class=\"wp-block-embed is-type-video is-provider-vimeo wp-block-embed-vimeo wp-embed-aspect-16-9 wp-has-aspect-ratio\"><div class=\"wp-block-embed__wrapper\">\n<iframe loading=\"lazy\" title=\"DEBAT \/ La Xina del present, el m\u00f3n del futur (VO Ca)\" src=\"https:\/\/player.vimeo.com\/video\/796236067?dnt=1&amp;app_id=122963\" width=\"580\" height=\"326\" frameborder=\"0\" allow=\"autoplay; fullscreen; picture-in-picture; clipboard-write\"><\/iframe>\n<\/div><\/figure>\n\n\n\n<h2 class=\"wp-block-heading\">2022<\/h2>\n\n\n\n<p><strong><strong><strong><strong>30 de octubre<\/strong><\/strong>. <\/strong><\/strong>En el marco de las \u00abII Jornadas sobre el Mundo Chino\u00bb, organizadas por <a href=\"https:\/\/fundacionqili.org\/\">Fundaci\u00f3n Qili<\/a>, <strong>Joaqu\u00edn Beltr\u00e1n<\/strong> presenta \u00abEl Partido Comunista Chino y su XX Congreso\u00bb, modera Mart\u00edn de Rada.<\/p>\n\n\n\n<figure class=\"wp-block-embed is-type-video is-provider-youtube wp-block-embed-youtube wp-embed-aspect-16-9 wp-has-aspect-ratio\"><div class=\"wp-block-embed__wrapper\">\n<iframe loading=\"lazy\" title=\"EL PARTIDO COMUNISTA CHINO Y SU XX CONGRESO - JOAQU\u00cdN BELTR\u00c1N | PROGRAMA MART\u00cdN DE RADA\" width=\"580\" height=\"326\" src=\"https:\/\/www.youtube.com\/embed\/astv5KSSM4w?feature=oembed\" frameborder=\"0\" allow=\"accelerometer; autoplay; clipboard-write; encrypted-media; gyroscope; picture-in-picture; web-share\" referrerpolicy=\"strict-origin-when-cross-origin\" allowfullscreen><\/iframe>\n<\/div><\/figure>\n\n\n\n<p><\/p>\n\n\n\n<p><strong><strong>16 de junio<\/strong>. <\/strong>El webinar \u00abLas relaciones de la Uni\u00f3n Europea con China y Jap\u00f3n: retos ante un contexto geopol\u00edtico\u00bb impartido por <strong>Just Castillo Iglesias<\/strong> dentro del \u00abII Ciclo de Conferencias: Estudios Globales de Asia Oriental\u00bb, organizado por el&nbsp;<a href=\"https:\/\/www.uab.cat\/web\/estudiar\/la-oferta-de-masteres-oficiales\/informacion-general\/estudios-globales-de-asia-oriental-1096480309770.html?param1=1345803183017\">M\u00e1ster Oficial en Estudios Globales de Asia Oriental<\/a>&nbsp;&nbsp;de la Universidad Aut\u00f3noma de Barcelona (UAB) y por Casa Asia. Presenta Rafael Bueno, director de Pol\u00edtica, Sociedad y Programas Educativos, Casa Asia, y modera David Saur\u00ed,&nbsp;coordinador M\u00e1ster Oficial en Estudios Globales de Asia Oriental (UAB).<\/p>\n\n\n\n<figure class=\"wp-block-embed is-type-video is-provider-youtube wp-block-embed-youtube wp-embed-aspect-16-9 wp-has-aspect-ratio\"><div class=\"wp-block-embed__wrapper\">\n<iframe loading=\"lazy\" title=\"Webinar \u00abLas relaciones de la Uni\u00f3n Europea con China y Jap\u00f3n: retos ante un contexto geopol\u00edtico\u00bb\" width=\"580\" height=\"326\" src=\"https:\/\/www.youtube.com\/embed\/hjMw39a8n5s?feature=oembed\" frameborder=\"0\" allow=\"accelerometer; autoplay; clipboard-write; encrypted-media; gyroscope; picture-in-picture; web-share\" referrerpolicy=\"strict-origin-when-cross-origin\" allowfullscreen><\/iframe>\n<\/div><\/figure>\n\n\n\n<p><\/p>\n\n\n\n<p><strong>2 de junio<\/strong>. El webinar \u00abSinofuturismos: Imaginarios de ciencia ficci\u00f3n y nuevas tecnolog\u00edas en la producci\u00f3n art\u00edstica en China\u00bb impartido por <strong>Roberto Figliulo<\/strong> dentro del \u00abII Ciclo de Conferencias: Estudios Globales de Asia Oriental\u00bb, organizado por el M\u00e1ster Oficial en Estudios Globales de Asia Oriental de la Universidad Aut\u00f3noma de Barcelona (UAB) y por Casa Asia. Presenta Rafael Bueno, director de Pol\u00edtica, Sociedad y Programas Educativos, Casa Asia, y modera Ester Torres-Sim\u00f3n, lectora Serra H\u00fanter UAB.<\/p>\n\n\n\n<figure class=\"wp-block-embed is-type-video is-provider-youtube wp-block-embed-youtube wp-embed-aspect-16-9 wp-has-aspect-ratio\"><div class=\"wp-block-embed__wrapper\">\n<iframe loading=\"lazy\" title=\"Webinar \u00abImaginarios de ciencia ficci\u00f3n y nuevas tecnolog\u00edas en la producci\u00f3n art\u00edstica en China\u00bb\" width=\"580\" height=\"326\" src=\"https:\/\/www.youtube.com\/embed\/D8zldBvQr3o?feature=oembed\" frameborder=\"0\" allow=\"accelerometer; autoplay; clipboard-write; encrypted-media; gyroscope; picture-in-picture; web-share\" referrerpolicy=\"strict-origin-when-cross-origin\" allowfullscreen><\/iframe>\n<\/div><\/figure>\n\n\n\n<h2 class=\"wp-block-heading\">2021<\/h2>\n\n\n\n<p><strong><strong>12 de mayo<\/strong>. <\/strong>La Fundaci\u00f3 Institut Confuci de Barcelona, con el Departamento de Historia del Arte de la Universitat de Barcelona y el Grup de Recerca InterAsia de la UAB organiza la jornada \u201cRe-escribir la historia: la producci\u00f3n cultural china en un contexto transnacional\u201d. <\/p>\n\n\n\n<figure class=\"wp-block-embed is-type-video is-provider-youtube wp-block-embed-youtube wp-embed-aspect-16-9 wp-has-aspect-ratio\"><div class=\"wp-block-embed__wrapper\">\n<iframe loading=\"lazy\" title=\"Parte 1 | Re-escribir la historia: la producci\u00f3n cultural china en un contexto transnacional\" width=\"580\" height=\"326\" src=\"https:\/\/www.youtube.com\/embed\/Mc8rbKOdUOE?feature=oembed\" frameborder=\"0\" allow=\"accelerometer; autoplay; clipboard-write; encrypted-media; gyroscope; picture-in-picture; web-share\" referrerpolicy=\"strict-origin-when-cross-origin\" allowfullscreen><\/iframe>\n<\/div><\/figure>\n\n\n\n<figure class=\"wp-block-embed is-type-video is-provider-youtube wp-block-embed-youtube wp-embed-aspect-16-9 wp-has-aspect-ratio\"><div class=\"wp-block-embed__wrapper\">\n<iframe loading=\"lazy\" title=\"Parte 2 | Re-escribir la historia: la producci\u00f3n cultural china en un contexto transnacional\" width=\"580\" height=\"326\" src=\"https:\/\/www.youtube.com\/embed\/Dsx6reOlggg?feature=oembed\" frameborder=\"0\" allow=\"accelerometer; autoplay; clipboard-write; encrypted-media; gyroscope; picture-in-picture; web-share\" referrerpolicy=\"strict-origin-when-cross-origin\" allowfullscreen><\/iframe>\n<\/div><\/figure>\n\n\n\n<h2 class=\"wp-block-heading\">2018<\/h2>\n\n\n\n<p><strong>29 de noviembre &#8211; 19&nbsp;de diciembre&nbsp;2018<\/strong><\/p>\n\n\n\n<p><strong>Ciclo&nbsp;de conferencias: Historia y&nbsp;&nbsp;estado actual de la migraci\u00f3n china en Espa\u00f1a<\/strong><\/p>\n\n\n\n<p>Ciclo&nbsp;organizado&nbsp;por el&nbsp;Grupo de investigaci\u00f3n&nbsp;InterAsia, el <a rel=\"noreferrer noopener\" href=\"https:\/\/cerao.uab.cat\" target=\"_blank\">Centre d&#8217;Estudis i Recerca sobre \u00c0sia Oriental &#8211; CERAO<\/a>&nbsp; con la colaboraci\u00f3n y la financiaci\u00f3n de la<a rel=\"noreferrer noopener\" href=\"https:\/\/www.confuciobarcelona.es\" target=\"_blank\"> Fundaci\u00f3n Instituto Confucio de Barcelona<\/a>.<\/p>\n\n\n\n<p><strong>Sesi\u00f3n&nbsp;1<\/strong> &#8211;&nbsp;<strong>21&nbsp;de noviembre<\/strong>:&nbsp;\u00abAcr\u00f3batas, Expresidiarios, Buhoneros, Estudiantes. Los inicios de la migraci\u00f3n China en Espa\u00f1a\u00bb, a c\u00e0rrec de Joaqu\u00edn Beltr\u00e1n Antol\u00edn, Universitat Aut\u00f2noma de Barcelona&nbsp;, \u00abThe Chinese in Europe: A Historical Review for One Century\u00bb, a&nbsp;cargo&nbsp;de&nbsp;Li Minghuan, School of International Studies and Overseas Chinese Research Centre. Jinan University, Guangzhou, China.&nbsp;<\/p>\n\n\n\n<figure class=\"wp-block-embed is-type-video is-provider-youtube wp-block-embed-youtube wp-embed-aspect-16-9 wp-has-aspect-ratio\"><div class=\"wp-block-embed__wrapper\">\n<iframe loading=\"lazy\" title=\"1\/4 Historia y estado actual de la migraci\u00f3n china en Espa\u00f1a\" width=\"580\" height=\"326\" src=\"https:\/\/www.youtube.com\/embed\/rtwqp9JJImo?feature=oembed\" frameborder=\"0\" allow=\"accelerometer; autoplay; clipboard-write; encrypted-media; gyroscope; picture-in-picture; web-share\" referrerpolicy=\"strict-origin-when-cross-origin\" allowfullscreen><\/iframe>\n<\/div><\/figure>\n\n\n\n<p><strong>Sesi\u00f3n 2<\/strong> &#8211;&nbsp;<strong>28 de noviembre<\/strong>: \u00abLas mujeres chinas en Espa\u00f1a\u00bb, a&nbsp;cargo&nbsp;de&nbsp;Amelia S\u00e1iz L\u00f3pez, Universitat Aut\u00f2noma de Barcelona. \u00abIdentidades en movimiento: Una perspectiva intergeneracional de la migraci\u00f3n china\u00bb, a&nbsp;cargo&nbsp;de&nbsp;Irene Masdeu Torruella, Universitat Aut\u00f2noma de Barcelona.<\/p>\n\n\n\n<figure class=\"wp-block-embed is-type-video is-provider-youtube wp-block-embed-youtube wp-embed-aspect-16-9 wp-has-aspect-ratio\"><div class=\"wp-block-embed__wrapper\">\n<iframe loading=\"lazy\" title=\"2\/4 Historia y estado actual de la migraci\u00f3n china en Espa\u00f1a\" width=\"580\" height=\"326\" src=\"https:\/\/www.youtube.com\/embed\/d6s9EEPKQrY?start=3&#038;feature=oembed\" frameborder=\"0\" allow=\"accelerometer; autoplay; clipboard-write; encrypted-media; gyroscope; picture-in-picture; web-share\" referrerpolicy=\"strict-origin-when-cross-origin\" allowfullscreen><\/iframe>\n<\/div><\/figure>\n\n\n\n<p><strong>Sesi\u00f3n 3<\/strong> &#8211;<strong> 12 de diciembre<\/strong>: \u00abHijos de migrantes chinos en Espa\u00f1a: Diversidad de pr\u00e1cticas y experiencias de adaptaci\u00f3n\u00bb, a cargo&nbsp;de&nbsp;Paloma Robles Llana<strong>,&nbsp;<\/strong>The Hong Kong Polytechnic University. \u00abArte, accionismo, migraci\u00f3n china y transculturalidad en el marco espa\u00f1ol y m\u00e1s all\u00e1\u00bb, a&nbsp;cargo&nbsp;de&nbsp;Laia Manonelles Moner, Universitat de Barcelona.<\/p>\n\n\n\n<figure class=\"wp-block-embed is-type-video is-provider-youtube wp-block-embed-youtube wp-embed-aspect-16-9 wp-has-aspect-ratio\"><div class=\"wp-block-embed__wrapper\">\n<iframe loading=\"lazy\" title=\"3\/4 Historia y estado actual de la migraci\u00f3n china en Espa\u00f1a\" width=\"580\" height=\"326\" src=\"https:\/\/www.youtube.com\/embed\/NDmBFSIiveQ?start=3&#038;feature=oembed\" frameborder=\"0\" allow=\"accelerometer; autoplay; clipboard-write; encrypted-media; gyroscope; picture-in-picture; web-share\" referrerpolicy=\"strict-origin-when-cross-origin\" allowfullscreen><\/iframe>\n<\/div><\/figure>\n\n\n\n<p><strong>Sesi\u00f3n 4 &#8211; 19 de diciembre<\/strong>:&nbsp;Conversaci\u00f3n con D\u00eddac Lee y Cristina Zhang, a cargo&nbsp;de Joaqu\u00edn Beltr\u00e1n Antol\u00edn, Universitat Aut\u00f2noma de Barcelona.<\/p>\n\n\n\n<figure class=\"wp-block-embed is-type-video is-provider-youtube wp-block-embed-youtube wp-embed-aspect-16-9 wp-has-aspect-ratio\"><div class=\"wp-block-embed__wrapper\">\n<iframe loading=\"lazy\" title=\"4\/4 Historia y estado actual de la migraci\u00f3n china en Espa\u00f1a\" width=\"580\" height=\"326\" src=\"https:\/\/www.youtube.com\/embed\/X97VOMZgLSU?feature=oembed\" frameborder=\"0\" allow=\"accelerometer; autoplay; clipboard-write; encrypted-media; gyroscope; picture-in-picture; web-share\" referrerpolicy=\"strict-origin-when-cross-origin\" allowfullscreen><\/iframe>\n<\/div><\/figure>\n\n\n\n<p><strong>8 de mayo.<\/strong> Debates  del CCCB. Irene Masdeu Torruella dialoga con Marina Garc\u00e9s en el marco de la series de debates \u00abAula Oberta\u00bb.<\/p>\n\n\n\n<figure class=\"wp-block-embed is-type-video is-provider-vimeo wp-block-embed-vimeo wp-embed-aspect-16-9 wp-has-aspect-ratio\"><div class=\"wp-block-embed__wrapper\">\n<iframe loading=\"lazy\" title=\"08.05.18 | Irene Masdeu | Aula oberta #20: Saber, fer, comprendre\" src=\"https:\/\/player.vimeo.com\/video\/269813615?dnt=1&amp;app_id=122963\" width=\"580\" height=\"326\" frameborder=\"0\" allow=\"autoplay; fullscreen; picture-in-picture; clipboard-write\"><\/iframe>\n<\/div><\/figure>\n\n\n\n<p><\/p>\n\n\n\n<p><strong>4 de abril<\/strong>. Conferencia \u00abVisibilizaci\u00f3n, y \u00bfnormalizaci\u00f3n? de la sinidad en la Literatura espa\u00f1ola contempor\u00e1nea\u00bb presentada por <strong>Amelia S\u00e1iz<\/strong>, Universitat Aut\u00f2noma de Barcelona, dentro del Ciclo \u00abHistoria y ficci\u00f3n de China\u00bb organizado por la Dra. Maria Ant\u00f2nia Mart\u00ed Escayol, Universitat Aut\u00f2noma de Barcelona con la colaboraci\u00f3n del Institut Confuci de Barcelona.<\/p>\n\n\n\n<figure class=\"wp-block-embed is-type-video is-provider-youtube wp-block-embed-youtube wp-embed-aspect-16-9 wp-has-aspect-ratio\"><div class=\"wp-block-embed__wrapper\">\n<iframe loading=\"lazy\" title=\"Visibilizaci\u00f3n, y \u00bfnormalizaci\u00f3n? de la sinidad en la Literatura espa\u00f1ola contempor\u00e1nea\" width=\"580\" height=\"326\" src=\"https:\/\/www.youtube.com\/embed\/WkYObvJLS94?start=4&#038;feature=oembed\" frameborder=\"0\" allow=\"accelerometer; autoplay; clipboard-write; encrypted-media; gyroscope; picture-in-picture; web-share\" referrerpolicy=\"strict-origin-when-cross-origin\" allowfullscreen><\/iframe>\n<\/div><\/figure>\n\n\n\n<h2 class=\"wp-block-heading\">2014<\/h2>\n\n\n\n<h3 class=\"wp-block-heading\">14 de mayo<\/h3>\n\n\n\n<p>Tribuna d&#8217;\u00c0sia Oriental &#8211; Seminari Permanent de Recerca i Doctorat: confer\u00e8ncia i lectura de poemes a c\u00e0rrec del poeta&nbsp;<strong>Yang Lian<\/strong>.<\/p>\n\n\n\n<figure class=\"wp-block-embed is-type-video is-provider-youtube wp-block-embed-youtube wp-embed-aspect-4-3 wp-has-aspect-ratio\"><div class=\"wp-block-embed__wrapper\">\n<iframe loading=\"lazy\" title=\"Contemporary Chinese Poetry, the Chinese Poetic Tradition &amp; Poetry in Exile\" width=\"580\" height=\"435\" src=\"https:\/\/www.youtube.com\/embed\/vzSbpnAYOyc?feature=oembed\" frameborder=\"0\" allow=\"accelerometer; autoplay; clipboard-write; encrypted-media; gyroscope; picture-in-picture; web-share\" referrerpolicy=\"strict-origin-when-cross-origin\" allowfullscreen><\/iframe>\n<\/div><\/figure>\n\n\n\n<h2 class=\"wp-block-heading\">2013<\/h2>\n\n\n\n<h3 class=\"wp-block-heading\">23 de octubre<\/h3>\n\n\n\n<p><strong>Laia Manonelles<\/strong>&nbsp;en conversaci\u00f3n con&nbsp;<strong>Wu Hung<\/strong>&nbsp;(Harrie A. Vanderstappen Distinguished Service Professor of Art History, University of Chicago) :<\/p>\n\n\n\n<ul class=\"wp-block-list\">\n<li>Margins, Flows, and Intersections: Cross Paths in Contemporary Chinese Art\u00a0(audio y entrevistas en v\u00eddeo)<\/li>\n<\/ul>\n\n\n\n<h2 class=\"wp-block-heading\">&nbsp;<\/h2>\n\n\n\n<h2 class=\"wp-block-heading\">2012<\/h2>\n\n\n\n<h3 class=\"wp-block-heading\">29 de noviembre<\/h3>\n\n\n\n<p>Seminario Permanente de Investigaci\u00f3n y Doctorado &#8211; Tribuna de Asia Oriental:&nbsp;<strong>Rafael Caro Repetto&nbsp;<\/strong>(School of Oriental and African Studies, University of London).<\/p>\n\n\n\n<figure class=\"wp-block-embed is-type-video is-provider-youtube wp-block-embed-youtube wp-embed-aspect-4-3 wp-has-aspect-ratio\"><div class=\"wp-block-embed__wrapper\">\n<iframe loading=\"lazy\" title=\"Resonancias antiguas de sones modernos: tradici\u00f3n y modernidad en la m\u00fasica china\" width=\"580\" height=\"435\" src=\"https:\/\/www.youtube.com\/embed\/-vMy8a-Geuc?feature=oembed\" frameborder=\"0\" allow=\"accelerometer; autoplay; clipboard-write; encrypted-media; gyroscope; picture-in-picture; web-share\" referrerpolicy=\"strict-origin-when-cross-origin\" allowfullscreen><\/iframe>\n<\/div><\/figure>\n\n\n\n<h3 class=\"wp-block-heading\">22 de noviembre<\/h3>\n\n\n\n<p>Seminario Permanente de Investigaci\u00f3n y Doctorado &#8211; Tribuna de Asia Oriental:&nbsp;<strong>Gary W. McDonough,<\/strong>&nbsp;(Bryn Mawr College).<\/p>\n\n\n\n<figure class=\"wp-block-embed is-type-video is-provider-youtube wp-block-embed-youtube wp-embed-aspect-4-3 wp-has-aspect-ratio\"><div class=\"wp-block-embed__wrapper\">\n<iframe loading=\"lazy\" title=\"Chinatowns? Downtowns: Global Chinatowns as Urban Laboratories\" width=\"580\" height=\"435\" src=\"https:\/\/www.youtube.com\/embed\/ozkHFMe3IjI?feature=oembed\" frameborder=\"0\" allow=\"accelerometer; autoplay; clipboard-write; encrypted-media; gyroscope; picture-in-picture; web-share\" referrerpolicy=\"strict-origin-when-cross-origin\" allowfullscreen><\/iframe>\n<\/div><\/figure>\n\n\n\n<h3 class=\"wp-block-heading\">24 de mayo<\/h3>\n\n\n\n<p>Seminario Permanente de Investigaci\u00f3n y Doctorado &#8211; Tribuna de Asia Oriental:&nbsp;<strong>Maria Ant\u00f2nia Mart\u00ed Escayol&nbsp;<\/strong>(Universitat Aut\u00f2noma de Barcelona)<\/p>\n\n\n\n<figure class=\"wp-block-embed is-type-video is-provider-youtube wp-block-embed-youtube wp-embed-aspect-4-3 wp-has-aspect-ratio\"><div class=\"wp-block-embed__wrapper\">\n<iframe loading=\"lazy\" title=\"El discurs ambiental al Manga\" width=\"580\" height=\"435\" src=\"https:\/\/www.youtube.com\/embed\/tPd16twnDg4?feature=oembed\" frameborder=\"0\" allow=\"accelerometer; autoplay; clipboard-write; encrypted-media; gyroscope; picture-in-picture; web-share\" referrerpolicy=\"strict-origin-when-cross-origin\" allowfullscreen><\/iframe>\n<\/div><\/figure>\n\n\n\n<h3 class=\"wp-block-heading\">11 de mayo<\/h3>\n\n\n\n<p>Seminario Permanente de Investigaci\u00f3n y Doctorado &#8211; Tribuna de Asia Oriental:&nbsp;<strong>D. Javier Ching-Shan Hou&nbsp;<\/strong>(Representante de la Oficina Econ\u00f3mica y Cultural de Taipei en Espa\u00f1a)<\/p>\n\n\n\n<figure class=\"wp-block-embed is-type-video is-provider-youtube wp-block-embed-youtube wp-embed-aspect-4-3 wp-has-aspect-ratio\"><div class=\"wp-block-embed__wrapper\">\n<iframe loading=\"lazy\" title=\"Taiwan, un pa\u00eds de oportunidades\" width=\"580\" height=\"435\" src=\"https:\/\/www.youtube.com\/embed\/SyuE9hwR2Ck?feature=oembed\" frameborder=\"0\" allow=\"accelerometer; autoplay; clipboard-write; encrypted-media; gyroscope; picture-in-picture; web-share\" referrerpolicy=\"strict-origin-when-cross-origin\" allowfullscreen><\/iframe>\n<\/div><\/figure>\n\n\n\n<h3 class=\"wp-block-heading\">10 de mayo<\/h3>\n\n\n\n<p>Seminario Permanente de Investigaci\u00f3n y Doctorado:&nbsp;<strong>Brian Holton<\/strong>&nbsp;(poeta y traductor de poes\u00eda china)<\/p>\n\n\n\n<figure class=\"wp-block-embed is-type-video is-provider-youtube wp-block-embed-youtube wp-embed-aspect-4-3 wp-has-aspect-ratio\"><div class=\"wp-block-embed__wrapper\">\n<iframe loading=\"lazy\" title=\"Translating the Void. Silence in Wang Wei\u2019s Buddhist Poetry\" width=\"580\" height=\"435\" src=\"https:\/\/www.youtube.com\/embed\/lHhLByfOmkg?feature=oembed\" frameborder=\"0\" allow=\"accelerometer; autoplay; clipboard-write; encrypted-media; gyroscope; picture-in-picture; web-share\" referrerpolicy=\"strict-origin-when-cross-origin\" allowfullscreen><\/iframe>\n<\/div><\/figure>\n\n\n\n<h3 class=\"wp-block-heading\">15 de marzo<\/h3>\n\n\n\n<p>Seminario Permanente de Investigaci\u00f3n y Doctorado &#8211; Tribuna de Asia Oriental:&nbsp;<strong>Artur Colom<\/strong>&nbsp;(Universitat Aut\u00f2noma de Barcelona)<\/p>\n\n\n\n<figure class=\"wp-block-embed is-type-video is-provider-youtube wp-block-embed-youtube wp-embed-aspect-4-3 wp-has-aspect-ratio\"><div class=\"wp-block-embed__wrapper\">\n<iframe loading=\"lazy\" title=\"China en \u00c1frica\" width=\"580\" height=\"435\" src=\"https:\/\/www.youtube.com\/embed\/h2D8etBu8pw?feature=oembed\" frameborder=\"0\" allow=\"accelerometer; autoplay; clipboard-write; encrypted-media; gyroscope; picture-in-picture; web-share\" referrerpolicy=\"strict-origin-when-cross-origin\" allowfullscreen><\/iframe>\n<\/div><\/figure>\n\n\n\n<h2 class=\"wp-block-heading\">&nbsp;<\/h2>\n\n\n\n<h2 class=\"wp-block-heading\">2011<\/h2>\n\n\n\n<h3 class=\"wp-block-heading\">14 de diciembre<\/h3>\n\n\n\n<p>Seminario Permanente de Investigaci\u00f3n y Doctorado &#8211; Tribuna de Asia Oriental:&nbsp;<strong>Gregor Benton<\/strong>&nbsp;(Cardiff University y Universitat Aut\u00f2noma de Barcelona)<\/p>\n\n\n\n<figure class=\"wp-block-embed is-type-video is-provider-youtube wp-block-embed-youtube wp-embed-aspect-4-3 wp-has-aspect-ratio\"><div class=\"wp-block-embed__wrapper\">\n<iframe loading=\"lazy\" title=\"Prophets Unarmed: Chinese Trotskyists in Revolution, War, Gaol &amp; the Return from Limbo\" width=\"580\" height=\"435\" src=\"https:\/\/www.youtube.com\/embed\/KFkG_5h-dgs?feature=oembed\" frameborder=\"0\" allow=\"accelerometer; autoplay; clipboard-write; encrypted-media; gyroscope; picture-in-picture; web-share\" referrerpolicy=\"strict-origin-when-cross-origin\" allowfullscreen><\/iframe>\n<\/div><\/figure>\n\n\n\n<h3 class=\"wp-block-heading\">23 de noviembre<\/h3>\n\n\n\n<p>Tribuna de Asia Oriental:&nbsp;<strong>Eduardo Daniel Oviedo<\/strong>&nbsp;(Universidad Nacional de Rosario, Consejo Nacional de Investigaciones Cient\u00edficas y T\u00e9cnicas, Argentina)<\/p>\n\n\n\n<figure class=\"wp-block-embed is-type-video is-provider-youtube wp-block-embed-youtube wp-embed-aspect-4-3 wp-has-aspect-ratio\"><div class=\"wp-block-embed__wrapper\">\n<iframe loading=\"lazy\" title=\"Am\u00e9rica Latina y China\" width=\"580\" height=\"435\" src=\"https:\/\/www.youtube.com\/embed\/aWzrpIxowxY?feature=oembed\" frameborder=\"0\" allow=\"accelerometer; autoplay; clipboard-write; encrypted-media; gyroscope; picture-in-picture; web-share\" referrerpolicy=\"strict-origin-when-cross-origin\" allowfullscreen><\/iframe>\n<\/div><\/figure>\n\n\n\n<h3 class=\"wp-block-heading\">3 de noviembre<\/h3>\n\n\n\n<p>Tribuna de Asia Oriental:&nbsp;<strong>Isabel Cervera<\/strong>&nbsp;(Universidad Aut\u00f3noma de Madrid)<\/p>\n\n\n\n<figure class=\"wp-block-embed is-type-video is-provider-youtube wp-block-embed-youtube wp-embed-aspect-4-3 wp-has-aspect-ratio\"><div class=\"wp-block-embed__wrapper\">\n<iframe loading=\"lazy\" title=\"Paisajes de la memoria. La obra de Li Gonglin (1049-1106)\" width=\"580\" height=\"435\" src=\"https:\/\/www.youtube.com\/embed\/euibqfvgNF4?feature=oembed\" frameborder=\"0\" allow=\"accelerometer; autoplay; clipboard-write; encrypted-media; gyroscope; picture-in-picture; web-share\" referrerpolicy=\"strict-origin-when-cross-origin\" allowfullscreen><\/iframe>\n<\/div><\/figure>\n\n\n\n<h3 class=\"wp-block-heading\">21 de octubre<\/h3>\n\n\n\n<p>Tribuna de Asia Oriental:&nbsp;<strong>Young-mee Yu Cho<\/strong>&nbsp;(Rutgers University)<\/p>\n\n\n\n<figure class=\"wp-block-embed is-type-video is-provider-youtube wp-block-embed-youtube wp-embed-aspect-4-3 wp-has-aspect-ratio\"><div class=\"wp-block-embed__wrapper\">\n<iframe loading=\"lazy\" title=\"Language Unleashed Through K-Pop: Emerging Rhymes &amp; Puns\" width=\"580\" height=\"435\" src=\"https:\/\/www.youtube.com\/embed\/c68HhnX46mU?feature=oembed\" frameborder=\"0\" allow=\"accelerometer; autoplay; clipboard-write; encrypted-media; gyroscope; picture-in-picture; web-share\" referrerpolicy=\"strict-origin-when-cross-origin\" allowfullscreen><\/iframe>\n<\/div><\/figure>\n\n\n\n<h3 class=\"wp-block-heading\">2 de junio<\/h3>\n\n\n\n<p>Tribuna de Asia Oriental:&nbsp;<strong>Gordon Mathews<\/strong>&nbsp;(Chinese University of Hong Kong)<\/p>\n\n\n\n<figure class=\"wp-block-embed is-type-video is-provider-youtube wp-block-embed-youtube wp-embed-aspect-4-3 wp-has-aspect-ratio\"><div class=\"wp-block-embed__wrapper\">\n<iframe loading=\"lazy\" title=\"Understanding Japanese Society through Life After Death\" width=\"580\" height=\"435\" src=\"https:\/\/www.youtube.com\/embed\/IBy6-94SEkE?feature=oembed\" frameborder=\"0\" allow=\"accelerometer; autoplay; clipboard-write; encrypted-media; gyroscope; picture-in-picture; web-share\" referrerpolicy=\"strict-origin-when-cross-origin\" allowfullscreen><\/iframe>\n<\/div><\/figure>\n\n\n\n<p>Seminario a cargo de&nbsp;<strong>Gordon Mathews<\/strong>&nbsp;(Chinese University of Hong Kong)<\/p>\n\n\n\n<figure class=\"wp-block-embed is-type-video is-provider-youtube wp-block-embed-youtube wp-embed-aspect-4-3 wp-has-aspect-ratio\"><div class=\"wp-block-embed__wrapper\">\n<iframe loading=\"lazy\" title=\"Ghetto at the Center of the World: Chungking Mansions, Hong Kong\" width=\"580\" height=\"435\" src=\"https:\/\/www.youtube.com\/embed\/xzAFiLUxAlk?feature=oembed\" frameborder=\"0\" allow=\"accelerometer; autoplay; clipboard-write; encrypted-media; gyroscope; picture-in-picture; web-share\" referrerpolicy=\"strict-origin-when-cross-origin\" allowfullscreen><\/iframe>\n<\/div><\/figure>\n\n\n\n<h3 class=\"wp-block-heading\">3 de mayo de 2011<\/h3>\n\n\n\n<p>Seminario a cargo de<strong>&nbsp;Calvin Chen<\/strong>&nbsp;(Mount Holyoke College)<\/p>\n\n\n\n<figure class=\"wp-block-embed is-type-video is-provider-youtube wp-block-embed-youtube wp-embed-aspect-4-3 wp-has-aspect-ratio\"><div class=\"wp-block-embed__wrapper\">\n<iframe loading=\"lazy\" title=\"\u201cMade in Italy\u201d\u2026 by Chinese\" width=\"580\" height=\"435\" src=\"https:\/\/www.youtube.com\/embed\/6KTzZge-vgE?feature=oembed\" frameborder=\"0\" allow=\"accelerometer; autoplay; clipboard-write; encrypted-media; gyroscope; picture-in-picture; web-share\" referrerpolicy=\"strict-origin-when-cross-origin\" allowfullscreen><\/iframe>\n<\/div><\/figure>\n\n\n\n<h3 class=\"wp-block-heading\">4 de marzo de 2011<\/h3>\n\n\n\n<p>Seminario a cargo de&nbsp;<strong>Amaury Garc\u00eda Rodr\u00edguez&nbsp;<\/strong>(Centro de Estudios de Asia y \u00c1frica &#8211; El Colegio de M\u00e9xico)<\/p>\n\n\n\n<figure class=\"wp-block-embed is-type-video is-provider-youtube wp-block-embed-youtube wp-embed-aspect-4-3 wp-has-aspect-ratio\"><div class=\"wp-block-embed__wrapper\">\n<iframe loading=\"lazy\" title=\"La cultura popular-urbana de los Ch\u014dnin\" width=\"580\" height=\"435\" src=\"https:\/\/www.youtube.com\/embed\/AuRX-_HcSEI?feature=oembed\" frameborder=\"0\" allow=\"accelerometer; autoplay; clipboard-write; encrypted-media; gyroscope; picture-in-picture; web-share\" referrerpolicy=\"strict-origin-when-cross-origin\" allowfullscreen><\/iframe>\n<\/div><\/figure>\n\n\n\n<h3 class=\"wp-block-heading\">2 de febrero de 2011<\/h3>\n\n\n\n<p>Seminario a cargo de&nbsp;<strong>Consuelo Marco Mart\u00ednez<\/strong>&nbsp;(Universidad Complutense de Madrid)<\/p>\n\n\n\n<figure class=\"wp-block-embed is-type-video is-provider-youtube wp-block-embed-youtube wp-embed-aspect-4-3 wp-has-aspect-ratio\"><div class=\"wp-block-embed__wrapper\">\n<iframe loading=\"lazy\" title=\"La ense\u00f1anza-aprendizaje de la lengua china y su adaptaci\u00f3n al MCER\" width=\"580\" height=\"435\" src=\"https:\/\/www.youtube.com\/embed\/915gxpBotfs?feature=oembed\" frameborder=\"0\" allow=\"accelerometer; autoplay; clipboard-write; encrypted-media; gyroscope; picture-in-picture; web-share\" referrerpolicy=\"strict-origin-when-cross-origin\" allowfullscreen><\/iframe>\n<\/div><\/figure>\n\n\n\n<h3 class=\"wp-block-heading\">31 de enero de 2011<\/h3>\n\n\n\n<p>Seminario a cargo de&nbsp;<strong>Daniel M\u00e9ndez<\/strong>&nbsp;(Coordinador de&nbsp;<a href=\"http:\/\/www.zaichina.net\/\">ZaiChina.net<\/a>).<\/p>\n\n\n\n<figure class=\"wp-block-embed is-type-video is-provider-youtube wp-block-embed-youtube wp-embed-aspect-4-3 wp-has-aspect-ratio\"><div class=\"wp-block-embed__wrapper\">\n<iframe loading=\"lazy\" title=\"La batalla por la informaci\u00f3n en China. Medios de comunicaci\u00f3n e Internet\" width=\"580\" height=\"435\" src=\"https:\/\/www.youtube.com\/embed\/PBGKBqDOF4U?feature=oembed\" frameborder=\"0\" allow=\"accelerometer; autoplay; clipboard-write; encrypted-media; gyroscope; picture-in-picture; web-share\" referrerpolicy=\"strict-origin-when-cross-origin\" allowfullscreen><\/iframe>\n<\/div><\/figure>\n\n\n\n<p>&nbsp;<\/p>\n\n\n\n<h2 class=\"wp-block-heading\">2010<\/h2>\n\n\n\n<h3 class=\"wp-block-heading\">3 de junio de 2010<\/h3>\n\n\n\n<p>VIU [Venice International University] Lecture 2010:&nbsp;<strong>Se\u00e1n Golden<\/strong>&nbsp;(Universitat Auton\u00f2ma de Barcelona) y&nbsp;<strong>Tiziana Lippiello<\/strong>&nbsp;(Universit\u00e0 Ca&#8217; Foscari Venezia).<\/p>\n\n\n\n<figure class=\"wp-block-embed is-type-video is-provider-youtube wp-block-embed-youtube wp-embed-aspect-16-9 wp-has-aspect-ratio\"><div class=\"wp-block-embed__wrapper\">\n<iframe loading=\"lazy\" title=\"VIU Lectures 2010 &quot;The Crisis of Modernity in China&quot; - Sean Golden - part 1\" width=\"580\" height=\"326\" src=\"https:\/\/www.youtube.com\/embed\/K1zLRGrZFXU?feature=oembed\" frameborder=\"0\" allow=\"accelerometer; autoplay; clipboard-write; encrypted-media; gyroscope; picture-in-picture; web-share\" referrerpolicy=\"strict-origin-when-cross-origin\" allowfullscreen><\/iframe>\n<\/div><\/figure>\n\n\n\n<h3 class=\"wp-block-heading\">19 de marzo de 2010<\/h3>\n\n\n\n<p><a href=\"http:\/\/grupsderecerca.uab.cat\/interasia\/sites\/grupsderecerca.uab.cat.interasia\/files\/la_tanka_catalana_programa.pdf\" target=\"_blank\" rel=\"noopener\">Seminario Internacional&nbsp;<em><strong>La Tanka Catalana<\/strong><\/em><\/a>, organizado por&nbsp;<strong>Jordi Mas L\u00f3pez<\/strong>. Facultat de Traducci\u00f3 i d&#8217;Intepretaci\u00f3, Universitat Aut\u00f2noma de Barcelona. Acciones Complementarias del Ministerio de Ciencia e Innovaci\u00f3n. FFI-2009-0346-E\/FILO.<\/p>\n\n\n\n<ul class=\"wp-block-list\">\n<li><strong>Inauguraci\u00f3 de la jornada La Tanka Catalana<\/strong>. Inauguraci\u00f3n de la jornada\u00a0<em>La Tanka Catalana\u00a0<\/em>a cargo de\u00a0<strong>Francesc Parcerisas<\/strong>, decano de la Facultat de Traducci\u00f3 i d&#8217;Intepretaci\u00f3, y de\u00a0<strong>Jordi Mas L\u00f3pez<\/strong>, miembro del Grupo de Investigaci\u00f3n Inter Asia y organizador de la jornada.<\/li>\n<\/ul>\n\n\n\n<figure class=\"wp-block-embed is-type-video is-provider-youtube wp-block-embed-youtube wp-embed-aspect-4-3 wp-has-aspect-ratio\"><div class=\"wp-block-embed__wrapper\">\n<iframe loading=\"lazy\" title=\"Inauguraci\u00f3 de la jornada La Tanka Catalana\" width=\"580\" height=\"435\" src=\"https:\/\/www.youtube.com\/embed\/IGwgS4f5Neg?feature=oembed\" frameborder=\"0\" allow=\"accelerometer; autoplay; clipboard-write; encrypted-media; gyroscope; picture-in-picture; web-share\" referrerpolicy=\"strict-origin-when-cross-origin\" allowfullscreen><\/iframe>\n<\/div><\/figure>\n\n\n\n<ul class=\"wp-block-list\">\n<li><a href=\"http:\/\/www.uab.cat\/servlet\/Satellite\/videos\/reproduccio-1192707516892.html?param1=10divulgacio&amp;param2=20ciencieshumanes&amp;param4=TradiInter&amp;url_video=1296113447684\" target=\"_blank\" rel=\"noopener\">Les tankes de Carles Riba i M\u00e0rius Torres: una experi\u00e8ncia po\u00e8tica<\/a>.\u00a0<strong>Merc\u00e8 Boixareu<\/strong>, catedr\u00e1tica de la Facultad de Filolog\u00eda de la\u00a0UNED.<\/li>\n<\/ul>\n\n\n\n<figure class=\"wp-block-embed is-type-video is-provider-youtube wp-block-embed-youtube wp-embed-aspect-4-3 wp-has-aspect-ratio\"><div class=\"wp-block-embed__wrapper\">\n<iframe loading=\"lazy\" title=\"Les tankes de Carles Riba i M\u00e0rius Torres: una experi\u00e8ncia po\u00e8tica\" width=\"580\" height=\"435\" src=\"https:\/\/www.youtube.com\/embed\/yzuRdBQ9U8s?feature=oembed\" frameborder=\"0\" allow=\"accelerometer; autoplay; clipboard-write; encrypted-media; gyroscope; picture-in-picture; web-share\" referrerpolicy=\"strict-origin-when-cross-origin\" allowfullscreen><\/iframe>\n<\/div><\/figure>\n\n\n\n<ul class=\"wp-block-list\">\n<li><a href=\"http:\/\/www.uab.cat\/servlet\/Satellite\/videos\/reproduccio-1192707516892.html?param1=10divulgacio&amp;param2=20ciencieshumanes&amp;param4=TradiInter&amp;url_video=1296113516486\" target=\"_blank\" rel=\"noopener\">Salvador Espriu: d&#8217;una prosa artitzada a la meditaci\u00f3 zen<\/a>.<strong>\u00a0Rosa Delor<\/strong>, Centre de Documentaci\u00f3 i Estudi Salvador Espriu.<\/li>\n<\/ul>\n\n\n\n<figure class=\"wp-block-embed is-type-video is-provider-youtube wp-block-embed-youtube wp-embed-aspect-4-3 wp-has-aspect-ratio\"><div class=\"wp-block-embed__wrapper\">\n<iframe loading=\"lazy\" title=\"Salvador Espriu: d\u2019una prosa artitzada a la meditaci\u00f3 zen\" width=\"580\" height=\"435\" src=\"https:\/\/www.youtube.com\/embed\/TSQeCg5jh14?feature=oembed\" frameborder=\"0\" allow=\"accelerometer; autoplay; clipboard-write; encrypted-media; gyroscope; picture-in-picture; web-share\" referrerpolicy=\"strict-origin-when-cross-origin\" allowfullscreen><\/iframe>\n<\/div><\/figure>\n\n\n\n<ul class=\"wp-block-list\">\n<li><a href=\"http:\/\/www.uab.cat\/servlet\/Satellite\/videos\/reproduccio-1192707516892.html?param1=10divulgacio&amp;param2=20ciencieshumanes&amp;param4=TradiInter&amp;url_video=1296113525014\" target=\"_blank\" rel=\"noopener\">Pres\u00e8ncia i funci\u00f3 dels kigo o mots estacionals a la tanka catalana<\/a>.\u00a0<strong>Denise Boyer<\/strong>, profesora de la Universit\u00e9 Par\u00eds-Sorbonne.<\/li>\n<\/ul>\n\n\n\n<figure class=\"wp-block-embed is-type-video is-provider-youtube wp-block-embed-youtube wp-embed-aspect-4-3 wp-has-aspect-ratio\"><div class=\"wp-block-embed__wrapper\">\n<iframe loading=\"lazy\" title=\"Pres\u00e8ncia i funci\u00f3 dels kigo o mots estacionals a la tanka catalana\" width=\"580\" height=\"435\" src=\"https:\/\/www.youtube.com\/embed\/PsAQzA3VkS4?feature=oembed\" frameborder=\"0\" allow=\"accelerometer; autoplay; clipboard-write; encrypted-media; gyroscope; picture-in-picture; web-share\" referrerpolicy=\"strict-origin-when-cross-origin\" allowfullscreen><\/iframe>\n<\/div><\/figure>\n\n\n\n<ul class=\"wp-block-list\">\n<li><a href=\"http:\/\/www.uab.cat\/servlet\/Satellite\/videos\/reproduccio-1192707516892.html?param1=10divulgacio&amp;param2=20ciencieshumanes&amp;param4=TradiInter&amp;url_video=1296113552991\" target=\"_blank\" rel=\"noopener\">Per tot coix\u00ed les herbes. Versions de la l\u00edrica japonesa en catal\u00e0<\/a>.\u00a0<strong>Miquel Desclot<\/strong>, escritor y traductor.<\/li>\n<\/ul>\n\n\n\n<figure class=\"wp-block-embed is-type-video is-provider-youtube wp-block-embed-youtube wp-embed-aspect-4-3 wp-has-aspect-ratio\"><div class=\"wp-block-embed__wrapper\">\n<iframe loading=\"lazy\" title=\"Per tot coix\u00ed les herbes. Versions de la l\u00edrica japonesa en catal\u00e0\" width=\"580\" height=\"435\" src=\"https:\/\/www.youtube.com\/embed\/eUKHVLkwwdw?feature=oembed\" frameborder=\"0\" allow=\"accelerometer; autoplay; clipboard-write; encrypted-media; gyroscope; picture-in-picture; web-share\" referrerpolicy=\"strict-origin-when-cross-origin\" allowfullscreen><\/iframe>\n<\/div><\/figure>\n\n\n\n<ul class=\"wp-block-list\">\n<li><a href=\"http:\/\/www.uab.cat\/servlet\/Satellite\/videos\/reproduccio-1192707516892.html?param1=10divulgacio&amp;param2=20ciencieshumanes&amp;param4=TradiInter&amp;url_video=1296201903742\" target=\"_blank\" rel=\"noopener\">La tanka a l&#8217;estil amor\u00f3s de Rosa Leveroni: fil de maragdes o de subtils i refinats di\u00e0legs l\u00edrics<\/a>.\u00a0<strong>Abraham Mohino<\/strong>, profesor y escritor.<\/li>\n<\/ul>\n\n\n\n<figure class=\"wp-block-embed is-type-video is-provider-youtube wp-block-embed-youtube wp-embed-aspect-4-3 wp-has-aspect-ratio\"><div class=\"wp-block-embed__wrapper\">\n<iframe loading=\"lazy\" title=\"La tanka a l\u2019estil amor\u00f3s de Rosa Leveroni: fil de maragdes o de subtils i refinats di\u00e0legs l\u00edrics\" width=\"580\" height=\"435\" src=\"https:\/\/www.youtube.com\/embed\/IpGaHS22Q7Q?feature=oembed\" frameborder=\"0\" allow=\"accelerometer; autoplay; clipboard-write; encrypted-media; gyroscope; picture-in-picture; web-share\" referrerpolicy=\"strict-origin-when-cross-origin\" allowfullscreen><\/iframe>\n<\/div><\/figure>\n\n\n\n<ul class=\"wp-block-list\">\n<li><a href=\"http:\/\/www.uab.cat\/servlet\/Satellite\/videos\/reproduccio-1192707516892.html?param1=10divulgacio&amp;param2=20ciencieshumanes&amp;param4=TradiInter&amp;url_video=1296201916651\" target=\"_blank\" rel=\"noopener\">Aspectes confessionals i autobiogr\u00e0fics de la tanka catalana<\/a>.\u00a0<strong>Enric Bou<\/strong>, profesor de Brown University, Estados Unidos.<\/li>\n<\/ul>\n\n\n\n<figure class=\"wp-block-embed is-type-video is-provider-youtube wp-block-embed-youtube wp-embed-aspect-4-3 wp-has-aspect-ratio\"><div class=\"wp-block-embed__wrapper\">\n<iframe loading=\"lazy\" title=\"Aspectes confessionals i autobiogr\u00e0fics de la tanka catalana\" width=\"580\" height=\"435\" src=\"https:\/\/www.youtube.com\/embed\/f-J2xcbBBOM?feature=oembed\" frameborder=\"0\" allow=\"accelerometer; autoplay; clipboard-write; encrypted-media; gyroscope; picture-in-picture; web-share\" referrerpolicy=\"strict-origin-when-cross-origin\" allowfullscreen><\/iframe>\n<\/div><\/figure>\n\n\n\n<ul class=\"wp-block-list\">\n<li><a href=\"http:\/\/www.uab.cat\/servlet\/Satellite\/videos\/reproduccio-1192707516892.html?param1=10divulgacio&amp;param2=20ciencieshumanes&amp;param4=TradiInter&amp;url_video=1296201917272\" target=\"_blank\" rel=\"noopener\">La tanka i l&#8217;art de la fuga<\/a>.\u00a0<strong>Susanna Rafart<\/strong>, escritora y periodista.<\/li>\n<\/ul>\n\n\n\n<figure class=\"wp-block-embed is-type-video is-provider-youtube wp-block-embed-youtube wp-embed-aspect-4-3 wp-has-aspect-ratio\"><div class=\"wp-block-embed__wrapper\">\n<iframe loading=\"lazy\" title=\"La tanka i l\u2019art de la fuga\" width=\"580\" height=\"435\" src=\"https:\/\/www.youtube.com\/embed\/DazIEv8diMw?feature=oembed\" frameborder=\"0\" allow=\"accelerometer; autoplay; clipboard-write; encrypted-media; gyroscope; picture-in-picture; web-share\" referrerpolicy=\"strict-origin-when-cross-origin\" allowfullscreen><\/iframe>\n<\/div><\/figure>\n\n\n\n<ul class=\"wp-block-list\">\n<li><a href=\"http:\/\/www.uab.cat\/servlet\/Satellite\/videos\/reproduccio-1192707516892.html?param1=10divulgacio&amp;param2=20ciencieshumanes&amp;param4=TradiInter&amp;url_video=1296201928660\" target=\"_blank\" rel=\"noopener\">La tanka de postguerra: una forma japonesa escrita en catal\u00e0 o una forma catalana d&#8217;origen japon\u00e8s?<\/a>\u00a0<strong>Jordi Mas L\u00f3pez<\/strong>, miembro del Grupo de Investigaci\u00f3n Inter Asia.<\/li>\n<\/ul>\n\n\n\n<figure class=\"wp-block-embed is-type-video is-provider-youtube wp-block-embed-youtube wp-embed-aspect-4-3 wp-has-aspect-ratio\"><div class=\"wp-block-embed__wrapper\">\n<iframe loading=\"lazy\" title=\"La tanka de postguerra: una forma japonesa escrita en catal\u00e0 o una forma catalana d\u2019origen japon\u00e8s?\" width=\"580\" height=\"435\" src=\"https:\/\/www.youtube.com\/embed\/Ud7XD-hH_NQ?feature=oembed\" frameborder=\"0\" allow=\"accelerometer; autoplay; clipboard-write; encrypted-media; gyroscope; picture-in-picture; web-share\" referrerpolicy=\"strict-origin-when-cross-origin\" allowfullscreen><\/iframe>\n<\/div><\/figure>\n\n\n\n<p>&nbsp;<\/p>\n\n\n\n<h2 class=\"wp-block-heading\">2006, A\u00f1o de Asia Oriental de la&nbsp;UAB<\/h2>\n\n\n\n<p>Inter Asia contribuy\u00f3 al <strong><em>A\u00f1o de Asia Oriental de la&nbsp;UAB<\/em><\/strong>&nbsp;invitando a especialistas y organizando diferentes actos, conferencias y seminarios:<\/p>\n\n\n\n<h3 class=\"wp-block-heading\">15 de mayo de 2006<\/h3>\n\n\n\n<p>Conferencia:&nbsp;<em>Passat, present i futur de la medicina tradicional xinesa, una experi\u00e8ncia a compartir.<\/em>&nbsp;<strong>Joaqu\u00edn Beltr\u00e1n<\/strong>, profesor Estudis d&#8217;\u00c0sia Oriental (Universitat Aut\u00f2noma de Barcelona).<\/p>\n\n\n\n<ul class=\"wp-block-list\">\n<li><em>Catalunya-Xina: Interculturalitat i salut<\/em><\/li>\n<\/ul>\n\n\n\n<h3 class=\"wp-block-heading\">24 de abril de 2006<\/h3>\n\n\n\n<p>Professor&nbsp;<strong>Geremie R. Barm\u00e9<\/strong>, Division of Pacific &amp; Asian History, Research School of Pacific and Asian Studies a la Australian National University, Canberra).<\/p>\n\n\n\n<ul class=\"wp-block-list\">\n<li><em>After the Future in China<\/em><\/li>\n<\/ul>\n\n\n\n<h3 class=\"wp-block-heading\">8 de marzo de 2006<\/h3>\n\n\n\n<p>Jornada:&nbsp;<strong><em>Les dones a l&#8217;\u00c0sia Oriental: El g\u00e8nere a l&#8217;\u00c0sia Oriental<\/em>.<\/strong> Coordinada por&nbsp;<strong>Amelia S\u00e1iz<\/strong>. Con las intervenciones siguientes:<\/p>\n\n\n\n<ul class=\"wp-block-list\">\n<li><strong>Muta Kazue<\/strong>, profesora del Dep. Humanities \u014csaka University:\u00a0<em>Las mujeres japonesas en el siglo xx y m\u00e1s all\u00e1\u00a0<\/em><strong>(00:00:00-1:05:25)<\/strong><\/li>\n\n\n\n<li><strong>Seungsook Moon<\/strong>, Vassar College, New York:\u00a0<em>Cambio social y situaci\u00f3n de las mujeres en Corea del Sur: familia, trabajo y pol\u00edtica\u00a0<\/em><strong>(1:05:26-2:08:44)<\/strong><\/li>\n\n\n\n<li><strong>Li Xiaojiang<\/strong>, Dalian University:\u00a0<em>Ganancias y p\u00e9rdidas de las mujeres en la construcci\u00f3n y la transici\u00f3n de la Rep\u00fablica Popular China\u00a0<\/em><strong>(2:08:45)<\/strong><\/li>\n<\/ul>\n\n\n\n<h3 class=\"wp-block-heading\">1 de marzo de 2006<\/h3>\n\n\n\n<p>Professor&nbsp;<strong>Wang Hui<\/strong>, Department of Chinese Language and Literature, Tsinghua University, Beijing:<\/p>\n\n\n\n<ul class=\"wp-block-list\">\n<li><em>La introducci\u00f3n de la modernidad en Asia Oriental<\/em><\/li>\n<\/ul>\n\n\n\n<p>&nbsp;<\/p>\n\n\n\n<h2 class=\"wp-block-heading\">2005, A\u00f1o de Asia Oriental de la&nbsp;UAB<\/h2>\n\n\n\n<h3 class=\"wp-block-heading\">30 de noviembre de 2005<\/h3>\n\n\n\n<p>Jornada:&nbsp;<em>De l&#8217;Orient lluny\u00e0 a l&#8217;Occident lluny\u00e0: la pres\u00e8ncia de l&#8217;\u00c0sia Oriental a l&#8217;Europa Occidental<\/em>, coordinada por&nbsp;<strong>Joaqu\u00edn Beltr\u00e1n<\/strong>. Con las intervenciones siguientes::<\/p>\n\n\n\n<ul class=\"wp-block-list\">\n<li><strong>Park Hwua-Seo<\/strong>, directora del Department of Migrations Studies, Myongji University:\u00a0<em>Xarxes transnacionals coreanes a Europa<\/em><\/li>\n\n\n\n<li><strong>Paul White<\/strong>, Pro-vice-chancellor for learning and teaching, Departament of geography, the University of Sheffield:\u00a0<em>Migraci\u00f3 japonesa a Europa: de l&#8217;institucional a l&#8217;individual<\/em><\/li>\n\n\n\n<li><strong>Frank N. Pieke<\/strong>, Director of the Institute for Chinese Studies, Oxford University:\u00a0<em>Comunitat i identitat en el nou ordre de la migraci\u00f3 xinesa<\/em><\/li>\n\n\n\n<li><strong>Joaqu\u00edn Beltr\u00e1n<\/strong>, Professor Estudis d&#8217;\u00c0sia Oriental,\u00a0UAB:\u00a0<em>El node espanyol a les di\u00e0spores de l&#8217;\u00c0sia Oriental<\/em><\/li>\n\n\n\n<li><strong>Taula rodona<\/strong>:\u00a0<em>Perspectives de futur dels asi\u00e0tics orientals a Europa<\/em><\/li>\n<\/ul>\n\n\n\n<h3 class=\"wp-block-heading\">30 de septiembre de 2005<\/h3>\n\n\n\n<p><strong>Jonathan D. Spence<\/strong>, titular de la c\u00e1tedra Sterling de Historia de la Universidad de Yale. Lecci\u00f3n inaugural del acto de apertura del curso 2005\/2006.<\/p>\n\n\n\n<ul class=\"wp-block-list\">\n<li><em>Shaping China: Is the Past Still Present<\/em><\/li>\n<\/ul>\n\n\n\n<p>&nbsp;<\/p>\n","protected":false},"excerpt":{"rendered":"<p>2024 Seminarios del Grupo de Investigaci\u00f3n InterAsia 2024 (online): China, Taiw\u00e1n y Estados Unidos ante la nueva administraci\u00f3n Trump Xulio R\u00edos, Asesor em\u00e9rito del Observatorio de la Pol\u00edtica China Se\u00e1n Golden, Investigador Asociado Senior del CIDOB y colaborador de Reset DOC Ferr\u00e1n P\u00e9rez Mena, Profesor de Durham University, Reino Unido. Miembro de InterAsia Andr\u00e9s Herrera-Feligreras, [&hellip;]<\/p>\n","protected":false},"author":20,"featured_media":0,"parent":0,"menu_order":0,"comment_status":"closed","ping_status":"closed","template":"","meta":{"footnotes":""},"class_list":["post-139","page","type-page","status-publish","hentry"],"_links":{"self":[{"href":"https:\/\/webs.uab.cat\/interasia\/es\/wp-json\/wp\/v2\/pages\/139","targetHints":{"allow":["GET"]}}],"collection":[{"href":"https:\/\/webs.uab.cat\/interasia\/es\/wp-json\/wp\/v2\/pages"}],"about":[{"href":"https:\/\/webs.uab.cat\/interasia\/es\/wp-json\/wp\/v2\/types\/page"}],"author":[{"embeddable":true,"href":"https:\/\/webs.uab.cat\/interasia\/es\/wp-json\/wp\/v2\/users\/20"}],"replies":[{"embeddable":true,"href":"https:\/\/webs.uab.cat\/interasia\/es\/wp-json\/wp\/v2\/comments?post=139"}],"version-history":[{"count":19,"href":"https:\/\/webs.uab.cat\/interasia\/es\/wp-json\/wp\/v2\/pages\/139\/revisions"}],"predecessor-version":[{"id":1981,"href":"https:\/\/webs.uab.cat\/interasia\/es\/wp-json\/wp\/v2\/pages\/139\/revisions\/1981"}],"wp:attachment":[{"href":"https:\/\/webs.uab.cat\/interasia\/es\/wp-json\/wp\/v2\/media?parent=139"}],"curies":[{"name":"wp","href":"https:\/\/api.w.org\/{rel}","templated":true}]}}