{"id":187,"date":"2017-02-22T11:27:09","date_gmt":"2017-02-22T09:27:09","guid":{"rendered":"https:\/\/webs.uab.cat\/interasia\/organizacion\/"},"modified":"2025-07-21T09:48:10","modified_gmt":"2025-07-21T07:48:10","slug":"organizacion","status":"publish","type":"page","link":"https:\/\/webs.uab.cat\/interasia\/es\/organizacion\/","title":{"rendered":"Organizaci\u00f3n"},"content":{"rendered":"\n<h2 class=\"wp-block-heading\">2025<\/h2>\n\n\n\n<p>Jornada\u00a0\u201c<a href=\"https:\/\/www.ub.edu\/portal\/web\/dp-historia-art\/detall\/-\/detall\/practiques-artistiques-i-comunitat-la-diaspora-xinesa-a-espanya-\" data-type=\"link\" data-id=\"https:\/\/www.ub.edu\/portal\/web\/dp-historia-art\/detall\/-\/detall\/practiques-artistiques-i-comunitat-la-diaspora-xinesa-a-espanya-\">Practicas art\u00edsticas y comunidad: la di\u00e1spora china en Espa\u00f1a<\/a>\u201d (14\/05\/2025), Universitat de Barcelona. Organizada por la Dra.\u00a0Laia Manonelles\u00a0del Departament d&#8217;Hist\u00f2ria de l&#8217;Art de la UB, la Fundaci\u00f3 Institut Confuci de Barcelona, y el\u00a0Grup de Recerca InterAsia, de la UAB.<\/p>\n\n\n\n<h2 class=\"wp-block-heading\">2024<\/h2>\n\n\n\n<p>Jornada\u00a0\u201c<a href=\"https:\/\/www.ub.edu\/portal\/web\/geografia-historia\/detall\/-\/detall\/jornada-fluxos-migratoris-i-identitats-hibrides-xineses-analisis-des-de-la-produccio-cultural-i-la-societat-\" data-type=\"link\" data-id=\"https:\/\/www.ub.edu\/portal\/web\/geografia-historia\/detall\/-\/detall\/jornada-fluxos-migratoris-i-identitats-hibrides-xineses-analisis-des-de-la-produccio-cultural-i-la-societat-\">Flujos migratorios i identitades h\u00edbridas chinas: an\u00e1lisis desde la producci\u00f3n cultural y la sociedad\u00bb<\/a> (08\/05\/2024), Universitat de Barcelona. Organizada por la Dra.\u00a0Laia Manonelles\u00a0del Departament d&#8217;Hist\u00f2ria de l&#8217;Art de la UB, la Fundaci\u00f3 Institut Confuci de Barcelona, y el\u00a0Grup de Recerca InterAsia, de la UAB.<\/p>\n\n\n\n<p>Jornada \u00ab<a href=\"https:\/\/www.ub.edu\/portal\/web\/geografia-historia\/detall\/-\/detall\/jornada-reflexions-sobre-les-representacions-i-contra-representacions-de-la-violencia-masclista-en-la-historia-de-l-art-\" data-type=\"link\" data-id=\"https:\/\/www.ub.edu\/portal\/web\/geografia-historia\/detall\/-\/detall\/jornada-reflexions-sobre-les-representacions-i-contra-representacions-de-la-violencia-masclista-en-la-historia-de-l-art-\">Reflexiones sobre las representaciones y contra-representaciones de la violencia machista en la historia del arte<\/a>\u00bb (13\/11\/2024), Universitat de Barcelona. Co-organizada por la Dra.\u00a0Laia Manonelles\u00a0del Departament d&#8217;Hist\u00f2ria de l&#8217;Art de la UB.<\/p>\n\n\n\n<p>\u201c<a href=\"https:\/\/www.confuciobarcelona.cat\/activitats\/jornada-xina-pacific\" data-type=\"link\" data-id=\"https:\/\/www.confuciobarcelona.cat\/activitats\/jornada-xina-pacific\">China y el Pac\u00edfico: \u00c1rea estrat\u00e9gica del futuro<\/a>\u201d (25\/10\/2024), Universitat de Barcelona. Co-organizada por la Dra.\u00a0Laia Manonelles\u00a0del Departament d&#8217;Hist\u00f2ria de l&#8217;Art de la UB.<\/p>\n\n\n\n<p>\u201c<a href=\"https:\/\/www.youtube.com\/watch?v=XJcPCL2vHqs\" data-type=\"link\" data-id=\"https:\/\/www.youtube.com\/watch?v=XJcPCL2vHqs\">3\u00aa Jornada de investigaci\u00f3n de Asia y Poniente. Relaciones entre China y Europa desde la antig\u00fcedad hasta hoy<\/a>\u201d (21\/11\/2024), Universidad de Alcal\u00e1. Co-organitzada per la Dra.&nbsp;Laia Manonelles&nbsp;del Departament d&#8217;Hist\u00f2ria de l&#8217;Art de la UB.<\/p>\n\n\n\n<h2 class=\"wp-block-heading\">2023<\/h2>\n\n\n\n<p>Jornada\u00a0\u201c<a href=\"https:\/\/www.ub.edu\/portal\/web\/geografia-historia\/detall\/-\/detall\/jornada-invocacion-a-las-mayorias-silenciosas-\" data-type=\"link\" data-id=\"https:\/\/www.ub.edu\/portal\/web\/geografia-historia\/detall\/-\/detall\/jornada-invocacion-a-las-mayorias-silenciosas-\">Invocaci\u00f3n a las mayor\u00edas silenciosas<\/a>\u201d \u00a0(10\/05\/2023), Universitat de Barcelona. Organizada por la Dra.\u00a0Laia Manonelles\u00a0del Departament d&#8217;Hist\u00f2ria de l&#8217;Art de la UB, la Fundaci\u00f3 Institut Confuci de Barcelona, y el\u00a0Grup de Recerca InterAsia, de la UAB.<\/p>\n\n\n\n<p>Jornada \u00ab<a href=\"https:\/\/www.ub.edu\/portal\/web\/geografia-historia\/detall\/-\/detall\/jornada-invocacion-a-las-mayorias-silenciosas-\">Pensamiento cr\u00edtico. Incorporar la interseccionalidad en las narrativas de la Historia del Arte<\/a>\u00bb (29\/11\/2023), Universitat de Barcelona. Co-organizada por la Dra.\u00a0Laia Manonelles\u00a0del Departament d&#8217;Hist\u00f2ria de l&#8217;Art de la UB,<\/p>\n\n\n\n<p>\u201c<a href=\"https:\/\/www.ub.edu\/portal\/web\/geografia-historia\/detall\/-\/detall\/ii-jornada-histories-d-asia-i-ponent-naturalesa-i-esser-huma-en-el-pensament-xines-\" data-type=\"link\" data-id=\"https:\/\/www.ub.edu\/portal\/web\/geografia-historia\/detall\/-\/detall\/ii-jornada-histories-d-asia-i-ponent-naturalesa-i-esser-huma-en-el-pensament-xines-\">2a jornada Historias de Asia y Poniente. Naturaleza y ser humano en el pensamiento chino<\/a>\u201d (20\/10\/2023), Universitat de Barcelona. Co-organizada por la Dra.\u00a0Laia Manonelles\u00a0del Departament d&#8217;Hist\u00f2ria de l&#8217;Art de la UB.<\/p>\n\n\n\n<h2 class=\"wp-block-heading\">2022<\/h2>\n\n\n\n<p><strong><a href=\"https:\/\/webs.uab.cat\/migracioneschinas\/\">III Seminari internacional sobre migracions xineses a Espanya<\/a><\/strong>. 15 y 16 de diciembre de 2022. Universitat Aut\u00f2noma de Barcelona. Organizado por Grupo de Investigaci\u00f3n InterAsia, Centre d\u2019Estudis i Recerca sobre \u00c0sia Oriental \u2013 CERAO, Departament de Traducci\u00f3 i d\u2019Interpretaci\u00f3 i d\u2019Estudis de l\u2019\u00c0sia Oriental<br>Universitat Aut\u00f2noma de Barcelona.<\/p>\n\n\n\n<h2 class=\"wp-block-heading\">2021<\/h2>\n\n\n\n<p>Jornada \u00ab<strong><a href=\"https:\/\/www.ub.edu\/portal\/web\/dp-historia-art\/detall\/-\/detall\/jornada-re-escriure-la-historia-la-produccio-cultural-xinesa-en-un-context-transnacional-12-de-maig\">Re-escribir la historia: la producci\u00f3n cultural china en un contexto transnacional<\/a><\/strong>\u00ab. Mi\u00e9rcoles 12 de mayo. Organizada por la Dra.&nbsp;Laia Manonelles&nbsp;del Departamento de Historia del Arte de la UB, la Fundaci\u00f3 Institut Confuci de Barcelona y el&nbsp;Grupo de Investigaci\u00f3n InterAsia, de la UAB.&nbsp;<\/p>\n\n\n\n<h2 class=\"wp-block-heading\"><strong>2019<\/strong><\/h2>\n\n\n\n<p><strong><a href=\"https:\/\/www.uab.cat\/doc\/asiaoriental\">Seminario internacional. Asia Oriental: paradigmas emergentes, pol\u00edtica(s), din\u00e1micas socioculturales y us consecuencias<\/a><\/strong> Seminario organizado&nbsp;por&nbsp;el Grupo de investigaci\u00f3n Interasia,&nbsp;&nbsp;el Centre d&#8217;Estudis i Recerca sobre \u00c0sia Oriental &#8211; CERAO, Departament de Traducci\u00f3 i d&#8217;Interpretaci\u00f3 i d0Estudis de l&#8217;\u00c0sia Oriental&nbsp;con la colaboraci\u00f3n del&nbsp;CIDOB-Barcelona Centre for International Affairs. 17 diciembre&nbsp;2019&nbsp;<\/p>\n\n\n\n<p>Panel: Sesi\u00f3n F6.1 Simposio:<strong> La presencia china en la producci\u00f3n cultural espa\u00f1ola<\/strong>. Coordinadora: Amelia S\u00e1iz. <em>IX Congreso de Migraciones 2019 \u201cFronteras, exclusiones y movilidades\u201d<\/em>. Universitat Aut\u00f3noma de Barcelona, 6 de septiembre de 2019<\/p>\n\n\n\n<h2 class=\"wp-block-heading\"><strong>2018<\/strong><\/h2>\n\n\n\n<p>Jornada <a href=\"https:\/\/www.uab.cat\/web\/newsroom\/news-detail\/xina-en-l-8217-art-i-la-produccio-cultural-contemporania-mes-enlla-de-les-fronteres-1345668003610.html?noticiaid=1345756587085\"><strong>Xina en l\u2019art i la producci\u00f3n cultural contempor\u00e0nia: M\u00e9s enll\u00e0 de les fronteres<\/strong>.<\/a> Organizada por Laia Manonelles. Universitat de Barcelona, 16 de mayo de 2018<\/p>\n\n\n\n<p>Panel: <strong>Chinese Migration to Europe: Identities and Belonging<\/strong>, organizado por Sofia Gaspar. <em>22th Biennial Conference of the European Association for Chinese Studies: \u201cChina and the World: The Mapping of Exchange (EACS 2018 Glasgow)<\/em>. University of Glasgow, 29 Agosto-1 Septiembre, 2018<\/p>\n\n\n\n<p><strong>3rd CERPE Workshop \u201cChinese in&nbsp;Europe: New Mobilities and Developments\u201d<\/strong>. Organizado por Joaqu\u00edn Beltr\u00e1n e Irene Masdeu, CERAO-UAB. Colaboran: Fundaci\u00f3n CIDOB y Fundaci\u00f3n Instituto Confucio de Barcelona, Barcelona, 22-24 de noviembre de 2018<\/p>\n\n\n\n<h2 class=\"wp-block-heading\"><strong>2017<\/strong><\/h2>\n\n\n\n<p>Panel: &nbsp;<strong>Interculturality and mobilities. The imaginary of China\/Chineseness in cultural production<\/strong>. &nbsp;Coordinadora: Amelia S\u00e1iz L\u00f3pez. <em>6th French Network for Asian Studies International Conference (FNASIC)<\/em>. Par\u00eds, 27 de junio 2017<\/p>\n\n\n\n<p>International Workshop: <strong>El videojoc com a objecte de recerca: Estat de la q\u00fcesti\u00f3<\/strong>. Organizado por Tom\u00e1s Grau de Pablos, Grupo de investigaci\u00f3n InterAsia, CERAO-UAB. &nbsp;Facultat de Ci\u00e8ncies de l\u2019Educaci\u00f3, 30 de junio de 2017<\/p>\n\n\n\n<p><strong>II Seminario internacional sobre migraciones chinas en Espa\u00f1a<\/strong>, Organizado por Joaqu\u00edn Beltr\u00e1n e Irene Masdeu, Grupo de investigaci\u00f3n InterAsia, CERAO-UAB, 13 y 14 de julio de 2017<\/p>\n\n\n\n<p>Panel: SESSION 6 <strong>Migration and Occupational Strategies<\/strong>. <em>2nd CERPE Workshop on \u201cRising China and Chinese Migrants in Europe: A Sino-European Interdisciplinary Approach to Chinese Mobility\u201d<\/em>. Jinan University, Guangzhou, 12-15 November, 2017<\/p>\n\n\n\n<h2 class=\"wp-block-heading\"><strong>2016<\/strong><\/h2>\n\n\n\n<p><strong>I Simposio Internacional de Estudios Japoneses: Pol\u00edtica, econom\u00eda y sociedad:&nbsp;Challenges of Japan\u2019s Foreign Policy in Asia Pacific<\/strong>. Organizado por Artur Lozano, CERAO-UAB&nbsp; y &nbsp;CIDOB, con el apoyo del Consulado General de Jap\u00f3n en Barcelona y la colaboraci\u00f3n de Japan Airlines (JAL). Barcelona, 10 de marzo de 2016.<\/p>\n\n\n\n<p>Panel: <strong>Representaciones e im\u00e1genes de China en la producci\u00f3n cultural<\/strong>. Coordinadora: Amelia S\u00e1iz L\u00f3pez. &nbsp;<em>V Foro Espa\u00f1ol de Investigaci\u00f3n en Asia-Pac\u00edfico<\/em>, Barcelona, 27 de junio de 2016<\/p>\n\n\n\n<p>15\u201317 December 2016 _ International Symposium: <strong>Yeats &amp; Asia. Imagining Asia through Yeats, Imagining Yeats through Asia<\/strong>, organizado por Sean Golden, East Asian Studies &amp; Research Centre of the Universitat Aut\u00f2noma de Barcelona on behalf of the International Yeats Society in collaboration with the EU-China: Culture &amp; Economy Masters degree, Blue Raincoat Theatre Company, Cultura en Viu, and the Inter-Asia-Research Group<\/p>\n\n\n\n<h2 class=\"wp-block-heading\"><strong>2015<\/strong><\/h2>\n\n\n\n<p><strong>Manonelles Moner, Laia<\/strong>. Organizaci\u00f3n del panel: \u201cAn Approach to the Reception of Cultural Production and the Construction of \u2018Representations\u2019 of China in Spain.\u201d&nbsp;<a href=\"https:\/\/congresasie2015.sciencesconf.org\/\" target=\"_blank\" rel=\"noopener\"><em>5\u00b0 Congr\u00e8s des Etudes Asie &amp; Pacifique<\/em><\/a><em>,<\/em>&nbsp;GIS Asie,&nbsp;R\u00e9seau Asie &amp; Pacifique,&nbsp;National Institute of Oriental Languages and Civilizations,&nbsp;Par\u00eds, 11 de septiembre de 2015.<\/p>\n\n\n\n<h2 class=\"wp-block-heading\"><strong>2014<\/strong><\/h2>\n\n\n\n<p><strong>Guarn\u00e9, Blai<\/strong>.&nbsp;Chair, panel session \u201cMedia and Gender.\u201d&nbsp;<em>14<\/em><em><sup>th<\/sup><\/em><em>&nbsp;International Conference of the EAJS (European Association for Japanese Studies)<\/em>, Ljubljana (Slovenia).&nbsp; 27-30 de agosto de 2014.&nbsp;<\/p>\n\n\n\n<p><strong>Lozano-M\u00e9ndez, Artur<\/strong>.&nbsp;Co-organizaci\u00f3n del panel: \u201cThe Coming of (Digital) Age of Postmodernity in Japanese Visual Media (1995).\u201d&nbsp;<em><a href=\"https:\/\/projects.iq.harvard.edu\/kinemaclub13\" target=\"_blank\" rel=\"noopener\">Kinema Club Conference XIII<\/a><\/em>. Edwin O. Reischauer Institute of Japanese Studies. Harvard University, Cambridge (MA, USA), 17-18 de enero de&nbsp;2014.<\/p>\n\n\n\n<h2 class=\"wp-block-heading\"><strong>2013<\/strong><\/h2>\n\n\n\n<p><strong>Lozano-M\u00e9ndez, Artur;<\/strong><strong>&nbsp;Guarn\u00e9, Blai<\/strong>. Co-organizaci\u00f3n del panel: \u00ab<a href=\"http:\/\/www.nomadit.co.uk\/iuaes\/iuaes2013\/panels.php5?PanelID=1491\" target=\"_blank\" rel=\"noopener\">Disjoining approaches: tropes, hubs, and production of knowledge on East Asia G23<\/a>.\u00bb <em>International Union of Anthropological and Ethnological Studies (IUAES 2013)<\/em>. Manchester, Regne Unit, 8 de agosto&nbsp;de 2013.<\/p>\n\n\n\n<p><strong>Ortells-Nicolau, Xavier<\/strong>. Organizaci\u00f3n del panel: \u201cRuins, Heritage, and Monumentality in China.\u201d&nbsp;<em>8th International Convention of Asia Scholars (ICAS).<\/em>&nbsp;Macau (Xina), 24-27 de junio de&nbsp;2013.<\/p>\n\n\n\n<h2 class=\"wp-block-heading\"><strong>2012<\/strong><\/h2>\n\n\n\n<p><strong>Guarn\u00e9 Cabello, Blai<\/strong>. Chair, panel session at the&nbsp;<em>III International Symposium for Young Researchers in Translation, Interpreting, Intercultural Studies and East Asian Studies<\/em>, Facultat de Traducci\u00f3 i Interpretaci\u00f3, Universitat Aut\u00f2noma de Barcelona, 29 de junio de 2012.<\/p>\n\n\n\n<h2 class=\"wp-block-heading\"><strong>2011<\/strong><\/h2>\n\n\n\n<p><strong>Lozano M\u00e9ndez, Artur<\/strong>. Co-organizaci\u00f3n del panel:&nbsp;\u201cPolitics of cultural production: memory and representation.\u201d&nbsp;<em><a href=\"https:\/\/www.eajs.eu\/?id=305\" target=\"_blank\" rel=\"noopener\">13th International Conference of the European Association of Japanese Studies<\/a>.<\/em>&nbsp;Tallinn University, Tallinn, Estonia,&nbsp;24-27 de agosto de 2011.<\/p>\n\n\n\n<h2 class=\"wp-block-heading\"><strong>2010<\/strong><\/h2>\n\n\n\n<p><strong>Guarn\u00e9 Cabello, Blai<\/strong>. Co-organizaci\u00f3n del panel: \u201cPolitics of Migration in the Age of Global Cultural Circulation: Japan as an Ethnographic Focus.\u201d&nbsp;<em>109th AAA (American Anthropological Association), Annual Meeting<\/em>. New Orleans (US), 17-21 de noviembre de&nbsp;2010.<\/p>\n\n\n\n<p><strong>Guarn\u00e9 Cabello, Blai<\/strong>. Chair del panel:&nbsp;\u201cEscaping Japan: Inside and Outside.\u201d&nbsp;<em>109th AAA (American Anthropological Association), Annual Meeting<\/em>. New Orleans (US), 17-21 de noviembre de&nbsp;2010.<\/p>\n\n\n\n<p><strong>Golden, Se\u00e1n<\/strong>. Co-organizaci\u00f3n del panel: \u00abAsia-Europe Workshop: Who should pay for higher education?\u00bb&nbsp;<em><a href=\"http:\/\/www.asef.org\/projects\/themes\/economy\/2272-4th-connecting-civil-societies-of-asia-and-europe\" target=\"_blank\" rel=\"noopener\">4th Connecting Civil Societies of Asia and Europe: Changing Challenges<\/a>, New Ideas (An official side-event of the ASEM8 Summit)<\/em>, Brussels (Belgium),&nbsp;2-3 de&nbsp;octubre de 2010.<\/p>\n\n\n\n<p><strong>Guarn\u00e9 Cabello, Blai<\/strong>. Chair y&nbsp;convenor del panel: \u201cEast Asian Imaginings: (Trans)national Scenarios and Global Crisis.\u201d&nbsp;<em><a href=\"http:\/\/www.easaonline.org\/conferences\/easa2010\/\" target=\"_blank\" rel=\"noopener\">11th European Association of Social Anthropologists-EASA Biennial Conference: Crisis and Imagination<\/a><\/em>. Maynooth (Irlanda), 25 de&nbsp;agosto de 2010.<\/p>\n\n\n\n<p><strong>Guarn\u00e9 Cabello, Blai.<\/strong>&nbsp;Chair del panel: \u201cAnthropology, Archaeology, Cultural Studies and Humanities.\u201d&nbsp;<em>Asian Conference on the Social Sciences 2010<\/em>. Osaka (Jap\u00f3), 18 de&nbsp;junio&nbsp;de 2010.<\/p>\n\n\n\n<p><strong>Mas L\u00f3pez, Jordi<\/strong>. Miembro&nbsp;del comit\u00e9&nbsp;organizador y&nbsp;del comit\u00e9&nbsp;cient\u00edfico de la&nbsp;<em>Jornada La Tanka Catalana<\/em>, celebrada en&nbsp;la Facultat de Traducci\u00f3 i d\u2019Interpretaci\u00f3 de la Universitat Aut\u00f2noma de Barcelona (Cerdanyola del Vall\u00e8s, 19 de marzo&nbsp;de&nbsp;2010).<\/p>\n\n\n\n<p><strong>Guarn\u00e9 Cabello, Blai<\/strong>. Chair y&nbsp;organizador del panel: \u201cEscaping \u2018Japan\u2019: Integration, Dissidence and Location.\u201d&nbsp;<em>20th Japan Anthropology Workshop (JAWS) Conference<\/em>. University of Texas at Austin (US), marzo&nbsp;de 2010.<\/p>\n\n\n\n<h2 class=\"wp-block-heading\"><strong>2009<\/strong><\/h2>\n\n\n\n<p><strong>Guarn\u00e9 Cabello, Blai<\/strong>. Chair y&nbsp;organizador de la Sesi\u00f3n Plenaria: \u201cCultural Essentialism in the Anthropology of Japan.\u201d&nbsp;<a href=\"http:\/\/www.tuj.ac.jp\/events\/2009\/1107.html\" target=\"_blank\" rel=\"noopener\"><em>12th Annual Conference of the Anthropology of Japan in Japan (AJJ):&nbsp;Civil Society and Citizenship in MultiNational\/MultiCultural Japan<\/em><\/a>. Institute of Contemporary Japanese Studies, Temple University, Tokyo (Jap\u00f3n), 7-8 de noviembre de 2009.<\/p>\n\n\n\n<p><strong>Guarn\u00e9 Cabello, Blai<\/strong>. Chair del panel: \u201cImages of East and West.\u201d<em>&nbsp;ICAS 6: The Sixth International Convention of Asia Scholars (ICAS)<\/em>, Daejeon (Korea), 6-9 de&nbsp;agosto de 2009.<\/p>\n","protected":false},"excerpt":{"rendered":"<p>2025 Jornada\u00a0\u201cPracticas art\u00edsticas y comunidad: la di\u00e1spora china en Espa\u00f1a\u201d (14\/05\/2025), Universitat de Barcelona. Organizada por la Dra.\u00a0Laia Manonelles\u00a0del Departament d&#8217;Hist\u00f2ria de l&#8217;Art de la UB, la Fundaci\u00f3 Institut Confuci de Barcelona, y el\u00a0Grup de Recerca InterAsia, de la UAB. 2024 Jornada\u00a0\u201cFlujos migratorios i identitades h\u00edbridas chinas: an\u00e1lisis desde la producci\u00f3n cultural y la sociedad\u00bb [&hellip;]<\/p>\n","protected":false},"author":20,"featured_media":0,"parent":0,"menu_order":0,"comment_status":"closed","ping_status":"closed","template":"","meta":{"footnotes":""},"class_list":["post-187","page","type-page","status-publish","hentry"],"_links":{"self":[{"href":"https:\/\/webs.uab.cat\/interasia\/es\/wp-json\/wp\/v2\/pages\/187","targetHints":{"allow":["GET"]}}],"collection":[{"href":"https:\/\/webs.uab.cat\/interasia\/es\/wp-json\/wp\/v2\/pages"}],"about":[{"href":"https:\/\/webs.uab.cat\/interasia\/es\/wp-json\/wp\/v2\/types\/page"}],"author":[{"embeddable":true,"href":"https:\/\/webs.uab.cat\/interasia\/es\/wp-json\/wp\/v2\/users\/20"}],"replies":[{"embeddable":true,"href":"https:\/\/webs.uab.cat\/interasia\/es\/wp-json\/wp\/v2\/comments?post=187"}],"version-history":[{"count":9,"href":"https:\/\/webs.uab.cat\/interasia\/es\/wp-json\/wp\/v2\/pages\/187\/revisions"}],"predecessor-version":[{"id":2163,"href":"https:\/\/webs.uab.cat\/interasia\/es\/wp-json\/wp\/v2\/pages\/187\/revisions\/2163"}],"wp:attachment":[{"href":"https:\/\/webs.uab.cat\/interasia\/es\/wp-json\/wp\/v2\/media?parent=187"}],"curies":[{"name":"wp","href":"https:\/\/api.w.org\/{rel}","templated":true}]}}