{"id":316,"date":"2017-04-27T18:00:07","date_gmt":"2017-04-27T16:00:07","guid":{"rendered":"https:\/\/webs.uab.cat\/interasia\/congresos-0\/"},"modified":"2017-04-27T18:00:07","modified_gmt":"2017-04-27T16:00:07","slug":"congresos-0","status":"publish","type":"page","link":"https:\/\/webs.uab.cat\/interasia\/es\/congresos-0\/","title":{"rendered":"Congresos"},"content":{"rendered":"<h3 class=\"rtejustify\"><strong>2016<\/strong><\/h3>\n<p class=\"rtejustify\"><span style=\"background-color:#FFA500\">Beltr\u00e1n Antol\u00edn, Joaqu\u00edn. \u201cSinidad global. Ra\u00edces y nuevos brotes de la poblaci\u00f3n china en Latinoam\u00e9rica y Espa\u00f1a.\u201d&nbsp;Ponencia en el <\/span><em><span style=\"background-color:#FFA500\">I Simposio Internacional sobre el Confucianismo \u2013 Di\u00e1logos entre Civilizaciones de China y Am\u00e9rica Latina<\/span><\/em><span style=\"background-color:#FFA500\">. Organizado por la Asociaci\u00f3n Internacional de Confucio, Universidad San Martin de Porres de Per\u00fa y Sociedad Central de Beneficencia China. Lima, 9-11 de diciembre de 2016.<\/span><\/p>\n<p class=\"rtejustify\"><span style=\"background-color:#FFA500\">Beltr\u00e1n Antol\u00edn, Joaqu\u00edn, y&nbsp;Amelia S\u00e1iz L\u00f3pez.&nbsp;\u201cLa imagen de la empresa china en Espa\u00f1a: de la \u00e9tica del esfuerzo a la econom\u00eda criminal.\u201d <\/span><em><span style=\"background-color:#FFA500\">III Jornada Empresariat \u00e8tnic i crisi econ\u00f2mica<\/span><\/em><span style=\"background-color:#FFA500\">. <\/span><a href=\"http:\/\/www.egolab.cat\/\"><span style=\"background-color:#FFA500\">Grup de Recerca en Antropologia Fonamental i Orientada (GRAFO)<\/span><\/a><span style=\"background-color:#FFA500\">. Universitat Aut\u00f3noma de Barcelona, 3 de diciembre de 2012.<\/span><\/p>\n<p class=\"rtejustify\">Beltr\u00e1n Antol\u00edn, Joaqu\u00edn. \u201cDesarrollo social chino: Xiaokang entre el bienestar y el malestar social.\u201d&nbsp;en el panel 4. \u00abDesarrollo social\u00bb,&nbsp;<em>Foro Europeo sobre el Modelo de Desarrollo Chino 2016, Espa\u00f1a: Los Cinco Conceptos de Desarrollo y la Ruta China<\/em>. Barcelona, 10 de octubre de 2016.<\/p>\n<p class=\"rtejustify\">Beltr\u00e1n Antol\u00edn, Joaqu\u00edn. \u201cChinos en el teatro espa\u00f1ol. Interculturalidad y representaci\u00f3.\u00bb&nbsp;<em>V Foro Espa\u00f1ol de Investigaci\u00f3n en Asia-Pac\u00edfico<\/em>. Barcelona, 27 de junio de 2016.<\/p>\n<p class=\"rtejustify\">Golden, Se\u00e1n. \u00abA Discourse Analysis of the Official and Non-official Communiocation of Ecological Risk and its Subsequent Management in the PRC.\u00bb <a href=\"http:\/\/www6.cityu.edu.hk\/hkaics\/activities\/20121108eaf\/e_info.html\"><em>Second Asia-Europe Forum on Methods and Perspectives of Risk Analysis.<\/em><\/a> Hong Kong Advanced Institute for Cross-Disciplinary Studies, City University of Hong Kong, 8-9 de noviembre de 2012.<\/p>\n<p class=\"rtejustify\">Masdeu Torruella, Irene. \u201cBack to China: Transnational ties upon return.\u201d<em> <\/em><a href=\"http:\/\/qiaoxiang.wyu.edu.cn\/xsyh\/201071510483165389.htm\"><em>International Conference on International Migration and Qiaoxiang Studies<\/em><\/a>. Wuyi University, PR China, 19-21 de noviembre de&nbsp;2012.<\/p>\n<p class=\"rtejustify\">Ortells-Nicolau, Xavier. \u00abRecycling Patrimony: Cultural Negotiations of Chinese Material Heritage.\u00bb <em>East Asian Architectural Conference (EAAC) 2012,<\/em><a href=\"http:\/\/www.arch.cuhk.edu.hk\/eaac2012.html\"><em> Convergence in Divergence: Contemporary Challenges in East Asian Architectural Studies<\/em><\/a>. School of Architecture, Chinese University of Hong Kong, 10-12 de diciembre de 2012.<\/p>\n<p class=\"rtejustify\">&nbsp;<\/p>\n<h3 class=\"rtejustify\"><strong>2015<\/strong><\/h3>\n<p class=\"rtejustify\">Aarab, Rachid.&nbsp;\u00abEl r\u00e9gimen pol\u00edtico catar\u00ed y la gobernanza de Qatar Petroleum.\u00bb&nbsp;<em>XVIII Encuentro del Foro de Investigaci\u00f3n sobre el Mundo \u00c1rabe y Musulm\u00e1n<\/em>, Universidad Pablo de Olavide, 11-12 de junio de 2015.&nbsp;<\/p>\n<p class=\"rtejustify\"><span style=\"background-color:#FFA500\">Beltr\u00e1n Antol\u00edn, Joaqu\u00edn.&nbsp;\u201cEl imaginario chino en la cultura popular espa\u00f1ola versus la producci\u00f3n art\u00edstica china en Espa\u00f1a.\u201d&nbsp;Jornada <\/span><a href=\"http:\/\/www.ub.edu\/facgh\/infogih\/wp-content\/uploads\/2015\/11\/prod-cultural-xinesa.png\" target=\"_blank\" rel=\"noopener\"><em><span style=\"background-color:#FFA500\">La producci\u00f3 cultural xinesa i l\u2019imaginari xin\u00e8s en el marc global: reescriure l&#8217;hist\u00f2ria des de la praxi art\u00edstica<\/span><\/em><\/a><span style=\"background-color:#FFA500\">. Organizada Grupo de Investigaci\u00f3n InterAsia, Laia Manonelles, Departament d\u2019Hist\u00f2ria de l\u2019Art, Universitat de Barcelona. Barcelona, 11 de noviembre de 2015.<\/span><\/p>\n<p class=\"rtejustify\"><span style=\"background-color:#FFA500\">Beltr\u00e1n Antol\u00edn, Joaqu\u00edn.&nbsp;\u201c\u00bf<\/span><em><span style=\"background-color:#FFA500\">Terra incognita, terra hostilis<\/span><\/em><span style=\"background-color:#FFA500\">? El trabajo de campo en tiempos dif\u00edciles.\u201d<\/span><strong><span style=\"background-color:#FFA500\">&nbsp;<\/span><\/strong><span style=\"background-color:#FFA500\">Taller internacional de investigaci\u00f3n <\/span><em><a href=\"http:\/\/www.uab.cat\/web\/noticies\/detall-noticia-1244182987898.html?noticiaid=1345692665787\" target=\"_blank\" rel=\"noopener\"><span style=\"background-color:#FFA500\">Trabajo de campo en Asia: experiencias y reflexiones<\/span><\/a><span style=\"background-color:#FFA500\">,<\/span><\/em><span style=\"background-color:#FFA500\"> organizado por Centro de Estudios e Investigaci\u00f3n sobre Asia Oriental. Grupo de Investigaci\u00f3n InterAsia. Universitat Aut\u00f2noma de Barcelona, 26 de octubre de 2015.&nbsp;<\/span><\/p>\n<p class=\"rtejustify\">Beltr\u00e1n Antol\u00edn, Joaqu\u00edn.&nbsp;\u201cLa presencia china en el cine y teleseries espa\u00f1olas: del estereotipo a la acomodaci\u00f3n.\u201d&nbsp;<a href=\"http:\/\/congresoiec.org\/\" target=\"_blank\" rel=\"noopener\"><em>II Congreso Iberoamericano de Estudios Chinos<\/em><\/a>, organizado por la Fundaci\u00f3n Instituto Confucio de Barcelona Instituto Confucio de Universitat de Valencia y Instituto Confucio de Universidad Nacional La Plata. Barcelona, 25-26 de junio de 2015.<\/p>\n<p class=\"rtejustify\"><span style=\"background-color:#FFA500\">Beltr\u00e1n Antol\u00edn, Joaqu\u00edn.&nbsp;\u201cChina en Espa\u00f1a: un tropo polivalente.\u201d&nbsp;<\/span><em><a href=\"http:\/\/file:\/\/\/E:\/Junk\/2015_Programa%20SEMINARI%20InterAsia%20CIDOB_Revis.pdf\" target=\"_blank\" rel=\"noopener\"><span style=\"background-color:#FFA500\">Seminario Internacional El impacto de Asia Oriental en el contexto espa\u00f1ol: producci\u00f3n cultural, pol\u00edtica(s) y sociedad<\/span><\/a><span style=\"background-color:#FFA500\">.<\/span><\/em><span style=\"background-color:#FFA500\"> Barcelona, Fundaci\u00f3n CIDOB,&nbsp;5 de marzo de 2015.<\/span><\/p>\n<p class=\"rtejustify\">Beltr\u00e1n Antol\u00edn, Joaqu\u00edn.&nbsp;\u201cBarcelona-Corea: del conocimiento a la investigaci\u00f3n.\u201d&nbsp;en la Sesi\u00f3n 3: Proyectos para el desarrollo de los Estudios Coreanos en el mundo latino, en el <a href=\"http:\/\/www.uma.es\/oficinapuentecorea\/noticias\/i-encuentro-iberoamericano-de-estudios-coreanos\/\" target=\"_blank\" rel=\"noopener\"><em>I Encuentro Iberoamericano de Estudios Coreanos<\/em><\/a>. Universidad de M\u00e1laga, 6 de febrero de 2015.<\/p>\n<p class=\"rtejustify\"><span style=\"background-color:#FFA500\">Feliu, Laura, i&nbsp;M\u00aa Angustias&nbsp;Parejo Fern\u00e1ndez. \u201cIdentity and politics: the role of Sahrawi members of Moroccan parliament in the Western Sahara conflict.\u201d&nbsp;<\/span><em><span style=\"background-color:#FFA500\">International Seminar on Western Sahara<\/span><\/em><span style=\"background-color:#FFA500\">, Granada (Espanya), 30 de octubre de 2015.<\/span><\/p>\n<p class=\"rtejustify\"><span style=\"background-color:#FFA500\">Feliu, Laura.&nbsp;\u201cEl concepto de terrorismo en Espa\u00f1a y la Uni\u00f3n Europea. Implicaciones para el Derecho.\u201d <\/span><em><a href=\"http:\/\/www.aepdiri.org\/images\/actividades\/8783_Indice.pdf\" target=\"_blank\" rel=\"noopener\"><span style=\"background-color:#FFA500\">XXVI Jornadas de la Asociaci\u00f3n Espa\u00f1ola de Profesores de Derecho Internacional y Relaciones Internacionales <\/span><\/a><\/em><a href=\"http:\/\/www.aepdiri.org\/images\/actividades\/8783_Indice.pdf\" target=\"_blank\" rel=\"noopener\"><em><span style=\"background-color:#FFA500\">(AEPDIRI)&nbsp;<\/span><\/em><\/a><em><span style=\"background-color:#FFA500\">Espa\u00f1a y la Uni\u00f3n Europea en el orden internacional<\/span><\/em><span style=\"background-color:#FFA500\">, Sevilla, 15-16 de octubre de 2015.<\/span><\/p>\n<p class=\"rtejustify\">Feliu, Laura i&nbsp;Francesc&nbsp;Serra Massansalvador. \u201cMulti-level Parliamentary Diplomacy and Human Rights in the Mediterranean: Europe, Spain and Catalonia.\u201d <em>Security and International Relations after the Arab Spring<\/em>,&nbsp;Euro-Med, Broader Middle East And North Africa (BMENA)&nbsp;Society, Politics, Economy, Rhodes (Gr\u00e8cia), 15 de mayo de 2015.<\/p>\n<p class=\"rtejustify\"><span style=\"background-color:#FFA500\">Fukuda, Makiko.&nbsp;\u201cActituds ling\u00fc\u00edstiques de les fam\u00edlies a l\u2019Escola Complement\u00e0ria de la llengua japonesa de Barcelona.\u201d&nbsp;<\/span><em><a href=\"http:\/\/nacs.espais.iec.cat\/15th-international-colloquium-of-the-north-american-catalan-society\/\" target=\"_blank\" rel=\"noopener\"><span style=\"background-color:#FFA500\">15th International Colloquium of the North American Catalan Society<\/span><\/a><\/em><span style=\"background-color:#FFA500\">, 29-30 de junio y&nbsp;1 de julio de 2015.<\/span><\/p>\n<p class=\"rtejustify\"><span style=\"background-color:#FFA500\">Fukuda, Makiko.&nbsp;\u201cLes representacions ling\u00fc\u00edstiques de fam\u00edlies transnacionals a Barcelona: valors transferits i valors en transici\u00f3.\u201d <\/span><em><a href=\"http:\/\/nacs.espais.iec.cat\/15th-international-colloquium-of-the-north-american-catalan-society\/\" target=\"_blank\" rel=\"noopener\"><span style=\"background-color:#FFA500\">15th International Colloquium of the North American Catalan Society<\/span><\/a><\/em><span style=\"background-color:#FFA500\">, 29-30 de junio y&nbsp;1 de julio de 2015.<\/span><\/p>\n<p class=\"rtejustify\">Fukuda, Makiko.&nbsp;\u201cVida ling\u00fc\u00edstica de los japoneses expatriados en los pa\u00edses no angl\u00f3fonos: los casos de Barcelona y Madrid.\u201d&nbsp;<a href=\"http:\/\/aesla2015.tucongreso.es\/es\/presentacion\" target=\"_blank\" rel=\"noopener\"><em>XXXIII AESLA International Conference<\/em><\/a>, Madrid, 16-18 de abril de&nbsp;2015.<\/p>\n<p class=\"rtejustify\">Fukuda, Makiko.&nbsp;\u201cChallenges and needs in the language education in an expatriate school in a bilingual society: case study of Japanese School of Barcelona.\u201d <a href=\"https:\/\/www.um.edu.mt\/events\/bilingualism2015\"><em>International Conference on Bilingualism<\/em><\/a>, La Valetta (Malta), 23-25 de marzo, 2015.<\/p>\n<p class=\"rtejustify\"><span style=\"background-color:#FFA500\">Fukuda, Makiko,\u300c\u4e8c\u8a00\u8a9e\u4f75\u7528\u793e\u4f1a\u306b\u304a\u3051\u308b\u65e5\u672c\u8a9e\u7d99\u627f\uff1aFamily Language Policy \u306e\u8996\u70b9\u304b\u3089\u300d(Transmisi\u00f3n de la lengua japonesa en una sociedad biling\u00fce: desde un punto de vista de <\/span><em><span style=\"background-color:#FFA500\">Family Language Policy<\/span><\/em><span style=\"background-color:#FFA500\">), en <\/span><em><span style=\"background-color:#FFA500\">Jornada de Estudios de Asia Oriental: Jap\u00f3n en el punto de mira<\/span><\/em><span style=\"background-color:#FFA500\">, UAB, Barcelona, 6 de marzo de 2015.<\/span><\/p>\n<p class=\"rtejustify\">Fukuda, Makiko.&nbsp;\u201cL&#8217;ensenyament del japon\u00e8s com a llengua d\u2019her\u00e8ncia a Catalunya.\u201d<em>&nbsp;<a href=\"https:\/\/www.cidob.org\/actividades\/regiones\/asia\/seminario_internacional_el_impacto_de_asia_oriental_en_el_contexto_espanol_produccion_cultural_politica_s_y_sociedad\" target=\"_blank\" rel=\"noopener\">El impacto de Asia Oriental en el contexto espa\u00f1ol: producci\u00f3n cultural, pol\u00edtica(s) y sociedad<\/a>.<\/em> Barcelona, Fundaci\u00f3n CIDOB,&nbsp;5 de marzo de 2015.<\/p>\n<p class=\"rtejustify\"><span style=\"background-color:#FFA500\">Fukuda, Makiko.&nbsp;\u201cLanguage transmission in a double minority context: family language policy in Japanese-Catalan\/Spanish families in Catalonia.\u201d&nbsp;Jornada de trabajo del proyecto Globlinmed <\/span><a href=\"http:\/\/www.ub.edu\/plurilingualfamilies\/workshop-plurilingual-families-in-medium-sized-linguistic-communities-3\/\" target=\"_blank\" rel=\"noopener\"><em><span style=\"background-color:#FFA500\">Plurilingual families in medium sized linguistic communities<\/span><\/em><\/a><span style=\"background-color:#FFA500\">.&nbsp;Universitat de Barcelona, Barcelona, 6 de febrero de 2015. <\/span><\/p>\n<p class=\"rtejustify\">Golden, Se\u00e1n.&nbsp;\u00abThe Ghost of Fenollosa in the Wings of the Abbey.\u00bb&nbsp;<a href=\"http:\/\/www.iasil.org\/2015\/10\/first-annual-conference-of-the-international-yeats-society\/\" target=\"_blank\" rel=\"noopener\"><em>1st annual conference of the International Yeats Society.&nbsp;A Writer Young and Old: Yeats at 150<\/em><\/a>, University of Limerick, 15-18 de octubre de 2015.<\/p>\n<p class=\"rtejustify\">Golden, Se\u00e1n.&nbsp;\u00abJapan for Sligo via W.B. Yeats and Ernest Fenollosa.\u00bb&nbsp;<em><a href=\"http:\/\/yeats2015.com\/japan-for-sligo-via-w-b-yeats-and-ernest-fenollosa\/\" target=\"_blank\" rel=\"noopener\">Japan for Sligo via Yeats and Fenollosa: Common traditions, mutual innovations<\/a><\/em>, Sligo (Ireland), 10-13 de octubre de 2015.<\/p>\n<p class=\"rtejustify\">Golden, Se\u00e1n.&nbsp;\u00abRapporteur, Panel 3.&nbsp;Governing the Party according to rules: state laws and Party Disciplines?\u00bb&nbsp;<em>The Party and the World Dialogue 2015.&nbsp;Governing the Party according to rules: state laws and Party Disciplines?<\/em>,<em>&nbsp;<\/em>China Center for Contemporary World Studies, Beijing (PRC), 7-10 de septiembre de 2015.<\/p>\n<p class=\"rtejustify\"><span style=\"background-color:#FFA500\">Golden, Se\u00e1n.&nbsp;\u00abA discourse analysis of the communication of ecological risk and its subsequent management in China.\u00bb&nbsp;<\/span><em><span style=\"background-color:#FFA500\">XV EastAsiaNet Research Workshop. Water in East Asia. Interfacing Environmental Risk, Culture &amp; Society<\/span><\/em><span style=\"background-color:#FFA500\">, Universit\u00e0 Ca&#8217;Foscari Venezia, 14-16 de mayo de 2015.&nbsp;<\/span><\/p>\n<p class=\"rtejustify\"><span style=\"background-color:#FFA500\">Golden, Se\u00e1n.&nbsp;\u00abHymn sheets versus jam sessions. Can cultural diplomacy promote political plurality?\u00bb&nbsp;White Rose East Asia Centre (WREAC) &#8211; Foreign &amp; Commonwealth Office (FCO) Foreign Policy Workshop, University of Sheffield, UK, 19-20 de marzo de 2015.<\/span><\/p>\n<p class=\"rtejustify\"><span style=\"background-color:#FFA500\">Golden, Se\u00e1n.&nbsp;\u00abEl papel del PCCh en la reforma pol\u00edtica y en la gobernanza a trav\u00e9s de las leyes.\u00bb&nbsp;<\/span><em><a href=\"http:\/\/www.asiared.com\/es\/notices\/2014\/10\/v-simposio-electronico-internacional-sobre-politica-china-5820.php\" target=\"_blank\" rel=\"noopener\"><span style=\"background-color:#FFA500\">V Simposio Electr\u00f3nico Internacional sobre Pol\u00edtica China<\/span><\/a><\/em><span style=\"background-color:#FFA500\">, Observatorio de la Pol\u00edtica China,&nbsp;1-21 de marzo de&nbsp;2015.<\/span><\/p>\n<p class=\"rtejustify\"><span style=\"background-color:#FFA500\">Grau, Tom\u00e1s.&nbsp;\u201cThe representation of modern Japan through its Ludic culture.\u201d&nbsp;<\/span><a href=\"http:\/\/www.fti.uab.es\/departament\/simposi-2015\/committee.htm\" style=\"line-height: 1.6;\" target=\"_blank\" rel=\"noopener\"><em><span style=\"background-color:#FFA500\">VI Simposi Internacional de Joves Investigadors en Traducci\u00f3, Interpretaci\u00f3, Estudis Interculturals i estudis d\u2019\u00c0sia Oriental<\/span><\/em><\/a><span style=\"background-color:#FFA500\">.<em><span style=\"background-color:#FFA500\"> <\/span><\/em>Barcelona, Espa\u00f1a, 1 de julio de 2015.&nbsp;<\/span><\/p>\n<p class=\"rtejustify\">Grau, Tom\u00e1s.&nbsp;\u201cGame Design and emergent storytelling: the construction of new narrative models in early Japanese video games.\u201d&nbsp;<em><a href=\"https:\/\/sites.google.com\/a\/ualberta.ca\/replaying-japan-2015\/home\">Replaying Japan 2015: 3rd International Japan Game Studies Conference<\/a>, <\/em>Kyoto, Jap\u00f3n 21-23 de mayo de 2015.<\/p>\n<p class=\"rtejustify\">Grau, Tom\u00e1s.&nbsp;\u201cAsia Oriental y la cultura popular glocalizada: el caso de la industria del videojuego.\u201d&nbsp;<a href=\"https:\/\/www.cidob.org\/actividades\/regiones\/asia\/seminario_internacional_el_impacto_de_asia_oriental_en_el_contexto_espanol_produccion_cultural_politica_s_y_sociedad\" target=\"_blank\" rel=\"noopener\"><em>El impacto de Asia Oriental en el contexto espa\u00f1ol: producci\u00f3n cultural, pol\u00edtica(s) y sociedad<\/em><\/a>, Fundaci\u00f3n CIDOB, Barcelona, 5 de marzo de 2015.&nbsp;Guarn\u00e9,<\/p>\n<p class=\"rtejustify\"><span style=\"background-color:#FFA500\">Guarn\u00e9, Blai.&nbsp;\u201cTot objecte \u00e9s pol\u00edtic. Reflexions sobre un treball de camp al Jap\u00f3.\u201d International Workshop <\/span><em><a href=\"http:\/\/www.uab.cat\/web\/noticies\/detall-noticia-1244182987898.html?noticiaid=1345692665787\" target=\"_blank\" rel=\"noopener\"><span style=\"background-color:#FFA500\">Trabajo de campo en Asia: experiencias y reflexiones<\/span><\/a><span style=\"background-color:#FFA500\">,<\/span><\/em><span style=\"background-color:#FFA500\"> Grup de Recerca InterAsia, Institut Catal\u00e0 d\u2019Antropologia (ICA), Universitat Aut\u00f2noma de Barcelona,&nbsp;26 de octubre de 2015.<\/span><\/p>\n<p class=\"rtejustify\">Guarn\u00e9, Blai.&nbsp;\u201cJuxtaposing Sites: the Anthropology of Japan and the Anthropology of the Mediterranean in the Production of Anthropological Knowledge.\u201d <em>JAWS 2015 (Japan Anthropology Workshop) Conference<\/em>, Istanbul (Turkey). 1-4 de septiembre de 2015.<\/p>\n<p class=\"rtejustify\"><span style=\"background-color:#FFA500\">Guarn\u00e9, Blai.&nbsp;\u201cCirculaci\u00f3n y recepci\u00f3n del discurso antropol\u00f3gico en la construcci\u00f3n del Mediterr\u00e1neo y Jap\u00f3n como campos etnogr\u00e1ficos.\u201d International Workshop <\/span><a href=\"https:\/\/www.cidob.org\/actividades\/regiones\/asia\/seminario_internacional_el_impacto_de_asia_oriental_en_el_contexto_espanol_produccion_cultural_politica_s_y_sociedad\" target=\"_blank\" rel=\"noopener\"><em><span style=\"background-color:#FFA500\">El impacto de Asia Oriental en el contexto espa\u00f1ol: producci\u00f3n cultural, politica(s) y sociedad<\/span><\/em><\/a><span style=\"background-color:#FFA500\">, Grup de Recerca InterAsia, Universitat Aut\u00f2noma de Barcelona, Fundaci\u00f3 CIDOB. 5 de marzo de 2015.<\/span><\/p>\n<p class=\"rtejustify\">Lozano-M\u00e9ndez, Artur.&nbsp;\u201cI am where I think not, naturally.\u201d&nbsp;Panel \u201cRepresenting nature and technology in Japan II\u201d, <em>JAWS 2015 (Japan Anthropology Workshop) Conference<\/em>, Istanbul, 1-4 de septiembre de 2015.<\/p>\n<p class=\"rtejustify\"><span style=\"background-color:#FFA500\">Lozano-M\u00e9ndez, Artur,&nbsp;moderator of the panel \u201cSociocultural Issues on East Asia\u201d at the <\/span><em><span style=\"background-color:#FFA500\">VI Symposium for Young Researchers in Translation, Interpreting, Intercultural Studies and East Asian Studies<\/span><\/em><span style=\"background-color:#FFA500\">. Departament de Traducci\u00f3 i d\u2019Interpretaci\u00f3, Universitat Aut\u00f2noma de Barcelona. 3 de julio de 2015.<\/span><\/p>\n<p class=\"rtejustify\"><span style=\"background-color:#FFA500\">Lozano-M\u00e9ndez, Artur.&nbsp;\u201cEl discurs tecno-orientalista: imatges nacionals, tecnolog\u00eda i cultura popular japonesa\u201d, <\/span><a href=\"http:\/\/blogs.uab.cat\/prehistoria\/files\/2015\/03\/asis.jpg\" target=\"_blank\" rel=\"noopener\"><em><span style=\"background-color:#FFA500\">V Seminaris Cr\u00edtics<\/span><\/em><\/a><span style=\"background-color:#FFA500\">, Estrat Jove, Arrel \u2013 Grup d\u2019Antropologia Radical de la UAB, Facultat de Lletres, Universitat Aut\u00f2noma de Barcelona, 24 de mar\u00e7 de 2015.<\/span><\/p>\n<p class=\"rtejustify\"><span style=\"background-color:#FFA500\">Lozano-M\u00e9ndez, Artur.&nbsp;\u201cAl Este del Futuro. Circulaci\u00f3n internacional de im\u00e1genes posthumanas y tecno-orientalistas vinculadas a Asia en las obras de ciencia ficci\u00f3n.\u201d Seminario internacional <\/span><em><a href=\"https:\/\/www.cidob.org\/actividades\/regiones\/asia\/seminario_internacional_el_impacto_de_asia_oriental_en_el_contexto_espanol_produccion_cultural_politica_s_y_sociedad\"><span style=\"background-color:#FFA500\">El impacto de Asia Oriental en el contexto espa\u00f1ol: Producci\u00f3n cultural, pol\u00edtica(s) y sociedad<\/span><\/a><span style=\"background-color:#FFA500\">.<\/span><\/em><span style=\"background-color:#FFA500\"> Grupo de Investigaci\u00f3n InterAsia,&nbsp;Fundaci\u00f3n CIDOB, Barcelona, 5-6&nbsp;de marzo de 2015.&nbsp;<\/span><\/p>\n<p class=\"rtejustify\"><span style=\"background-color:#FFA500\">Lozano-M\u00e9ndez, Artur, moderator of the panel \u201cResearch Presentations of PhD Candidates\u201d, part of the<\/span><em><span style=\"background-color:#FFA500\"> Permanent Research Seminar of the PhD in Translation and Intercultural Studies program<\/span><\/em><span style=\"background-color:#FFA500\">, Universitat Aut\u00f2noma de Barcelona, Facultat de Traducci\u00f3 i Interpretaci\u00f3. 24 de febrero de&nbsp;2015.<\/span><\/p>\n<p class=\"rtejustify\"><span style=\"background-color:#FFA500\">Manonelles Moner, Laia.&nbsp;\u201cDissidence as a product or as a critical device. Experimental art in China.\u201d&nbsp;<\/span><a href=\"http:\/\/modernidadesdescentralizadas.com\/simposium-practicas-artisticas-y-modelos-de-resistencia-politica-entre-el-atlantico-y-el-pacifico\/\" target=\"_blank\" rel=\"noopener\"><em><span style=\"background-color:#FFA500\">Jornada: Modernidades descentralizadas<\/span><\/em><\/a><span style=\"background-color:#FFA500\">, Universidad de Barcelona, 18 de noviembre de 2015.<\/span><\/p>\n<p class=\"rtejustify\"><span style=\"background-color:#FFA500\">Manonelles Moner, Laia, organitzaci\u00f3 de la jornada \u201c<a href=\"http:\/\/www.ub.edu\/art\/produccio-cultural-xinesa\/\" target=\"_blank\" rel=\"noopener\">La producci\u00f3n cultural china y el imaginario chino en el marco global: reescribir la historia des de la praxis art\u00edstica<\/a>.\u201d&nbsp;Universitat de Barcelona, 11 de noviembre de&nbsp;2015.<\/span><\/p>\n<p class=\"rtejustify\"><span style=\"background-color:#FFA500\">Manonelles Moner, Laia, participaci\u00f3 en el panel en relaci\u00f3 a l\u2019exposici\u00f3<\/span><em><span style=\"background-color:#FFA500\"> \u201c<\/span><\/em><span style=\"background-color:#FFA500\">CONTEMPORARY Video from Shanghai and Hangzhou\u201d, Djanogly Gallery, University of Nottingham, 19 de septiembre de&nbsp;2015.&nbsp;<\/span><\/p>\n<p class=\"rtejustify\"><span style=\"background-color:#FFA500\">Manonelles Moner, Laia, organitzaci\u00f3 del panel \u201cAn Approach to the Reception of Cultural Production and the Construction of \u2018Representations\u2019 of China in Spain\u201d, <\/span><em><a href=\"https:\/\/congresasie2015.sciencesconf.org\/\" target=\"_blank\" rel=\"noopener\"><span style=\"background-color:#FFA500\">5\u00b0 Congr\u00e8s des Etudes Asie &amp; Pacifique<\/span><\/a><span style=\"background-color:#FFA500\">,<\/span><\/em><span style=\"background-color:#FFA500\">&nbsp;GIS Asie,&nbsp;R\u00e9seau Asie &amp; Pacifique,&nbsp;National Institute of Oriental Languages and Civilizations,&nbsp;Par\u00eds, 11 de septiembre de 2015.<\/span><\/p>\n<p class=\"rtejustify\">Manonelles Moner, Laia.&nbsp;\u201cOn the table, Ai Weiwei: Expectations and Reception of the Exhibition.\u201d&nbsp;<em><a href=\"https:\/\/congresasie2015.sciencesconf.org\/\" target=\"_blank\" rel=\"noopener\">5\u00b0 Congr\u00e8s des Etudes Asie &amp; Pacifique<\/a>,<\/em>&nbsp;GIS Asie,&nbsp;R\u00e9seau Asie &amp; Pacifique, National Institute of Oriental Languages and Civilizations, Par\u00eds,&nbsp;11&nbsp;de septiembre de 2015.<\/p>\n<p class=\"rtejustify\">Manonelles Moner, Laia.&nbsp;\u201cChen Zhen, In between: Recepci\u00f3n cr\u00edtica de su primera exposici\u00f3n en Espa\u00f1a.\u00bb&nbsp;<a href=\"http:\/\/congresoiec.org\/\" target=\"_blank\" rel=\"noopener\"><em>II Congreso Iberoamericano de Estudios Chinos<\/em><\/a>, Fundaci\u00f3n Instituto Confucio de Barcelona, Instituto Confucio de Universitat de Valencia,&nbsp;Instituto Confucio de Universidad Nacional La Plata. Barcelona, 25 y 26 de junio de 2015.<\/p>\n<p class=\"rtejustify\"><span style=\"background-color:#FFA500\">Manonelles Moner, Laia.&nbsp;\u201c<\/span><a href=\"https:\/\/www.bangor.ac.uk\/news\/events\/an-approach-to-the-representation-of-contemporary-chinese-art-in-catalonia-22477\" target=\"_blank\" rel=\"noopener\"><span style=\"background-color:#FFA500\">An approach to the representation of contemporary Chinese art in Catalonia<\/span><\/a><span style=\"background-color:#FFA500\">.\u201d&nbsp;Confucious Institute, University of Bangor, 22 de abril de 2015.<\/span><\/p>\n<p class=\"rtejustify\"><span style=\"background-color:#FFA500\">Manonelles Moner, Laia.&nbsp;\u201cGenealogies i pol\u00edtiques de planificaci\u00f3 familiar en l&#8217;art experimental a la Xina.\u201d&nbsp;<\/span><a href=\"http:\/\/blogs.uab.cat\/prehistoria\/files\/2015\/03\/asis.jpg\" target=\"_blank\" rel=\"noopener\"><em><span style=\"background-color:#FFA500\">V Seminaris Cr\u00edtics<\/span><\/em><\/a><span style=\"background-color:#FFA500\">, Estrat Jove, Arrel, Universitat Aut\u00f2noma de Barcelona, 25 de marzo de 2015.<\/span><\/p>\n<p class=\"rtejustify\"><span style=\"background-color:#FFA500\">Manonelles Moner, Laia.&nbsp;\u201cAi Weiwei Recepci\u00f3n e impacto de su producci\u00f3n art\u00edstica en el contexto espa\u00f1ol.\u201d<\/span><em><span style=\"background-color:#FFA500\"> Seminario Internacional <\/span><a href=\"https:\/\/www.cidob.org\/actividades\/regiones\/asia\/seminario_internacional_el_impacto_de_asia_oriental_en_el_contexto_espanol_produccion_cultural_politica_s_y_sociedad\" target=\"_blank\" rel=\"noopener\"><span style=\"background-color:#FFA500\">El impacto de Asia Oriental en el contexto espa\u00f1ol: producci\u00f3n cultural, pol\u00edtica(s) y sociedad<\/span><\/a><span style=\"background-color:#FFA500\">.<\/span><\/em><span style=\"background-color:#FFA500\"> Barcelona, Fundaci\u00f3n CIDOB, 5 de marzo de 2015.<\/span><\/p>\n<p class=\"rtejustify\">Ortells-Nicolau Xavier.&nbsp;\u201cPhotographs of China in Early 20th Century Spain.\u201d&nbsp;<em><a href=\"https:\/\/congresasie2015.sciencesconf.org\/\" target=\"_blank\" rel=\"noopener\">5\u00b0 Congr\u00e8s des Etudes Asie &amp; Pacifique<\/a>,<\/em>&nbsp;GIS Asie,&nbsp;R\u00e9seau Asie &amp; Pacifique, National Institute of Oriental Languages and Civilizations, Par\u00eds,&nbsp;11&nbsp;de septiembre de 2015.<\/p>\n<p class=\"rtejustify\">Ortells-Nicolau Xavier.&nbsp;\u201cVisiones de la naturaleza id\u00edlica en la fotograf\u00eda contempor\u00e1nea de China.\u201d&nbsp;<a href=\"http:\/\/congresoiec.org\/\" target=\"_blank\" rel=\"noopener\"><em>II Congreso Iberoamericano de Estudios Chinos<\/em><\/a>, Fundaci\u00f3n Instituto Confucio de Barcelona, Instituto Confucio de Universitat de Valencia,&nbsp;Instituto Confucio de Universidad Nacional La Plata. Barcelona, 25 y 26 de junio de 2015.<\/p>\n<p class=\"rtejustify\"><span style=\"background-color:#FFA500\">Ortells-Nicolau Xavier. \u201cDe los \u2018cosmoramas de la ni\u00f1ez\u2019 a los viajes estereosc\u00f3picos: China en el imaginario \u00f3ptico de principios del siglo XX.\u201d<\/span><em><span style=\"background-color:#FFA500\">&nbsp;<\/span><a href=\"http:\/\/congresobeta2015.weebly.com\/programa.html\" target=\"_blank\" rel=\"noopener\"><span style=\"background-color:#FFA500\">Conferencia Annual BETA (Asociaci\u00f3n de J\u00f3venes Doctores en Hispanismo)<\/span><\/a><\/em><span style=\"background-color:#FFA500\">, Universidad de Lisboa, 19 de junio de 2015.<\/span><\/p>\n<p class=\"rtejustify\"><span style=\"background-color:#FFA500\">Ortells-Nicolau Xavier. \u201cChinese Society through Contemporary Photography.\u201d&nbsp;<\/span><a href=\"http:\/\/www.fti.uab.es\/interasia\/documents\/poster\/Seminaris%20Critics_Asia%20Oriental.pdf\" target=\"_blank\" rel=\"noopener\"><em><span style=\"background-color:#FFA500\">Critical Seminars<\/span><\/em><\/a><span style=\"background-color:#FFA500\">, Group Arrel, Universitat Aut\u00f2noma de Barcelona, 23 de marzo de 2015.<\/span><\/p>\n<p class=\"rtejustify\">Ortells-Nicolau Xavier.&nbsp;\u201cChina in the Photography Complex of Turn of the Century Spain.\u201d&nbsp;<em><a href=\"https:\/\/www.cidob.org\/actividades\/regiones\/asia\/seminario_internacional_el_impacto_de_asia_oriental_en_el_contexto_espanol_produccion_cultural_politica_s_y_sociedad\" target=\"_blank\" rel=\"noopener\">El impacto de Asia Oriental en el contexto espa\u00f1ol: producci\u00f3n cultural, pol\u00edtica(s) y sociedad<\/a>, <\/em>Fundaci\u00f3n CIDOB, Barcelona, 5 de marzo de 2015.<\/p>\n<p class=\"rtejustify\">Pita C\u00e9spedes, Gustavo.&nbsp;\u201cYamaoka Tessh\u016b en la historia del pensamiento <em>bushi.<\/em>\u201d&nbsp;<em><a href=\"https:\/\/eventum.upf.edu\/event_detail\/2719\/programme\/the-first-annual-conference-of-the-european-network-of-japanese-philosophy.html\" target=\"_blank\" rel=\"noopener\">The First Annual Conference of The European Network of Japanese Philosophy<\/a>,<\/em> Universidad Pompeu Fabra, 5 de diciembre de 2015.<\/p>\n<p class=\"rtejustify\"><span style=\"background-color:#FFA500\">Pita C\u00e9spedes, Gustavo.&nbsp;\u201cSamur\u00e1is: cultura y trascendencia en la historia de Jap\u00f3n.\u201d&nbsp;<\/span><a href=\"http:\/\/www.fti.uab.es\/interasia\/documents\/poster\/Seminaris%20Critics_Asia%20Oriental.pdf\"><em><span style=\"background-color:#FFA500\">V Seminaris Cr\u00edtics. \u00c0sia Oriental<\/span><\/em><\/a><span style=\"background-color:#FFA500\">, Facultat&nbsp;de Filosofia i&nbsp;Psicologia de la Universitat Aut\u00f2noma de Barcelona,&nbsp;26 de marzo de 2015.&nbsp;<\/span><\/p>\n<p class=\"rtejustify\"><span style=\"background-color:#FFA500\">Pita C\u00e9spedes, Gustavo.&nbsp;\u201cArtes marciales, Bushid\u014d y sociedad de masas.\u201d&nbsp;<\/span><em><span style=\"background-color:#FFA500\">Seminario Internacional <\/span><a href=\"https:\/\/www.cidob.org\/actividades\/regiones\/asia\/seminario_internacional_el_impacto_de_asia_oriental_en_el_contexto_espanol_produccion_cultural_politica_s_y_sociedad\" target=\"_blank\" rel=\"noopener\"><span style=\"background-color:#FFA500\">El impacto de Asia Oriental en el contexto espa\u00f1ol: producci\u00f3n cultural, pol\u00edtica(s) y sociedad<\/span><\/a><span style=\"background-color:#FFA500\">.<\/span><\/em><span style=\"background-color:#FFA500\">&nbsp;Fundaci\u00f3n CIDOB, 6 de marzo de 2015.&nbsp;<\/span><\/p>\n<p class=\"rtejustify\">Rodr\u00edguez Navarro, M. Teresa, Jordi Mas, y&nbsp;Alba Serra. \u201cThe Japanese Other in Catalan Paratexts: Literary, Translated and Visual Images.<em>\u201d&nbsp;<a href=\"https:\/\/www.soas.ac.uk\/jrc\/events\/british-association-for-japanese-studies-bajs-annual-conference-2015\/file102356.pdf\" target=\"_blank\" rel=\"noopener\">British Association for Japanese Studies (BAJS) Annual Conference 2015<\/a><\/em>. SOAS University of London. 10-11 de septiembre de 2015.<\/p>\n<p class=\"rtejustify\">Rodr\u00edguez Navarro, M. Teresa, y&nbsp;Alba Serra.&nbsp;\u201cLos paratextos del traductor en la recepci\u00f3n de la traducci\u00f3n de la literatura cl\u00e1sica japonesa.\u201c&nbsp;Symposium Internacional <em><a href=\"https:\/\/www.cidob.org\/actividades\/regiones\/asia\/seminario_internacional_el_impacto_de_asia_oriental_en_el_contexto_espanol_produccion_cultural_politica_s_y_sociedad\" target=\"_blank\" rel=\"noopener\">El impacto de Asia Oriental en el contexto espa\u00f1ol: producci\u00f3n cultural, pol\u00edtica(s) y sociedad<\/a><\/em>, Grupo Interasia-CIDOB-CERAO, Barcelona, 5-6 de marzo de 2015.<\/p>\n<p class=\"rtejustify\">Rodr\u00edguez Navarro, M. Teresa. \u201cReflexiones de un artista japon\u00e9s en Espa\u00f1a: Kan Masuda y su proyecto \u2018Voz de ra\u00edz\u2019.\u201d Ponent convidada. <em><a href=\"https:\/\/gi-japon.unizar.es\/docs\/programa_definitivo_febrero_2015.pdf\" target=\"_blank\" rel=\"noopener\">III Congreso Internacional Jap\u00f3n. Jap\u00f3n y el individuo<\/a>, <\/em>Universidad de Zaragoza, Zaragoza, 25-27 de febrero de 2015.<\/p>\n<p class=\"rtejustify\">Sainz, Nora.<em>&nbsp;\u201c<\/em>El multilateralismo en las relaciones China\u2013Am\u00e9rica Latina: de la agenda global a la construcci\u00f3n de la agenda regional. Pol\u00edtica y cooperaci\u00f3n.\u201d&nbsp;<a href=\"http:\/\/congresoiec.org\/\" target=\"_blank\" rel=\"noopener\"><em>II Congreso Iberoamericano de Estudios Chinos<\/em><\/a>, Fundaci\u00f3n Instituto Confucio de Barcelona, Instituto Confucio de Universitat de Valencia,&nbsp;Instituto Confucio de Universidad Nacional La Plata. Barcelona, 25 y 26 de junio de 2015.<\/p>\n<p class=\"rtejustify\"><span style=\"background-color:#FFA500\">S\u00e1iz L\u00f3pez, Amelia. \u201cImaginario chino y sinidad en la literatura espa\u00f1ol del siglo XXI.\u201d <\/span><a href=\"http:\/\/www.ub.edu\/art\/produccio-cultural-xinesa\/\" target=\"_blank\" rel=\"noopener\"><em><span style=\"background-color:#FFA500\">La producci\u00f3 cultural xinesa i l\u2019imagnari xin\u00e8s en el marc global: reescriure la hist\u00f2ria desde la praxis art\u00edstica<\/span><\/em><\/a><span style=\"background-color:#FFA500\"> organizada por la Dra. Laia Manonelles, Universidad de Barcelona, 11 de noviembre de 2015.<\/span><\/p>\n<p class=\"rtejustify\"><span style=\"background-color:#FFA500\">S\u00e1iz L\u00f3pez, Amelia. \u201cCircunstancias, necesidades y urgencias. M\u00e1s all\u00e1 del trabajo de campo.\u201d Taller internacional de investigaci\u00f3n <\/span><em><a href=\"http:\/\/www.uab.cat\/web\/noticies\/detall-noticia-1244182987898.html?noticiaid=1345692665787\" target=\"_blank\" rel=\"noopener\"><span style=\"background-color:#FFA500\">Trabajo de campo en Asia: experiencias y reflexiones<\/span><\/a><span style=\"background-color:#FFA500\">,<\/span><\/em><span style=\"background-color:#FFA500\"> organizado por Centro de Estudios e Investigaci\u00f3n sobre Asia Oriental. Grupo de Investigaci\u00f3n InterAsia. Universitat Aut\u00f2noma de Barcelona, 26 de octubre de 2015.<\/span><\/p>\n<p class=\"rtejustify\">S\u00e1iz L\u00f3pez, Amelia. \u201cTrabajo, movilidad y g\u00e9nero. Trayectorias familiares en el espacio transnacional chino.\u201d <em><a href=\"http:\/\/butlleticed.uab.es\/butCED\/num97_fitxers\/Migrac.Granada_%C3%8DndiceGeneralActas.pdf\" target=\"_blank\" rel=\"noopener\">VIII Congreso&nbsp;Migraciones Internacionales en Espa\u00f1a<\/a>,<\/em> Granada, 16-18 septiembre de 2015.<\/p>\n<p class=\"rtejustify\">S\u00e1iz L\u00f3pez, Amelia. \u201cFiction, Reception and Interculturality. Spanish interpretation of Wang Anyi&#8217;s works.\u00bb en el panel \u00abAn Approach to the Reception of Cultural Production and the Construction of &#8216;Representations&#8217;&nbsp;of China in Spain.\u201d&nbsp;<em><a href=\"https:\/\/congresasie2015.sciencesconf.org\/\" target=\"_blank\" rel=\"noopener\">5\u00b0 Congr\u00e8s des Etudes Asie &amp; Pacifique<\/a>,<\/em>&nbsp;GIS Asie,&nbsp;R\u00e9seau Asie &amp; Pacifique, National Institute of Oriental Languages and Civilizations, Par\u00eds,&nbsp;11&nbsp;de septiembre de 2015.<\/p>\n<p class=\"rtejustify\">S\u00e1iz L\u00f3pez, Amelia.&nbsp;\u201cProtagonismo chino en la literatura espa\u00f1ola del siglo XXI.\u201d&nbsp;<a href=\"http:\/\/congresoiec.org\/\" target=\"_blank\" rel=\"noopener\"><em>II Congreso Iberoamericano de Estudios Chinos<\/em><\/a>, Fundaci\u00f3n Instituto Confucio de Barcelona, Instituto Confucio de Universitat de Valencia,&nbsp;Instituto Confucio de Universidad Nacional La Plata. Barcelona, 25 y 26 de junio de 2015.<\/p>\n<p class=\"rtejustify\"><span style=\"background-color:#FFA500\">S\u00e1iz L\u00f3pez, Amelia.&nbsp;\u201cEntre \u201cNos es dif\u00edcil entrar\u201d y \u201cme ha enganchado mucho\u201d. Recepci\u00f3n de <\/span><em><span style=\"background-color:#FFA500\">La canci\u00f3n de la pena eterna <\/span><\/em><span style=\"background-color:#FFA500\">de Wang Anyi.\u201d <\/span><em><span style=\"background-color:#FFA500\">Seminario Internacional <\/span><a href=\"https:\/\/www.cidob.org\/actividades\/regiones\/asia\/seminario_internacional_el_impacto_de_asia_oriental_en_el_contexto_espanol_produccion_cultural_politica_s_y_sociedad\" target=\"_blank\" rel=\"noopener\"><span style=\"background-color:#FFA500\">El impacto de Asia Oriental en el contexto espa\u00f1ol: producci\u00f3n cultural, pol\u00edtica(s) y sociedad<\/span><\/a><\/em><span style=\"background-color:#FFA500\">.<strong><span style=\"background-color:#FFA500\"> <\/span><\/strong>Barcelona, Fundaci\u00f3n CIDOB,&nbsp;5-6 de marzo de&nbsp;2015.<\/span><\/p>\n<p class=\"rtejustify\"><span style=\"background-color:#FFA500\">Serra, Francesc.&nbsp;\u201cLa UE i els pa\u00efsos d\u2019Europa central i oriental.\u201d&nbsp;<em><a href=\"https:\/\/www.universitatestiu.ad\/es\/2015\" target=\"_blank\" rel=\"noopener\">15\u00aa Universitat Andorrana d\u2019Estiu<\/a><\/em>, Andorra la Vella, 2-3 de septiembre de 2015.<\/span><\/p>\n<p class=\"rtejustify\">Serra, Francesc.&nbsp;\u201cLas incompatibilidades en los intereses de la UE y de Rusia en Ucrania: \u00bfUn conflicto inevitable?\u201d&nbsp;<a href=\"http:\/\/www.aecpa.es\/congresos\/XII-congreso\/\" target=\"_blank\" rel=\"noopener\"><em>XII Congreso de la AECPA<\/em><\/a>, San Sebasti\u00e1n, 13 de julio de 2015.<\/p>\n<p class=\"rtejustify\">&nbsp;<\/p>\n<h3 class=\"rtejustify\"><strong>2014<\/strong><\/h3>\n<p class=\"rtejustify\">Aarab, Rachid.&nbsp;\u201cPower, energy and transition in Qatar.\u201d&nbsp;Working paper presented on the <em>Fourth World Congress for Middle East Studies (WOCMES) (Politics in The Gulf Panel)<\/em>, METU in Ankara, 18 de agosto de&nbsp;2014.<\/p>\n<p class=\"rtejustify\"><span style=\"background-color:#FFA500\">Aarab, Rachid.&nbsp;\u201cLa Mediaci\u00f3n de Qatar en el Mediterr\u00e1neo.\u201d&nbsp;Working Paper presented at the <\/span><em><span style=\"background-color:#FFA500\">Mediation in Conflict resolution in the Mediterranean Workshop.<\/span><\/em><span style=\"background-color:#FFA500\"> Organised by AEPDIRI\/ Ministry of Foreign Affairs and Cooperation. Diplomatic School, Madrid, 6 de junio de&nbsp;2014.&nbsp;<\/span><\/p>\n<p class=\"rtejustify\">Aarab, Rachid.&nbsp;\u201cLa Transition au Qatar et les Implications du Printemps Arabe.\u201d&nbsp;Working Paper presented at <em>United Nations University. IRSES Marie Curie International Research Staff Exchange Scheme (IRSES): SPRINGARAB\u2013 Social Movements and Mobilisation Typologies in the Arab Spring.<\/em> Barcelona, 2-3&nbsp;de junio de 2014.<\/p>\n<p class=\"rtejustify\">Beltr\u00e1n Antol\u00edn, Joaqu\u00edn, y Amelia S\u00e1iz L\u00f3pez.&nbsp;\u201cArts, Popular Culture, and Chinese Migration in Spain. Dialectics of the Incorporation.\u201d en el panel Arts, Migration and Incorporation: A Global Perspective, del RC31 Sociology of Migration, del <a href=\"http:\/\/www.isa-sociology.org\/en\/conferences\/world-congress\/yokohama-2014\/#\" target=\"_blank\" rel=\"noopener\"><em>XVIII ISA World Congress of Sociology: Facing an Unequal World: Challenges for Global Sociology<\/em><\/a>. Yokohama, 13-19 de julio de 2014.<\/p>\n<p class=\"rtejustify\">Casas-Tost, Helena. \u00abLa imagen de China proyectada a partir de los paratextos de las pel\u00edculas chinas en Espa\u00f1a.\u00bb&nbsp;<em>4\u00ba Foro Espa\u00f1ol de Investigaci\u00f3n sobre Asia Pac\u00edfico (FEIAP)<\/em>, Universidad de Granada, 6-7 de febrero de 2014.<\/p>\n<p class=\"rtejustify\">Feliu, Laura.&nbsp;\u201cThe international dimension of popular revolts. The Arab Spring as an opportunity to review theoretical insights.\u201d&nbsp;<em>Fourth World Congress for Middle East Studies (WOCMES)<\/em>, Ankara (Turquia), 18&nbsp;de agosto de 2014.<\/p>\n<p class=\"rtejustify\">Feliu, Laura, y M\u00aa Angustias&nbsp;Parejo.&nbsp;\u201cIdentit\u00e9, r\u00e9gionalisation et Sahara: les acteurs politiques marocains face \u00e0 la r\u00e9forme constitutionnelle de 2011.\u201d&nbsp;<em>23rd World Congress of Political Science, Challenges of Contemporary Governance<\/em>, Montreal (Canad\u00e0), 19 de julio de&nbsp;2014.<\/p>\n<p class=\"rtejustify\">Fukuda, Makiko. \u201cLanguage transmission in Catalan\/Spanish-Japanese families in Catalonia: language use and parental attitudes towards languages.\u201d&nbsp;<em>20th Sociolinguistic Symposium (SS20)<\/em>, University of Jyv\u00e4skyl\u00e4, Finland, 15-18 de junio de 2014.<\/p>\n<p class=\"rtejustify\">Fukuda, Makiko; Sekiji, Eri; Yasui, Aya; Kimura, Goro Christoph; Furutani, Tomoyuki; Shimada, Noriko; Wang Xueping; Hirataka, Fumiya. \u201cLanguage Life of Japanese expatriates and spouses living in Non-English-Speaking cities.\u201d&nbsp;<em>Sociolinguistic Symposium 20 (SS20),<\/em> Jyv\u00e4skyl\u00e4, Finlandia, 15-18 de junio de 2014.<\/p>\n<p class=\"rtejustify\">Fukuda, Makiko. \u201cInmigrantes temporales en Catalu\u00f1a y la lengua: la experiencia del Colegio Japon\u00e9s de Barcelona.\u201d&nbsp;<em>4\u00ba Foro Espa\u00f1ol de Investigaci\u00f3n en Asia-Pac\u00edfico (FEIAP)<\/em>, Universidad de Granada, Granada, 6-7 de febrero de 2014.<\/p>\n<p class=\"rtejustify\">Golden, Se\u00e1n. \u00abChina&#8217;s Reforms: Particularities vs. Commonalities.\u00bb&nbsp;<em>The Party and the World Dialogue 2014. China&#8217;s New Reforms: the Role of the Party, China Center for Contemporary World Studies<\/em>, Beijing, PR China, 2-8 de septiembre de&nbsp;2014.<\/p>\n<p class=\"rtejustify\">Golden, Se\u00e1n. \u00abChinese school(s) of IR Theory.\u00bb&nbsp;<em>European Association of Chinese Studies Conference 2014. From the origins of Sinology to current interdisciplinary research approaches: Bridging the past and future of Chinese Studies<\/em>, Coimbra, Portugal, 24-26 de julio de&nbsp;2014.<\/p>\n<p class=\"rtejustify\">Golden, Se\u00e1n. \u00abChinese IR Theor(ies).\u00bb<em>&nbsp;IBEI International Studies Conference,<\/em> Barcelona Institute for International Studies (IBEI), Barcelona, Spain, 19-20 de junio de 2014.<\/p>\n<p class=\"rtejustify\">Golden, Se\u00e1n.&nbsp;\u00abLanguage transmission in Catalan\/Spanish-Japanese families in Catalonia: language use and parental attitudes towards languages.\u00bb&nbsp;<em>20th Sociolinguistic Symposium (SS20)<\/em>, University of Jyv\u00e4skyl\u00e4, Finland, 15-18 de junio de 2014.<\/p>\n<p class=\"rtejustify\">Golden, Se\u00e1n. \u00abChinese studies in South Europe.\u00bb&nbsp;<em>The Chinese Communist Party in the Eyes of European&nbsp;Scholars\/\u6b27\u6d32\u5b66\u8005\u773c\u4e2d\u7684\u4e2d\u56fd\u5171\u4ea7\u515a\u56fd\u9645\u7814\u8ba8\u4f1a<\/em>. Asia Research Centre, Copenhagen Business School, Copenhagen, Denmark, 11 de junio de&nbsp;2014.<\/p>\n<p class=\"rtejustify\"><span style=\"background-color:#FFA500\">Golden, Se\u00e1n. \u00ab\u540e\u6298\u817e\u65f6\u4ee3, houzheteng shidai. From the Cultural Revolution to the Chongqing Model and Beyond. What Have the Children of Yan\u2019an in Mind for the Future?\u00bb&nbsp;<\/span><em><span style=\"background-color:#FFA500\">EastAsiaNet Research Workshop, Memory in East Asia: Ruptured Pasts, Contested Presents, Uncertain Futures<\/span><\/em><span style=\"background-color:#FFA500\">, University of Sheffield, Sheffield, UK, 24-26 de abril de&nbsp;2014.<\/span><\/p>\n<p class=\"rtejustify\">Grau, Tom\u00e1s.&nbsp;\u201cExclusive mechanics: History of the Videogame industry and its relation with cultural distinction between Game Genres.\u201d&nbsp;<em>AAS Annual Conference 2014<\/em>, Filadelfia, EE. UU,&nbsp;27-30 de marzo de&nbsp;2014. Colaboraci\u00f3n en panel <em>Putting the J in the JRPG, Japanese Culture and Videogames, <\/em>organizado por la Dra. Rachael Hutchinson.Grau, Tom\u00e1s.&nbsp;\u201cNarrative in Japanese game design: cultural differentiation in game design?\u201d <em><a href=\"https:\/\/sites.google.com\/a\/ualberta.ca\/replayingjapan2014\/\" target=\"_blank\" rel=\"noopener\">Replaying Japan 2014: 2nd International Japan Game Studies Conference<\/a>, <\/em>Edmonton, Canada,&nbsp;21-23 de agosto de&nbsp;2014.<\/p>\n<p class=\"rtejustify\">Grau, Tom\u00e1s.&nbsp;\u201cConexi\u00f3n Nintendo: ocio interactivo y orientalismo.\u201d&nbsp;<em>XI Congreso Nacional y II Internacional de la Asociaci\u00f3n de Estudios Japoneses en Espa\u00f1a<\/em>, Sevilla, Espa\u00f1a,&nbsp;26-29 de marzo de&nbsp;2014.<\/p>\n<p class=\"rtejustify\">Guarn\u00e9, Blai, y M. Teresa&nbsp;Rodr\u00edguez. \u201cFrom Art to Politics\u2013\u2018Tradition\u2019, \u2018Authenticity\u2019 and \u2018Heritage\u2019 in a Sister Road Agreement.\u201d Panel Session \u201cVisual Arts,\u201d <em>14<\/em><em><sup>th <\/sup><\/em><em>International Conference of the EAJS (European Association for Japanese Studies)<\/em>, Ljubljana (Slovenia),&nbsp;27-30 de agosto de 2014.<\/p>\n<p class=\"rtejustify\"><span style=\"background-color:#FFA500\">Guarn\u00e9, Blai, Chair, Panel Session \u201cMedia and Gender.\u201d <\/span><em><span style=\"background-color:#FFA500\">14t<\/span><\/em><em><sup><span style=\"background-color:#FFA500\">h<\/span><\/sup><\/em><em><span style=\"background-color:#FFA500\"> International Conference of the EAJS (European Association for Japanese Studies)<\/span><\/em><span style=\"background-color:#FFA500\">, Ljubljana (Slovenia).&nbsp; 27-30 de agosto de 2014&nbsp;<\/span><\/p>\n<p class=\"rtejustify\"><span style=\"background-color:#FFA500\">Lozano M\u00e9ndez, Artur, moderator of the panel \u201cResearch Presentations of PhD Candidates.\u201d&nbsp;part of the <\/span><em><span style=\"background-color:#FFA500\">Permanent Research Seminar of the PhD in Translation and Intercultural Studies program<\/span><\/em><span style=\"background-color:#FFA500\">, Universitat Aut\u00f2noma de Barcelona, Facultat de Traducci\u00f3 i Interpretaci\u00f3,&nbsp;11 de febrero de 2014.&nbsp;<\/span><\/p>\n<p class=\"rtejustify\">Lozano-M\u00e9ndez, Artur.&nbsp;\u201cOshii Mamoru\u2019s Exploration of the Potentialities of Consciousness in a Globalized Capitalist Network.\u201d&nbsp;<em><a href=\"http:\/\/projects.iq.harvard.edu\/kinemaclub13\" target=\"_blank\" rel=\"noopener\">Kinema Club Conference XIII<\/a>,<\/em> Edwin O. Reischauer Institute of Japanese Studies, Harvard University, Cambridge (MA, USA), 17-18&nbsp;de enero de 2014.<\/p>\n<p class=\"rtejustify\"><span style=\"background-color:#FFA500\">Manonelles Moner, Laia.&nbsp;\u201cConfer\u00e8ncies sobre Wang Qingsong i He Yunchang.\u201d&nbsp;<\/span><em><span style=\"background-color:#FFA500\">Jornada Accionisme para-teatral, d&#8217;Occident a Orient, Grup de Recerca en Est\u00e8tica General i Antropol\u00f2gica (GREGA),<\/span><\/em><span style=\"background-color:#FFA500\"> Universitat de Barcelona, 25 de&nbsp;octubre de 2014.<\/span><\/p>\n<p class=\"rtejustify\"><span style=\"background-color:#FFA500\">Manonelles Moner, Laia.&nbsp;\u201cActivismo cultural: espacios para una experiencia compartida.\u201d&nbsp;&nbsp;<\/span><em><span style=\"background-color:#FFA500\">Seminario Interdisciplinario &#8216;Cuerpo entre materia y poder<\/span><\/em><span style=\"background-color:#FFA500\">,&nbsp; Grupo AGI, Universitat de Barcelona, 26 de febrero de 2014.<\/span><\/p>\n<p class=\"rtejustify\">Manonelles Moner, Laia.<em>&nbsp;<\/em>\u201cLa Irrupci\u00f3n del arte contempor\u00e1neo chino en Barcelona. Una aproximaci\u00f3n a dos ejemplos expositivos: &#8216;Desde el Pa\u00eds del Centro: Vanguardias Art\u00edsticas de China&#8217;&nbsp;(1995) y &#8216;Pure Views&#8217;&nbsp;(2013).\u201d<em>&nbsp;4\u00ba Foro Espa\u00f1ol de Investigaci\u00f3n en Asia-Pac\u00edfico (FEIAP), Hacia la consolidaci\u00f3n de los estudios de Asia Oriental en Espa\u00f1a<\/em>, Universidad de Granada, 6 de febrero de 2014.<\/p>\n<p class=\"rtejustify\">Mas L\u00f3pez, Jordi. \u201cJaponesidad y catalanidad en el haiku y la tanka catalanas.\u201d&nbsp;<em>4\u00ba Foro Espa\u00f1ol de Investigaci\u00f3n en Asia-Pac\u00edfico (FEIAP),<\/em> Universidad de Granada,&nbsp;7&nbsp;de febrero de&nbsp;2014.<\/p>\n<p class=\"rtejustify\">Masdeu Torruella, Irene. \u00abIntergenerational Intersecctions: New Mobilties from Spain to China.\u00bb&nbsp;<a href=\"http:\/\/esomi.es\/index.php\/es\/eventos\/926-international-conference-transnationalism-gender-and-migration-the-intersectional-challenges-of-social-mobility\" target=\"_blank\" rel=\"noopener\"><em>International Conference Transnationalism, Gender and Migration. The Intersectional challenges of Social Mobility<\/em><\/a>, Campus Universitario de la Universidad de La Laguna, Villa de Adeje, Canary Islands, Spain 13-14 de noviembre de 2014.<\/p>\n<p class=\"rtejustify\"><span style=\"background-color:#FFA500\">Masdeu Torruella Irene. \u201cTransits. Using Audiovisuals in the research on migration. (\u79fb\u6c11\u7684\u8fdb\u7a0b\uff1a\u89c6\u542c\u6559\u5177\u5728\u79fb\u6c11\u7814\u7a76\u4e2d\u7684\u8fd0\u7528)\u201d, en el seminario <\/span><em><span style=\"background-color:#FFA500\">Chinese migration in Spain (<\/span><\/em><span style=\"background-color:#FFA500\">\u897f\u73ed\u7259\u7684\u4e2d\u56fd\u79fb\u6c11<\/span><em><span style=\"background-color:#FFA500\">)<\/span><\/em><span style=\"background-color:#FFA500\">, School of International Studies, Academy of&nbsp; Overseas Chinese Studies, Jinan University, Guangzhou, 18 de abril de 2014.<\/span><\/p>\n<p class=\"rtejustify\"><span style=\"background-color:#FFA500\">Masdeu Torruella Irene. \u201cDoing fieldwork in China.\u201d School of Public Affairs, Xiamen University, Xiamen, PR China, 14 de abril de 2014.<\/span><\/p>\n<p class=\"rtejustify\">Ortells-Nicolau, Xavier.&nbsp;\u201cRoaming through Rubble: Aesthetic Experimentalism in Photographs of the Demolition Site.\u201d&nbsp;<em>Association for Asian Studies (AAS) Annual Conference 2014<\/em>, Filadelfia, EEUU. 27-30 de marzo de 2014.<\/p>\n<p class=\"rtejustify\">Ortells-Nicolau, Xavier.&nbsp;\u201cRuina y demolici\u00f3n urbana en relaci\u00f3n al campo intelectual y art\u00edstico de la China de la reforma.\u00bb&nbsp;<em>4\u00ba&nbsp;Foro Espa\u00f1ol de Investigaci\u00f3n en Asia-Pac\u00edfico (FEIAP)<\/em>,&nbsp;Universidad de Granada,&nbsp;6-7 de febrero de 2014.<\/p>\n<p class=\"rtejustify\"><span style=\"background-color:#FFA500\">Ortells-Nicolau Xavier, Seminario: \u201cDemolition and Ruins in Contemporary Chinese cities.\u201d&nbsp;Universitat Internacional de Catalunya (UIC), Barcelona, febrero de 2014.<\/span><\/p>\n<p class=\"rtejustify\"><span style=\"background-color:#FFA500\">Pita C\u00e9spedes, Gustavo, Conferencia \u201cBushi y Shinobi.\u201d&nbsp;simposio <\/span><em><span style=\"background-color:#FFA500\">Ninja como Cultura: Im\u00e1genes de los Ninja<\/span><\/em><span style=\"background-color:#FFA500\">, Universidad de Valencia, 21 de noviembre de 2014.<\/span><\/p>\n<p class=\"rtejustify\"><span style=\"background-color:#FFA500\">Pita C\u00e9spedes, Gustavo, Curso \u201cLa importancia del problema de la cultura en la coyuntura actual, perspectivas.\u201d&nbsp;<\/span><em><span style=\"background-color:#FFA500\">V Festival de la Guitarra de Sevilla \u201cSue\u00f1a el Greco\u201d, <\/span><\/em><span style=\"background-color:#FFA500\">CICUS (Centro de Iniciativas Culturales de la Universidad de Sevilla), 29-31 de octubre de 2014.<\/span><\/p>\n<p class=\"rtejustify\"><span style=\"background-color:#FFA500\">Pita C\u00e9spedes, Gustavo, Presentaci\u00f3n del libro <\/span><em><span style=\"background-color:#FFA500\">Genealog\u00eda y transformaci\u00f3n de la cultura bushi en Jap\u00f3n<\/span><\/em><span style=\"background-color:#FFA500\">, Museo del ABC de Madrid, 16 de septiembre de 2014.<\/span><\/p>\n<p class=\"rtejustify\">Pita C\u00e9spedes, Gustavo.&nbsp;\u201cLa risa en la cultura <em>bushi.\u201d&nbsp;<a href=\"http:\/\/www.adecjapan.es\/congreso-aeje\/\" target=\"_blank\" rel=\"noopener\">XI Congreso Nacional y II Internacional de la Asociaci\u00f3n de Estudios Japoneses en Espa\u00f1a<\/a>.<\/em> Universidad de Sevilla, 26 de marzo de 2014.<\/p>\n<p class=\"rtejustify\">Rodr\u00edguez-Navarro, M. Teresa; Guarn\u00e9-Cabello, Blai. \u201cFrom Art to Politics \u2013 \u201cTradition\u201d, \u201cAuthenticity\u201d and \u201cHeritage\u201d in a Sister Road Agreement.\u201d&nbsp;<em>14<\/em><em><sup>th<\/sup><\/em><em> International Conference, European Association of Japanese Studies (EAJS),<\/em> University of Ljubljana, Eslovenia, 27-30 de agosto de 2014.<\/p>\n<p class=\"rtejustify\">Rodr\u00edguez-Navarro, M. Teresa. \u201cLa influencia de los elementos paratextuales en la recepci\u00f3n en Espa\u00f1a de &#8216;Bushido. The Soul of Japan&#8217; de Nitobe Inazo.\u201d&nbsp;<em>4\u00ba Foro Espa\u00f1ol de Investigaci\u00f3n en Asia-Pac\u00edfico (FEIAP)<\/em>, Universidad de Granada, 6-7 de febrero de 2014.<\/p>\n<p class=\"rtejustify\">Rovira-Esteva, Sara.&nbsp;\u201cEl papel de los paratextos en la construcci\u00f3n de la imagen e identidad del otro chino a trav\u00e9s de la traducci\u00f3n literaria.\u201d&nbsp;<em>4\u00ba Foro Espa\u00f1ol de Investigaci\u00f3n Asia Pac\u00edfico (FEIAP)<\/em>. Universidad de Granada. 6-7 de febrero de&nbsp;2014.<\/p>\n<p class=\"rtejustify\"><span style=\"background-color:#FFA500\">Sainz, Nora.&nbsp;\u201cAsia Central en las relaciones internacionales: seguridad y cooperaci\u00f3n.\u201d&nbsp;<\/span><em><span style=\"background-color:#FFA500\">Seminario Internacional Permanente UTDT<\/span><\/em><span style=\"background-color:#FFA500\">, Universidad Torcuato Di Tella, Buenos Aires, marzo de 2014.<\/span><\/p>\n<p class=\"rtejustify\">S\u00e1iz L\u00f3pez, Amelia.&nbsp;\u201cWork, mobility and gender. Families trajectories in the Chineses transantional space.\u201d <a href=\"http:\/\/esomi.es\/index.php\/es\/eventos\/926-international-conference-transnationalism-gender-and-migration-the-intersectional-challenges-of-social-mobility\" target=\"_blank\" rel=\"noopener\"><em>International Conference, Transnationalism, Gender and Migration. The Intersectional Challenges of Social Mobility<\/em><\/a>. Adeje, (Santa Cruz de Tenerife) 13-14 de noviembre de 2014.<\/p>\n<p class=\"rtejustify\">S\u00e1iz L\u00f3pez, Amelia, i Beltr\u00e1n, Joaquin.&nbsp;\u201cArts, Popular Culture, and Chinese Migration in Spain. Dialectics of the Incorporation\u201d&nbsp;en el panel \u00abArts, Migration and Incorporation: A Global Perspective\u00bb, del <em>RC31 Sociology of Migration, del XVIII ISA World Congress of Sociology: Facing an Unequal World: Challenges for Global Sociology<\/em>. Yokohama, 13-19 de julio de 2014.<\/p>\n<p class=\"rtejustify\">S\u00e1iz L\u00f3pez, Amelia.&nbsp;\u201cGender, Transnationalism, and Chinese Family Business in Spain.\u201d&nbsp;School of International Studies, Academy of&nbsp;Overseas Chinese Studies, Jinan University, Guangzhou, 18 de abril de 2014.<\/p>\n<p class=\"rtejustify\">S\u00e1iz L\u00f3pez, Amelia.&nbsp;\u201cDoing fieldwork in China and Spain.\u201d&nbsp;School of Public Affairs, Xiamen University, Xiamen, PR China,&nbsp;14 de abril de 2014.&nbsp;<\/p>\n<p class=\"rtejustify\">Serra, Francesc.&nbsp;\u201cPolitical regimes in Central Asia: the case of Azerbaijan.\u201d&nbsp;<em>IV World Congress for Middle East Studies (WOCMES)<\/em>, Ankara, Turqu\u00eda, 18-22 de agosto de 2014.<\/p>\n<p class=\"rtejustify\"><span style=\"background-color:rgb(255, 165, 0)\">Serra-Vilella, Alba.&nbsp;\u201cLa representaci\u00f3n de la alteridad en la literatura japonesa traducida: paratextos del traductor en las obras de Mishima y Kawabata.\u201d <\/span><a href=\"http:\/\/www.fti.uab.es\/departament\/simposi-2014\/\" style=\"line-height: 1.6;\" target=\"_blank\" rel=\"noopener\"><em><span style=\"background-color:#FFA500\">V Simposi internacional de joves investigadors en traducci\u00f3, interpretaci\u00f3, estudis interculturals i estudis d&#8217;\u00c0sia oriental<\/span><\/em><\/a><span style=\"background-color:rgb(255, 165, 0)\">. Barcelona, 4 de julio de 2014.<\/span><\/p>\n<p class=\"rtejustify\">Serra-Vilella, Alba.&nbsp;\u201cThe image of the Japanese Other projected through the themes selected for translation: overview of Japanese books translated in Spain.\u201d&nbsp;<em><a href=\"https:\/\/www.uea.ac.uk\/lcs\/events\/east-asian-translation-studies-conference\" target=\"_blank\" rel=\"noopener\">East-Asian Translation Studies conference<\/a>. <\/em>University of East Anglia, 19-20 de junio de 2014.<\/p>\n<p class=\"rtejustify\">Serra-Vilella, Alba.&nbsp;\u201cEl Otro japon\u00e9s a trav\u00e9s de los paratextos: an\u00e1lisis de las cubiertas de las traducciones de Kawabata y Mishima.\u201d&nbsp;<em>4\u00ba Foro Espa\u00f1ol de Investigaci\u00f3n en Asia-Pac\u00edfico.<\/em> Universidad de Granada, 6-7 de febrero de 2014.<\/p>\n<p class=\"rtejustify\">Torres, Esther.&nbsp;\u00ab&#8216;Ojos que no ven&#8230;&#8217;: Ausencia de sufrimiento en la presentaci\u00f3n de la literatura coreana.\u00bb&nbsp;<em>4.\u00ba Foro Espa\u00f1ol de Investigaci\u00f3n en Asia-Pac\u00edfico (FEIAP)<\/em>, Granada, 6-7 de febrero de&nbsp;2014.<\/p>\n<p class=\"rtejustify\"><span style=\"background-color:#FFA500\">Vargas-Urpi, Mireia. \u201cRetos en la formaci\u00f3n de int\u00e9rpretes especializados en temas de violencia de g\u00e9nero: el proyecto SOS-Vics.\u201d&nbsp;en la mesa redonda \u201cLa interpretaci\u00f3n en contextos de violencia de g\u00e9nero \u2013 an\u00e1lisis de necesidades y propuestas para formaci\u00f3n espec\u00edfica: el proyecto SOS-Vics.<\/span><em><span style=\"background-color:#FFA500\">\u201d&nbsp;<\/span><a href=\"http:\/\/grupsderecerca.uab.cat\/pacte\/es\/content\/presentaci%C3%B3n\" target=\"_blank\" rel=\"noopener\"><span style=\"background-color:#FFA500\">II Congreso sobre investigaci\u00f3n en Did\u00e1ctica de la Traducci\u00f3n (DIDTRAD)<\/span><\/a><\/em><span style=\"background-color:#FFA500\">, Universitat Aut\u00f2noma de Barcelona, 8-9 de julio&nbsp;de 2014.<\/span><\/p>\n<p class=\"rtejustify\">Vargas-Urpi, Mireia. \u201cLa comunicaci\u00f3n en los servicios p\u00fablicos desde el punto de vista de los inmigrantes chinos en Catalu\u00f1a.\u201d&nbsp;<em>4\u00ba Foro Espa\u00f1ol de Investigaci\u00f3n en Asia-Pac\u00edfico<\/em>. Universidad de Granada, Granada, 6-7 de febrero de 2014.<\/p>\n<p class=\"rtejustify\">&nbsp;<\/p>\n<h3 class=\"rtejustify\"><strong>2013<\/strong><\/h3>\n<p class=\"rtejustify\">Beltr\u00e1n Antol\u00edn, Joaqu\u00edn.&nbsp;\u201cIntercultural East Asia: beyond the knowledge.\u201d&nbsp;Panel: Disjoining approaches: tropes, hubs, and production of knowledge on East Asia G23. <a href=\"http:\/\/www.nomadit.co.uk\/iuaes\/iuaes2013\/panels.php5?PanelID=1491\" target=\"_blank\" rel=\"noopener\"><em>17<\/em><em><sup>th<\/sup><\/em><\/a><em><a href=\"http:\/\/www.nomadit.co.uk\/iuaes\/iuaes2013\/panels.php5?PanelID=1491\" target=\"_blank\" rel=\"noopener\"> World Congress of the International Union of Anthropological and Ethnological Studies (IUAES 2013)<\/a>.<\/em> Manchester, 8 de agosto de 2013.<\/p>\n<p class=\"rtejustify\">Fukuda, Makiko, amb Otsuki, Takako.&nbsp;\u201c\u975e\u540c\u671f\u578bE-\u30e9\u30fc\u30cb\u30f3\u30b0\u306b\u304a\u3051\u308b\u5b66\u7fd2\u8a55\u4fa1 (Avaluaci\u00f3 en l\u2019aprenentatge virtual asincr\u00f2nic).\u201d&nbsp;<em>2013 Symposium on Japanese Language Education in Europe<\/em>, Universidad Complutense de Madrid, 5-7 de setiembre de&nbsp;2013.<\/p>\n<p class=\"rtejustify\">Golden, Se\u00e1n. \u00abBrainstorming on future activities of AHEP.\u00bb&nbsp;<em>2013 Asia Europe Foundation (ASEF) Higher Education Programme (AHEP) Advisory Committee (AC) Meeting<\/em>, Mykolas Romeris University, Vilnius, (Lithuania),&nbsp;28-29 de noviembre de 2013.<\/p>\n<p class=\"rtejustify\"><span style=\"background-color:#FFA500\">Golden, Se\u00e1n<\/span><span style=\"background-color:#FFA500\">. \u00abUrban policies and governance of the risks of urban environmental calamities and urban development: a discourse analysis official and non-offical discourse.\u00bb&nbsp;<em>12th <\/em><\/span><em><span style=\"background-color:#FFA500\">EastAsiaNet Research Worksho<\/span><\/em><span style=\"background-color:#FFA500\"><em>p. Future Cities and Space Reconfiguration in East Asia: Practices and Representations, Risk and Opportunities<\/em>, Lyon (France), 17-18 de octubre de 2013.<\/span><\/p>\n<p class=\"rtejustify\"><span style=\"background-color:#FFA500\">Golden, Se\u00e1n. \u00abThe Role and Meaning of Imperial History in Contemporary China.\u00bb&nbsp;<\/span><em><span style=\"background-color:#FFA500\">European Association for Chinese Studies (EACS) Summer School in Chinese Studies 2013<\/span><\/em><span style=\"background-color:#FFA500\">, Universit\u00e0 Ca&#8217;Foscari Venezia (Italy), 2-6 de septiembre de 2013.<\/span><\/p>\n<p class=\"rtejustify\"><span style=\"background-color:#FFA500\">Golden, Se\u00e1n<\/span><span style=\"background-color:#FFA500\">.&nbsp;\u00abFrom Deng Xiaoping\u2019s &#8216;low profile&#8217; to Xi Jinping\u2019s &#8216;China dream&#8217;.\u00bb&nbsp;<\/span><em><span style=\"background-color:#FFA500\">EastAsiaNet Research Workshop<\/span><\/em><span style=\"background-color:#FFA500\">, Centre for East and South-East Asian Studies, Lund University (Sweden), 9-11 de mayo de 2013.<\/span><\/p>\n<p class=\"rtejustify\">Golden, Se\u00e1n. \u00abLiu Xie\u2019s Wenxin diaolong, Ernest Fenollosa\u2019s Complete The Chinese Written Character as a Medium for Poetry and 20th century Avant Garde American Writing Outside the Ezra Pound Tradition.\u00bb International Conference&nbsp;<em>Linking Ancient and Contemporary: Continuities and Discontinuities in Chinese History of Literature and Thought<\/em>, Universit\u00e0 Ca&#8217;Foscari Venezia, Venice (Italy), 21-22 de marzo de 2013.<\/p>\n<p class=\"rtejustify\">Grau de Pablos, Tom\u00e1s.&nbsp;\u00ab&#8216;Neutral&#8217;&nbsp;and &#8216;universal&#8217;&nbsp;Video Games? Reintroduction and influence of cultural and social identities in the virtual world.\u00bb&nbsp;<a href=\"http:\/\/iafor.org\/archives\/conference-programmes\/mediasia\/mediasia-programme-2013.pdf\" target=\"_blank\" rel=\"noopener\"><em>Congreso MediAsia 2013&nbsp;(The International Academic Forum)<\/em><\/a><em>,<\/em>&nbsp;IAFOR. \u00d4saka,&nbsp;8-10 de noviembre de 2013.<\/p>\n<p class=\"rtejustify\"><span style=\"background-color:#FFA500\">Grau de Pablos, Tom\u00e1s.&nbsp;\u00abRelaciones de interculturalidad en la industria del videojuego: im\u00e1genes y culturalidad hispano-japonesas.<\/span><em><span style=\"background-color:#FFA500\">\u00bb&nbsp;<a href=\"http:\/\/www.fti.uab.es\/departament\/simposi-2013\/es\/index.htm\" target=\"_blank\" rel=\"noopener\">IV Simposio internacional de j\u00f3venes investigadores en traducci\u00f3n, interpretaci\u00f3n, estudios interculturales y estudios de Asia oriental<\/a><\/span><\/em><span style=\"background-color:#FFA500\"><a href=\"http:\/\/www.fti.uab.es\/departament\/simposi-2013\/es\/index.htm\" target=\"_blank\" rel=\"noopener\">.<\/a> Universitat Aut\u00f3noma de Barcelona,&nbsp;1 de julio de 2013.<\/span><\/p>\n<p class=\"rtejustify\"><span style=\"background-color:#FFA500\">Guarn\u00e9, Blai.&nbsp;\u201cDe l<\/span><strong><span style=\"background-color:#FFA500\">&#8216;<\/span><\/strong><span style=\"background-color:#FFA500\">optimisme identitari a la producci\u00f3n de la difer\u00e8ncia: discurs, traducci\u00f3, \u00c0sia Oriental.\u201d&nbsp;Confer\u00e8ncia Inaugural del Curs&nbsp;2013-14 de l\u2019Institut Catal\u00e0 d\u2019Antropologia,&nbsp;Institut d\u2019Estudis Catalans. Barcelona, 15 de noviembre de&nbsp;2013.&nbsp;<\/span><\/p>\n<p class=\"rtejustify\"><span style=\"background-color:#FFA500\">Guarn\u00e9, Blai.&nbsp;\u201cIdentidad cultural en el Jap\u00f3n contempor\u00e1neo.\u201d Ciclo de Conferencias y exposici\u00f3n <em>Japonismo. La fascinaci\u00f3n por el arte japon\u00e9s<\/em>,&nbsp;CaixaForum. Madrid, 31 de octubre de&nbsp;2013.&nbsp;<\/span><\/p>\n<p class=\"rtejustify\">Guarn\u00e9, Blai.&nbsp;\u201cDisjoining areas: Peripheries and commonplaces in the anthropological study of Japan.\u201d&nbsp;Panel Session \u00abDisjoining approaches: tropes, hubs, and production of knowledge on East Asia\u201d, <a href=\"http:\/\/www.nomadit.co.uk\/iuaes\/iuaes2013\/panels.php5?PanelID=1491\" target=\"_blank\" rel=\"noopener\"><em>17th World Congress of the IUAES<\/em> (International Union of Anthropological and Ethnological Studies)<\/a>, Manchester, 8 de agosto de 2013.<\/p>\n<p class=\"rtejustify\"><span style=\"background-color:#FFA500\">Guarn\u00e9, Blai.&nbsp;\u201cDiscursos representacionales en el Jap\u00f3n contempor\u00e1neo: esencialismo y globalizaci\u00f3n.\u201d Conferencia&nbsp;en el M\u00e1ster en Investigaci\u00f3n etnogr\u00e1fica, teor\u00eda antropol\u00f3gica y relaciones interculturales, Curso 2012-13, Universitat Aut\u00f2noma de Barcelona, 12 de junio de&nbsp;2013.<\/span><\/p>\n<p class=\"rtejustify\">Guarn\u00e9, Blai.&nbsp;<strong>\u201c<\/strong>Connectedness or Alienation in the Production of&nbsp;Anthropological Knowledge: The Case of Japan and the Circum-Mediterranean Region.\u201d&nbsp;Panel Session \u201cInterdiciplinary Panel Session on Arts and Humanities<em>\u201d, 4<\/em><em><sup>th<\/sup><\/em><em> Asian Conference on Arts and Humanities<\/em>, Osaka (Japan), 4-8 de abril de&nbsp;2013.<\/p>\n<p class=\"rtejustify\">Lozano, Artur. \u201cSocial prescriptions of consumerism: kawaii culture as deviant behavior in Japan and in global techno-orientalism.\u201d <a href=\"https:\/\/maraas.files.wordpress.com\/2012\/08\/maraas-2013-academic-panels-10-9-2013.pdf\" target=\"_blank\" rel=\"noopener\"><em>42nd Annual Mid-Atlantic Region Asociation for Asian Studies Conference: Asia\u2019s Global Intersections<\/em><\/a>. University of Delaware (DE, USA), 1-3 de noviembre de&nbsp;2013.<\/p>\n<p class=\"rtejustify\">Lozano, Artur. \u201cActors Partaking in Holier-than-Cute Techno-Orientalism.\u201d <a href=\"http:\/\/library2.binghamton.edu\/news\/international\/2013\/09\/10\/new-york-conference-on-asian-studies-nycas-september-27-28-2013\/\" target=\"_blank\" rel=\"noopener\"><em>49th New York Conference of Asian Studies<\/em><\/a>. Association of Asian Studies. Binghamton University, 27-28 de septiembre de&nbsp;2013.<\/p>\n<p class=\"rtejustify\">Lozano, Artur. \u201cWhat one talks about when one talks about area.\u201d&nbsp;Panel: Disjoining approaches: tropes, hubs, and production of knowledge on East Asia G23, <a href=\"http:\/\/www.nomadit.co.uk\/iuaes\/iuaes2013\/panels.php5?PanelID=1491\"><em>17th World Congress of the IUAES: Evolving Humanity, Emerging Worlds<\/em>. International Union of Anthropological and Ethnological Sciences<\/a>. University of Manchester, 8 de agosto de&nbsp;2013.<\/p>\n<p class=\"rtejustify\"><span style=\"background-color:#FFA500\">Manonelles, Laia: Congreso \u00abDislocations. The Catalan Body in the Contemporary Global Imaginary\u00bb. Conferencia \u201cActivisme creatiu a Barcelona: una aproximaci\u00f3 al col\u00b7lectiu En medio\u201d (Art\u00edculo pendiente de publicaci\u00f3n). University of Cork,&nbsp;8 de septiembre de 2013.<\/span><\/p>\n<p class=\"rtejustify\">Manonelles, Laia.&nbsp;\u201c<a href=\"http:\/\/www.ingentaconnect.com\/content\/intellect\/jcca\/2014\/00000001\/00000001\/art00004\" target=\"_blank\" rel=\"noopener\">A review of genealogy in experimental art in China<\/a>.\u201d 2013 FIRT\/IFTR&nbsp;<em>Re-routing perfomance<\/em>,&nbsp;Institut del teatre. Barcelona,&nbsp;22 de julio de 2013.<\/p>\n<p class=\"rtejustify\"><span style=\"background-color:#FFA500\">Mas L\u00f3pez, Jordi, y Alba&nbsp;Serra-Vilella. \u201cLa traducci\u00f3 indirecta de textos literaris del japon\u00e8s al catal\u00e0 al llag dels segles XX&nbsp;i XXI.\u201d&nbsp;<\/span><em><span style=\"background-color:#FFA500\"><a href=\"https:\/\/drive.google.com\/file\/d\/0B4DRuHILv264UW9GLURDWlBTOG8\/view\" target=\"_blank\" rel=\"noopener\">V Simposi sobre Traducci\u00f3 i Recepci\u00f3 en la Literatura Catalana. La Traducci\u00f3 Indirecta en la Literatura Catalana Contempor\u00e0nia.<\/a> <\/span><\/em><span style=\"background-color:#FFA500\">Facultat de Traducci\u00f3 i Interpretaci\u00f3 de la Universitat Pompeu Fabra, 13 de diciembre de 2013.<\/span><\/p>\n<p class=\"rtejustify\"><span style=\"background-color:#FFA500\">Mas L\u00f3pez, Jordi, \u00abL&#8217;\u00fas de la m\u00e8trica japonesa en la poesia de circumst\u00e0ncies en l&#8217;etapa de maduresa de Salvador Espriu.\u00bb&nbsp;<\/span><em><span style=\"background-color:#FFA500\"><a href=\"http:\/\/filcat.uab.cat\/gelcc\/documents\/simposi_espriu_programa.pdf\" target=\"_blank\" rel=\"noopener\">II Simposi Internacional Salvador Espriu. Despr\u00e9s de<\/a><\/span><\/em><span style=\"background-color:#FFA500\"><a href=\"http:\/\/filcat.uab.cat\/gelcc\/documents\/simposi_espriu_programa.pdf\" target=\"_blank\" rel=\"noopener\"> La pell de brau<\/a>. Facultat de Filosofia i Lletres de la Universitat Aut\u00f2noma de Barcelona, Bellaterra, 15 de noviembre de 2013.&nbsp;<\/span><\/p>\n<p class=\"rtejustify\"><span style=\"background-color:#FFA500\">Masdeu Torruella, Irene. \u201cGoing back to the country of origin: Experiences of home and belonging after returning to China.\u201d&nbsp;<\/span><em><span style=\"background-color:#FFA500\">Workshop: <\/span><a href=\"http:\/\/acgs.uva.nl\/content\/events\/workshops\/2013\/3\/where-is-home.html?date=23032013&amp;origin=HhrHtgH%2FQ4yixL1r%2Ba97cQ\" target=\"_blank\" rel=\"noopener\"><span style=\"background-color:#FFA500\">Where is home? Place, belonging, and citizenship in the Asia century<\/span><\/a><\/em><span style=\"background-color:#FFA500\">, organized by University of Amsterdam, the International Institute for Asian Studies, Hong Kong Baptist University, and the Institute for Culture and Society &#8211; University of Western Sydney, Hong Kong, 22-23 de marzo de 2013.&nbsp;<\/span><\/p>\n<p class=\"rtejustify\"><span style=\"background-color:#FFA500\">Ortells Nicolau, Xavier.&nbsp;\u00abDi\u00e1logos est\u00e9ticos alrededor de las ruinas en el arte contempor\u00e1neo de China.\u00bb&nbsp;Comunicaci\u00f3n invitada&nbsp;<\/span><a href=\"http:\/\/mailing.uahurtado.cl\/2013\/filosofia\/mail_44\/pdf\/programa.pdf\" target=\"_blank\" rel=\"noopener\"><span style=\"background-color:#FFA500\">Simposio Im\u00e1genes de China<\/span><\/a><span style=\"background-color:#FFA500\">, Universidad Alberto Hurtado, Santiago de Chile, 30 de agosto de&nbsp;2013.<\/span><\/p>\n<p class=\"rtejustify\">Ortells Nicolau, Xavier. \u00abAgainst the Ruin: Demolition Sites in Contemporary Experimental Photography from China.\u00bb&nbsp;<em><a href=\"http:\/\/icas.asia\/en\/icas-8\" target=\"_blank\" rel=\"noopener\">International Convention of Asia Scholars (ICAS 8)<\/a>.<\/em> Macao, 23-27 de&nbsp;junio de&nbsp;2013.<\/p>\n<p class=\"rtejustify\"><span style=\"background-color:#FFA500\">Pita C\u00e9spedes, Gustavo. \u00abLas claves japonesas de la cultura espa\u00f1ola.\u00bb Conferencia impartida el 17 de octubre de 2013 en los marcos del <\/span><em><span style=\"background-color:#FFA500\"><a href=\"http:\/\/www.guitartfestivalsevilla.com\/images\/programa-1.pdf\" target=\"_blank\" rel=\"noopener\">4\u00ba&nbsp;Festival de la Guitarra de Sevilla y del a\u00f1o dual Espa\u00f1a-Jap\u00f3n<\/a>.<\/span><\/em><span style=\"background-color:#FFA500\">&nbsp;<\/span><\/p>\n<p class=\"rtejustify\">Rodr\u00edguez Navarro, Maite, y Alba&nbsp;Serra-Vilella.&nbsp;\u201cTranslation paratexts and the reception of Sei Shonagon\u2019s Makura no S\u00f4shi (The Pillow Book) in Spain and Catalonia.\u201d&nbsp;International Conference&nbsp;<em>TRASLATIO 2013.<\/em>&nbsp;University of Warsaw, 17-19 de octubre de 2013.&nbsp;<\/p>\n<p class=\"rtejustify\">Rovira-Esteva, Sara, y Helena&nbsp;Casas-Tost. \u201cThe application of cognitive linguistics to TCFL: \u767d (bai) and \u628a (ba)&nbsp; as a case study.\u201d&nbsp;Comunicaci\u00f3n oral. <em>The First International Conference on Teaching Chinese as a Foreign Language,<\/em>&nbsp;The School of Chinese (University of Hong Kong). Hong Kong, 4-6 de diciembre de 2013.<\/p>\n<p class=\"rtejustify\">Rovira-Esteva, Sara. \u201cDe c\u00f3mo ser evaluado y no morir en el intento.\u201d&nbsp;Comunicaci\u00f3n invitada al panel: La evaluaci\u00f3n de la investigaci\u00f3n en traducci\u00f3n e interpretaci\u00f3n. <em>VI Congreso Internacional de la Asociaci\u00f3n Ib\u00e9rica de Estudios de Traducci\u00f3n e Interpretaci\u00f3n (AIETI)<\/em>. Las Palmas de Gran Canaria, 23-25 de enero de 2013.&nbsp;<\/p>\n<p class=\"rtejustify\"><span style=\"background-color:#FFA500\">S\u00e1iz, Amelia.&nbsp;\u201cMovilidad, transnacionalismo y familia de origen chino en Espa\u00f1a.\u201d&nbsp;<a href=\"http:\/\/esomi.es\/index.php\/gl\/eventos-gl\/526-seminario-internacional-xenero-transnacionalismo-e-desenvolvemento-estratexias-interxeracionais-de-mobilidade-social\" target=\"_blank\" rel=\"noopener\"><em>Seminario: G\u00e9nero y Movilidades<\/em><\/a>, ESOMI.&nbsp;A Coru\u00f1a, 23 de septiembre de 2013.<\/span><\/p>\n<p class=\"rtejustify\">S\u00e1iz, Amelia.&nbsp;\u201cOn Gender in East Asia: Translation of concepts in a globalized order.\u201d en el panel:&nbsp;Disjoining approaches: tropes, hubs, and production of knowledge on East Asia,&nbsp;<a href=\"http:\/\/www.nomadit.co.uk\/iuaes\/iuaes2013\/panels.php5?PanelID=1491\" target=\"_blank\" rel=\"noopener\"><em>17th World Congress<\/em> <\/a><em><a href=\"http:\/\/www.nomadit.co.uk\/iuaes\/iuaes2013\/panels.php5?PanelID=1491\" target=\"_blank\" rel=\"noopener\">of the International Union of Anthropological and Ethnological Studies, IUAES<\/a>,<\/em> Manchester, 8 de agosto de&nbsp;2013.<\/p>\n<p class=\"rtejustify\"><span style=\"background-color:#FFA500\">S\u00e1iz, Amelia.&nbsp;\u201cFamilia, producci\u00f3n y reproducci\u00f3n de las mujeres chinas en Espa\u00f1a.\u201d Conferencia de clausura del Seminario <\/span><a href=\"http:\/\/esomi.es\/index.php\/es\/eventos\/810-seminario-genero-desarrollo-y-movilidades-2\" target=\"_blank\" rel=\"noopener\"><em><span style=\"background-color:#FFA500\">X\u00e9nero, desenvolvemento e mobilidades<\/span><\/em><\/a><span style=\"background-color:#FFA500\">, ESOMI.&nbsp;A Coru\u00f1a, 18 de mayo de 2013.<\/span><\/p>\n<p class=\"rtejustify\">Serra-Vilella, Alba. \u201cIndirect translation of Japanese books in Spain: evolution and translator visibility.\u201d&nbsp;<em>1st ULICES Conference on Translation Studies \u201cVoice in Indirect Translation\u201d<\/em>. Facultad de Letras, University of Lisbon,&nbsp; 10-11 de julio de 2013.<\/p>\n<p class=\"rtejustify\"><span style=\"background-color:#FFA500\">Serra-Vilella, Alba. \u201cPerspectiva de la traducci\u00f3 de llibres japonesos a Espanya: traducci\u00f3 directa i indirecta.\u201d&nbsp;<\/span><a href=\"http:\/\/www.fti.uab.es\/departament\/simposi-2013\/es\/index.htm\" target=\"_blank\" rel=\"noopener\"><em><span style=\"background-color:#FFA500\">IV Simposio internacional de j\u00f3venes investigadores en traducci\u00f3n, interpretaci\u00f3n, estudios interculturales y estudios de Asia oriental<\/span><\/em><\/a><em><span style=\"background-color:#FFA500\">.<\/span><\/em><span style=\"background-color:#FFA500\"> Barcelona, 1 de julio de 2013.<\/span><\/p>\n<p class=\"rtejustify\">Vargas-Urpi, Mireia.&nbsp;\u201cLa interpretaci\u00f3n en los servicios p\u00fablicos y la mediaci\u00f3n intercultural con el colectivo chino en Catalu\u00f1a.\u201d&nbsp;<a href=\"http:\/\/www.aieti.eu\/wp-content\/uploads\/AIETI6_Programa.pdf\" target=\"_blank\" rel=\"noopener\"><em>VI Congreso Internacional de la Asociaci\u00f3n Ib\u00e9rica de Estudios de Traducci\u00f3n e Interpretaci\u00f3n (AIETI)<\/em><\/a>. Universidad de Las Palmas de Gran Canaria, Las Palmas, 24 de enero de 2013.<\/p>\n<p class=\"rtejustify\">&nbsp;<\/p>\n<h3 class=\"rtejustify\"><strong>2012<\/strong><\/h3>\n<p class=\"rtejustify\"><span style=\"background-color:#FFA500\">Beltr\u00e1n Antol\u00edn, Joaqu\u00edn, y Amelia S\u00e1iz L\u00f3pez. \u201cLa imagen de la empresa china en Espa\u00f1a: de la \u00e9tica del esfuerzo a la econom\u00eda criminal.\u201d&nbsp;<\/span><em><span style=\"background-color:#FFA500\">III Jornada Empresariat \u00e8tnic i crisi econ\u00f3mica<\/span><\/em><span style=\"background-color:#FFA500\">, <\/span><a href=\"http:\/\/grupsderecerca.uab.cat\/egolab\/\"><span style=\"background-color:#FFA500\">Grup de Recerca en Antropologia Fonamental i Orientada (GRAFO)<\/span><\/a><span style=\"background-color:#FFA500\">, Universitat Aut\u00f2noma de Barcelona, 3 de diciembre de 2012.<\/span><\/p>\n<p class=\"rtejustify\"><span style=\"background-color:#FFA500\">Beltr\u00e1n Antol\u00edn, Joaqu\u00edn. \u201cCulture and the Confucius Institute: Soft power to meet global governance and external challenges.\u201d <\/span><em><span style=\"background-color:#FFA500\">10th EastAsiaNet Research Workshop<\/span><\/em><span style=\"background-color:#FFA500\">, <\/span><a href=\"http:\/\/grupsderecerca.uab.cat\/ieii\/en\" target=\"_blank\" rel=\"noopener\"><span style=\"background-color:#FFA500\">East Asian Studies &amp; Research Centre<\/span><\/a><span style=\"background-color:#FFA500\"> (CERAO) of the <\/span><a href=\"http:\/\/www.uab.cat\/english\/\"><span style=\"background-color:#FFA500\">Universitat Aut\u00f2noma de Barcelona<\/span><\/a><span style=\"background-color:#FFA500\"> (UAB) in collaboration with the <\/span><a href=\"http:\/\/www.cidob.org\/en\"><span style=\"background-color:#FFA500\">CIDOB Foundation of Barcelona<\/span><\/a><span style=\"background-color:#FFA500\">, the <\/span><a href=\"http:\/\/www.confuciobarcelona.es\/\"><span style=\"background-color:#FFA500\">Confucius Institute of Barcelona<\/span><\/a><span style=\"background-color:#FFA500\">, the <\/span><a href=\"http:\/\/www.fti.uab.es\/interasia\/english\/index.html\"><span style=\"background-color:#FFA500\">Inter-Asia Research Group<\/span><\/a><span style=\"background-color:#FFA500\"> (UAB), the <\/span><a href=\"http:\/\/www.uab.es\/servlet\/Satellite\/studying\/official-master-s-degrees\/general-information\/european-union-and-china-culture-and-economy-1096480962610.html?param1=1327563068208\"><span style=\"background-color:#FFA500\">European Union &amp; China: Culture &amp; Economy<\/span><\/a><span style=\"background-color:#FFA500\"> Master\u2019s degree (UAB), and the Residence for Researchers of the <\/span><a href=\"http:\/\/www.csic.es\/web\/guest\/home\"><span style=\"background-color:#FFA500\">Spanish Higher Research Council<\/span><\/a><span style=\"background-color:#FFA500\">, Barcelona, 26 de octubre de 2012.<\/span><\/p>\n<p class=\"rtejustify\">Beltr\u00e1n Antol\u00edn, Joaqu\u00edn. \u201cEstado de la cuesti\u00f3n y proyectos de la Fundaci\u00f3n Instituto Confucio de Barcelona.\u201d <em>Group 1 Breakout Sessions,<\/em> <em>2012 Joint Conference of European Confucius Institutes<\/em>, Hanban &amp; Kunfuzius-Institut an der Universit\u00e4t Wien, Viena, 7-9 de septiembre de 2012.<\/p>\n<p class=\"rtejustify\">Beltr\u00e1n Antol\u00edn, Joaqu\u00edn. \u201cVeinte a\u00f1os de investigaci\u00f3n sobre la comunidad china en Espa\u00f1a. Notas para un viaje sin final.\u201d <em>I Congreso Iberoamericano de Estudios Chinos<\/em>, Fundaci\u00f3n Insituto Confucio de Barcelona y el Centro de Estudios e Investigaci\u00f3n de Asia Oriental de la UAB, Barcelona, 25 de junio de 2012.<\/p>\n<p class=\"rtejustify\">Casas-Tost, Helena. \u201cTeaching Chinese for Translation: the case study of onomatopoeia.\u201d <em>XIX Biennial Conference of the European Association of Chinese Studies (EACS),<\/em> Par\u00eds, 8 de septiembre de 2010.<\/p>\n<p class=\"rtejustify\">Casas-Tost, Helena. \u201cCreaci\u00f3n de nuevos materiales de comprensi\u00f3n oral para estudiantes de chino.\u201d&nbsp;<em>I Congreso Iberoamericano de Estudios Chinos<\/em>, Fundaci\u00f3n Instituto Confucio de Barcelona, Barcelona, 25 de junio de 2012.<\/p>\n<p class=\"rtejustify\">Fukuda, Makiko, Yasui-Iwamoto, Aya; Sekiji-Fukuda, Eri; Kimura, Goro Christoph; Furutani, Tomoyuki; Shimada, Noriko; Wang, Xueping; Hirataka, Fumiya.&nbsp;\u201c<a href=\"http:\/\/neon.niederlandistik.fu-berlin.de\/ss19\/paper\/906\" target=\"_blank\" rel=\"noopener\">Language Behaviors of Japanese Native Speakers in Non-English-Speaking Cities<\/a>.\u201d&nbsp;<em>The 19th Sociolinguistic Symposium<\/em>, Freie Universit\u00e4t Berlin, 21-24 de agosto de&nbsp;2012.<\/p>\n<p class=\"rtejustify\">Fukuda, Makiko.&nbsp;\u201c<a href=\"http:\/\/revistes.eapc.gencat.cat\/index.php\/rld\/article\/viewFile\/10.2436-20.8030.02.80\/n62-fukuda-ca.pdf\" target=\"_blank\" rel=\"noopener\">Passport or barrier?: language knowledge and attitudes of Japanese residents in a bilingual society of Catalonia.<\/a>\u201d&nbsp;<em>13th International Conference on Language and Social Psychology (ICLASP13)<\/em>, Mercator European Research Centre on Multilingualism and Language Learning.&nbsp;Leeuwarden, Holanda,&nbsp;20-23 de junio de&nbsp;2012.<\/p>\n<p class=\"rtejustify\">Golden, Se\u00e1n. \u00abA Discourse Analysis of the Official and Non-Official Communication of Ecological Risk and its Subsequent Management in the PRC.\u00bb <em>2nd Asia-Europe Forum on Methods and Perspectives of Risk Analysis<\/em>, Hong Kong Advanced Institute for Cross Disciplinary Studies, City University, Hong Kong, 8-9 de noviembre de 2012.<\/p>\n<p class=\"rtejustify\"><span style=\"background-color:#FFA500\">Golden, Se\u00e1n. \u201c&#8217;Social construction&#8217;, &#8216;social management&#8217;, and &#8216;social system reform&#8217; versus \u2018civil society\u2019 is a Western pitfall\u2019: official discourse on civil society and governance going into the 18th National Congress of the Chinese Communist Party.\u00bb <\/span><em><span style=\"background-color:#FFA500\">10th EastAsiaNet Research Workshop<\/span><\/em><span style=\"background-color:#FFA500\">, Fundaci\u00f3n CIDOB, Barcelona (Spain), 25-26 de octubre de 2012.<\/span><\/p>\n<p class=\"rtejustify\"><span style=\"background-color:#FFA500\">Golden, Se\u00e1n. <\/span><em><span style=\"background-color:#FFA500\">6th ASEM Education Hub Advisory Committee Meeting<\/span><\/em><span style=\"background-color:#FFA500\">, University of Groningen, Holland, 27-28 de septiembre de 2012.<\/span><\/p>\n<p class=\"rtejustify\">Golden, Se\u00e1n. \u00abEpistemic &amp; interpretive communities &#8216;with Chinese characteristics.'\u00bb <em>La Cina verso la nuova Leadership. Le sfide politiche ed economiche nell&#8217;anno del drago<\/em>, Dipartimento di Studi sull&#8217;Asia e sull&#8217;Africa Mediterranea, Universit\u00e0 Ca&#8217;Foscari Venezia (Italia), 3 de mayo de 2012.<\/p>\n<p class=\"rtejustify\"><span style=\"background-color:#FFA500\">Golden, Se\u00e1n. \u00abConstructing a Discourse of &#8216;Scientific Development&#8217; and &#8216;Ecological Civilisation&#8217; in China. Ecology and Ideology in Chinese Thought.\u00bb&nbsp;<\/span><em><span style=\"background-color:#FFA500\">9th EastAsiaNet Research Workshop<\/span><\/em><span style=\"background-color:#FFA500\">, Universidade de Aveiro (Portugal), 19-21 de abril de 2012.<\/span><\/p>\n<p class=\"rtejustify\"><span style=\"background-color:#FFA500\">Guarn\u00e9 Cabello, Blai, y&nbsp;Carles Prado Fonts. \u201cThe production of knowledge in the context of globalization.\u201d International Workshop <\/span><em><span style=\"background-color:#FFA500\">Universities in the context of globalization: A view from East Asia<\/span><\/em><span style=\"background-color:#FFA500\">, (CSO2011-14976-E.), Grupo de Investigaci\u00f3n InterAsia, Universitat Aut\u00f2noma de Barcelona, 9 d\u2019octubre de 2012.<\/span><\/p>\n<p class=\"rtejustify\"><span style=\"background-color:#FFA500\">Guarn\u00e9 Cabello, Blai.&nbsp;\u201cDiscursos culturals al Jap\u00f3 contemporani: Identitat i nacionalisme.\u201d Jornadas Internacionales <\/span><em><span style=\"background-color:#FFA500\">Identidad y discurso: Nacionalismo cultural en el Jap\u00f3n de la globalizaci\u00f3n <\/span><\/em><span style=\"background-color:#FFA500\">(CSO2011-14328-E.), Grupo de Investigaci\u00f3n InterAsia, Universitat Aut\u00f2noma de Barcelona, 9 d\u2019octubre de 2012.<\/span><\/p>\n<p class=\"rtejustify\"><span style=\"background-color:#FFA500\">Guarn\u00e9 Cabello, Blai. Chair, Panel Session at the <\/span><em><span style=\"background-color:#FFA500\">III International Symposium for Young Researchers in Translation, Interpreting, Intercultural Studies and East Asian Studies<\/span><\/em><span style=\"background-color:#FFA500\">, Facultat de Traducci\u00f3 i Interpretaci\u00f3, Universitat Aut\u00f2noma de Barcelona, 29 de junio de 2012.<\/span><\/p>\n<p class=\"rtejustify\">Guarn\u00e9 Cabello, Blai. \u00abPeripheries and commonplaces in the study of Japan as an anthropological field.\u201d Panel Session \u201cPractices and Development of Critical Qualitative Research in East Asia\u201d, <em>AAS Annual Conference (Association for Asian Studies)<\/em>,&nbsp; Toronto (Canada), 15-18 de marzo de 2012.<\/p>\n<p class=\"rtejustify\"><span style=\"background-color:#FFA500\">Lozano-M\u00e9ndez, Artur. \u00abEl discurs tecno-orientalista: nacionalisme cultural i cultura popular japonesa.\u201d&nbsp;<\/span><em><a href=\"http:\/\/www.fti.uab.es\/interasia\/documents\/poster\/identitat_i_discurs_programa.pdf\" target=\"_blank\" rel=\"noopener\"><span style=\"background-color:#FFA500\">Jornada Identitat i Discurs: Nacionalisme Cultural al Jap\u00f3 de la Globalitzaci\u00f3<\/span><\/a><\/em><span style=\"background-color:#FFA500\">. Facultat de Traducci\u00f3 i d\u2019Interpretaci\u00f3, Inter Asia Research Group. Universitat Aut\u00f2noma de Barcelona, 8 de octubre de 2012.<\/span><\/p>\n<p class=\"rtejustify\"><span style=\"background-color:#FFA500\">Manonelles Moner, Laia. \u201cL\u2019art d\u2019acci\u00f3 com a ter\u00e0pia i subversi\u00f3.\u201d <\/span><em><span style=\"background-color:#FFA500\">Jornada Accionisme. Els signes del malestar. La inquietud a la base de l\u2019art d\u2019acci\u00f3 com a den\u00fancia i sedaci\u00f3<\/span><\/em><span style=\"background-color:#FFA500\">, GREGA\/1. (Grup de Recerca en Est\u00e8tica. general i Antropol\u00f2gica. Arts Pl\u00e0stiques, Teatre, Arts d&#8217;acci\u00f3 i Cinema) i l\u2019Institut del Teatre, Arts Santa M\u00f2nica, 20 de octubre de 2012.<\/span><\/p>\n<p class=\"rtejustify\">Manonelles Moner, Laia. \u201cDi\u00e1sporas y flujos migratorios en el arte chino experimental.\u201d <a href=\"http:\/\/www.estudioschinos.com\/congress.html\" target=\"_blank\" rel=\"noopener\"><em>3rd International Congress On Chinese Studies<\/em><\/a>, Centro de Estudios Chinos Lu Xun, Bilbao, 11 de septiembre de 2012.<\/p>\n<p class=\"rtejustify\">Manonelles Moner, Laia. \u201cThe deconstruction of the myth of \u2018La Vampira del Raval\u2019 in Elsa Plaza\u2019s The Sky Underfoot.\u201d <em>Performing Monstrosity in the City<\/em>, University Queen Mary, Londres, 1 de septiembre de 2012.<\/p>\n<p class=\"rtejustify\">Manonelles Moner, Laia. \u201cPensamientos \u2018caminados\u2019: peregrinaciones en el arte contempor\u00e1neo.\u201d <em>I Congreso Iberoamericano de Estudios Chinos<\/em>, Fundaci\u00f3n Instituto Confucio de Barcelona, Centro de Estudios e Investigaci\u00f3n de Asia Oriental de la UAB, Barcelona, 26 de junio de 2012.<\/p>\n<p class=\"rtejustify\">Masdeu Torruella, Irene.&nbsp;\u201cBack to China: Transnational ties upon return.\u201d&nbsp;<em><a href=\"http:\/\/qiaoxiang.wyu.edu.cn\/xsyh\/201071510483165389.htm\" target=\"_blank\" rel=\"noopener\">International Conference on International Migration and Qiaoxiang Studies<\/a><\/em>, Wuyi University, PR China, 19-21 de noviembre de 2012.<\/p>\n<p class=\"rtejustify\">Masdeu Torruella, Irene. \u201cBack to China: Transnational ties upon <em>return.<\/em>\u201d <em>International Conference on International Migration and Qiaoxiang Studies<\/em>, Wuyi University (China), and San Francisco State University (USA), Wuyi, 19-21 de noviembre de 2012.<\/p>\n<p class=\"rtejustify\">Masdeu Torruella, Irene. \u201cTransnational links and return migration practices among young Chinese migrants in Spain.\u201d <a href=\"http:\/\/www.cefc.com.hk\/event\/new-european-research-on-contemporary-china-conference-3\/\" target=\"_blank\" rel=\"noopener\"><em>New European Research on Contemporary China Conference<\/em><\/a>, CEFC (Centre d\u2019\u00e9tudes fran\u00e7ais sur la Chine Contemporaine), Beijing, 4-6 de julio de 2012.&nbsp;<\/p>\n<p class=\"rtejustify\"><span style=\"background-color:#FFA500\">Masdeu Torruella, Irene. \u201cQingtian transnacional: Im\u00e1genes y narrativas locales de la migraci\u00f3n china en Espa\u00f1a.\u201d en el ciclo <\/span><em><span style=\"background-color:#FFA500\">Jornadas sobre migraci\u00f3n: China \u2013 Espa\u00f1a, un camino de ida y vuelta<\/span><\/em><span style=\"background-color:#FFA500\">, organizado por Biblioteca Miguel Hern\u00e1ndez de Shanghai, Consulado de Espa\u00f1a en Shanghai, Interasia. Shanghai, 28 y 29 de junio de 2012.<\/span><\/p>\n<p class=\"rtejustify\"><span style=\"background-color:#FFA500\">Ortells, Nicolau, Xavier. \u201cRecycling patrimony: cultural negotiations of Chinese material heritage.\u201d Conferencia Internacional <\/span><em><span style=\"background-color:#FFA500\">Cultura de la Arquitectura en Asia Oriental EAAC 2012<\/span><\/em><span style=\"background-color:#FFA500\">, <\/span><em><span style=\"background-color:#FFA500\">Convergence in Divergence: Contemporary Challenges in East Asian Architectural Studies<\/span><\/em><span style=\"background-color:#FFA500\">, Hong Kong, 12 de diciembre de 2012.<\/span><\/p>\n<p class=\"rtejustify\"><span style=\"background-color:#FFA500\">Ortells, Nicolau, Xavier. \u201cMajor trends in English-speaking scholarship on China\u2019s civil society, 1989-2000s.\u201d&nbsp;<\/span><em><span style=\"background-color:#FFA500\">10th EastAsiaNet Research Workshop<\/span><\/em><span style=\"background-color:#FFA500\">, Centro de Estudios e Investigaci\u00f3n sobre Asia Oriental (CERAO) de la Universitat Aut\u00f2noma de Barcelona (UAB), Fundaci\u00f3n CIDOB de Barcelona, 26 de octubre de 2012.<\/span><\/p>\n<p class=\"rtejustify\"><span style=\"background-color:#FFA500\">Ortells, Nicolau, Xavier. \u201cReciclar la demolici\u00f3: la q\u00fcesti\u00f3 del patrimoni a la ciutat xinesa actual.\u201d <\/span><a href=\"http:\/\/www.fti.uab.es\/departament\/simposi-2012\/\" target=\"_blank\" rel=\"noopener\"><em><span style=\"background-color:#FFA500\">III Simposio Internacional de J\u00f3venes Investigadores en Traducci\u00f3n, Interpretaci\u00f3n, Estudios Interculturales y Estudios en Asia Oriental<\/span><\/em><\/a><span style=\"background-color:#FFA500\">, Universitat Aut\u00f2noma de Barcelona, 29 de junio de 2012.<\/span><\/p>\n<p class=\"rtejustify\">Ortells, Nicolau, Xavier. \u00abBeyond the Ruin: Transnational Negotiations of Chinese Architectural Heritage.\u00bb <em>Cosmopolitan China<\/em>, Center for Chinese Studies y el Confucius Institute, University of Manchester, 18 de mayo de 2012.<\/p>\n<p class=\"rtejustify\">Ortells, Nicolau, Xavier. \u201cFraming foreign lands: resilient colonialism in theory and practice.\u201d <em>I Congreso Internacional de J\u00f3venes Investigadores en Humanidades<\/em>, Universitat Pompeu Fabra (Barcelona), 18 de abril de 2012.<\/p>\n<p class=\"rtejustify\">Rodr\u00edguez Navarro, M. Teresa.&nbsp;\u201cParatextual elements in four translations into Spanish of Nitobe\u00b4s Bushido. The Soul of Japan.\u201d <a href=\"http:\/\/www.bajs.org.uk\/conferences-and-events\/\" target=\"_blank\" rel=\"noopener\"><em>BAJS&nbsp; International Conference 2012 (British Association of Japanese Studies)<\/em><\/a>, University of East Anglia, Norwich, 6-7 de septiembre de 2012.<\/p>\n<p class=\"rtejustify\"><span style=\"background-color:#FFA500\">Rodr\u00edguez Navarro, M. Teresa.&nbsp;\u201cNacionalismo cultural en la literatura japonesa y sus traducciones: Bushido. The Soul of Japan, de Inazo Nitobe.\u201d&nbsp;<em>Jornada de Recerca Identitat i Discurs: Nacionalisme cultural al Jap\u00f3 de la Globalitzaci\u00f3<\/em>.&nbsp;Organizado por el Grup de Recerca Interasia Facultat de Traducci\u00f3 i Interpretaci\u00f3, UAB, Barcelona, 8 de octubre de&nbsp;2012.<\/span><\/p>\n<p class=\"rtejustify\">Rovira-Esteva, Sara.&nbsp;\u201cChinese linguistics in Spain: historical and institutional overview.\u201d&nbsp;<em>XIXth Biennial Conference of the European Association for Chinese Studies<\/em>. Paris, 5 de septiembre de&nbsp;2012.<\/p>\n<p class=\"rtejustify\">Rovira-Esteva, Sara.&nbsp;\u201cLengua china para traductores.\u201d&nbsp;<em>I Congreso Iberoamericano de Estudios Chinos<\/em>, Fundaci\u00f3 Institut Confuci i CERAO (Universitat aut\u00f2noma de Barcelona). Barcelona, 25-6 de junio de&nbsp;2012.<\/p>\n<p class=\"rtejustify\">Rovira-Esteva, Sara,&nbsp;Helena&nbsp;Casas Tost, Anabel Gal\u00e1n Ma\u00f1as,&nbsp;Lucia Molina,&nbsp;Patricia&nbsp;Rodr\u00edguez In\u00e9s, Lupe Romero, Olga Torres Hostench. \u201cEl uso del revoicing y el captioning en el aprendizaje de lenguas extranjeras: el proyecto ClipFlair.\u201d<em>&nbsp;<\/em><em><a href=\"http:\/\/grupsderecerca.uab.cat\/pacte\/sites\/grupsderecerca.uab.cat.pacte\/files\/programa_didTRAD_definitivo.pdf\" target=\"_blank\" rel=\"noopener\">I Congreso internacional sobre investigaci\u00f3n en Did\u00e1ctica de la traducci\u00f3n \/ VIII Congreso internacional de Traducci\u00f3n. PACTE i Departament de Traducci\u00f3 i d\u2019Interpretaci\u00f3<\/a><\/em>, PACTE i Departament de Traducci\u00f3 i d\u2019Interpretaci\u00f3, Universitat Aut\u00f2noma de Barcelona,&nbsp;21-22 de junio de&nbsp;2012.<\/p>\n<p class=\"rtejustify\">Rovira Esteva, Sara, y Helena&nbsp;Casas Tost.&nbsp;\u201cLa did\u00e1ctica de los colores en la ense\u00f1anza del chino para traductores.\u201d&nbsp;<em><a href=\"http:\/\/grupsderecerca.uab.cat\/pacte\/sites\/grupsderecerca.uab.cat.pacte\/files\/programa_didTRAD_definitivo.pdf\" target=\"_blank\" rel=\"noopener\">I Congreso internacional sobre investigaci\u00f3n en Did\u00e1ctica de la traducci\u00f3n \/ VIII Congreso internacional de Traducci\u00f3n. PACTE i Departament de Traducci\u00f3 i d\u2019Interpretaci\u00f3<\/a>,<\/em> PACTE i Departament de Traducci\u00f3 i d\u2019Interpretaci\u00f3, Universitat Aut\u00f2noma de Barcelona,&nbsp;21-22 de junio de&nbsp;2012.<\/p>\n<p class=\"rtejustify\">Rovira-Esteva, Sara, y Helena&nbsp;Casas-Tost.&nbsp;\u201cWhen rainbows have different colours: teaching colour terms in Chinese to Spanish speakers.\u201d&nbsp;<em>CECC-Conference. Thinking Colors: Perception, Translation and Representation<\/em>. Research Center for Communication and Culture &#8211; Translating Europe Across the Ages. Catholic University of Portugal, Lisbon 29-31 de marzo de&nbsp;2012.<\/p>\n<p class=\"rtejustify\">S\u00e1iz L\u00f3pez, Amelia. \u201cMigraci\u00f3n, g\u00e9nero e identidad. Reflejos de la migrante china en las creaciones de Guo Xiaolu.\u201d&nbsp;<em>I Congreso Iberoamericano de Estudios Chinos<\/em>, Fundaci\u00f3n Instituto Confucio de Barcelona,&nbsp;Centro de Estudios e Investigaci\u00f3n de Asia Oriental de la UAB. Barcelona, 25 de junio de 2012.<\/p>\n<p class=\"rtejustify\"><span style=\"background-color:#FFA500\">S\u00e1iz L\u00f3pez, Amelia.&nbsp;\u201cO impacto das migraci\u00f3ns no desenvolvemento. O caso da inmigraci\u00f3n chinesa e romanesa.\u201d <em><a href=\"http:\/\/esomi.es\/index.php\/gl\/eventos-gl\/526-seminario-internacional-xenero-transnacionalismo-e-desenvolvemento-estratexias-interxeracionais-de-mobilidade-social\" target=\"_blank\" rel=\"noopener\">Seminario Internacional&nbsp;X\u00e9nero, transnacionalismo e desenvolvemento: estratexias interxeracionais de mobilidade social<\/a>,&nbsp;<\/em>ESOMI.&nbsp;A Coru\u00f1a, 27-28 de abril de 2012.<\/span><\/p>\n<p class=\"rtejustify\"><span style=\"background-color:#FFA500\">Vargas Urp\u00ed, Mireia.&nbsp;\u201cEl papel de las entidades contrantes en la interpretaci\u00f3n en los servicios p\u00fablicos: ejemplos del contexto catal\u00e1n.\u201d&nbsp;<\/span><em><span style=\"background-color:#FFA500\"><a href=\"https:\/\/web.ua.es\/es\/lucentino\/coloquio-internacional-lucentino-de-la-universidad-de-alicante.html\" target=\"_blank\" rel=\"noopener\">IV Coloquio Internacional Lucentino: Ser o no ser&#8230; int\u00e9rprete.<\/a> <\/span><\/em><span style=\"background-color:#FFA500\">Universidad de Alicante, Alicante, 8-10 de noviembre de 2012.<\/span><\/p>\n<p class=\"rtejustify\">Vargas Urp\u00ed, Mireia.&nbsp;\u201cCoping with non-verbal communication in public service interpreting with Chinese immigrants.\u201d <em>XIX Biennial Conference of the European Association of Chinese Studies (EACS), <\/em>Universit\u00e9 Paris Diderot, Institut National des Langues et Civilisations Orientales (INALCO) i Biblioth\u00e8que universitaire des Langues et Civilisations (BULAC), Par\u00eds, 3-5 de septiembre de 2012.<\/p>\n<p class=\"rtejustify\">Vargas Urp\u00ed, Mireia.&nbsp;\u201cLa interpretaci\u00f3n del chino en los servicios p\u00fablicos: \u00bfsalida profesional para los estudiantes de chino como lengua extranjera?\u201d <em>I Congreso Iberoamericano de Estudios Chinos, <\/em>Fundaci\u00f3 Institut Confuci de Barcelona i Centre d\u2019Estudis Asi\u00e0tics de la Universitat Aut\u00f2noma de Barcelona, Barcelona, 25-26 de junio&nbsp;de 2012<\/p>\n<p class=\"rtejustify\">Vargas Urp\u00ed, Mireia.&nbsp;\u201cTISP i\/o mediaci\u00f3 intercultural: la realitat dels professionals que treballen en el context catal\u00e0.\u201d&nbsp;<em><a href=\"http:\/\/grupsderecerca.uab.cat\/pacte\/content\/i-congr%C3%A9s-internacional-sobre-investigaci%C3%B3-en-did%C3%A0ctica-de-la-traducci%C3%B3-didtrad-viii-congr%C3%A9s\" target=\"_blank\" rel=\"noopener\">I Congr\u00e9s Internacional sobre Investigaci\u00f3 en Did\u00e0ctica de la traducci\u00f3 \/ VIII Congr\u00e9s Internacional de Traducci\u00f3 del Departament de Traducci\u00f3 i d\u2019Interpretaci\u00f3<\/a>, <\/em>PACTE i Departament de Traducci\u00f3 i d\u2019Interpretaci\u00f3, Universitat Aut\u00f2noma de Barcelona,&nbsp;21-22 de junio de&nbsp;2012.<\/p>\n<p class=\"rtejustify\">&nbsp;<\/p>\n<h3 class=\"rtejustify\"><strong>2011<\/strong><\/h3>\n<p class=\"rtejustify\"><span style=\"background-color:#FFA500\">Beltr\u00e1n Antol\u00edn, Joaqu\u00edn. \u201c\u2018\u00a1Se lo han quedado los chinos!\u2019 Intervenciones virtuales en los procesos de interculturalidad china en Espa\u00f1a.\u201d&nbsp;<\/span><a href=\"https:\/\/www.cidob.org\/ca\/content\/download\/44583\/1102924\/version\/1\/file\/Programa%20SEMINARI.pdf\" target=\"_blank\" rel=\"noopener\"><em><span style=\"background-color:#FFA500\">Seminario internacional Procesos interculturales de Asia Oriental en la sociedad internacional de la informaci\u00f3n: Ciudadan\u00eda, g\u00e9nero y producci\u00f3n cultural<\/span><\/em><\/a><span style=\"background-color:#FFA500\">, Grup&nbsp;d&#8217;Investigaci\u00f3&nbsp;InterAsia, Departamento de Traducci\u00f3&nbsp;i&nbsp;Interpretaci\u00f3&nbsp;de la Universitat Aut\u00f2noma de Barcelona,&nbsp;la Fundaci\u00f3&nbsp;CIDOB. Barcelona, 24-25 de noviembre de 2011.<\/span><\/p>\n<p class=\"rtejustify\">Beltr\u00e1n Antol\u00edn, Joaqu\u00edn. \u201c\u2019The Chinese never die\u2019. Stereotypes and the Chinese diaspora in Spain.\u201d&nbsp;Ponencia en la sesi\u00f3n \u00abEthnic Relations\u00bb de la&nbsp;<em><a href=\"http:\/\/www.cuhk.edu.hk\/ant\/isscoconf\/index.htm\">ISSCO International Conference: Chinese Overseas: Culture, Religions and Worldview<\/a><\/em>,&nbsp;International Society for the Study of Chinese Overseas (ISSCO),&nbsp;Department of Anthropology, The Chinese University of Hong Kong. Hong Kong, 21 de junio de 2011.<\/p>\n<p class=\"rtejustify\">Beltr\u00e1n Antol\u00edn, Joaqu\u00edn, y S\u00e1iz L\u00f3pez, Amelia. \u201cGeographical dispersion, economic diversification, and transnationalism. Chinese family entrepreneurship in Spain and beyond.\u201d&nbsp;<em>II Jornada d\u2019Emprenedors \u00c8tnics: Economic Crisis and Small Business in Catalunya<\/em>. Academic Session&nbsp;Grup de Recerca en Antropologia Fonamental i Orientada (GRAFO),&nbsp;Universitat Aut\u00f3noma de Barcelona,&nbsp;14 de junio de 2011.<\/p>\n<p class=\"rtejustify\">Beltr\u00e1n Antol\u00edn, Joaqu\u00edn, y S\u00e1iz L\u00f3pez, Amelia. \u201cDe La fuente amarilla a Zhao. Una d\u00e9cada del imaginario chino en la producci\u00f3n cinematogr\u00e1fica espa\u00f1ola.\u201d&nbsp;Panel&nbsp;\u201cIntercultural Representations\u201d,&nbsp;<em>II International Conference on Intercultural Studies<\/em>,&nbsp;Centro de Estudos Interculturais del Instituto Superior de Contabilidade e Adminsitra\u00e7ao (ISCAP). Instituto Polit\u00e9cnico do Porto,&nbsp;Oporto, 25-27 de mayo de 2011.<\/p>\n<p class=\"rtejustify\">Fukuda, Makiko. \u201cEls japonesos a Catalunya i la llengua catalana: comunitat, lleng\u00fces i ideologies: comunicaci\u00f3 oral.\u201d&nbsp;<em><a href=\"http:\/\/blogs.iec.cat\/cruscat\/jornada\/iijornadesxc\/jornades-2011\/\" target=\"_blank\" rel=\"noopener\">Primeres Jornades La recerca socioling\u00fc\u00edstica en l\u2019\u00e0mbit de la llengua catalana<\/a><\/em>, Institut d\u2019Estudis Catalans, Barcelona, 27 i 28 de enero de&nbsp;2011.<\/p>\n<p class=\"rtejustify\"><span style=\"background-color:#FFA500\">Fukuda, Makiko. \u201cIntercambiando lenguas en Internet. Un estudio de caso: Keio University \u2013 Universidad Complutense de Madrid \u2013 Universitat Aut\u00f2noma de Barcelona.\u201d&nbsp;<\/span><a href=\"https:\/\/www.cidob.org\/ca\/content\/download\/44583\/1102924\/version\/1\/file\/Programa%20SEMINARI.pdf\" target=\"_blank\" rel=\"noopener\"><em><span style=\"background-color:#FFA500\">Seminario internacional Procesos interculturales de Asia Oriental en la sociedad internacional de la informaci\u00f3n: Ciudadan\u00eda, g\u00e9nero y producci\u00f3n cultural<\/span><\/em><\/a><span style=\"background-color:#FFA500\">, Grup&nbsp;d&#8217;Investigaci\u00f3&nbsp;InterAsia, Departament&nbsp;de Traducci\u00f3&nbsp;i&nbsp;Interpretaci\u00f3&nbsp;de la Universitat Aut\u00f2noma de Barcelona, Fundaci\u00f3&nbsp;CIDOB. Barcelona, 24-25 de noviembre de 2011.<\/span><\/p>\n<p class=\"rtejustify\">Fukuda, Makiko. \u201cDouble gateway to Host Society: language use and ideology of Japanese community in Catalonia, Spain.\u00bb&nbsp;<em><a href=\"http:\/\/www.atiner.gr\/abstracts\/2011LIT-ABST.pdf\" target=\"_blank\" rel=\"noopener\">4th Annual International Conference on Literature, Languages &amp; Linguistics<\/a><\/em>, Atenes,&nbsp;11-14 de julio de&nbsp;2011.<\/p>\n<p class=\"rtejustify\"><span style=\"background-color:#FFA500\">Golden, Sean. \u201cThe (re-)construction of political discourse in China in a cross-culturally globalised media market.\u201d&nbsp;<\/span><a href=\"https:\/\/www.cidob.org\/ca\/content\/download\/44583\/1102924\/version\/1\/file\/Programa%20SEMINARI.pdf\" target=\"_blank\" rel=\"noopener\"><em><span style=\"background-color:#FFA500\">Seminario internacional Procesos interculturales de Asia Oriental en la sociedad internacional de la informaci\u00f3n: Ciudadan\u00eda, g\u00e9nero y producci\u00f3n cultural<\/span><\/em><\/a><span style=\"background-color:#FFA500\">, Grup&nbsp;d&#8217;Investigaci\u00f3&nbsp;InterAsia, Departament&nbsp;de Traducci\u00f3&nbsp;i&nbsp;Interpretaci\u00f3&nbsp;de la Universitat Aut\u00f2noma de Barcelona, Fundaci\u00f3&nbsp;CIDOB. Barcelona, 24-25 de noviembre de 2011.<\/span><\/p>\n<p class=\"rtejustify\">Golden, Se\u00e1n. \u201cDiscourse and risk in Chinese strategic thinking.\u201c&nbsp;<em>1st Asia-Europe Forum on Methods and Perspectives of Risk Analysis,<\/em> Hong Kong Advanced Institute for Cross-Disciplinary Studies, City University of Hong Kong, 16-17 de noviembre de&nbsp;2011.<\/p>\n<p class=\"rtejustify\"><span style=\"background-color:#FFA500\">Golden, Sean. \u00abDo East Asian Studies really exist?\u00bb&nbsp;<\/span><em><a href=\"http:\/\/wirtschaft.ostasien.univie.ac.at\/fileadmin\/user_upload\/lehrstuhl_wirtschaft_ostasien\/Dokumente\/2011_09_12_Agenda_EAN_Workshop.pdf\" target=\"_blank\" rel=\"noopener\"><span style=\"background-color:#FFA500\">8th EastAsiaNet Research Workshop<\/span><\/a><\/em><span style=\"background-color:#FFA500\">, Vienna (Austria), 15-16 de septiembre de&nbsp;2011.<\/span><\/p>\n<p class=\"rtejustify\">Golden, Sean. \u201cPensamiento cl\u00e1sico (confucianismo, budismo, tao\u00edsmo) y su impacto en los comportamientos pol\u00edticos y sociales.\u201d&nbsp;<em><a href=\"http:\/\/www.uimp.es\/uxxiconsultas\/ficheros\/2\/10587611k.pdf\">China: Protocolo y Negociaci\u00f3n<\/a><\/em>, Universidad Internacional Men\u00e9ndez-Pelayo, Santander (Spain),13 de junio de&nbsp;2011.<\/p>\n<p class=\"rtejustify\">Golden, Sean. \u201cConclusions.\u201d&nbsp;<a href=\"http:\/\/www.unive.it\/media\/allegato\/DIP\/Asia_Africa_Med\/Eventi\/2011\/mag_5_state_and__society.pdf\">The State and Society in East Asia, 1910-1945: Comparative Perspectives on Political, Financial and Legal Issues<\/a>, Venice (Italy), 05 de mayo de&nbsp;2011.<\/p>\n<p class=\"rtejustify\"><span style=\"background-color:#FFA500\">Golden, Sean. \u201cDiscourse Analysis and the Study of Risk in a Chinese Context.\u201d&nbsp;<\/span><em><a href=\"http:\/\/www.uni-due.de\/~hy0387\/fileadmin\/resource\/Duisburg_2011_Program.pdf\" target=\"_blank\" rel=\"noopener\"><span style=\"background-color:#FFA500\">EastAsiaNet Research Workshop<\/span><\/a><\/em><span style=\"background-color:#FFA500\">, Duisburg (Germany), 14-15 de abril de&nbsp;2011.<\/span><\/p>\n<p class=\"rtejustify\"><span style=\"background-color:#FFA500\">Guarn\u00e9 Cabello, Blai. \u201cWhen the field site inquires : Distance and reflexivity in ethnography from afar.\u201d&nbsp;<\/span><a href=\"https:\/\/www.cidob.org\/ca\/content\/download\/44583\/1102924\/version\/1\/file\/Programa%20SEMINARI.pdf\" target=\"_blank\" rel=\"noopener\"><em><span style=\"background-color:#FFA500\">Seminario internacional Procesos interculturales de Asia Oriental en la sociedad internacional de la informaci\u00f3n: Ciudadan\u00eda, g\u00e9nero y producci\u00f3n cultural<\/span><\/em><\/a><span style=\"background-color:#FFA500\">, Grup&nbsp;d&#8217;Investigaci\u00f3&nbsp;InterAsia, Departament&nbsp;de Traducci\u00f3&nbsp;i&nbsp;Interpretaci\u00f3&nbsp;de la Universitat Aut\u00f2noma de Barcelona, Fundaci\u00f3&nbsp;CIDOB. Barcelona, 24-25 de noviembre de 2011.<\/span><\/p>\n<p class=\"rtejustify\">Guarn\u00e9 Cabello, Blai. \u201cTraced At a Distance: Vicarious Images and Contingent Voices in Ethnography from Afar.\u201d&nbsp;Panel Session \u201cEthnographic Traces: Writing, Routes, and Reflexivity\u201d,&nbsp;<em>110th AAA (American Anthropological Association) Annual Meeting<\/em>, Montreal (Canada), 20 de&nbsp;noviembre de&nbsp;2011.<\/p>\n<p class=\"rtejustify\">Guarn\u00e9 Cabello, Blai. Discussant, Panel Session \u201cPolitics of Cultural Production: Memory and Representation\u201d,&nbsp;<em>13th International Conference of the European Association of Japanese Studies<\/em>. Tallinn University, Tallinn, Estonia,&nbsp;24-27 de agosto de 2011.<\/p>\n<p class=\"rtejustify\">Guarn\u00e9 Cabello, Blai. \u201cEl discurso de la \u2018cultura\u2019: la producci\u00f3n de la diferencia en el Jap\u00f3n de la globalizaci\u00f3n.\u201d&nbsp;Panel Session \u201cIntercultural Representations\u201d,&nbsp;<em>II International Conference on Intercultural Studies<\/em>,&nbsp;Centro de Estudos Interculturais del Instituto Superior de Contabilidade e Adminsitra\u00e7ao (ISCAP). Instituto Polit\u00e9cnico do Porto,&nbsp;Oporto, 25-27 de mayo de 2011.<\/p>\n<p class=\"rtejustify\"><span style=\"background-color:#FFA500\">Lozano M\u00e9ndez, Artur. \u201c\u00bfTodos en el mismo barco?\u2019: sociabilidad y tecnolog\u00eda en la animaci\u00f3n de Hosoda Mamoru.\u201d&nbsp;<\/span><a href=\"https:\/\/www.cidob.org\/ca\/content\/download\/44583\/1102924\/version\/1\/file\/Programa%20SEMINARI.pdf\" target=\"_blank\" rel=\"noopener\"><em><span style=\"background-color:#FFA500\">Seminario internacional Procesos interculturales de Asia Oriental en la sociedad internacional de la informaci\u00f3n: Ciudadan\u00eda, g\u00e9nero y producci\u00f3n cultural<\/span><\/em><\/a><span style=\"background-color:#FFA500\">, Grup&nbsp;d&#8217;Investigaci\u00f3&nbsp;InterAsia, Departament&nbsp;de Traducci\u00f3&nbsp;i&nbsp;Interpretaci\u00f3&nbsp;de la Universitat Aut\u00f2noma de Barcelona,&nbsp;Fundaci\u00f3&nbsp;CIDOB. Barcelona, 24-25 de noviembre de 2011.<\/span><\/p>\n<p class=\"rtejustify\"><span style=\"background-color:#FFA500\">Lozano M\u00e9ndez, Artur. \u201cRepresentation of Recent History and Intergenerational Tensions in Kamiyama Kenji\u2019s Eden of the East Animation.\u201d&nbsp;Co-organizador del panel \u201cPolitics of cultural production: memory and representation\u201d&nbsp;<\/span><em><span style=\"background-color:#FFA500\">13th International Conference of the European Association of Japanese Studies<\/span><\/em><span style=\"background-color:#FFA500\">. Tallinn University, Tallinn, Estonia,&nbsp;24-27 de agosto de 2011.<\/span><\/p>\n<p class=\"rtejustify\">Lozano M\u00e9ndez, Artur. \u00abTraslaciones temporales, ciberespaciales, interpersonales: los films de Hosoda Mamoru.\u00bb <a href=\"http:\/\/www.mizuiro.eu\/participacion.php?seccion=comunicaciones\" style=\"line-height: 1.6;\" target=\"_blank\" rel=\"noopener\"><em>I C<\/em><\/a><em><a href=\"http:\/\/www.mizuiro.eu\/participacion.php?seccion=comunicaciones\" target=\"_blank\" rel=\"noopener\">ongreso Internacional Itinerarios, Viajes y Contactos Jap\u00f3n-Europa<\/a><a href=\"http:\/\/www.mizuiro.eu\/introduccion.php\" target=\"_blank\" rel=\"noopener\">&nbsp;y&nbsp;<\/a><a href=\"http:\/\/www.mizuiro.eu\/participacion.php?seccion=comunicaciones\">X Congreso Nacional de la Asociaci\u00f3n de Estudios Japoneses en Espa\u00f1a<\/a><\/em>,&nbsp;Universidad de Valladolid, 5-7 de mayo de 2011.<\/p>\n<p class=\"rtejustify\"><span style=\"background-color:#FFA500\">Mas L\u00f3pez, Jordi. \u201cHappy Together: l\u2019affair de Wong Kar-Wai i&nbsp;Manuel Puig a Buenos Aires.\u201d&nbsp;<\/span><a href=\"https:\/\/www.cidob.org\/ca\/content\/download\/44583\/1102924\/version\/1\/file\/Programa%20SEMINARI.pdf\" target=\"_blank\" rel=\"noopener\"><em><span style=\"background-color:#FFA500\">Seminario internacional Procesos interculturales de Asia Oriental en la sociedad internacional de la informaci\u00f3n: Ciudadan\u00eda, g\u00e9nero y producci\u00f3n cultural<\/span><\/em><\/a><span style=\"background-color:#FFA500\">, Grup&nbsp;d&#8217;Investigaci\u00f3&nbsp;InterAsia, Departament&nbsp;de Traducci\u00f3&nbsp;i&nbsp;Interpretaci\u00f3&nbsp;de la Universitat Aut\u00f2noma de Barcelona,&nbsp;Fundaci\u00f3&nbsp;CIDOB. Barcelona, 24-25 de noviembre de 2011.<\/span><\/p>\n<p class=\"rtejustify\"><span style=\"background-color:#FFA500\">Masdeu Torruella, Irene. \u201cLa presencia de los emigrantes chinos en la red: producci\u00f3n, circulaci\u00f3n y consumo de informaci\u00f3n.\u201d&nbsp;<\/span><a href=\"https:\/\/www.cidob.org\/ca\/content\/download\/44583\/1102924\/version\/1\/file\/Programa%20SEMINARI.pdf\" target=\"_blank\" rel=\"noopener\"><em><span style=\"background-color:#FFA500\">Seminario internacional Procesos interculturales de Asia Oriental en la sociedad internacional de la informaci\u00f3n: Ciudadan\u00eda, g\u00e9nero y producci\u00f3n cultural<\/span><\/em><\/a><span style=\"background-color:#FFA500\">, Grup&nbsp;d&#8217;Investigaci\u00f3&nbsp;InterAsia, Departament&nbsp;de Traducci\u00f3&nbsp;i&nbsp;Interpretaci\u00f3&nbsp;de la Universitat Aut\u00f2noma de Barcelona,&nbsp;Fundaci\u00f3&nbsp;CIDOB. Barcelona, 24-25 de noviembre de 2011.<\/span><\/p>\n<p class=\"rtejustify\">Masdeu Torruella, Irene. \u00abTransnational ritual practices among Chinese migrants in Spain.\u00bb&nbsp;<em><a href=\"http:\/\/www.cuhk.edu.hk\/ant\/isscoconf\/index.htm\">Congreso internacional \u201cChinese Overseas: Culture, Religions and Worldview\u201d<\/a>,&nbsp;<\/em>International Society for the Study of Chinese Overseas (ISSCO), Departamento de Antropolog\u00eda de la Universidad China de Hong Kong. Hong Kong, 21- 22 de junio&nbsp;de&nbsp;2011.<\/p>\n<p class=\"rtejustify\">Prado Fonts, Carles. \u201cHome Sweet Home? The Traumatic Return of Two Modern Chinese Writers.\u201d&nbsp;<em><a href=\"http:\/\/www.upf.edu\/xenografies\/es\/\" target=\"_blank\" rel=\"noopener\">Xenographies 2: The Representation of Foreigners in Literature, Travel Writing and Other Discourses<\/a>,&nbsp;<\/em>SELGYC, University of Wolverhampton, Universitat Pompeu Fabra. Barcelona, 9 de septiembre de&nbsp;2011.<\/p>\n<p class=\"rtejustify\">Paoliello, Antonio. \u201cThe Other of the Other: The Representation of the Mu\u2019allaf in Sinophone Malaysian Fiction.\u201d&nbsp;<em><a href=\"http:\/\/www.upf.edu\/xenografies\/es\/\" target=\"_blank\" rel=\"noopener\">Xenographies 2: The Representation of Foreigners in Literature, Travel Writing and Other Discourses<\/a><\/em>. SELGYC, University of Wolverhampton, Universitat Pompeu Fabra. Barcelona, 9 de septiembre de&nbsp;2011.<\/p>\n<p class=\"rtejustify\">Paoliello, Antonio. \u201cSinophone Malaysian Literature: Post-Colonial \/ Post-Migrant \/ Post-National?\u201d&nbsp;<em>Modern Languages Symposium 2011 Language, Migration and Diaspora,<\/em>&nbsp;Dublin Institute of Technology,&nbsp;School of Languages. Dublin, 2-3 de diciembre de 2011.<\/p>\n<p class=\"rtejustify\">Paoliello, Antonio. \u201cIs Sinophone Malaysian Literature a Minor Literature? On How and Why non-Western Literary Traditions Should Enter the Field of Literary Theory.\u201d&nbsp;<em>Bridging the gaps, minding the context<\/em>&nbsp;<em>Conference<\/em>. Universidad de Vigo, 17 de marzo de 2011.<\/p>\n<p class=\"rtejustify\"><span style=\"background-color:#FFA500\">Pita C\u00e9spedes, Gustavo. \u201cLa metamorfosis de la imagen del bushi: de lo ideal a lo virtual.\u201d&nbsp;<\/span><a href=\"https:\/\/www.cidob.org\/ca\/content\/download\/44583\/1102924\/version\/1\/file\/Programa%20SEMINARI.pdf\" target=\"_blank\" rel=\"noopener\"><em><span style=\"background-color:#FFA500\">Seminario internacional Procesos interculturales de Asia Oriental en la sociedad internacional de la informaci\u00f3n: Ciudadan\u00eda, g\u00e9nero y producci\u00f3n cultural<\/span><\/em><\/a><span style=\"background-color:#FFA500\">, Grup&nbsp;d&#8217;Investigaci\u00f3&nbsp;InterAsia, Departament&nbsp;de Traducci\u00f3&nbsp;i&nbsp;Interpretaci\u00f3&nbsp;de la Universitat Aut\u00f2noma de Barcelona,&nbsp;Fundaci\u00f3&nbsp;CIDOB. Barcelona, 24-25 de noviembre de 2011.<\/span><\/p>\n<p class=\"rtejustify\">Pita C\u00e9spedes, Gustavo. \u201cUn japon\u00e9s de Ise en la Rusia de Catalina la Grande. Reflexiones sobre el libro Hokusabunryaku de Katsuragawa Hosh\u016b.\u201d&nbsp;<a href=\"http:\/\/www.mizuiro.eu\/participacion.php?seccion=comunicaciones\" target=\"_blank\" rel=\"noopener\"><em>I C<\/em><\/a><em><a href=\"http:\/\/www.mizuiro.eu\/participacion.php?seccion=comunicaciones\" target=\"_blank\" rel=\"noopener\">ongreso Internacional Itinerarios, Viajes y Contactos Jap\u00f3n-Europa<\/a><a href=\"http:\/\/www.mizuiro.eu\/introduccion.php\" target=\"_blank\" rel=\"noopener\">&nbsp;y&nbsp;<\/a><a href=\"http:\/\/www.mizuiro.eu\/participacion.php?seccion=comunicaciones\">X Congreso Nacional de la Asociaci\u00f3n de Estudios Japoneses en Espa\u00f1a<\/a><\/em>,&nbsp;Universidad de Valladolid, 5-7 de mayo de 2011.<\/p>\n<p class=\"rtejustify\">Prado-Fonts, Carles. \u201cThe Trauma of Being Back Home: Lao She and Qian Zhongshu Return to China.\u201d&nbsp;<em><a href=\"http:\/\/www.pamla.org\/2011\/\">Pacific Ancient and Modern Language Association<\/a><\/em>, Scripps College, Claremont, 5 de noviembre de 2011.<\/p>\n<p class=\"rtejustify\"><span style=\"background-color:#FFA500\">Rodr\u00edguez Navarro, Maria Teresa. \u201cCaminos sagrados de Espa\u00f1a y Jap\u00f3n hermanados por el arte: escultura ac\u00fastica par la comunicaci\u00f3n intercultural.\u201d&nbsp;<\/span><a href=\"https:\/\/www.cidob.org\/ca\/content\/download\/44583\/1102924\/version\/1\/file\/Programa%20SEMINARI.pdf\" target=\"_blank\" rel=\"noopener\"><em><span style=\"background-color:#FFA500\">Seminario internacional Procesos interculturales de Asia Oriental en la sociedad internacional de la informaci\u00f3n: Ciudadan\u00eda, g\u00e9nero y producci\u00f3n cultural<\/span><\/em><\/a><span style=\"background-color:#FFA500\">, Grup&nbsp;d&#8217;Investigaci\u00f3&nbsp;InterAsia, Departament&nbsp;de Traducci\u00f3&nbsp;i&nbsp;Interpretaci\u00f3&nbsp;de la Universitat Aut\u00f2noma de Barcelona,&nbsp;Fundaci\u00f3&nbsp;CIDOB. Barcelona, 24-25 de noviembre de 2011.<\/span><\/p>\n<p class=\"rtejustify\">Rodr\u00edguez Navarro, Maria Teresa. \u201cNostalgia and Myth: Two representations of Bushid\u00f4 in Comtemporary Japan.\u201d Participationion in the panel, Section of Antrophology \u201cNostalgia and Myth\u201d,&nbsp;<em>13th International Conference of the European Association of Japanese Studies<\/em>. Tallinn University, Tallinn, Estonia,&nbsp;24-27 de agosto de 2011.<\/p>\n<p class=\"rtejustify\">Rodr\u00edguez Navarro, Maria Teresa. \u201cSantiago y Kumano: El hermanamiento de dos Caminos de Peregrinaci\u00f3 milenarios en los extremos de Eurasia.\u201d&nbsp;<a href=\"http:\/\/www.mizuiro.eu\/participacion.php?seccion=comunicaciones\" target=\"_blank\" rel=\"noopener\"><em>I C<\/em><\/a><em><a href=\"http:\/\/www.mizuiro.eu\/participacion.php?seccion=comunicaciones\" target=\"_blank\" rel=\"noopener\">ongreso Internacional Itinerarios, Viajes y Contactos Jap\u00f3n-Europa<\/a><a href=\"http:\/\/www.mizuiro.eu\/introduccion.php\" target=\"_blank\" rel=\"noopener\">&nbsp;y&nbsp;<\/a><a href=\"http:\/\/www.mizuiro.eu\/participacion.php?seccion=comunicaciones\">X Congreso Nacional de la Asociaci\u00f3n de Estudios Japoneses en Espa\u00f1a<\/a><\/em>,&nbsp;Universidad de Valladolid, 5-7 de mayo de 2011.<\/p>\n<p class=\"rtejustify\">Rodr\u00edguez Navarro, Maria Teresa. \u201cThe Reception of Ethical and Aesthetical values of Japanese Culture in the West.\u201d&nbsp;<em>Symposium Cultural Translations<\/em>,&nbsp;participaci\u00f3n como ponente invitada. International Research Center for Japanese Studies, IRCJS, Kyoto (Japan), 24-27 de febrero de&nbsp;2011.<\/p>\n<p class=\"rtejustify\"><span style=\"background-color:#FFA500\">Rovira-Esteva, Sara. \u201cIs translation always an intercultural process?\u201d&nbsp;<\/span><a href=\"https:\/\/www.cidob.org\/ca\/content\/download\/44583\/1102924\/version\/1\/file\/Programa%20SEMINARI.pdf\" target=\"_blank\" rel=\"noopener\"><em><span style=\"background-color:#FFA500\">Seminario internacional Procesos interculturales de Asia Oriental en la sociedad internacional de la informaci\u00f3n: Ciudadan\u00eda, g\u00e9nero y producci\u00f3n cultural<\/span><\/em><\/a><span style=\"background-color:#FFA500\">, Departament&nbsp;de Traducci\u00f3&nbsp;i&nbsp;Interpretaci\u00f3&nbsp;de la Universitat Aut\u00f2noma de Barcelona,&nbsp;Fundaci\u00f3&nbsp;CIDOB. Barcelona, 24-25 de noviembre de 2011.<\/span><\/p>\n<p class=\"rtejustify\">Rovira-Esteva, Sara. \u201cTeaching Chinese for Translation.\u201d&nbsp;<em>The 9th International Conference On Chinese Language Pedagogy<\/em>&nbsp;\/ \u7b2c\u4e5d\u5c4a\u56fd\u9645\u6c49\u8bed\u6559\u5b66\u5b66\u672f\u7814\u8ba8\u4f1a,&nbsp;Minzu University of China, Yale University, City University of New York, the University of Vermont, the University of Rhode Island, and University of Hawaii.&nbsp;Beijing (China),&nbsp;24-26 de julio de&nbsp;2011.<\/p>\n<p class=\"rtejustify\">Rovira-Esteva, Sara. \u201cLa traducci\u00f3n de los medidores chinos. Una aproximaci\u00f3n did\u00e1ctica a partir de la pr\u00e1ctica profesional.\u201d&nbsp;<a href=\"http:\/\/blogs.iec.cat\/cruscat\/jornada\/iijornadesxc\/jornades-2011\/\" target=\"_blank\" rel=\"noopener\"><em>I&nbsp;<\/em><\/a><em><a href=\"http:\/\/institutoconfucio.ugr.es\/pages\/actividades\/20102011\/03_conferencias\/05rctraduccion#__doku_presentacion\" target=\"_blank\" rel=\"noopener\">Reuni\u00f3n cient\u00edfica de la Traducci\u00f3n Chino-Espa\u00f1ol<\/a>,<\/em>&nbsp;Instituto Confucio de Granada.&nbsp;Granada, 12 de enero de&nbsp;2011.<\/p>\n<p class=\"rtejustify\">Rovira-Esteva, Sara. \u201cLa traducci\u00f3n de los elementos paratextuales y referentes culturales y su papel en la construcci\u00f3n de la imagen del otro chino.\u201d&nbsp;<a href=\"http:\/\/blogs.iec.cat\/cruscat\/jornada\/iijornadesxc\/jornades-2011\/\" target=\"_blank\" rel=\"noopener\"><em>I&nbsp;<\/em><\/a><em><a href=\"http:\/\/institutoconfucio.ugr.es\/pages\/actividades\/20102011\/03_conferencias\/05rctraduccion#__doku_presentacion\" target=\"_blank\" rel=\"noopener\">Reuni\u00f3n cient\u00edfica de la Traducci\u00f3n Chino-Espa\u00f1ol<\/a><\/em>. Instituto Confucio de Granada. Granada, 11&nbsp;de enero de&nbsp;2011.<\/p>\n<p class=\"rtejustify\">S\u00e1iz L\u00f3pez, Amelia. \u201cFrom an Asian Perspective: a look at Gender, Migration and Development.\u201d&nbsp;<em><a href=\"http:\/\/esomi.es\/index.php\/es\/eventos\/319-convocatoria-de-eventos-especial-6\" target=\"_blank\" rel=\"noopener\">International Conference New Debates on Gender, Migration and development. Linking Production and Reproduction chains in contemporary Mobility<\/a><\/em>, Menorca, 6 de octubre&nbsp;de 2011.<\/p>\n<p class=\"rtejustify\">S\u00e1iz L\u00f3pez, Amelia. \u201cA inmigraci\u00f3n das mulleres chinesas en Espa\u00f1a.\u201d <em><a href=\"http:\/\/www.usc.es\/gl\/institutos\/cieam\/Actividades\/xornadasmigracionsxenero\/principal.html\" target=\"_blank\" rel=\"noopener\">Xornadas migraci\u00f3ns e X\u00e9nero. Unha perspectiva transnacional<\/a>,<\/em>&nbsp;Santiago de Compostela, 22 de septiembre de 2011.<\/p>\n<p class=\"rtejustify\"><span style=\"background-color:#FFA500\">S\u00e1iz L\u00f3pez, Amelia. \u201cArtistas chinas en la era global. G\u00e9nero y producci\u00f3n cultural.\u201d&nbsp;<\/span><a href=\"https:\/\/www.cidob.org\/ca\/content\/download\/44583\/1102924\/version\/1\/file\/Programa%20SEMINARI.pdf\" target=\"_blank\" rel=\"noopener\"><em><span style=\"background-color:#FFA500\">Seminario internacional Procesos interculturales de Asia Oriental en la sociedad internacional de la informaci\u00f3n: Ciudadan\u00eda, g\u00e9nero y producci\u00f3n cultural<\/span><\/em><\/a><span style=\"background-color:#FFA500\">, Grup&nbsp;d&#8217;Investigaci\u00f3&nbsp;InterAsia, Departament&nbsp;de Traducci\u00f3&nbsp;i&nbsp;Interpretaci\u00f3&nbsp;de la Universitat Aut\u00f2noma de Barcelona,&nbsp;Fundaci\u00f3&nbsp;CIDOB. Barcelona, 24-25 de noviembre de 2011.<\/span><\/p>\n<p class=\"rtejustify\">S\u00e1iz L\u00f3pez, Amelia. \u201cMother and entrepreneur. Labour and family transnational conciliation in the Chinese diaspora in Spain.\u201d Ponencia en la sesi\u00f3n \u00abFamily and Gender\u00bb,&nbsp;<em><a href=\"http:\/\/www.cuhk.edu.hk\/ant\/isscoconf\/index.htm\">ISSCO International Conference: Chinese Overseas: Culture, Religions and Worldview<\/a><\/em>, International Society for the Study of Chinese Overseas (ISSCO),&nbsp;Department of Anthropology, The Chinese University of Hong Kong. Hong Kong, 21 de junio de 2011.<\/p>\n<p class=\"rtejustify\"><span style=\"background-color:#FFA500\">Vargas Urpi, Mireia. \u201cIntercultural processes in the Chinese diaspora in Catalonia: the role of interpreters and mediators in the construction of &#8216;new citizenship&#8217;.\u201d&nbsp;<\/span><a href=\"https:\/\/www.cidob.org\/ca\/content\/download\/44583\/1102924\/version\/1\/file\/Programa%20SEMINARI.pdf\" target=\"_blank\" rel=\"noopener\"><em><span style=\"background-color:#FFA500\">Seminario internacional Procesos interculturales de Asia Oriental en la sociedad internacional de la informaci\u00f3n: Ciudadan\u00eda, g\u00e9nero y producci\u00f3n cultural<\/span><\/em><\/a><span style=\"background-color:#FFA500\">, Grup&nbsp;d&#8217;Investigaci\u00f3&nbsp;InterAsia, Departament&nbsp;de Traducci\u00f3&nbsp;i&nbsp;Interpretaci\u00f3&nbsp;de la Universitat Aut\u00f2noma de Barcelona,&nbsp;Fundaci\u00f3&nbsp;CIDOB. Barcelona, 24-25 de noviembre de 2011.<\/span><\/p>\n<p class=\"rtejustify\">Vargas Urp\u00ed, Mireia. \u201cLegal contents in Public Service Translation: the Catalan Reception Guide as a case study.\u201d&nbsp;<em>1st International Conference on Law, Translation and Culture, China University of Political Science and Law<\/em>, 28-29 de agosto de 2011.<\/p>\n<p class=\"rtejustify\">Vargas Urp\u00ed, Mireia. \u201cLa traducci\u00f3n escrita en el \u00e1mbito de los servicios p\u00fablicos: an\u00e1lisis exploratorio de los materiales online para la comunidad china de Catalu\u00f1a.\u201d<em>&nbsp;<a href=\"http:\/\/tisp2011.tucongreso.es\/es\/presentacion\" target=\"_blank\" rel=\"noopener\">IV Congreso Internacional de Traducci\u00f3n e Interpretaci\u00f3n en los Servicios P\u00fablicos. El futuro en el presente: Traducci\u00f3n e Interpretaci\u00f3n en un mundo Interconectado (TISP en INTERNET)<\/a><\/em>, Universitat d\u2019Alcal\u00e1, Alcal\u00e1 de Henares, 14 de febrero de 2011.<\/p>\n<p class=\"rtejustify\">Vargas Urp\u00ed, Mireia. \u201cComunicaci\u00f3n intercultural con los inmigrantes chinos en Catalu\u00f1a: diferentes soluciones a una misma necesidad.\u201d&nbsp;<em>II International Conference on Intercultural Studies<\/em>, Centro de Estudos Interculturais del Instituto Superior de Contabilidade e Adminsitra\u00e7ao (ISCAP). Instituto Polit\u00e9cnico do Porto,&nbsp;Oporto, 25-27 de mayo de 2011.<\/p>\n<p class=\"rtejustify\">&nbsp;<\/p>\n<h3 class=\"rtejustify\"><strong>2010<\/strong><\/h3>\n<p class=\"rtejustify\">Arum\u00ed, Marta, Anna&nbsp;Gil-Bardaj\u00ed, y Mireia&nbsp;Vargas Urpi. \u201cA study on Public Services Interpreting (PSI) in Catalonia: defining a new emerging professional profile.\u201d&nbsp;<em>Emerging Topics in Translation and Interpreting<\/em>. Universidad de Trieste, 16-18 de junio de 2010.<\/p>\n<p class=\"rtejustify\"><span style=\"background-color:#FFA500\">Beltr\u00e1n Antol\u00edn, Joaqu\u00edn, y Amelia&nbsp;S\u00e1iz L\u00f3pez.&nbsp;\u00ab&#8216;Crisis? What Crisis?&#8217;&nbsp;Chinese life inside the diaspora.\u00bb Workshop: \u201cEast Asian Imaginings: (Trans)national scenarios and global crisis\u201d W061, <\/span><em><a href=\"http:\/\/www.easaonline.org\/conferences\/easa2010\/\" target=\"_blank\" rel=\"noopener\"><span style=\"background-color:#FFA500\">11th European Association of Social Anthropologists-EASA Biennial Conference: Crisis and Imagination<\/span><\/a><\/em><span style=\"background-color:#FFA500\">. Maynooth, Irlanda, 25 de agosto de 2010.<\/span><\/p>\n<p class=\"rtejustify\">Beltr\u00e1n Antol\u00edn, Joaqu\u00edn, y&nbsp;Amelia&nbsp;S\u00e1iz L\u00f3pez.&nbsp;\u201cChinese in Spain. Diaspora capital at play.\u201d&nbsp;International Conference&nbsp;<em><a href=\"http:\/\/grupsderecerca.uab.cat\/interasia\/sites\/grupsderecerca.uab.cat.interasia\/files\/beltransaiz_migration_in_china_and_asia.pdf\" target=\"_blank\" rel=\"noopener\">Migration in China and Asia: Experience and Policy<\/a><\/em>,&nbsp;Institute of Ethnology and Anthropology of the Chinese Academy of Social Sciences,&nbsp;The International Metropolis, Canada. Beijing, 20-21 de mayo de 2010.<\/p>\n<p class=\"rtejustify\">Casas-Tort, Helena. \u00ab<a href=\"http:\/\/grupsderecerca.uab.cat\/interasia\/sites\/grupsderecerca.uab.cat.interasia\/files\/casas_traduccion_onomtopeyas.pdf\" target=\"_blank\" rel=\"noopener\">La traducci\u00f3n de las onomatopeyas del chino al espa\u00f1ol: una aproximaci\u00f3n cuantitativa y cualitativa<\/a>.\u00bb&nbsp;<em><a href=\"http:\/\/www.ugr.es\/~feiap\/feiap2010.html\" target=\"_blank\" rel=\"noopener\">3\u00ba Foro espa\u00f1ol de investigaci\u00f3n sobre Asia Pac\u00edfico (FEIAP). Cruce de miradas, relaciones e intercambios<\/a><\/em>. Universidad de Zaragoza, 27-29 de octubre de&nbsp;2010.<\/p>\n<p class=\"rtejustify\">Casas Tost, Helena, Lupe&nbsp;Romero, Olga&nbsp;Torres-Hostench. \u201cLa subtitulaci\u00f3n activa como recurso did\u00e1ctico en el aprendizaje de lenguas extranjeras.\u201d&nbsp;<em>VI Congr\u00e9s Internacional de Doc\u00e8ncia Universit\u00e0ria i Innovaci\u00f3<\/em>,&nbsp;UB, UAB, UPC, UPF, UdG, UdL, URV, UOC. Barcelona, 30 de junio y&nbsp;1-2 de julio de 2010.<\/p>\n<p class=\"rtejustify\">Fukuda, Makiko.&nbsp;\u201c<a href=\"http:\/\/grupsderecerca.uab.cat\/interasia\/sites\/grupsderecerca.uab.cat.interasia\/files\/fukuda_realitat_sociolinguistica_dels_japonesos.pdf\" target=\"_blank\" rel=\"noopener\">Realitat socioling\u00fc\u00edstica dels japonesos residents a Catalunya: comunicaci\u00f3 oral<\/a>.\u201d&nbsp;<em>CLUB18 (Divuit\u00e9 Col\u2022loqui Ling\u00fc\u00edstic de la Universitat de Barcelona),<\/em> Universitat de Barcelona, Barcelona, 21 de novembre de&nbsp;2010.<\/p>\n<p class=\"rtejustify\">Fukuda, Makiko. \u00abFrom Japanese to Castilian, from Castilian to Catalan: but no English?: Language use of Japanese residents in Catalonia, Spain.\u00bb&nbsp;<em>18th Sociolinguistic Symposium (SS18)<\/em>. University of Southampton, Southampton (Reino Unido), 1-4 de septiembre de&nbsp;2010.<\/p>\n<p class=\"rtejustify\">Fukuda, Makiko. \u300c\u591a\u8a00\u8a9e\u793e\u4f1a\u306b\u304a\u3051\u308b\u65e5\u672c\u4eba\u306e\u8a00\u8a9e\u4f7f\u7528\uff1a\u30b9\u30da\u30a4\u30f3\u30fb\u30ab\u30bf\u30eb\u30fc\u30cb\u30e3\u81ea\u6cbb\u5dde\u306e\u30b1\u30fc\u30b9\u300d\u00bbEls usos ling\u00fc\u00edstics dels japonesos residents en una societat pluriling\u00fce: el cas de la Comunitat Aut\u00f2noma de Catalunya, Espanya).\u00bb&nbsp;<em><a href=\"http:\/\/www.wdc-jp.com\/jass\/25\/program.html\" target=\"_blank\" rel=\"noopener\">25th meeting of the Japanese Association of Sociolinguistic Sciences<\/a><\/em>, Keio University, Kanagawa,&nbsp;Yokohama, Japan, 13-14 de marzo de&nbsp;2010.<\/p>\n<p class=\"rtejustify\">Gil-Bardaj\u00ed, Anna, i Mireia&nbsp;Vargas Urpi. \u201cCommunity Interpreting in Catalonia: Challenges and Specificities.\u201d&nbsp;<a href=\"http:\/\/www.criticallink.org\/cli-6\" target=\"_blank\" rel=\"noopener\"><em>Critical Link 6: Interpreting in a changing landscape<\/em><\/a>. Aston University, Birmingham, 26-30 de junio de 2010.<\/p>\n<p class=\"rtejustify\"><span style=\"background-color:#FFA500\">Golden, Se\u00e1n. \u00ab\u2019Comprehensive National Power\u2019 and the Calculus of Risk.\u201d Taller de investigaci\u00f3n \u201cOn the Notion of Economic Decoupling and Trust in the Context of the Global Financial Crisis in Asia\u00bb,&nbsp;<\/span><em><u><a href=\"http:\/\/www.uni-due.de\/~hy0387\/index.php?id=5\" target=\"_blank\" rel=\"noopener\"><span style=\"background-color:#FFA500\">East Asia Network Research Workshop<\/span><\/a><\/u><\/em><span style=\"background-color:#FFA500\">. Universidad Charles, Praga, Rep\u00fablica Checa, 7-9 de octubre de&nbsp;2010.<\/span><\/p>\n<p class=\"rtejustify\">Golden, Se\u00e1n. \u00abWho should pay for (higher) education?\u201d&nbsp;<em><a href=\"http:\/\/www.asef.org\/projects\/themes\/economy\/2272-4th-connecting-civil-societies-of-asia-and-europe\">4th Connecting Civil Societies of Asia and Europe Conference<\/a><\/em>, Asia Europe Foundation, Bruselas (B\u00e9lgica), 2-3 de octubre de&nbsp;2010.<\/p>\n<p class=\"rtejustify\">Golden, Sean. \u00ab&#8216;British to my backbone tongue\u2019. The Complicity of Higher Education in the Construction and Deconstruction of a British Colonial Discourse in China and Ireland.\u201d&nbsp;<a href=\"http:\/\/www.conference.ie\/Conferences\/index.asp?Conference=80\" target=\"_blank\" rel=\"noopener\"><em>Education and Empire: The Sixth Galway Conference on Colonialism<\/em><\/a>, National University of Ireland (NUI), Galway, Irlanda 24-26 de junio de&nbsp;2010.<\/p>\n<p class=\"rtejustify\"><span style=\"background-color:#FFA500\">Golden, Se\u00e1n. \u00abWhy study? Return on investment in higher education.\u00bb&nbsp;<\/span><em><span style=\"background-color:#FFA500\">1st Asia-Europe Education Workshop on \u201cThe Impact of the Financial Crisis to Higher Education<\/span><\/em><span style=\"background-color:#FFA500\">. Makati City (Filipinas),&nbsp;25\u201326 de marzo de 2010.<\/span><\/p>\n<p class=\"rtejustify\">Guarn\u00e9 Cabello, Blai. \u201cIntroduction: Politics of Migration in the Age of Global Cultural Circulation. Japan as an Ethnographic Focus.\u201d&nbsp;Panel \u201cPolitics of Migration in the Age of Global Cultural Circulation: Japan as an Ethnographic Focus.\u201d&nbsp;<em>109th AAA (American Anthropological Association), Annual Meeting<\/em>. New Orleans (US), 17-21 de noviembre de&nbsp;2010.<\/p>\n<p class=\"rtejustify\"><span style=\"background-color:#FFA500\">Guarn\u00e9 Cabello, Blai. \u201cEast Asian Imaginings of Crisis: An Introductory Approach.\u201d&nbsp;Workshop: \u201cEast Asian Imaginings: (Trans)national scenarios and global crisis\u201d W061, <\/span><em><a href=\"http:\/\/www.easaonline.org\/conferences\/easa2010\/\" target=\"_blank\" rel=\"noopener\"><span style=\"background-color:#FFA500\">11th European Association of Social Anthropologists-EASA Biennial Conference: Crisis and Imagination<\/span><\/a><\/em><span style=\"background-color:#FFA500\">. Maynooth, Irlanda, 25 de agosto de 2010.<\/span><\/p>\n<p class=\"rtejustify\">Guarn\u00e9 Cabello, Blai. \u201cThe Political Uses of the Discourse on Sustainability: Personal Experience and Social Change in Urban Japan.\u201d&nbsp;Panel: \u201cAnthropology, Archaeology, Cultural Studies and Humanities.\u201d&nbsp;<a href=\"http:\/\/grupsderecerca.uab.cat\/interasia\/sites\/grupsderecerca.uab.cat.interasia\/files\/guarne_acss-programme-2010.pdf\" target=\"_blank\" rel=\"noopener\"><em>Asian Conference on the Social Sciences 2010<\/em><\/a><a href=\"http:\/\/iafor.org\/archives\/conference-programmes\/acss\/acss-programme-2011.pdf\" target=\"_blank\" rel=\"noopener\">.<\/a> Osaka (Jap\u00f3n), 18 de junio de&nbsp;2010.<\/p>\n<p class=\"rtejustify\">Guarn\u00e9 Cabello, Blai. \u201cYakiimo no jikan desu yo (It\u2019s yakiimo time!): Difference and Estrangement in Tokyo\u2019s Suburbia.\u201d&nbsp;Panel \u201cEscaping \u2018Japan\u2019: Integration, Dissidence and Location\u201d,&nbsp;<em><a href=\"http:\/\/grupsderecerca.uab.cat\/interasia\/sites\/grupsderecerca.uab.cat.interasia\/files\/guarne-jaws_15.1500.a.pdf\" target=\"_blank\" rel=\"noopener\">20th Japan Anthropology Workshop (JAWS) Conference<\/a><\/em>. University of Texas at Austin (US), marzo de&nbsp;2010.<\/p>\n<p class=\"rtejustify\"><span style=\"background-color:#FFA500\">Lozano M\u00e9ndez, Artur. \u201cScenarios of Crises and Imaginative Responses in Eden of the East Animation.\u201d Workshop: \u201cEast Asian Imaginings: (Trans)national scenarios and global crisis\u201d W061, <\/span><em><a href=\"http:\/\/www.easaonline.org\/conferences\/easa2010\/\" target=\"_blank\" rel=\"noopener\"><span style=\"background-color:#FFA500\">11th European Association of Social Anthropologists-EASA Biennial Conference: Crisis and Imagination<\/span><\/a><\/em><span style=\"background-color:#FFA500\">. Maynooth, Irlanda, 25 de agosto de 2010.<\/span><\/p>\n<p class=\"rtejustify\">Lozano M\u00e9ndez, Artur. \u201cChanging Perceptions of Japanese Industrial and Technological Prowess in Techno-Orientalist Discourse.\u201d&nbsp;<em>Annual Conference of the Asociation of Asian Studies<\/em>. Mesa: \u00abThe Past and Future of Futuristic Japan.\u00bb Philadelphia, PA, (EE UU),&nbsp;25-28 de marzo de 2010.<\/p>\n<p class=\"rtejustify\">Mas L\u00f3pez, Jordi. \u00abElements paratextuals de les traduccions al castell\u00e0 de l\u2019obra de Carles Riba.\u00bb&nbsp;<em><a href=\"http:\/\/www.fti.uab.es\/departament\/congres-simposi\/\" target=\"_blank\" rel=\"noopener\">VII Congr\u00e9s Internacional de Traducci\u00f3: els elements paratextuals en traducci\u00f3<\/a>,<\/em>&nbsp;Departament de Traducci\u00f3 i d\u2019Interpretaci\u00f3 de la Universitat Aut\u00f2noma de Barcelona.&nbsp;Cerdanyola&nbsp;del Vall\u00e8s, 21-23 de junio de&nbsp;2010.<\/p>\n<p class=\"rtejustify\"><span style=\"background-color:#FFA500\">Mas L\u00f3pez, Jordi. Participaci\u00f3 a la taula rodona \u00abLa ense\u00f1anza de japon\u00e9s por espa\u00f1oles.\u00bb&nbsp;<\/span><em><span style=\"background-color:#FFA500\">I Simposio de la Asociaci\u00f3n de Profesores de Japon\u00e9s en Espa\u00f1a,&nbsp;<\/span><\/em><span style=\"background-color:#FFA500\">Fundaci\u00f3n Jap\u00f3n, Madrid, 19 de juny de&nbsp;2010.<\/span><\/p>\n<p class=\"rtejustify\"><span style=\"background-color:#FFA500\">Mas L\u00f3pez, Jordi. Presentaci\u00f3 de la pon\u00e8ncia \u00abLa tanka catalana de postguerra: una forma japonesa escrita en catal\u00e0 o una forma catalana d\u2019origen japon\u00e8s?\u00bb&nbsp;<\/span><em><a href=\"http:\/\/www.fti.uab.cat\/interasia\/documents\/poster\/la_tanka_catalana_programa.pdf\" target=\"_blank\" rel=\"noopener\"><span style=\"background-color:#FFA500\">Jornada La Tanka Catalana<\/span><\/a><\/em><span style=\"background-color:#FFA500\">, celebrada a la Facultat de Traducci\u00f3 i d\u2019Interpretaci\u00f3 de la Universitat Aut\u00f2noma de Barcelona,&nbsp;19 de marzo de&nbsp;2010.<\/span><\/p>\n<p class=\"rtejustify\">Mas L\u00f3pez, Jordi. \u00abQ\u00fcestions de g\u00e8nere (sexual i\/o textual) en la traducci\u00f3 al catal\u00e0 del Diari de Tosa de Ki no Tsurayuki.\u00bb&nbsp;<em>XIV Jornades de Traducci\u00f3: Traduir els cl\u00e0ssics, antics i moderns<\/em>. Facultat de Ci\u00e8ncies Humanes, Traducci\u00f3 i Documentaci\u00f3 de la Universitat de Vic.&nbsp;Vic, 17 de marzo de&nbsp;2010.<\/p>\n<p class=\"rtejustify\">Mas L\u00f3pez, Jordi. \u00abLiteratura japonesa cl\u00e0ssica i moderna.\u00bb&nbsp;Cicle&nbsp;<em><a href=\"http:\/\/pagines.uab.cat\/asiaoriental\/ca\/content\/tribuna-i-cinema-d%C3%A0sia-oriental\">Tribuna de cultura i cinema d\u2019\u00c0sia Oriental<\/a>,<\/em>&nbsp;Facultat de Traducci\u00f3 i d\u2019Interpretaci\u00f3 de la Universitat Aut\u00f2noma de Barcelona,&nbsp;4 de mar\u00e7 de&nbsp;2010.<\/p>\n<p class=\"rtejustify\"><span style=\"background-color:#008000\">Paoliello, Antonio.&nbsp;\u201c<\/span><a href=\"http:\/\/grupsderecerca.uab.cat\/interasia\/sites\/grupsderecerca.uab.cat.interasia\/files\/paoliello_china_and_the_chinese_quest.pdf\" target=\"_blank\" rel=\"noopener\"><span style=\"background-color:#008000\">I Speak Therefore I Am &#8211; Language and Identity in Sinophone Malaysian Fiction: The Case of &#8216;Hun de Zhuisu&#8217; by Chen Zhengxin<\/span><\/a><span style=\"background-color:#008000\">.\u00bb&nbsp;<\/span><em><span style=\"background-color:#008000\">Malaysian International Conference on Foreign Languages (MICLF)<\/span><\/em><span style=\"background-color:#008000\">, Fakulti Bahasa Moden dan Komunikasi, Universiti Putra Malaysia. Serdang, Malaisia, 1-2 de diciembre de 2010.<\/span><\/p>\n<p class=\"rtejustify\">Paoliello, Antonio. \u201cMahua Literature Goes Pop: Urban Pop Culture in Li Zishu\u2019s Prose Writings.\u201d&nbsp;<em>BICOLL&nbsp;(Borneo International Conference on Language and Literature)<\/em>. Organizada por Universiti Teknologi Mara. Kuching, Malasia, 8-9 de junio de 2010.<\/p>\n<p class=\"rtejustify\">Pita C\u00e9spedes, Gustavo. \u00abEl intercambio cultural entre el N\u014d y las artes marciales a partir de Muromachi.\u00bb&nbsp;<em><a href=\"http:\/\/www.ugr.es\/~feiap\/feiap2010.html\" target=\"_blank\" rel=\"noopener\">3\u00ba Foro espa\u00f1ol de investigaci\u00f3n sobre Asia Pac\u00edfico (FEIAP). Cruce de miradas, relaciones e intercambios<\/a>,<\/em>&nbsp;Universidad de Zaragoza, 27-29 de octubre de&nbsp;2010.<\/p>\n<p class=\"rtejustify\">Prado-Fonts, Carles. \u201cA Critical Return: From Multiculturalism to Creolization in Lao She&#8217;s Fiction.\u201d&nbsp;<a href=\"http:\/\/grupsderecerca.uab.cat\/interasia\/sites\/grupsderecerca.uab.cat.interasia\/files\/prado_acla_conference_2010.pdf\" target=\"_blank\" rel=\"noopener\"><em>American Comparative Literature Association 2010 Conference<\/em><\/a>. New Orleans,&nbsp;1-4 de abril de&nbsp;2010.<\/p>\n<p class=\"rtejustify\">Rodr\u00edguez Navarro, Ma&nbsp;Teresa, y D. Rafael&nbsp;Serrano Mu\u00f1oz. \u00ab<a href=\"http:\/\/grupsderecerca.uab.cat\/interasia\/sites\/grupsderecerca.uab.cat.interasia\/files\/rodriguez_constitucionalismo_japones.pdf\" target=\"_blank\" rel=\"noopener\">Introducci\u00f3n al constitucionalismo japon\u00e9s: de la soberan\u00eda imperial a la soberan\u00eda popular<\/a>.\u00bb&nbsp;<em><a href=\"http:\/\/www.ugr.es\/~feiap\/feiap2010.html\" target=\"_blank\" rel=\"noopener\">3\u00ba Foro espa\u00f1ol de investigaci\u00f3n sobre Asia Pac\u00edfico (FEIAP). Cruce de miradas, relaciones e intercambios<\/a>,<\/em>&nbsp;Universidad de Zaragoza, 27-29 de octubre de&nbsp;2010.<\/p>\n<p class=\"rtejustify\"><span style=\"background-color:#FFA500\">Rodr\u00edguez Navarro, Ma&nbsp;Teresa. \u201cOrientalism, Self-Orientalism and Nihonjinron: The construction of the &#8216;cultural image of Japan for the West&#8217;.\u00bb&nbsp;<\/span><em><span style=\"background-color:#FFA500\">Workshop \u201cCultural Translations\u201d<\/span><\/em><span style=\"background-color:#FFA500\">, University of G\u00f6teborg, Sweden, 27-28 de agosto de 2010.<\/span><\/p>\n<p class=\"rtejustify\">Rodr\u00edguez Navarro, Ma&nbsp;Teresa. \u201cTranslation. Tradition and Modernity in Japan: Fukuzawa Yukichi, translator and Cultural Mediator.\u201d&nbsp;<em><a href=\"http:\/\/www.fti.uab.es\/departament\/congres-simposi\/index.htm\" target=\"_blank\" rel=\"noopener\">VII International Conference on Translation \/&nbsp;I International Symposioum for young researchers.in Translation, Interpreting and Intercultural Studies:&nbsp;Paratextual elements in translation<\/a><\/em>, Departament de Traducci\u00f3 i d\u2019Interpretaci\u00f3 de la Universitat Aut\u00f2noma de Barcelona, Cerdanyola del Vall\u00e8s, 21-24 de Juny, 2010.<\/p>\n<p class=\"rtejustify\"><span style=\"background-color:#FFA500\">Rodr\u00edguez Navarro, Ma&nbsp;Teresa. \u201cLa ense\u00f1anza de la lengua japonesa y la adaptaci\u00f3n a la nueva normativa de la UE.\u201d&nbsp;Participaci\u00f3n como panelista. <\/span><em><span style=\"background-color:#FFA500\">I&nbsp;Simposio&nbsp;de la Asociaci\u00f3n de Profesores de Lengua Japonesa en Espa\u00f1a<\/span><\/em><span style=\"background-color:#FFA500\">, The Japan Foundation, Madrid, 18-19 de junio de&nbsp;2010.<\/span><\/p>\n<p class=\"rtejustify\">Rodr\u00edguez Navarro, Ma&nbsp;Teresa. \u00abOrientalism and translation in the construction of the \u2018cultural image\u2019 of Japan for the West.\u00bb&nbsp;Poster presentado al&nbsp;<em><a href=\"http:\/\/www.monabaker.com\/tsresources\/cediary_more.php?id=3475_0_3_0_M\" target=\"_blank\" rel=\"noopener\">International Conference of Translation in the Japanese context.<\/a><\/em>. Ritsumeikan University, Kyoto,&nbsp;9-10 de enero de 2010.<\/p>\n<p class=\"rtejustify\">Rovira-Esteva, Sara. \u201cLes notes del traductor i la construcci\u00f3 de la imatge de l\u2019altre: el cas xin\u00e8s a trav\u00e9s de La Nina de Pequ\u00edn de Chun Sue.\u201d&nbsp;<a href=\"http:\/\/www.fti.uab.es\/departament\/congres-simposi\/\" target=\"_blank\" rel=\"noopener\"><em>VII Congr\u00e9s Internacional de Traducci\u00f3: els elements paratextuals en traducci\u00f3<\/em><\/a>. Departament de Traducci\u00f3 i Interpretaci\u00f3, Universitat Aut\u00f2noma de Barclona, 21-23 de junio&nbsp;de&nbsp;2010.<\/p>\n<p class=\"rtejustify\">S\u00e1iz L\u00f3pez, Amelia, y Sara&nbsp;Rovira. \u201c<a href=\"http:\/\/grupsderecerca.uab.cat\/interasia\/sites\/grupsderecerca.uab.cat.interasia\/files\/saiz_femenino_virtual.pdf\" target=\"_blank\" rel=\"noopener\">Femenino virtual: aproximaci\u00f3n al blogging de mujeres en China<\/a>.\u201d&nbsp;<em><a href=\"http:\/\/www.ugr.es\/~feiap\/feiap2010.html\" target=\"_blank\" rel=\"noopener\">3\u00ba Foro espa\u00f1ol de investigaci\u00f3n sobre Asia Pac\u00edfico (FEIAP). Cruce de miradas, relaciones e intercambios<\/a>,<\/em>&nbsp;Universidad de Zaragoza, 27-29 de octubre de&nbsp;2010.<\/p>\n<p class=\"rtejustify\">S\u00e1iz L\u00f3pez, Amelia. \u201cTransnational and Transcultural Methodological Approaches. Researching on Chinese Culture and International Migration.\u201d <em>New Perspectives to Research on Transnational Migration: Identifying Methodological Problems and Solutions<\/em>, Institute for World Society Studies de la Universidad de Bielefeld (Alemania), 30 de abril de 2010.<\/p>\n<p class=\"rtejustify\">Vargas Urp\u00ed, Mireia. \u00ab<a href=\"http:\/\/grupsderecerca.uab.cat\/interasia\/sites\/grupsderecerca.uab.cat.interasia\/files\/vargas_interpretacion_en_los_servicios_publicos.pdf\" target=\"_blank\" rel=\"noopener\">La interpretaci\u00f3n en los servicios p\u00fablicos para el colectivo chino en el contexto catal\u00e1n<\/a>.\u00bb&nbsp;<em><a href=\"http:\/\/www.ugr.es\/~feiap\/feiap2010.html\" target=\"_blank\" rel=\"noopener\">3\u00ba Foro espa\u00f1ol de investigaci\u00f3n sobre Asia Pac\u00edfico (FEIAP). Cruce de miradas, relaciones e intercambios<\/a>,<\/em>&nbsp;Universidad de Zaragoza, 27-29 de octubre de&nbsp;2010.<\/p>\n<p class=\"rtejustify\">Vargas Urp\u00ed, Mireia. \u00abMultidisciplinarity in the present of Translation and Interpreting Research: The specific case of community interpreters for the Chinese in Catalonia.\u201d <em>Online Conference on Translation and Interpreting Studies 2010: Research in Translation and Interpreting. Methods of the Past, the Present and the Future<\/em>. Salford University, 6 de setembre de 2010.<\/p>\n<p class=\"rtejustify\">&nbsp;<\/p>\n<h3 class=\"rtejustify\"><strong>2009<\/strong><\/h3>\n<p class=\"rtejustify\">Beltr\u00e1n Antol\u00edn, Joaqu\u00edn, y Amelia S\u00e1iz L\u00f3pez. \u201cChinese in Spain: An Identity in Progress.\u201d&nbsp;En el Panel: \u00abMigration Anthropology. Session Mapping East Asian Identities: Social Change in East Asia and the East Asian Diaspora\u00bb,&nbsp;<em><a href=\"https:\/\/www.iuaes.org\/congresses\/2009china.html\" target=\"_blank\" rel=\"noopener\">16th World Congress of the International Union of Anthropological and Ethnological Studies (IUAES)<\/a><\/em>. Kunming (RP&nbsp;China),&nbsp;31 de juliol de 2009.<\/p>\n<p class=\"rtejustify\"><span style=\"background-color:#FFA500\">Beltr\u00e1n Antol\u00edn, Joaqu\u00edn. \u201cEspacios interculturales de Asia Oriental: La globalizaci\u00f3n revisada.\u201d&nbsp;<\/span><em><a href=\"http:\/\/grupsderecerca.uab.cat\/interasia\/sites\/grupsderecerca.uab.cat.interasia\/files\/interculturalidad_asia_cast.pdf\" target=\"_blank\" rel=\"noopener\"><span style=\"background-color:#FFA500\">Seminario Internacional Interculturalidad de Asia Oriental en la era de la globalizaci\u00f3n<\/span><\/a><\/em><span style=\"background-color:#FFA500\">,&nbsp;Grupo de Investigaci\u00f3n InterAsia, IEII-Fundaci\u00f3 CIDOB. Barcelona, 12&nbsp;de gener de 2009.<\/span><\/p>\n<p class=\"rtejustify\">Casas Tost, Helena; Lupe Romero, Helena&nbsp;Tanqueiro, Olga&nbsp;Torres-Hostench, Stavroula&nbsp;Sokoli. \u201cEvaluating the implementation of LVS (Learning Via Subtitling) in translators training.\u201d&nbsp;<em><a href=\"http:\/\/www.mediaforall.eu\/all3\/\" target=\"_blank\" rel=\"noopener\">3rd International Conference \u201cMedia for All\u201d Quality made to measure<\/a><\/em>,&nbsp;Universiteit Antwerpen. Anveres, 22-24 de octubre de&nbsp;2009.<\/p>\n<p class=\"rtejustify\"><span style=\"background-color:#FFA500\">Casas Tost, Helena; Rovira Esteva, Sara. \u201c\u00bfNuevos modelos, viejos esquemas? El chino y la did\u00e1ctica de lenguas extranjeras en el marco de convergencia europea.\u201d&nbsp;<\/span><em><a href=\"http:\/\/grupsderecerca.uab.cat\/interasia\/sites\/grupsderecerca.uab.cat.interasia\/files\/interculturalidad_asia_cast.pdf\" target=\"_blank\" rel=\"noopener\"><span style=\"background-color:#FFA500\">Seminario Internacional Interculturalidad de Asia Oriental en la era de la globalizaci\u00f3n<\/span><\/a><\/em><span style=\"background-color:#FFA500\">,&nbsp;Grupo de Investigaci\u00f3n InterAsia, IEII-Fundaci\u00f3 CIDOB. Barcelona, 12&nbsp;de gener de 2009.<\/span><\/p>\n<p class=\"rtejustify\"><span style=\"background-color:#FFA500\">Fukuda, Makiko. \u201cJaponeses en Catalu\u00f1a: Lengua, integraci\u00f3n y globalizaci\u00f3n.\u201d&nbsp;<\/span><em><a href=\"http:\/\/grupsderecerca.uab.cat\/interasia\/sites\/grupsderecerca.uab.cat.interasia\/files\/interculturalidad_asia_cast.pdf\" target=\"_blank\" rel=\"noopener\"><span style=\"background-color:#FFA500\">Seminario Internacional Interculturalidad de Asia Oriental en la era de la globalizaci\u00f3n<\/span><\/a><\/em><span style=\"background-color:#FFA500\">,&nbsp;Grupo de Investigaci\u00f3n InterAsia, IEII-Fundaci\u00f3 CIDOB. Barcelona, 12&nbsp;de gener de 2009.<\/span><\/p>\n<p class=\"rtejustify\"><span style=\"background-color:#FFA500\">Golden, Se\u00e1n.&nbsp;\u00ab\u2019Comprehensive National Power\u2019, Decoupling and Autarky.\u201d&nbsp;En el taller de investigaci\u00f3n&nbsp;<\/span><em><span style=\"background-color:#FFA500\">EastAsiaNet Research Workshop<\/span><\/em><span style=\"background-color:#FFA500\">, Copenhagen (Dinamarca) 6-8 de noviembre de&nbsp;2009.<\/span><\/p>\n<p class=\"rtejustify\"><span style=\"background-color:#FFA500\">Golden, Se\u00e1n.&nbsp;\u201c\u2019British to my backbone tongue\u2019. The construction and deconstruction of a British colonial discourse in China and its consequences for Ireland.\u201d&nbsp;<\/span><em><a href=\"http:\/\/grupsderecerca.uab.cat\/interasia\/sites\/grupsderecerca.uab.cat.interasia\/files\/golden_rodriguez_3rd_east_asia_net.pdf\" target=\"_blank\" rel=\"noopener\"><span style=\"background-color:#FFA500\">3rd EastAsiaNet Research Workshop<\/span><\/a><\/em><span style=\"background-color:#FFA500\">, Universidad Aut\u00f3noma de Madrid, Madrid, Espa\u00f1a, 23-25 de abril de&nbsp;2009.<\/span><\/p>\n<p class=\"rtejustify\">Guarn\u00e9 Cabello, Blai. \u201cFeeling Strange in the Homeland: Social Experience and Knowledge Production in the Anthropology of Japan.\u201d&nbsp;Sesi\u00f3n Plenaria \u201cCultural Essentialism in the Anthropology of Japan.\u201d&nbsp;<em><a href=\"http:\/\/www.tuj.ac.jp\/events\/2009\/1107.html\" target=\"_blank\" rel=\"noopener\">12th Annual Conference of the Anthropology of Japan in Japan (AJJ):&nbsp;Civil Society and Citizenship in MultiNational\/MultiCultural Japan<\/a><\/em>,&nbsp;Institute of Contemporary Japanese Studies, Temple University, Tokyo (Jap\u00f3n), 7-8 de noviembre de 2009.<\/p>\n<p class=\"rtejustify\">Guarn\u00e9 Cabello, Blai. \u201cOut of (the) Field: The Lack of Object in the Cultural Translation.\u201d&nbsp;&nbsp;<em>International Conference Translating Society<\/em>,&nbsp;<a href=\"https:\/\/www.uni-konstanz.de\/en\/university\/about-the-university-of-konstanz\/the-german-excellence-initiative\/cluster-of-excellence-cultural-foundations-of-social-integration\/\" target=\"_blank\" rel=\"noopener\">Center of Excellence \u201cCultural Foundations of Integration\u201d<\/a>, University of Konstanz, Konstanz (Germany), 31 de octubre de&nbsp;2009.<\/p>\n<p class=\"rtejustify\">Guarn\u00e9 Cabello, Blai. \u201cThe Topsy-turvydom Land: Butterflies and Apes in the Orientalist Representation of Japan.\u201d&nbsp;Panel \u201cImages of East and West\u201d,&nbsp;<em><a href=\"http:\/\/icas.asia\/en\/icas-6\" target=\"_blank\" rel=\"noopener\">ICAS 6: The Sixth International Convention of Asia Scholars (ICAS)<\/a><\/em>, Daejeon (Korea), 6-9 de agosto de 2009.<\/p>\n<p class=\"rtejustify\">Guarn\u00e9 Cabello, Blai. \u201c(Re)Searching at the margin. Challenges and imbalances in the production of anthropological knowledge.\u201d&nbsp;\u201cMaking an Interactive Anthropology in East and Southeast Asia\u201d,<em>&nbsp;<a href=\"http:\/\/www.fti.uab.cat\/interasia\/documents\/guarne-16th%20world%20congress%20iuaes%202008.pdf\" target=\"_blank\" rel=\"noopener\">16th World Congress IUAES 2008 (International Union of Anthropological and Ethological Sciences), Humanity, Development and Cultural Diversity<\/a><\/em>. IUAES, China Union of Anthropological and Ethological Sciences, Kunming (RP China),&nbsp;27-31&nbsp;de julio de 2009.<\/p>\n<p class=\"rtejustify\">Guarn\u00e9 Cabello, Blai. \u201cThe Poetics and Politics of Katakana. From furusato to h\u00f4mu taun.\u201d&nbsp;Panel: \u201cLanguage Ideologies in East and Southeast Asia\u201d,&nbsp;<em><a href=\"http:\/\/grupsderecerca.uab.cat\/interasia\/sites\/grupsderecerca.uab.cat.interasia\/files\/guarne_east_by_southeast_.pdf\" target=\"_blank\" rel=\"noopener\">East by Southeast: Multiple Perspectives on Asia<\/a><\/em>, SEAA &amp;&nbsp;TSAE Taipei 2009, Society for East Asian Anthropology (SEAA) &#8211; American Anthropological Association (AAA), Taiwan Society for Anthropology and Ethnology (TSAE), Academia Sinica, Taipei (Taiwan), julio de&nbsp;2009.<\/p>\n<p class=\"rtejustify\">Guarn\u00e9 Cabello, Blai. \u201cNarrating Japan: From &#8216;la Triomphante&#8217; to The garden of Kanashima.\u201d&nbsp;<em><a href=\"http:\/\/www.meijigakuin.ac.jp\/~ascj\/2009\/index.html\" target=\"_blank\" rel=\"noopener\">13th Asian Studies Conference Japan (ASCJ) 2009<\/a><\/em>, Sophia University, Tokyo (Japan), 20-21 de junio de 2009.<\/p>\n<p class=\"rtejustify\">Guarn\u00e9 Cabello, Blai. \u201cImag(in)ing the Other: Identity and Commodification in a Global Japan.\u00bb&nbsp;\u201cIdentity in a Global Context\u201d, Seventh Annual Cultural Studies Association,&nbsp;<a href=\"http:\/\/culturalstudiesassociation.org\/\" target=\"_blank\" rel=\"noopener\">Cultural Studies Association (CSA)<\/a>, Kansas City (US), 16-18 de abril de 2009.<\/p>\n<p class=\"rtejustify\"><span style=\"background-color:#FF0000\">Guarn\u00e9 Cabello, Blai. \u201cWritten in Katakana: The Dynamics of Cultural Production of Difference.\u201d&nbsp;<\/span><em><span style=\"background-color:#FF0000\">15th Annual Conference of the Japan Studies Association (JSA)<\/span><\/em><span style=\"background-color:#FF0000\">. New Orleans, LA (EEUU).<\/span><\/p>\n<p class=\"rtejustify\">Lozano M\u00e9ndez, Artur. \u201cHolier-than-Cute Techno-Orientalist Discourse.\u201d&nbsp;<em><a href=\"http:\/\/www.meijigakuin.ac.jp\/~ascj\/2009\/index.html\" target=\"_blank\" rel=\"noopener\">13th Asian Studies Conference Japan (ASCJ) 2009<\/a><\/em>. Mesa \u201cAn Apology for \u2018Drop Dead Cute\u2019: The Global Context of Japanese Contemporary Popular Culture and Aesthetics\u201d, Facultad de Estudios Internacionales, Universidad Meiji Gakuin,&nbsp;Campus Yotsuya, Universidad de Sophia. Tokio, 20-21 de junio de&nbsp;2009.<\/p>\n<p class=\"rtejustify\"><span style=\"background-color:#FFA500\">Lozano M\u00e9ndez, Artur. \u201cPol\u00edticas de identidad en los Estudios Hisp\u00e1nicos de Jap\u00f3n.\u201d&nbsp;<\/span><em><a href=\"http:\/\/grupsderecerca.uab.cat\/interasia\/sites\/grupsderecerca.uab.cat.interasia\/files\/interculturalidad_asia_cast.pdf\" target=\"_blank\" rel=\"noopener\"><span style=\"background-color:#FFA500\">Seminario Internacional Interculturalidad de Asia Oriental en la era de la globalizaci\u00f3n<\/span><\/a><\/em><span style=\"background-color:#FFA500\">,&nbsp;Grupo de Investigaci\u00f3n InterAsia, IEII-Fundaci\u00f3 CIDOB. Barcelona, 13 de gener de 2009.<\/span><\/p>\n<p class=\"rtejustify\"><span style=\"background-color:#FFA500\">Mas L\u00f3pez, Jordi. \u201cSalts i continu\u00eftats en les traduccions al castell\u00e0 de Carles Riba.\u201d<\/span><em><span style=\"background-color:#FFA500\">&nbsp;<\/span><a href=\"http:\/\/grupsderecerca.uab.cat\/interasia\/sites\/grupsderecerca.uab.cat.interasia\/files\/mas_iii_simposi_carles_riba.pdf\" target=\"_blank\" rel=\"noopener\"><span style=\"background-color:#FFA500\">II Simposi Carles Riba<\/span><\/a><span style=\"background-color:#FFA500\">,&nbsp;<\/span><\/em><span style=\"background-color:#FFA500\">Secci\u00f3 Filol\u00f2gica de l\u2019Institut d\u2019Estudis Catalans,&nbsp;Aula Riba de la Universitat Aut\u00f2noma de Barcelona. Barcelona, 30 de noviembre de 2009.Golden, Se\u00e1n.&nbsp;\u00ab\u2019Comprehensive National Power\u2019, Decoupling and Autarky.\u201d&nbsp;En el taller de investigaci\u00f3n <\/span><em><span style=\"background-color:#FFA500\">EastAsiaNet Research Workshop<\/span><\/em><span style=\"background-color:#FFA500\">, Copenhagen (Dinamarca) 6-8 de noviembre de&nbsp;2009.<\/span><\/p>\n<p class=\"rtejustify\"><span style=\"background-color:#FFA500\">Mas L\u00f3pez, Jordi. \u201cCuerpo ef\u00edmero sobre paisaje pop-up: Deseo e identidad en la producci\u00f3n de Tujiko Noriko.\u201d&nbsp;<\/span><em><a href=\"http:\/\/grupsderecerca.uab.cat\/interasia\/sites\/grupsderecerca.uab.cat.interasia\/files\/interculturalidad_asia_cast.pdf\" target=\"_blank\" rel=\"noopener\"><span style=\"background-color:#FFA500\">Seminario Internacional Interculturalidad de Asia Oriental en la era de la globalizaci\u00f3n<\/span><\/a><\/em><span style=\"background-color:#FFA500\">,&nbsp;Grupo de Investigaci\u00f3n InterAsia, IEII-Fundaci\u00f3 CIDOB. Barcelona, 13 de gener de 2009.<\/span><\/p>\n<p class=\"rtejustify\"><span style=\"background-color:#FFA500\">Paoliello, Antonio. \u201cInk on The South Seas: A historical outline of Malaysian-Chinese literature.\u201d&nbsp;<\/span><em><a href=\"http:\/\/grupsderecerca.uab.cat\/interasia\/sites\/grupsderecerca.uab.cat.interasia\/files\/interculturalidad_asia_cast.pdf\" target=\"_blank\" rel=\"noopener\"><span style=\"background-color:#FFA500\">Seminario Internacional Interculturalidad de Asia Oriental en la era de la globalizaci\u00f3n<\/span><\/a><\/em><span style=\"background-color:#FFA500\">,&nbsp;Grupo de Investigaci\u00f3n InterAsia, IEII-Fundaci\u00f3 CIDOB. Barcelona, 12&nbsp;de gener de 2009.<\/span><\/p>\n<p class=\"rtejustify\">Prado-Fonts, Carles. \u201cLust, Caution: Identities after Translation.\u201d&nbsp;<em>International Conference Translating Society<\/em>,&nbsp;<a href=\"https:\/\/www.uni-konstanz.de\/en\/university\/about-the-university-of-konstanz\/the-german-excellence-initiative\/cluster-of-excellence-cultural-foundations-of-social-integration\/\" target=\"_blank\" rel=\"noopener\">Center of Excellence \u201cCultural Foundations of Integration\u201d<\/a>, University of Konstanz, Konstanz (Germany), 31 de octubre de&nbsp;2009.<\/p>\n<p class=\"rtejustify\"><span style=\"background-color:#FFA500\">Prado-Fonts, Carles. \u201cLust, caution: Politics and predicaments of modern Chinese literature in a global context.\u201d <\/span><em><a href=\"http:\/\/grupsderecerca.uab.cat\/interasia\/sites\/grupsderecerca.uab.cat.interasia\/files\/interculturalidad_asia_cast.pdf\" target=\"_blank\" rel=\"noopener\"><span style=\"background-color:#FFA500\">Seminario Internacional Interculturalidad de Asia Oriental en la era de la globalizaci\u00f3n<\/span><\/a><\/em><span style=\"background-color:#FFA500\">,&nbsp;Grupo de Investigaci\u00f3n InterAsia, IEII-Fundaci\u00f3 CIDOB. Barcelona, 12&nbsp;de gener de 2009.<\/span><\/p>\n<p class=\"rtejustify\"><span style=\"background-color:#FFA500\">Rodr\u00edguez Navarro, Ma&nbsp;Teresa. \u201cTranslation and Cultural Identity: the reception of ethical and esthetical values of Japanese culture in the West.\u201d&nbsp;<\/span><em><a href=\"http:\/\/grupsderecerca.uab.cat\/interasia\/sites\/grupsderecerca.uab.cat.interasia\/files\/golden_rodriguez_3rd_east_asia_net.pdf\" target=\"_blank\" rel=\"noopener\"><span style=\"background-color:#FFA500\">3rd EastAsiaNet Research Workshop<\/span><\/a><\/em><span style=\"background-color:#FFA500\">, Universidad Aut\u00f3noma de Madrid, Madrid, Espa\u00f1a, 23-25 de abril de&nbsp;2009.<\/span><\/p>\n<p class=\"rtejustify\"><span style=\"background-color:#FFA500\">Rodr\u00edguez Navarro, M\u00aa Teresa. \u201cInterculturalidad, traducci\u00f3n y mediaci\u00f3n cultural en la Era Meiji: Okakura Kakuz\u00f4 y El Libro del Te.\u201d&nbsp;&nbsp;<\/span><em><a href=\"http:\/\/grupsderecerca.uab.cat\/interasia\/sites\/grupsderecerca.uab.cat.interasia\/files\/interculturalidad_asia_cast.pdf\" target=\"_blank\" rel=\"noopener\"><span style=\"background-color:#FFA500\">Seminario Internacional Interculturalidad de Asia Oriental en la era de la globalizaci\u00f3n<\/span><\/a><\/em><span style=\"background-color:#FFA500\">,&nbsp;Grupo de Investigaci\u00f3n InterAsia, IEII-Fundaci\u00f3 CIDOB. Barcelona, 13 de gener de 2009.<\/span><\/p>\n<p class=\"rtejustify\">Rovira-Esteva, Sara, Pilar&nbsp;Orero. \u201cLa evaluaci\u00f3n de la calidad en la investigaci\u00f3n en el \u00e1rea de los estudios de traducci\u00f3n e interpretaci\u00f3n en Espa\u00f1a: estado actual y perspectivas de futuro.\u201d&nbsp;<em><a href=\"http:\/\/grupsderecerca.uab.cat\/interasia\/sites\/grupsderecerca.uab.cat.interasia\/files\/rovira_evaluacion_calidad_edu_superior.pdf\" target=\"_blank\" rel=\"noopener\">VI Foro sobre evaluaci\u00f3n de la calidad de la educaci\u00f3n superior y de la investigaci\u00f3n<\/a>,<\/em>&nbsp;FECYT, Universidade de Vigo, Universidad de Granada, AEPC. Vigo, 8-11 de septiembre&nbsp;2009.<\/p>\n<p class=\"rtejustify\"><span style=\"background-color:#FFA500\">Rovira-Esteva, Sara;&nbsp;Casas Tost, Helena. \u201c\u00bfNuevos modelos, viejos esquemas? El chino y la did\u00e1ctica de lenguas extranjeras en el marco de convergencia europea.\u201d&nbsp;<\/span><em><a href=\"http:\/\/grupsderecerca.uab.cat\/interasia\/sites\/grupsderecerca.uab.cat.interasia\/files\/interculturalidad_asia_cast.pdf\" target=\"_blank\" rel=\"noopener\"><span style=\"background-color:#FFA500\">Seminario Internacional Interculturalidad de Asia Oriental en la era de la globalizaci\u00f3n<\/span><\/a><\/em><span style=\"background-color:#FFA500\">,&nbsp;Grupo de Investigaci\u00f3n InterAsia, IEII-Fundaci\u00f3 CIDOB. Barcelona, 12&nbsp;de gener de 2009.<\/span><\/p>\n<p class=\"rtejustify\">S\u00e1iz L\u00f3pez, Amelia. \u201cThe Chinese Women-Migrant- Entrepreneur in Spain.\u201d&nbsp;<em><a href=\"http:\/\/en.wsic.ac.cn\/picnews\/217.htm\" target=\"_blank\" rel=\"noopener\">International Conference on Gender and Social Transformation: Global, Transnational and Local Realities and Perspectives<\/a>,<\/em>&nbsp;Session \u201cMigration, Citizenship and Social Recognition\u201d, Beijing (RP&nbsp;China),&nbsp;19 de julio de&nbsp;2009.<\/p>\n<p class=\"rtejustify\">S\u00e1iz L\u00f3pez, Amelia. \u201cX\u00e9nero, migraci\u00f3n e desenvolvemento en Asia.\u201d&nbsp;Xornadas \u201cX\u00e9nero, Migraci\u00f3n e desenvolvemento\u201d,&nbsp;ESOMI, Universidad de A Coru\u00f1a. A Coru\u00f1a, 27 de abril de 2009.<\/p>\n<p class=\"rtejustify\"><span style=\"background-color:#FFA500\">S\u00e1iz L\u00f3pez, Amelia. \u201cInterculturalidad e investigaci\u00f3n social. Reflexiones desde la experiencia profesional sobre la(s) cultura(s).\u201d&nbsp;<\/span><em><a href=\"http:\/\/grupsderecerca.uab.cat\/interasia\/sites\/grupsderecerca.uab.cat.interasia\/files\/interculturalidad_asia_cast.pdf\" target=\"_blank\" rel=\"noopener\"><span style=\"background-color:#FFA500\">Seminario Internacional Interculturalidad de Asia Oriental en la era de la globalizaci\u00f3n<\/span><\/a><\/em><span style=\"background-color:#FFA500\">,&nbsp;Grupo de Investigaci\u00f3n InterAsia, IEII-Fundaci\u00f3 CIDOB. Barcelona, 12&nbsp;de gener de 2009.<\/span><\/p>\n<p class=\"rtejustify\">Vargas Urp\u00ed, Mireia. \u201cInterpreting between high and low context cultures. Understanding the indirectness of the Chinese\u201d Presentaci\u00f3n de un p\u00f3ster en&nbsp;<a href=\"http:\/\/grupsderecerca.uab.cat\/interasia\/sites\/grupsderecerca.uab.cat.interasia\/files\/vargas_community_interpreting.pdf\" target=\"_blank\" rel=\"noopener\"><em>Community Interpreting Training and Research&nbsp;at a University Level<\/em><\/a>, CIUTI Symposium. ITAT, Universitat de Graz. Graz, 17-19 de septiembre de 2009.<\/p>\n<p class=\"rtejustify\">Vargas Urp\u00ed, Mireia. \u201cLa interpretaci\u00f3n social en Catalunya. El caso del colectivo chino del Vall\u00e8s Occidental.\u201d&nbsp;<em><a href=\"http:\/\/grupsderecerca.uab.cat\/interasia\/sites\/grupsderecerca.uab.cat.interasia\/files\/vargas_new_research_in_translation.pdf\" target=\"_blank\" rel=\"noopener\">New Research in Translation and Interpreting Studies<\/a>,<\/em>&nbsp;Universitat Rovira i Virgili. Tarragona, 25-27 de junio de 2009.<\/p>\n<p class=\"rtejustify\">Vargas Urp\u00ed, Mireia. \u201cCommunity Interpreting Training in Catalonia.\u201d <em>Mastering Public Service Interpreting<\/em>. The Interpreting Section of the Faculty of Humanities, Arts, Languages and Education Conference, London Metropolitan University. Londres, 10 de junio de 2009.<\/p>\n<p class=\"rtejustify\">&nbsp;<\/p>\n<h3 class=\"rtejustify\"><strong>2008<\/strong><\/h3>\n<p class=\"rtejustify\">Beltr\u00e1n Antol\u00edn, Joaqu\u00edn. \u201cPasado y presente de las relaciones econ\u00f3micas con China.\u201d&nbsp;<em>I Congreso Internacional. Relaciones entre China y Espa\u00f1a (1575-2005): \u00bfSin pasado? \u00bfCon futuro?<\/em>, <a href=\"http:\/\/rednavarraestudioschinos.blogspot.com\/\" target=\"_blank\" rel=\"noopener\">Red Navarra de Estudios Chinos (UPNA, IPES, FUDE)<\/a><em>,&nbsp;<\/em><a href=\"http:\/\/www.casaasia.es\/\" target=\"_blank\" rel=\"noopener\">Casa Asia<\/a>. Pamplona, 25 de noviembre de 2008.<\/p>\n<p class=\"rtejustify\">Beltr\u00e1n Antol\u00edn, Joaqu\u00edn. \u201cOrientalismo, autoorientalismo e interculturalidad de Asia Oriental.\u201d&nbsp;<a href=\"http:\/\/www.ugr.es\/~feiap\/feiap2008.html\" target=\"_blank\" rel=\"noopener\"><em>II Foro Espa\u00f1ol de Investigaci\u00f3n sobre Asia Pac\u00edfico (FEIAP)<\/em><\/a>, Universidad de Valencia,&nbsp;&nbsp;16 de septiembre de&nbsp;2008.<\/p>\n<p class=\"rtejustify\">Beltr\u00e1n Antol\u00edn, Joaqu\u00edn, y Amelia&nbsp;S\u00e1iz L\u00f3pez. \u201cChinese and Pakistani transnationalism in Barcelona metropolis and Spain. A comparative study.\u201d<em>&nbsp;<a href=\"http:\/\/grupsderecerca.uab.cat\/interasia\/sites\/grupsderecerca.uab.cat.interasia\/files\/beltran_saiz_first_isa_forum.pdf\" target=\"_blank\" rel=\"noopener\">First ISA Forum of Sociology, Research Committe 21 \u201cRegional and Urban Development<\/a>, Session 23 \u201cTransnational migration and local economies\u201d<\/em>. Barcelona,&nbsp;6 de septiembre de&nbsp;2008.<\/p>\n<p class=\"rtejustify\"><span style=\"background-color:#FFA500\">Beltr\u00e1n Antol\u00edn, Joaqu\u00edn. \u201cAsi\u00e1ticos en Espa\u00f1a: panor\u00e1mica general del empresariado y del transnacionalismo.\u201d&nbsp;<\/span><em><a href=\"http:\/\/www.fti.uab.cat\/interasia\/documents\/Beltran-Saiz-asiaticos_esp_mediterraneo_cast.pdf\"><span style=\"background-color:#FFA500\">Seminario internacional Asi\u00e1ticos en Espa\u00f1a y el Mediterr\u00e1neo<\/span><\/a><\/em><a href=\"http:\/\/www.fti.uab.cat\/interasia\/documents\/Beltran-Saiz-asiaticos_esp_mediterraneo_cast.pdf\"><span style=\"background-color:#FFA500\">:&nbsp;<\/span><\/a><em><a href=\"http:\/\/grupsderecerca.uab.cat\/interasia\/sites\/grupsderecerca.uab.cat.interasia\/files\/cidob_asiaticos_en_espana.pdf\" target=\"_blank\" rel=\"noopener\"><span style=\"background-color:#FFA500\">Di\u00e1spora, transnacionalismo y empresariado \u00e9tnico<\/span><\/a><span style=\"background-color:#FFA500\">,<\/span><\/em><span style=\"background-color:#FFA500\">&nbsp;Fundaci\u00f3&nbsp;CIDOB, Casa Asia, Universitat Aut\u00f2noma de Barcelona, Barcelona. 1 de abril de 2008.<\/span><\/p>\n<p class=\"rtejustify\"><span style=\"background-color:#FFA500\">Beltr\u00e1n Antol\u00edn, Joaqu\u00edn. \u201c<\/span><a href=\"http:\/\/grupsderecerca.uab.cat\/interasia\/sites\/grupsderecerca.uab.cat.interasia\/files\/beltran_transnacionalismo_asiatico.pdf\" target=\"_blank\" rel=\"noopener\"><span style=\"background-color:#FFA500\">Transnacionalismo asi\u00e1tico. Globalizaci\u00f3n e internacionalizaci\u00f3n de la econom\u00eda espa\u00f1ola<\/span><\/a><span style=\"background-color:#FFA500\">.\u201d&nbsp;<\/span><em><span style=\"background-color:#FFA500\">Simposio internacional: Nuevos retos del transnacionalsimo en el estudio de las migraciones<\/span><\/em><span style=\"background-color:#FFA500\">, GEDIME (Grup d\u2019Estudis d\u2019Immigraci\u00f3 i Minories \u00c8tniques) Universitat Aut\u00f2noma de Barcelona, Barcelona,&nbsp;14-15 de febrero de 2008.<\/span><\/p>\n<p class=\"rtejustify\">Casas Tost, Helena. \u00ab<a href=\"https:\/\/ddd.uab.cat\/pub\/artpub\/2008\/66008\/jorinndoc_a2008m9ponencia25.pdf\">Disseny de materials multimedia per a la docencia del xines<\/a>.\u00bb&nbsp;<em>V Jornades d&#8217;Innovaci\u00f3 docent<\/em>, Universitat Aut\u00f2noma de Barcelona,&nbsp;17-18 de septiembre de 2008.<\/p>\n<p class=\"rtejustify\">Casas Tost, Helena. \u00abEstudio comparativo de las onomatopeyas chinas y espa\u00f1olas.\u00bb&nbsp;<a href=\"http:\/\/www.ugr.es\/~feiap\/feiap2008.html\" target=\"_blank\" rel=\"noopener\"><em>II Foro Espa\u00f1ol de Investigaci\u00f3n sobre Asia Pac\u00edfico (FEIAP)<\/em><\/a>, Universidad de Valencia. 15-17 de septiembre de 2008.<\/p>\n<p class=\"rtejustify\">Fukuda, Makiko. \u00abSuperviv\u00e8ncia ling\u00fc\u00edstica d\u2019una col\u00f2nia expatriada en una societat multiling\u00fce: experi\u00e8ncia de la col\u00f2nia japonesa a Catalunya.\u00bb<em>&nbsp;<a href=\"http:\/\/www.fue.uji.es\/jornadas\/verevento.shtm?no_exp=EX080038\" target=\"_blank\" rel=\"noopener\">International Conference on Multilinguism. Sociolinguistic and Acquisitional Perspectives<\/a><\/em>. Universitat de Jaume I, Castell\u00f3,&nbsp;16-18 de desembre de&nbsp;2008.<\/p>\n<p class=\"rtejustify\">Fukuda, Makiko. \u00abCastilian or Catalan? Linguistic survival strategies of Japanese residents in Catalonia, Spain.\u00bb&nbsp;<em><a href=\"http:\/\/grupsderecerca.uab.cat\/interasia\/sites\/grupsderecerca.uab.cat.interasia\/files\/fukuda_multilingualism.pdf\" target=\"_blank\" rel=\"noopener\">Multilingualism.&nbsp;3th Scandinavian Conference of Linguistics<\/a>,<\/em>&nbsp;Uppsala&nbsp;Universitet, Uppsala (Su\u00e8cia),&nbsp;1-3 de octubre de&nbsp;2008.<\/p>\n<p class=\"rtejustify\">Fukuda, Makiko. \u00abLanguage Use of an Expatriated Colony in the age of globalization: An Experience of Japanese Colony in Catalonia.\u00bb<em>&nbsp;The 15th World Congress of Applied Linguistics<\/em>, Essen (Alemanya),&nbsp;24-29 de agosto de 2008.<\/p>\n<p class=\"rtejustify\">Fukuda, Makiko.&nbsp;\u00abEls usos ling\u00fc\u00edstics dels nens japonesos i nipocatalans\/nipocastellans escolaritzats a Catalunya. El cas dels alumnes del Col\u00b7legi Japon\u00e8s de Barcelona i de l\u2019Escola Complement\u00e0ria de Llengua Japonesa de Barcelona.\u00bb&nbsp;<em>XXIII Trobada Internacional de l\u2019Associaci\u00f3 de Joves Ling\u00fcistes,&nbsp;<\/em>Universitat de Girona,&nbsp;26-28 de marzo de&nbsp;2008.<\/p>\n<p class=\"rtejustify\">Golden, Se\u00e1n.&nbsp;\u201cEspa\u00f1a y China: \u00bfCu\u00e1l es el futuro de la alianza estrat\u00e9gica?\u201d <em>I Congreso Internacional. Relaciones entre China y Espa\u00f1a (1575-2005): \u00bfSin pasado? \u00bfCon futuro?<\/em>, <a href=\"http:\/\/rednavarraestudioschinos.blogspot.com\/\" target=\"_blank\" rel=\"noopener\">Red Navarra de Estudios Chinos (UPNA, IPES, FUDE)<\/a><em>,&nbsp;<\/em><a href=\"http:\/\/www.casaasia.es\/\" target=\"_blank\" rel=\"noopener\">Casa Asia<\/a>. Pamplona, 24&nbsp;de noviembre de 2008.<\/p>\n<p class=\"rtejustify\">Golden, Se\u00e1n.&nbsp;\u201cRetro-Orientalism, Emergent Civil Society and the Construction of (Post)Modernity in China.\u201d&nbsp;<em>3r International Conference on Chinese Society and Chinese Studies<\/em>. Nanjing (RP China), 24 de octubre de 2008.<\/p>\n<p class=\"rtejustify\">Golden, Se\u00e1n.&nbsp;\u201c<a href=\"http:\/\/grupsderecerca.uab.cat\/interasia\/sites\/grupsderecerca.uab.cat.interasia\/files\/golden_mis-taking_asia.pdf\" target=\"_blank\" rel=\"noopener\">Caught in the Colonial. Case Studies of the Impact of British Imperialism in China on Colonial Administrators and on Metroplitan Underclasses<\/a>.\u201d&nbsp;<em>EasAsiaNet. EU Wokshop Mis-taking Asia<\/em>, Leeds (United Kingdom), 30 de mayo de 2008.<\/p>\n<p class=\"rtejustify\">Guarn\u00e9 Cabello, Blai. \u201c(Re)Searching at the margin. Challenges and imbalances in the production of anthropological knowledge.\u201d&nbsp;\u201cMaking an Interactive Anthropology in Asia and Beyond\u201d, \u201cWind Over Water: An Anthropology of Migration from an East Asian Setting\u201d,&nbsp;<em>107th Annual Meeting of the American Anthropological Association (AAA):&nbsp;Inclusion, Collaboration &amp; Engagement,&nbsp;<\/em>Institute of East Asian Studies,&nbsp;University of California, Berkeley, CA (EEUU), 19-23 de&nbsp;noviembre de&nbsp;2008.<\/p>\n<p class=\"rtejustify\">Guarn\u00e9 Cabello, Blai. \u201cWritten in Translation: Questioning Identity and Difference through Japanese Katakana.\u201d&nbsp;\u201cTraveling Scripts\u201d<em>&nbsp;International Conference After Identity? Idioms, Translation, Migration<\/em>. Center of Excellence Cultural Foundations of Integration, University of Konstanz. Konstanz (Germany),&nbsp;13-14 de octubre de&nbsp;2008.<\/p>\n<p class=\"rtejustify\">Guarn\u00e9 Cabello, Blai. \u201cWriting the Difference. Katakana script and the Production of Meaning in Japanese Cultural Industries.\u201d&nbsp;\u201cJapanese Linguistics and Language Teaching Section\u00bb,&nbsp;<a href=\"http:\/\/www.eajs.eu\/fileadmin\/activities\/International_EAJS_Conference\/Conf_Report_Lecce_2008.pdf\"><em>12th International Conference of the European Association of Japanese Studies<\/em>&nbsp;<em>(EAJE)<\/em><\/a>, Salento University, Lecce (It\u00e0lia),&nbsp;20-23 de septiembre de&nbsp;2008.<\/p>\n<p class=\"rtejustify\">Guarn\u00e9 Cabello, Blai. \u201cFluent perceptions: beyond centres and peripheries in the global production of anthropological knowledge.\u201d Panel:&nbsp;\u201cChanging global flows of anthropological knowledge\u201d&nbsp;<em><a href=\"http:\/\/www.easaonline.org\/conferences\/easa08\/\">10th Biennial Conference of the European Association of Social Anthropologists&nbsp;(EASA),<\/a><a href=\"http:\/\/grupsderecerca.uab.cat\/interasia\/sites\/grupsderecerca.uab.cat.interasia\/files\/guarne_easa08.pdf\" target=\"_blank\" rel=\"noopener\">&nbsp;Experiencing diversity and mutuality<\/a><\/em>. EASA, University of Ljubljana. Ljubljana (Eslov\u00e8nia), 26-30 de agosto de&nbsp;2008.<\/p>\n<p class=\"rtejustify\"><span style=\"background-color:#FF0000\">Guarn\u00e9 Cabello, Blai. \u201cImaginaris de l\u2019Altre.\u201d<\/span><em><span style=\"background-color:#FF0000\">&nbsp;<\/span><a href=\"http:\/\/www.upf.edu\/seminarihumanitats\/cast\/index.html\" target=\"_blank\" rel=\"noopener\"><span style=\"background-color:#FF0000\">I Seminario Internacional sobre la Investigaci\u00f3n en Humanidades<\/span><\/a><\/em><span style=\"background-color:#FF0000\">, Universitat Pompeu Fabra, Barcelona, 21 de febrero de 2008.<\/span><\/p>\n<p class=\"rtejustify\"><span style=\"background-color:#FFA500\">Lozano M\u00e9ndez, Artur.&nbsp;\u00abTechno-orientalism \u2014reiteration, change, diversification.\u00bb&nbsp;<\/span><em><a href=\"http:\/\/grupsderecerca.uab.cat\/interasia\/sites\/grupsderecerca.uab.cat.interasia\/files\/lozano_counterpoints.pdf\" target=\"_blank\" rel=\"noopener\"><span style=\"background-color:#FFA500\">Counterpoints Edward Said&#8217;s Legacy Colloquium<\/span><\/a><\/em><span style=\"background-color:#FFA500\">. University of Ottawa, Carleton University,&nbsp;31 de octubre a&nbsp;2 de noviembre de 2008.<\/span><\/p>\n<p class=\"rtejustify\">Mas L\u00f3pez, Jordi.&nbsp;\u201cEl tr\u00e1nsito de Tujiko Noriko porla modernidad\u201d.&nbsp;<a href=\"http:\/\/www.unizar.es\/aej\/congreso\/index_c9.htm\" target=\"_blank\" rel=\"noopener\"><em>IX Congreso de la Asociaci\u00f3n Espa\u00f1ola de Estudios Japoneses (AEJE<\/em><\/a><em><a href=\"http:\/\/www.unizar.es\/aej\/congreso\/index_c9.htm\">):&nbsp;<\/a><\/em><a href=\"http:\/\/www.unizar.es\/aej\/congreso\/index_c9.htm\" target=\"_blank\" rel=\"noopener\"><em>Jap\u00f3n y el mundo actual<\/em><\/a>. Zaragoza, 14-17 de abril de 2008.<\/p>\n<p class=\"rtejustify\">Paoliello, Antonio. \u201cChinese Literature Beyond Borders: Malaysian-Chinese Writers in Taiwan.\u201d<em>1st International Congress on Chinese Studies: Immigration and Cultural Exchanges<\/em>,&nbsp;organizado por el Centro de Estudios Chinos Lu Xun y patrocinado por el Gobierno Vasco (Inmigraci\u00f3n). Bilbao, 26-29 de noviembre de 2008.<\/p>\n<p class=\"rtejustify\">Prado-Fonts, Carles. \u201cIn Alien Nation: Translation, Migration and Gao Xingjian\u2019s Works in Spain and Catalonia.\u201d&nbsp;<em>International Conference After Identity? Idioms, Translation, Migration<\/em>. Center of Excellence Cultural Foundations of Integration, University of Konstanz. Konstanz, (Germany),&nbsp;13-14 de octubre de&nbsp;2008.<\/p>\n<p class=\"rtejustify\"><span style=\"background-color:#FFA500\">Prado-Fonts, Carles. \u00ab<\/span><a href=\"http:\/\/data.cervantesvirtual.com\/manifestation\/642165\"><span style=\"background-color:#FFA500\">El yo de los desterrados y la escritura como exilio: Gao Xingjian y El libro de un hombre solo.<\/span><\/a><span style=\"background-color:#FFA500\">\u00bb&nbsp;<\/span><em><span style=\"background-color:#FFA500\">XVII Simposio de la Sociedad Espa\u00f1ola de Literatura General y Comparada<\/span><\/em><span style=\"background-color:#FFA500\">. Universidad Pompeu Fabra, 20 de septiembre de&nbsp;2008.<\/span><\/p>\n<p class=\"rtejustify\">Prado Fonts, Carles.&nbsp;\u201cLost (and Found) in Tokyo: representaciones cinematogr\u00e1ficas del Jap\u00f3n contempor\u00e1neo.\u201d&nbsp;<a href=\"http:\/\/www.unizar.es\/aej\/congreso\/index_c9.htm\" target=\"_blank\" rel=\"noopener\"><em>IX Congreso de la Asociaci\u00f3n Espa\u00f1ola de Estudios Japoneses (AEJE<\/em><\/a><em><a href=\"http:\/\/www.unizar.es\/aej\/congreso\/index_c9.htm\">):&nbsp;<\/a><\/em><a href=\"http:\/\/www.unizar.es\/aej\/congreso\/index_c9.htm\" target=\"_blank\" rel=\"noopener\"><em>Jap\u00f3n y el mundo actual<\/em><\/a>. Zaragoza, 14-17 de abril de 2008.<\/p>\n<p class=\"rtejustify\">Rodr\u00edguez Navarro, Ma&nbsp;Teresa, y Rafael Serrano Mu\u00f1oz.&nbsp;\u201cLa influencia del Bushido en la constituci\u00f3n japonesa de 1889 y en el edicto imperial de la educaci\u00f3n de 1890.\u201d&nbsp;<a href=\"http:\/\/www.ugr.es\/~feiap\/feiap2008.html\" target=\"_blank\" rel=\"noopener\"><em>II Foro Espa\u00f1ol de Investigaci\u00f3n sobre Asia Pac\u00edfico (FEIAP)<\/em><\/a>. Universidad de Valencia,&nbsp;16 de septiembre de&nbsp;2008.<\/p>\n<p class=\"rtejustify\">Rodr\u00edguez Navarro, M\u00aa Teresa. \u201cLa presencia del Bushid\u00f4 en el Jap\u00f3n actual\/The presence of Bushid\u00f4 in contemporary Japan.\u00bb&nbsp;<em><a href=\"http:\/\/www.unizar.es\/aej\/congreso\/index_c9.htm\">IX Congreso de la Asociaci\u00f3n Espa\u00f1ola de Estudios Japoneses (AEJE):&nbsp;<\/a><\/em><a href=\"http:\/\/www.unizar.es\/aej\/congreso\/index_c9.htm\" target=\"_blank\" rel=\"noopener\"><em>Jap\u00f3n y el mundo actual<\/em><\/a>. Zaragoza, 14-17 de abril de 2008.<\/p>\n<p class=\"rtejustify\">S\u00e1iz L\u00f3pez, Amelia. \u201cMujeres, trabajo y migraci\u00f3n en la sociedad espa\u00f1ola.\u201d<em>&nbsp;<a href=\"http:\/\/pekin.cervantes.es\/FichasCultura\/Ficha51535_64_1.htm\" target=\"_blank\" rel=\"noopener\">III Encuentro de Mujeres chinas y Mujeres espa\u00f1olas<\/a><\/em>. Beijing (RP China),&nbsp;23-24 de septiembre de&nbsp;2008.<\/p>\n<p class=\"rtejustify\">S\u00e1iz L\u00f3pez, Amelia, y&nbsp;Sara&nbsp;Rovira. \u201cLa traducci\u00f3n de la literatura femenina china y la construcci\u00f3n cultural de g\u00e9nero.\u00bb&nbsp;<a href=\"http:\/\/www.ugr.es\/~feiap\/feiap2008.html\" target=\"_blank\" rel=\"noopener\"><em>II Foro Espa\u00f1ol de Investigaci\u00f3n sobre Asia Pac\u00edfico (FEIAP)<\/em><\/a>. Universidad de Valencia. 15 de septiembre de 2008.<\/p>\n<p class=\"rtejustify\"><span style=\"background-color:#FFA500\">S\u00e1iz L\u00f3pez, Amelia. \u201cEmpresarias asi\u00e1ticas en Barcelona.\u00bb&nbsp;<\/span><em><a href=\"http:\/\/www.fti.uab.cat\/interasia\/documents\/Beltran-Saiz-asiaticos_esp_mediterraneo_cast.pdf\"><span style=\"background-color:#FFA500\">Seminario internacional Asi\u00e1ticos en Espa\u00f1a y el Mediterr\u00e1neo<\/span><\/a><\/em><a href=\"http:\/\/www.fti.uab.cat\/interasia\/documents\/Beltran-Saiz-asiaticos_esp_mediterraneo_cast.pdf\"><span style=\"background-color:#FFA500\">:&nbsp;<\/span><\/a><em><a href=\"http:\/\/grupsderecerca.uab.cat\/interasia\/sites\/grupsderecerca.uab.cat.interasia\/files\/cidob_asiaticos_en_espana.pdf\" target=\"_blank\" rel=\"noopener\"><span style=\"background-color:#FFA500\">Di\u00e1spora, transnacionalismo y empresariado \u00e9tnico<\/span><\/a><span style=\"background-color:#FFA500\">,<\/span><\/em><span style=\"background-color:#FFA500\">&nbsp;Fundaci\u00f3&nbsp;CIDOB, Casa Asia, Universitat Aut\u00f2noma de Barcelona, Barcelona. 1 de abril de 2008.<\/span><\/p>\n<p class=\"rtejustify\"><span style=\"background-color:#FFA500\">S\u00e1iz L\u00f3pez, Amelia. \u201c<\/span><a href=\"http:\/\/grupsderecerca.uab.cat\/interasia\/sites\/grupsderecerca.uab.cat.interasia\/files\/saiz-familia_empresa_transnacionalismo.pdf\" target=\"_blank\" rel=\"noopener\"><span style=\"background-color:#FFA500\">Familia, Empresa y Transnacionalismo: el caso de las empresas asi\u00e1ticas en Espa\u00f1a<\/span><\/a><span style=\"background-color:#FFA500\">.\u201d&nbsp;<\/span><em><span style=\"background-color:#FFA500\">Simposio internacional: Nuevos retos del transnacionalsimo en el estudio de las migraciones<\/span><\/em><span style=\"background-color:#FFA500\">, GEDIME (Grup d\u2019Estudis d\u2019Immigraci\u00f3 i Minories \u00c8tniques) Universitat Aut\u00f2noma de Barcelona, Barcelona,&nbsp;14-15 de febrero de 2008.<\/span><\/p>\n<p class=\"rtejustify\">Guarn\u00e9 Cabello, Blai. \u201cShall We Westernize? Cultura popular y representaci\u00f3n orientalista en la interpretaci\u00f3n del Jap\u00f3n contempor\u00e1neo.\u201d<em>&nbsp;<\/em><a href=\"http:\/\/www.unizar.es\/aej\/congreso\/index_c9.htm\" target=\"_blank\" rel=\"noopener\"><em>IX Congreso de la Asociaci\u00f3n Espa\u00f1ola de Estudios Japoneses (AEJE<\/em><\/a><em><a href=\"http:\/\/www.unizar.es\/aej\/congreso\/index_c9.htm\">):&nbsp;<\/a><\/em><a href=\"http:\/\/www.unizar.es\/aej\/congreso\/index_c9.htm\" target=\"_blank\" rel=\"noopener\"><em>Jap\u00f3n y el mundo actual<\/em><\/a>. Zaragoza, 14-17 de abril de 2008.<\/p>\n<p class=\"rtejustify\">&nbsp;<\/p>\n<h3 class=\"rtejustify\"><strong>2007<\/strong><\/h3>\n<p class=\"rtejustify\">Beltr\u00e1n Antol\u00edn, Joaqu\u00edn. \u00abTurismo, urbanismo y consumo: auto-orientalismo en acci\u00f3n o el marketing del exotismo.\u00bb&nbsp;Jornada&nbsp;<em><a href=\"http:\/\/grupsderecerca.uab.cat\/interasia\/sites\/grupsderecerca.uab.cat.interasia\/files\/interasia071221.pdf\" target=\"_blank\" rel=\"noopener\">Orientalismo y derivados (Auto-, Retro-, Tecno-) en la interculturalidad de Asia Oriental<\/a><\/em>. Grupo de Investigaci\u00f3n InterAsia. Universitat&nbsp;Aut\u00f2noma de Barcelona,&nbsp;21 de diciembre de&nbsp;2007.<\/p>\n<p class=\"rtejustify\">Beltr\u00e1n Antol\u00edn, Joaqu\u00edn. \u201cAsian transnationalism in West Europe. A border approach.\u201d&nbsp;<em>Special Track: Trans-National and Cross-Sectorial Dialogue on HR. The efficiency of transnational ethnic networks.&nbsp;Global Human Resources Forum 2007,&nbsp;<\/em>Ministry of Education and Human Resources Development,&nbsp;The Korea Economic Daily,&nbsp;Korea Research Institute for Vocational Education and Training.&nbsp;Se\u00fcl (Corea del Sud),&nbsp;24 de octubre de&nbsp;2007.<\/p>\n<p class=\"rtejustify\"><span style=\"background-color:#FFA500\">Beltr\u00e1n Antol\u00edn, Joaqu\u00edn.&nbsp;\u201cEl papel de la di\u00e1spora en China en Catalu\u00f1a\u00bb&nbsp;Taller&nbsp;<\/span><em><a href=\"http:\/\/grupsderecerca.uab.cat\/interasia\/sites\/grupsderecerca.uab.cat.interasia\/files\/2007_cidob_china-europe_forum_china_y_europa_frente_al_reto_de_las_migraciones.pdf\" target=\"_blank\" rel=\"noopener\"><span style=\"background-color:#FFA500\">La Chine et l\u2019Europe face au probleme des migrations \/ China and Europe face the challange of migrations \/ China y Europa frente al reto de las migraciones<\/span><\/a><\/em><span style=\"background-color:#FFA500\">,&nbsp;<\/span><em><span style=\"background-color:#FFA500\">Segundo China-Europe Forum 2007<\/span><\/em><span style=\"background-color:#FFA500\">. Generalitat de Catalunya, Fundaci\u00f3 CIDOB, ONGD CERAI Valencia, Fundation Charles Leopold Mayer,&nbsp;5 de octubre de&nbsp;2007.<\/span><\/p>\n<p class=\"rtejustify\"><span style=\"background-color:#FFA500\">Beltr\u00e1n Antol\u00edn, Joaqu\u00edn. \u201cFuera de China: Auto-organizaci\u00f3n de las comunidades chinas en el extranjero y transnacionalismo.\u201d<\/span><em><span style=\"background-color:#FFA500\">&nbsp;<\/span><a href=\"http:\/\/grupsderecerca.uab.cat\/interasia\/sites\/grupsderecerca.uab.cat.interasia\/files\/golden-beltran-societat_civil_emergent_cast.pdf\" target=\"_blank\" rel=\"noopener\"><span style=\"background-color:#FFA500\">Seminario Sociedad civil emergente en Asia: El caso de China<\/span><\/a><\/em><span style=\"background-color:#FFA500\">. Moderaci\u00f3n&nbsp;Sesi\u00f3n III Las migraciones y la estructuraci\u00f3n de la sociedad civil, Fundaci\u00f3n CIDOB. Barcelona,&nbsp;3 de octubre de&nbsp;2007.<\/span><\/p>\n<p class=\"rtejustify\">Casas Tost, Helena. \u201cSetting up AVT projects. How to survive in the new academic race.\u201d&nbsp;<em>2nd International Media for all Conference<\/em>. Polytechnic Institute of Leiria (Portugal), 7-9 de noviembre de&nbsp;2007.<\/p>\n<p class=\"rtejustify\">Fukuda, Makiko.&nbsp;\u201cLas colonias japonesas en el extranjero: miniatura de la sociedad japonesa.\u201d&nbsp;Jornada&nbsp;<em><a href=\"http:\/\/grupsderecerca.uab.cat\/interasia\/sites\/grupsderecerca.uab.cat.interasia\/files\/interasia071221.pdf\" target=\"_blank\" rel=\"noopener\">Orientalismo y derivados (Auto-, Retro-, Tecno-) en la interculturalidad de Asia Oriental<\/a><\/em>. Grupo de Investigaci\u00f3n InterAsia. Universitat&nbsp;Aut\u00f2noma de Barcelona,&nbsp;21 de diciembre de&nbsp;2007.<\/p>\n<p class=\"rtejustify\">Fukuda, Makiko. \u00abTeaching and Learning Writing Skills in Japanese Using the Web Remote Communication Activity -Spain and Japan- on an Internet Discussion Board.\u00bb<em>&nbsp;2007 Symposium on Japanese Language Education<\/em>,&nbsp;School of Oriental and African Studies University of London, Londres (Regne Unit),&nbsp;6-8 de septiembre de&nbsp;2007.<\/p>\n<p class=\"rtejustify\"><span style=\"background-color:#FF8C00\">Golden, Se\u00e1n.&nbsp;\u201cRetro-orientalismo: regusto de Metr\u00f3polis en el imperio chino e indigesti\u00f3n de la empresa imperial en la Metr\u00f3polis.\u201d&nbsp;Jornada&nbsp;<\/span><em><a href=\"http:\/\/grupsderecerca.uab.cat\/interasia\/sites\/grupsderecerca.uab.cat.interasia\/files\/interasia071221.pdf\" target=\"_blank\" rel=\"noopener\"><span style=\"background-color:#FF8C00\">Orientalismo y derivados (Auto-, Retro-, Tecno-) en la interculturalidad de Asia Oriental<\/span><\/a><\/em><span style=\"background-color:#FF8C00\">. Grupo de Investigaci\u00f3n InterAsia. Universitat&nbsp;Aut\u00f2noma de Barcelona,&nbsp;21 de diciembre de&nbsp;2007.<\/span><\/p>\n<p class=\"rtejustify\"><span style=\"background-color:#FFA500\">Golden, Se\u00e1n.&nbsp;\u00abLa sociedad civil \u2018por defecto\u2019: comunidades epistemol\u00f3gicas e interpretativas.\u201d<\/span><em><span style=\"background-color:#FFA500\">&nbsp;<\/span><a href=\"http:\/\/grupsderecerca.uab.cat\/interasia\/sites\/grupsderecerca.uab.cat.interasia\/files\/golden-beltran-societat_civil_emergent_cast.pdf\" target=\"_blank\" rel=\"noopener\"><span style=\"background-color:#FFA500\">Seminario Sociedad civil emergente en Asia: El caso de China<\/span><\/a><\/em><span style=\"background-color:#FFA500\">, Fundaci\u00f3n CIDOB. Barcelona,&nbsp;3 de octubre de&nbsp;2007.<\/span><\/p>\n<p class=\"rtejustify\">Golden, Se\u00e1n.&nbsp;\u201cPerceptions or Risk from Chinese Points of View.\u201d&nbsp;<em><a href=\"http:\/\/www.fti.uab.cat\/interasia\/documents\/Golden-Report_EastAsiaNet_ws07.pdf\" target=\"_blank\" rel=\"noopener\">Framing Risk: Hazard Perceptions as a Crucial Factor in Imagining East Asia<\/a><\/em>, Lund (Sweden), 1 de junio de 2007.<\/p>\n<p class=\"rtejustify\">Guarn\u00e9 Cabello, Blai. \u201cOpacidad cultural: (auto)orientalismo y escopofilia. Estrategias para (re)presentarse en la globalidad.\u201d&nbsp;Jornada&nbsp;<em><a href=\"http:\/\/grupsderecerca.uab.cat\/interasia\/sites\/grupsderecerca.uab.cat.interasia\/files\/interasia071221.pdf\" target=\"_blank\" rel=\"noopener\">Orientalismo y derivados (Auto-, Retro-, Tecno-) en la interculturalidad de Asia Oriental<\/a><\/em>. Grupo de Investigaci\u00f3n InterAsia. Universitat&nbsp;Aut\u00f2noma de Barcelona,&nbsp;21 de diciembre de&nbsp;2007.<\/p>\n<p class=\"rtejustify\">Guarn\u00e9 Cabello, Blai.&nbsp;\u201cLa mirada y el (re)conocimiento. La producci\u00f3n jesu\u00edtica del saber sobre el Jap\u00f3n en la Europa mediterr\u00e1nea de los siglos XVI y XVII.\u201d&nbsp;<em><a href=\"http:\/\/www.casaasia.es\/actividad\/detalle\/?id=8788\" target=\"_blank\" rel=\"noopener\">Conferencia Anual MedAsia: Transmisi\u00f3n del conocimiento cient\u00edfico entre Asia y el Mediterr\u00e1neo<\/a>,<\/em>&nbsp;Institut Europeu de la Mediterrania (IEMed),&nbsp;Casa Asia,&nbsp;CSIC. Barcelona, 27-28 de noviembre de 2007.<\/p>\n<p class=\"rtejustify\">Guarn\u00e9 Cabello, Blai. \u201cWriting Katakana: The Writing of Difference. The Cultural Production of Difference in Contemporary Japan.\u201d&nbsp;<em><a href=\"http:\/\/www.tuj.ac.jp\/newsite\/main\/news\/specialevents\/events_2007\/events_071118.html\" target=\"_blank\" rel=\"noopener\">10th Annual Conference of Anthropology of Japan in Japan (AJJ), Power, Identities and Relationships in Contemporary Japan<\/a><\/em>. AJJ, Institute of Contemporary Japanese Studies, Temple University, Tokyo&nbsp;(Japan), 17-18 de noviembre de&nbsp;2007.<\/p>\n<p class=\"rtejustify\">Lozano M\u00e9ndez, Artur. \u00abTecno-orientalismo: el futuro del discurso binario.\u201d&nbsp;Jornada&nbsp;<em><a href=\"http:\/\/grupsderecerca.uab.cat\/interasia\/sites\/grupsderecerca.uab.cat.interasia\/files\/interasia071221.pdf\" target=\"_blank\" rel=\"noopener\">Orientalismo y derivados (Auto-, Retro-, Tecno-) en la interculturalidad de Asia Oriental<\/a><\/em>. Grupo de Investigaci\u00f3n InterAsia. Universitat&nbsp;Aut\u00f2noma de Barcelona,&nbsp;21 de diciembre de&nbsp;2007.<\/p>\n<p class=\"rtejustify\">Mas L\u00f3pez, Jordi.&nbsp;\u201cReferentes orientales en la producci\u00f3n de Bj\u00f6rk.\u201d&nbsp;Jornada&nbsp;<em><a href=\"http:\/\/grupsderecerca.uab.cat\/interasia\/sites\/grupsderecerca.uab.cat.interasia\/files\/interasia071221.pdf\" target=\"_blank\" rel=\"noopener\">Orientalismo y derivados (Auto-, Retro-, Tecno-) en la interculturalidad de Asia Oriental<\/a><\/em>. Grupo de Investigaci\u00f3n InterAsia. Universitat&nbsp;Aut\u00f2noma de Barcelona,&nbsp;21 de diciembre de&nbsp;2007.<\/p>\n<p class=\"rtejustify\">Mas L\u00f3pez, Jordi.&nbsp;\u00ab<a href=\"http:\/\/www.raco.cat\/index.php\/interasiapapers\/article\/viewFile\/133161\/183182\">La mare heroica de Vespertine, de Bj\u00f6rk<\/a>\u00bb&nbsp;<em>Congreso de Literatura Comparada: Estudios Literarios y Culturales.<\/em> Facultat&nbsp;de Filosofia&nbsp;i&nbsp;Lletres de la Universitat Aut\u00f2noma de Barcelona, septiembre de 2007.<\/p>\n<p class=\"rtejustify\">Mas L\u00f3pez, Jordi.&nbsp;\u201cLa boca, espai \u00ednitim a Vespertine, de Bj\u00f6rk.\u201d&nbsp;<em><a href=\"http:\/\/cositextualitat.uab.cat\/?page_id=16\" target=\"_blank\" rel=\"noopener\">I Congreso Internacional Los Textos del Cuerpo. Cuerpos que cuentan: pr\u00e1cticas, discursos, miradas<\/a><\/em>. Universitat Aut\u00f2noma de Barcelona, marzo de 2007.<\/p>\n<p class=\"rtejustify\">Prado-Fonts, Carles. \u201cOrientalismo a su pesar: Gao Xingjian y las paradojas del sistema literario global.\u201d&nbsp;Jornada&nbsp;<em><a href=\"http:\/\/grupsderecerca.uab.cat\/interasia\/sites\/grupsderecerca.uab.cat.interasia\/files\/interasia071221.pdf\" target=\"_blank\" rel=\"noopener\">Orientalismo y derivados (Auto-, Retro-, Tecno-) en la interculturalidad de Asia Oriental<\/a><\/em>. Grupo de Investigaci\u00f3n InterAsia. Universitat&nbsp;Aut\u00f2noma de Barcelona,&nbsp;21 de diciembre de&nbsp;2007.<\/p>\n<p class=\"rtejustify\">Prado-Fonts, Carles. \u201cFrom the Avant-Garde to Grotesque Neorealism: Su Tong\u2019s Rice and the Representations of Violence.\u201d&nbsp;<em><a href=\"http:\/\/grupsderecerca.uab.cat\/interasia\/sites\/grupsderecerca.uab.cat.interasia\/files\/prado_rmmla_convention_2007.pdf\" target=\"_blank\" rel=\"noopener\">2007 Annual RMMLA Convention<\/a>,<\/em>&nbsp;Calgary, Alberta,&nbsp;5 de octubre de&nbsp;2007.<\/p>\n<p class=\"rtejustify\">Rovira Esteva, Sara, y Helena&nbsp;Casas Tost. \u201cOrientalismo y Occidentalismo: dos fuerzas subyacentes en al construcci\u00f3n y la imagen de la lengua china.\u201d&nbsp;Jornada&nbsp;<em><a href=\"http:\/\/grupsderecerca.uab.cat\/interasia\/sites\/grupsderecerca.uab.cat.interasia\/files\/interasia071221.pdf\" target=\"_blank\" rel=\"noopener\">Orientalismo y derivados (Auto-, Retro-, Tecno-) en la interculturalidad de Asia Oriental<\/a><\/em>. Grupo de Investigaci\u00f3n InterAsia. Universitat&nbsp;Aut\u00f2noma de Barcelona,&nbsp;21 de diciembre de&nbsp;2007.<\/p>\n<p class=\"rtejustify\">Rovira Esteva, Sara.&nbsp;\u00ab<a href=\"http:\/\/ddd.uab.cat\/pub\/presentacions\/2007\/117017\/Termcat_2007.pdf\">Els manlleus de lleng\u00fces amb alfabets no llatins: el cas del xin\u00e8s<\/a>.\u00bb&nbsp;<em>II Espais terminol\u00f2gics del TERMCAT. Neologia terminol\u00f2gica: el tractament dels manlleus<\/em>. Institut d\u2019Estudis Catalans (Barcelona), 7 de noviembre de 2007.<\/p>\n<p class=\"rtejustify\">Rovira, Sara, Helena&nbsp;Casas. \u00ab<a href=\"http:\/\/ddd.uab.cat\/pub\/presentacions\/2007\/116918\/AIETI_a2007.pdf\">Los estudios universitarios de traducci\u00f3n chino-espa\u00f1ol en Espa\u00f1a: una revisi\u00f3n hist\u00f3rica y perspectivas de futuro<\/a>.\u00bb&nbsp;<em>La traducci\u00f3n del futuro: Mediaci\u00f3n ling\u00fc\u00edstica y cultural en el siglo XXI (III Congreso de AIETI)<\/em>, Universitat Pompeu Fabra&nbsp;(Barcelona), 22-24 de marzo de 2007.<\/p>\n<p class=\"rtejustify\">Rodr\u00edguez Navarro, M\u00aa Teresa. \u201cEl discurso orientalista en la primera traducci\u00f3n francesa (1927) del Bushido de Nitobe.\u201d&nbsp;Jornada&nbsp;<em><a href=\"http:\/\/grupsderecerca.uab.cat\/interasia\/sites\/grupsderecerca.uab.cat.interasia\/files\/interasia071221.pdf\" target=\"_blank\" rel=\"noopener\">Orientalismo y derivados (Auto-, Retro-, Tecno-) en la interculturalidad de Asia Oriental<\/a><\/em>. Grupo de Investigaci\u00f3n InterAsia. Universitat&nbsp;Aut\u00f2noma de Barcelona,&nbsp;21 de diciembre de&nbsp;2007.<\/p>\n<p class=\"rtejustify\">Rodr\u00edguez Navarro, M\u00aa Teresa. \u201cInazo Nitobe o el poder del di\u00e1logo intercultural.\u201d&nbsp;<em>V International Forum\/Colloquie Asie\u2013Europe. Fotographie &amp; Corps politiques, 5. Fotographie et Pouvoir. Repr\u00e9sentations du Corps dans l\u00b4Image Contemporaine'\u00bb,<\/em>&nbsp;Universidad de Granada\/Universit\u00e9 Paris 8,&nbsp;Granada, 26-27 de octubre de 2007.<\/p>\n<p class=\"rtejustify\">S\u00e1iz L\u00f3pez, Amelia.&nbsp;\u201cDe &#8216;Ismos&#8217;&nbsp;y G\u00e9nero. Representaci\u00f3n de Occidente en la literatura femenina china fin de siglo.\u201d&nbsp;Jornada&nbsp;<em><a href=\"http:\/\/grupsderecerca.uab.cat\/interasia\/sites\/grupsderecerca.uab.cat.interasia\/files\/interasia071221.pdf\" target=\"_blank\" rel=\"noopener\">Orientalismo y derivados (Auto-, Retro-, Tecno-) en la interculturalidad de Asia Oriental<\/a><\/em>. Grupo de Investigaci\u00f3n InterAsia. Universitat&nbsp;Aut\u00f2noma de Barcelona,&nbsp;21 de diciembre de&nbsp;2007.<\/p>\n<p class=\"rtejustify\">&nbsp;<\/p>\n<h3 class=\"rtejustify\"><strong>2006<\/strong><\/h3>\n<p class=\"rtejustify\">Beltr\u00e1n Antol\u00edn, Joaqu\u00edn. \u201cRedes sociales y familia transnacional en la econom\u00eda \u00e9tnica asi\u00e1tica.\u201d&nbsp;Jornada&nbsp;<em>Transnacionalismo y Empresariado asi\u00e1tico<\/em>.<em>&nbsp;Espa\u00f1a, Gibraltar y Andorra<\/em>. Programa Asia-Fundaci\u00f3n CIDOB, Barcelona,&nbsp;28 de noviembre de&nbsp;2006.<\/p>\n<p class=\"rtejustify\">Beltr\u00e1n Antol\u00edn, Joaqu\u00edn, y Amelia&nbsp;S\u00e1iz L\u00f3pez. \u201cInmigraci\u00f3n asi\u00e1tica en Canad\u00e1 y Espa\u00f1a. Un estudio comparativo.\u201d&nbsp;International Migration as a source of social and political change.&nbsp;<em>XI Congreso Internacional de la Asociaci\u00f3n Espa\u00f1ola de Estudios Canadienses: Identidades en evoluci\u00f3n: Migraciones y din\u00e1micas culturales en el siglo XXI<\/em>. Asociaci\u00f3n Espa\u00f1ola de Estudios Canadienses. Miraflores de la Sierra, Madrid,&nbsp;17-18 de noviembre de&nbsp;2006.<\/p>\n<p class=\"rtejustify\">Beltr\u00e1n Antol\u00edn, Joaqu\u00edn. RICAE (Joaqu\u00edn Beltr\u00e1n, Amelia S\u00e1iz, D\u00e9bora Betrisey, Ana L\u00f3pez).&nbsp;\u201cEl estado de la cuesti\u00f3n de la investigaci\u00f3n sobre las comunidades asi\u00e1ticas en Espa\u00f1a.\u201d&nbsp;<em><a href=\"http:\/\/www.ugr.es\/~feiap\/feiap2006.html\" target=\"_blank\" rel=\"noopener\">I Foro Espa\u00f1ol de Investigaci\u00f3n de Asia y Pac\u00edfico<\/a><\/em>. Universidad de Granada, Granada,&nbsp;18-20 de septiembre de&nbsp;2006.<\/p>\n<p class=\"rtejustify\">Beltr\u00e1n Antol\u00edn, Joaqu\u00edn. \u201cComunidades chinas en Espa\u00f1a.\u201d&nbsp;<em><a href=\"http:\/\/www.lasc.es\/X_CONGRESO\/\" target=\"_blank\" rel=\"noopener\">X Congreso de Inmigraci\u00f3n: Globalizaci\u00f3n y movimientos transnacionales<\/a><\/em>. Laboratorio de Antropolog\u00eda Social y Cultural, Universidad de Almer\u00eda, Almeria,&nbsp;21 de abril de&nbsp;2006.<\/p>\n<p class=\"rtejustify\">Casas Tost, Helena. \u201cUna aproximaci\u00f3n did\u00e1ctica al verbo chino.\u201d&nbsp;<em><a href=\"http:\/\/www.ugr.es\/~feiap\/feiap2006.html\" target=\"_blank\" rel=\"noopener\">I Foro Espa\u00f1ol de Investigaci\u00f3n de Asia y Pac\u00edfico<\/a><\/em>. Universidad de Granada, Granada,&nbsp;18-20 de septiembre de&nbsp;2006.<\/p>\n<p class=\"rtejustify\">Casas, Helena, i Sara&nbsp;Rovira. \u00ab<a href=\"http:\/\/grupsderecerca.uab.cat\/interasia\/sites\/grupsderecerca.uab.cat.interasia\/files\/casashelena-rovirasara-2006.doc\" target=\"_blank\" rel=\"noopener\">Construcci\u00f3 i traducci\u00f3 d\u2019una nova identitat de la dona xinesa<\/a>.\u00bb&nbsp;<em>Traducci\u00f3 i intercanvi cultural en l&#8217;\u00e8poca de la globalitzaci\u00f3: Traducci\u00f3, g\u00e8nere i multiculturalitat<\/em>. La Traducci\u00f3 Liter\u00e0ria a l&#8217;\u00c8poca Contempor\u00e0nia. Universitat de Barcelona, Barcelona,&nbsp;16-19 de mayo de&nbsp;2006.<\/p>\n<p class=\"rtejustify\">Fukuda, Makiko. \u201c\u00bfGlobalizaci\u00f3n sin ingl\u00e9s?: experiencia de la colonia japonesa en Catalu\u00f1a.\u201d&nbsp;<a href=\"https:\/\/listserv.rediris.es\/cgi-bin\/wa?A2=infoling;cbd7e96a.0610\" target=\"_blank\" rel=\"noopener\"><em>II Congreso Internacional sobre lenguas y culturas del Mundo. Lenguaje e integraci\u00f3n sociocultural<\/em><\/a>. Universidad de Granada, Granada,&nbsp;8-10 de noviembre de&nbsp;2006.<\/p>\n<p class=\"rtejustify\">Golden, Se\u00e1n. \u00abDefault Civil Society in Contemporary China.\u201d&nbsp;<em><a href=\"http:\/\/grupsderecerca.uab.cat\/interasia\/sites\/grupsderecerca.uab.cat.interasia\/files\/golden_modern_turn_in_governance.pdf\" target=\"_blank\" rel=\"noopener\">The Modern Turn in Governance: Understanding Institutions, Actors and Cognitive Patterns in East Asia<\/a><\/em>. Duisburg (Alemanya),&nbsp;3-4 de abril de&nbsp;2006.<\/p>\n<p class=\"rtejustify\">Guarn\u00e9 Cabello, Blai. \u201cLa escritura de la diferencia. Identidad y representaci\u00f3n cultural en el Katakana japon\u00e9s.\u201d&nbsp;<em><a href=\"http:\/\/www.ugr.es\/~feiap\/feiap2006.html\" target=\"_blank\" rel=\"noopener\">I Foro Espa\u00f1ol de Investigaci\u00f3n de Asia y Pac\u00edfico<\/a><\/em>. Universidad de Granada, Granada,&nbsp;18-20 de septiembre de&nbsp;2006.<\/p>\n<p class=\"rtejustify\">Guarn\u00e9 Cabello, Blai.&nbsp;\u201cEspacio expandido: entre la (des)territorializaci\u00f3n y la virtualidad.\u201d&nbsp;<a href=\"http:\/\/art-digital.blogspot.com\/\" target=\"_blank\" rel=\"noopener\"><em>Jornadas arte, arquitectura y sociedad digital<\/em><\/a>. Universitat de Barcelona, Universitat Internacional de Catalunya. Barcelona, 22 de marzo de 2006.<\/p>\n<p class=\"rtejustify\">Grup de Recerca INTER ASIA, \u201cAsia Oriental y la Interculturalidad.\u201d&nbsp;<em><a href=\"http:\/\/www.ugr.es\/~feiap\/feiap2006.html\" target=\"_blank\" rel=\"noopener\">I Foro Espa\u00f1ol de Investigaci\u00f3n de Asia y Pac\u00edfico<\/a><\/em>. Universidad de Granada, Granada,&nbsp;18-20 de septiembre de&nbsp;2006.<\/p>\n<p class=\"rtejustify\">Prado-Fonts, Carles.&nbsp;\u201cAlienaci\u00f3n y narrativa de retorno en la literatura china moderna.\u201d&nbsp;<em><a href=\"http:\/\/www.ugr.es\/~feiap\/feiap2006.html\" target=\"_blank\" rel=\"noopener\">I Foro Espa\u00f1ol de Investigaci\u00f3n de Asia y Pac\u00edfico<\/a><\/em>. Universidad de Granada, Granada,&nbsp;18-20 de septiembre de&nbsp;2006.<\/p>\n<p class=\"rtejustify\">Prado-Fonts, Carles. \u201cTo Live from Yu Hua to Zhang Yimou to the West: the Politics of Intersemiotic Translation and Cross-Cultural Representation.\u201d&nbsp;<em>Traducci\u00f3 i intercanvi cultural en l&#8217;\u00e8poca de la globalitzaci\u00f3: Traducci\u00f3, g\u00e8nere i multiculturalitat<\/em>. La Traducci\u00f3 Liter\u00e0ria a l&#8217;\u00c8poca Contempor\u00e0nia. Universitat de Barcelona, Barcelona,&nbsp;16-19 de mayo de&nbsp;2006.<\/p>\n<p class=\"rtejustify\">Rodr\u00edguez Navarro, M\u00aa Teresa. \u00abLa recepci\u00f3n de la Literatura Occidental, el pensamiento y la traducci\u00f3n en la Era Meiji, el papel de los traductores como mediadores culturales.\u201d&nbsp;<em><a href=\"http:\/\/www.ugr.es\/~feiap\/feiap2006.html\" target=\"_blank\" rel=\"noopener\">I Foro Espa\u00f1ol de Investigaci\u00f3n de Asia y Pac\u00edfico<\/a><\/em>. Universidad de Granada, Granada,&nbsp;18-20 de septiembre de&nbsp;2006.<\/p>\n<p class=\"rtejustify\">Rovira, Sara. \u201cLa ling\u00fc\u00edstica no tiene quien le escriba o 10 a\u00f1os de soledad.\u201d&nbsp;<em><a href=\"http:\/\/www.ugr.es\/~feiap\/feiap2006.html\" target=\"_blank\" rel=\"noopener\">I Foro Espa\u00f1ol de Investigaci\u00f3n de Asia y Pac\u00edfico<\/a><\/em>. Universidad de Granada, Granada,&nbsp;18-20 de septiembre de&nbsp;2006.<\/p>\n<p class=\"rtejustify\">Rovira Esteva, Sara, y&nbsp;Casas, Helena. \u201cLa ense\u00f1anza del chino en la UAB: repaso hist\u00f3rico y situaci\u00f3n actual.\u201d&nbsp;<em><a href=\"http:\/\/www.casaasia.es\/actividad\/detalle\/5655-conferencia-internacional-para-la-promocion-de-la-lengua-y-cultura-chinas\" target=\"_blank\" rel=\"noopener\">Conferencia Internacional para la Promoci\u00f3n de la Cultura China. Asociaci\u00f3n Internacional para la Promoci\u00f3n de la Lengua China<\/a>,<\/em> Casa Asia, Barcelona, 9-10 de septiembre de&nbsp;2006.<\/p>\n<p class=\"rtejustify\">S\u00e1iz L\u00f3pez, Amelia. \u201cMujeres en el empresariado asi\u00e1tico.\u201d Jornada&nbsp;<em>Transnacionalismo y Empresariado asi\u00e1tico<\/em>.<em>&nbsp;Espa\u00f1a, Gibraltar y Andorra<\/em>. Programa Asia-Fundaci\u00f3n CIDOB, Barcelona,&nbsp;28 de noviembre de&nbsp;2006.<\/p>\n<p class=\"rtejustify\"><span style=\"background-color:#FFA500\">S\u00e1iz L\u00f3pez, Amelia.&nbsp;\u201cMujeres empresarias chinas en Catalu\u00f1a.\u201d&nbsp;<\/span><em><span style=\"background-color:#FFA500\">Seminario Internacional \u201cInmigraci\u00f3n e Emprendemento\u201d<\/span><\/em><span style=\"background-color:#FFA500\">, A Coru\u00f1a, 30-31 de octubre de 2006.<\/span><\/p>\n<h3 class=\"rtejustify\">&nbsp;<\/h3>\n<h3 class=\"rtejustify\"><strong>2005<\/strong><\/h3>\n<p class=\"rtejustify\">Beltr\u00e1n Antol\u00edn, Joaqu\u00edn. \u201c<a href=\"http:\/\/www.uab.cat\/web\/videos\/reproduccio-1193208676085.html?param1=20institucional&amp;param2=10anytematic&amp;param4=200506AnyAsia&amp;param5=4&amp;url_video=1190705616386\" target=\"_blank\" rel=\"noopener\">El node espanyol a les di\u00e0spores de l&#8217;\u00c0sia Oriental<\/a>\u201d.&nbsp;<em>De l&#8217;Orient lluny\u00e0 a l&#8217;Occident lluny\u00e0: la pres\u00e8ncia de l&#8217;\u00c0sia Oriental a l&#8217;Europa Occidental<\/em>. Ciclo de Actividades del Any d\u2019\u00c0sia Oriental a la UAB (2005-2006). Facultat de Traducci\u00f3 i Interpretaci\u00f3, Universitat Aut\u00f2noma de Barcelona, Barcelona. 30 de noviembre de 2005.<\/p>\n<p class=\"rtejustify\">Fukuda, Makiko. \u00ab<a href=\"http:\/\/grupsderecerca.uab.cat\/interasia\/sites\/grupsderecerca.uab.cat.interasia\/files\/fukuda_repertori_linguistic_quadrilingue.pdf\" target=\"_blank\" rel=\"noopener\">Repertori ling\u00fc\u00edstic quadriling\u00fce i usos ling\u00fc\u00edstics de les fam\u00edlies nipo-catalanes \/ nipo-espanyoles residents a Catalunya<\/a>.\u00bb<em>&nbsp;5th International Symposium on Bilingualism<\/em>. Universitat Polit\u00e8cnica de Catalunya, Barcelona. 20-23 de marzo de&nbsp;2005.<\/p>\n<p class=\"rtejustify\">Golden, Se\u00e1n. \u00ab<a href=\"http:\/\/grupsderecerca.uab.cat\/interasia\/sites\/grupsderecerca.uab.cat.interasia\/files\/golden_socio-cultural_aspects.pdf\" target=\"_blank\" rel=\"noopener\">Socio-Cultural Aspects of the Relationships between EU and East Asia, with Particular Reference to China<\/a>.\u00bb&nbsp;<em>Economics &amp; Politics of East Asian Cooperation, China\u2019s Role in this Process: Opportunities and Challenges for EU Policy<\/em>, Brussels (Belgium), 16 de junio de 2005.<\/p>\n<p class=\"rtejustify\">Guarn\u00e9 Cabello, Blai. \u201cIm\u00e1genes ominosas. Escarnios e injurias en la representaci\u00f3n de la mujer japonesa.\u201d&nbsp;<em><a href=\"http:\/\/www.unizar.es\/aej\/congreso\/index_c8.htm\" target=\"_blank\" rel=\"noopener\">VIII Congreso de la AEJE, \u201cOnna, la mujer japonesa. La mujer japonesa: Realidad y mito<\/a>,<\/em>&nbsp;Zaragoza, 30 de noviembre &#8211;&nbsp;2 de diciembre de&nbsp;2005.<\/p>\n<p class=\"rtejustify\">Guarn\u00e9 Cabello, Blai. \u00ab<a href=\"https:\/\/dialnet.unirioja.es\/servlet\/articulo?codigo=3961728\">La mirada escrita. Im\u00e1genes de la alteridad en la representaci\u00f3n japonesa<\/a>.\u00bb&nbsp;<em>Antropolog\u00eda de los media. X Congreso de la Federaci\u00f3n de Asociaciones de Antropolog\u00eda del Estado Espa\u00f1ol,<\/em>&nbsp;Sevilla,&nbsp;19-22 de septiembre de 2006.<\/p>\n<p class=\"rtejustify\">Mas L\u00f3pez, Jordi, i Minoru&nbsp;Shiraishi. \u00abAdmiraci\u00f3n o condescendencia: Sadayakko en Barcelona.\u201d&nbsp;<em><a href=\"http:\/\/www.unizar.es\/aej\/congreso\/index_c8.htm\" target=\"_blank\" rel=\"noopener\">VIII Congreso de la AEJE, \u201cOnna, la mujer japonesa. La mujer japonesa: Realidad y mito<\/a>,<\/em>&nbsp;Zaragoza, 30 de noviembre &#8211;&nbsp;2 de diciembre de&nbsp;2005.<\/p>\n<p class=\"rtejustify\">Mas L\u00f3pez, Jordi.&nbsp;\u201cMatsuo Bash\u00f4 com a referent de Josep Maria Junoy durant els anys vint i trenta del segle XX.\u201d&nbsp;<em><a href=\"http:\/\/webs2002.uab.es\/gelcc\/recerca\/trobades.html\" target=\"_blank\" rel=\"noopener\">Congr\u00e9s Internacional La Projecci\u00f3 Social de l\u2019Escriptor en la Literatura Catalana Contempor\u00e0nia<\/a>,<\/em>&nbsp;Grup d\u2019Investigaci\u00f3 Punctum, Universitat Aut\u00f2noma de Barcelona, 26-28 de octubre de&nbsp;2005.<\/p>\n<p class=\"rtejustify\">Mas L\u00f3pez, Jordi.&nbsp;\u00ab<a href=\"http:\/\/ddd.uab.cat\/pub\/quaderns\/11385790n13\/11385790n13p55.pdf\">La M\u00e0gica Doremi com a eina per reflexionar a l\u2019aula sobre la traducci\u00f3 del g\u00e8nere en japon\u00e8s<\/a>.\u00bb&nbsp;<em>IX Jornades de Traducci\u00f3: Congr\u00e9s Internacional sobre G\u00e8nere i Traducci\u00f3<\/em>. Universitat de Vic, 9-10 de marzo de&nbsp;2005.<\/p>\n<p class=\"rtejustify\">Prado Fonts, Carles.&nbsp;\u201cFrom China to Japan, and Back to China: Writers of the 1920s Cross the Border Back.\u201d&nbsp;<em>8th Graduate Student Conference<\/em>, Harvard East Asia Society. Harvard University, 5 de marzo de&nbsp;2005.<\/p>\n<p class=\"rtejustify\">Prado Fonts, Carles. \u00ab<a href=\"http:\/\/grupsderecerca.uab.cat\/interasia\/sites\/grupsderecerca.uab.cat.interasia\/files\/prado_fragmentedencounters.pdf\" target=\"_blank\" rel=\"noopener\">Fragmented Encounters, Social Slippages: Problematizing Representation in Lin Huiyin\u2019s \u2018In Ninety-Nine Degree Heat<\/a>.\u00bb&nbsp;<em>14th Graduate Student Conference on East Asia<\/em>. Columbia University, New York,&nbsp;5 de febrero de&nbsp;2005.<\/p>\n<p class=\"rtejustify\">Rodr\u00edguez Navarro, M\u00aa Teresa. \u201cLa imagen de la mujer japonesa en el Bushido de Inazo Nitobe.\u201d&nbsp;<em><a href=\"http:\/\/www.unizar.es\/aej\/congreso\/index_c8.htm\" target=\"_blank\" rel=\"noopener\">VIII Congreso de la AEJE, \u201cOnna, la mujer japonesa. La mujer japonesa: Realidad y mito<\/a>,<\/em>&nbsp;Zaragoza, 30 de noviembre &#8211;&nbsp;2 de diciembre de&nbsp;2005.<\/p>\n","protected":false},"excerpt":{"rendered":"<p>2016 Beltr\u00e1n Antol\u00edn, Joaqu\u00edn. \u201cSinidad global. Ra\u00edces y nuevos brotes de la poblaci\u00f3n china en Latinoam\u00e9rica y Espa\u00f1a.\u201d&nbsp;Ponencia en el I Simposio Internacional sobre el Confucianismo \u2013 Di\u00e1logos entre Civilizaciones de China y Am\u00e9rica Latina. Organizado por la Asociaci\u00f3n Internacional de Confucio, Universidad San Martin de Porres de Per\u00fa y Sociedad Central de Beneficencia China. [&hellip;]<\/p>\n","protected":false},"author":20,"featured_media":0,"parent":0,"menu_order":0,"comment_status":"closed","ping_status":"closed","template":"","meta":{"footnotes":""},"class_list":["post-316","page","type-page","status-publish","hentry"],"_links":{"self":[{"href":"https:\/\/webs.uab.cat\/interasia\/es\/wp-json\/wp\/v2\/pages\/316","targetHints":{"allow":["GET"]}}],"collection":[{"href":"https:\/\/webs.uab.cat\/interasia\/es\/wp-json\/wp\/v2\/pages"}],"about":[{"href":"https:\/\/webs.uab.cat\/interasia\/es\/wp-json\/wp\/v2\/types\/page"}],"author":[{"embeddable":true,"href":"https:\/\/webs.uab.cat\/interasia\/es\/wp-json\/wp\/v2\/users\/20"}],"replies":[{"embeddable":true,"href":"https:\/\/webs.uab.cat\/interasia\/es\/wp-json\/wp\/v2\/comments?post=316"}],"version-history":[{"count":0,"href":"https:\/\/webs.uab.cat\/interasia\/es\/wp-json\/wp\/v2\/pages\/316\/revisions"}],"wp:attachment":[{"href":"https:\/\/webs.uab.cat\/interasia\/es\/wp-json\/wp\/v2\/media?parent=316"}],"curies":[{"name":"wp","href":"https:\/\/api.w.org\/{rel}","templated":true}]}}