{"id":52,"date":"2009-05-08T11:23:04","date_gmt":"2009-05-08T11:23:04","guid":{"rendered":"https:\/\/webs.uab.cat\/joaquinbeltran\/congresos\/"},"modified":"2025-12-12T23:37:30","modified_gmt":"2025-12-12T23:37:30","slug":"congresos","status":"publish","type":"page","link":"https:\/\/webs.uab.cat\/joaquinbeltran\/congresos\/","title":{"rendered":"Congresos"},"content":{"rendered":"<p>(2025) <strong>Criminales o v\u00edctimas. El poder de los estereotipos y el activismo racializado de la migraci\u00f3n china<\/strong>, en el Panel 6: Migraci\u00f3n china en Espa\u00f1a: criminalizaci\u00f3n, integraci\u00f3n y procesos de racializaci\u00f3n, en las Jornadas cient\u00edficas <a href=\"https:\/\/www.uam.es\/uam\/desafios-y-estrategias-la-cooperacion-con-china\"><em>Desaf\u00edos y estrategias: La cooperaci\u00f3n con China desde el prisma de la seguridad nacional<\/em><\/a>. Universidad Aut\u00f3noma de Madrid, Centro Cultural la Corrala, 28 de enero de 2025<\/p>\n<p>(2024) <strong>Poblaci\u00f3n sino-espa\u00f1ola y producci\u00f3n cultural<\/strong>, en la Jornada \u201c<a href=\"https:\/\/www.ub.edu\/portal\/web\/geografia-historia\/detall\/-\/detall\/jornada-fluxos-migratoris-i-identitats-hibrides-xineses-analisis-des-de-la-produccio-cultural-i-la-societat-\"><em>Fluxos migratoris i identitats h\u00edbrides xineses: an\u00e0lisis des de la producci\u00f3 cultural i la societat<\/em><\/a>\u201d. Universitat de Barcelona, 8 de mayo de 2024<\/p>\n<p>(2024) \u201c<strong>One family, two passports\u201d. Flexible citizenship revisited by the Chinese in Spain.<\/strong> Congreso <em>EASA2024: Doing and Undoing with Anthropology<\/em>. <a href=\"https:\/\/nomadit.co.uk\/conference\/easa2024\/p\/14672\">Panel P144, Practices of family and labour migration: queering law restrictions and undoing border regimes<\/a>. Universitat de Barcelona, 23 de julio de 2024<\/p>\n<p>(2023) <strong>Migraci\u00f3n y arte: Espa\u00f1a como destino art\u00edstico para China-Taiwan<\/strong>. En <a href=\"https:\/\/www.ub.edu\/portal\/web\/geografia-historia\/detall\/-\/detall\/jornada-invocacion-a-las-mayorias-silenciosas-\"><em>Jornada \u201cInvocaci\u00f3n a las mayor\u00edas silenciosas\u201d<\/em><\/a>. Universitat de Barcelona. 10 Mayo 2023.<\/p>\n<p>(2023) y <strong>Amelia S\u00e1iz L\u00f3pez<\/strong>, <strong>China y Asia Oriental en la antropolog\u00eda espa\u00f1ola. Orientalismo y poscolonialismo.<\/strong> Simposio S22. Estudios sobre Africa y Asia en el panorama de investigaci\u00f3n iberoamericano: nuevas perspectivas antropol\u00f3gicas en un mundo poscolonial, multipolar y globalizado. <em><a href=\"https:\/\/asaee-antropologia.org\/congresos\/xvi-congreso-antropoloxia-23\/programa\/\">XVI Congreso Internacional de la Asociaci\u00f3n de Antropolog\u00eda del Estado Espa\u00f1ol (ASAEE<\/a>).<\/em> A Coru\u00f1a, 5-8 septiembre<\/p>\n<p>(2023) <strong>Save the children! The Impact of Codiv-19 pandemic on the Chinese population in Spain and the future of Chinese international migration<\/strong>. <em><a href=\"https:\/\/6thcerpelisbon.wordpress.com\/program\/\">6th CERPE Workshop \u201cIn an Era of Uncertainties and New Opportunities. Chinese Migrations in Europe<\/a>\u201d<\/em>, Iscte-University Institute of Lisbon. Lisboa, 17 de Noviembre, 2023.<\/p>\n<p>(2023) <strong>Chinese in Spain: Socio-demographic and Economic Changes during the Covid-19 Pandemic and Future Trends<\/strong>. <a href=\"https:\/\/isic.rmutk.ac.th\/research\/international-conference-of-issco-2023\/\"><em>International Conference of ISSCO Bangkok 2023. \u201cChinese Overseas: Integration, Identities and Transnational Connectivities<\/em>.<\/a> December, 9 \u2013 10. Rajamangala University of Technology Krunthep, Bangkok, 9 de Diciembre 2023<\/p>\n<p>(2022) <strong>How many Chinese are in Europe? Demographic (de)construction.<\/strong> <em>3<a href=\"https:\/\/docs.google.com\/document\/d\/1oipmSZE2g7qUO6llSYISOWvpO23aVaiHIR1hnLBa0MI\/edit\">0th Anniversary Conference of the founding of the International Society for the Study of Chinese Overseas (ISSCO): \u201cDiasporic Futures: Sinophobia, Techno-Political Strife, and the Politics of Care\u201d<\/a><\/em>. San Francisco, 12 Noviembre 2022.<\/p>\n<p>(2022) <strong>Evoluci\u00f3n demogr\u00e1fica de la poblaci\u00f3n de origen chino en Espa\u00f1a en el siglo XXI: trabajo y educaci\u00f3n<\/strong>. Ponencia en <em>el <a href=\"https:\/\/webs.uab.cat\/migracioneschinas\/programa\/\">III Seminario internacional sobre migraciones chinas en Espa\u00f1a<\/a><\/em>. UAB, 15-16 de diciembre de 2022<\/p>\n<p>(2021) <strong>Of newcomers and of settled down. Socio-demographic trends of Chinese in Spain<\/strong>. <a href=\"https:\/\/4th-cerpe-paris.sciencesconf.org\/resource\/page\/id\/2\"><em>4th CERPE Workshop \u201cChinese Migrations in\u00a0Europe: Between Continuity and Renewal\u201d<\/em><\/a>, French National Centre for Scientific Research (CNRS) Paris, 19 de Noviembre, 2021.<\/p>\n<p>(2021) <strong>y Amelia S\u00e1iz L\u00f3pez<\/strong>, <strong>Economic consequences of Covid-19 pandemic on Chinese population in Spain and Anti-racist movement<\/strong>.<a href=\"https:\/\/issco.site\/fileadmin\/ISSCO\/2021-nov_FINAL_PROGRAM_Effects_of_COVID_on_the_Chinese_Diaspora_in_Europe_and_Africa.pdf\"> <em>2021 International Society for the Study of Chinese Overseas (ISSCO) Regional Workshop: Effects of COVID on the Chinese Diaspora in Europe and Africa<\/em>,<\/a> 5 de diciembre de 2021 (on-line workshop)<\/p>\n<p>(2021) <strong>De Lao She (<em>Erma<\/em>, 1929) a Guo Xiaolu (<em>A Concise Chinese-English Dictionary for Lovers<\/em>, 2007) Narrativas de la migraci\u00f3n china en Europa<\/strong>. Jornada <strong><a href=\"https:\/\/www.confuciobarcelona.es\/actividades\/cultura\/cultura\/1309-re-escribir-la-historia-la-produccion-cultural-china-en-un-contexto-transnacional\"><em>Re-escribir la historia: la producci\u00f3n cultural china en un contexto transnacional.<\/em><\/a><\/strong> Fundaci\u00f3n Instituto Confucio de Barcelona, Universitat de Barcelona, Barcelona, 12 de mayo de 2021<\/p>\n<p>(2019) \u201c<strong>Crimen y castigo. Mujeres chinas en teleseries espa\u00f1olas contempor\u00e1neas<\/strong>\u201d Sesi\u00f3n F6.1 Simposio: La presencia china en la producci\u00f3n cultural espa\u00f1ola. <strong><a href=\"https:\/\/irp-cdn.multiscreensite.com\/6b7cd588\/files\/uploaded\/Libro%20de%20abstracts2.pdf\"><em>IX Congreso de Migraciones 2019 \u201cFronteras, exclusiones y movilidades\u201d<\/em><\/a><\/strong>. Universitat Aut\u00f3noma de Barcelona, 6 de septiembre de 2019.<\/p>\n<p>(2019) <strong>La metamorfosis de China. A la b\u00fasqueda de nuevos paradigmas pol\u00edticos y sociales<\/strong>. <strong><a href=\"https:\/\/www.uab.cat\/doc\/asiaoriental\"><em>Seminario internacional Asia Oriental: paradigmas emergentes, pol\u00edtica(s), din\u00e1micas socioculturales y sus consecuencias<\/em><\/a>.<\/strong> Fundacion CIDOB, Barcelona, 17 de diciembre de 2019.<\/p>\n<p style=\"text-align: justify\">(2018) \u201c<strong>Chinese in Spain: New trends in labour and housing<\/strong>\u201d. <strong><em><a href=\"http:\/\/cerao.uab.cat\/wp-content\/uploads\/2018\/10\/3rdCERPE-program_2018_v.3.pdf\">3rd CERPE Workshop \u201cChinese in\u00a0Europe: New Mobilities and Developments<\/a>\u201d<\/em><\/strong>. \u00a0Fundaci\u00f3n CIDOB y Fundaci\u00f3n Instituto Confucio de Barcelona, Barcelona, 22-24 de noviembre de 2018.<\/p>\n<p style=\"text-align: justify\">(2018) \u201c<strong>Chinese Youth in Spain. Education, Work and Identity<\/strong>\u201d, en el Panel: Chinese Migration to Europe. <em>22th Biennial Conference of the EUROPEAN ASSOCIATION FOR CHINESE STUDIES: \u201cChina and the World: The Mapping of Exchange\u00b7 (EACS 2018 Glasgow)<\/em>. University of Glasgow, 29 Agosto-1 Septiembre, 2018.<\/p>\n<p style=\"text-align: justify\">(2018) \u201c<strong>Asia Oriental: Estudios e investigaci\u00f3n en el contexto espa\u00f1ol<\/strong>\u201d, en <a href=\"https:\/\/uverano.urjc.es\/22540\/programme\/cv-s-rdc.-45o-aniversario-del-establecimiento-de-relaciones-diplomaticas-china-espana.-iv-jornadas-.htm\"><em>IV Jornadas Internacionales China: Econom\u00eda, Poder y Futuro: Sinolog\u00eda, Estudios chinos y Actualidad<\/em><\/a>. Panel: Historia de la sinolog\u00eda y estudios chinos en Espa\u00f1a: Desde la \u201cSinolog\u00eda misionera\u201d a la \u201cNueva sinolog\u00eda Espa\u00f1ola del Siglo XXI\u201d. Universidad Rey Juan Carlos I, Madrid, 3 de julio de 2018.<\/p>\n<p>(<span style=\"font-size: 11.0pt;font-family: 'Calibri','sans-serif'\">2017) \u201c<strong>Nuevos paradigmas para superar el orientalismo en los Estudios de Asia Oriental<\/strong>\u201d. Sesi\u00f3n inaugural. <a href=\"http:\/\/www.uh.cu\/noticia\/i-conferencia-miradas-al-oriente-desde-cuba-america-latina-y-el-caribe\"><i>I Conferencia Miradas al Oriental desde Cuba, Am\u00e9rica Latina y el Caribe 2017<\/i>.<\/a> Universidad de La Habana, La Habana. 18-21 de diciembre de 2017.<\/span><\/p>\n<p style=\"text-align: justify\">(2017) \u201c<strong>Chinese in Spanish movies and TV series: From stereotyping to accommodation<\/strong>\u201d. <em>1<a href=\"http:\/\/issco2017.com\/img\/ISSCO2017_ParticipationGuidebook.pdf\">1th Regional Conference of the International Society for the Study of Overseas Chinese (ISSCO) Nagasaki 2017<\/a><\/em>. School of Global Humanities and Social Sciences, Nagasaki University, Jap\u00f3n, 18-19 de noviembre de 2017.<\/p>\n<p style=\"text-align: justify\">(2017) y Amelia S\u00e1iz L\u00f3pez \u201c<strong>Global Chinese from Spain. New insights and developments<\/strong>\u201d <em><a href=\"http:\/\/cas.au.dk\/fileadmin\/cas\/Afdelinger\/Globale_Studier\/Workshop-programme-Nov-2017.pdf\">2nd CERPE Workshop on \u201cRising China and Chinese Migrants in Europe: A Sino-European Interdisciplinary Approach to Chinese Mobility<\/a><\/em>. Jinan University, Guangzhou, 12-15 de noviembre de 2017<\/p>\n<p style=\"text-align: justify\"><span style=\"line-height: 20px;font-size: small\">(2017) &#8220;<strong>Chinese on stage. Chinese representation and role in Spanish theater<\/strong>&#8220;, en el panel <a href=\"https:\/\/congresasie2017.sciencesconf.org\/122808\/document\">Interculturality and mobilities. The imaginary of China\/Chineseness in cultural production<\/a>\u201d.<em> 6th French Network for Asian Studies International Conference (FNASIC)V. <\/em>Paris, 28 de junio de 2017.<\/span><\/p>\n<p style=\"text-align: justify\"><span style=\"line-height: 20px;font-size: small\">(2017) \u201c<strong>Imperial and Enlightened Barbarian. History of Anthropology applied in Contemporary China<\/strong>\u201d. En el panel \u201cContemporary East Asian Issues of the European Past. Sesion II\u201d. <a href=\"http:\/\/www.eastasianet.org\/fileadmin\/resource\/Madrid_2017_Program_Abstracts.pdf\"><em>14th EastAsiaNet Research Workshop<\/em> Universidad Autonoma de Madrid, Madrid, 21 de abril de 2017.<\/a><\/span><\/p>\n<p style=\"text-align: justify\"><span style=\"line-height: 20px;font-size: small\">(2016) \u201c<strong>Sinidad global. Ra\u00edces y nuevos brotes de la poblaci\u00f3n china en Latinoam\u00e9rica y Espa\u00f1a<\/strong>\u201d. Ponencia en el <a href=\"http:\/\/www.usmp.edu.pe\/index.php?pag=novedades&amp;sec=nov_93\"><em>I Simposio Internacional sobre el Confucianismo \u2013 Di\u00e1logos entre Civilizaciones de China y Am\u00e9rica Latina<\/em><\/a>. Organizado por la Asociaci\u00f3n Internacional de Confucio, Universidad San Martin de Porres de Per\u00fa y Sociedad Central de Beneficencia China. Lima, 9-11 de diciembre de 2016.<\/span><\/p>\n<p style=\"text-align: justify\"><span style=\"line-height: 20px;font-size: small\">(2016) \u201c<strong>Desarrollo social chino: Xiaokang entre el bienestar y el malestar social<\/strong>\u201d, en el Panel 4. Desarrollo social. <a href=\"https:\/\/www.casaasia.es\/media\/asset_publics\/resources\/000\/048\/468\/original\/Foro.pdf\" target=\"_blank\" rel=\"noopener\"><em>Foro Europeo sobre el Modelo de Desarrollo Chino 2016, Espa\u00f1a:<\/em><\/a><em> Los Cinco Conceptos de Desarrollo y la Ruta China<\/em>. Barcelona, 10 de octubre de 2016<\/span><\/p>\n<p style=\"text-align: justify\"><span style=\"line-height: 20px;font-size: small\">(2016) \u201c<strong>Chinos en el teatro espa\u00f1ol. Interculturalidad y representaci\u00f3n<\/strong>\u201d.<a href=\"http:\/\/jornades.uab.cat\/feiap\/\"><em> V Foro Espa\u00f1ol de Investigaci\u00f3n en Asia-Pac\u00edfico (FEIAP 2016)<\/em><\/a>, Barcelona, 27 de junio de 2016<\/span><\/p>\n<p style=\"text-align: justify\"><span style=\"line-height: 20px;font-size: small\">(2015) \u201c<strong>El imaginario chino en la cultura popular espa\u00f1ola versus la producci\u00f3n art\u00edstica china en Espa\u00f1a<\/strong>\u201d. Jornada <\/span><a style=\"line-height: 20px\" href=\"http:\/\/www.ub.edu\/facgh\/infogih\/events\/jornades-la-produccio-cultural-xinesa-i-limaginari-xines-en-el-marc-global-reescriure-la-historia-des-de-la-praxi-artistica\/\"><em>La producci\u00f3 cultural xinesa i l\u2019imaginari xin\u00e8s en el marc global: reescriure l&#8217;hist\u00f2ria des de la praxi art\u00edstica<\/em><\/a><span style=\"line-height: 20px\">. Organizada Grupo de Investigaci\u00f3n InterAsia, Laia Manonelles, Departament d\u2019Hist\u00f2ria de l\u2019Art, Universitat de Barcelona. Barcelona, 11 de noviembre de 2015.<\/span><\/p>\n<p style=\"text-align: justify\"><span style=\"line-height: 20px;font-size: small\">(2015) \u201c<strong>\u00bf<em>Terra incognita, terra hostilis<\/em>? El trabajo de campo en tiempos dif\u00edciles<\/strong>\u201d.Taller internacional de investigaci\u00f3n <a href=\"https:\/\/intranet.uab.es\/Document\/966\/642\/programainvestigacioasia,1.pdf\"><em>Trabajo de campo en Asia: experiencias y reflexiones,<\/em><\/a> organizado por Centro de Estudios e Investigaci\u00f3n sobre Asia Oriental. Grupo de Investigaci\u00f3n InterAsia. Universitat Aut\u00f2noma de Barcelona, 26 de octubre de 2015 <\/span><\/p>\n<p style=\"text-align: justify\"><span style=\"font-size: small\"><span style=\"line-height: 20px\">(2015) \u201c<strong>La presencia china en el cine y teleseries espa\u00f1olas: del estereotipo a la acomodaci\u00f3n<\/strong>\u201d. <em>\u00a0<a href=\"http:\/\/congresoiec.org\/\">II Congreso Iberoamericano de Estudios Chinos<\/a><\/em>, organizado por la Fundaci\u00f3n Instituto Confucio de Barcelona Instituo Confucio de Universitat de Valencia y Instituto Confucio de Universidad Nacional La Plata. Barcelona, 25 y 26 de junio de 2015.<\/span><\/span><\/p>\n<p style=\"text-align: justify\"><span style=\"font-size: small\"><span style=\"line-height: 20px\">(2015) \u201c<strong>China en Espa\u00f1a: un tropo polivalente<\/strong>\u201d. Seminario Internacional<em><a href=\"http:\/\/www.cidob.org\/ca\/activitats\/regions\/asia\/seminario_internacional_el_impacto_de_asia_oriental_en_el_contexto_espanol_produccion_cultural_politica_s_y_sociedad\"> El impacto de Asia Oriental en el contexto espa\u00f1ol: producci\u00f3n cultural, pol\u00edtica(s) y sociedad<\/a>.<\/em> Barcelona, Fundaci\u00f3n CIDOB,\u00a0 5 de marzo de 2015.<\/span><\/span><\/p>\n<p style=\"text-align: justify\"><span style=\"font-size: small\"><span style=\"line-height: 20px\">(2015) \u201c<strong>Barcelona-Corea: del conocimiento a la investigaci\u00f3n<\/strong>\u201d, en la Sesi\u00f3n 3: Proyectos para el desarrollo de los Estudios Coreanos en el mundo latino, en el <a href=\"http:\/\/www.uma.es\/oficinapuentecorea\/noticias\/i-encuentro-iberoamericano-de-estudios-coreanos\/\"><em>I Encuentro Iberoamericano de Estudios Coreanos<\/em><\/a>. Universidad de M\u00e1laga, 6 de febrero de 2015.<\/span><\/span><\/p>\n<p style=\"text-align: justify\"><span style=\"font-size: small\"><span style=\"line-height: 20px\">(2014) <span style=\"font-size: small\"><strong style=\"text-align: justify\">Joaqu\u00edn Beltr\u00e1n<\/strong><span style=\"line-height: 20px;text-align: justify\"> y <\/span><strong style=\"text-align: justify\">Amelia S\u00e1iz L\u00f3pez<\/strong><span style=\"line-height: 20px;text-align: justify\">,<\/span><\/span> \u201c<\/span><strong>Arts, Popular Culture, and Chinese Migration in Spain. Dialectics of the Incorporation<\/strong><span style=\"line-height: 20px\">\u201d. <\/span>Panel: <a href=\"https:\/\/isaconf.confex.com\/isaconf\/wc2014\/webprogram\/Session3330.html\">Arts, Migration and Incorporation: A Global Perspective<\/a>, del RC31 Sociology of Migration, del <em>XVIII ISA World Congress of Sociology: Facing an Unequal World: Challenges for Global Sociology<\/em>. Yokohama, 13-19 Julio 2014.\u00a0<\/span><\/p>\n<p style=\"text-align: justify\"><span style=\"font-size: small\"><span style=\"line-height: 20px\">(2013) \u201c<\/span><strong>Intercultural East Asia: beyond the knowledge<\/strong><span style=\"line-height: 20px\">\u201d. <\/span>Panel: <a href=\"http:\/\/www.nomadit.co.uk\/iuaes\/iuaes2013\/panels.php5?PanelID=1491\" target=\"_blank\" rel=\"noopener\">Disjoining Approaches: Tropes, Hubs, and Production of Knowledge on East Asia<\/a>\u00a0(G23)<span style=\"line-height: 20px\">. <\/span><em>17th World Congress of the International Union of Anthropological and Ethnological Studies<\/em><span style=\"line-height: 20px\"> (IUAES 2013). Manchester, 8 August 2013.<\/span><\/span><\/p>\n<p style=\"text-align: justify\"><span style=\"font-size: small\"><span style=\"line-height: 20px\">(2012) <\/span><strong style=\"text-align: justify\">Joaqu\u00edn Beltr\u00e1n<\/strong><span style=\"line-height: 20px;text-align: justify\"> y <\/span><strong style=\"text-align: justify\">Amelia S\u00e1iz L\u00f3pez<\/strong><span style=\"line-height: 20px;text-align: justify\">, \u201c<\/span><strong style=\"text-align: justify\">La imagen de la empresa china en Espa\u00f1a: de la \u00e9tica del esfuerzo a la econom\u00eda crimina<\/strong><span style=\"line-height: 20px;text-align: justify\">l\u201d, en la <\/span><em style=\"text-align: justify\">III Jornada Empresariat \u00e8tnic i crisi econ\u00f2mica<\/em><span style=\"line-height: 20px;text-align: justify\">. Organizada por <\/span><a style=\"text-align: justify\" href=\"http:\/\/www.egolab.cat\/\" target=\"_blank\" rel=\"noopener\">el Grup de Recerca en Antropologia Fonamental i Orientada (GRAFO)<\/a><span style=\"line-height: 20px;text-align: justify\">. Universitat Aut\u00f3noma de Barcelona. 3 de Diciembre de 2012.<\/span><\/span><\/p>\n<p style=\"text-align: justify\"><span style=\"line-height: 20px;font-size: small\">(2012) \u201c<strong>Culture and the Confucius Institute: Soft power to meet global governance and external challenges<\/strong>\u201d. <a href=\"http:\/\/interculturalasiaoriental.blogspot.com.es\/2012\/10\/10th-eastasianet-research-workshop.html\" target=\"_blank\" rel=\"noopener\"><em>10th EastAsiaNet Research Workshop<\/em><\/a>, Organised by the <a href=\"http:\/\/grupsderecerca.uab.cat\/ieii\/es\" target=\"_blank\" rel=\"noopener\">East Asian Studies &amp; Research Centre (CERAO)<\/a> of the Universitat Aut\u00f2noma de Barcelona (UAB) in collaboration with the <a href=\"http:\/\/www.cidob.org\/\" target=\"_blank\" rel=\"noopener\">CIDOB Foundation of Barcelona<\/a>, the <a href=\"http:\/\/www.confuciobarcelona.es\/\" target=\"_blank\" rel=\"noopener\">Confucius Institute of Barcelona<\/a>, the <a href=\"http:\/\/www.fti.uab.es\/interasia\/\" target=\"_blank\" rel=\"noopener\">Inter-Asia Research Group<\/a> (UAB), the <a href=\"http:\/\/www.uab.es\/servlet\/Satellite\/postgrado\/master-en-ue-china-cultura-y-economia\/datos-basicos-1206597472083.html\/param1-1770_es\/param2-2004\/\" target=\"_blank\" rel=\"noopener\">European Union &amp; China: Culture &amp; Economy Master\u2019s degree (UAB)<\/a>, and the Residence for Researchers of the Spanish Higher Research Council. Barcelona, 26 de octubre de 2012.<\/span><\/p>\n<p style=\"text-align: justify\"><span style=\"font-size: small\">(2012) \u201c<strong>Estado de la cuesti\u00f3n y proyectos de la Fundaci\u00f3n Instituto Confucio de Barcelona<\/strong>\u201d, Grupo 1 Breakout Sessions, en el <a href=\"http:\/\/www.konfuzius-institut.at\/en\/activities\/news-report\/2012-joint-conference-of-european-confucius-institutes\/\" target=\"_blank\" rel=\"noopener\"><em>2012 Joint Conference of European Confucious Insititutes<\/em><\/a>, organizado por <a href=\"http:\/\/english.hanban.org\/article\/2012-09\/12\/content_463106.htm\" target=\"_blank\" rel=\"noopener\">Hanban <\/a>y Kunfuzius-Institut an der Universit\u00e4t Wien, Viena, 7-9 de Septiembre de 2012.<\/span><\/p>\n<p style=\"text-align: justify\"><span style=\"font-size: small\">(2012) \u201c<strong>Veinte a\u00f1os de investigaci\u00f3n sobre la comunidad china en Espa\u00f1a. Notas para un viaje sin final<\/strong>\u201d. <a href=\"http:\/\/pagines.uab.cat\/joaquinbeltran\/sites\/pagines.uab.cat.joaquinbeltran\/files\/2012_I%20Congreso%20Iberoamericano%20Estudios%20Chinos_programa.pdf\" target=\"_blank\" rel=\"noopener\"><em>I Congreso Iberoamericano de Estudios Chinos<\/em>,<\/a> organizado por la Fundaci\u00f3n Insituto Confucio de Barcelona y el Centro de Estudios e Investigaci\u00f3n de Asia Oriental de la UAB. Barcelona, 25 de junio de 2012.<\/span><\/p>\n<p style=\"text-align: justify\"><span style=\"font-size: small\">(2011) \u201c<strong>\u00a1Se lo han quedado los chinos!\u2019 Intervenciones virtuales en los procesos de interculturalidad china en Espa\u00f1a<\/strong>\u201d, en el <a href=\"http:\/\/www.cidob.org\/en\/activities\/asia\/procesos_interculturales_de_asia_oriental_en_la_sociedad_internacional_de_la_informacion_ciudadania_genero_y_produccion_cultural\" target=\"_blank\" rel=\"noopener\"><em>Seminario internacional Procesos interculturales de Asia Oriental en la sociedad internacional de la informaci\u00f3n: Ciudadan\u00eda, g\u00e9nero y producci\u00f3n cultural<\/em><\/a>, organizado por el Grupo de Investigaci\u00f3n InterAsia, Departamento de Traducci\u00f3n e Interpretaci\u00f3n de la Universitat Aut\u00f3noma de Barcelona y la Fundaci\u00f3n CIDOB. Barcelona, 25 de noviembre de 2011.<\/span><\/p>\n<p style=\"text-align: justify\">(<span style=\"font-size: small\">2011) &#8220;<strong>The Chinese never die\u2019. Stereotypes and the Chinese diaspora in Spain<\/strong>\u201d, ponencia en la Sesi\u00f3n <a href=\"http:\/\/www.cuhk.edu.hk\/ant\/isscoconf\/index.htm\" target=\"_blank\" rel=\"noopener\"><em>Ethnic Relations de la ISSCO International Conference: Chinese Overseas: Culture, Religions and Worldview<\/em><\/a>, organizada por la International Society for the Study of Chinese Overseas (ISSCO) y el Department of Anthropology, The Chinese University of Hong Kong. Hong Kong, 21 de junio de 2011.<\/span><\/p>\n<p style=\"text-align: justify\"><span style=\"font-size: small\">(2011) <strong>Joaqu\u00edn Beltr\u00e1n <\/strong>y<strong> Amelia S\u00e1iz L\u00f3pez<\/strong>, \u201c<strong>Geographical dispersion, economic diversification, and transnationalism. Chinese family entrepreneurship in Spain and beyond<\/strong>\u201d, en la <a href=\"http:\/\/pagines.uab.cat\/joaquinbeltran\/sites\/pagines.uab.cat.joaquinbeltran\/files\/2011_D%C3%ADptico%20emprenesdors%20etnics.pdf\" target=\"_blank\" rel=\"noopener\"><em>II Jornada d\u2019Emprenedors \u00c8tnics: Economic Crisis and Small Business in Catalunya. Academic Session<\/em><\/a>. Organizada por el Grup de Recerca en Antropologia Fonamental i Orientada (GRAFO). Universitat Aut\u00f3noma de Barcelona. 14 de Junio de 2011.<\/span><\/p>\n<p style=\"text-align: justify\"><span style=\"font-size: small\">(2011) <strong>Joaqu\u00edn Beltr\u00e1n<\/strong> y<strong> Amelia S\u00e1iz L\u00f3pez<\/strong>, \u201c<strong>De La fuente amarilla a Zhao. Una d\u00e9cada del imaginario chino en la producci\u00f3n cinematogr\u00e1fica espa\u00f1ola<\/strong>\u201d, en el Pannel 1 \u201cIntercultural Representations\u201d de la <em>II International Conference on Intercultural Studies<\/em>, organizada por <a href=\"http:\/\/www.iscap.ipp.pt\/~cei\/\" target=\"_blank\" rel=\"noopener\">el Centro de Estudos Interculturais <\/a>del Instituto Superior de Contabilidade e Adminsitra\u00e7ao (ISCAP). Instituto Polit\u00e9cnico do Porto. Oporto, 27 de mayo de 2011.<\/span><\/p>\n<p style=\"text-align: justify\"><span style=\"font-size: small\">(2010) <strong>Joaqu\u00edn Beltr\u00e1n<\/strong> y <strong>Amelia S\u00e1iz L\u00f3pez<\/strong> \u201c<strong>Crisis? What Crisis? Chinese life inside the diaspora<\/strong>&#8220;, en el Workshop 61 \u201cEast Asian Imaginings: (Trans)national scenarios and global crisis\u201d W061, del <a href=\"http:\/\/www.easaonline.org\/conferences\/easa2010\/\" target=\"_blank\" rel=\"noopener\"><em>11th European Association of Social Anthropologists-EASA Biennial Conference: Crisis and Imagination<\/em>.<\/a>\u00a0Maynooth, Irlanda, 25 de agosto de 2010.<\/span><\/p>\n<p style=\"text-align: justify\"><span style=\"line-height: 20px;font-size: small\">(2010) <strong>Joaqu\u00edn Beltr\u00e1n<\/strong> y <strong>Amelia S\u00e1iz L\u00f3pez<\/strong>, \u201c<strong>Chinese in Spain. Diaspora capital at play<\/strong>\u201d, en la <a href=\"http:\/\/www.metropolis.net\/pdfs\/intro_to_beijing_conf_e.pdf\" target=\"_blank\" rel=\"noopener\"><em>International Conference on Migration in China and Asia: Experience and Policy<\/em><\/a>, organizada por el Institute of Ethnology and Anthropology de la Chinese Academy of Social Sciences y The International Metropolis, Canada. Beijing, 20-21 de mayo de 2010.<\/span><\/p>\n<div style=\"text-align: justify\"><span style=\"line-height: 20px;font-size: small\"><span style=\"line-height: 20px;font-size: small\">(2009) <strong>Joaqu\u00edn<\/strong> <strong>Beltr\u00e1n<\/strong> y <strong>Amelia S\u00e1iz L\u00f3pez<\/strong>, \u201c<strong>Chinese in Spain: An Identity in Progress<\/strong>\u201d. En el Panel: &#8220;Migration Anthropology. Session Mapping East Asian Identities: Social Change in East Asia and the East Asian Diaspora&#8221;.\u00a0<span style=\"line-height: 20px\"><a href=\"http:\/\/www.iuaes.org\/\" target=\"_blank\" rel=\"noopener\"><em>16th World Congress of the International Union of Anthropological and Ethnological Studies<\/em><\/a> (IUAES). 31 de Julio de 2009. Kunming (Rep\u00fablica Popular China).<\/span><\/span><\/span><\/div>\n<div style=\"text-align: justify\"><\/div>\n<div style=\"text-align: justify\">\n<p><span style=\"font-size: small\">(2009) \u201c<strong>Espacios interculturales de Asia Oriental: La globalizaci\u00f3n revisada<\/strong>\u201d,\u00a0<\/span><span style=\"line-height: 20px\">en el\u00a0<a href=\"http:\/\/www.cidob.org\/es\/actividades\/asia\/interculturalidad_de_asia_oriental_en_la_era_de_la_globalizacion\" target=\"_blank\" rel=\"noopener\"><em>Seminario internacional Interculturalidad de Asia Oriental en la era de la globalizaci\u00f3n<\/em><\/a>, o<\/span><span style=\"line-height: 20px\">rganizado por el Grupo de Investigaci\u00f3n InterAsia, IEII-, 12 de enero de 2009.<\/span><\/p>\n<p><span style=\"line-height: 20px;font-size: small\">(2008) \u201c<strong><a href=\"http:\/\/pagines.uab.cat\/joaquinbeltran\/sites\/pagines.uab.cat.joaquinbeltran\/files\/Beltran_Presente%20y%20futuro%20de%20la%20relaciones%20economicas%20con%20China.pdf\" target=\"_blank\" rel=\"noopener\">Pasado y presente de las relaciones econ\u00f3micas con China<\/a><\/strong>\u201d. Mesa redonda de la Segunda sesi\u00f3n: \u201c\u00bfCon futuro? 2005, Espa\u00f1a y China firman una alianza estrat\u00e9gica\u201d, en el<a href=\"http:\/\/pagines.uab.cat\/joaquinbeltran\/sites\/pagines.uab.cat.joaquinbeltran\/files\/2008_CONGRESO%20PROGRAMA%20Rleacion%20Espa\u00f1a%20China%20Pamplona.pdf\" target=\"_blank\" rel=\"noopener\"><em> I Congreso Internacional. Relaciones entre China y Espa\u00f1a (1575-2005): \u00bfSin pasado? \u00bfCon futuro?<\/em><\/a>, organizado por la Red Navarra de Estudios Chinos (UPNA, IPES, FUDE) y Casa Asia. Pamplona, 25 de noviembre de 2008. V\u00eddeo <a href=\"http:\/\/upnatv.unavarra.es\/pub\/china-mesa-4\" target=\"_blank\" rel=\"noopener\">aqu\u00ed<\/a>.<\/span><\/p>\n<\/div>\n<div style=\"text-align: justify\">\n<p style=\"text-align: justify\"><span style=\"line-height: 20px;font-size: small\">(2008) \u201c<strong><a href=\"http:\/\/www.fti.uab.es\/interasia\/documents\/beltran-orientalismo,%20autoorientalismo%20e%20interculturalidad%20de%20asia%20oriental.pdf\" target=\"_blank\" rel=\"noopener\">Orientalismo, autoorientalismo e interculturalidad de Asia Oriental<\/a><\/strong>\u201d, comunicaci\u00f3n presentada al <em>II Foro Espa\u00f1ol de Investigaci\u00f3n sobre Asia Pac\u00edfico (FEIAP)<\/em>. Valencia, 16 de Septiembre de 2008.<\/span><\/p>\n<p style=\"text-align: justify\"><span style=\"font-size: small\">(2008) <strong>Joaqu\u00edn Beltr\u00e1n<\/strong> y <strong>Amelia S\u00e1iz L\u00f3pez<\/strong>, \u201c<strong>Chinese and Pakistani Transnationalism in Barcelona Metropolis and Spain. A Comparative Study<\/strong>\u201d, en <a href=\"http:\/\/www.fti.uab.es\/interasia\/documents\/Beltran-Saiz-RC21%20Program%20in%20Barcelona25.pdf\" target=\"_blank\" rel=\"noopener\"><em>First ISA Forum of Sociology<\/em><\/a>,\u00a0Research Committe 21 \u201cRegional and Urban Development, Session 23 \u201cTransnational migration and local economies\u201d. Barcelona, 6 de Septiembre de 2008.<\/span><\/p>\n<p style=\"text-align: justify\"><span style=\"font-size: small\">(2008) \u201c<strong>Asi\u00e1ticos en Espa\u00f1a: panor\u00e1mica general del empresariado y del transnacionalismo<\/strong>\u201d, en\u00a0<\/span><span style=\"line-height: 20px\">el <a href=\"http:\/\/www.fti.uab.es\/interasia\/documents\/Beltran-Saiz-asiaticos_esp_mediterraneo_cast.pdf\" target=\"_blank\" rel=\"noopener\"><em>Seminario internacional Asi\u00e1ticos en Espa\u00f1a y el Mediterr\u00e1neo: Di\u00e1spora, transnacionalismo y empresariado \u00e9tnico<\/em><\/a>,o<\/span><span style=\"line-height: 20px\">rganizado pro la Fundaci\u00f3n CIDOB, Casa Asia y la Universidad Aut\u00f3noma de Barcelona, Barcelona, 1 de abril de 2008.<\/span><\/p>\n<p style=\"text-align: justify\"><span style=\"font-size: small\">(2008) \u201c<strong><a href=\"http:\/\/www.fti.uab.es\/interasia\/documents\/Beltran-Transnacionalismo%20asitico.%20Globalizacin%20e%20internacionalizacin%20de%20la%20economa%20espaola.pdf\" target=\"_blank\" rel=\"noopener\">Transnacionalismo asi\u00e1tico. Globalizaci\u00f3n e internacionalizaci\u00f3n de la econom\u00eda espa\u00f1ola<\/a><\/strong>\u201d, ponencia en la Mesa 2: Empresariado transnacional del <em>Simposio internacional Nuevos retos del transnacionalismo en el estudio de las migraciones<\/em>, organizado por GEDIME (Grup d\u2019Estudis d\u2019Immigraci\u00f3 i Minories \u00c8tniques)- UAB, 14-15 de febrero de 2008.<\/span><\/p>\n<p style=\"text-align: justify\"><span style=\"font-size: small\">(2007) &#8220;<strong>Turismo, urbanismo y consumo: auto-orientalismo en acci\u00f3n o el marketing del exotism<\/strong>o&#8221;, comunicici\u00f3n en\u00a0<\/span><span style=\"line-height: 20px\">la <a href=\"http:\/\/www.casaasia.es\/pdf\/12170772001PM1197915601917.pdf\" target=\"_blank\" rel=\"noopener\"><em>Jornada Orientalismo y derivados (Auto-, Retro-, Tecno-) en la interculturalidad de Asia Oriental<\/em><\/a>,<\/span><span style=\"line-height: 20px\">\u00a0organizada por el Grupo de Investigaci\u00f3n InterAsia. Facultad de Traducci\u00f3n e Interpretaci\u00f3n, Universidad Aut\u00f3noma de Barcelona. 21 de diciembre de 2007.<\/span><\/p>\n<p style=\"text-align: justify\"><span style=\"font-size: small\">(2007) \u201c<strong>Asian transnationalism in West Europe. A border approach<\/strong>\u201d, en el Special Track: Trans-National and Cross-Sectorial Dialogue on HR. Session 1: The efficiency of transnational ethnic networks, en el\u00a0<\/span><a href=\"https:\/\/ghrforum.hankyung.com\/history\/2007\"><span style=\"line-height: 20px\">Global Human Resources Forum 2007<\/span><\/a><span style=\"line-height: 20px\">, organizado por el Ministry of Education and Human Resources Development-The Korea Economic Daily-Korea Research Institute for Vocational Education and Training. Seul, 24 de octubre de 2007.<\/span><\/p>\n<p style=\"text-align: justify\"><span style=\"line-height: 20px;font-size: small\">(2007) \u201c<strong>Fuera de China: Auto-organizaci\u00f3n de las comunidades chinas en el extranjero y transnacionalismo<\/strong>\u201d, en\u00a0<\/span><span style=\"line-height: 20px\">el <a href=\"http:\/\/www.fti.uab.es\/interasia\/documents\/Golden-Beltran-societat_civil_emergent_cast.pdf\" target=\"_blank\" rel=\"noopener\"><em>Seminario Sociedad civil emergente en Asia: El caso de China. Sesi\u00f3n III Las migraciones y la estructuraci\u00f3n de la sociedad civil<\/em><\/a>.<\/span><span style=\"line-height: 20px\">\u00a0Moderaci\u00f3n, organizado por la Fundaci\u00f3n CIDOB. Barcelona, 3 de octubre de 2007.<\/span><\/p>\n<p style=\"line-height: 20px;text-align: justify\"><em><span style=\"font-size: small\">(2007) \u201c<strong>El papel de la di\u00e1spora en China y en Catalu\u00f1a<\/strong>\u201d. <a href=\"http:\/\/base.china-europa-forum.net\/rsc\/en\/ateliers\/atelier-14.html\" target=\"_blank\" rel=\"noopener\">Workshop WS23<\/a> \u201c<a href=\"http:\/\/pagines.uab.cat\/joaquinbeltran\/sites\/pagines.uab.cat.joaquinbeltran\/files\/2007_CIDOB_China-Europe%20Forum_China%20y%20Europa%20frente%20al%20reto%20de%20las%20migraciones.pdf\" target=\"_blank\" rel=\"noopener\">La Chine et l\u2019Europe face au probleme des migrations \/ China and Europe Face the Challange of Migrations \/ China y Europa frente al reto de las migraciones<\/a>\u201d. <em>Segundo China-Europe Forum 2007<\/em>, organizado por la Generalitat de Catalunya, Fundaci\u00f3 CIDOB, ONGD CERAI Valencia y Fundation Charles Leopold Mayer. Barcelona, 5 de octubre de 2007.<\/span><\/em><\/p>\n<div style=\"text-align: justify\"><span style=\"font-size: small\"><span style=\"font-size: small\"><span style=\"font-size: small\"><span style=\"line-height: 20px\">(2006) \u201c<strong>Redes sociales y familia transnacional en la econom\u00eda \u00e9tnica asi\u00e1tica<\/strong>\u201d, en la\u00a0<span style=\"line-height: 20px\"><a href=\"http:\/\/www.cidob.org\/actividades\/asia\/transnacionalismo_y_empresariado_asiatico_espana_gibraltar_y_andorra\" target=\"_blank\" rel=\"noopener\"><em>Jornada Transnacionalismo y empresariado asi\u00e1tico<\/em><\/a>.\u00a0<\/span><\/span><\/span><\/span><\/span><span style=\"font-size: small\"><span style=\"line-height: 20px\">Espa\u00f1a, Gibraltar y Andorra, en el Programa Asia-Fundaci\u00f3n CIDOB. Barcelona, 28 de noviembre de 2006.<\/span><\/span><\/div>\n<div style=\"text-align: justify\"><\/div>\n<div style=\"text-align: justify\"><span style=\"font-size: small\"><span style=\"line-height: 20px\">(2006)<\/span><strong> Joaqu\u00edn Beltr\u00e1n<\/strong><span style=\"line-height: 20px\"> y <\/span><strong>Amelia S\u00e1iz L\u00f3pez<\/strong><span style=\"line-height: 20px\">, \u201c<strong>Inmigraci\u00f3n asi\u00e1tica en Canad\u00e1 y Espa\u00f1a. Un estudio comparativo<\/strong>\u201d, ponencia en el Panel 17: International Migration as a source of social and political change, del <\/span><em>XI Congreso Internacional de la Asociaci\u00f3n Espa\u00f1ola de Estudios Canadienses<\/em><span style=\"line-height: 20px\">: \u201cIdentidades en evoluci\u00f3n: Migraciones y din\u00e1micas culturales en el siglo XXI\u201d, organizado por la <\/span><a href=\"http:\/\/www.estudioscanadienses.org\/asociacion.html\" target=\"_blank\" rel=\"noopener\">Asociaci\u00f3n Espa\u00f1ola de Estudios Canadienses<\/a><span style=\"line-height: 20px\">. Miraflores de la Sierra (Madrid), 17-18 de noviembre de 2006.<\/span><\/span><\/div>\n<div style=\"text-align: justify\"><\/div>\n<div style=\"text-align: justify\"><span style=\"font-size: small\"><span style=\"line-height: 20px\">(2006) RICAE (<\/span><strong>Joaqu\u00edn Beltr\u00e1n<\/strong><span style=\"line-height: 20px\">, <\/span><strong>Amelia S\u00e1iz<\/strong><span style=\"line-height: 20px\">, <\/span><strong>D\u00e9bora Betrisey<\/strong><span style=\"line-height: 20px\">,<\/span><strong> Ana L\u00f3pez<\/strong><span style=\"line-height: 20px\">), \u201c<\/span><strong><a href=\"http:\/\/www.ugr.es\/~feiap\/ceiap1\/ceiap\/resumenes\/RICAE.pdf\" target=\"_blank\" rel=\"noopener\">El estado de la cuesti\u00f3n de la investigaci\u00f3n sobre las comunidades asi\u00e1ticas en Espa\u00f1a<\/a><\/strong><span style=\"line-height: 20px\">\u201d. <\/span><em>Foro Espa\u00f1ol de Investigaci\u00f3n de Asia-Pac\u00edfico<\/em><span style=\"line-height: 20px\">. Granada, 18-20 de septiembre de 2006.<\/span><\/span><\/div>\n<p style=\"text-align: justify\"><span style=\"font-size: small\">(2006) Grupo de investigaci\u00f3n INTERASIA, \u201c<strong><a href=\"http:\/\/www.ugr.es\/~feiap\/ceiap1\/ceiap\/resumenes\/Interasia.pdf\" target=\"_blank\" rel=\"noopener\">Asia Oriental y la interculturalidad<\/a><\/strong>\u201d. <em>Foro Espa\u00f1ol de Investigaci\u00f3n de Asia-Pac\u00edfico<\/em>. Granada, 18-20 de septiembre de 2006.<\/span><\/p>\n<p style=\"text-align: justify\"><span style=\"font-size: small\"><span style=\"line-height: 20px\">(2006) \u201c<strong>Catalunya-Xina: interculturalitat i salut<\/strong>\u201d, ponencia en la <a href=\"http:\/\/www.uab.es\/servlet\/Satellite\/videos\/reproduccio-1192707516892.html?param1=20institucional&amp;param2=10anytematic&amp;param4=200506AnyAsia&amp;param5=1&amp;url_video=1191393572374\" target=\"_blank\" rel=\"noopener\"><em>Jo<\/em><\/a><\/span><a href=\"http:\/\/www.uab.es\/servlet\/Satellite\/videos\/reproduccio-1192707516892.html?param1=20institucional&amp;param2=10anytematic&amp;param4=200506AnyAsia&amp;param5=1&amp;url_video=1191393572374\" target=\"_blank\" rel=\"noopener\"><em>rnada Passat, present i futur de la medicina tradicional xinesa, una experi\u00e8ncia a compartir<\/em><\/a><span style=\"line-height: 20px\">, dentro del Ciclo de Actividades de l\u2019Any d\u2019\u00c0sia Oriental, organizado por el Rectorado de la Universitat Aut\u00f2noma de Barcelona. 15 de mayo de 2006<\/span><\/span><\/p>\n<p style=\"text-align: justify\"><span style=\"font-size: small\"><span style=\"line-height: 20px\">(2006) \u201c<strong>Comunidades chinas en Espa\u00f1a<\/strong>\u201d, ponencia en el <a href=\"http:\/\/www.lasc.es\/X_CONGRESO\/\" target=\"_blank\" rel=\"noopener\"><em>X Congreso de Inmigraci\u00f3n\u00a0<\/em><\/a><\/span><span style=\"line-height: 20px\"><a href=\"http:\/\/www.lasc.es\/X_CONGRESO\/\" target=\"_blank\" rel=\"noopener\"><em>Globalizaci\u00f3n y movimientos transnacionales<\/em><\/a>, organizado por el Laboratorio de Antropolog\u00eda Social y Cultural, Universidad de Almeria. Almer\u00eda, 21 de abril de 2006.<\/span><\/span><\/p>\n<p style=\"text-align: justify\"><span style=\"line-height: 20px;font-size: small\">(2006) \u201c<strong>Los empresarios asi\u00e1ticos en Catalu\u00f1a<\/strong>\u201d, en la Sesi\u00f3n 2: \u201c<a href=\"http:\/\/pagines.uab.cat\/joaquinbeltran\/sites\/pagines.uab.cat.joaquinbeltran\/files\/2006_Congreso%20Ripollet_Immigracio%20i%20consum.pdf\" target=\"_blank\" rel=\"noopener\">Implantaci\u00f3 i perfil de l\u2019empresariat comercial immigrant<\/a>\u201d, dentro del<a href=\"http:\/\/pagines.uab.cat\/joaquinbeltran\/sites\/pagines.uab.cat.joaquinbeltran\/files\/2006_Ripollet.Jornada%2024-III-06.pdf\" target=\"_blank\" rel=\"noopener\"><em> III Congr\u00e9s del comer\u00e7 urb\u00e0 metropolit\u00e0: Immigraci\u00f3 i comer\u00e7<\/em><\/a>, organizado por la Diputaci\u00f3n de Barcelona y el Ayuntamiento de Ripollet. Ripollet, 24 de marzo de 2006.<\/span><\/p>\n<p style=\"text-align: justify\"><span style=\"font-size: small\"><span style=\"line-height: 20px\">(2005) \u201c<\/span><strong><a href=\"http:\/\/www.uab.es\/servlet\/Satellite\/videos\/reproduccio-1193208676085.html?param1=20institucional&amp;param2=10anytematic&amp;param4=200506AnyAsia&amp;url_video=1190705616386\" target=\"_blank\" rel=\"noopener\">El nodo espa\u00f1ol de las di\u00e1sporas de Asia Oriental<\/a><\/strong><span style=\"line-height: 20px\">\u201d, en la Jornada \u201cDe l&#8217;Orient lluny\u00e0 a l&#8217;Occident lluny\u00e0: la pres\u00e8ncia de l&#8217;\u00c0sia Oriental a l&#8217;Europa Occidental\u201d, dentro del <\/span><em>Ciclo de Actividades del Any d\u2019\u00c0sia Oriental a la UAB (2005-2006)<\/em><span style=\"line-height: 20px\">. Facultat de Traducci\u00f3 i Interpretaci\u00f3. UAB, 30 de noviembre de 2005.<\/span><\/span><\/p>\n<p style=\"text-align: justify\"><span style=\"font-size: small\">(2004) &#8220;<strong>Las comunidades asi\u00e1ticas en Espa\u00f1a: una visi\u00f3n panor\u00e1mica<\/strong>&#8220;, en el <a href=\"%20los%20casos%20de%20Filipinas,%20Pakist\u00e1n%20y%20China\u201d\" target=\"_blank\" rel=\"noopener\"><em>Taller sobre\u00a0<\/em><\/a><\/span><span style=\"line-height: 20px\"><a href=\"%20los%20casos%20de%20Filipinas,%20Pakist\u00e1n%20y%20China\u201d\" target=\"_blank\" rel=\"noopener\"><em>Migraciones y relaciones internacionales entre Asia y Espa\u00f1a: los casos de Filipinas, Pakist\u00e1n y China<\/em><\/a>,\u00a0<\/span><span style=\"line-height: 20px\">organizado por la Fundaci\u00f3 CIDOB con la colaboraci\u00f3n de la Asia Pacific Migration Research Network (Australia) y el Center on Migration, Policy and Society (Universidad de Oxford). Barcelona, 6 de septiembre de 2004.<\/span><\/p>\n<p style=\"text-align: justify\"><span style=\"font-size: small\">(2004) <strong>Joaqu\u00edn Beltr\u00e1n<\/strong>, <strong>Laura Oso<\/strong>, <strong>Natalia Ribas<\/strong>, \u201c<strong><a href=\"https:\/\/www.google.es\/url?sa=t&amp;rct=j&amp;q=&amp;esrc=s&amp;source=web&amp;cd=1&amp;ved=0CDUQFjAA&amp;url=http%3A%2F%2Fwww.cidob.org%2Fen%2Fcontent%2Fdownload%2F4577%2F46006%2Ffile%2F02_beltran_oso_ribas.pdf&amp;ei=RFZpUamOKbCV7AaRjIHoAw&amp;usg=AFQjCNGEdMNFisHvFiVb51QjKAp90wmU6A&amp;sig2=Rs21O0rVM86X4ACvV3qTsg&amp;bvm=bv.45175338,d.ZGU\" target=\"_blank\" rel=\"noopener\">Abriendo un campo de estudio para el empresariado \u00e9tnico en Espa\u00f1a<\/a><\/strong>\u201d, Comunicaci\u00f3n presentada a la mesa 3 \u201cEconom\u00edas de la inmigraci\u00f3n y mercados de trabajo\u201d, en\u00a0<\/span><span style=\"line-height: 20px\">el<\/span><a href=\"http:\/\/www.aulaintercultural.org\/spip.php?article607\" target=\"_blank\" rel=\"noopener\"><em> IV Congreso sobre la Inmigraci\u00f3n en Espa\u00f1a<\/em><\/a><span style=\"line-height: 20px\">. Girona, 13 de noviembre de 2004.<\/span><\/p>\n<p style=\"text-align: justify\"><span style=\"font-size: small\">(2003)<strong> Joaqu\u00edn Beltr\u00e1n\u00a0<\/strong>y<strong> Amelia S\u00e1iz L\u00f3pez<\/strong>, \u201c<strong><a href=\"http:\/\/pagines.uab.cat\/joaquinbeltran\/sites\/pagines.uab.cat.joaquinbeltran\/files\/beltransaiz%20(1).pdf\" target=\"_blank\" rel=\"noopener\">Treballadors i empresaris xinesos a Catalunya<\/a><\/strong>\u201d. Ponencia presentada al taller \u201cMigracions i Poder\u201d del <em>IV Congr\u00e9s C\u00e1tala de Sociolog\u00eda<\/em>, Reus, 5-6 de abril de 2003.<\/span><\/p>\n<p><span style=\"font-size: small\">(2002) &#8220;<a href=\"http:\/\/www.cidob.org\/es\/publicaciones\/monografias\/monografias\/empresariado_etnico_en_espana\" target=\"_blank\" rel=\"noopener\"><strong>El empresariado como modo de vida. El caso de los inmigrantes chinos<\/strong><\/a>&#8220;. <em>Seminario internacional Empresariado \u00e9tnico en Espa\u00f1a<\/em>. Centro de Estudios Internacionales e Interculturales, Universidad Aut\u00f3noma de Barcelona, Bellaterra, 5 junio 2002.<\/span><\/p>\n<p><span style=\"font-size: small\"><span style=\"line-height: 20px\">(2002) &#8220;<strong>Asian Immigrants in Spain. A Steady Flow<\/strong>&#8220;.\u00a0<\/span><\/span><a href=\"http:\/\/www.asef.org\/index.php\/projects\/themes\/human-rights\/1183-globalisation-and-international-migration-asian-and-european-experiences\" target=\"_blank\" rel=\"noopener\"><em>The Asia-Europe Dialogue on Globalisation and International Migration: Asian and European Experiences<\/em><\/a><span style=\"line-height: 20px\">, organizado por Asia-Europe Foundation (ASEF)\/ Sciences-Po Asia-Europe Centre (CERI). CERI, Sciences-Po, Par\u00eds, 11-12 de marzo de 2002.<\/span><\/p>\n<p><span style=\"font-size: small\">(2001) &#8220;<strong>The Seeds of Chinatown. Chinese Entrepreneurship in Spain<\/strong>&#8220;. European Science Foundation. Standing Committee for the Social Sciences.\u00a0<\/span><a href=\"http:\/\/pagines.uab.cat\/joaquinbeltran\/sites\/pagines.uab.cat.joaquinbeltran\/files\/2001_Workshop_ESC-SCSS_Asian_immigrants_and_entrepreneurs_in_the_European_Community_2001.pdf\" target=\"_blank\" rel=\"noopener\"><em>Exploratory workshop on Asian Immigrants and Entrepreneurs in the European Community<\/em><\/a><span style=\"line-height: 20px\">.<\/span><span style=\"line-height: 20px\">Universidad de Nijmegen, Pa\u00edses Bajos, 10-11 de mayo de 2001.<\/span><\/p>\n<p><span style=\"font-size: small\">(2000) &#8220;<strong>Expansi\u00f3n geogr\u00e1fica y diversificaci\u00f3n econ\u00f3mica. Pautas y estrategias del asentamiento chino en Espa\u00f1a<\/strong>&#8220;. <a href=\"http:\/\/www.raco.cat\/index.php\/DocumentsAnalisi\/article\/viewFile\/31744\/31578\" target=\"_blank\" rel=\"noopener\"><strong><em>II Congreso sobre la Inmigraci\u00f3n en Espa\u00f1a<\/em><\/strong>.<\/a>\u00a0Madrid,ocutubre 2000.<\/span><\/p>\n<p style=\"text-align: justify\"><span style=\"line-height: 20px;font-size: small\">(1997) &#8220;<strong>La di\u00e1spora china en el Sudeste Asi\u00e1tico<\/strong>&#8220;. <em>Seminario internacional La integraci\u00f3n de Hong Kong y Macao en la Gran China<\/em>, organizado por la Escuela de Estudios de Asia Oriental de la Universitat Pompeu Fabra. Barcelona, febrero de 1997.<\/span><\/p>\n<p style=\"text-align: justify\"><span style=\"font-size: small\">(1996) &#8220;<strong>Tongbao. The \u2018Yijiaren\u2019 Metaphor<\/strong>&#8220;.\u00a0<\/span><span style=\"line-height: 20px\"><a href=\"http:\/\/chinesestudies.eu\/index.php\/newsletter\/98-newsletter-no-10-jul-1996\" target=\"_blank\" rel=\"noopener\"><em>The 11th European Association of Chinese Studies<\/em><\/a> (EACS) Conference.\u00a0<\/span><span style=\"line-height: 20px\">Barcelona, septiembre, 1996.<\/span><\/p>\n<p style=\"text-align: justify\"><span style=\"font-size: small\">(1988) &#8220;<strong>Los chinos en Madrid: aproximaci\u00f3n a partir de datos oficiales. Hip\u00f3tesis para una investigaci\u00f3n<\/strong>&#8220;.<em> II Jornadas de Antropolog\u00eda Madrile\u00f1a<\/em>. Madrid, noviembre 1988.<\/span><\/p>\n<p style=\"text-align: justify\"><span style=\"font-size: small\">(1987) &#8220;<strong>La identidad nacional en L&#8217;Alt Vinalop\u00f3<\/strong>&#8220;.\u00a0<\/span><span style=\"line-height: 20px\"><a href=\"http:\/\/migraciones.ugr.es\/cddi\/index.php\/libros\/article\/1998141796-oliver-narbona-oliver\" target=\"_blank\" rel=\"noopener\"><em>IV Congreso de Antropolog\u00eda<\/em><\/a>. Alicante,\u00a0<\/span><span style=\"line-height: 20px\">abril 1987.<\/span><\/p>\n<\/div>\n","protected":false},"excerpt":{"rendered":"<p>(2025) Criminales o v\u00edctimas. El poder de los estereotipos y el activismo racializado de la migraci\u00f3n china, en el Panel 6: Migraci\u00f3n china en Espa\u00f1a: criminalizaci\u00f3n, integraci\u00f3n y procesos de racializaci\u00f3n, en las Jornadas cient\u00edficas Desaf\u00edos y estrategias: La cooperaci\u00f3n con China desde el prisma de la seguridad nacional. Universidad Aut\u00f3noma de Madrid, Centro Cultural [&hellip;]<\/p>\n","protected":false},"author":20,"featured_media":0,"parent":0,"menu_order":0,"comment_status":"closed","ping_status":"closed","template":"","meta":{"footnotes":""},"class_list":["post-52","page","type-page","status-publish","hentry"],"_links":{"self":[{"href":"https:\/\/webs.uab.cat\/joaquinbeltran\/wp-json\/wp\/v2\/pages\/52","targetHints":{"allow":["GET"]}}],"collection":[{"href":"https:\/\/webs.uab.cat\/joaquinbeltran\/wp-json\/wp\/v2\/pages"}],"about":[{"href":"https:\/\/webs.uab.cat\/joaquinbeltran\/wp-json\/wp\/v2\/types\/page"}],"author":[{"embeddable":true,"href":"https:\/\/webs.uab.cat\/joaquinbeltran\/wp-json\/wp\/v2\/users\/20"}],"replies":[{"embeddable":true,"href":"https:\/\/webs.uab.cat\/joaquinbeltran\/wp-json\/wp\/v2\/comments?post=52"}],"version-history":[{"count":4,"href":"https:\/\/webs.uab.cat\/joaquinbeltran\/wp-json\/wp\/v2\/pages\/52\/revisions"}],"predecessor-version":[{"id":1019,"href":"https:\/\/webs.uab.cat\/joaquinbeltran\/wp-json\/wp\/v2\/pages\/52\/revisions\/1019"}],"wp:attachment":[{"href":"https:\/\/webs.uab.cat\/joaquinbeltran\/wp-json\/wp\/v2\/media?parent=52"}],"curies":[{"name":"wp","href":"https:\/\/api.w.org\/{rel}","templated":true}]}}