{"id":242,"date":"2019-11-14T12:00:49","date_gmt":"2019-11-14T12:00:49","guid":{"rendered":"https:\/\/webs.uab.cat\/dcs\/xvii-jornades-internacionals-de-recerca-en-didactica-de-les-ciencies-socials\/"},"modified":"2024-02-27T12:20:12","modified_gmt":"2024-02-27T12:20:12","slug":"xvii-jornades-internacionals-de-recerca-en-didactica-de-les-ciencies-socials","status":"publish","type":"page","link":"https:\/\/webs.uab.cat\/jornadesdcs\/xvii-jornades-internacionals-de-recerca-en-didactica-de-les-ciencies-socials\/","title":{"rendered":"XVII Jornades Internacionals de Recerca en Did\u00e0ctica de les Ci\u00e8ncies Socials"},"content":{"rendered":"<h1 dir=\"ltr\"><\/h1>\n<figure class=\"wp-block-image size-large is-style-default\"><img decoding=\"async\" class=\"wp-image-1260\" src=\"https:\/\/webs.uab.cat\/gredics\/wp-content\/uploads\/sites\/63\/2024\/02\/image-1024x201.png\" alt=\"\" \/><\/figure>\n<h1 dir=\"ltr\"><\/h1>\n<h1 dir=\"ltr\"><span style=\"color: #008000\"><strong>XVII Jornades Internacionals de Recerca en Did\u00e0ctica de les Ci\u00e8ncies Socials<\/strong><\/span><\/h1>\n<h2><span style=\"font-size: 18px\"><span style=\"color: #008000\"><strong>Construir la democr\u00e0cia en temps d\u2019incertesa. El paper de l\u2019ensenyament de les Ci\u00e8ncies socials, la geografia i la hist\u00f2ria<\/strong><\/span><\/span><\/h2>\n<h2 class=\"rtecenter\"><span style=\"font-size: 18px\"><span style=\"color: #008000\">Dossier i tr\u00edptic de les Jornades<\/span><\/span><\/h2>\n<h2 class=\"rtecenter\"><a href=\"https:\/\/ddd.uab.cat\/record\/220480?ln=ca\" target=\"_blank\" rel=\"noopener\"><img loading=\"lazy\" decoding=\"async\" src=\"https:\/\/ddd.uab.cat\/pub\/recdoc\/2020\/220480\/Dossier_XVII_Jornades_RDCS_2020.gif\" alt=\"\" width=\"131\" height=\"187\" \/><\/a><span style=\"font-size: 18px\"><span style=\"color: #008000\"><strong><a href=\"https:\/\/ddd.uab.cat\/record\/220531\" target=\"_blank\" rel=\"noopener\"><img loading=\"lazy\" decoding=\"async\" src=\"https:\/\/ddd.uab.cat\/pub\/jorconmatpro\/2020\/220531\/Triptic_XVII_Jornades.gif\" alt=\"\" width=\"261\" height=\"187\" \/><\/a><\/strong><\/span><\/span><\/h2>\n<h2><span style=\"font-size: 14px\">En las Jornades de Recerca passades ens plantej\u00e0vem la import\u00e0ncia del desenvolupament de la literacitat cr\u00edtica en l&#8217;ensenyament de les ci\u00e8ncies socials, la hist\u00f2ria i la geografia, i com aquest aprenentatge \u00e9s rellevant per formar una ciutadania global compromesa.<\/span><\/h2>\n<p dir=\"ltr\"><span style=\"font-size: 14px\">La literacitat cr\u00edtica y la ciutadania global han d\u2019estar orientades a comprendre i actuar davant de les injust\u00edcies socials com s\u00f3n les discriminacions, la viol\u00e8ncia de g\u00e8nere, el discurs de l\u2019odi o la reducci\u00f3 dels espais democr\u00e0tics, entre d\u2019altres. Per aquest motiu, pensem que l\u2019ensenyament de les ci\u00e8ncies socials ha de contribuir a desenvolupar la consci\u00e8ncia social i ciutadana i promoure l\u2019acci\u00f3 social.\u00a0<\/span><\/p>\n<p dir=\"ltr\"><span style=\"font-size: 14px\">Creiem en la import\u00e0ncia de mantenir l&#8217;esperan\u00e7a en la democr\u00e0cia davant dels temps foscos que estem vivint en diferents llocs del m\u00f3n. En aquestes Jornades volem evidenciar que des de les escoles, instituts, universitats i des de la societat en general estem compromesos davant dels reptes que ens planteja el m\u00f3n actual, per aix\u00f2 ens proposem pensar la democr\u00e0cia i el paper de l\u2019ensenyament de les Ci\u00e8ncies socials per fer-los front.<\/span><\/p>\n<p dir=\"ltr\"><span style=\"font-size: 14px\">\u00a0Perqu\u00e8 no sigui nom\u00e9s un discurs ut\u00f2pic i allunyat de les realitats educatives m\u00e9s palpables, les jornades d\u2019enguany es plantegen sobre aquests quatre\u00a0eixos b\u00e0sics:\u00a0<\/span><\/p>\n\n<ol>\n \t<li dir=\"ltr\">\n<p dir=\"ltr\"><span style=\"font-size: 14px\">Investigar i innovar per a la igualtat: perspectiva humanitzadora i de g\u00e8nere<\/span><\/p>\n<\/li>\n \t<li dir=\"ltr\">\n<p dir=\"ltr\"><span style=\"font-size: 14px\">Formar el pensament cr\u00edtic en un m\u00f3n digital: relats, contrarelats i emocions.\u00a0<\/span><\/p>\n<\/li>\n \t<li dir=\"ltr\">\n<p dir=\"ltr\"><span style=\"font-size: 14px\">Pensar la democr\u00e0cia: educaci\u00f3 per a la participaci\u00f3 i el canvi social.\u00a0<\/span><\/p>\n<\/li>\n \t<li dir=\"ltr\">\n<p dir=\"ltr\"><span style=\"font-size: 14px\">Educar per el futur: prospectiva i ensenyament de les ci\u00e8ncies socials.\u00a0<\/span><\/p>\n<\/li>\n<\/ol>\n<p class=\"rtejustify\"><span style=\"font-size: 14px\">Calendari<\/span><\/p>\n<p class=\"rtejustify\"><span style=\"font-size: 14px\">15 de novembre\u00a0de 2019\u00a0Inici\u00a0del per\u00edode\u00a0d&#8217;inscripcions.\n18 de desembre de 2019\u00a0Finalizaci\u00f3\u00a0del per\u00edoide de presentaci\u00f3\u00a0de resums.\n20 de desembre de 2019\u00a0Comunicaci\u00f3\u00a0de l&#8217;aceptaci\u00f3\u00a0por part\u00a0del comit\u00e8.\n31 de gener de 2020\u00a0Finalizaci\u00f3\u00a0del per\u00edode\u00a0d&#8217;inscripcions.\n6, 7 i 8 de febrer\u00a0de 2020 XVII JORNADES.\n9\u00a0de febrer\u00a0de 2020 Entrega de certificats.\n22 de febrer\u00a0de 2020 Finalizaci\u00f3\u00a0del per\u00edode\u00a0de l&#8217;enviament\u00a0de comunicacions.\u00a0<\/span><\/p>\n<p class=\"rtejustify\"><\/p>\n<p dir=\"ltr\"><span style=\"color: #008000\">Activitat reconeguda pel Departament d\u2019Ensenyament de la Generalitat de Catalunya, com a formaci\u00f3 del professorat, amb 20 hores.\u00a0<\/span><\/p>\n<span style=\"color: #008000\">Activitat amb el suport de la Facultat de Ci\u00e8ncies de l\u2019Educaci\u00f3, Unitat de Did\u00e0ctica de les Ci\u00e8ncies Socials i GREDICS (Grup de Recerca en Did\u00e0ctica de les Ci\u00e8ncies Socials). Grup Reconegut per AQU: 2017 SGR 1600.<\/span>\n<p dir=\"ltr\"><span style=\"color: #008000\">Activitat inclosa al M\u00e0ster de Recerca en Educaci\u00f3 i al Doctorat en Educaci\u00f3<\/span><\/p>","protected":false},"excerpt":{"rendered":"<p>XVII Jornades Internacionals de Recerca en Did\u00e0ctica de les Ci\u00e8ncies Socials Construir la democr\u00e0cia en temps d\u2019incertesa. El paper de l\u2019ensenyament de les Ci\u00e8ncies socials, la geografia i la hist\u00f2ria Dossier i tr\u00edptic de les Jornades En las Jornades de Recerca passades ens plantej\u00e0vem la import\u00e0ncia del desenvolupament de la literacitat cr\u00edtica en l&#8217;ensenyament de [&hellip;]<\/p>\n","protected":false},"author":20,"featured_media":0,"parent":0,"menu_order":0,"comment_status":"closed","ping_status":"closed","template":"","meta":{"footnotes":""},"class_list":["post-242","page","type-page","status-publish","hentry"],"_links":{"self":[{"href":"https:\/\/webs.uab.cat\/jornadesdcs\/wp-json\/wp\/v2\/pages\/242","targetHints":{"allow":["GET"]}}],"collection":[{"href":"https:\/\/webs.uab.cat\/jornadesdcs\/wp-json\/wp\/v2\/pages"}],"about":[{"href":"https:\/\/webs.uab.cat\/jornadesdcs\/wp-json\/wp\/v2\/types\/page"}],"author":[{"embeddable":true,"href":"https:\/\/webs.uab.cat\/jornadesdcs\/wp-json\/wp\/v2\/users\/20"}],"replies":[{"embeddable":true,"href":"https:\/\/webs.uab.cat\/jornadesdcs\/wp-json\/wp\/v2\/comments?post=242"}],"version-history":[{"count":1,"href":"https:\/\/webs.uab.cat\/jornadesdcs\/wp-json\/wp\/v2\/pages\/242\/revisions"}],"predecessor-version":[{"id":809,"href":"https:\/\/webs.uab.cat\/jornadesdcs\/wp-json\/wp\/v2\/pages\/242\/revisions\/809"}],"wp:attachment":[{"href":"https:\/\/webs.uab.cat\/jornadesdcs\/wp-json\/wp\/v2\/media?parent=242"}],"curies":[{"name":"wp","href":"https:\/\/api.w.org\/{rel}","templated":true}]}}