{"id":1254,"date":"2022-10-03T10:40:11","date_gmt":"2022-10-03T08:40:11","guid":{"rendered":"https:\/\/webs.uab.cat\/laprec\/esdeveniments-2\/"},"modified":"2026-01-25T17:03:20","modified_gmt":"2026-01-25T15:03:20","slug":"esdeveniments","status":"publish","type":"page","link":"https:\/\/webs.uab.cat\/laprec\/en\/esdeveniments\/","title":{"rendered":"Events"},"content":{"rendered":"\n<h2 class=\"wp-block-heading\"><strong>2016<\/strong><\/h2>\n\n\n\n<p><a href=\"https:\/\/grupsderecerca.uab.cat\/laprec\/sites\/grupsderecerca.uab.cat.laprec\/files\/Seminario%20y%20Talleres%20Comunicaci%C3%B3n%20y%20Desarrollo%20Sostenible_2016.pdf\">V International Seminar: \u201cComunicaci\u00f3n, Desarrollo y Derechos Humanos: la Agenda 2030\u201d<\/a>. Mediterranean Observatory of Communication&nbsp;(OMEC), Master Erasmus Mundus Crossing the Mediterranean: towards investment and integration and Laprec. With the support of&nbsp;the Autonomous Solidarity Foundation&nbsp;(FAS) and the Faculty of Communication Studies of the&nbsp;UAB. Barcelona, November 15, 2016. Speakers: Luis Miguel Sirumbal (CEDAL, Peru), Olga Del R\u00edo (Universitat de Girona), Thomas Tufte (\u00d8recomm, Denmark), Ricardo Carniel (Laprec), \u00d2scar Velasco (Creu Roja Catalunya) and&nbsp;Cristina Vel\u00e1squez (Bcn Intercultural, Barcelona city council).&nbsp;<\/p>\n\n\n\n<p><a href=\"https:\/\/www.ecrea2016prague.eu\/\">6th European Communication Conference \u201cMediated (Dis) Continuities: Constesting Pasts, Presents and Futures<\/a>. European Communication Research and Education Association (ECREA). Prague, November 9- 12, 2016. Presenters, among others: Ricardo Carniel Bugs (Laprec), Estibaliz Ortega (Laprec) and Teresa Vel\u00e1zquez (Laprec).<\/p>\n\n\n\n<p><a href=\"https:\/\/alaic2016.cua.uam.mx\/\">XIII Congreso Latinoamericano de Investigadores de la Comunicaci\u00f3n \u201cSociedad del Conocimiento y Comunicaci\u00f3n: Reflexiones cr\u00edticas desde Am\u00e9rica Latina<\/a>. Asociaci\u00f3n Latinoamericana de Investigadores de la Comunicaci\u00f3n (ALAIC) and Universidad Aut\u00f3noma Metropolitana (Mexico). Mexico, October 5- 7, 2016. Presenters, among others: Ricardo Carniel Bugs (Laprec) and Teresa Vel\u00e1zquez (Laprec). &nbsp;<\/p>\n\n\n\n<p>Mesa de Debate \u201cMigraci\u00f3n y la agenda de los medios\u201d \u2013 Revista Versi\u00f3n \u201cDi\u00e1logos contempor\u00e1neos sobre sociedad, comunicaci\u00f3n y cultura\u201d. Universidad Aut\u00f3noma Metropolitana (UAM \u2013 Xochimilco). Xochimilco (Mexico), October 4, 2016. Presenter, among others:Ricardo Carniel Bugs (Laprec).&nbsp;<\/p>\n\n\n\n<p><a href=\"https:\/\/www.fcpolit.unr.edu.ar\/congreso\/\">XII Congreso Nacional y V Congreso Internacional &#8220;La Democracia por venir. Elecciones, nuevos sujetos pol\u00edticos, desigualdades, globalizaci\u00f3n&#8221;.<\/a>&nbsp;Universidad Nacional de Rosario (Argentina). Rosario (Argentina), September 12-15, 2016. Presenters, among others: Ricardo Carniel (Laprec) and Teresa Vel\u00e1zquez (Laprec).<\/p>\n\n\n\n<p><a href=\"https:\/\/www.aasemiotica.com.ar\/agenda-x-congreso-argentino-y-v-internacional-de-semiotica\/\">X Congreso &#8220;Miradas y recorridos, nuevos objetos de conocimiento&#8221;<\/a>. Asociaci\u00f3n Argentina de Semi\u00f3tica. Paran\u00e1 and Santa Fe, September 15-17, 2016. Presenters, among others:&nbsp;Teresa Vel\u00e1zquez (Laprec).<\/p>\n\n\n\n<p><a href=\"https:\/\/ciespal.org\/event\/i-congreso-internacional-los-territorios-discursivos-america-latina-interculturalidad-comunicacion-e-identidad\/\">I Congreso Internacional Los Territorios Discursivos en Am\u00e9rica Latina Interculturalidad, Comunicaci\u00f3n e Identidad<\/a>. Centro Internacional de Estudios Superiores de Comunicaci\u00f3n para Am\u00e9rica Latina (CIESPAL), Sociedad Latinoamericana de Estudios Interculturales (SoLEI), Universidad de La Frontera (UFRO). Sponsor, among others: Laprec. Quito (Ecuador), September 12-14, 2016.<\/p>\n\n\n\n<p><a href=\"https:\/\/www.madrid2016.org\/\">Congreso Iberoamericano de Comunicaci\u00f3n \u201cComunicaci\u00f3n, Cultura y Cooperaci\u00f3n<\/a>. Asociaci\u00f3n Espa\u00f1ola de Investigaci\u00f3n de la Comunicaci\u00f3n. Madrid, July 4-8, 2016. Presenter, among others: Miguel G\u00e1mez (Laprec) &nbsp;&nbsp;<\/p>\n\n\n\n<p><a href=\"https:\/\/obmec.files.wordpress.com\/2016\/05\/foto-seminario.png?w=640\">Encuentro \u201cComunicaci\u00f3n e Interculturalidad: Lecturas a la Crisis Civilizatoria\u201d<\/a>. Universidad Cat\u00f3lica de Temuco (Chile), Fondo Nacional de Desarrollo Cient\u00edfico y Tecnol\u00f3gico chileno and Laprec. Temuco (Chile), June 14-15, 2016. Speaker, among others:&nbsp;Teresa Vel\u00e1zquez (Laprec).<\/p>\n\n\n\n<p>Seminario de \u201cSemi\u00f3tica e interdisciplinariedad\u201d, Universidad de La Frontera, 16 de junio de 2016. Speaker, among others: Teresa Vel\u00e1zquez (Laprec).<\/p>\n\n\n\n<p><a href=\"https:\/\/www.crecs.info\/crecs2016\/\">CREC 2016. 6\u00aa Conferencia internacional sobre revistas de ciencias sociales y humanidades<\/a>. Barcelona, May 5-6, 2016. Presenters, among others: Lucrecia Escudero-Chauvel (Universidad de Lille 3), Teresa Vel\u00e1zquez (LAPREC) and Cristina-Pe\u00f1amar\u00edn (Universidad Complutense de Madrid).<\/p>\n\n\n\n<p><a href=\"https:\/\/doctoratcomunicacio.files.wordpress.com\/2016\/04\/web.pdf\">Seminario \u201cPensar una Comunicolog\u00eda del Sur\u201d<\/a>. Laprec and Universidad Cat\u00f3lica de Temuco. UAB, Bellaterra (Cerdanyola del Vall\u00e8s), &nbsp;April 12, 2016. Invited speaker: Claudio Maldonado (Universidad Cat\u00f3lica de Temuco, Chile).<\/p>\n\n\n\n<p><a href=\"https:\/\/www.designisfels.net\/acontecimientos\/programme-colloque-designis16.pdf\">Colloque international&nbsp;<em>deSignis<\/em>&nbsp;\u00ab&nbsp;Perspectives de la&nbsp; semiotique: histoire, memoire, nouveau espace public<\/a>&nbsp;\u00bb. Organizado por La revue deSigniS, en collaboration avec&nbsp;&nbsp; Infocom \u2013 IUT B Universit\u00e9 Lille, CEISME \u2013 Universit\u00e9 de Paris III, sous le patronage de&nbsp; l&#8217;Ambassade&nbsp; Argentine&nbsp; en France de la F\u00e9d\u00e9ration Latino-am\u00e9ricaine de S\u00e9miotique (FELS) et de AMESVE. Paris, February 16-17, 2016.&nbsp;Presenter, among others:Teresa Vel\u00e1zquez (Laprec).<\/p>\n\n\n\n<p><a href=\"https:\/\/www.iemed.org\/dossiers\/dossiers-iemed\/mon-arab-i-mediterrani\/aula-mediterrania-2015-2016\/seminaraula2016en-19-01-16.pdf\">The Mediterranean Through an academic lens: 2016 in perspective<\/a>. European Institute of the Mediterranean&nbsp;(IEMed). Barcelona, January 21- 22, 2016. Participants, among others: Ricardo Carniel (Moderator, Laprec) and&nbsp;Estibaliz Ortega (Discussant, Laprec).<\/p>\n\n\n\n<p><a href=\"https:\/\/www.iut.univ-lille3.fr\/infocom\/index.php\/conferences-erasmus-20152016\/\">VI Cycle de Conf\u00e9rences du&nbsp; Programme&nbsp; Erasmus 2015-2016<\/a>,&nbsp; activit\u00e9 acad\u00e9mique&nbsp; de la Licence Professionnelle&nbsp; du d\u00e9partement INFOCOM de l&#8217;IUTB&nbsp; de l\u2019Universit\u00e9 de Lille 3, January 25- 29,2016. Speaker, among others: Ricardo Carniel (Laprec).<\/p>\n\n\n\n<h2 class=\"wp-block-heading\"><strong>2015<\/strong><\/h2>\n\n\n\n<p><a href=\"https:\/\/internationalandintercultural.files.wordpress.com\/2015\/11\/ecrea-iic-conference-programme-2015-final.pdf\">IV Internacional Conference&nbsp;&#8221; Communication, Development and Human Rights: social change and media flows &#8220;.<\/a>&nbsp; International and Intercultural Communication section de ECREA and Laprec. With the support of OMEC, the&nbsp;Master Erasmus Mundus Crossing the Mediterranean: towards investment and integration and the Autonomous Solidarity Foundation&nbsp;(FAS). Barcelona, November 19-20, 2015. Presenters, among others:&nbsp;researchers members of Laprec.<\/p>\n\n\n\n<p><a href=\"https:\/\/felafacs.org\/news\/xi-conferencia-de-comunicacion-de-las-americas-felafacs-nca\/\">XI Conferencia de Comunicaci\u00f3n de las Am\u00e9ricas \u201cConvergencias Comunicativas: Mutaciones de la Cultura y el Poder y Transformaciones en el \u00c1mbito Acad\u00e9mico en las Am\u00e9ricas y en la Pen\u00ednsula Ib\u00e9rica \u201c<\/a>. La Federaci\u00f3n Latinoamericana de Facultades de Comunicaci\u00f3n (FELAFACS). Medellin (Colombia), October 5-7, 2015. Presenters, among others: Ricardo Carniel Bugs (Laprec) and Teresa Vel\u00e1zquez (Laprec).&nbsp;<\/p>\n\n\n\n<p><a href=\"https:\/\/issuu.com\/uninortecolombia\/docs\/revista_2015\">C\u00e1tedra Europa 2015<\/a>. Seminario Universidad Aut\u00f3noma de Barcelona. Universidad del Norte. Barranquilla (Colombia), March 14- 17, 2015. Speaker, among others: Teresa Vel\u00e1zquez (Laprec).<\/p>\n\n\n\n<p>Conferencia en la Universidad Tecnol\u00f3gica de&nbsp; Bol\u00edvar de Cartagena de Indias, (Colombia). March 20, 2015. Speaker, among others: Teresa Vel\u00e1zquez (Laprec), with the &nbsp;collaboration of&nbsp;Ricardo Carniel (Laprec).<\/p>\n\n\n\n<p><a href=\"https:\/\/mal217.org\/fr\/archives\/le-nouvel-espace-public--transformations-de-la-visibilite\">Colloque international deSignis \u00abLe nouvel espace public :Transformations de la visibilit\u00e9\u00bb. La revue deSigniS en collaboration avec le D\u00e9partement&nbsp; Infocom<\/a>&nbsp;\u2013 IUT B Universit\u00e9 Lille, sous le patronage de l&#8217;Ambassade&nbsp; Argentine&nbsp; en France&nbsp; et de la F\u00e9d\u00e9ration Latino-am\u00e9ricaine de S\u00e9miotique (FELS) Paris, February 23-24, 2015. Presenter, among others:Teresa Vel\u00e1zquez (Laprec).<\/p>\n\n\n\n<p><a href=\"https:\/\/obmec.wordpress.com\/2015\/02\/06\/seminario-interdisciplinario-20-anos-de-cambios-una-region-diferente-repasa-los-cambios-acaecidos-en-el-mediterraneo-desde-la-firma-de-la-declaracion-de-barcelona\/\">Seminario interdisciplinario \u201c20 a\u00f1os de cambios, una regi\u00f3n diferente\u201d<\/a>. European Institute of the Mediterranean&nbsp;(IEMed). Barcelona, January 26- 27, 2015. Speakers, among others: Juan Antonio Garc\u00eda Galindo (Laprec), Olga Del R\u00edo (Laprec) and Ricardo Carniel Bugs (Laprec).<\/p>\n\n\n\n<h2 class=\"wp-block-heading\"><strong>2014<\/strong><\/h2>\n\n\n\n<p><a href=\"https:\/\/ecrea2014.ulusofona.pt\/\">5th European Conference \u201cCommunication for empowerment: citizens, markets, innovation\u201d.<\/a>&nbsp;European Communication Research and Education Association (ECREA). Lisbon, November 12-15, 2014. Presenters, among others:Teresa Vel\u00e1zquez (Laprec) and Estibaliz Ortega (Laprec).&nbsp; &nbsp;&nbsp;<\/p>\n\n\n\n<p><a href=\"https:\/\/www.iut.univ-lille3.fr\/infocom\/index.php\/colloque-international-memoire-reconstruction-espace-public\/\">V CYCLE DE CONFERENCES \u201cQUEL AVENIR AUX METIERS DE LA COMMUNICATION?\u201d<\/a>. Universit\u00e9 de Lille III, Charles DeGaulle, 3-4 Novembre 2014. Speakers, among others: Ricardo Carniel (Laprec), Olga Del R\u00edo (Laprec) and Teresa Vel\u00e1zquez (Laprec).<\/p>\n\n\n\n<p><a href=\"https:\/\/www.fcpolit.unr.edu.ar\/memorias-xi-congreso-nacional-y-iv-congreso-internacional-sobre-democracia\/\">XI CONGRESO NACIONAL&nbsp; y&nbsp; IV CONGRESO INTERNACIONAL SOBRE DEMOCRACIA<\/a>. Facultad de Ciencia Pol\u00edtica y Relaciones Internacionales. Universidad Nacional de Rosario (Rosario, Santa Fe, Argentina), September&nbsp;8-11, 2014. Presenter, among others: Teresa Vel\u00e1zquez (Laprec).<\/p>\n\n\n\n<p><a href=\"https:\/\/www.uninorte.edu.co\/documents\/13233\/5516301\/programacion_CE_2014.pdf\">C\u00e1tedra Europa 2014.&nbsp;<\/a>\u201cSeminario Universidad Aut\u00f3noma de Barcelona\u201d. Universidad del Norte.&nbsp; Barranquilla (Colombia), March 17- 22, 2014. Speaker, among others: Teresa Vel\u00e1zquez (Laprec).<\/p>\n\n\n\n<p><a href=\"https:\/\/www.afacom.org\/25-afacom\/529-universidad-de-cartagena-sede-del-encuentro-academico-afacom\">Encuentro Acad\u00e9mico AFACOM. Universidad de Cartagena<\/a>. Cartagena (Colombia), March 20, 2014. Speaker, among others: Teresa Vel\u00e1zquez (Laprec).<\/p>\n\n\n\n<p><a href=\"https:\/\/www.afacom.org\/25-afacom\/529-universidad-de-cartagena-sede-del-encuentro-academico-afacom\">Encuentro acad\u00e9mico de investigadores. ACICOM-AFACOM.<\/a>&nbsp;Universidad de Cartagena. Cartagena (Colombia): Mesa Redonda \u201cExperiencias de investigaci\u00f3n&nbsp; en Inglaterra\/Australia\/USA\/Espa\u00f1a\u201d, March 19, 2014. Participants, among others: Teresa Vel\u00e1zquez (Laprec) and Mar\u00eda Dolores Montero (UAB).<\/p>\n\n\n\n<p><a href=\"https:\/\/www.felsemiotica.org\/site\/?page_id=11\">VIII CONGRESO LATINIOAMERICANO DE LA FELS&nbsp;<\/a>\u201cSemi\u00f3tica, Cultura, Arte y Tecnolog\u00eda\u201d. Centro Cultural&nbsp; Universitario Bicentenario San Lu\u00eds de Potos\u00ed (Mexico), February 17-22, 2014. Presenter, among others: Teresa Vel\u00e1zquez (Laprec).<\/p>\n\n\n\n<p><a href=\"https:\/\/www.aeic2014bilbao.org\/\">Congreso &#8220;Komunikazio Eremuak\/Espacios de Comunicaci\u00f3n&#8221;<\/a>. Asociaci\u00f3n Espa\u00f1ola de Investigaci\u00f3n de la Comunicaci\u00f3n (AE-IC) and Universidad del Pa\u00eds Vasco (UPV-EHU). Bilbao, January 22 &#8211; 24, 2014. Presenter, among others: Ricardo Carniel Bugs (Laprec).&nbsp;&nbsp; &nbsp;<\/p>\n\n\n\n<h2 class=\"wp-block-heading\"><strong>2013<\/strong><\/h2>\n\n\n\n<p><a href=\"https:\/\/www.iut.univ-lille3.fr\/infocom\/files\/2013\/10\/iut_erasmus_2013-14.pdf\">Programme de Conf\u00e8rences ERASMUS&nbsp; 2013-2014.<\/a>&nbsp;Universit\u00e9 Lille 3 Charles De Gaulle. Lille, December 4-6, 2013. Speaker, among others: Teresa Vel\u00e1zquez (Laprec).<\/p>\n\n\n\n<p><a href=\"https:\/\/internationalandintercultural.files.wordpress.com\/2013\/11\/conference-programme-communication-development-and-human-rights_social-change-and-media-flows.pdf\">III International Conference&nbsp;&#8221;&nbsp;Communication, Development and Human Rights: social change and media flows &#8220;<\/a>. International and Intercultural Communication section de ECREA and Laprec. With the support of&nbsp;OMEC, the Master Erasmus Mundus Crossing the Mediterranean: towards investment and integration and the Autonomous Solidarity Foundation (FAS). Barcelona, November 6 al 8, 2013. Presenters, among others:researchers members of Laprec.<\/p>\n\n\n\n<p><a href=\"https:\/\/www.ecrea.eu\/events\/about\/id\/92\">&#8220;Communication &amp; Media Policy in Europe: Assessing the Past, Setting Agendas for the Future&#8221;.<\/a>&nbsp;Law and Policy Section of ECREA and MediaCityUK, University of Salford, Manchester. Salford (UK), October 25-26, 2013. Presenter, among others: Carmina Crusaf\u00f3n (Laprec).<\/p>\n\n\n\n<p><a href=\"https:\/\/www.seeci.net\/cuiciid2013\/\">Congreso Universitario Internacional sobre la comunicaci\u00f3n en la profesi\u00f3n y en la Universidad de hoy: Contenidos, Investigaci\u00f3n, Innovaci\u00f3n y Docencia<\/a>. Universidad Complutense de Madrid. Madrid, October 15-16, 2013. Presenters, among others: Ricardo Carniel Bugs (Laprec) and Fernando Sab\u00e9s (Laprec).&nbsp;&nbsp;<\/p>\n\n\n\n<p><a href=\"https:\/\/www.uninorte.edu.co\/web\/catedra-europa\/144\">C\u00e1tedra Europa 2013<\/a>. \u201cSeminario Universidad Aut\u00f3noma de Barcelona\u201d. Universidad del Norte.&nbsp; Barranquilla (Colombia), March 18-22, 2013. Speaker, among others: Teresa Vel\u00e1zquez (Laprec).<\/p>\n\n\n\n<h2 class=\"wp-block-heading\"><strong>2012<\/strong><\/h2>\n\n\n\n<p>Programme de Conf\u00e8rences ERASMUS 2012-2013. Universit\u00e9 Lille 3 Charles De Gaulle. Lille, December 6, 2012. Speaker, among others: Teresa Vel\u00e1zquez (Laprec).<\/p>\n\n\n\n<p><a href=\"https:\/\/obmec.wordpress.com\/2012\/11\/26\/29112012-obsrvatori-mediterrani-de-la-comunicacio-il-seminari-internacional-comunicacio-desenvolupament-i-drets-humans\/\">II International Conference&nbsp;\u201cComunicaci\u00f3n, derechos humanos y Desarrollo en el Mediterr\u00e1neo\u201d.<\/a>&nbsp;Mediterranean Observatory of Communication, Master in Intermediterranean Mediation (MIM) and Laprec. Barcelona, November 22 and 29, 2012. Presenters, among others: researchers members of Laprec.&nbsp;<\/p>\n\n\n\n<p><a href=\"https:\/\/www.depontevedra.es\/?1,27644\">POL\u00cdTICA, ENTRETENIMIENTO Y COMUNICACI\u00d3N EN EUROPA. UIMP.&nbsp;<\/a>Monasterio de Aciveiro (Forcarei-PONTEVEDRA), October 15-16, 2012. Presenter, among others: Teresa Vel\u00e1zquez (Laprec).<\/p>\n\n\n\n<p><a href=\"https:\/\/www.semio2012.com\/\">11th&nbsp; World Congress of Semiotics IASS\/AIS. Nanjing Normal University.<\/a>&nbsp;Round Tables n\u00ba 49 \u201cNew Cultural Identities and Digitals Mediations\u201d y n\u00b0 55 \u201cSemiotic(s) in Latin-America: bridges between multicultural socio-semiotics Latinamerican Semiotics Federation (FELS)\u201d, Nanjing (China), October 5 \u2013 9, 2012. Presenter, among others: Teresa Vel\u00e1zquez (Laprec).<\/p>\n\n\n\n<p><a href=\"https:\/\/linguisticayteoria.ugr.es\/pages\/actividades\/jornadas-aas-2012-actualidad-de-la-semiotica\/jornadas-actualidad-de-la-semiotica\">JORNADAS SOBRE ACTUALIDAD DE LA SEMI\u00d3TICA.<\/a>&nbsp;Organized&nbsp;by Asociaci\u00f3n Andaluza de Semi\u00f3tica and Dpto. de Ling\u00fc\u00edstica General y Teor\u00eda de la Literatura. Facultad de Filosof\u00eda y Letras. Universidad de Granada, Maig 10-11, 2012. Invited speaker: Teresa Vel\u00e1zquez (Laprec).<\/p>\n\n\n\n<p>VIII Observatorio de la Globalizaci\u00f3n de la Universidad de Ja\u00e9n. Los Movimientos Sociales&nbsp; y la Crisis Econ\u00f3mica y Social. Universidad de Ja\u00e9n, Maig 3, 2012. Speaker, among others: Teresa Vel\u00e1zquez (Laprec).<\/p>\n\n\n\n<p><a href=\"https:\/\/www.youtube.com\/watch?v=jF1VL1VOlnc\">VII Setmana de Copoperaci\u00f3 de la Fundaci\u00f3 Aut\u00f2noma Solid\u00e0ria (FAS) &#8220;Conflictes i revoltes a la Mediterr\u00e0nia&#8221;<\/a>. UAB. Bellaterra (Cerdanyola del Vall\u00e8s), March 26-30, 2012. Presenters, among others: Teresa Vel\u00e1zquez (Laprec) and Ricardo Carniel (Laprec).<\/p>\n\n\n\n<p><a href=\"https:\/\/www.uninorte.edu.co\/web\/catedra-europa\/145\">C\u00e1tedra Europa 2012<\/a>. \u201cSeminario Universidad Aut\u00f3noma de Barcelona\u201d. Universidad del Norte.&nbsp; Barranquilla (Colombia), March&nbsp;12-16, 2012. Speaker: Teresa Vel\u00e1zquez (Laprec).&nbsp;<\/p>\n\n\n\n<h2 class=\"wp-block-heading\"><strong>2011<\/strong><\/h2>\n\n\n\n<p><a href=\"https:\/\/www.uclm.es\/actividades\/2011\/xivcongresoaes\/\">XIV Congreso Asociaci\u00f3n Espa\u00f1ola de Semi\u00f3tica \u201cLos discursos del poder<\/a>\u201d. Facultad de Periodismo \u2013 UCLM (Cuenca), November 23-26, 2011. Speaker, among others: Teresa Vel\u00e1zquez (Laprec).<\/p>\n\n\n\n<p><a href=\"https:\/\/www.museudaimprensa.pt\/eventuais\/snam\/2013\/Convocatoria%20IBERCOM%202011.pdf\">XII IBERCOM. Comunicaci\u00f3n y Derechos Humanos:<\/a>&nbsp;Procesos de inclusi\u00f3n y exclusi\u00f3n en Iberoam\u00e9rica. Sesi\u00f3n plenaria: El Derecho a la Informaci\u00f3n y la Comunicaci\u00f3n en las normativas iberoamericanas. Santa Cruz de la Sierra (Bolivia), November 10-12, 2011. Speakers, among others: Olga Del R\u00edo&nbsp; (Laprec) and Teresa Vel\u00e1zquez (Laprec).<\/p>\n\n\n\n<p><a href=\"https:\/\/www.compoliticas.org\/web\/agenda\/85-nuevas-identidades-culturales\">NUEVAS IDENTIDADES CULTURALES Y MEDIACIONES DIGITALES<\/a>. IV Encuentro Internacional Nuevas Tecnolog\u00edas de la Informaci\u00f3n y Participaci\u00f3n Ciudadana. Facultad de Comunicaci\u00f3n. Universidad de Sevilla, Maig&nbsp;16-18, 2011. Speakers, among others:Teresa Vel\u00e1zquez (Laprec) and Lucrecia Escudero (Universit\u00e9 de Liulle III, Charles DeGaulle).<\/p>\n\n\n\n<p><a href=\"https:\/\/www.ocud.es\/es\/pl55\/actividades-propias-y-en-red\/congresos-cud\/id1300\/actas-del-v-congreso-cud-celebrado-en-cadiz-del-6-al-8-de-abril-de-2011.htm\">V Congreso Cooperaci\u00f3n y Universidad \u201cLa Cooperaci\u00f3n Universitaria al Desarrollo ante los Retos de un Mundo en Crisis\u201d<\/a>. Cadiz, Abril 6-8, 2011. Speaker, among others: Teresa Vel\u00e1zquez (Laprec).<\/p>\n\n\n\n<h2 class=\"wp-block-heading\"><strong>2010<\/strong><\/h2>\n\n\n\n<p>Setmana Cultural de Jord\u00e0nia. Organitzada per: Centre Euro \u00c0rab de Catalunya en el marc de la Uni\u00f3 per la Mediterr\u00e0nia. Barcelona, December 14, 2010. Speaker, among others: Teresa Vel\u00e1zquez (Laprec).<\/p>\n\n\n\n<p><a href=\"https:\/\/semiouis.blogspot.com.es\/2010\/09\/iii-congreso-de-la-sociedad-colombiana.html\">III Congreso de la Sociedad Colombiana de Estudios Semi\u00f3ticos (SOCESCO<\/a>) y de Comunicaci\u00f3n SEMI\u00d3TICA 3.0. CONOCIMIENTO, CONTEMPORANEIDAD Y COMUNICACI\u00d3N. Bogota. Colombia, November 4-5, 2010. Speaker, among others:Teresa Vel\u00e1zquez (Laprec).<\/p>\n\n\n\n<p><a href=\"https:\/\/wocmes.iemed.org\/\">Congreso Mundial de Estudios sobre Oriente Medio y Norte de \u00c1frica (WOCMES). Instituto Europeo del Mediterr\u00e1neo (IEMed)<\/a>. Barcelona, July 19-24, 2010. Presenters, among others: researchers members of&nbsp;Laprec.&nbsp;<\/p>\n\n\n\n<p><a href=\"https:\/\/www.tresculturas.org\/noticia\/seminario-internacional-%C2%A8medios-de-comunicacion-y-dialogo-en-el-mediterraneo%C2%A8\/\">SEMINARIO SOBRE MEDIOS DE COMUNUNICAIC\u00d3N EN EL MEDITERR\u00c1NEO. Fundaci\u00f3n Tres Culturas del Mediterr\u00e1neo.<\/a>&nbsp;Sevilla, April 7-8, 2010. Presenters, among others: Olga Del R\u00edo (Laprec) and Teresa Vel\u00e1zquez (Laprec).<\/p>\n\n\n\n<h2 class=\"wp-block-heading\"><strong>2009<\/strong><\/h2>\n\n\n\n<p><a href=\"https:\/\/omec.uab.cat\/documentos%20varios\/Seminari%20digital_2.pdf\">I Seminari Internacional sobre \u201cComunicaci\u00f3, desenvolupament i drets humans a la Mediterr\u00e0nia. Nous reptes a l\u2019agenda internacional\u201d.<\/a>&nbsp;OMEC and LAPREC, December 4-5, 2009. Barcelona, Col\u00b7legi de Periodistes de Catalunya. Speakers: members of Laprec.<\/p>\n\n\n\n<p><a href=\"https:\/\/www.novosmedios.gal\/2009\/11\/23\/a-comunicion-e-a-cultura-nos-espazos-de-proximidade-a-debate-no-consello-da-cultura-galega\/\">Congreso \u201cA comunicaci\u00f3n e a cultura nos \u00e1mbitos locais. Estratexias para recuperar, conservar e difundir a cultura nos escenarios de proximidade\u00b7<\/a>. Universidade de Santiago de Compostela, November 23 -25, 2009. Speaker, among others: Teresa Vel\u00e1zquez (Laprec).<\/p>\n\n\n\n<p><a href=\"https:\/\/octavioislas.com\/2008\/12\/27\/2303-espana-x-congreso-mundial-de-semiotica-a-coruna-espana-22-26-septiembre-2009\/\">X CONGRESO MUNDIAL DE SEMI\u00d3TICA. XIII CONGRESO DE LA ASOCIACI\u00d3N ESPA\u00d1OLA DE SEMI\u00d3TICA (AES)&nbsp;<\/a>\u201cDi\u00e1logos sobre Comunicaci\u00f3n, Cultura y Literatura\u201d. La Coru\u00f1a, September 22-27, 2009. Speaker, among others: Teresa Vel\u00e1zquez (Laprec).<\/p>\n\n\n\n<h2 class=\"wp-block-heading\"><strong>2008<\/strong><\/h2>\n\n\n\n<p><a href=\"https:\/\/ecodiario.eleconomista.es\/internacional\/noticias\/639762\/07\/08\/Marruecos-Expertos-apuestan-en-Tanger-por-una-union-igualitaria-y-solidaria-de-los-paises-del-Mediterraneo.html\">La construcci\u00f3n de la Sociedad de la Informaci\u00f3n en el espacio mediterr\u00e1neo.<\/a>&nbsp;Organized&nbsp;by: Universidad Internacional de Andaluc\u00eda (Spain) and University&nbsp;Abdelmalek Essaadi (Morocco). Tanger, Juny&nbsp;30 to July 4, 2008. Speaker, among others: Teresa Vel\u00e1zquez (Laprec).<\/p>\n\n\n\n<h2 class=\"wp-block-heading\"><strong>2006<\/strong><\/h2>\n\n\n\n<p><a href=\"https:\/\/www.fundacioforum.org\/actualitat_det.asp?id=217\">VI International Conference &#8220;Cultural Diversity and Communication: Communication and Development in the Mediterranean<\/a>.&#8221; College of Journalists of Catalonia and the European Institute of the Mediterranean. Speaker invited: Sen\u00e9n Floresa (IEMed).<\/p>\n\n\n\n<p><a href=\"https:\/\/www.fundacioforum.org\/actualitat_det.asp?id=225\">IV International Conference &#8220;The signs of contemporaneity.&#8221;<\/a>&nbsp;Faculty of Communication Sciences, Autonomous University of Barcelona (UAB). Invited Speaker: Lucrecia Escudero Chauvel (University of Lille and Paris III).<\/p>\n\n\n\n<h2 class=\"wp-block-heading\"><strong>2005<\/strong><\/h2>\n\n\n\n<p>Fifth International Seminar &#8220;Cultural diversity and communication and intercultural communication.&#8221; Faculty of Communication Sciences. Autonomous University of Barcelona (UAB). Speaker invited: Stefano Martelli (Universit\u00e0 degli Studi di Palermo).<\/p>\n\n\n\n<p>III International Conference &#8220;The signs of contemporaneity.&#8221; Faculty of Communication Sciences. Autonomous University of Barcelona (UAB) Speakers invited: Lucrecia Escudero Chauvel (University of Lille and Paris III) and Cristina Pe\u00f1amar\u00edn (Universidad Complutense de Madrid).<\/p>\n\n\n\n<p>Third International Conference of Mediation Intermediterr\u00e0nia (MIM) &#8220;Communication, cooperation and socio-cultural mediation in the Mediterranean: 10 years of the Barcelona Process.&#8221; Organized by LAPREC and MIM Master Server. Partners: UAB and the College of Journalists of Catalonia.<\/p>\n\n\n\n<h2 class=\"wp-block-heading\"><strong>2004<\/strong><\/h2>\n\n\n\n<p>II International Conference &#8220;The signs of contemporaneity.&#8221; Faculty of Communication Sciences, Autonomous University of Barcelona (UAB). Speakers invited: Lucrecia Escudero Chauvel (University of Lille and Paris III) and Jorge Lozano (Universidad Complutense de Madrid).<\/p>\n\n\n\n<h2 class=\"wp-block-heading\"><strong>2003<\/strong><\/h2>\n\n\n\n<p>Fourth International Seminar on Cultural Diversity and communication and intercultural communication. Faculty of Communication Sciences. Autonomous University of Barcelona (UAB) and the European Institute of the Mediterranean (Barcelona). Speakers invited: Franco Pitau, Caritas of Rome and Barcelona.<\/p>\n\n\n\n<p>International Conference &#8220;The signs of contemporaneity.&#8221; Faculty of Communication Sciences. Autonomous University of Barcelona (UAB). Invited Speaker: Lucrecia Escudero Chauvel (University of Lille and Paris III).<\/p>\n\n\n\n<h2 class=\"wp-block-heading\"><strong>2002<\/strong><\/h2>\n\n\n\n<p>Scientific Committee and organizer of the Fourth International Congress &#8220;Communication, University and the Knowledge Society.&#8221; Organized by the Faculty of Communication of the Pontifical University of Salamanca. Member of the Scientific and Organizing: Marcial Murciano.<\/p>\n\n\n\n<h2 class=\"wp-block-heading\"><strong>2001<\/strong><\/h2>\n\n\n\n<p>International Conference &#8220;Understanding North Africa Today&#8221; in the Centre for International and Intercultural Studies (CEII) Server with the collaboration of different entities: the UAB Departments and Centers, Association of Journalists of Catalonia , European Institute of the Mediterranean.<\/p>\n\n\n\n<h2 class=\"wp-block-heading\"><strong>1996 &#8211; 2000<\/strong><\/h2>\n\n\n\n<p>Third International Seminar &#8220;Cultural diversity and communication and intercultural communication.&#8221; Faculty of Communication Sciences, Autonomous University of Barcelona (UAB). Invited Speaker: Graciela Spector (Hebrew University of Jerusalem).<\/p>\n\n\n\n<p>Second International Seminar &#8220;Cultural diversity and communication and intercultural communication.&#8221; Faculty of Communication Sciences, Autonomous University of Barcelona (UAB). Speakers invited: Xavier Laborda (UB) and Eliseo Colon (University of Puerto Rico).<\/p>\n\n\n\n<p>International Seminar &#8220;Cultural diversity and communication and intercultural communication.&#8221; Faculty of Communication Sciences, Autonomous University of Barcelona (UAB). Speakers invited: Antonio Miguel Ba\u00f1\u00f3n (Uiversidad Almeria), Teun A. van Dijk (University of Amsterdam) and Eliseo Colon (University of Puerto Rico).<\/p>\n","protected":false},"excerpt":{"rendered":"<p>2016 V International Seminar: \u201cComunicaci\u00f3n, Desarrollo y Derechos Humanos: la Agenda 2030\u201d. Mediterranean Observatory of Communication&nbsp;(OMEC), Master Erasmus Mundus Crossing the Mediterranean: towards investment and integration and Laprec. With the support of&nbsp;the Autonomous Solidarity Foundation&nbsp;(FAS) and the Faculty of Communication Studies of the&nbsp;UAB. Barcelona, November 15, 2016. Speakers: Luis Miguel Sirumbal (CEDAL, Peru), Olga Del [&hellip;]<\/p>\n","protected":false},"author":20,"featured_media":0,"parent":0,"menu_order":4,"comment_status":"closed","ping_status":"closed","template":"","meta":{"footnotes":""},"class_list":["post-1254","page","type-page","status-publish","hentry"],"_links":{"self":[{"href":"https:\/\/webs.uab.cat\/laprec\/en\/wp-json\/wp\/v2\/pages\/1254","targetHints":{"allow":["GET"]}}],"collection":[{"href":"https:\/\/webs.uab.cat\/laprec\/en\/wp-json\/wp\/v2\/pages"}],"about":[{"href":"https:\/\/webs.uab.cat\/laprec\/en\/wp-json\/wp\/v2\/types\/page"}],"author":[{"embeddable":true,"href":"https:\/\/webs.uab.cat\/laprec\/en\/wp-json\/wp\/v2\/users\/20"}],"replies":[{"embeddable":true,"href":"https:\/\/webs.uab.cat\/laprec\/en\/wp-json\/wp\/v2\/comments?post=1254"}],"version-history":[{"count":1,"href":"https:\/\/webs.uab.cat\/laprec\/en\/wp-json\/wp\/v2\/pages\/1254\/revisions"}],"predecessor-version":[{"id":1259,"href":"https:\/\/webs.uab.cat\/laprec\/en\/wp-json\/wp\/v2\/pages\/1254\/revisions\/1259"}],"wp:attachment":[{"href":"https:\/\/webs.uab.cat\/laprec\/en\/wp-json\/wp\/v2\/media?parent=1254"}],"curies":[{"name":"wp","href":"https:\/\/api.w.org\/{rel}","templated":true}]}}