{"id":179,"date":"2009-05-25T13:54:03","date_gmt":"2009-05-25T11:54:03","guid":{"rendered":"https:\/\/webs.uab.cat\/laprec\/public-funded-projects\/"},"modified":"2026-01-25T17:14:53","modified_gmt":"2026-01-25T15:14:53","slug":"public-funded-projects","status":"publish","type":"page","link":"https:\/\/webs.uab.cat\/laprec\/en\/research\/public-funded-projects\/","title":{"rendered":"Public funded projects"},"content":{"rendered":"\n<details class=\"wp-block-mamaduka-toggles wp-block-toggles\"><summary>The role of the communicator as a promoter of the Sustainable Development Goals (2016-2017)<\/summary><div class=\"wp-block-toggles__content\">\n<ul class=\"wp-block-list\">\n<li><strong>Title:<\/strong> &#8220;The role of the communicator as a promoter of the Sustainable Development Goals: Diagnosis, awareness-raising and training in Communication Sciences bachelor\u2019s degrees&#8221;<\/li>\n\n\n\n<li><strong>Funded by:<\/strong> Fundaci\u00f3 Aut\u00f2noma Solid\u00e0ria-UAB<\/li>\n\n\n\n<li><strong>Period:<\/strong> September 2016 &#8211; July 2017<\/li>\n\n\n\n<li><strong>Principal investigator:<\/strong> <a href=\"https:\/\/webs.uab.cat\/laprec\/en\/personal\/ricardo-carniel-bugs-2\/\">Ricardo Carniel<\/a><\/li>\n\n\n\n<li><strong>Researchers (alphabetical order):<\/strong><ul>\n\n\n\n\n\n\n\n\n\n<\/ul>\n\n\n\n\n\n\n\n\n\n\n\n\n\n\n\n\n\n\n\n\n<li>Mariluz Barbeito<\/li>\n\n\n\n<li><a href=\"https:\/\/webs.uab.cat\/laprec\/personal\/carmina-crusafon-baques\/\">Carmina Crusafon<\/a><\/li>\n\n\n\n<li>Elisabet Garc\u00eda<\/li>\n\n\n\n<li>Estibaliz Ortega<\/li>\n\n\n\n<li><a href=\"https:\/\/webs.uab.cat\/laprec\/personal\/nuria-simelio-sola\/\">N\u00faria Simelio<\/a><\/li>\n\n\n\n<li><a href=\"https:\/\/webs.uab.cat\/laprec\/personal\/teresa-velazquez\/\">Teresa Vel\u00e1zquez<\/a><\/li>\n<\/li>\n<\/ul>\n<\/div><\/details>\n\n\n\n<details class=\"wp-block-mamaduka-toggles wp-block-toggles\"><summary>The social construction of the Euro-Mediterranean space in the media. News coverage in the press and on television (CSO2012-35955) (2013-2016)<\/summary><div class=\"wp-block-toggles__content\">\n<ul class=\"wp-block-list\">\n<li><strong>Title:<\/strong> &#8220;The social construction of the Euro-Mediterranean space in the media. News coverage in the press and on television&#8221; (Ref. CSO2012-35955)<\/li>\n\n\n\n<li><strong>Funded by:<\/strong> Ministry of Economy and Competitiveness<\/li>\n\n\n\n<li><strong>Period:<\/strong> 1 January 2013 &#8211; 31 December 2016<\/li>\n\n\n\n<li><strong>Principal investigator:<\/strong> <a href=\"https:\/\/webs.uab.cat\/laprec\/personal\/teresa-velazquez\/\">Teresa Vel\u00e1zquez<\/a><\/li>\n\n\n\n<li><strong>Researchers (alphabetical order):<\/strong><ul>\n\n\n\n\n\n\n\n\n\n\n\n\n\n\n\n\n\n\n\n\n\n\n\n\n\n\n\n\n\n\n\n\n\n<\/ul>\n\n\n\n\n\n\n\n\n\n\n\n\n\n\n\n\n\n\n\n\n\n\n\n\n\n\n\n\n\n\n\n\n\n\n\n\n\n\n\n\n\n\n\n\n\n\n\n\n\n\n\n\n\n\n\n\n\n\n\n\n\n\n\n\n\n\n\n\n<li>Hassan Abbas<\/li>\n\n\n\n<li>Mar\u00eda Luz Barbeito<\/li>\n\n\n\n<li>Zohur Bouzidi<\/li>\n\n\n\n<li><a href=\"https:\/\/webs.uab.cat\/laprec\/en\/personal\/ricardo-carniel-bugs-2\/\">Ricardo Carniel<\/a><\/li>\n\n\n\n<li>Carolina Truja-Guzman<\/li>\n\n\n\n<li><a href=\"https:\/\/webs.uab.cat\/laprec\/en\/personal\/lluis-costa-2\/\">Llu\u00eds Costa<\/a><\/li>\n\n\n\n<li><a href=\"https:\/\/webs.uab.cat\/laprec\/personal\/carmina-crusafon-baques\/\">Carmina Crusafon<\/a><\/li>\n\n\n\n<li><a href=\"https:\/\/webs.uab.cat\/laprec\/personal\/olga-del-rio-4\/\">Olga Del R\u00edo S\u00e1nchez<\/a><\/li>\n\n\n\n<li><a href=\"https:\/\/webs.uab.cat\/laprec\/en\/personal\/lucrecia-escudero-chauvel-3\/\">Lucrecia Escudero Chauvel<\/a><\/li>\n\n\n\n<li><a href=\"https:\/\/webs.uab.cat\/laprec\/en\/personal\/natalia-fernandez-3\/\">Natalia Fern\u00e1ndez<\/a><\/li>\n\n\n\n<li>Elisabet Garcia Altadill<\/li>\n\n\n\n<li>Juan Antonio Garc\u00eda Galindo<\/li>\n\n\n\n<li>V\u00edctor Guti\u00e9rrez<\/li>\n\n\n\n<li>Nouredine Harrami<\/li>\n\n\n\n<li><a href=\"https:\/\/webs.uab.cat\/laprec\/en\/personal\/gabriel-lemkow-2\/\">Gabriel Lemkow<\/a><\/li>\n\n\n\n<li>Carmen Mart\u00ednez Romero<\/li>\n\n\n\n<li>P\u00e0tria Novel\u00b7la-Vel\u00e1zquez<\/li>\n\n\n\n<li>Susana Tovias<\/li>\n<\/li>\n\n\n\n<li><strong>Scholarship holder assigned to the project:<\/strong> Estibaliz Ortega Miranda<\/li>\n\n\n\n<li><strong>PhD candidate hired by the project:<\/strong> <a href=\"https:\/\/webs.uab.cat\/laprec\/en\/personal\/miguel-gamez-2\/\">Miguel G\u00e1mez<\/a><\/li>\n\n\n\n<li><strong>Other PhD candidates affiliated with the project:<\/strong><ul>\n\n\n\n<\/ul>\n\n\n\n\n\n\n\n\n<li>Valentina Saini<\/li>\n\n\n\n<li>Hanane Ashina<\/li>\n\n\n\n<li>Hicham El Bakhouti<\/li>\n<\/li>\n<\/ul>\n<\/div><\/details>\n\n\n\n<details class=\"wp-block-mamaduka-toggles wp-block-toggles\"><summary>Communication and Development: Communication for health, participatory communication, and fundraising (2015)<\/summary><div class=\"wp-block-toggles__content\">\n<ul class=\"wp-block-list\">\n<li><strong>Title:<\/strong> &#8220;Communication and Development: Communication for health, participatory communication, and fundraising&#8221;<\/li>\n\n\n\n<li><strong>Funded by:<\/strong> Fundaci\u00f3 Aut\u00f2noma Solid\u00e0ria-UAB<\/li>\n\n\n\n<li><strong>Period:<\/strong> September 2015 &#8211; December 2015<\/li>\n\n\n\n<li><strong>Principal investigator:<\/strong> Estibaliz Ortega<\/li>\n\n\n\n<li><strong>Researchers (alphabetical order):<\/strong><ul>\n\n\n\n\n\n\n\n<\/ul>\n\n\n\n\n\n\n\n\n\n\n\n\n\n\n\n\n<li><a href=\"https:\/\/webs.uab.cat\/laprec\/en\/personal\/ricardo-carniel-bugs-2\/\">Ricardo Carniel<\/a><\/li>\n\n\n\n<li>Sonia Flotats<\/li>\n\n\n\n<li>Rafael Obreg\u00f3n<\/li>\n\n\n\n<li>Thomas Tufte<\/li>\n\n\n\n<li><a href=\"https:\/\/webs.uab.cat\/laprec\/personal\/teresa-velazquez\/\">Teresa Vel\u00e1zquez<\/a><\/li>\n<\/li>\n<\/ul>\n<\/div><\/details>\n\n\n\n<details class=\"wp-block-mamaduka-toggles wp-block-toggles\"><summary>Workshops on Communication, Cooperation and Development (2014)<\/summary><div class=\"wp-block-toggles__content\">\n<ul class=\"wp-block-list\">\n<li><strong>Title:<\/strong> &#8220;Workshops on Communication, Cooperation and Development&#8221;<\/li>\n\n\n\n<li><strong>Funded by:<\/strong> Fundaci\u00f3 Aut\u00f2noma Solid\u00e0ria-UAB<\/li>\n\n\n\n<li><strong>Period:<\/strong> September 2014 &#8211; December 2014<\/li>\n\n\n\n<li><strong>Principal investigator:<\/strong> <a href=\"https:\/\/webs.uab.cat\/laprec\/personal\/teresa-velazquez\/\">Teresa Vel\u00e1zquez<\/a><\/li>\n\n\n\n<li><strong>Researchers (alphabetical order):<\/strong><ul>\n\n\n\n\n\n\n\n\n\n\n\n<\/ul>\n\n\n\n\n\n\n\n\n\n\n\n\n\n\n\n\n\n\n\n\n\n\n\n\n<li>Jes\u00fas Arroyave Cabrera<\/li>\n\n\n\n<li><a href=\"https:\/\/webs.uab.cat\/laprec\/en\/personal\/ricardo-carniel-bugs-2\/\">Ricardo Carniel<\/a><\/li>\n\n\n\n<li><a href=\"https:\/\/webs.uab.cat\/laprec\/personal\/olga-del-rio-4\/\">Olga Del R\u00edo<\/a><\/li>\n\n\n\n<li>Estibaliz Ortega<\/li>\n\n\n\n<li>Santiago Tejedor Calvo<\/li>\n\n\n\n<li><a href=\"https:\/\/webs.uab.cat\/laprec\/en\/personal\/fernando-sabes-2\/\">Fernando Sab\u00e9s Turmo<\/a><\/li>\n\n\n\n<li>Lu\u00eds Miguel Sirumbal Ramos<\/li>\n<\/li>\n<\/ul>\n<\/div><\/details>\n\n\n\n<details class=\"wp-block-mamaduka-toggles wp-block-toggles\"><summary>II International Seminar on Communication, development and human rights in the Mediterranean (2012-2013)<\/summary><div class=\"wp-block-toggles__content\">\n<ul class=\"wp-block-list\">\n<li><strong>Title:<\/strong> &#8220;II International Seminar on Communication, development and human rights in the Mediterranean. The media and the Arab Spring&#8221;<\/li>\n\n\n\n<li><strong>Funded by:<\/strong> Fundaci\u00f3 Aut\u00f2noma Solid\u00e0ria-UAB<\/li>\n\n\n\n<li><strong>Period:<\/strong> September 2012 &#8211; January 2013<\/li>\n\n\n\n<li><strong>Principal investigator:<\/strong> <a href=\"https:\/\/webs.uab.cat\/laprec\/personal\/teresa-velazquez\/\">Teresa Vel\u00e1zquez<\/a><\/li>\n\n\n\n<li><strong>Researchers (alphabetical order):<\/strong><ul>\n\n\n\n\n\n<\/ul>\n\n\n\n\n\n\n\n\n\n\n\n\n<li><a href=\"https:\/\/webs.uab.cat\/laprec\/en\/personal\/ricardo-carniel-bugs-2\/\">Ricardo Carniel<\/a><\/li>\n\n\n\n<li><a href=\"https:\/\/webs.uab.cat\/laprec\/personal\/olga-del-rio-4\/\">Olga Del R\u00edo<\/a><\/li>\n\n\n\n<li>Elisabet Garc\u00eda Altadill<\/li>\n\n\n\n<li>Estibaliz Ortega<\/li>\n<\/li>\n<\/ul>\n<\/div><\/details>\n\n\n\n<details class=\"wp-block-mamaduka-toggles wp-block-toggles\"><summary>Scientific cooperation between Spain and Brazil to develop a quality control protocol for audiovisual content (2011-2012)<\/summary><div class=\"wp-block-toggles__content\">\n<ul class=\"wp-block-list\">\n<li><strong>Title:<\/strong> &#8220;Scientific cooperation between Spain and Brazil to develop a quality control protocol for audiovisual content (QC)&#8221; (HBP-2008-0006-PC)<\/li>\n\n\n\n<li><strong>Funded by:<\/strong> Ministry of Education. DGU \/ CAPES<\/li>\n\n\n\n<li><strong>Period:<\/strong> January 2011-December 2012<\/li>\n\n\n\n<li><strong>Principal investigators:<\/strong> \u00c0ngel Rodr\u00edguez Bravo (UAB) \/ Ruth Vianna (UFMS)<\/li>\n\n\n\n<li><strong>Researcher:<\/strong> <a href=\"https:\/\/webs.uab.cat\/laprec\/personal\/teresa-velazquez\/\">Teresa Vel\u00e1zquez<\/a><\/li>\n<\/ul>\n<\/div><\/details>\n\n\n\n<details class=\"wp-block-mamaduka-toggles wp-block-toggles\"><summary>Renforcement de la missi\u00f3 de service public audiovisuel dans la r\u00e9gion Maghreb \/ Mashrek (2010-2012)<\/summary><div class=\"wp-block-toggles__content\">\n<ul class=\"wp-block-list\">\n<li><strong>Title:<\/strong> &#8220;Renforcement de la missi\u00f3 de service public audiovisuel dans la r\u00e9gion Maghreb \/ Mashrek&#8221;<\/li>\n\n\n\n<li><strong>Funded by:<\/strong> Ag\u00e8ncia Catalana de Cooperaci\u00f3 al Desenvolupament (ACCD), PANOS-Par\u00eds-OMEC<\/li>\n\n\n\n<li><strong>Period:<\/strong> May 2010 &#8211; April 2012<\/li>\n\n\n\n<li><strong>Principal investigators:<\/strong> Charles Autheman \/ <a href=\"https:\/\/webs.uab.cat\/laprec\/personal\/olga-del-rio-4\/\">Olga del R\u00edo<\/a> \/ Latifa Tayah-Gueneau<\/li>\n\n\n\n<li><strong>Researchers:<\/strong><ul>\n\n<\/ul>\n\n\n\n\n<li><a href=\"https:\/\/webs.uab.cat\/laprec\/en\/personal\/ricardo-carniel-bugs-2\/\">Ricardo Carniel<\/a><\/li>\n\n\n\n<li><a href=\"https:\/\/webs.uab.cat\/laprec\/personal\/teresa-velazquez\/\">Teresa Vel\u00e1zquez<\/a><\/li>\n<\/li>\n<\/ul>\n<\/div><\/details>\n\n\n\n<details class=\"wp-block-mamaduka-toggles wp-block-toggles\"><summary>The social construction of the Euro-Mediterranean space in the media (CSO2008-01579) (2009-2012)<\/summary><div class=\"wp-block-toggles__content\">\n<ul class=\"wp-block-list\">\n<li><strong>Title:<\/strong> &#8220;The social construction of the Euro-Mediterranean space in the media. News coverage in the press and on television&#8221; (CSO2008-01579 \/ SOCI)<\/li>\n\n\n\n<li><strong>Funded by:<\/strong> Ministry of Science and Innovation. General Secretariat for Scientific and Technological Policy. Directorate General for Research<\/li>\n\n\n\n<li><strong>Period:<\/strong> January 2009 &#8211; June 2012<\/li>\n\n\n\n<li><strong>Principal investigator:<\/strong> <a href=\"https:\/\/webs.uab.cat\/laprec\/personal\/teresa-velazquez\/\">Teresa Vel\u00e1zquez Garc\u00eda-Talavera<\/a><\/li>\n\n\n\n<li><strong>Researchers:<\/strong><ul>\n\n\n\n\n\n\n\n\n\n\n\n\n\n\n\n\n\n\n\n\n\n\n\n\n\n\n\n\n\n\n\n\n\n<\/ul>\n\n\n\n\n\n\n\n\n\n\n\n\n\n\n\n\n\n\n\n\n\n\n\n\n\n\n\n\n\n\n\n\n\n\n\n\n\n\n\n\n\n\n\n\n\n\n\n\n\n\n\n\n\n\n\n\n\n\n\n\n\n\n\n\n\n\n\n\n<li>Hassan Abbas<\/li>\n\n\n\n<li>Mar\u00eda Luz Barbeito<\/li>\n\n\n\n<li>Tayeb Boutbouqalt<\/li>\n\n\n\n<li><a href=\"https:\/\/webs.uab.cat\/laprec\/en\/personal\/ricardo-carniel-bugs-2\/\">Ricardo Carniel Bugs<\/a><\/li>\n\n\n\n<li><a href=\"https:\/\/webs.uab.cat\/laprec\/personal\/carmina-crusafon-baques\/\">Carmina Crusafon<\/a><\/li>\n\n\n\n<li><a href=\"https:\/\/webs.uab.cat\/laprec\/personal\/olga-del-rio-4\/\">Olga Del R\u00edo<\/a><\/li>\n\n\n\n<li>Maria Pilar Diezhandino Nieto<\/li>\n\n\n\n<li><a href=\"https:\/\/webs.uab.cat\/laprec\/en\/personal\/natalia-fernandez-3\/\">Natalia Fern\u00e1ndez<\/a><\/li>\n\n\n\n<li>Isabel Garc\u00eda Altadill<\/li>\n\n\n\n<li>Juan Antonio Garc\u00eda Galindo<\/li>\n\n\n\n<li>Abdelouhad El Imran<\/li>\n\n\n\n<li>Carmen Mart\u00ednez<\/li>\n\n\n\n<li>Francisco Mart\u00ednez<\/li>\n\n\n\n<li><a href=\"https:\/\/webs.uab.cat\/laprec\/en\/personal\/lucia-molina-2\/\">Luc\u00eda Molina<\/a><\/li>\n\n\n\n<li>Neus Ortega<\/li>\n\n\n\n<li><a href=\"https:\/\/webs.uab.cat\/laprec\/en\/personal\/fernando-sabes-2\/\">Fernando Sab\u00e9s<\/a><\/li>\n\n\n\n<li>Susana Tov\u00edas<\/li>\n\n\n\n<li>Sahar Talaat<\/li>\n<\/li>\n\n\n\n<li><strong>Doctoral fellow assigned to the project:<\/strong> <a href=\"https:\/\/webs.uab.cat\/laprec\/en\/personal\/ricardo-carniel-bugs-2\/\">Ricardo Carniel Bugs<\/a><\/li>\n\n\n\n<li><strong>PhD candidates in the project:<\/strong><ul>\n\n\n\n<\/ul>\n\n\n\n\n\n\n\n\n<li>Cristina Marques<\/li>\n\n\n\n<li>Valentina Saini<\/li>\n\n\n\n<li>Elsa Soro<\/li>\n<\/li>\n<\/ul>\n<\/div><\/details>\n\n\n\n<details class=\"wp-block-mamaduka-toggles wp-block-toggles\"><summary>Awareness-raising project on communication for development and media social responsibility (2008-2009)<\/summary><div class=\"wp-block-toggles__content\">\n<ul class=\"wp-block-list\">\n<li><strong>Title:<\/strong> &#8220;Awareness-raising project on communication for development and media social responsibility in human development in the Mediterranean region&#8221; (U2008-UAB4)<\/li>\n\n\n\n<li><strong>Funded by:<\/strong> Ag\u00e8ncia Catalana de Cooperaci\u00f3 al Desenvolupament<\/li>\n\n\n\n<li><strong>Period:<\/strong> November 2008 &#8211; November 2009<\/li>\n\n\n\n<li><strong>Principal investigator:<\/strong> <a href=\"https:\/\/webs.uab.cat\/laprec\/personal\/teresa-velazquez\/\">Teresa Vel\u00e1zquez<\/a><\/li>\n\n\n\n<li><strong>Researchers (alphabetical order):<\/strong><ul>\n\n<\/ul>\n\n\n\n\n<li><a href=\"https:\/\/webs.uab.cat\/laprec\/en\/personal\/ricardo-carniel-bugs-2\/\">Ricardo Carniel<\/a><\/li>\n\n\n\n<li><a href=\"https:\/\/webs.uab.cat\/laprec\/personal\/olga-del-rio-4\/\">Olga Del R\u00edo<\/a><\/li>\n<\/li>\n<\/ul>\n<\/div><\/details>\n\n\n\n<details class=\"wp-block-mamaduka-toggles wp-block-toggles\"><summary>Media and social capital. Representation of social exclusion in television fiction (2006-2007)<\/summary><div class=\"wp-block-toggles__content\">\n<ul class=\"wp-block-list\">\n<li><strong>Title:<\/strong> &#8220;Media and social capital. Representation of social exclusion in television fiction in Mediterranean Europe and the Southern Mediterranean. Proposals and instruments from and for the Third Sector&#8221; (HI2004-0327) (Integrated Action: Spain\u2013Italy)<\/li>\n\n\n\n<li><strong>Funded by:<\/strong> MEC. General Secretariat for Scientific and Technological Policy. Directorate General for Research<\/li>\n\n\n\n<li><strong>Period:<\/strong> March 2006-December 2007<\/li>\n\n\n\n<li><strong>Principal investigators:<\/strong> <a href=\"https:\/\/webs.uab.cat\/laprec\/personal\/teresa-velazquez\/\">Teresa Vel\u00e1zquez<\/a> (Spain) and Stefano Martelli (Italy)<\/li>\n\n\n\n<li><strong>Researchers (alphabetical order):<\/strong><\/li>\n\n\n\n<li><strong>In Spain:<\/strong><ul>\n\n\n\n\n\n\n\n\n\n\n\n\n\n<\/ul>\n\n\n\n\n\n\n\n\n\n\n\n\n\n\n\n\n\n\n\n\n\n\n\n\n\n\n\n\n<li>Mari Luz Barbeito<\/li>\n\n\n\n<li>Elisabet Garc\u00eda Altadill<\/li>\n\n\n\n<li>Xavier Laborda<\/li>\n\n\n\n<li>Marcial Murciano<\/li>\n\n\n\n<li>J.J. Perona<\/li>\n\n\n\n<li>Encarna Ruiz<\/li>\n\n\n\n<li>Josefa Soto<\/li>\n\n\n\n<li>Susana Tov\u00edas<\/li>\n<\/li>\n\n\n\n<li><strong>In Italy:<\/strong><ul>\n\n\n\n\n\n\n\n<\/ul>\n\n\n\n\n\n\n\n\n\n\n\n\n\n\n\n\n<li>Irene Bonanno<\/li>\n\n\n\n<li>Gianna Cappello<\/li>\n\n\n\n<li>Mario Giacomarra<\/li>\n\n\n\n<li>Francesca Giordano<\/li>\n\n\n\n<li>Antonio Gucciardo<\/li>\n<\/li>\n<\/ul>\n<\/div><\/details>\n\n\n\n<details class=\"wp-block-mamaduka-toggles wp-block-toggles\"><summary>New information technologies and communicative change in Spain\u2019s autonomous communities (2003-2006)<\/summary><div class=\"wp-block-toggles__content\">\n<ul class=\"wp-block-list\">\n<li><strong>Title:<\/strong> &#8220;New information technologies and communicative change in Spain\u2019s autonomous communities&#8221; (SEC2003-07024)<\/li>\n\n\n\n<li><strong>Funded by:<\/strong> Ministry of Science and Technology<\/li>\n\n\n\n<li><strong>Period:<\/strong> November 2003 -November 2006<\/li>\n\n\n\n<li><strong>Principal investigator:<\/strong> Marcial Murciano Mart\u00ednez<\/li>\n\n\n\n<li><strong>Researchers:<\/strong><ul>\n\n\n\n\n\n<\/ul>\n\n\n\n\n\n\n\n\n\n\n\n\n<li><a href=\"https:\/\/webs.uab.cat\/laprec\/personal\/carmina-crusafon-baques\/\">Carmina Crusafon<\/a><\/li>\n\n\n\n<li><a href=\"https:\/\/webs.uab.cat\/laprec\/personal\/olga-del-rio-4\/\">Olga Del R\u00edo<\/a><\/li>\n\n\n\n<li><a href=\"https:\/\/webs.uab.cat\/laprec\/en\/personal\/fernando-sabes-2\/\">Fernando Sab\u00e9s<\/a><\/li>\n\n\n\n<li><a href=\"https:\/\/webs.uab.cat\/laprec\/personal\/teresa-velazquez\/\">Teresa Vel\u00e1zquez<\/a><\/li>\n<\/li>\n<\/ul>\n<\/div><\/details>\n\n\n\n<details class=\"wp-block-mamaduka-toggles wp-block-toggles\"><summary>Pilot project of the Leonardo da Vinci Programme, &#8216;Speak em as I am&#8217; (2003)<\/summary><div class=\"wp-block-toggles__content\">\n<ul class=\"wp-block-list\">\n<li><strong>Title:<\/strong> &#8220;Pilot project of the Leonardo da Vinci Programme, &#8216;Speak em as I am'&#8221; (SMIM)<\/li>\n\n\n\n<li><strong>Funded by:<\/strong> Leonardo da Vinci Programme<\/li>\n\n\n\n<li><strong>Period:<\/strong> March 2003 -December 2003<\/li>\n\n\n\n<li><strong>Principal investigator:<\/strong> Director Emanuela Trevisan, Ca&#8217; Foscari University of Venice, Italy<\/li>\n\n\n\n<li><strong>Researchers:<\/strong><ul>\n\n\n\n<\/ul>\n\n\n\n\n\n\n\n\n<li><a href=\"https:\/\/webs.uab.cat\/laprec\/personal\/teresa-velazquez\/\">Teresa Vel\u00e1zquez Garc\u00eda-Talavera<\/a><\/li>\n\n\n\n<li>Marcial Murciano<\/li>\n\n\n\n<li>Isabel Garc\u00eda Altadill<\/li>\n<\/li>\n\n\n\n<li><strong>Participating institutions:<\/strong> University of Venice and 5 European universities<\/li>\n<\/ul>\n<\/div><\/details>\n\n\n\n<details class=\"wp-block-mamaduka-toggles wp-block-toggles\"><summary>Analysis of social exclusion in television fiction in the European Union and the Southern Mediterranean (2002-2005)<\/summary><div class=\"wp-block-toggles__content\">\n<ul class=\"wp-block-list\">\n<li><strong>Title:<\/strong> &#8220;Analysis of social exclusion in television fiction in the European Union and the Southern Mediterranean&#8221; (SEC2002-03868)<\/li>\n\n\n\n<li><strong>Funded by:<\/strong> Ministry of Science and Technology<\/li>\n\n\n\n<li><strong>Period:<\/strong> November 2002 -November 2005<\/li>\n\n\n\n<li><strong>Principal investigator:<\/strong> <a href=\"https:\/\/webs.uab.cat\/laprec\/personal\/teresa-velazquez\/\">Teresa Vel\u00e1zquez<\/a><\/li>\n\n\n\n<li><strong>Researchers (alphabetical order):<\/strong><ul>\n\n\n\n\n\n\n\n\n\n\n\n\n\n\n\n\n\n<\/ul>\n\n\n\n\n\n\n\n\n\n\n\n\n\n\n\n\n\n\n\n\n\n\n\n\n\n\n\n\n\n\n\n\n\n\n\n\n<li>Mary Luz Barbeito<\/li>\n\n\n\n<li>Elisabet Garcia Altadill<\/li>\n\n\n\n<li>Mar\u00eda Guti\u00e9rrez<\/li>\n\n\n\n<li>Xavier Laborda<\/li>\n\n\n\n<li><a href=\"https:\/\/webs.uab.cat\/laprec\/en\/personal\/lucia-molina-2\/\">Luc\u00eda Molina<\/a><\/li>\n\n\n\n<li>Marcial Murciano<\/li>\n\n\n\n<li>Juan Jos\u00e9 Perona<\/li>\n\n\n\n<li>Encarna Ru\u00edz<\/li>\n\n\n\n<li>Pepi Soto<\/li>\n\n\n\n<li>Susana Tov\u00edas<\/li>\n<\/li>\n\n\n\n<li><strong>Collaboration fellows:<\/strong> Anna Ganuza and Salvador Romero<\/li>\n\n\n\n<li><strong>Fellows hired by the project:<\/strong> Elvira Barretto and Farid Lemjaafar<\/li>\n\n\n\n<li><strong>International project coordination:<\/strong> <a href=\"https:\/\/webs.uab.cat\/laprec\/personal\/olga-del-rio-4\/\">Olga del R\u00edo<\/a><\/li>\n<\/ul>\n<\/div><\/details>\n\n\n\n<details class=\"wp-block-mamaduka-toggles wp-block-toggles\"><summary>Multicultural society: coverage of social exclusion in European television newscasts (1999-2002)<\/summary><div class=\"wp-block-toggles__content\">\n<ul class=\"wp-block-list\">\n<li><strong>Title:<\/strong> &#8220;Multicultural society: coverage of social exclusion in European television newscasts&#8221; (SEC99-0750)<\/li>\n\n\n\n<li><strong>Funded by:<\/strong> CICYT, Ministry of Science and Technology<\/li>\n\n\n\n<li><strong>Period:<\/strong> December 1999 &#8211; December 2002<\/li>\n\n\n\n<li><strong>Principal investigator:<\/strong> <a href=\"https:\/\/webs.uab.cat\/laprec\/personal\/teresa-velazquez\/\">Teresa Vel\u00e1zquez<\/a><\/li>\n\n\n\n<li><strong>Researchers (alphabetical order):<\/strong><ul>\n\n\n\n\n\n\n\n\n\n\n\n\n\n\n\n\n\n<\/ul>\n\n\n\n\n\n\n\n\n\n\n\n\n\n\n\n\n\n\n\n\n\n\n\n\n\n\n\n\n\n\n\n\n\n\n\n\n<li>Allison Beeby<\/li>\n\n\n\n<li>Michael Faber<\/li>\n\n\n\n<li><a href=\"https:\/\/webs.uab.cat\/laprec\/en\/personal\/natalia-fernandez-3\/\">Natalia Fern\u00e1ndez<\/a><\/li>\n\n\n\n<li>Mar\u00eda Guti\u00e9rrez<\/li>\n\n\n\n<li><a href=\"https:\/\/webs.uab.cat\/laprec\/en\/personal\/lucia-molina-2\/\">Luc\u00eda Molina<\/a><\/li>\n\n\n\n<li>Marcial Murciano<\/li>\n\n\n\n<li>Juan Jos\u00e9 Perona<\/li>\n\n\n\n<li>Pepi Soto<\/li>\n\n\n\n<li>Susana Tov\u00edas<\/li>\n\n\n\n<li>Amparo Tu\u00f1\u00f3n<\/li>\n<\/li>\n<\/ul>\n<\/div><\/details>\n\n\n\n<details class=\"wp-block-mamaduka-toggles wp-block-toggles\"><summary>Study of the cable distribution system in Ibero-America (1998-2000)<\/summary><div class=\"wp-block-toggles__content\">\n<ul class=\"wp-block-list\">\n<li><strong>Title:<\/strong> &#8220;Study of the cable distribution system in Ibero-America&#8221;<\/li>\n\n\n\n<li><strong>Funded by:<\/strong> Institute for Ibero-American Cooperation (ICI), Madrid<\/li>\n\n\n\n<li><strong>Period:<\/strong> 1998 &#8211; 2000<\/li>\n\n\n\n<li><strong>Responsible researchers:<\/strong> P.O. Costa, Marcial Murciano, J.M. P\u00e9rez Tornero<\/li>\n<\/ul>\n<\/div><\/details>\n\n\n\n<details class=\"wp-block-mamaduka-toggles wp-block-toggles\"><summary>Catalan in the media (1998-1999)<\/summary><div class=\"wp-block-toggles__content\">\n<ul class=\"wp-block-list\">\n<li><strong>Title:<\/strong> &#8220;Catalan in the media&#8221;<\/li>\n\n\n\n<li><strong>Funded by:<\/strong> Institut d&#8217;Estudis Catalans<\/li>\n\n\n\n<li><strong>Period:<\/strong> 1998 &#8211; 1999<\/li>\n\n\n\n<li><strong>Responsible researchers:<\/strong> Inma Tubella<\/li>\n\n\n\n<li><strong>Research group researchers:<\/strong> Marcial Murciano Mart\u00ednez<\/li>\n<\/ul>\n<\/div><\/details>\n\n\n\n<details class=\"wp-block-mamaduka-toggles wp-block-toggles\"><summary>Two weeks in the Latin American press (1996-1997)<\/summary><div class=\"wp-block-toggles__content\">\n<ul class=\"wp-block-list\">\n<li><strong>Title:<\/strong> &#8220;Two weeks in the Latin American press&#8221;<\/li>\n\n\n\n<li><strong>Funded by:<\/strong> ALAIC-INTERCOM<\/li>\n\n\n\n<li><strong>Period:<\/strong> 1996 &#8211; 1997<\/li>\n\n\n\n<li><strong>Responsible researcher:<\/strong> Jos\u00e9 Carlos Lozano Rendon<\/li>\n\n\n\n<li><strong>Research group researchers:<\/strong> Marcial Murciano Mart\u00ednez<\/li>\n<\/ul>\n<\/div><\/details>\n\n\n\n<details class=\"wp-block-mamaduka-toggles wp-block-toggles\"><summary>Identifying intercultural conflicts: The EU and the MAGHREB in the elite press (1994-1997)<\/summary><div class=\"wp-block-toggles__content\">\n<ul class=\"wp-block-list\">\n<li><strong>Title:<\/strong> &#8220;Identifying intercultural conflicts: The EU and the MAGHREB in the elite press&#8221; (PB93-0902-C02-01)<\/li>\n\n\n\n<li><strong>Funded by:<\/strong> Directorate General for Scientific and Technical Research (MEC-DGICYT)<\/li>\n\n\n\n<li><strong>Period:<\/strong> December 1994 &#8211; June 1997<\/li>\n\n\n\n<li><strong>Principal investigators:<\/strong> <a href=\"https:\/\/webs.uab.cat\/laprec\/personal\/teresa-velazquez\/\">Teresa Vel\u00e1zquez<\/a> and Xavier Laborda<\/li>\n\n\n\n<li><strong>Researchers (alphabetical order):<\/strong><ul>\n\n\n\n\n\n\n\n<\/ul>\n\n\n\n\n\n\n\n\n\n\n\n\n\n\n\n\n<li>Dolors Cinca<\/li>\n\n\n\n<li>Pilar Esperan\u00e7a<\/li>\n\n\n\n<li>Michael Faber<\/li>\n\n\n\n<li>Marcial Murciano<\/li>\n\n\n\n<li>Amparo Tu\u00f1\u00f3n<\/li>\n<\/li>\n\n\n\n<li><strong>Collaborating researcher:<\/strong> <a href=\"https:\/\/webs.uab.cat\/laprec\/personal\/olga-del-rio-4\/\">Olga del R\u00edo<\/a><\/li>\n\n\n\n<li><strong>PhD candidate:<\/strong> M. Mercedes Zamora<\/li>\n<\/ul>\n<\/div><\/details>\n\n\n\n<details class=\"wp-block-mamaduka-toggles wp-block-toggles\"><summary>Cultural policy in Spain (1992-1993)<\/summary><div class=\"wp-block-toggles__content\">\n<ul class=\"wp-block-list\">\n<li><strong>Title:<\/strong> &#8220;Cultural policy in Spain&#8221;<\/li>\n\n\n\n<li><strong>Funded by:<\/strong> Ministry of Culture, Madrid<\/li>\n\n\n\n<li><strong>Period:<\/strong> 1992 &#8211; 1993<\/li>\n\n\n\n<li><strong>Responsible researcher:<\/strong> Centre d&#8217;Iniciatives i Recerques Europees a la Mediterr\u00e0nia (CIREM, Barcelona)<\/li>\n\n\n\n<li><strong>Research group researcher:<\/strong> Marcial Murciano Mart\u00ednez<\/li>\n<\/ul>\n<\/div><\/details>\n\n\n\n<details class=\"wp-block-mamaduka-toggles wp-block-toggles\"><summary>Television and regions in the European Economic Community (1991-1994)<\/summary><div class=\"wp-block-toggles__content\">\n<ul class=\"wp-block-list\">\n<li><strong>Title:<\/strong> &#8220;Television and regions in the European Economic Community&#8221;<\/li>\n\n\n\n<li><strong>Funded by:<\/strong> MEC-DGICYT, Madrid<\/li>\n\n\n\n<li><strong>Period:<\/strong> 1991 &#8211; 1994<\/li>\n\n\n\n<li><strong>Responsible researcher:<\/strong> Marcial Murciano Mart\u00ednez<\/li>\n\n\n\n<li><strong>Researchers:<\/strong> Miquel de Moragas and Carmelo Garitaonaindia<\/li>\n<\/ul>\n<\/div><\/details>\n\n\n\n<details class=\"wp-block-mamaduka-toggles wp-block-toggles\"><summary>The global News Agenda (1991-1992)<\/summary><div class=\"wp-block-toggles__content\">\n<ul class=\"wp-block-list\">\n<li><strong>Title:<\/strong> &#8220;The global News Agenda&#8221;<\/li>\n\n\n\n<li><strong>Funded by:<\/strong> ICC, London<\/li>\n\n\n\n<li><strong>Period:<\/strong> 1991 &#8211; 1992<\/li>\n\n\n\n<li><strong>Responsible researcher:<\/strong> R. Malik and K. Anderson<\/li>\n\n\n\n<li><strong>Researchers:<\/strong> Marcial Murciano Mart\u00ednez<\/li>\n<\/ul>\n<\/div><\/details>\n\n\n\n<details class=\"wp-block-mamaduka-toggles wp-block-toggles\"><summary>Children\u2019s behavior in the face of mass media (1982-1983)<\/summary><div class=\"wp-block-toggles__content\">\n<ul class=\"wp-block-list\">\n<li><strong>Title:<\/strong> &#8220;Children\u2019s behavior in the face of mass media&#8221;<\/li>\n\n\n\n<li><strong>Funded by:<\/strong> Institut de Ci\u00e8ncies de l&#8217;Educaci\u00f3 (UAB), Barcelona<\/li>\n\n\n\n<li><strong>Period:<\/strong> 1982 &#8211; 1983<\/li>\n\n\n\n<li><strong>Responsible researchers:<\/strong> M. Murciano, J.M. P\u00e9rez Tornero and L. Vilches (director)<\/li>\n<\/ul>\n<\/div><\/details>\n\n\n\n<details class=\"wp-block-mamaduka-toggles wp-block-toggles\"><summary>Media in Catalonia (1981-1982)<\/summary><div class=\"wp-block-toggles__content\">\n<ul class=\"wp-block-list\">\n<li><strong>Title:<\/strong> &#8220;Media in Catalonia&#8221;<\/li>\n\n\n\n<li><strong>Funded by:<\/strong> Comit\u00e8 Hispano-Americ\u00e0, Madrid<\/li>\n\n\n\n<li><strong>Period:<\/strong> 1981 &#8211; 1982<\/li>\n\n\n\n<li><strong>Responsible researcher:<\/strong> M. de Moragas (director)<\/li>\n\n\n\n<li><strong>Researchers:<\/strong> Marcial Murciano Mart\u00ednez<\/li>\n<\/ul>\n<\/div><\/details>\n","protected":false},"excerpt":{"rendered":"","protected":false},"author":20,"featured_media":0,"parent":172,"menu_order":0,"comment_status":"closed","ping_status":"closed","template":"","meta":{"footnotes":""},"class_list":["post-179","page","type-page","status-publish","hentry"],"_links":{"self":[{"href":"https:\/\/webs.uab.cat\/laprec\/en\/wp-json\/wp\/v2\/pages\/179","targetHints":{"allow":["GET"]}}],"collection":[{"href":"https:\/\/webs.uab.cat\/laprec\/en\/wp-json\/wp\/v2\/pages"}],"about":[{"href":"https:\/\/webs.uab.cat\/laprec\/en\/wp-json\/wp\/v2\/types\/page"}],"author":[{"embeddable":true,"href":"https:\/\/webs.uab.cat\/laprec\/en\/wp-json\/wp\/v2\/users\/20"}],"replies":[{"embeddable":true,"href":"https:\/\/webs.uab.cat\/laprec\/en\/wp-json\/wp\/v2\/comments?post=179"}],"version-history":[{"count":2,"href":"https:\/\/webs.uab.cat\/laprec\/en\/wp-json\/wp\/v2\/pages\/179\/revisions"}],"predecessor-version":[{"id":2882,"href":"https:\/\/webs.uab.cat\/laprec\/en\/wp-json\/wp\/v2\/pages\/179\/revisions\/2882"}],"up":[{"embeddable":true,"href":"https:\/\/webs.uab.cat\/laprec\/en\/wp-json\/wp\/v2\/pages\/172"}],"wp:attachment":[{"href":"https:\/\/webs.uab.cat\/laprec\/en\/wp-json\/wp\/v2\/media?parent=179"}],"curies":[{"name":"wp","href":"https:\/\/api.w.org\/{rel}","templated":true}]}}