{"id":784,"date":"2016-12-15T14:22:47","date_gmt":"2016-12-15T12:22:47","guid":{"rendered":"https:\/\/webs.uab.cat\/laprec\/personal\/gabriel-lemkow\/"},"modified":"2024-01-24T17:23:14","modified_gmt":"2024-01-24T15:23:14","slug":"gabriel-lemkow","status":"publish","type":"personal","link":"https:\/\/webs.uab.cat\/laprec\/es\/personal\/gabriel-lemkow\/","title":{"rendered":"Gabriel Lemkow"},"content":{"rendered":"\n<h2 class=\"wp-block-heading\"><strong>Situaci\u00f3n acad\u00e9mica y l\u00edneas de investigaci\u00f3n<\/strong><\/h2>\n\n\n\n<p>&#8211; Profesor en UVic-UCC<\/p>\n\n\n\n<p>&#8211; Temas de Grado: Teor\u00edas y Pr\u00e1cticas Contempor\u00e1neas en Educaci\u00f3n y Educaci\u00f3n de las Artes Visuales I y II. Tiene varias publicaciones relacionadas con la teor\u00eda de la educaci\u00f3n, el arte y la gesti\u00f3n espacial y las pr\u00e1cticas<\/p>\n\n\n\n<p>&#8211; Actualmente sus intereses de investigaci\u00f3n se centran en la cultura visual, la exclusi\u00f3n social y cultural en el arte y el aprendizaje a trav\u00e9s de m\u00e9todos de pr\u00e1ctica<\/p>\n\n\n\n<p>&#8211; Investigador invitado en el Laboratorio de Prospectiva e Investigaci\u00f3n en Comunicaci\u00f3n, Cultura y Cooperaci\u00f3n (LAPREC), Departamento de Periodismo y Ciencias de la Comunicaci\u00f3n (UAB)<\/p>\n\n\n\n<h2 class=\"wp-block-heading\"><strong>Publicaciones recientes<\/strong><\/h2>\n\n\n\n<p>&#8211; \u201cLab 0_6: espai de ci\u00e8ncia, espai neuroeducatiu\u201d. Guix d\u2019infantil. \u201cMonogr\u00e0fic sobre neuroeducaci\u00f3\u201d, num. 86 (en premsa). 2016<\/p>\n\n\n\n<p>&#8211; Lemkow-Tovias, G., Brugarolas, I., Cantons Palmitjavila, J. Carballo Marquez, A. I Mampel, S. (2016). \u201cLab 0_6: un espacio de ci\u00e8ncia para la primera inf\u00e0ncia\u201d. Cuadernos de Pedagog\u00eda. Monogr\u00e0fic Espacios de CIencia\u201d. (en premsa)<\/p>\n\n\n\n<p>&#8211; Brugarolas, I., Carballo-M\u00e1rquez, A. I Lemkow-Tovias, G. (2015). \u201cNo ho se fer\u201d. Guix d\u2019Infantil, 83<\/p>\n\n\n\n<p>&#8211; \u201cSobre la funci\u00f3 pol\u00edtica del mestre: unes reflexions a partir de Voltaire, Dewey i Gramsci\u201d. A: Garcia-Collado, F. &amp; Capdevila, P. (2014). L\u2019aventura d\u2019Europa \u2013Filosofia i Acci\u00f3. Berlin: Ed. Doble Sol, 2014<\/p>\n\n\n\n<p>&#8211; \u201cThe Philosophy of Art: the question of Definition by Tiziana Andina\u201d (ressenya de llibre). Notre Dame Philosophical Reviews (ISSN: 1538-1617). University of Notre Damme (USA), 2013 En: http:\/\/ndpr.nd.edu\/news\/45087-the-philosophy-of-art-the-question-of-definition-from-hegel-to-post-dantian-theories\/<\/p>\n\n\n\n<h2 class=\"wp-block-heading\"><strong>Otros<\/strong><\/h2>\n\n\n\n<p>&#8211; Ha publicado varios cap\u00edtulos de libro sobre temas de Filosof\u00eda del arte, Filosof\u00eda de la Educaci\u00f3n y pr\u00e1ctica pedag\u00f3gica<\/p>\n\n\n\n<p>&#8211; Ha publicado en revistas cient\u00edficas como Guix y Cuadernos de Pedagog\u00eda<\/p>\n\n\n\n<p>&#8211; Miembro de la comisi\u00f3n de evaluaci\u00f3n del profesorado del grado en Educaci\u00f3n Infantil de la Fundaci\u00f3n Universitaria del Bages<\/p>\n","protected":false},"excerpt":{"rendered":"<p>Situaci\u00f3n acad\u00e9mica y l\u00edneas de investigaci\u00f3n &#8211; Profesor en UVic-UCC &#8211; Temas de Grado: Teor\u00edas y Pr\u00e1cticas Contempor\u00e1neas en Educaci\u00f3n y Educaci\u00f3n de las Artes Visuales I y II. Tiene varias publicaciones relacionadas con la teor\u00eda de la educaci\u00f3n, el arte y la gesti\u00f3n espacial y las pr\u00e1cticas &#8211; Actualmente sus intereses de investigaci\u00f3n se [&hellip;]<\/p>\n","protected":false},"author":20,"featured_media":0,"template":"","class_list":["post-784","personal","type-personal","status-publish","hentry"],"_links":{"self":[{"href":"https:\/\/webs.uab.cat\/laprec\/es\/wp-json\/wp\/v2\/personal\/784","targetHints":{"allow":["GET"]}}],"collection":[{"href":"https:\/\/webs.uab.cat\/laprec\/es\/wp-json\/wp\/v2\/personal"}],"about":[{"href":"https:\/\/webs.uab.cat\/laprec\/es\/wp-json\/wp\/v2\/types\/personal"}],"author":[{"embeddable":true,"href":"https:\/\/webs.uab.cat\/laprec\/es\/wp-json\/wp\/v2\/users\/20"}],"wp:attachment":[{"href":"https:\/\/webs.uab.cat\/laprec\/es\/wp-json\/wp\/v2\/media?parent=784"}],"curies":[{"name":"wp","href":"https:\/\/api.w.org\/{rel}","templated":true}]}}