{"id":928,"date":"2019-07-20T14:36:22","date_gmt":"2019-07-20T12:36:22","guid":{"rendered":"https:\/\/webs.uab.cat\/laprec\/personal\/marta-rizo-garcia-2\/"},"modified":"2024-01-24T15:30:32","modified_gmt":"2024-01-24T13:30:32","slug":"marta-rizo-garcia-2","status":"publish","type":"personal","link":"https:\/\/webs.uab.cat\/laprec\/es\/personal\/marta-rizo-garcia-2\/","title":{"rendered":"Marta Rizo Garc\u00eda"},"content":{"rendered":"\n<h2 class=\"wp-block-heading\"><strong>Situaci\u00f3n acad\u00e9mica y l\u00edneas de investigaci\u00f3n<\/strong><\/h2>\n\n\n\n<p>&#8211; Profesora-Investigadora Titular en la Universidad Aut\u00f3noma de la Ciudad de M\u00e9xico. Responsable de los Seminarios de Tesis en la Licenciatura en Comunicaci\u00f3n y Cultura de esta instituci\u00f3n.&nbsp;<\/p>\n\n\n\n<p>&#8211; Doctora en Comunicaci\u00f3n por la Universidad Aut\u00f3noma de Barcelona (2004) y Licenciada en Periodismo y Ciencias de la Comunicaci\u00f3n por la misma instituci\u00f3n (1998).&nbsp;<\/p>\n\n\n\n<p>&#8211; Fue becaria del Departamento de Periodismo y Ciencias de la Comunicaci\u00f3n de la UAB en 1996-1997.&nbsp;<\/p>\n\n\n\n<p>&#8211; Fue profesora asociada en la Licenciatura de Periodismo y Ciencias de la Comunicaci\u00f3n de la UAB durante el curso lectivo 2000-2001.&nbsp;<\/p>\n\n\n\n<p>&#8211; Colabor\u00f3 en el Institut de la Comunicaci\u00f3 (InCom) de la UAB de 2000 a 2002, y actualmente sigue vinculada como investigadora externa.&nbsp;<\/p>\n\n\n\n<p>&#8211; Sus l\u00edneas de investigaci\u00f3n son las siguientes: comunicaci\u00f3n intercultural, teor\u00eda y epistemolog\u00eda de la comunicaci\u00f3n, comunicaci\u00f3n intersubjetiva e interpersonal, cuerpo y comunicaci\u00f3n, comunicaci\u00f3n y ciudad.<\/p>\n\n\n\n<p>&nbsp;<\/p>\n\n\n\n<h2 class=\"wp-block-heading\"><strong>Publicaciones recientes&nbsp;<\/strong><\/h2>\n\n\n\n<h3 class=\"wp-block-heading\"><strong>Libros (2012-2015)<\/strong><\/h3>\n\n\n\n<p>&#8211; Rizo Garc\u00eda, Marta (coord.) (2012) Filosof\u00eda y Comunicaci\u00f3n. Di\u00e1logos, encuentros y posibilidades, Ed. CECYTE, N.L.-CAEIP, Monterrey, N.L., Altos Estudios N\u00b0. 36. ISBN: 978-607-7516-55-2<\/p>\n\n\n\n<p>&#8211; Rizo Garc\u00eda, Marta (2012) Imaginarios sobre la comunicaci\u00f3n. Algunas certezas y muchas incertidumbres en torno a los estudios de comunicaci\u00f3n, hoy. Bellaterra (Barcelona, Espa\u00f1a): Institut de la Comunicaci\u00f3, Universitat Aut\u00f2noma de Barcelona. ISBN 978-84-939674-6-8. Disponible en <a href=\"http:\/\/incom.uab.cat\/download\/eBook_2_InComUAB_MRizo.pdf\">http:\/\/incom.uab.cat\/download\/eBook_2_InComUAB_MRizo.pdf<\/a>.&nbsp;<\/p>\n\n\n\n<p>&#8211; Fern\u00e1ndez Christlieb, F\u00e1tima; Mill\u00e1n Campuzano, Marco y Rizo Garc\u00eda, Marta (2013) La comunicaci\u00f3n humana en tiempos de lo digital, Universidad Aut\u00f3noma Metropolitana-Unidad Cuajimalpa, Editorial Juan Pablos y Asociaci\u00f3n Mexicana de Investigadores de la Comunicaci\u00f3n. ISBN: 978-607-477-873-1 (UAM Cuajimalpa) y&nbsp; 978-607-711-126-9 (Juan Pablos Editor).&nbsp;<\/p>\n\n\n\n<p>&#8211; Rizo Garc\u00eda, Marta y Romeu Aldaya, Vivian (2013) (coords.) Comunicaci\u00f3n, cultura y violencia. Bellaterra (Barcelona, Espa\u00f1a): Institut de la Comunicaci\u00f3, Universitat Aut\u00f2noma de Barcelona. ISBN: 978-84-939674-9-9. Disponible en <a href=\"http:\/\/incom.uab.cat\/download\/eBook_3_InComUAB_Violencia.pdf\">http:\/\/incom.uab.cat\/download\/eBook_3_InComUAB_Violencia.pdf<\/a><\/p>\n\n\n\n<p>&#8211; Rizo Garc\u00eda, Marta (2015) La vuelta al actor. Cinco miradas sobre la interacci\u00f3n social: aportes de James, Simmel, Sch\u00fctz, Goffman y Luckmann. Colecci\u00f3n Subalternos, El Errante Editor, Facultad de Ciencias de la Comunicaci\u00f3n, Benem\u00e9rita Universidad Aut\u00f3noma de Puebla, Puebla. ISBN 978-607-487-873-8 (impreso) y 978-607-487-874-5 (digital).&nbsp;<\/p>\n\n\n\n<p>&#8211; Cynthia Pech Salvador; Marta Rizo Garc\u00eda (coords.) (2015): Interculturalidad: miradas cr\u00edticas. Bellaterra: Institut de la Comunicaci\u00f3, Universitat Aut\u00f2noma de Barcelona. ISBN 978-84-944171-1-5. Disponible en <a href=\"http:\/\/incom.uab.cat\/download\/llibre_mrizo15.pdf\">http:\/\/incom.uab.cat\/download\/llibre_mrizo15.pdf<\/a>&nbsp;<\/p>\n\n\n\n<h3 class=\"wp-block-heading\">&nbsp;<strong>Cap\u00edtulos de libro (2014-2019)<\/strong><\/h3>\n\n\n\n<p>&#8211;&nbsp; \u201cTrayectorias y tensiones de la investigaci\u00f3n sobre comunicaci\u00f3n interpersonal e intersubjetiva en M\u00e9xico. Un mapa de objetos, enfoques y retos\u201d, en Padilla, Mar\u00eda Rebeca y Herrera, Miriam (Eds.) (2016) Historias y Aportes Sociales de la Investigaci\u00f3n de la Comunicaci\u00f3n en M\u00e9xico. Acuerdos y Discusiones sobre su n\u00facleo disciplinado, AMIC y Universidad Aut\u00f3noma de Quer\u00e9taro. ISBN: 978-607-513-236-5, pp. 151-180.<\/p>\n\n\n\n<p>&#8211; \u201cMedios de comunicaci\u00f3n, ciudadan\u00eda y participaci\u00f3n. Algunos acercamientos te\u00f3ricos y conceptuales para pensar la Radio Ciudadana\u201d, en Castellanos, Vicente y Sol\u00f3rzano, Adriana (Coords.) (2017) Radio ciudadana: estudio y testimonio de un modelo ciudadano de comunicaci\u00f3n radiof\u00f3nica, UAM, M\u00e9xico, pp. 99-115. ISBN 978-607-28-0998-7<\/p>\n\n\n\n<p>&#8211; \u201cInteracciones digitales y construcci\u00f3n de comunidad. Aportes te\u00f3rico-conceptuales para pensar las formas de comunicaci\u00f3n pos-masiva\u201d, en Hidalgo Toledo, Jorge Alberto (Coord.) (2017) Medios y mediaci\u00f3n en la cultura digital. Cambios estructurales y construcciones te\u00f3ricas para la comprensi\u00f3n de la cultura digital, Colecci\u00f3n D\u00fdnamis, Editorial Tirant Lo Blanc, M\u00e9xico, pp. 155-173. ISBN 978-841-7069-64-3<\/p>\n\n\n\n<p>&#8211; \u201cPoder e interculturalidad imposible: notas para un estado de la cuesti\u00f3n\u201d, Aguilar Edwards, Andrea (coord.) (2017)&nbsp;Desaf\u00edos de la inclusi\u00f3n y procesos de comunicaci\u00f3n,&nbsp; Editorial Alfaguara, M\u00e9xico, pp. 15-33. ISBN: 978-607-506-307-2<\/p>\n\n\n\n<p>&#8211; \u201cLa recuperaci\u00f3n de saberes tradicionales en la investigaci\u00f3n intercultural. La interacci\u00f3n entre investigador e investigados\u201d, en Huertas, Amparo y Luna, Mar\u00eda (Coords.) (2017) El estudio de las comunidades ind\u00edgenas, Institut de la Comunicaci\u00f3, Universitat Aut\u00f2noma de Barcelona (Espa\u00f1a), pp.17-30. En l\u00ednea, disponible en <a href=\"http:\/\/incom.uab.cat\/download\/eBook_ebook_16_1.pdf\">http:\/\/incom.uab.cat\/download\/eBook_ebook_16_1.pdf<\/a>&nbsp;<\/p>\n\n\n\n<p>&#8211; \u201cEl estatuto epistemol\u00f3gico de las ciencias de la comunicaci\u00f3n. Consensos, disensos y retos para investigar la comunicaci\u00f3n\u201d, en Javier Marzal-Felici, Aar\u00f3n Rodr\u00edguez Serrano y Samuel Gil Soldevilla (Eds.) (2018)&nbsp; Investigar en la era neoliberal. Visiones cr\u00edticas sobre la investigaci\u00f3n en comunicaci\u00f3n en Espa\u00f1a, Universitat Jaume I, Valencia (Espa\u00f1a). ISBN (impreso): UJI: 978-84-17429-35-5, UAB: 978-84-490-8040-1, UV: 978-84-9134-304-2. ISBN (edici\u00f3n en E-Pub): UJI: 978-84-17429-36-2, UAB: 978-84-490-8041-8, UV: 978-84-9134-313-4, pp. 91-108.&nbsp;<\/p>\n\n\n\n<p>&#8211; \u201cEl abordaje de la ciudad y lo urbano desde la identidad, el habitus y las representaciones sociales\u201d, en Ricardo Greene (ed.) (2018) Conocer la ciudad. Imaginarios, m\u00e9todos, cartograf\u00edas, sentidos, Colecci\u00f3n Cuervos en casa, Editorial Bifurcaciones, Chile. ISBN: 978-956-9501-02-9&nbsp;<\/p>\n\n\n\n<h3 class=\"wp-block-heading\"><strong>&nbsp;Art\u00edculos (2015-2019)<\/strong><\/h3>\n\n\n\n<p>&#8211; \u201cInteracci\u00f3n y emociones. La microsociolog\u00eda de Randall Collins y la dimensi\u00f3n emocional de la interacci\u00f3n social\u201d, en Psicoperspectivas. Individuo y sociedad, Volumen 14, N\u00fam. 2, a\u00f1o 2015, pp. 51-61. Monogr\u00e1fico \u201cComponiendo el campo: hacia el estudio de individuos, sujetos y subjetividad en Latinoam\u00e9rica\u201d. Escuela de Psicolog\u00eda de la Pontificia Universidad Cat\u00f3lica de Valpara\u00edso, Chile. ISSN&nbsp;0717-7798 impresa \/ ISSN&nbsp;0718-6924 electr\u00f3nica. Recuperado de <a href=\"http:\/\/www.psicoperspectivas.cl\">www.psicoperspectivas.cl<\/a>, doi: 10.5027\/ PSICOPERSPECTIVAS-VOL14-ISSUE2-FULLTEXT-439. <a href=\"http:\/\/www.psicoperspectivas.cl\/index.php\/psicoperspectivas\/article\/view\/439\/416\">http:\/\/www.psicoperspectivas.cl\/index.php\/psicoperspectivas\/article\/view\/439\/416<\/a>&nbsp;<\/p>\n\n\n\n<p>&#8211; \u201cDiscusiones sociol\u00f3gicas y filos\u00f3ficas en torno al cuerpo y la producci\u00f3n de sentido. Una lectura desde los aportes de Goffman, Bourdieu y Merleau-Ponty\u201d. En Raz\u00f3n y Palabra. A\u00f1o 20, N\u00fam. 91, Septiembre-Noviembre de 2015. ISSN: 1605-4806. En l\u00ednea, disponible en <a href=\"http:\/\/razonypalabra.org.mx\/N\/N91\/Varia\/01_Rizo_V91.pdf\">http:\/\/razonypalabra.org.mx\/N\/N91\/Varia\/01_Rizo_V91.pdf<\/a>&nbsp;<\/p>\n\n\n\n<p>&#8211; \u201cEstudiar comunicaci\u00f3n. Una exploraci\u00f3n de los imaginarios de los estudiantes en la Ciudad de M\u00e9xico\u201d, en Question. Revista Especializada en Periodismo y Comunicaci\u00f3n, Volumen 1, N\u00fam. 47 (2015), Facultad de Periodismo y Comunicaci\u00f3n Social, Universidad Nacional de La Plata (Argentina), ISSN 1669-6581.En l\u00ednea, disponible en <a href=\"http:\/\/perio.unlp.edu.ar\/ojs\/index.php\/question\/index\">http:\/\/perio.unlp.edu.ar\/ojs\/index.php\/question\/index<\/a> y <a href=\"http:\/\/perio.unlp.edu.ar\/ojs\/index.php\/question\/article\/view\/2539\/2254\">http:\/\/perio.unlp.edu.ar\/ojs\/index.php\/question\/article\/view\/2539\/2254<\/a>&nbsp;<\/p>\n\n\n\n<p>&#8211; \u201cConstrucci\u00f3n de la realidad, comunicaci\u00f3n y vida cotidiana. Una aproximaci\u00f3n a la obra de Thomas Luckmann\u201d, en Intercom-Revista Brasileira de Ci\u00eancias da Comunica\u00e7\u00e3o. Sociedad Brasile\u00f1a de Estudios Interdisciplinares de la Comunicaci\u00f3n (INTERCOM). Intercom \u2013 RBCC, S\u00e3o Paulo (Brasil), v.38, n.2, p. 19-38, jul.\/dez. 2015. DOI: 10.1590\/1809-5844201522. En l\u00ednea, disponible en <a href=\"http:\/\/www.portcom.intercom.org.br\/revistas\/index.php\/revistaintercom\/article\/view\/2279\/1904\">http:\/\/www.portcom.intercom.org.br\/revistas\/index.php\/revistaintercom\/article\/view\/2279\/1904<\/a>&nbsp;<\/p>\n\n\n\n<p>&#8211; \u201cResponsabilidad social de los profesionales de la informaci\u00f3n y la comunicaci\u00f3n. Reflexiones en un entorno confuso\u201d. En ALCANCE. Revista Cubana de Informaci\u00f3n y Comunicaci\u00f3n, Vol. 4, N\u00fam. 6, A\u00f1o 2015. La Habana (Cuba). ISSN: 2411-9970. En l\u00ednea, disponible en <a href=\"http:\/\/www.alcance.uh.cu\/index.php\/RA\/article\/view\/57\/55\">http:\/\/www.alcance.uh.cu\/index.php\/RA\/article\/view\/57\/55<\/a>&nbsp;<\/p>\n\n\n\n<p>&#8211; \u201cCuerpo, subjetividad y comunicaci\u00f3n en la propuesta filos\u00f3fica de Maurice Merleau-Ponty\u201d, en la Revista Iberoamericana de Comunicaci\u00f3n, N\u00fam. 28, Primavera-verano 2015, Departamento de Comunicaci\u00f3n Universidad Iberoamericana \u2013 Campus Santa Fe, Ciudad de M\u00e9xico. En l\u00ednea (revista completa), disponible en <a href=\"http:\/\/revistas.ibero.mx\/iberoamericana_de_comunicacion\/uploads\/volumenes\/9\/pdf\/RIC28_Para_web.pdf\">http:\/\/revistas.ibero.mx\/iberoamericana_de_comunicacion\/uploads\/volumenes\/9\/pdf\/RIC28_Para_web.pdf<\/a>&nbsp;<\/p>\n\n\n\n<p>&#8211; \u201cArticulaciones entre teor\u00eda y metodolog\u00eda en la ense\u00f1anza de la investigaci\u00f3n en comunicaci\u00f3n. Algunas reflexiones y propuestas desde la pr\u00e1ctica docente en M\u00e9xico\u201d. Revista Questi\u00f3n, Vol. 1, N\u00fam. 49 (2016), Facultad de Periodismo y Comunicaci\u00f3n Social, Universidad Nacional de La Plata (Argentina). En l\u00ednea, disponible en <a href=\"http:\/\/perio.unlp.edu.ar\/ojs\/index.php\/question\/article\/view\/3068\/2612\">http:\/\/perio.unlp.edu.ar\/ojs\/index.php\/question\/article\/view\/3068\/2612<\/a>&nbsp;<\/p>\n\n\n\n<p>&#8211; \u201cEpistemolog\u00eda de la Comunicaci\u00f3n Intersubjetiva: aproximaciones sociol\u00f3gicas, filos\u00f3ficas e interdisciplinarias\u201d, publicado en la revista MatriZes, Vol. 11, n\u00fam. 1, enero-abril 2017, pp. 127-147. Programa de Posgrado en Comunicaci\u00f3n, Universidad de Sao Paulo (Brasil). ISSN: 1982-8160. En l\u00ednea, disponible en <a href=\"https:\/\/www.revistas.usp.br\/matrizes\/article\/download\/122894\/127919\">https:\/\/www.revistas.usp.br\/matrizes\/article\/download\/122894\/127919<\/a>&nbsp;<\/p>\n\n\n\n<p>&#8211; \u201cLa recuperaci\u00f3n de saberes tradicionales en la investigaci\u00f3n intercultural. La interacci\u00f3n entre investigador e investigados\u201d. Lecci\u00f3n b\u00e1sica. Portal de la Comunicaci\u00f3n, Universidad Aut\u00f3noma de Barcelona. Septiembre de 2018. ISSN: 2014-0576. En l\u00ednea, disponible en <a href=\"http:\/\/www.portalcomunicacion.com\/lecciones_det.asp?id=102\">http:\/\/www.portalcomunicacion.com\/lecciones_det.asp?id=102<\/a><\/p>\n\n\n\n<p>&#8211; \u201cCuerpo y comunicaci\u00f3n. Reflexiones te\u00f3ricas y breve estado de la cuesti\u00f3n en M\u00e9xico\u201d, en Question. Revista especializada en Periodismo y Comunicaci\u00f3n. <a href=\"https:\/\/perio.unlp.edu.ar\/ojs\/index.php\/question\/issue\/view\/186\">Vol. 1, N\u00fam. 60 (2018)<\/a>. Facultad de Periodismo y Comunicaci\u00f3n Social. Universidad Nacional de La Plata (Argentina). ISSN 1669-6581. En l\u00ednea, disponible en <a href=\"https:\/\/perio.unlp.edu.ar\/ojs\/index.php\/question\/article\/view\/4737\/3992\">https:\/\/perio.unlp.edu.ar\/ojs\/index.php\/question\/article\/view\/4737\/3992<\/a>&nbsp;<\/p>\n\n\n\n<p>&#8211; \u201cLa comunicaci\u00f3n como relaci\u00f3n e interacci\u00f3n. Un mapa general de acepciones te\u00f3rico-conceptuales y un apunte sobre sus posibilidades emp\u00edricas en los estudios sobre interculturalidad\u201d. En Revista Iberoamericana de Comunicaci\u00f3n, N\u00fam. 36, Enero-Junio 2019. Departamento de Comunicaci\u00f3n, Universidad Iberoamericana Ciudad de M\u00e9xico. pp. 147-174. ISSN: 1665-1677<\/p>\n\n\n\n<h3 class=\"wp-block-heading\"><strong>&nbsp;Otros<\/strong><\/h3>\n\n\n\n<p>&#8211; Ha dirigido cerca de 40 tesis de licenciatura y m\u00e1s de 10 de posgrado, y actualmente dirige 8 tesis de licenciatura, 1 de maestr\u00eda y 5 de doctorado.&nbsp;&nbsp;<\/p>\n\n\n\n<p>&#8211; Ha participado en congresos y seminarios (con m\u00e1s de 130 ponencias y cerca de 50 conferencias magistrales) en M\u00e9xico, Espa\u00f1a, Portugal, Alemania, Francia, Cuba, Panam\u00e1, Costa Rica, Per\u00fa, Argentina, Bolivia, Uruguay, Brasil, Estados Unidos y Colombia, entre otros pa\u00edses.&nbsp;<\/p>\n\n\n\n<p>&#8211; Ha sido docente invitada en m\u00e1s de 15 universidades mexicanas y extranjeras. Entre las mexicanas, destacan las siguientes instituciones: Universidad Aut\u00f3noma de Baja California, Universidad Veracruzana, Benem\u00e9rita Universidad Aut\u00f3noma de Puebla, Universidad Popular del Estado de Puebla, Universidad Intercultural del Estado de M\u00e9xico, Universidad Intercultural de Chiapas, Universidad Intercontinental, Universidad Iberoamericana, Universidad Aut\u00f3noma de San Luis Potos\u00ed, Universidad Aut\u00f3noma de Nuevo Le\u00f3n, Universidad La Salle, Universidad de Guadalajara, Universidad Aut\u00f3noma de Sonora, Universidad Aut\u00f3noma de Tlaxcala, Universidad An\u00e1huac, Universidad Aut\u00f3noma de Chiapas, entre otras. En el extranjero, ha sido profesora invitada en la Universidad Aut\u00f3noma de Barcelona, Universidad de Sevilla, Universidad de Murcia, Universidad de Vigo, Universidad Pompeu Fabra (Espa\u00f1a); Universidad de Costa Rica (Costa Rica); Universidad de Quilmes (Argentina) y en la Universidad Nacional Abierta y a Distancia (Colombia).&nbsp;&nbsp;<\/p>\n\n\n\n<p>&#8211; Integra el Comit\u00e9 Editorial de revistas como las siguientes: Andamios. Revista de Investigaci\u00f3n Social, Global Media Journal en Espa\u00f1ol, Revista Mexicana de Ciencias Pol\u00edticas y Sociales, Comunicaci\u00f3n y Sociedad, Psicolog\u00eda y Ciencias del Comportamiento, Estudios sobre las Culturas Contempor\u00e1neas, Versi\u00f3n, Pol\u00edtica y Cultura, Revista Mexicana de Comunicaci\u00f3n (M\u00e9xico); Fronteiras. Estudos Midi\u00e1ticos, Observat\u00f3rio (Brasil); Alcance. Revista Cubana de Informaci\u00f3n y Comunicaci\u00f3n (Cuba); Perspectivas de la comunicaci\u00f3n (Chile); Mediaciones Sociales (Espa\u00f1a); deSignis, publicaci\u00f3n de la Federaci\u00f3n Latinoamericana de Semi\u00f3tica (FELS).<\/p>\n\n\n\n<p>&#8211; Fue Coordinadora del Plantel Centro Hist\u00f3rico de la Universidad Aut\u00f3noma de la Ciudad de M\u00e9xico de 2006 a 2011.&nbsp;<\/p>\n\n\n\n<p>&#8211; Ha fungido como evaluadora de varias convocatorias emitidas por el Consejo Nacional de Ciencia y Tecnolog\u00eda (CONACYT) de M\u00e9xico.<\/p>\n","protected":false},"excerpt":{"rendered":"<p>Situaci\u00f3n acad\u00e9mica y l\u00edneas de investigaci\u00f3n &#8211; Profesora-Investigadora Titular en la Universidad Aut\u00f3noma de la Ciudad de M\u00e9xico. Responsable de los Seminarios de Tesis en la Licenciatura en Comunicaci\u00f3n y Cultura de esta instituci\u00f3n.&nbsp; &#8211; Doctora en Comunicaci\u00f3n por la Universidad Aut\u00f3noma de Barcelona (2004) y Licenciada en Periodismo y Ciencias de la Comunicaci\u00f3n por [&hellip;]<\/p>\n","protected":false},"author":20,"featured_media":0,"template":"","class_list":["post-928","personal","type-personal","status-publish","hentry"],"_links":{"self":[{"href":"https:\/\/webs.uab.cat\/laprec\/es\/wp-json\/wp\/v2\/personal\/928","targetHints":{"allow":["GET"]}}],"collection":[{"href":"https:\/\/webs.uab.cat\/laprec\/es\/wp-json\/wp\/v2\/personal"}],"about":[{"href":"https:\/\/webs.uab.cat\/laprec\/es\/wp-json\/wp\/v2\/types\/personal"}],"author":[{"embeddable":true,"href":"https:\/\/webs.uab.cat\/laprec\/es\/wp-json\/wp\/v2\/users\/20"}],"wp:attachment":[{"href":"https:\/\/webs.uab.cat\/laprec\/es\/wp-json\/wp\/v2\/media?parent=928"}],"curies":[{"name":"wp","href":"https:\/\/api.w.org\/{rel}","templated":true}]}}