{"id":161,"date":"2009-05-25T13:26:58","date_gmt":"2009-05-25T11:26:58","guid":{"rendered":"https:\/\/webs.uab.cat\/laprec\/linies-recerca\/"},"modified":"2026-04-12T21:49:31","modified_gmt":"2026-04-12T19:49:31","slug":"linies-recerca","status":"publish","type":"page","link":"https:\/\/webs.uab.cat\/laprec\/recerca\/linies-recerca\/","title":{"rendered":"L\u00ednies de Recerca"},"content":{"rendered":"\n<p>En su proceso de actualizaci\u00f3n y renovaci\u00f3n constante, el LAPREC organiza sus \u00e1mbitos de investigaci\u00f3n e iniciativas en torno a cuatro l\u00edneas tem\u00e1ticas generales, alineadas con las tres \u201cC\u201d del nombre del grupo \u2013 Comunicaci\u00f3n, Cultura y Cooperaci\u00f3n:<\/p>\n\n\n\n<h2 class=\"wp-block-heading\"><strong><strong>Estructura y Pol\u00edticas de Comunicaci\u00f3n, Transparencia y Participaci\u00f3n Ciudadana<\/strong><\/strong><\/h2>\n\n\n\n<p>La cual incluye los ecosistemas y consumos medi\u00e1ticos; la industria de la comunicaci\u00f3n y la innovaci\u00f3n en los modelos de negocio; regulaci\u00f3n y rendici\u00f3n de cuentas de los medios y de los gobiernos; nuevas formas de participaci\u00f3n democr\u00e1tica y la ciudadan\u00eda plural, entre otros.<\/p>\n\n\n\n<h2 class=\"wp-block-heading\"><strong><strong>Periodismo, Internet y Desinformaci\u00f3n<\/strong><\/strong><\/h2>\n\n\n\n<p>La cual incluye desde los aspectos m\u00e1s cl\u00e1sicos de los estudios sobre la prensa y los contenidos period\u00edsticos; la transformaci\u00f3n digital, redes sociales y tecnolog\u00eda period\u00edstica; y el fen\u00f3meno de la desinformaci\u00f3n, entre otros.<\/p>\n\n\n\n<h2 class=\"wp-block-heading\"><strong><strong>Estudios culturales, Interculturalidad y Comunicaci\u00f3n<\/strong><\/strong><\/h2>\n\n\n\n<p>La cual incluye el estudio de la producci\u00f3n, consumo y recepci\u00f3n del discurso cultural y comunicativo; las relaciones interculturales y la diversidad en diferentes escenarios; las teor\u00edas de la comunicaci\u00f3n, nuevos paradigmas y las nuevas formas de comunicaci\u00f3n; la teor\u00eda del discurso y la teor\u00eda semi\u00f3tica aplicadas a la comunicaci\u00f3n en el espacio p\u00fablico y en las redes sociales, entre otros.<\/p>\n\n\n\n<h2 class=\"wp-block-heading\"><strong>Comunicaci\u00f3n para el Cambio Social y perspectiva de g\u00e9nero<\/strong><\/h2>\n\n\n\n<p>La cual incluye la cooperaci\u00f3n internacional para el desarrollo y la justicia global; el enfoque de derechos humanos; la comunicaci\u00f3n para la paz; los estudios espec\u00edficos sobre la perspectiva de g\u00e9nero aplicada a la comunicaci\u00f3n, entre otros. \u00a0\u00a0\u00a0<\/p>\n","protected":false},"excerpt":{"rendered":"<p>En su proceso de actualizaci\u00f3n y renovaci\u00f3n constante, el LAPREC organiza sus \u00e1mbitos de investigaci\u00f3n e iniciativas en torno a cuatro l\u00edneas tem\u00e1ticas generales, alineadas con las tres \u201cC\u201d del nombre del grupo \u2013 Comunicaci\u00f3n, Cultura y Cooperaci\u00f3n: Estructura y Pol\u00edticas de Comunicaci\u00f3n, Transparencia y Participaci\u00f3n Ciudadana La cual incluye los ecosistemas y consumos medi\u00e1ticos; [&hellip;]<\/p>\n","protected":false},"author":20,"featured_media":0,"parent":157,"menu_order":0,"comment_status":"closed","ping_status":"closed","template":"","meta":{"footnotes":""},"class_list":["post-161","page","type-page","status-publish","hentry"],"_links":{"self":[{"href":"https:\/\/webs.uab.cat\/laprec\/wp-json\/wp\/v2\/pages\/161","targetHints":{"allow":["GET"]}}],"collection":[{"href":"https:\/\/webs.uab.cat\/laprec\/wp-json\/wp\/v2\/pages"}],"about":[{"href":"https:\/\/webs.uab.cat\/laprec\/wp-json\/wp\/v2\/types\/page"}],"author":[{"embeddable":true,"href":"https:\/\/webs.uab.cat\/laprec\/wp-json\/wp\/v2\/users\/20"}],"replies":[{"embeddable":true,"href":"https:\/\/webs.uab.cat\/laprec\/wp-json\/wp\/v2\/comments?post=161"}],"version-history":[{"count":2,"href":"https:\/\/webs.uab.cat\/laprec\/wp-json\/wp\/v2\/pages\/161\/revisions"}],"predecessor-version":[{"id":2950,"href":"https:\/\/webs.uab.cat\/laprec\/wp-json\/wp\/v2\/pages\/161\/revisions\/2950"}],"up":[{"embeddable":true,"href":"https:\/\/webs.uab.cat\/laprec\/wp-json\/wp\/v2\/pages\/157"}],"wp:attachment":[{"href":"https:\/\/webs.uab.cat\/laprec\/wp-json\/wp\/v2\/media?parent=161"}],"curies":[{"name":"wp","href":"https:\/\/api.w.org\/{rel}","templated":true}]}}