{"id":1751,"date":"2025-11-26T17:09:45","date_gmt":"2025-11-26T15:09:45","guid":{"rendered":"https:\/\/webs.uab.cat\/laprec\/?page_id=1751"},"modified":"2026-01-25T22:17:15","modified_gmt":"2026-01-25T20:17:15","slug":"membres","status":"publish","type":"page","link":"https:\/\/webs.uab.cat\/laprec\/omec\/membres\/","title":{"rendered":"Membres de l&#8217;OMEC"},"content":{"rendered":"\n<ul class=\"wp-block-list\">\n<li><a href=\"http:\/\/www.esj-alger.dz\" target=\"_blank\" rel=\"noreferrer noopener\">\u00c9cole Sup\u00e9rieure de Journalisme d&#8217;Alger<\/a>, Alger, Alg\u00e8ria<\/li>\n\n\n\n<li>Organisation pour les libert\u00e9s d&#8217;information et d&#8217;expression (OLIE), Casablanca, Marroc<\/li>\n\n\n\n<li><a href=\"https:\/\/www.city.ac.uk\/research\/centres\/communication-and-the-city\" target=\"_blank\" rel=\"noreferrer noopener\">Communication &amp; The City Research Group, City University<\/a>, Londres, Regne Unit<\/li>\n\n\n\n<li><a href=\"https:\/\/www.unr.edu.ar\" target=\"_blank\" rel=\"noreferrer noopener\">Institut Rosari d&#8217;Estudis del M\u00f3n \u00c0rab i Isl\u00e0mic (IREMAI)<\/a>, Rosario, Argentina<\/li>\n\n\n\n<li><a href=\"http:\/\/www.um5.ac.ma\" target=\"_blank\" rel=\"noreferrer noopener\">Centre d\u00b4Estudis i Investigacions en Comunicaci\u00f3 i Societat (SECS)<\/a>, Rabat, Marroc<\/li>\n\n\n\n<li>Association de Recherche en Communication Interculturelle (ARCI), Tetuan, Marroc<\/li>\n\n\n\n<li><a href=\"https:\/\/bianet.org\" target=\"_blank\" rel=\"noreferrer noopener\">BIANET<\/a>, Istanbul, Turquia<\/li>\n\n\n\n<li>Centre d\u2019Estudis i Recerques sobre Inversions i Desenvolupament (CERID), Barcelona, Espanya<\/li>\n\n\n\n<li><a href=\"https:\/\/www.uab.cat\/periodisme\" target=\"_blank\" rel=\"noreferrer noopener\">Departament de Periodisme i Ci\u00e8ncies de la Comunicaci\u00f3 de la Universitat Aut\u00f2noma de Barcelona<\/a>, Bellaterra, Espanya<\/li>\n\n\n\n<li><a href=\"https:\/\/www.uma.es\/facultad-de-ciencias-de-la-comunicacion\" target=\"_blank\" rel=\"noreferrer noopener\">Facultat de Ci\u00e8ncies de la Comunicaci\u00f3, Universitat de M\u00e0laga<\/a>, M\u00e0laga, Espanya<\/li>\n\n\n\n<li><a href=\"https:\/\/scienzeformazione.unibo.it\" target=\"_blank\" rel=\"noreferrer noopener\">Facultat de Ci\u00e8ncies de la Formaci\u00f3 de la Universitat de Bolonya<\/a>, Bolonya, It\u00e0lia<\/li>\n\n\n\n<li><a href=\"https:\/\/www.aucegypt.edu\/academics\/undergraduate\/journalism-mass-communication\" target=\"_blank\" rel=\"noreferrer noopener\">Department of Journalism and Mass Communication at The American University in Cairo<\/a>, El Caire, Egipte<\/li>\n\n\n\n<li><a href=\"https:\/\/www.uab.cat\" target=\"_blank\" rel=\"noreferrer noopener\">M\u00e0ster Europeu en Mediaci\u00f3 Intermediterr\u00e0nia (MIM)<\/a>, Bellaterra, Espanya<\/li>\n\n\n\n<li><a href=\"https:\/\/www.ucm.es\/investigacion\/grupos-ucm\/930514\" target=\"_blank\" rel=\"noreferrer noopener\">Grup de Recerca Sociosemi\u00f2tica de la Comunicaci\u00f3 Intercultural (SICIC)<\/a>, Madrid, Espanya<\/li>\n\n\n\n<li><a href=\"http:\/\/www.tresculturas.org\" target=\"_blank\" rel=\"noreferrer noopener\">Fundaci\u00f3 Tres Cultures Mediterr\u00e0nies<\/a>, Sevilla, Espanya<\/li>\n\n\n\n<li><a href=\"https:\/\/www.ina.fr\" target=\"_blank\" rel=\"noreferrer noopener\">Institut National de l\u2019Audiovisuel (INA)<\/a>, Par\u00eds, Fran\u00e7a<\/li>\n\n\n\n<li><a href=\"http:\/\/www.ieco.unal.edu.co\" target=\"_blank\" rel=\"noreferrer noopener\">Observatori Nacional de Mitjans de l&#8217;IECO-UN<\/a>, Bogot\u00e0, Col\u00f2mbia<\/li>\n\n\n\n<li>Mediterranean Women Press Network, Regional (Mediterrani)<\/li>\n\n\n\n<li><a href=\"https:\/\/xidpic.cat\" target=\"_blank\" rel=\"noreferrer noopener\">Xarxa Internacional de Dones Periodistes i Comunicadores<\/a>, Barcelona, Espanya<\/li>\n\n\n\n<li><a href=\"https:\/\/www.adpc.cat\" target=\"_blank\" rel=\"noreferrer noopener\">Associaci\u00f3 de Dones Periodistes de Catalunya (ADPC)<\/a>, Barcelona, Espanya<\/li>\n\n\n\n<li><a href=\"http:\/\/marenostrum.org\" target=\"_blank\" rel=\"noreferrer noopener\">Mare Nostrum \u2013 Mediterranean News Network Project<\/a>, Regional (Mediterrani)<\/li>\n\n\n\n<li><a href=\"https:\/\/camri.ac.uk\" target=\"_blank\" rel=\"noreferrer noopener\">CAMRI \u2013 Arab media Centre<\/a>, Londres, Regne Unit<\/li>\n\n\n\n<li><a href=\"http:\/\/www.comminit.com\" target=\"_blank\" rel=\"noreferrer noopener\">The Communication Initiative<\/a>, Victoria, Canad\u00e0<\/li>\n\n\n\n<li><a href=\"http:\/\/www.comminit.com\/la\" target=\"_blank\" rel=\"noreferrer noopener\">La Iniciativa de la Comunicaci\u00f3<\/a>, Regional (Am\u00e8rica Llatina)<\/li>\n\n\n\n<li><a href=\"http:\/\/www.cmn.jo\" target=\"_blank\" rel=\"noreferrer noopener\">Community Media Network<\/a>, Amman, Jord\u00e0nia<\/li>\n\n\n\n<li><a href=\"https:\/\/www.ard.de\" target=\"_blank\" rel=\"noreferrer noopener\">ARD (Middle East)<\/a>, El Caire, Egipte<\/li>\n\n\n\n<li><a href=\"https:\/\/casperlibero.edu.br\" target=\"_blank\" rel=\"noreferrer noopener\">Grup d&#8217;investigaci\u00f3 Comunica\u00e7\u00e3o e Cultura Visual, Facultat C\u00e1sper L\u00edbero<\/a>, S\u00e3o Paulo, Brasil<\/li>\n\n\n\n<li><a href=\"https:\/\/ufal.br\" target=\"_blank\" rel=\"noreferrer noopener\">Nucli Tem\u00e0tic Mulher &amp; Cidadania, Universidade Federal d&#8217;Alagoas<\/a>, Macei\u00f3, Brasil<\/li>\n\n\n\n<li><a href=\"https:\/\/www.ufms.br\" target=\"_blank\" rel=\"noreferrer noopener\">Nucli d&#8217;Estudis da Palavra, imagem e som (NEPIS)<\/a>, Campo Grande, Brasil<\/li>\n<\/ul>\n\n\n\n<h2 class=\"wp-block-heading\">En proc\u00e9s<\/h2>\n\n\n\n<ul class=\"wp-block-list\">\n<li><a href=\"https:\/\/www.acu.edu.eg\" target=\"_blank\" rel=\"noreferrer noopener\">Ahram Canadian University<\/a>, El Caire, Egipte<\/li>\n\n\n\n<li><a href=\"https:\/\/www.periodistes.cat\" target=\"_blank\" rel=\"noreferrer noopener\">Col\u00b7legi de Periodistes de Catalunya<\/a>, Barcelona, Espanya<\/li>\n\n\n\n<li><a href=\"https:\/\/www.cac.cat\" target=\"_blank\" rel=\"noreferrer noopener\">Consell de l\u2019Audiovisual de Catalunya<\/a>, Barcelona, Espanya<\/li>\n\n\n\n<li><a href=\"https:\/\/consejoaudiovisualdeandalucia.es\" target=\"_blank\" rel=\"noreferrer noopener\">Consell de l&#8217;Audiovisual d&#8217;Andalusia<\/a>, Sevilla, Espanya<\/li>\n\n\n\n<li><a href=\"https:\/\/www.iemed.org\" target=\"_blank\" rel=\"noreferrer noopener\">Institut Europeu de la Mediterr\u00e0nia<\/a>, Barcelona, Espanya<\/li>\n\n\n\n<li><a href=\"https:\/\/www.haca.ma\" target=\"_blank\" rel=\"noreferrer noopener\">L\u2019Autorit\u00e9 de l\u2019Audioviseuelle del Marroc (HACA)<\/a>, Rabat, Marroc<\/li>\n\n\n\n<li><a href=\"https:\/\/www.snrt.ma\" target=\"_blank\" rel=\"noreferrer noopener\">R\u00e0dio Televisi\u00f3 del Marroc (RTVM)<\/a>, Rabat, Marroc<\/li>\n\n\n\n<li><a href=\"https:\/\/snjt.org\" target=\"_blank\" rel=\"noreferrer noopener\">Syndicat des Journalistes Tunisiens<\/a>, Tunis, Tun\u00edsia<\/li>\n<\/ul>\n","protected":false},"excerpt":{"rendered":"<p>En proc\u00e9s<\/p>\n","protected":false},"author":20,"featured_media":0,"parent":159,"menu_order":0,"comment_status":"closed","ping_status":"closed","template":"","meta":{"footnotes":""},"class_list":["post-1751","page","type-page","status-publish","hentry"],"_links":{"self":[{"href":"https:\/\/webs.uab.cat\/laprec\/wp-json\/wp\/v2\/pages\/1751","targetHints":{"allow":["GET"]}}],"collection":[{"href":"https:\/\/webs.uab.cat\/laprec\/wp-json\/wp\/v2\/pages"}],"about":[{"href":"https:\/\/webs.uab.cat\/laprec\/wp-json\/wp\/v2\/types\/page"}],"author":[{"embeddable":true,"href":"https:\/\/webs.uab.cat\/laprec\/wp-json\/wp\/v2\/users\/20"}],"replies":[{"embeddable":true,"href":"https:\/\/webs.uab.cat\/laprec\/wp-json\/wp\/v2\/comments?post=1751"}],"version-history":[{"count":4,"href":"https:\/\/webs.uab.cat\/laprec\/wp-json\/wp\/v2\/pages\/1751\/revisions"}],"predecessor-version":[{"id":2921,"href":"https:\/\/webs.uab.cat\/laprec\/wp-json\/wp\/v2\/pages\/1751\/revisions\/2921"}],"up":[{"embeddable":true,"href":"https:\/\/webs.uab.cat\/laprec\/wp-json\/wp\/v2\/pages\/159"}],"wp:attachment":[{"href":"https:\/\/webs.uab.cat\/laprec\/wp-json\/wp\/v2\/media?parent=1751"}],"curies":[{"name":"wp","href":"https:\/\/api.w.org\/{rel}","templated":true}]}}