{"id":1936,"date":"2026-01-26T11:58:18","date_gmt":"2026-01-26T10:58:18","guid":{"rendered":"https:\/\/webs.uab.cat\/lligadedebat\/?page_id=1936"},"modified":"2026-02-20T16:15:06","modified_gmt":"2026-02-20T15:15:06","slug":"participants","status":"publish","type":"page","link":"https:\/\/webs.uab.cat\/lligadedebat\/participants\/","title":{"rendered":"Participants"},"content":{"rendered":"\n<p class=\"has-text-align-left\">L&#8217;equip 3, format per Jan Sarkar Cuadrado, Alejandro Pascual Peir\u00f3 i la seva portaveu, Laia Abenza Romera, s&#8217;ha proclamat campi\u00f3 de la Lliga de Debat Universit\u00e0ria de l&#8217;Aut\u00f2noma de 2026. Ser\u00e0, doncs, el grup que ens representar\u00e0 a la fase final de la Lliga de Debat Universit\u00e0ria de la Xarxa Vives a Alacant, a l&#8217;abril.<\/p>\n\n\n<div class=\"wp-block-image\">\n<figure class=\"aligncenter size-large is-resized\"><img loading=\"lazy\" decoding=\"async\" width=\"819\" height=\"1024\" src=\"https:\/\/webs.uab.cat\/lligadedebat\/wp-content\/uploads\/sites\/515\/2026\/02\/6-819x1024.png\" alt=\"\" class=\"wp-image-2108\" style=\"aspect-ratio:0.7998143288165247;width:482px;height:auto\" srcset=\"https:\/\/webs.uab.cat\/lligadedebat\/wp-content\/uploads\/sites\/515\/2026\/02\/6-819x1024.png 819w, https:\/\/webs.uab.cat\/lligadedebat\/wp-content\/uploads\/sites\/515\/2026\/02\/6-240x300.png 240w, https:\/\/webs.uab.cat\/lligadedebat\/wp-content\/uploads\/sites\/515\/2026\/02\/6-768x960.png 768w, https:\/\/webs.uab.cat\/lligadedebat\/wp-content\/uploads\/sites\/515\/2026\/02\/6.png 1080w\" sizes=\"auto, (max-width: 819px) 100vw, 819px\" \/><\/figure>\n<\/div>\n\n\n<p>Oriol Sala Palos, portaveu i membre de l&#8217;equip 12, ha estat premiat, d&#8217;entre tots i totes les estudiants, com a millor orador per les seves virtuts orat\u00f2ries.<\/p>\n\n\n<div class=\"wp-block-image\">\n<figure class=\"aligncenter size-large is-resized\"><img loading=\"lazy\" decoding=\"async\" width=\"819\" height=\"1024\" src=\"https:\/\/webs.uab.cat\/lligadedebat\/wp-content\/uploads\/sites\/515\/2026\/02\/5-819x1024.png\" alt=\"\" class=\"wp-image-2107\" style=\"aspect-ratio:0.7998143288165247;width:488px;height:auto\" srcset=\"https:\/\/webs.uab.cat\/lligadedebat\/wp-content\/uploads\/sites\/515\/2026\/02\/5-819x1024.png 819w, https:\/\/webs.uab.cat\/lligadedebat\/wp-content\/uploads\/sites\/515\/2026\/02\/5-240x300.png 240w, https:\/\/webs.uab.cat\/lligadedebat\/wp-content\/uploads\/sites\/515\/2026\/02\/5-768x960.png 768w, https:\/\/webs.uab.cat\/lligadedebat\/wp-content\/uploads\/sites\/515\/2026\/02\/5.png 1080w\" sizes=\"auto, (max-width: 819px) 100vw, 819px\" \/><\/figure>\n<\/div>\n\n\n<p>Fotografia de cada equip participant. <\/p>\n\n\n\n<figure class=\"wp-block-gallery has-nested-images columns-default is-cropped wp-block-gallery-1 is-layout-flex wp-block-gallery-is-layout-flex\">\n<figure class=\"wp-block-image size-large is-resized\"><img loading=\"lazy\" decoding=\"async\" width=\"1024\" height=\"576\" data-id=\"2037\" src=\"https:\/\/webs.uab.cat\/lligadedebat\/wp-content\/uploads\/sites\/515\/2026\/02\/2-1024x576.png\" alt=\"\" class=\"wp-image-2037\" style=\"width:373px;height:auto\" srcset=\"https:\/\/webs.uab.cat\/lligadedebat\/wp-content\/uploads\/sites\/515\/2026\/02\/2-1024x576.png 1024w, https:\/\/webs.uab.cat\/lligadedebat\/wp-content\/uploads\/sites\/515\/2026\/02\/2-300x169.png 300w, https:\/\/webs.uab.cat\/lligadedebat\/wp-content\/uploads\/sites\/515\/2026\/02\/2-768x432.png 768w, https:\/\/webs.uab.cat\/lligadedebat\/wp-content\/uploads\/sites\/515\/2026\/02\/2-1536x864.png 1536w, https:\/\/webs.uab.cat\/lligadedebat\/wp-content\/uploads\/sites\/515\/2026\/02\/2-1200x675.png 1200w, https:\/\/webs.uab.cat\/lligadedebat\/wp-content\/uploads\/sites\/515\/2026\/02\/2.png 1600w\" sizes=\"auto, (max-width: 1024px) 100vw, 1024px\" \/><\/figure>\n\n\n\n<figure class=\"wp-block-image size-large is-resized\"><img loading=\"lazy\" decoding=\"async\" width=\"1024\" height=\"576\" data-id=\"2050\" src=\"https:\/\/webs.uab.cat\/lligadedebat\/wp-content\/uploads\/sites\/515\/2026\/02\/equip-2-1024x576.png\" alt=\"\" class=\"wp-image-2050\" style=\"width:471px;height:auto\" srcset=\"https:\/\/webs.uab.cat\/lligadedebat\/wp-content\/uploads\/sites\/515\/2026\/02\/equip-2-1024x576.png 1024w, https:\/\/webs.uab.cat\/lligadedebat\/wp-content\/uploads\/sites\/515\/2026\/02\/equip-2-300x169.png 300w, https:\/\/webs.uab.cat\/lligadedebat\/wp-content\/uploads\/sites\/515\/2026\/02\/equip-2-768x432.png 768w, https:\/\/webs.uab.cat\/lligadedebat\/wp-content\/uploads\/sites\/515\/2026\/02\/equip-2-1536x864.png 1536w, https:\/\/webs.uab.cat\/lligadedebat\/wp-content\/uploads\/sites\/515\/2026\/02\/equip-2-1200x675.png 1200w, https:\/\/webs.uab.cat\/lligadedebat\/wp-content\/uploads\/sites\/515\/2026\/02\/equip-2.png 1600w\" sizes=\"auto, (max-width: 1024px) 100vw, 1024px\" \/><\/figure>\n<\/figure>\n\n\n\n<figure class=\"wp-block-gallery has-nested-images columns-default is-cropped wp-block-gallery-2 is-layout-flex wp-block-gallery-is-layout-flex\">\n<figure class=\"wp-block-image size-large is-resized\"><img loading=\"lazy\" decoding=\"async\" width=\"1024\" height=\"576\" data-id=\"2061\" src=\"https:\/\/webs.uab.cat\/lligadedebat\/wp-content\/uploads\/sites\/515\/2026\/02\/FOTOS-EQUIPS-UNI-1024x576.png\" alt=\"\" class=\"wp-image-2061\" style=\"width:345px;height:auto\" srcset=\"https:\/\/webs.uab.cat\/lligadedebat\/wp-content\/uploads\/sites\/515\/2026\/02\/FOTOS-EQUIPS-UNI-1024x576.png 1024w, https:\/\/webs.uab.cat\/lligadedebat\/wp-content\/uploads\/sites\/515\/2026\/02\/FOTOS-EQUIPS-UNI-300x169.png 300w, https:\/\/webs.uab.cat\/lligadedebat\/wp-content\/uploads\/sites\/515\/2026\/02\/FOTOS-EQUIPS-UNI-768x432.png 768w, https:\/\/webs.uab.cat\/lligadedebat\/wp-content\/uploads\/sites\/515\/2026\/02\/FOTOS-EQUIPS-UNI-1536x864.png 1536w, https:\/\/webs.uab.cat\/lligadedebat\/wp-content\/uploads\/sites\/515\/2026\/02\/FOTOS-EQUIPS-UNI-1200x675.png 1200w, https:\/\/webs.uab.cat\/lligadedebat\/wp-content\/uploads\/sites\/515\/2026\/02\/FOTOS-EQUIPS-UNI.png 1600w\" sizes=\"auto, (max-width: 1024px) 100vw, 1024px\" \/><\/figure>\n\n\n\n<figure class=\"wp-block-image size-large is-resized\"><img loading=\"lazy\" decoding=\"async\" width=\"1024\" height=\"576\" data-id=\"2053\" src=\"https:\/\/webs.uab.cat\/lligadedebat\/wp-content\/uploads\/sites\/515\/2026\/02\/equip-4-1024x576.png\" alt=\"\" class=\"wp-image-2053\" style=\"width:349px;height:auto\" srcset=\"https:\/\/webs.uab.cat\/lligadedebat\/wp-content\/uploads\/sites\/515\/2026\/02\/equip-4-1024x576.png 1024w, https:\/\/webs.uab.cat\/lligadedebat\/wp-content\/uploads\/sites\/515\/2026\/02\/equip-4-300x169.png 300w, https:\/\/webs.uab.cat\/lligadedebat\/wp-content\/uploads\/sites\/515\/2026\/02\/equip-4-768x432.png 768w, https:\/\/webs.uab.cat\/lligadedebat\/wp-content\/uploads\/sites\/515\/2026\/02\/equip-4-1536x864.png 1536w, https:\/\/webs.uab.cat\/lligadedebat\/wp-content\/uploads\/sites\/515\/2026\/02\/equip-4-1200x675.png 1200w, https:\/\/webs.uab.cat\/lligadedebat\/wp-content\/uploads\/sites\/515\/2026\/02\/equip-4.png 1600w\" sizes=\"auto, (max-width: 1024px) 100vw, 1024px\" \/><\/figure>\n<\/figure>\n\n\n\n<figure class=\"wp-block-gallery has-nested-images columns-default is-cropped wp-block-gallery-3 is-layout-flex wp-block-gallery-is-layout-flex\">\n<figure class=\"wp-block-image size-large is-resized\"><img loading=\"lazy\" decoding=\"async\" width=\"1024\" height=\"576\" data-id=\"2051\" src=\"https:\/\/webs.uab.cat\/lligadedebat\/wp-content\/uploads\/sites\/515\/2026\/02\/equip-5-1024x576.png\" alt=\"\" class=\"wp-image-2051\" style=\"width:348px;height:auto\" srcset=\"https:\/\/webs.uab.cat\/lligadedebat\/wp-content\/uploads\/sites\/515\/2026\/02\/equip-5-1024x576.png 1024w, https:\/\/webs.uab.cat\/lligadedebat\/wp-content\/uploads\/sites\/515\/2026\/02\/equip-5-300x169.png 300w, https:\/\/webs.uab.cat\/lligadedebat\/wp-content\/uploads\/sites\/515\/2026\/02\/equip-5-768x432.png 768w, https:\/\/webs.uab.cat\/lligadedebat\/wp-content\/uploads\/sites\/515\/2026\/02\/equip-5-1536x864.png 1536w, https:\/\/webs.uab.cat\/lligadedebat\/wp-content\/uploads\/sites\/515\/2026\/02\/equip-5-1200x675.png 1200w, https:\/\/webs.uab.cat\/lligadedebat\/wp-content\/uploads\/sites\/515\/2026\/02\/equip-5.png 1600w\" sizes=\"auto, (max-width: 1024px) 100vw, 1024px\" \/><\/figure>\n\n\n\n<figure class=\"wp-block-image size-large is-resized\"><img loading=\"lazy\" decoding=\"async\" width=\"1024\" height=\"576\" data-id=\"2036\" src=\"https:\/\/webs.uab.cat\/lligadedebat\/wp-content\/uploads\/sites\/515\/2026\/02\/4-1-1024x576.png\" alt=\"\" class=\"wp-image-2036\" style=\"width:349px;height:auto\" srcset=\"https:\/\/webs.uab.cat\/lligadedebat\/wp-content\/uploads\/sites\/515\/2026\/02\/4-1-1024x576.png 1024w, https:\/\/webs.uab.cat\/lligadedebat\/wp-content\/uploads\/sites\/515\/2026\/02\/4-1-300x169.png 300w, https:\/\/webs.uab.cat\/lligadedebat\/wp-content\/uploads\/sites\/515\/2026\/02\/4-1-768x432.png 768w, https:\/\/webs.uab.cat\/lligadedebat\/wp-content\/uploads\/sites\/515\/2026\/02\/4-1-1536x864.png 1536w, https:\/\/webs.uab.cat\/lligadedebat\/wp-content\/uploads\/sites\/515\/2026\/02\/4-1-1200x675.png 1200w, https:\/\/webs.uab.cat\/lligadedebat\/wp-content\/uploads\/sites\/515\/2026\/02\/4-1.png 1600w\" sizes=\"auto, (max-width: 1024px) 100vw, 1024px\" \/><\/figure>\n<\/figure>\n\n\n\n<figure class=\"wp-block-gallery has-nested-images columns-default is-cropped wp-block-gallery-4 is-layout-flex wp-block-gallery-is-layout-flex\">\n<figure class=\"wp-block-image size-large is-resized\"><img loading=\"lazy\" decoding=\"async\" width=\"1024\" height=\"576\" data-id=\"2065\" src=\"https:\/\/webs.uab.cat\/lligadedebat\/wp-content\/uploads\/sites\/515\/2026\/02\/FOTOS-EQUIPS-UNI-1-1024x576.png\" alt=\"\" class=\"wp-image-2065\" style=\"width:345px;height:auto\" srcset=\"https:\/\/webs.uab.cat\/lligadedebat\/wp-content\/uploads\/sites\/515\/2026\/02\/FOTOS-EQUIPS-UNI-1-1024x576.png 1024w, https:\/\/webs.uab.cat\/lligadedebat\/wp-content\/uploads\/sites\/515\/2026\/02\/FOTOS-EQUIPS-UNI-1-300x169.png 300w, https:\/\/webs.uab.cat\/lligadedebat\/wp-content\/uploads\/sites\/515\/2026\/02\/FOTOS-EQUIPS-UNI-1-768x432.png 768w, https:\/\/webs.uab.cat\/lligadedebat\/wp-content\/uploads\/sites\/515\/2026\/02\/FOTOS-EQUIPS-UNI-1-1536x864.png 1536w, https:\/\/webs.uab.cat\/lligadedebat\/wp-content\/uploads\/sites\/515\/2026\/02\/FOTOS-EQUIPS-UNI-1-1200x675.png 1200w, https:\/\/webs.uab.cat\/lligadedebat\/wp-content\/uploads\/sites\/515\/2026\/02\/FOTOS-EQUIPS-UNI-1.png 1600w\" sizes=\"auto, (max-width: 1024px) 100vw, 1024px\" \/><\/figure>\n\n\n\n<figure class=\"wp-block-image size-large is-resized\"><img loading=\"lazy\" decoding=\"async\" width=\"1024\" height=\"576\" data-id=\"2054\" src=\"https:\/\/webs.uab.cat\/lligadedebat\/wp-content\/uploads\/sites\/515\/2026\/02\/equip-9-1024x576.png\" alt=\"\" class=\"wp-image-2054\" style=\"width:342px;height:auto\" srcset=\"https:\/\/webs.uab.cat\/lligadedebat\/wp-content\/uploads\/sites\/515\/2026\/02\/equip-9-1024x576.png 1024w, https:\/\/webs.uab.cat\/lligadedebat\/wp-content\/uploads\/sites\/515\/2026\/02\/equip-9-300x169.png 300w, https:\/\/webs.uab.cat\/lligadedebat\/wp-content\/uploads\/sites\/515\/2026\/02\/equip-9-768x432.png 768w, https:\/\/webs.uab.cat\/lligadedebat\/wp-content\/uploads\/sites\/515\/2026\/02\/equip-9-1536x864.png 1536w, https:\/\/webs.uab.cat\/lligadedebat\/wp-content\/uploads\/sites\/515\/2026\/02\/equip-9-1200x675.png 1200w, https:\/\/webs.uab.cat\/lligadedebat\/wp-content\/uploads\/sites\/515\/2026\/02\/equip-9.png 1600w\" sizes=\"auto, (max-width: 1024px) 100vw, 1024px\" \/><\/figure>\n<\/figure>\n\n\n\n<figure class=\"wp-block-gallery has-nested-images columns-default is-cropped wp-block-gallery-5 is-layout-flex wp-block-gallery-is-layout-flex\">\n<figure class=\"wp-block-image size-large is-resized\"><img loading=\"lazy\" decoding=\"async\" width=\"1024\" height=\"576\" data-id=\"2035\" src=\"https:\/\/webs.uab.cat\/lligadedebat\/wp-content\/uploads\/sites\/515\/2026\/02\/1-1-1024x576.png\" alt=\"\" class=\"wp-image-2035\" style=\"width:347px;height:auto\" srcset=\"https:\/\/webs.uab.cat\/lligadedebat\/wp-content\/uploads\/sites\/515\/2026\/02\/1-1-1024x576.png 1024w, https:\/\/webs.uab.cat\/lligadedebat\/wp-content\/uploads\/sites\/515\/2026\/02\/1-1-300x169.png 300w, https:\/\/webs.uab.cat\/lligadedebat\/wp-content\/uploads\/sites\/515\/2026\/02\/1-1-768x432.png 768w, https:\/\/webs.uab.cat\/lligadedebat\/wp-content\/uploads\/sites\/515\/2026\/02\/1-1-1536x864.png 1536w, https:\/\/webs.uab.cat\/lligadedebat\/wp-content\/uploads\/sites\/515\/2026\/02\/1-1-1200x675.png 1200w, https:\/\/webs.uab.cat\/lligadedebat\/wp-content\/uploads\/sites\/515\/2026\/02\/1-1.png 1600w\" sizes=\"auto, (max-width: 1024px) 100vw, 1024px\" \/><\/figure>\n\n\n\n<figure class=\"wp-block-image size-large is-resized\"><img loading=\"lazy\" decoding=\"async\" width=\"1024\" height=\"576\" data-id=\"2038\" src=\"https:\/\/webs.uab.cat\/lligadedebat\/wp-content\/uploads\/sites\/515\/2026\/02\/3-1024x576.png\" alt=\"\" class=\"wp-image-2038\" style=\"width:347px;height:auto\" srcset=\"https:\/\/webs.uab.cat\/lligadedebat\/wp-content\/uploads\/sites\/515\/2026\/02\/3-1024x576.png 1024w, https:\/\/webs.uab.cat\/lligadedebat\/wp-content\/uploads\/sites\/515\/2026\/02\/3-300x169.png 300w, https:\/\/webs.uab.cat\/lligadedebat\/wp-content\/uploads\/sites\/515\/2026\/02\/3-768x432.png 768w, https:\/\/webs.uab.cat\/lligadedebat\/wp-content\/uploads\/sites\/515\/2026\/02\/3-1536x864.png 1536w, https:\/\/webs.uab.cat\/lligadedebat\/wp-content\/uploads\/sites\/515\/2026\/02\/3-1200x675.png 1200w, https:\/\/webs.uab.cat\/lligadedebat\/wp-content\/uploads\/sites\/515\/2026\/02\/3.png 1600w\" sizes=\"auto, (max-width: 1024px) 100vw, 1024px\" \/><\/figure>\n<\/figure>\n","protected":false},"excerpt":{"rendered":"<p>L&#8217;equip 3, format per Jan Sarkar Cuadrado, Alejandro Pascual Peir\u00f3 i la seva portaveu, Laia Abenza Romera, s&#8217;ha proclamat campi\u00f3 de la Lliga de Debat Universit\u00e0ria de l&#8217;Aut\u00f2noma de 2026. Ser\u00e0, doncs, el grup que ens representar\u00e0 a la fase final de la Lliga de Debat Universit\u00e0ria de la Xarxa Vives a Alacant, a l&#8217;abril. [&hellip;]<\/p>\n","protected":false},"author":36,"featured_media":0,"parent":0,"menu_order":0,"comment_status":"closed","ping_status":"closed","template":"","meta":{"footnotes":""},"class_list":["post-1936","page","type-page","status-publish","hentry"],"_links":{"self":[{"href":"https:\/\/webs.uab.cat\/lligadedebat\/wp-json\/wp\/v2\/pages\/1936","targetHints":{"allow":["GET"]}}],"collection":[{"href":"https:\/\/webs.uab.cat\/lligadedebat\/wp-json\/wp\/v2\/pages"}],"about":[{"href":"https:\/\/webs.uab.cat\/lligadedebat\/wp-json\/wp\/v2\/types\/page"}],"author":[{"embeddable":true,"href":"https:\/\/webs.uab.cat\/lligadedebat\/wp-json\/wp\/v2\/users\/36"}],"replies":[{"embeddable":true,"href":"https:\/\/webs.uab.cat\/lligadedebat\/wp-json\/wp\/v2\/comments?post=1936"}],"version-history":[{"count":11,"href":"https:\/\/webs.uab.cat\/lligadedebat\/wp-json\/wp\/v2\/pages\/1936\/revisions"}],"predecessor-version":[{"id":2122,"href":"https:\/\/webs.uab.cat\/lligadedebat\/wp-json\/wp\/v2\/pages\/1936\/revisions\/2122"}],"wp:attachment":[{"href":"https:\/\/webs.uab.cat\/lligadedebat\/wp-json\/wp\/v2\/media?parent=1936"}],"curies":[{"name":"wp","href":"https:\/\/api.w.org\/{rel}","templated":true}]}}