{"id":21,"date":"2016-01-28T14:29:46","date_gmt":"2016-01-28T13:29:46","guid":{"rendered":"http:\/\/blogs.uab.cat\/majmin\/?page_id=21"},"modified":"2024-02-12T10:30:34","modified_gmt":"2024-02-12T10:30:34","slug":"persones","status":"publish","type":"page","link":"https:\/\/webs.uab.cat\/majmin\/index\/persones\/","title":{"rendered":"Persones"},"content":{"rendered":"<hr \/>\n<p><strong>C\u00e0rrecs i autoritats<\/strong><\/p>\n<p>S&#8217;escriuen amb min\u00fascules tots els c\u00e0rrecs, i tamb\u00e9 els t\u00edtols<br \/>\nnobiliaris.<\/p>\n<div id=\"carrecs\" class=\"seccio\">\n<ul class=\"exemples\">\n<li class=\"exemple\">el president del Consell Social<\/li>\n<li class=\"exemple\">el rector de la UAB<\/li>\n<li class=\"exemple\">la vicerectora d&#8217;Estudis<\/li>\n<li class=\"exemple\">el deg\u00e0 de la Facultat de Ci\u00e8ncies de la Comunicaci\u00f3<\/li>\n<li class=\"exemple\">la directora del Departament de Geografia<\/li>\n<li class=\"exemple\">la cap del Gabinet Jur\u00eddic<\/li>\n<li class=\"exemple\">el president de la Generalitat<\/li>\n<li class=\"exemple\">l&#8217;alcaldessa de la Garriga<\/li>\n<li class=\"exemple\">el ministre de Cultura<\/li>\n<li class=\"exemple\">el comte de Barcelona<\/li>\n<\/ul>\n<p>No obstant aix\u00f2, quan van precedits dels tractaments protocol\u00b7laris corresponents, escriurem els c\u00e0rrecs amb maj\u00fascula inicial.<\/p>\n<ul class=\"exemples\">\n<li class=\"exemple\">Molt Honorable President<\/li>\n<\/ul>\n<\/div>\n<div id=\"tractamentsProtocol\" class=\"seccio\">\n<hr \/>\n<p class=\"titolSeccio\"><strong>Tractaments protocol\u00b7laris<\/strong><\/p>\n<p>Els tractaments protocol\u00b7laris van amb maj\u00fascules inicials, tant si s&#8217;escriuen abreujats com si s&#8217;escriuen desenvolupats.<\/p>\n<ul class=\"exemples\">\n<li class=\"exemple\">l&#8217;Excel\u00b7lent\u00edssima Senyora Joana Orp\u00ed<\/li>\n<li class=\"exemple\">l&#8217;Honorable Senyor Pere Mas<\/li>\n<li class=\"exemple\">l&#8217;Excma. Sra. Joana Orp\u00ed<\/li>\n<li class=\"exemple\">l&#8217;Hble. Sr. Pere Mas<\/li>\n<\/ul>\n<\/div>\n<div id=\"tractaments\" class=\"seccio\">\n<hr \/>\n<p class=\"titolSeccio\"><strong>Tractaments de cortesia i designacions personals gen\u00e8riques catalans<\/strong><\/p>\n<p>Van amb min\u00fascules quan s&#8217;escriuen desenvolupats.<\/p>\n<ul class=\"exemples\">\n<li class=\"exemple\">la senyora Fontaner<\/li>\n<li class=\"exemple\">el professor Vidal<\/li>\n<li class=\"exemple\">la doctora Alavedra<\/li>\n<li class=\"exemple\">moss\u00e8n Griera<\/li>\n<li class=\"exemple\">santa Agn\u00e8s<\/li>\n<\/ul>\n<p>Van amb maj\u00fascules, en canvi, si s&#8217;escriuen abreujats.<\/p>\n<ul class=\"exemples\">\n<li class=\"exemple\">la Sra. Fontaner<\/li>\n<li class=\"exemple\">el Prof. Vidal<\/li>\n<li class=\"exemple\">la Dra. Alavedra<\/li>\n<li class=\"exemple\">Mn. Griera<\/li>\n<li class=\"exemple\">Sta. Agn\u00e8s<\/li>\n<\/ul>\n<p>Escriurem amb maj\u00fascula inicial el mot\u00a0<span class=\"cursiva\">Sant<\/span>\u00a0(i\u00a0<span class=\"cursiva\">Santa<\/span>,\u00a0<span class=\"cursiva\">Sants<\/span>,\u00a0<span class=\"cursiva\">Santes<\/span>) quan forma part del nom d&#8217;una festivitat, d&#8217;un carrer, d&#8217;un edifici singular o d&#8217;un top\u00f2nim.<\/p>\n<ul class=\"exemples\">\n<li class=\"exemple\">la festa de Sant Medir<\/li>\n<li class=\"exemple\">per Tots Sants<\/li>\n<li class=\"exemple\">el carrer de Sant Joan Baptista<\/li>\n<li class=\"exemple\">el Palau Sant Jordi<\/li>\n<li class=\"exemple\">a la vora de Sant Carles de la R\u00e0pita<\/li>\n<\/ul>\n<\/div>\n<div id=\"tractamentsNoCat\" class=\"seccio\">\n<hr \/>\n<p class=\"titolSeccio\"><strong>Tractaments no catalans<\/strong><\/p>\n<p>Van amb maj\u00fascula inicial, tant si s&#8217;escriuen abreujats com si s&#8217;escriuen desenvolupats.<\/p>\n<ul class=\"exemples\">\n<li class=\"exemple\">Do\u00f1a Encarnaci\u00f3n Rup\u00e9rez<\/li>\n<li class=\"exemple\">Sir Colin Davis<\/li>\n<li class=\"exemple\">Monsieur Deschamps<\/li>\n<\/ul>\n<table class=\"exemples\">\n<tbody>\n<tr class=\"exemples\">\n<td class=\"exemple\">Mister John Roolf<\/td>\n<td class=\"exemple\">Mr John Roolf<\/td>\n<\/tr>\n<tr class=\"exemples\">\n<td class=\"exemple\">Madame Tarn<\/td>\n<td class=\"exemple\">Mme. Tarn<\/td>\n<\/tr>\n<\/tbody>\n<\/table>\n<\/div>\n<div id=\"professions\" class=\"seccio\">\n<hr \/>\n<p class=\"titolSeccio\"><strong>Professions<\/strong><\/p>\n<p>Les categories laborals i les designacions de les professions i dels llocs de treball s&#8217;han d&#8217;escriure amb min\u00fascules.<\/p>\n<ul class=\"exemples\">\n<li class=\"exemple\">auxiliar administratiu<\/li>\n<li class=\"exemple\">cap de servei<\/li>\n<li class=\"exemple\">administrador de centre<\/li>\n<li class=\"exemple\">oficial de primera<\/li>\n<li>t\u00e8cnic superior<\/li>\n<li class=\"exemple\">professor associat<\/li>\n<li class=\"exemple\">catedr\u00e0tic<\/li>\n<li class=\"exemple\">professor ajudant<\/li>\n<li class=\"exemple\">professor em\u00e8rit<\/li>\n<li class=\"exemple\">personal d&#8217;administraci\u00f3 i serveis<\/li>\n<li class=\"exemple\">personal docent<\/li>\n<li class=\"exemple\">personal laboral<\/li>\n<li class=\"exemple\">escala auxiliar administrativa<\/li>\n<\/ul>\n<\/div>\n<div id=\"dinasties\" class=\"seccio\">\n<hr \/>\n<p class=\"titolSeccio\"><strong>Dinasties<\/strong><\/p>\n<p>S&#8217;escriuen amb maj\u00fascula inicial.<\/p>\n<ul class=\"exemples\">\n<li class=\"exemple\">els Trast\u00e0mara<\/li>\n<li class=\"exemple\">els Borbons<\/li>\n<li class=\"exemple\">la dinastia Plantagenet<\/li>\n<\/ul>\n<\/div>\n<div id=\"sobrenoms\" class=\"seccio\">\n<hr \/>\n<p class=\"titolSeccio\"><strong>Sobrenoms<\/strong><\/p>\n<p>Els sobrenoms, com tamb\u00e9 els pseud\u00f2nims i els renoms, s&#8217;escriuen amb maj\u00fascules inicials.<\/p>\n<ul class=\"exemples\">\n<li class=\"exemple\">Pere el Cerimoni\u00f3s<\/li>\n<li class=\"exemple\">el Timbaler del Bruc<\/li>\n<li class=\"exemple\">Alexandre el Gran<\/li>\n<li class=\"exemple\">el Pr\u00edncep de la Tenora [Ricard Viladesau]<\/li>\n<li class=\"exemple\">T\u00edsner [Avel\u00b7l\u00ed Art\u00eds Gener]<\/li>\n<li class=\"exemple\">V\u00edctor Catal\u00e0 [Caterina Albert]<\/li>\n<\/ul>\n<\/div>\n<div id=\"divinitats\" class=\"seccio\">\n<hr \/>\n<p class=\"titolSeccio\"><strong>Divinitats<\/strong><\/p>\n<p>El nom de les divinitats s&#8217;escriu amb maj\u00fascula inicial.<\/p>\n<ul class=\"exemples\">\n<li class=\"exemple\">Apol\u00b7lo<\/li>\n<li class=\"exemple\">Al\u00b7l\u00e0<\/li>\n<li class=\"exemple\">l&#8217;Esperit Sant<\/li>\n<li class=\"exemple\">Buda<\/li>\n<li class=\"exemple\">Satan\u00e0s<\/li>\n<\/ul>\n<\/div>\n<hr \/>\n<p><a href=\"http:\/\/blogs.uab.cat\/majmin\/index\/\">\u00cdndex<\/a><\/p>\n","protected":false},"excerpt":{"rendered":"<p>C\u00e0rrecs i autoritats S&#8217;escriuen amb min\u00fascules tots els c\u00e0rrecs, i tamb\u00e9 els t\u00edtols nobiliaris. el president del Consell Social el rector de la UAB la vicerectora d&#8217;Estudis el deg\u00e0 de la Facultat de Ci\u00e8ncies de la Comunicaci\u00f3 la directora del Departament de Geografia la cap del Gabinet Jur\u00eddic el president de la Generalitat l&#8217;alcaldessa de [&hellip;]<\/p>\n","protected":false},"author":59,"featured_media":0,"parent":13,"menu_order":1,"comment_status":"closed","ping_status":"closed","template":"","meta":{"footnotes":""},"class_list":["post-21","page","type-page","status-publish","hentry"],"_links":{"self":[{"href":"https:\/\/webs.uab.cat\/majmin\/wp-json\/wp\/v2\/pages\/21","targetHints":{"allow":["GET"]}}],"collection":[{"href":"https:\/\/webs.uab.cat\/majmin\/wp-json\/wp\/v2\/pages"}],"about":[{"href":"https:\/\/webs.uab.cat\/majmin\/wp-json\/wp\/v2\/types\/page"}],"author":[{"embeddable":true,"href":"https:\/\/webs.uab.cat\/majmin\/wp-json\/wp\/v2\/users\/59"}],"replies":[{"embeddable":true,"href":"https:\/\/webs.uab.cat\/majmin\/wp-json\/wp\/v2\/comments?post=21"}],"version-history":[{"count":2,"href":"https:\/\/webs.uab.cat\/majmin\/wp-json\/wp\/v2\/pages\/21\/revisions"}],"predecessor-version":[{"id":99,"href":"https:\/\/webs.uab.cat\/majmin\/wp-json\/wp\/v2\/pages\/21\/revisions\/99"}],"up":[{"embeddable":true,"href":"https:\/\/webs.uab.cat\/majmin\/wp-json\/wp\/v2\/pages\/13"}],"wp:attachment":[{"href":"https:\/\/webs.uab.cat\/majmin\/wp-json\/wp\/v2\/media?parent=21"}],"curies":[{"name":"wp","href":"https:\/\/api.w.org\/{rel}","templated":true}]}}