{"id":29,"date":"2016-01-28T14:32:27","date_gmt":"2016-01-28T13:32:27","guid":{"rendered":"http:\/\/blogs.uab.cat\/majmin\/?page_id=29"},"modified":"2024-02-12T11:58:25","modified_gmt":"2024-02-12T11:58:25","slug":"organismes","status":"publish","type":"page","link":"https:\/\/webs.uab.cat\/majmin\/index\/organismes\/","title":{"rendered":"Organismes"},"content":{"rendered":"<hr \/>\n<p><strong>Institucions<\/strong><\/p>\n<hr \/>\n<p>S&#8217;escriuen amb maj\u00fascules inicials les denominacions d&#8217;institucions, organismes, entitats, associacions, etc. i les de les seves unitats internes (seccions, \u00e0rees, etc.).<\/p>\n<div id=\"institucions\" class=\"seccio\">\n<ul class=\"exemples\">\n<li class=\"exemple\">la Universitat Aut\u00f2noma de Barcelona<\/li>\n<li class=\"exemple\">la Facultat de Veterin\u00e0ria<\/li>\n<li class=\"exemple\">l&#8217;Escola d&#8217;Enginyeria<\/li>\n<li class=\"exemple\">el Departament de Dret Privat<\/li>\n<li class=\"exemple\">la Unitat de Dinamitzaci\u00f3 Ling\u00fc\u00edstica<\/li>\n<li class=\"exemple\">l&#8217;Institut d&#8217;Estudis Europeus<\/li>\n<li class=\"exemple\">el Centre de Processament de Dades<\/li>\n<li class=\"exemple\">la Gesti\u00f3 Acad\u00e8mica de la Facultat de Ci\u00e8ncies<\/li>\n<li class=\"exemple\">l&#8217;\u00c0rea de Relacions Internacionals<\/li>\n<li class=\"exemple\">el Gabinet Jur\u00eddic<\/li>\n<li class=\"exemple\">la Biblioteca de Ci\u00e8ncies de la Comunicaci\u00f3<\/li>\n<li class=\"exemple\">l&#8217;Associaci\u00f3 Amics UAB<\/li>\n<li class=\"exemple\">l&#8217;Hospital del Mar<\/li>\n<li class=\"exemple\">la Fundaci\u00f3 Empresa i Ci\u00e8ncia<\/li>\n<li class=\"exemple\">l&#8217;Escola d&#8217;Administraci\u00f3 P\u00fablica de Catalunya<\/li>\n<li class=\"exemple\">la Direcci\u00f3 General d&#8217;Universitats<\/li>\n<li class=\"exemple\">l&#8217;Ajuntament de Sabadell<\/li>\n<li class=\"exemple\">l&#8217;Associaci\u00f3 Catalana d&#8217;Estudiants<\/li>\n<\/ul>\n<p>La designaci\u00f3 incompleta d&#8217;una instituci\u00f3 s&#8217;escriu amb maj\u00fascula inicial.<\/p>\n<ul class=\"exemples\">\n<li class=\"exemple\">la Universitat [per \u00abla Universitat Aut\u00f2noma de Barcelona\u00bb]<\/li>\n<li class=\"exemple\">el Centre [per \u00abel Centre d&#8217;Estudis Ol\u00edmpics\u00bb]<\/li>\n<li class=\"exemple\">el Departament [per \u00abel Departament de Matem\u00e0tiques\u00bb]<\/li>\n<li class=\"exemple\">el Parlament [per \u00abel Parlament de Catalunya\u00bb]<\/li>\n<\/ul>\n<p>Si s&#8217;interpreten com un nom gen\u00e8ric m\u00e9s que no pas com una designaci\u00f3 incompleta s&#8217;escriuen amb min\u00fascules.<\/p>\n<ul class=\"exemples\">\n<li class=\"exemple\">el centre<\/li>\n<li class=\"exemple\">el departament<\/li>\n<\/ul>\n<p>Sovint es pot fer tant una interpretaci\u00f3 com l&#8217;altra i, per tant, escriure aquests casos indistintament amb maj\u00fascula o min\u00fascules.<\/p>\n<p>No \u00e9s una designaci\u00f3 incompleta sin\u00f3 un nom gen\u00e8ric la paraula\u00a0<span class=\"cursiva\"><em>universitat<\/em> <\/span>en casos com els seg\u00fcents:<\/p>\n<ul class=\"exemples\">\n<li class=\"exemple\">el model d&#8217;universitat a Catalunya<\/li>\n<li class=\"exemple\">sovint s&#8217;ha dit que la universitat \u00e9s una f\u00e0brica de desocupats<\/li>\n<\/ul>\n<p>S&#8217;han de remarcar les institucions generals seg\u00fcents. Si duen un adjectiu darrere, aquest ha d&#8217;anar amb min\u00fascules.<\/p>\n<ul class=\"exemples\">\n<li class=\"exemple\">l&#8217;Administraci\u00f3<\/li>\n<li class=\"exemple\">l&#8217;Administraci\u00f3 p\u00fablica<\/li>\n<li class=\"exemple\">l&#8217;Esgl\u00e9sia<\/li>\n<li class=\"exemple\">l&#8217;Esgl\u00e9sia cat\u00f2lica<\/li>\n<li class=\"exemple\">l&#8217;Estat<\/li>\n<li class=\"exemple\">l&#8217;Estat espanyol<\/li>\n<li class=\"exemple\">l&#8217;Estat franc\u00e8s<\/li>\n<li class=\"exemple\">l&#8217;Ex\u00e8rcit (per exemple, \u00abl&#8217;inter\u00e8s de l&#8217;Ex\u00e8rcit per la universitat\u00bb)<\/li>\n<\/ul>\n<p>S\u00f3n noms gen\u00e8rics i, per tant, van amb min\u00fascules, en canvi:<\/p>\n<ul class=\"exemples\">\n<li class=\"exemple\">l&#8217;administraci\u00f3 de l&#8217;empresa<\/li>\n<li class=\"exemple\">l&#8217;esgl\u00e9sia de Santa Maria del Mar<\/li>\n<li class=\"exemple\">l&#8217;ex\u00e8rcit estranger no va aconseguir arribar a la ciutat<\/li>\n<\/ul>\n<\/div>\n<div id=\"organsGovern\" class=\"seccio\">\n<hr \/>\n<p class=\"titolSeccio\"><strong>\u00d2rgans de govern, de representaci\u00f3 i consultius<\/strong><\/p>\n<hr \/>\n<p>Les denominacions dels \u00f2rgans de govern, de representaci\u00f3 i consultius s&#8217;escriuen amb maj\u00fascules inicials.<\/p>\n<ul class=\"exemples\">\n<li class=\"exemple\">el Consell Social<\/li>\n<li class=\"exemple\">el Claustre<\/li>\n<li class=\"exemple\">la Junta de Govern<\/li>\n<li class=\"exemple\">el Vicerectorat de Recerca<\/li>\n<li class=\"exemple\">l&#8217;Equip de Govern<\/li>\n<li class=\"exemple\">el Claustre de la Facultat de Dret<\/li>\n<li class=\"exemple\">el Comit\u00e8 d&#8217;Empresa<\/li>\n<li class=\"exemple\">la Comissi\u00f3 de Doctorat<\/li>\n<li class=\"exemple\">el Consell Interuniversitari de Catalunya<\/li>\n<\/ul>\n<p>S&#8217;escriuen amb min\u00fascules, per\u00f2, si no s\u00f3n \u00f2rgans constitu\u00efts formalment.<\/p>\n<ul class=\"exemples\">\n<li class=\"exemple\">l&#8217;assemblea del personal laboral<\/li>\n<li class=\"exemple\">la direcci\u00f3 del departament<\/li>\n<li class=\"exemple\">l&#8217;equip de direcci\u00f3<\/li>\n<\/ul>\n<\/div>\n<hr \/>\n<p><a href=\"http:\/\/blogs.uab.cat\/majmin\/index\/\">\u00cdndex<\/a><\/p>\n","protected":false},"excerpt":{"rendered":"<p>Institucions S&#8217;escriuen amb maj\u00fascules inicials les denominacions d&#8217;institucions, organismes, entitats, associacions, etc. i les de les seves unitats internes (seccions, \u00e0rees, etc.). la Universitat Aut\u00f2noma de Barcelona la Facultat de Veterin\u00e0ria l&#8217;Escola d&#8217;Enginyeria el Departament de Dret Privat la Unitat de Dinamitzaci\u00f3 Ling\u00fc\u00edstica l&#8217;Institut d&#8217;Estudis Europeus el Centre de Processament de Dades la Gesti\u00f3 Acad\u00e8mica [&hellip;]<\/p>\n","protected":false},"author":59,"featured_media":0,"parent":13,"menu_order":5,"comment_status":"closed","ping_status":"closed","template":"","meta":{"footnotes":""},"class_list":["post-29","page","type-page","status-publish","hentry"],"_links":{"self":[{"href":"https:\/\/webs.uab.cat\/majmin\/wp-json\/wp\/v2\/pages\/29","targetHints":{"allow":["GET"]}}],"collection":[{"href":"https:\/\/webs.uab.cat\/majmin\/wp-json\/wp\/v2\/pages"}],"about":[{"href":"https:\/\/webs.uab.cat\/majmin\/wp-json\/wp\/v2\/types\/page"}],"author":[{"embeddable":true,"href":"https:\/\/webs.uab.cat\/majmin\/wp-json\/wp\/v2\/users\/59"}],"replies":[{"embeddable":true,"href":"https:\/\/webs.uab.cat\/majmin\/wp-json\/wp\/v2\/comments?post=29"}],"version-history":[{"count":2,"href":"https:\/\/webs.uab.cat\/majmin\/wp-json\/wp\/v2\/pages\/29\/revisions"}],"predecessor-version":[{"id":118,"href":"https:\/\/webs.uab.cat\/majmin\/wp-json\/wp\/v2\/pages\/29\/revisions\/118"}],"up":[{"embeddable":true,"href":"https:\/\/webs.uab.cat\/majmin\/wp-json\/wp\/v2\/pages\/13"}],"wp:attachment":[{"href":"https:\/\/webs.uab.cat\/majmin\/wp-json\/wp\/v2\/media?parent=29"}],"curies":[{"name":"wp","href":"https:\/\/api.w.org\/{rel}","templated":true}]}}