{"id":10,"date":"2026-02-16T18:33:09","date_gmt":"2026-02-16T16:33:09","guid":{"rendered":"https:\/\/webs.uab.cat\/maker-infantil\/?page_id=10"},"modified":"2026-02-25T12:40:51","modified_gmt":"2026-02-25T10:40:51","slug":"formacio","status":"publish","type":"page","link":"https:\/\/webs.uab.cat\/maker-infantil\/formacio\/","title":{"rendered":"Formaci\u00f3"},"content":{"rendered":"<div class=\"wp-block-image\">\n<figure class=\"alignleft size-full\"><img loading=\"lazy\" decoding=\"async\" width=\"647\" height=\"203\" src=\"https:\/\/webs.uab.cat\/maker-infantil\/wp-content\/uploads\/sites\/714\/2026\/02\/logo-1.png\" alt=\"\" class=\"wp-image-249\" srcset=\"https:\/\/webs.uab.cat\/maker-infantil\/wp-content\/uploads\/sites\/714\/2026\/02\/logo-1.png 647w, https:\/\/webs.uab.cat\/maker-infantil\/wp-content\/uploads\/sites\/714\/2026\/02\/logo-1-300x94.png 300w\" sizes=\"auto, (max-width: 647px) 100vw, 647px\" \/><\/figure>\n<\/div>\n\n\n<p class=\"has-text-align-center has-normal-font-size\"><strong>Materials i recursos de formaci\u00f3 per a educadors<\/strong><\/p>\n\n\n\n<p class=\"has-text-align-center\">Aquests materials de formaci\u00f3 estan dissenyats per ajudar els educadors a implementar el moviment <em>maker<\/em> a les seves aules. S\u00f3n els recursos utilitzats per la formaci\u00f3 dels i de les participants en el projecte Moviment <em>Maker<\/em> a l&#8217;Educaci\u00f3 Infantil.<\/p>\n\n\n\n<div class=\"wp-block-columns alignwide is-layout-flex wp-container-core-columns-is-layout-9d6595d7 wp-block-columns-is-layout-flex\">\n<div class=\"wp-block-column is-layout-flow wp-block-column-is-layout-flow\">\n<figure class=\"wp-block-image size-full is-resized\"><img loading=\"lazy\" decoding=\"async\" width=\"1024\" height=\"696\" src=\"https:\/\/webs.uab.cat\/maker-infantil\/wp-content\/uploads\/sites\/714\/2026\/02\/img24.jpg\" alt=\"\" class=\"wp-image-177\" style=\"object-fit:cover;width:500px;height:250px\" srcset=\"https:\/\/webs.uab.cat\/maker-infantil\/wp-content\/uploads\/sites\/714\/2026\/02\/img24.jpg 1024w, https:\/\/webs.uab.cat\/maker-infantil\/wp-content\/uploads\/sites\/714\/2026\/02\/img24-300x204.jpg 300w, https:\/\/webs.uab.cat\/maker-infantil\/wp-content\/uploads\/sites\/714\/2026\/02\/img24-768x522.jpg 768w\" sizes=\"auto, (max-width: 1024px) 100vw, 1024px\" \/><\/figure>\n\n\n\n<h3 class=\"wp-block-heading\">Materials Reciclats i Creatius<\/h3>\n\n\n\n<p class=\"has-text-align-center\">Idees i propostes per utilitzar materials reciclats en activitats <em>maker<\/em> amb nens petits. Desenvolupa la creativitat i la consci\u00e8ncia mediambiental mentre es creen objectes \u00fanics.<\/p>\n\n\n\n<div class=\"wp-block-file\"><a id=\"wp-block-file--media-55f86fbc-5b53-464f-b0ab-ee4725a99394\" href=\"https:\/\/webs.uab.cat\/maker-infantil\/wp-content\/uploads\/sites\/714\/2026\/02\/doc-maker-3.pdf\">Descarrega PDF<\/a><\/div>\n\n\n\n<div class=\"wp-block-columns is-layout-flex wp-container-core-columns-is-layout-9d6595d7 wp-block-columns-is-layout-flex\">\n<div class=\"wp-block-column is-layout-flow wp-block-column-is-layout-flow\" style=\"flex-basis:100%\"><\/div>\n<\/div>\n<\/div>\n\n\n\n<div class=\"wp-block-column is-layout-flow wp-block-column-is-layout-flow\">\n<figure class=\"wp-block-image size-full is-resized\"><img loading=\"lazy\" decoding=\"async\" width=\"1024\" height=\"734\" src=\"https:\/\/webs.uab.cat\/maker-infantil\/wp-content\/uploads\/sites\/714\/2026\/02\/img26.jpg\" alt=\"\" class=\"wp-image-178\" style=\"object-fit:cover;width:500px;height:250px\" srcset=\"https:\/\/webs.uab.cat\/maker-infantil\/wp-content\/uploads\/sites\/714\/2026\/02\/img26.jpg 1024w, https:\/\/webs.uab.cat\/maker-infantil\/wp-content\/uploads\/sites\/714\/2026\/02\/img26-300x215.jpg 300w, https:\/\/webs.uab.cat\/maker-infantil\/wp-content\/uploads\/sites\/714\/2026\/02\/img26-768x551.jpg 768w\" sizes=\"auto, (max-width: 1024px) 100vw, 1024px\" \/><\/figure>\n\n\n\n<h3 class=\"wp-block-heading\">Introducci\u00f3 al Moviment <em>Maker<\/em><\/h3>\n\n\n\n<p class=\"has-text-align-center\">Formaci\u00f3 sobre l&#8217;or\u00edgen i els fonaments del moviment <em>maker<\/em> i la seva aplicaci\u00f3 en educaci\u00f3 de la m\u00e0 de la professora S\u00edlvia Zurita.<\/p>\n\n\n\n<div class=\"wp-block-file\"><a id=\"wp-block-file--media-3b9c4590-0a7b-4f63-be4c-be71901f2a04\" href=\"https:\/\/webs.uab.cat\/maker-infantil\/wp-content\/uploads\/sites\/714\/2026\/02\/Sessio-Maker-tinkering.pdf\"><br>Descarrega PDF<\/a><\/div>\n<\/div>\n\n\n\n<div class=\"wp-block-column is-layout-flow wp-block-column-is-layout-flow\">\n<figure class=\"wp-block-image size-full is-resized\"><img loading=\"lazy\" decoding=\"async\" width=\"1024\" height=\"632\" src=\"https:\/\/webs.uab.cat\/maker-infantil\/wp-content\/uploads\/sites\/714\/2026\/02\/img27.jpg\" alt=\"\" class=\"wp-image-179\" style=\"object-fit:cover;width:500px;height:250px\" srcset=\"https:\/\/webs.uab.cat\/maker-infantil\/wp-content\/uploads\/sites\/714\/2026\/02\/img27.jpg 1024w, https:\/\/webs.uab.cat\/maker-infantil\/wp-content\/uploads\/sites\/714\/2026\/02\/img27-300x185.jpg 300w, https:\/\/webs.uab.cat\/maker-infantil\/wp-content\/uploads\/sites\/714\/2026\/02\/img27-768x474.jpg 768w\" sizes=\"auto, (max-width: 1024px) 100vw, 1024px\" \/><\/figure>\n\n\n\n<h3 class=\"wp-block-heading\">Metodologia de Projectes<\/h3>\n\n\n\n<p class=\"has-text-align-center\">Com dissenyar i implementar projectes <em>maker<\/em> adaptats a l&#8217;educaci\u00f3 infantil. Guia pas a pas des de la planificaci\u00f3 fins a l&#8217;avaluaci\u00f3, amb exemples pr\u00e0ctics i plantilles.<\/p>\n\n\n\n<div class=\"wp-block-file\"><a id=\"wp-block-file--media-39ae74a7-a2d7-439e-b06f-2371499f91db\" href=\"https:\/\/webs.uab.cat\/maker-infantil\/wp-content\/uploads\/sites\/714\/2026\/02\/doc-maker.pdf\">Descarrega PDF<\/a><\/div>\n<\/div>\n<\/div>\n\n\n\n<p><\/p>\n","protected":false},"excerpt":{"rendered":"<p>Materials i recursos de formaci\u00f3 per a educadors Aquests materials de formaci\u00f3 estan dissenyats per ajudar els educadors a implementar el moviment maker a les seves aules. S\u00f3n els recursos utilitzats per la formaci\u00f3 dels i de les participants en el projecte Moviment Maker a l&#8217;Educaci\u00f3 Infantil. Materials Reciclats i Creatius Idees i propostes per [&hellip;]<\/p>\n","protected":false},"author":3196,"featured_media":0,"parent":0,"menu_order":0,"comment_status":"closed","ping_status":"closed","template":"","meta":{"footnotes":""},"class_list":["post-10","page","type-page","status-publish","hentry"],"_links":{"self":[{"href":"https:\/\/webs.uab.cat\/maker-infantil\/wp-json\/wp\/v2\/pages\/10","targetHints":{"allow":["GET"]}}],"collection":[{"href":"https:\/\/webs.uab.cat\/maker-infantil\/wp-json\/wp\/v2\/pages"}],"about":[{"href":"https:\/\/webs.uab.cat\/maker-infantil\/wp-json\/wp\/v2\/types\/page"}],"author":[{"embeddable":true,"href":"https:\/\/webs.uab.cat\/maker-infantil\/wp-json\/wp\/v2\/users\/3196"}],"replies":[{"embeddable":true,"href":"https:\/\/webs.uab.cat\/maker-infantil\/wp-json\/wp\/v2\/comments?post=10"}],"version-history":[{"count":12,"href":"https:\/\/webs.uab.cat\/maker-infantil\/wp-json\/wp\/v2\/pages\/10\/revisions"}],"predecessor-version":[{"id":260,"href":"https:\/\/webs.uab.cat\/maker-infantil\/wp-json\/wp\/v2\/pages\/10\/revisions\/260"}],"wp:attachment":[{"href":"https:\/\/webs.uab.cat\/maker-infantil\/wp-json\/wp\/v2\/media?parent=10"}],"curies":[{"name":"wp","href":"https:\/\/api.w.org\/{rel}","templated":true}]}}