{"id":12,"date":"2026-02-16T18:33:31","date_gmt":"2026-02-16T16:33:31","guid":{"rendered":"https:\/\/webs.uab.cat\/maker-infantil\/?page_id=12"},"modified":"2026-02-25T12:41:20","modified_gmt":"2026-02-25T10:41:20","slug":"tallers","status":"publish","type":"page","link":"https:\/\/webs.uab.cat\/maker-infantil\/tallers\/","title":{"rendered":"Tallers"},"content":{"rendered":"<div class=\"wp-block-image\">\n<figure class=\"alignleft size-full\"><img loading=\"lazy\" decoding=\"async\" width=\"647\" height=\"203\" src=\"https:\/\/webs.uab.cat\/maker-infantil\/wp-content\/uploads\/sites\/714\/2026\/02\/logo-1.png\" alt=\"\" class=\"wp-image-249\" srcset=\"https:\/\/webs.uab.cat\/maker-infantil\/wp-content\/uploads\/sites\/714\/2026\/02\/logo-1.png 647w, https:\/\/webs.uab.cat\/maker-infantil\/wp-content\/uploads\/sites\/714\/2026\/02\/logo-1-300x94.png 300w\" sizes=\"auto, (max-width: 647px) 100vw, 647px\" \/><\/figure>\n<\/div>\n\n\n<p class=\"has-text-align-center has-normal-font-size\"><strong>Col\u00b7lecci\u00f3 de tallers creatius<\/strong><\/p>\n\n\n\n<p class=\"has-text-align-center\">Explora la col\u00b7lecci\u00f3 de tallers creatius dissenyats espec\u00edficament per a educaci\u00f3 infantil. Cada taller inclou una galeria de fotos del proc\u00e9s i un text explicatiu detallat amb materials necessaris, passos a seguir i objectius d&#8217;aprenentatge.<\/p>\n\n\n\n<div class=\"wp-block-columns alignwide is-layout-flex wp-container-core-columns-is-layout-9d6595d7 wp-block-columns-is-layout-flex\">\n<div class=\"wp-block-column is-layout-flow wp-block-column-is-layout-flow\"><div class=\"wp-block-image\">\n<figure class=\"aligncenter size-full is-resized\"><img loading=\"lazy\" decoding=\"async\" width=\"1024\" height=\"683\" src=\"https:\/\/webs.uab.cat\/maker-infantil\/wp-content\/uploads\/sites\/714\/2026\/02\/img11.jpg\" alt=\"\" class=\"wp-image-137\" style=\"object-fit:cover;width:700px;height:400px\" srcset=\"https:\/\/webs.uab.cat\/maker-infantil\/wp-content\/uploads\/sites\/714\/2026\/02\/img11.jpg 1024w, https:\/\/webs.uab.cat\/maker-infantil\/wp-content\/uploads\/sites\/714\/2026\/02\/img11-300x200.jpg 300w, https:\/\/webs.uab.cat\/maker-infantil\/wp-content\/uploads\/sites\/714\/2026\/02\/img11-768x512.jpg 768w\" sizes=\"auto, (max-width: 1024px) 100vw, 1024px\" \/><\/figure>\n<\/div>\n\n\n<p class=\"has-text-align-center\"><strong>Construcci\u00f3 amb Cart\u00f3<\/strong><br><br>Taller on els nens aprenen a construir estructures amb capses de cart\u00f3. Desenvolupen habilitats espacials i creatives mentre creen cases, cotxes i altres objectes. Inclou treball en equip i resoluci\u00f3 de problemes. Els nens experimenten amb diferents t\u00e8cniques d&#8217;uni\u00f3 i decoraci\u00f3, desenvolupant la seva creativitat i pensament tridimensional.<\/p>\n<\/div>\n\n\n\n<div class=\"wp-block-column is-layout-flow wp-block-column-is-layout-flow\"><div class=\"wp-block-image\">\n<figure class=\"aligncenter size-full is-resized\"><img loading=\"lazy\" decoding=\"async\" width=\"1024\" height=\"850\" src=\"https:\/\/webs.uab.cat\/maker-infantil\/wp-content\/uploads\/sites\/714\/2026\/02\/img03.jpg\" alt=\"\" class=\"wp-image-138\" style=\"object-fit:cover;width:700px;height:400px\" srcset=\"https:\/\/webs.uab.cat\/maker-infantil\/wp-content\/uploads\/sites\/714\/2026\/02\/img03.jpg 1024w, https:\/\/webs.uab.cat\/maker-infantil\/wp-content\/uploads\/sites\/714\/2026\/02\/img03-300x249.jpg 300w, https:\/\/webs.uab.cat\/maker-infantil\/wp-content\/uploads\/sites\/714\/2026\/02\/img03-768x638.jpg 768w\" sizes=\"auto, (max-width: 1024px) 100vw, 1024px\" \/><\/figure>\n<\/div>\n\n\n<p class=\"has-text-align-center\"><strong>Experimentar amb objectes inespec\u00edfics<\/strong><br><br>Taller on els estudiants d&#8217;Educaci\u00f3 Infantil aprenen a integrar la metodologia <em>maker<\/em> i la reutilitzaci\u00f3 creativa. Desenvolupen una mirada pedag\u00f2gica i sostenible mentre experimenten amb materials inespec\u00edfics i de rebuig. Inclou treball en equip, exploraci\u00f3 lliure i reflexi\u00f3 conjunta. Els futurs mestres vivencien el pas de la manipulaci\u00f3 a la creaci\u00f3, preparant-se per dissenyar propostes educatives que fomentin l&#8217;autonomia, l&#8217;expressi\u00f3 i la creativitat dels infants.<\/p>\n\n\n\n<div class=\"wp-block-file\"><a id=\"wp-block-file--media-4e7ace52-cdea-432e-8559-5e3e46f7703f\" href=\"https:\/\/webs.uab.cat\/maker-infantil\/wp-content\/uploads\/sites\/714\/2026\/02\/Taller-objectes-inespecifics.pdf\">Descarrega PDF<\/a><\/div>\n<\/div>\n<\/div>\n\n\n\n<p><\/p>\n","protected":false},"excerpt":{"rendered":"<p>Col\u00b7lecci\u00f3 de tallers creatius Explora la col\u00b7lecci\u00f3 de tallers creatius dissenyats espec\u00edficament per a educaci\u00f3 infantil. Cada taller inclou una galeria de fotos del proc\u00e9s i un text explicatiu detallat amb materials necessaris, passos a seguir i objectius d&#8217;aprenentatge. Construcci\u00f3 amb Cart\u00f3 Taller on els nens aprenen a construir estructures amb capses de cart\u00f3. Desenvolupen [&hellip;]<\/p>\n","protected":false},"author":3196,"featured_media":0,"parent":0,"menu_order":0,"comment_status":"closed","ping_status":"closed","template":"","meta":{"footnotes":""},"class_list":["post-12","page","type-page","status-publish","hentry"],"_links":{"self":[{"href":"https:\/\/webs.uab.cat\/maker-infantil\/wp-json\/wp\/v2\/pages\/12","targetHints":{"allow":["GET"]}}],"collection":[{"href":"https:\/\/webs.uab.cat\/maker-infantil\/wp-json\/wp\/v2\/pages"}],"about":[{"href":"https:\/\/webs.uab.cat\/maker-infantil\/wp-json\/wp\/v2\/types\/page"}],"author":[{"embeddable":true,"href":"https:\/\/webs.uab.cat\/maker-infantil\/wp-json\/wp\/v2\/users\/3196"}],"replies":[{"embeddable":true,"href":"https:\/\/webs.uab.cat\/maker-infantil\/wp-json\/wp\/v2\/comments?post=12"}],"version-history":[{"count":12,"href":"https:\/\/webs.uab.cat\/maker-infantil\/wp-json\/wp\/v2\/pages\/12\/revisions"}],"predecessor-version":[{"id":261,"href":"https:\/\/webs.uab.cat\/maker-infantil\/wp-json\/wp\/v2\/pages\/12\/revisions\/261"}],"wp:attachment":[{"href":"https:\/\/webs.uab.cat\/maker-infantil\/wp-json\/wp\/v2\/media?parent=12"}],"curies":[{"name":"wp","href":"https:\/\/api.w.org\/{rel}","templated":true}]}}