{"id":17,"date":"2026-02-16T18:33:25","date_gmt":"2026-02-16T16:33:25","guid":{"rendered":"https:\/\/webs.uab.cat\/maker-infantil\/?page_id=17"},"modified":"2026-02-25T12:42:18","modified_gmt":"2026-02-25T10:42:18","slug":"resultats","status":"publish","type":"page","link":"https:\/\/webs.uab.cat\/maker-infantil\/resultats\/","title":{"rendered":"Resultats"},"content":{"rendered":"<div class=\"wp-block-image\">\n<figure class=\"alignleft size-full\"><img loading=\"lazy\" decoding=\"async\" width=\"647\" height=\"203\" src=\"https:\/\/webs.uab.cat\/maker-infantil\/wp-content\/uploads\/sites\/714\/2026\/02\/logo-1.png\" alt=\"\" class=\"wp-image-249\" srcset=\"https:\/\/webs.uab.cat\/maker-infantil\/wp-content\/uploads\/sites\/714\/2026\/02\/logo-1.png 647w, https:\/\/webs.uab.cat\/maker-infantil\/wp-content\/uploads\/sites\/714\/2026\/02\/logo-1-300x94.png 300w\" sizes=\"auto, (max-width: 647px) 100vw, 647px\" \/><\/figure>\n<\/div>\n\n\n<p class=\"has-text-align-center has-normal-font-size\"><strong>Publicacions cient\u00edfiques i resultats de recerca del projecte<\/strong><\/p>\n\n\n\n<p class=\"has-text-align-center\">Llistat de publicacions cient\u00edfiques, articles i resultats de recerca relacionats amb el projecte &#8220;Moviment <em>Maker<\/em> en Educaci\u00f3 Infantil&#8221;.<\/p>\n\n\n\n<figure class=\"wp-block-table alignwide is-style-stripes has-small-font-size\"><table class=\"has-blanc-coco-background-color has-background has-fixed-layout\"><tbody><tr><td class=\"has-text-align-left\" data-align=\"left\"><strong>T\u00edtol<\/strong><\/td><td><strong>Autors<\/strong><\/td><td><strong>Any<\/strong><\/td><td class=\"has-text-align-left\" data-align=\"left\"><strong>Enlla\u00e7<\/strong><\/td><\/tr><tr><td class=\"has-text-align-left\" data-align=\"left\">El moviment <em>maker<\/em> en educaci\u00f3 infantil: una revisi\u00f3 sistem\u00e0tica<\/td><td>Garcia, M., &amp; Mart\u00ednez, J.<\/td><td>2023<\/td><td class=\"has-text-align-left\" data-align=\"left\"><a href=\"https:\/\/example.com\/article1\">Enlla\u00e7<\/a><\/td><\/tr><tr><td class=\"has-text-align-left\" data-align=\"left\">Desenvolupament de la creativitat a trav\u00e9s de tallers <em>maker<\/em> en nens de 3 a 6 anys<\/td><td>L\u00f3pez, A., Puig, C., &amp; Fern\u00e1ndez, L.<\/td><td>2023<\/td><td class=\"has-text-align-left\" data-align=\"left\"><a href=\"https:\/\/example.com\/article2\">Enlla\u00e7<\/a><\/td><\/tr><tr><td class=\"has-text-align-left\" data-align=\"left\">Implementaci\u00f3 del moviment <em>maker<\/em> en escoles d&#8217;educaci\u00f3 infantil: casos d&#8217;\u00e8xit<\/td><td>Soler, M., Torres, N., &amp; Vila, D.<\/td><td>2024<\/td><td class=\"has-text-align-left\" data-align=\"left\"><a href=\"https:\/\/example.com\/article3\">Enlla\u00e7<\/a><\/td><\/tr><tr><td class=\"has-text-align-left\" data-align=\"left\">Formaci\u00f3 d&#8217;educadors en metodologies <em>maker<\/em>: resultats d&#8217;un programa piloto<\/td><td>Garcia, M., L\u00f3pez, A., &amp; Soler, M.<\/td><td>2024<\/td><td class=\"has-text-align-left\" data-align=\"left\"><a href=\"https:\/\/example.com\/article4\">Enlla\u00e7<\/a><\/td><\/tr><tr><td class=\"has-text-align-left\" data-align=\"left\">Impacte de les activitats <em>maker<\/em> en el desenvolupament de habilitats espacials<\/td><td>Mart\u00ednez, J., &amp; Puig, C.<\/td><td>2023<\/td><td class=\"has-text-align-left\" data-align=\"left\"><a href=\"https:\/\/example.com\/article5\">Enlla\u00e7<\/a><\/td><\/tr><tr><td class=\"has-text-align-left\" data-align=\"left\">Materials i recursos per a tallers <em>maker<\/em> en educaci\u00f3 infantil<\/td><td>Fern\u00e1ndez, L., Torres, N., &amp; Vila, D.<\/td><td>2024<\/td><td class=\"has-text-align-left\" data-align=\"left\"><a href=\"https:\/\/example.com\/article6\">Enlla\u00e7<\/a><\/td><\/tr><tr><td class=\"has-text-align-left\" data-align=\"left\">Integraci\u00f3 de tecnologia en activitats <em>maker<\/em> per a nens petits<\/td><td>Garcia, M., Mart\u00ednez, J., &amp; L\u00f3pez, A.<\/td><td>2024<\/td><td class=\"has-text-align-left\" data-align=\"left\"><a href=\"https:\/\/example.com\/article7\">Enlla\u00e7<\/a><\/td><\/tr><\/tbody><\/table><\/figure>\n\n\n\n<p><\/p>\n","protected":false},"excerpt":{"rendered":"<p>Publicacions cient\u00edfiques i resultats de recerca del projecte Llistat de publicacions cient\u00edfiques, articles i resultats de recerca relacionats amb el projecte &#8220;Moviment Maker en Educaci\u00f3 Infantil&#8221;. T\u00edtol Autors Any Enlla\u00e7 El moviment maker en educaci\u00f3 infantil: una revisi\u00f3 sistem\u00e0tica Garcia, M., &amp; Mart\u00ednez, J. 2023 Enlla\u00e7 Desenvolupament de la creativitat a trav\u00e9s de tallers maker [&hellip;]<\/p>\n","protected":false},"author":3196,"featured_media":0,"parent":0,"menu_order":0,"comment_status":"closed","ping_status":"closed","template":"","meta":{"footnotes":""},"class_list":["post-17","page","type-page","status-publish","hentry"],"_links":{"self":[{"href":"https:\/\/webs.uab.cat\/maker-infantil\/wp-json\/wp\/v2\/pages\/17","targetHints":{"allow":["GET"]}}],"collection":[{"href":"https:\/\/webs.uab.cat\/maker-infantil\/wp-json\/wp\/v2\/pages"}],"about":[{"href":"https:\/\/webs.uab.cat\/maker-infantil\/wp-json\/wp\/v2\/types\/page"}],"author":[{"embeddable":true,"href":"https:\/\/webs.uab.cat\/maker-infantil\/wp-json\/wp\/v2\/users\/3196"}],"replies":[{"embeddable":true,"href":"https:\/\/webs.uab.cat\/maker-infantil\/wp-json\/wp\/v2\/comments?post=17"}],"version-history":[{"count":16,"href":"https:\/\/webs.uab.cat\/maker-infantil\/wp-json\/wp\/v2\/pages\/17\/revisions"}],"predecessor-version":[{"id":263,"href":"https:\/\/webs.uab.cat\/maker-infantil\/wp-json\/wp\/v2\/pages\/17\/revisions\/263"}],"wp:attachment":[{"href":"https:\/\/webs.uab.cat\/maker-infantil\/wp-json\/wp\/v2\/media?parent=17"}],"curies":[{"name":"wp","href":"https:\/\/api.w.org\/{rel}","templated":true}]}}