{"id":6,"date":"2026-02-16T18:33:01","date_gmt":"2026-02-16T16:33:01","guid":{"rendered":"https:\/\/webs.uab.cat\/maker-infantil\/?page_id=6"},"modified":"2026-02-25T13:04:52","modified_gmt":"2026-02-25T11:04:52","slug":"el-projecte","status":"publish","type":"page","link":"https:\/\/webs.uab.cat\/maker-infantil\/el-projecte\/","title":{"rendered":"El Projecte"},"content":{"rendered":"\n<div class=\"wp-block-columns is-layout-flex wp-container-core-columns-is-layout-9d6595d7 wp-block-columns-is-layout-flex\">\n<div class=\"wp-block-column is-vertically-aligned-center is-layout-flow wp-block-column-is-layout-flow\">\n<figure class=\"wp-block-image alignwide size-full is-style-default\"><img loading=\"lazy\" decoding=\"async\" width=\"200\" height=\"216\" src=\"https:\/\/webs.uab.cat\/maker-infantil\/wp-content\/uploads\/sites\/714\/2026\/02\/logo-maker-petit.png\" alt=\"\" class=\"wp-image-273\" \/><\/figure>\n<\/div>\n\n\n\n<div class=\"wp-block-column is-vertically-aligned-center is-layout-flow wp-block-column-is-layout-flow\" style=\"flex-basis:600px\">\n<p class=\"has-text-align-center has-normal-font-size\"><strong>Moviment <em>Maker<\/em> a l&#8217;Educaci\u00f3 Infantil<\/strong><\/p>\n<\/div>\n<\/div>\n\n\n\n<div class=\"wp-block-columns alignwide is-layout-flex wp-container-core-columns-is-layout-9d6595d7 wp-block-columns-is-layout-flex\">\n<div class=\"wp-block-column is-vertically-aligned-top is-layout-flow wp-block-column-is-layout-flow\" style=\"flex-basis:80%\">\n<p>El projecte <strong>FORMACI\u00d3 INICIAL DELS I DE LES MESTRES D&#8217;EDUCACI\u00d3 INFANTIL I PRIM\u00c0RIA EN METODOLOGIA MAKER<\/strong>, \u00e9s una proposta finan\u00e7ada per l&#8217;Ag\u00e8ncia de Gesti\u00f3 d&#8217;Ajuts Universitaris i de Recerca (AGAUR) en el marc de la convocat\u00f2ria dels Projectes ARMIF 2025.<\/p>\n\n\n\n<p>Els contextos d&#8217;aprenentatge amb metodologia <em>maker<\/em> impliquen una visi\u00f3 de l&#8217;educaci\u00f3 i l&#8217;aprenentatge on els infants s\u00f3n els protagonistes. Aix\u00ed el i la mestra crea diferents contextos a trav\u00e9s del joc amb diferents materials on l&#8217;infant es pot expressar lliurement, de manera activa i en moviment. I els i les mestres s\u00f3n una guia i acompanyament a trav\u00e9s del di\u00e0leg i la conversa, d&#8217;accions que permeten a l&#8217;alumne\/a avan\u00e7ar i enriquir-se. Proporcionant recursos i estrat\u00e8gies afavorint que els infants construeixin de manera aut\u00f2noma els seus aprenentatges.<\/p>\n\n\n\n<p>Aquestes metodologies es poden treballar des de l&#8217;educaci\u00f3 infantil i, per tant, \u00e9s interessant en la formaci\u00f3 inicial dels i de les mestres del Grau d&#8217;Educaci\u00f3 Infantil de manera que adquireixin compet\u00e8ncies per a la creaci\u00f3 d&#8217;aquests contextos d&#8217;aprenentatge.<\/p>\n\n\n\n<p>El fet de con\u00e8ixer de forma integral aquestes metodologies els permetr\u00e0 ser m\u00e9s competents en:<\/p>\n\n\n\n<ul class=\"wp-block-list\">\n<li><strong>Afavorir l&#8217;aprenentatge significatiu:<\/strong> Creant xarxa de continguts.<\/li>\n\n\n\n<li><strong>Propiciar el treball interdisciplinari i globalitzat:<\/strong> Afavorint el desenvolupament harm\u00f2nic i integral de l&#8217;infant.<\/li>\n\n\n\n<li><strong>Atendre la diversitat educativa:<\/strong> A partir de la flexibilitat en el ritme, les metodologies, i els continguts i la seva forma.<\/li>\n\n\n\n<li><strong>Utilitzar les tecnologies digitals:<\/strong> Per enriquir els processos de construcci\u00f3 de coneixement.<\/li>\n\n\n\n<li><strong>Potenciar els valors humans:<\/strong> De respecte, toler\u00e0ncia, solidaritat i treball en equip per viure en societat.<\/li>\n\n\n\n<li><strong>Millorar l&#8217;aprenentatge participatiu:<\/strong> I potenciar el treball cooperatiu.<\/li>\n\n\n\n<li><strong>Oferir possibilitats de pensament:<\/strong> A partir de fer preguntes curioses o interessants per tal de cercar informaci\u00f3 i investigar.<\/li>\n\n\n\n<li><strong>Potenciar habilitats socials:<\/strong> Com saber estar, saber esperar, saber escoltar, saber debatre, saber relacionar-se amb els altres.<\/li>\n\n\n\n<li><strong>Donar confian\u00e7a i autoestima als infants:<\/strong> Ajustant els reptes als diferents moments evolutius dels infants i a les diferents necessitats.<\/li>\n<\/ul>\n\n\n\n<p>La finalitat del projecte \u00e9s que els i les estudiants d&#8217;Educaci\u00f3 Infantil observin, analitzin i connectin amb la metodologia <em>maker<\/em> per tal d&#8217;enriquir-se del potencial d&#8217;aprenentatge que impliquen els espais on es generen.<\/p>\n<\/div>\n\n\n\n<div class=\"wp-block-column is-vertically-aligned-top is-layout-flow wp-block-column-is-layout-flow\" style=\"flex-basis:33.33%\"><div class=\"wp-block-image\">\n<figure class=\"aligncenter size-large\"><img loading=\"lazy\" decoding=\"async\" width=\"1024\" height=\"683\" src=\"https:\/\/webs.uab.cat\/maker-infantil\/wp-content\/uploads\/sites\/714\/2026\/02\/img01-2-1024x683.jpg\" alt=\"\" class=\"wp-image-169\" srcset=\"https:\/\/webs.uab.cat\/maker-infantil\/wp-content\/uploads\/sites\/714\/2026\/02\/img01-2-1024x683.jpg 1024w, https:\/\/webs.uab.cat\/maker-infantil\/wp-content\/uploads\/sites\/714\/2026\/02\/img01-2-300x200.jpg 300w, https:\/\/webs.uab.cat\/maker-infantil\/wp-content\/uploads\/sites\/714\/2026\/02\/img01-2-768x512.jpg 768w, https:\/\/webs.uab.cat\/maker-infantil\/wp-content\/uploads\/sites\/714\/2026\/02\/img01-2.jpg 1200w\" sizes=\"auto, (max-width: 1024px) 100vw, 1024px\" \/><figcaption class=\"wp-element-caption\"><strong>Taller de construcci\u00f3 amb materials reciclats<\/strong><\/figcaption><\/figure>\n<\/div>\n\n<div class=\"wp-block-image\">\n<figure class=\"aligncenter size-large\"><img loading=\"lazy\" decoding=\"async\" width=\"1024\" height=\"683\" src=\"https:\/\/webs.uab.cat\/maker-infantil\/wp-content\/uploads\/sites\/714\/2026\/02\/img02-1024x683.jpg\" alt=\"\" class=\"wp-image-112\" srcset=\"https:\/\/webs.uab.cat\/maker-infantil\/wp-content\/uploads\/sites\/714\/2026\/02\/img02-1024x683.jpg 1024w, https:\/\/webs.uab.cat\/maker-infantil\/wp-content\/uploads\/sites\/714\/2026\/02\/img02-300x200.jpg 300w, https:\/\/webs.uab.cat\/maker-infantil\/wp-content\/uploads\/sites\/714\/2026\/02\/img02-768x512.jpg 768w, https:\/\/webs.uab.cat\/maker-infantil\/wp-content\/uploads\/sites\/714\/2026\/02\/img02.jpg 1200w\" sizes=\"auto, (max-width: 1024px) 100vw, 1024px\" \/><figcaption class=\"wp-element-caption\"><strong>Espai maker adaptat per a nens petits<\/strong><\/figcaption><\/figure>\n<\/div>\n\n<div class=\"wp-block-image\">\n<figure class=\"aligncenter size-full\"><img loading=\"lazy\" decoding=\"async\" width=\"1024\" height=\"683\" src=\"https:\/\/webs.uab.cat\/maker-infantil\/wp-content\/uploads\/sites\/714\/2026\/02\/img06.jpg\" alt=\"\" class=\"wp-image-113\" srcset=\"https:\/\/webs.uab.cat\/maker-infantil\/wp-content\/uploads\/sites\/714\/2026\/02\/img06.jpg 1024w, https:\/\/webs.uab.cat\/maker-infantil\/wp-content\/uploads\/sites\/714\/2026\/02\/img06-300x200.jpg 300w, https:\/\/webs.uab.cat\/maker-infantil\/wp-content\/uploads\/sites\/714\/2026\/02\/img06-768x512.jpg 768w\" sizes=\"auto, (max-width: 1024px) 100vw, 1024px\" \/><figcaption class=\"wp-element-caption\"><strong>Treball col\u00b7laboratiu en projectes maker<\/strong><\/figcaption><\/figure>\n<\/div><\/div>\n<\/div>\n\n\n\n<p><\/p>\n","protected":false},"excerpt":{"rendered":"<p>Moviment Maker a l&#8217;Educaci\u00f3 Infantil El projecte FORMACI\u00d3 INICIAL DELS I DE LES MESTRES D&#8217;EDUCACI\u00d3 INFANTIL I PRIM\u00c0RIA EN METODOLOGIA MAKER, \u00e9s una proposta finan\u00e7ada per l&#8217;Ag\u00e8ncia de Gesti\u00f3 d&#8217;Ajuts Universitaris i de Recerca (AGAUR) en el marc de la convocat\u00f2ria dels Projectes ARMIF 2025. Els contextos d&#8217;aprenentatge amb metodologia maker impliquen una visi\u00f3 de [&hellip;]<\/p>\n","protected":false},"author":3196,"featured_media":0,"parent":0,"menu_order":0,"comment_status":"closed","ping_status":"closed","template":"sidebar.php","meta":{"footnotes":""},"class_list":["post-6","page","type-page","status-publish","hentry"],"_links":{"self":[{"href":"https:\/\/webs.uab.cat\/maker-infantil\/wp-json\/wp\/v2\/pages\/6","targetHints":{"allow":["GET"]}}],"collection":[{"href":"https:\/\/webs.uab.cat\/maker-infantil\/wp-json\/wp\/v2\/pages"}],"about":[{"href":"https:\/\/webs.uab.cat\/maker-infantil\/wp-json\/wp\/v2\/types\/page"}],"author":[{"embeddable":true,"href":"https:\/\/webs.uab.cat\/maker-infantil\/wp-json\/wp\/v2\/users\/3196"}],"replies":[{"embeddable":true,"href":"https:\/\/webs.uab.cat\/maker-infantil\/wp-json\/wp\/v2\/comments?post=6"}],"version-history":[{"count":49,"href":"https:\/\/webs.uab.cat\/maker-infantil\/wp-json\/wp\/v2\/pages\/6\/revisions"}],"predecessor-version":[{"id":286,"href":"https:\/\/webs.uab.cat\/maker-infantil\/wp-json\/wp\/v2\/pages\/6\/revisions\/286"}],"wp:attachment":[{"href":"https:\/\/webs.uab.cat\/maker-infantil\/wp-json\/wp\/v2\/media?parent=6"}],"curies":[{"name":"wp","href":"https:\/\/api.w.org\/{rel}","templated":true}]}}