{"id":8,"date":"2026-02-16T18:33:14","date_gmt":"2026-02-16T16:33:14","guid":{"rendered":"https:\/\/webs.uab.cat\/maker-infantil\/?page_id=8"},"modified":"2026-04-07T13:45:50","modified_gmt":"2026-04-07T11:45:50","slug":"participants","status":"publish","type":"page","link":"https:\/\/webs.uab.cat\/maker-infantil\/participants\/","title":{"rendered":"Participants"},"content":{"rendered":"<div class=\"wp-block-image\">\n<figure class=\"alignleft size-full\"><img loading=\"lazy\" decoding=\"async\" width=\"647\" height=\"203\" src=\"https:\/\/webs.uab.cat\/maker-infantil\/wp-content\/uploads\/sites\/714\/2026\/02\/logo-1.png\" alt=\"\" class=\"wp-image-249\" srcset=\"https:\/\/webs.uab.cat\/maker-infantil\/wp-content\/uploads\/sites\/714\/2026\/02\/logo-1.png 647w, https:\/\/webs.uab.cat\/maker-infantil\/wp-content\/uploads\/sites\/714\/2026\/02\/logo-1-300x94.png 300w\" sizes=\"auto, (max-width: 647px) 100vw, 647px\" \/><\/figure>\n<\/div>\n\n\n<p class=\"has-text-align-center has-normal-font-size\"><strong>L&#8217;equip d&#8217;investigadors i professionals que fan possible aquest projecte<\/strong><\/p>\n\n\n\n<p class=\"has-text-align-center\">El projecte disposa d&#8217;un equip multidisciplinari de dues universitats catalanes i quatre escoles del Vall\u00e8s. Aquesta col\u00b7laboraci\u00f3 ens permet lligar la recerca, la pr\u00e0ctica educativa i la formaci\u00f3 inicial dels mestres d&#8217;educaci\u00f3 infantil.<\/p>\n\n\n\n<p class=\"has-text-align-center\"><strong>EQUIP INVESTIGADOR<\/strong><\/p>\n\n\n\n<div class=\"wp-block-columns alignwide is-layout-flex wp-container-core-columns-is-layout-9d6595d7 wp-block-columns-is-layout-flex\">\n<div class=\"wp-block-column is-layout-flow wp-block-column-is-layout-flow\"><div class=\"wp-block-image is-style-rounded\">\n<figure class=\"aligncenter size-full is-resized\"><img loading=\"lazy\" decoding=\"async\" width=\"563\" height=\"617\" src=\"https:\/\/webs.uab.cat\/maker-infantil\/wp-content\/uploads\/sites\/714\/2026\/02\/Foto-Maite.jpeg\" alt=\"\" class=\"wp-image-228\" style=\"object-fit:cover;width:200px;height:200px\" srcset=\"https:\/\/webs.uab.cat\/maker-infantil\/wp-content\/uploads\/sites\/714\/2026\/02\/Foto-Maite.jpeg 563w, https:\/\/webs.uab.cat\/maker-infantil\/wp-content\/uploads\/sites\/714\/2026\/02\/Foto-Maite-274x300.jpeg 274w\" sizes=\"auto, (max-width: 563px) 100vw, 563px\" \/><\/figure>\n<\/div>\n\n\n<p class=\"has-text-align-center\"><strong>Maria Teresa Mas Parera<\/strong>, Investigadora Principal<br><em>Universitat Aut\u00f2noma de Barcelona<\/em><\/p>\n\n\n\n<p class=\"has-text-align-center\">Investigadora en processos educatius d\u2019aprenentatge i en materials inespec\u00edfics per a l\u2019educaci\u00f3 infantil.<\/p>\n\n\n\n<p class=\"has-text-align-center\">Equip de Recerca en Inf\u00e0ncia, Fam\u00edlia i Escola (ERIFE) <a rel=\"noreferrer noopener\" target=\"_blank\" href=\"https:\/\/webs.uab.cat\/erife\/\">https:\/\/webs.uab.cat\/erife\/<\/a><\/p>\n\n\n\n<p class=\"has-text-align-center\">Grup de Recerca en Educaci\u00f3 Psicomotriu (GREP) <a rel=\"noreferrer noopener\" target=\"_blank\" href=\"https:\/\/webs.uab.cat\/grepuab\/\">https:\/\/webs.uab.cat\/grepuab\/<\/a><\/p>\n<\/div>\n\n\n\n<div class=\"wp-block-column is-layout-flow wp-block-column-is-layout-flow\"><div class=\"wp-block-image is-style-rounded\">\n<figure class=\"aligncenter size-full is-resized\"><img loading=\"lazy\" decoding=\"async\" width=\"2560\" height=\"2560\" src=\"https:\/\/webs.uab.cat\/maker-infantil\/wp-content\/uploads\/sites\/714\/2026\/02\/NEUS-BANQUE-MARTINEZ-2-scaled.jpg\" alt=\"\" class=\"wp-image-302\" style=\"object-fit:cover;width:200px;height:200px\" srcset=\"https:\/\/webs.uab.cat\/maker-infantil\/wp-content\/uploads\/sites\/714\/2026\/02\/NEUS-BANQUE-MARTINEZ-2-scaled.jpg 2560w, https:\/\/webs.uab.cat\/maker-infantil\/wp-content\/uploads\/sites\/714\/2026\/02\/NEUS-BANQUE-MARTINEZ-2-300x300.jpg 300w, https:\/\/webs.uab.cat\/maker-infantil\/wp-content\/uploads\/sites\/714\/2026\/02\/NEUS-BANQUE-MARTINEZ-2-1024x1024.jpg 1024w, https:\/\/webs.uab.cat\/maker-infantil\/wp-content\/uploads\/sites\/714\/2026\/02\/NEUS-BANQUE-MARTINEZ-2-150x150.jpg 150w, https:\/\/webs.uab.cat\/maker-infantil\/wp-content\/uploads\/sites\/714\/2026\/02\/NEUS-BANQUE-MARTINEZ-2-768x768.jpg 768w, https:\/\/webs.uab.cat\/maker-infantil\/wp-content\/uploads\/sites\/714\/2026\/02\/NEUS-BANQUE-MARTINEZ-2-1536x1536.jpg 1536w, https:\/\/webs.uab.cat\/maker-infantil\/wp-content\/uploads\/sites\/714\/2026\/02\/NEUS-BANQUE-MARTINEZ-2-2048x2048.jpg 2048w, https:\/\/webs.uab.cat\/maker-infantil\/wp-content\/uploads\/sites\/714\/2026\/02\/NEUS-BANQUE-MARTINEZ-2-1200x1200.jpg 1200w, https:\/\/webs.uab.cat\/maker-infantil\/wp-content\/uploads\/sites\/714\/2026\/02\/NEUS-BANQUE-MARTINEZ-2-1980x1980.jpg 1980w\" sizes=\"auto, (max-width: 2560px) 100vw, 2560px\" \/><\/figure>\n<\/div>\n\n\n<p class=\"has-text-align-center\"><strong>Neus Banqu\u00e9 Mart\u00ednez<\/strong><br><em>Universitat Aut\u00f2noma de Barcelona<\/em><\/p>\n\n\n\n<p class=\"has-text-align-center\">Investigadora en did\u00e0ctica de les ci\u00e8ncies experimentals, amb especial inter\u00e8s per l&#8217;etapa d&#8217;Educaci\u00f3 Infantil. <\/p>\n\n\n\n<p class=\"has-text-align-center\">Grup de Recerca en Activitat Cient\u00edfica Escolar: Llenguatges, Eines i Contextos (<a href=\"https:\/\/webs.uab.cat\/acelec\/\" target=\"_blank\" rel=\"noreferrer noopener\">ACELEC<\/a>) i membre del grup de recerca i innovaci\u00f3 <a href=\"https:\/\/webs.uab.cat\/liec\/\" target=\"_blank\" rel=\"noreferrer noopener\">LIEC<\/a>&nbsp;(Llenguatge i Ensenyament de les Ci\u00e8ncies).<\/p>\n<\/div>\n\n\n\n<div class=\"wp-block-column is-layout-flow wp-block-column-is-layout-flow\"><div class=\"wp-block-image is-style-rounded\">\n<figure class=\"aligncenter size-full is-resized\"><img loading=\"lazy\" decoding=\"async\" width=\"1733\" height=\"2187\" src=\"https:\/\/webs.uab.cat\/maker-infantil\/wp-content\/uploads\/sites\/714\/2026\/03\/IMG20250807190957.jpg\" alt=\"\" class=\"wp-image-308\" style=\"object-fit:cover;width:200px;height:200px\" srcset=\"https:\/\/webs.uab.cat\/maker-infantil\/wp-content\/uploads\/sites\/714\/2026\/03\/IMG20250807190957.jpg 1733w, https:\/\/webs.uab.cat\/maker-infantil\/wp-content\/uploads\/sites\/714\/2026\/03\/IMG20250807190957-238x300.jpg 238w, https:\/\/webs.uab.cat\/maker-infantil\/wp-content\/uploads\/sites\/714\/2026\/03\/IMG20250807190957-811x1024.jpg 811w, https:\/\/webs.uab.cat\/maker-infantil\/wp-content\/uploads\/sites\/714\/2026\/03\/IMG20250807190957-768x969.jpg 768w, https:\/\/webs.uab.cat\/maker-infantil\/wp-content\/uploads\/sites\/714\/2026\/03\/IMG20250807190957-1217x1536.jpg 1217w, https:\/\/webs.uab.cat\/maker-infantil\/wp-content\/uploads\/sites\/714\/2026\/03\/IMG20250807190957-1623x2048.jpg 1623w, https:\/\/webs.uab.cat\/maker-infantil\/wp-content\/uploads\/sites\/714\/2026\/03\/IMG20250807190957-1200x1514.jpg 1200w\" sizes=\"auto, (max-width: 1733px) 100vw, 1733px\" \/><\/figure>\n<\/div>\n\n\n<p class=\"has-text-align-center\"><strong>Adriana Gil Ju\u00e1rez<\/strong><br><em>Universitat Aut\u00f2noma de Barcelona<\/em><\/p>\n\n\n\n<p class=\"has-text-align-center\">Les seves l\u00ednies d&#8217;investigaci\u00f3 se centren en: g\u00e8nere i tecnologia; metodologia docent d&#8217;Aprenentatge Basat en Reptes (ABR).<\/p>\n\n\n\n<p class=\"has-text-align-center\">Ha desenvolupat doc\u00e8ncia i recerca a: UNAM, IMP i UAM (M\u00e8xic); UOC, URV i UAB (Catalunya).<\/p>\n<\/div>\n<\/div>\n\n\n\n<div class=\"wp-block-columns alignwide is-layout-flex wp-container-core-columns-is-layout-9d6595d7 wp-block-columns-is-layout-flex\">\n<div class=\"wp-block-column is-layout-flow wp-block-column-is-layout-flow\"><div class=\"wp-block-image is-style-rounded\">\n<figure class=\"aligncenter size-full is-resized\"><img loading=\"lazy\" decoding=\"async\" width=\"442\" height=\"618\" src=\"https:\/\/webs.uab.cat\/maker-infantil\/wp-content\/uploads\/sites\/714\/2026\/03\/ELIA-LOPEZ.jpg\" alt=\"\" class=\"wp-image-314\" style=\"object-fit:cover;width:200px;height:200px\" srcset=\"https:\/\/webs.uab.cat\/maker-infantil\/wp-content\/uploads\/sites\/714\/2026\/03\/ELIA-LOPEZ.jpg 442w, https:\/\/webs.uab.cat\/maker-infantil\/wp-content\/uploads\/sites\/714\/2026\/03\/ELIA-LOPEZ-215x300.jpg 215w\" sizes=\"auto, (max-width: 442px) 100vw, 442px\" \/><\/figure>\n<\/div>\n\n\n<p class=\"has-text-align-center\"><strong>\u00c8lia L\u00f3pez Cass\u00e0<\/strong><br><em>Universitat de Barcelona<\/em><\/p>\n\n\n\n<p class=\"has-text-align-center\">Investigadora experta en educaci\u00f3 emocional i inf\u00e0ncia.<\/p>\n\n\n\n<p class=\"has-text-align-center\">Coordinadora del Grup de Recerca en Orientaci\u00f3 Psicopedag\u00f2gica (GROP) <a href=\"https:\/\/www.ub.edu\/grop\/\">https:\/\/www.ub.edu\/grop\/<\/a><\/p>\n\n\n\n<p><\/p>\n<\/div>\n\n\n\n<div class=\"wp-block-column is-layout-flow wp-block-column-is-layout-flow\"><div class=\"wp-block-image is-style-rounded\">\n<figure class=\"aligncenter size-full is-resized\"><img loading=\"lazy\" decoding=\"async\" width=\"800\" height=\"559\" src=\"https:\/\/webs.uab.cat\/maker-infantil\/wp-content\/uploads\/sites\/714\/2026\/02\/img25.jpg\" alt=\"\" class=\"wp-image-121\" style=\"object-fit:cover;width:200px;height:200px\" srcset=\"https:\/\/webs.uab.cat\/maker-infantil\/wp-content\/uploads\/sites\/714\/2026\/02\/img25.jpg 800w, https:\/\/webs.uab.cat\/maker-infantil\/wp-content\/uploads\/sites\/714\/2026\/02\/img25-300x210.jpg 300w, https:\/\/webs.uab.cat\/maker-infantil\/wp-content\/uploads\/sites\/714\/2026\/02\/img25-768x537.jpg 768w\" sizes=\"auto, (max-width: 800px) 100vw, 800px\" \/><\/figure>\n<\/div>\n\n\n<p class=\"has-text-align-center\"><strong>N\u00faria Lorenzo Ram\u00edrez<\/strong><br><em>Universitat de Barcelona<\/em><\/p>\n\n\n\n<p class=\"has-text-align-center\"><br>Investigadora experta en did\u00e0ctica a l&#8217;educaci\u00f3 infantil. Directora del Departament de Did\u00e0ctica i Organitzaci\u00f3 Educativa.<\/p>\n<\/div>\n\n\n\n<div class=\"wp-block-column is-layout-flow wp-block-column-is-layout-flow\"><div class=\"wp-block-image is-style-rounded\">\n<figure class=\"aligncenter size-full is-resized\"><img loading=\"lazy\" decoding=\"async\" width=\"1024\" height=\"835\" src=\"https:\/\/webs.uab.cat\/maker-infantil\/wp-content\/uploads\/sites\/714\/2026\/02\/mariona_grane.jpeg\" alt=\"\" class=\"wp-image-306\" style=\"object-fit:cover;width:200px;height:200px\" srcset=\"https:\/\/webs.uab.cat\/maker-infantil\/wp-content\/uploads\/sites\/714\/2026\/02\/mariona_grane.jpeg 1024w, https:\/\/webs.uab.cat\/maker-infantil\/wp-content\/uploads\/sites\/714\/2026\/02\/mariona_grane-300x245.jpeg 300w, https:\/\/webs.uab.cat\/maker-infantil\/wp-content\/uploads\/sites\/714\/2026\/02\/mariona_grane-768x626.jpeg 768w\" sizes=\"auto, (max-width: 1024px) 100vw, 1024px\" \/><\/figure>\n<\/div>\n\n\n<p class=\"has-text-align-center\"><strong>Mariona Gran\u00e9 i Or\u00f3<\/strong><br><em>Universitat de Barcelona<\/em><\/p>\n\n\n\n<p class=\"has-text-align-center\">Investigadora en integraci\u00f3 de tecnologies digitals en entorns educatius.<\/p>\n\n\n\n<p>Coordinadora del grup de recerca Learning, Media and Inclusion LMI&nbsp;<a rel=\"noreferrer noopener\" target=\"_blank\" href=\"https:\/\/ub.edu\/lmi\">https:\/\/ub.edu\/lmi<\/a><\/p>\n\n\n\n<p class=\"has-text-align-center\">Coordinadora del grup d\u2019innovaci\u00f3 docent en tecnologies digitals i avaluaci\u00f3 GIDAT&nbsp;<a rel=\"noreferrer noopener\" target=\"_blank\" href=\"https:\/\/www.ub.edu\/rimda\/content\/gidat\">https:\/\/www.ub.edu\/rimda\/content\/gidat<\/a><\/p>\n<\/div>\n<\/div>\n\n\n\n<div class=\"wp-block-columns is-layout-flex wp-container-core-columns-is-layout-9d6595d7 wp-block-columns-is-layout-flex\">\n<div class=\"wp-block-column is-layout-flow wp-block-column-is-layout-flow\"><div class=\"wp-block-image is-style-rounded\">\n<figure class=\"aligncenter size-full is-resized\"><img loading=\"lazy\" decoding=\"async\" width=\"1077\" height=\"1084\" src=\"https:\/\/webs.uab.cat\/maker-infantil\/wp-content\/uploads\/sites\/714\/2026\/04\/perfil.jpeg\" alt=\"\" class=\"wp-image-320\" style=\"object-fit:cover;width:200px;height:200px\" srcset=\"https:\/\/webs.uab.cat\/maker-infantil\/wp-content\/uploads\/sites\/714\/2026\/04\/perfil.jpeg 1077w, https:\/\/webs.uab.cat\/maker-infantil\/wp-content\/uploads\/sites\/714\/2026\/04\/perfil-298x300.jpeg 298w, https:\/\/webs.uab.cat\/maker-infantil\/wp-content\/uploads\/sites\/714\/2026\/04\/perfil-1017x1024.jpeg 1017w, https:\/\/webs.uab.cat\/maker-infantil\/wp-content\/uploads\/sites\/714\/2026\/04\/perfil-150x150.jpeg 150w, https:\/\/webs.uab.cat\/maker-infantil\/wp-content\/uploads\/sites\/714\/2026\/04\/perfil-768x773.jpeg 768w\" sizes=\"auto, (max-width: 1077px) 100vw, 1077px\" \/><\/figure>\n<\/div>\n\n\n<p class=\"has-text-align-center\"><strong>Taluana Laiz Martins Torres<\/strong><br><em>Universitat de Barcelona<\/em><\/p>\n\n\n\n<p class=\"has-text-align-center\">Investigadora experta en innovaci\u00f3 educativa, formaci\u00f3 de professorat i equitat. <\/p>\n\n\n\n<p class=\"has-text-align-center\">Ha desenvolupat doc\u00e8ncia i recerca a: USP i UNESP (Brazil) i UB (Catalunya).<\/p>\n\n\n\n<p><\/p>\n<\/div>\n<\/div>\n\n\n\n<hr class=\"wp-block-separator alignwide has-alpha-channel-opacity\" \/>\n\n\n\n<p class=\"has-text-align-center\"><\/p>\n\n\n\n<p class=\"has-text-align-center\"><strong>FORMADORS, COL\u00b7LABORADORS<\/strong> <strong>I T\u00c8CNICS<\/strong><\/p>\n\n\n\n<div class=\"wp-block-columns alignwide is-layout-flex wp-container-core-columns-is-layout-9d6595d7 wp-block-columns-is-layout-flex\">\n<div class=\"wp-block-column is-layout-flow wp-block-column-is-layout-flow\"><div class=\"wp-block-image is-style-rounded\">\n<figure class=\"aligncenter size-full is-resized\"><img loading=\"lazy\" decoding=\"async\" width=\"1108\" height=\"1639\" src=\"https:\/\/webs.uab.cat\/maker-infantil\/wp-content\/uploads\/sites\/714\/2026\/02\/FOTO_ALMUDENA-copia.jpeg\" alt=\"\" class=\"wp-image-229\" style=\"object-fit:cover;width:200px;height:200px\" srcset=\"https:\/\/webs.uab.cat\/maker-infantil\/wp-content\/uploads\/sites\/714\/2026\/02\/FOTO_ALMUDENA-copia.jpeg 1108w, https:\/\/webs.uab.cat\/maker-infantil\/wp-content\/uploads\/sites\/714\/2026\/02\/FOTO_ALMUDENA-copia-203x300.jpeg 203w, https:\/\/webs.uab.cat\/maker-infantil\/wp-content\/uploads\/sites\/714\/2026\/02\/FOTO_ALMUDENA-copia-692x1024.jpeg 692w, https:\/\/webs.uab.cat\/maker-infantil\/wp-content\/uploads\/sites\/714\/2026\/02\/FOTO_ALMUDENA-copia-768x1136.jpeg 768w, https:\/\/webs.uab.cat\/maker-infantil\/wp-content\/uploads\/sites\/714\/2026\/02\/FOTO_ALMUDENA-copia-1038x1536.jpeg 1038w\" sizes=\"auto, (max-width: 1108px) 100vw, 1108px\" \/><\/figure>\n<\/div>\n\n\n<p class=\"has-text-align-center\"><strong>Almudena Martin Mart\u00ednez<\/strong>, Tallerista<br>Did\u00e0ctica de l&#8217;Expressi\u00f3 Pl\u00e0stica. Universitat de&nbsp;Barcelona<\/p>\n\n\n\n<p class=\"has-text-align-center\">Investigadora en Arts, Educaci\u00f3 i Benestar.<\/p>\n\n\n\n<p class=\"has-text-align-center\"><a href=\"http:\/\/artvitae.org\" data-type=\"link\" data-id=\"artvitae.org\">artvitae.org<\/a><br><\/p>\n<\/div>\n\n\n\n<div class=\"wp-block-column is-layout-flow wp-block-column-is-layout-flow\"><div class=\"wp-block-image is-style-rounded\">\n<figure class=\"aligncenter size-full is-resized\"><img loading=\"lazy\" decoding=\"async\" width=\"800\" height=\"559\" src=\"https:\/\/webs.uab.cat\/maker-infantil\/wp-content\/uploads\/sites\/714\/2026\/02\/img25.jpg\" alt=\"\" class=\"wp-image-121\" style=\"object-fit:cover;width:200px;height:200px\" srcset=\"https:\/\/webs.uab.cat\/maker-infantil\/wp-content\/uploads\/sites\/714\/2026\/02\/img25.jpg 800w, https:\/\/webs.uab.cat\/maker-infantil\/wp-content\/uploads\/sites\/714\/2026\/02\/img25-300x210.jpg 300w, https:\/\/webs.uab.cat\/maker-infantil\/wp-content\/uploads\/sites\/714\/2026\/02\/img25-768x537.jpg 768w\" sizes=\"auto, (max-width: 800px) 100vw, 800px\" \/><\/figure>\n<\/div>\n\n\n<p class=\"has-text-align-center\"><strong>S\u00edlvia Zurita Mon<\/strong><br><em>Ins Angeleta Ferrer<\/em><\/p>\n\n\n\n<p class=\"has-text-align-center\">Professora i formadora experta en innovaci\u00f3 educativa en ci\u00e8ncies i tecnologia, i moviment maker.<\/p>\n<\/div>\n\n\n\n<div class=\"wp-block-column is-layout-flow wp-block-column-is-layout-flow\"><div class=\"wp-block-image is-style-rounded\">\n<figure class=\"aligncenter size-large is-resized\"><img loading=\"lazy\" decoding=\"async\" width=\"944\" height=\"944\" src=\"https:\/\/webs.uab.cat\/maker-infantil\/wp-content\/uploads\/sites\/714\/2026\/02\/Foto-orla-no-barret-edited-1.jpg\" alt=\"\" class=\"wp-image-290\" style=\"object-fit:cover;width:200px;height:200px\" srcset=\"https:\/\/webs.uab.cat\/maker-infantil\/wp-content\/uploads\/sites\/714\/2026\/02\/Foto-orla-no-barret-edited-1.jpg 944w, https:\/\/webs.uab.cat\/maker-infantil\/wp-content\/uploads\/sites\/714\/2026\/02\/Foto-orla-no-barret-edited-1-300x300.jpg 300w, https:\/\/webs.uab.cat\/maker-infantil\/wp-content\/uploads\/sites\/714\/2026\/02\/Foto-orla-no-barret-edited-1-150x150.jpg 150w, https:\/\/webs.uab.cat\/maker-infantil\/wp-content\/uploads\/sites\/714\/2026\/02\/Foto-orla-no-barret-edited-1-768x768.jpg 768w\" sizes=\"auto, (max-width: 944px) 100vw, 944px\" \/><\/figure>\n<\/div>\n\n\n<p class=\"has-text-align-center\"><strong>Robert Cuello L\u00f3pez<\/strong><br>T\u00e8cnic de recerca<br><\/p>\n\n\n\n<p class=\"has-text-align-center\">Psic\u00f2leg i t\u00e8cnic del projecte. Especialitzat en recerca en comportament i cognici\u00f3, i ci\u00e8ncia de dades.<\/p>\n<\/div>\n<\/div>\n\n\n\n<hr class=\"wp-block-separator alignwide has-alpha-channel-opacity\" \/>\n\n\n\n<p class=\"has-text-align-center\"><strong>ESCOLES I MESTRES PARTICIPANTS<\/strong><\/p>\n\n\n\n<div class=\"wp-block-columns alignwide is-layout-flex wp-container-core-columns-is-layout-9d6595d7 wp-block-columns-is-layout-flex\">\n<div class=\"wp-block-column is-layout-flow wp-block-column-is-layout-flow\"><div class=\"wp-block-image is-style-rounded\">\n<figure class=\"aligncenter size-full is-resized\"><img loading=\"lazy\" decoding=\"async\" width=\"178\" height=\"178\" src=\"https:\/\/webs.uab.cat\/maker-infantil\/wp-content\/uploads\/sites\/714\/2026\/02\/img37-bellaterra.png\" alt=\"\" class=\"wp-image-162\" style=\"object-fit:cover;width:200px;height:200px\" srcset=\"https:\/\/webs.uab.cat\/maker-infantil\/wp-content\/uploads\/sites\/714\/2026\/02\/img37-bellaterra.png 178w, https:\/\/webs.uab.cat\/maker-infantil\/wp-content\/uploads\/sites\/714\/2026\/02\/img37-bellaterra-150x150.png 150w\" sizes=\"auto, (max-width: 178px) 100vw, 178px\" \/><\/figure>\n<\/div>\n\n\n<p class=\"has-text-align-center\"><strong>Escola Bellaterra<\/strong><br><em>Cerdanyola del Vall\u00e8s<\/em><\/p>\n\n\n\n<p class=\"has-text-align-center\"><br>Una escola oberta a tothom, on entenem el concepte d&#8217;inclusi\u00f3 en el sentit m\u00e9s ampli.<\/p>\n<\/div>\n\n\n\n<div class=\"wp-block-column is-layout-flow wp-block-column-is-layout-flow\"><div class=\"wp-block-image is-style-rounded\">\n<figure class=\"aligncenter size-full is-resized\"><img loading=\"lazy\" decoding=\"async\" width=\"500\" height=\"500\" src=\"https:\/\/webs.uab.cat\/maker-infantil\/wp-content\/uploads\/sites\/714\/2026\/02\/img38-joansanpere.jpg\" alt=\"\" class=\"wp-image-163\" style=\"object-fit:cover;width:200px;height:200px\" srcset=\"https:\/\/webs.uab.cat\/maker-infantil\/wp-content\/uploads\/sites\/714\/2026\/02\/img38-joansanpere.jpg 500w, https:\/\/webs.uab.cat\/maker-infantil\/wp-content\/uploads\/sites\/714\/2026\/02\/img38-joansanpere-300x300.jpg 300w, https:\/\/webs.uab.cat\/maker-infantil\/wp-content\/uploads\/sites\/714\/2026\/02\/img38-joansanpere-150x150.jpg 150w\" sizes=\"auto, (max-width: 500px) 100vw, 500px\" \/><\/figure>\n<\/div>\n\n\n<p class=\"has-text-align-center\"><strong>Escola Joan Sanpera i Torras<\/strong><br><em>Les Franqueses del Vall\u00e8s<\/em><\/p>\n\n\n\n<p class=\"has-text-align-center\"><br>Una escola que ofereix eines a l&#8217;alumnat per esdevenir persones aut\u00f2nomes, cr\u00edtiques, compromeses i participatives.<\/p>\n<\/div>\n\n\n\n<div class=\"wp-block-column is-layout-flow wp-block-column-is-layout-flow\"><div class=\"wp-block-image is-style-rounded\">\n<figure class=\"aligncenter size-full is-resized\"><img loading=\"lazy\" decoding=\"async\" width=\"400\" height=\"400\" src=\"https:\/\/webs.uab.cat\/maker-infantil\/wp-content\/uploads\/sites\/714\/2026\/02\/img36-joanmiro.jpg\" alt=\"\" class=\"wp-image-164\" style=\"object-fit:cover;width:200px;height:200px\" srcset=\"https:\/\/webs.uab.cat\/maker-infantil\/wp-content\/uploads\/sites\/714\/2026\/02\/img36-joanmiro.jpg 400w, https:\/\/webs.uab.cat\/maker-infantil\/wp-content\/uploads\/sites\/714\/2026\/02\/img36-joanmiro-300x300.jpg 300w, https:\/\/webs.uab.cat\/maker-infantil\/wp-content\/uploads\/sites\/714\/2026\/02\/img36-joanmiro-150x150.jpg 150w\" sizes=\"auto, (max-width: 400px) 100vw, 400px\" \/><\/figure>\n<\/div>\n\n\n<p class=\"has-text-align-center\"><strong>Escola Joan Mir\u00f3<\/strong><br><em>Canovelles<\/em><\/p>\n\n\n\n<p class=\"has-text-align-center\"><br>Una escola de petites revolucions amb acompanyament i oportunitats diverses i enriquidores.<\/p>\n<\/div>\n<\/div>\n\n\n\n<p><\/p>\n","protected":false},"excerpt":{"rendered":"<p>L&#8217;equip d&#8217;investigadors i professionals que fan possible aquest projecte El projecte disposa d&#8217;un equip multidisciplinari de dues universitats catalanes i quatre escoles del Vall\u00e8s. Aquesta col\u00b7laboraci\u00f3 ens permet lligar la recerca, la pr\u00e0ctica educativa i la formaci\u00f3 inicial dels mestres d&#8217;educaci\u00f3 infantil. EQUIP INVESTIGADOR Maria Teresa Mas Parera, Investigadora PrincipalUniversitat Aut\u00f2noma de Barcelona Investigadora en [&hellip;]<\/p>\n","protected":false},"author":3196,"featured_media":0,"parent":0,"menu_order":0,"comment_status":"closed","ping_status":"closed","template":"","meta":{"footnotes":""},"class_list":["post-8","page","type-page","status-publish","hentry"],"_links":{"self":[{"href":"https:\/\/webs.uab.cat\/maker-infantil\/wp-json\/wp\/v2\/pages\/8","targetHints":{"allow":["GET"]}}],"collection":[{"href":"https:\/\/webs.uab.cat\/maker-infantil\/wp-json\/wp\/v2\/pages"}],"about":[{"href":"https:\/\/webs.uab.cat\/maker-infantil\/wp-json\/wp\/v2\/types\/page"}],"author":[{"embeddable":true,"href":"https:\/\/webs.uab.cat\/maker-infantil\/wp-json\/wp\/v2\/users\/3196"}],"replies":[{"embeddable":true,"href":"https:\/\/webs.uab.cat\/maker-infantil\/wp-json\/wp\/v2\/comments?post=8"}],"version-history":[{"count":43,"href":"https:\/\/webs.uab.cat\/maker-infantil\/wp-json\/wp\/v2\/pages\/8\/revisions"}],"predecessor-version":[{"id":322,"href":"https:\/\/webs.uab.cat\/maker-infantil\/wp-json\/wp\/v2\/pages\/8\/revisions\/322"}],"wp:attachment":[{"href":"https:\/\/webs.uab.cat\/maker-infantil\/wp-json\/wp\/v2\/media?parent=8"}],"curies":[{"name":"wp","href":"https:\/\/api.w.org\/{rel}","templated":true}]}}