{"id":44,"date":"2019-03-26T10:26:08","date_gmt":"2019-03-26T10:26:08","guid":{"rendered":"https:\/\/webs.uab.cat\/marta-tafalla\/ecoanimal\/"},"modified":"2024-02-23T13:26:11","modified_gmt":"2024-02-23T13:26:11","slug":"ecoanimal","status":"publish","type":"page","link":"https:\/\/webs.uab.cat\/marta-tafalla\/ecoanimal\/","title":{"rendered":"Ecoanimal (Plaza y Vald\u00e9s, 2019)"},"content":{"rendered":"<div class=\"wp-block-image\">\n<figure class=\"aligncenter\"><img loading=\"lazy\" decoding=\"async\" width=\"207\" height=\"300\" src=\"https:\/\/webs.uab.cat\/marta-tafalla\/wp-content\/uploads\/sites\/116\/2022\/08\/2019-ecoanimal-portada-207x300.jpg\" alt=\"\" class=\"wp-image-130\" srcset=\"https:\/\/webs.uab.cat\/marta-tafalla\/wp-content\/uploads\/sites\/116\/2022\/08\/2019-ecoanimal-portada-207x300.jpg 207w, https:\/\/webs.uab.cat\/marta-tafalla\/wp-content\/uploads\/sites\/116\/2022\/08\/2019-ecoanimal-portada-707x1024.jpg 707w, https:\/\/webs.uab.cat\/marta-tafalla\/wp-content\/uploads\/sites\/116\/2022\/08\/2019-ecoanimal-portada-768x1112.jpg 768w, https:\/\/webs.uab.cat\/marta-tafalla\/wp-content\/uploads\/sites\/116\/2022\/08\/2019-ecoanimal-portada-1061x1536.jpg 1061w, https:\/\/webs.uab.cat\/marta-tafalla\/wp-content\/uploads\/sites\/116\/2022\/08\/2019-ecoanimal-portada-1414x2048.jpg 1414w, https:\/\/webs.uab.cat\/marta-tafalla\/wp-content\/uploads\/sites\/116\/2022\/08\/2019-ecoanimal-portada-1200x1738.jpg 1200w, https:\/\/webs.uab.cat\/marta-tafalla\/wp-content\/uploads\/sites\/116\/2022\/08\/2019-ecoanimal-portada-1980x2867.jpg 1980w, https:\/\/webs.uab.cat\/marta-tafalla\/wp-content\/uploads\/sites\/116\/2022\/08\/2019-ecoanimal-portada-scaled.jpg 1768w\" sizes=\"auto, (max-width: 207px) 100vw, 207px\" \/><\/figure>\n<\/div>\n\n\n<p class=\"has-text-align-center\"><strong><em>Ecoanimal. Una est\u00e9tica plurisensorial, ecologista y animalista <\/em><\/strong><\/p>\n\n\n\n<p class=\"has-text-align-center\"><strong>(Plaza y Vald\u00e9s, 2019)<\/strong><\/p>\n\n\n\n<p>&nbsp;<\/p>\n\n\n\n<p>M\u00e1s informaci\u00f3n en la web de la editorial: <a href=\"http:\/\/www.plazayvaldes.es\/libro\/ecoanimal\" target=\"_blank\" rel=\"noopener\">http:\/\/www.plazayvaldes.es\/libro\/ecoanimal<\/a><\/p>\n\n\n\n<p>Consulta el \u00edndice: <a href=\"http:\/\/www.plazayvaldes.es\/uploads\/2019\/02\/indicepdf_4.pdf\" target=\"_blank\" rel=\"noopener\">http:\/\/www.plazayvaldes.es\/uploads\/2019\/02\/indicepdf_4.pdf<\/a><\/p>\n\n\n\n<p>Lee la introducci\u00f3n en la revista on-line <em>Zenda:<\/em> <a rel=\"noopener\" href=\"https:\/\/www.zendalibros.com\/ecoanimal-marta-tafalla\/\" target=\"_blank\">https:\/\/www.zendalibros.com\/ecoanimal-marta-tafalla\/<\/a><\/p>\n\n\n\n<div style=\"height:50px\" aria-hidden=\"true\" class=\"wp-block-spacer\"><\/div>\n\n\n\n<p>Presentaci\u00f3n en el marco de <em>Cartagena Piensa<\/em>, en conversaci\u00f3n con Ver\u00f3nica Perales, evento on-line, 25 de noviembre de 2021:<\/p>\n\n\n\n<figure class=\"wp-block-embed is-type-video is-provider-youtube wp-block-embed-youtube wp-embed-aspect-16-9 wp-has-aspect-ratio\"><div class=\"wp-block-embed__wrapper\">\n<iframe loading=\"lazy\" title=\"Presentaci\u00f3n de \u2018Ecoanimal. Una est\u00e9tica plurisensorial, ecologista y animalista\u2019, de Marta Tafalla\" width=\"580\" height=\"326\" src=\"https:\/\/www.youtube.com\/embed\/RmaPL039KR8?start=5&#038;feature=oembed\" frameborder=\"0\" allow=\"accelerometer; autoplay; clipboard-write; encrypted-media; gyroscope; picture-in-picture; web-share\" referrerpolicy=\"strict-origin-when-cross-origin\" allowfullscreen><\/iframe>\n<\/div><\/figure>\n\n\n\n<div style=\"height:50px\" aria-hidden=\"true\" class=\"wp-block-spacer\"><\/div>\n\n\n\n<p>Conversaci\u00f3n con Sandra Mil\u00e1n i Massagu\u00e9 en el programa <em>Lletraferida<\/em> de Matadepera R\u00e0dio, 8 de febrero de 2021:<\/p>\n\n\n\n<figure class=\"wp-block-embed aligncenter is-type-wp-embed is-provider-spreaker wp-block-embed-spreaker\"><div class=\"wp-block-embed__wrapper\">\nhttps:\/\/www.spreaker.com\/user\/10079497\/lletraferida-08-02-2021-20-00_2?utm_medium=widget&#038;utm_source=user%3A10079497&#038;utm_term=episode_title\n<\/div><\/figure>\n\n\n\n<div style=\"height:50px\" aria-hidden=\"true\" class=\"wp-block-spacer\"><\/div>\n\n\n\n<p>Presentaci\u00f3n de <em>Ecoanimal<\/em> en <em>Meta Librer\u00eda<\/em>, en di\u00e1logo con Marcos de Miguel, editor de Plaza y Vald\u00e9s, 28 de enero de 2021:<\/p>\n\n\n\n<figure class=\"wp-block-embed is-type-video is-provider-youtube wp-block-embed-youtube wp-embed-aspect-16-9 wp-has-aspect-ratio\"><div class=\"wp-block-embed__wrapper\">\n<iframe loading=\"lazy\" title=\"ECOANIMAL de Marta Tafalla\" width=\"580\" height=\"326\" src=\"https:\/\/www.youtube.com\/embed\/aUJWIFbKZtY?start=563&#038;feature=oembed\" frameborder=\"0\" allow=\"accelerometer; autoplay; clipboard-write; encrypted-media; gyroscope; picture-in-picture; web-share\" referrerpolicy=\"strict-origin-when-cross-origin\" allowfullscreen><\/iframe>\n<\/div><\/figure>\n\n\n\n<div style=\"height:50px\" aria-hidden=\"true\" class=\"wp-block-spacer\"><\/div>\n\n\n\n<p>Entrevista en el programa <em>Aqu\u00ed, amb Josep Cun\u00ed<\/em>, de Cadena Ser, 20 de enero de 2021:<\/p>\n\n\n\n<p><a href=\"https:\/\/play.cadenaser.com\/audio\/ser_cat_aqui_ambjosepcuni_20210120_110000_120000\/\" target=\"_blank\" rel=\"noopener\">https:\/\/play.cadenaser.com\/audio\/ser_cat_aqui_ambjosepcuni_20210120_110000_120000\/&nbsp;<\/a>&nbsp; (A partir del min. 41.50)<\/p>\n\n\n\n<div style=\"height:50px\" aria-hidden=\"true\" class=\"wp-block-spacer\"><\/div>\n\n\n\n<p><em>Ecologia post-coronavirus: repensar l\u2019esp\u00e8cie humana com a part de la biosfera, <\/em>confer\u00e8ncia en el cicle&nbsp;<em>Espai Obert<\/em> organitzat per <em>Associaci\u00f3 Cristianisme al Segle XXI, <\/em>16 de enero de 2021:<\/p>\n\n\n\n<p class=\"wp-embed-aspect-16-9 wp-has-aspect-ratio\"><a href=\"https:\/\/www.youtube.com\/watch?v=dGlqwNeHAzU\">https:\/\/www.youtube.com\/watch?v=dGlqwNeHAzU<\/a><\/p>\n\n\n\n<div style=\"height:50px\" aria-hidden=\"true\" class=\"wp-block-spacer\"><\/div>\n\n\n\n<p>Entrevista de Gemma Tramullas en <em>El Peri\u00f3dico<\/em>, 16 de enero de 2021:<\/p>\n\n\n\n<p><a href=\"https:\/\/www.elperiodico.com\/es\/entre-todos\/20210116\/animalismo-filosofia-biblioteques-de-barcelona-11455963\">https:\/\/www.elperiodico.com\/es\/entre-todos\/20210116\/animalismo-filosofia-biblioteques-de-barcelona-11455963<\/a><\/p>\n\n\n\n<p><a href=\"https:\/\/www.elperiodico.cat\/ca\/entre-tots\/20210116\/animalisme-filosofia-biblioteques-de-barcelona-11455963\">https:\/\/www.elperiodico.cat\/ca\/entre-tots\/20210116\/animalisme-filosofia-biblioteques-de-barcelona-11455963<\/a><\/p>\n\n\n\n<div style=\"height:50px\" aria-hidden=\"true\" class=\"wp-block-spacer\"><\/div>\n\n\n\n<p>Entrevista de Laura Sol\u00e9 en la revista <em>Crisi o vida<\/em> de <em>El Cr\u00edtic<\/em>, oto\u00f1o de 2020:<\/p>\n\n\n\n<p><a href=\"https:\/\/www.elcritic.cat\/entrevistes\/marta-tafalla-apropar-se-a-la-natura-ens-produeix-plaer-ens-fa-felices-i-ens-dona-salut-73722\">https:\/\/www.elcritic.cat\/entrevistes\/marta-tafalla-apropar-se-a-la-natura-ens-produeix-plaer-ens-fa-felices-i-ens-dona-salut-73722<\/a><\/p>\n\n\n\n<p>Mesa redonda de presentaci\u00f3n de la revista:<\/p>\n\n\n\n<p><a href=\"https:\/\/www.elcritic.cat\/sobre-critic\/actes\/cuidar-se-en-temps-de-pandemia-a-proposit-del-dossier-crisi-o-vida-75013\">https:\/\/www.elcritic.cat\/sobre-critic\/actes\/cuidar-se-en-temps-de-pandemia-a-proposit-del-dossier-crisi-o-vida-75013<\/a><\/p>\n\n\n\n<div style=\"height:50px\" aria-hidden=\"true\" class=\"wp-block-spacer\"><\/div>\n\n\n\n<p>Entrevista de Rita Roig, en <em>La Conca 5.1<\/em>, 12 de noviembre de 2020:<\/p>\n\n\n\n<figure class=\"wp-block-embed is-type-wp-embed is-provider-la-conca-5-1 wp-block-embed-la-conca-5-1\"><div class=\"wp-block-embed__wrapper\">\n<blockquote class=\"wp-embedded-content\" data-secret=\"fZaEna3Z9Y\"><a href=\"https:\/\/www.laconca51.cat\/marta-tafalla-mes-que-anar-a-viure-al-mon-rural-hem-de-deixar-dexplotar-la-natura\/\">Marta Tafalla: \u201cM\u00e9s que anar a viure al m\u00f3n rural, hem de deixar d\u2019explotar la natura\u201d<\/a><\/blockquote><iframe loading=\"lazy\" class=\"wp-embedded-content\" sandbox=\"allow-scripts\" security=\"restricted\" style=\"position: absolute; visibility: hidden;\" title=\"&#8220;Marta Tafalla: \u201cM\u00e9s que anar a viure al m\u00f3n rural, hem de deixar d\u2019explotar la natura\u201d&#8221; &#8212; La Conca 5.1\" src=\"https:\/\/www.laconca51.cat\/marta-tafalla-mes-que-anar-a-viure-al-mon-rural-hem-de-deixar-dexplotar-la-natura\/embed\/#?secret=Bd0Tc8R7tY#?secret=fZaEna3Z9Y\" data-secret=\"fZaEna3Z9Y\" width=\"580\" height=\"327\" frameborder=\"0\" marginwidth=\"0\" marginheight=\"0\" scrolling=\"no\"><\/iframe>\n<\/div><\/figure>\n\n\n\n<div style=\"height:50px\" aria-hidden=\"true\" class=\"wp-block-spacer\"><\/div>\n\n\n\n<p>Art\u00edculo de Mar\u00eda R. Carreras, &#8220;La pandemia, la crisis clim\u00e1tica y los animales: liberaci\u00f3n total para evitar la extinci\u00f3n&#8221;, <em>El Salto<\/em>, noviembre de 2020<\/p>\n\n\n\n<p><a href=\"https:\/\/www.elsaltodiario.com\/coronavirus\/pandemia-crisis-climatica-animales-liberacion-total-evitar-extincion\">https:\/\/www.elsaltodiario.com\/coronavirus\/pandemia-crisis-climatica-animales-liberacion-total-evitar-extincion<\/a><\/p>\n\n\n\n<div style=\"height:50px\" aria-hidden=\"true\" class=\"wp-block-spacer\"><\/div>\n\n\n\n<p>Conferencia <em>\u00c8tica ecol\u00f2gica i \u00e8tica animal<\/em>, en el <em>Cicle Enraonar<\/em>, organizado por el Departament de Filosofia de la UAB y l&#8217;Ajuntament de St Cugat, 26 de octubre de 2020:<\/p>\n\n\n\n<figure class=\"wp-block-embed is-type-video is-provider-youtube wp-block-embed-youtube wp-embed-aspect-16-9 wp-has-aspect-ratio\"><div class=\"wp-block-embed__wrapper\">\n<iframe loading=\"lazy\" title=\"CICLE ENRAONAR: &#039;\u00c8tica ecol\u00f2gica i \u00e8tica animal&#039;, amb Marta Tafalla\" width=\"580\" height=\"326\" src=\"https:\/\/www.youtube.com\/embed\/GwVcDqLGOvU?start=4230&#038;feature=oembed\" frameborder=\"0\" allow=\"accelerometer; autoplay; clipboard-write; encrypted-media; gyroscope; picture-in-picture; web-share\" referrerpolicy=\"strict-origin-when-cross-origin\" allowfullscreen><\/iframe>\n<\/div><\/figure>\n\n\n\n<div style=\"height:51px\" aria-hidden=\"true\" class=\"wp-block-spacer\"><\/div>\n\n\n\n<p>Entrevista de Antoni Bassas en <em>Ara<\/em>, 25 de octubre de 2020:<\/p>\n\n\n\n<p><a href=\"https:\/\/www.ara.cat\/societat\/marta-tafalla-ecofeminisme-maternitat-fills-dona-entrevista-antoni-bassas_0_2551544875.html?utm_medium=social&amp;utm_campaign=echobox&amp;utm_source=Twitter#Echobox=1603561855\">https:\/\/www.ara.cat\/societat\/marta-tafalla-ecofeminisme-maternitat-fills-dona-entrevista-antoni-bassas_0_2551544875.html?utm_medium=social&amp;utm_campaign=echobox&amp;utm_source=Twitter#Echobox=1603561855<\/a><\/p>\n\n\n\n<div style=\"height:50px\" aria-hidden=\"true\" class=\"wp-block-spacer\"><\/div>\n\n\n\n<p>Mesa redonda con Josep Maria Mallarach, Xavier Perarnau y Santi Vilanova, <em>El pensament hol\u00edstic enfront de la crisi ecol\u00f2gica<\/em>, Ateneu Barcelon\u00e8s, 21 de octubre de 2020<\/p>\n\n\n\n<p class=\"wp-embed-aspect-16-9 wp-has-aspect-ratio\"><a href=\"https:\/\/www.youtube.com\/watch?v=kcIFV2AgmoM\">https:\/\/www.youtube.com\/watch?v=kcIFV2AgmoM<\/a><\/p>\n\n\n\n<div style=\"height:50px\" aria-hidden=\"true\" class=\"wp-block-spacer\"><\/div>\n\n\n\n<p>Mesa redonda con Sergio del Molino y Vanesa Freixa, moderada por Guillermo L\u00f3pez Linares, sobre <em>Ciutat Rural<\/em>, en la <em>Biennal de Pensament <\/em>de Barcelona, 18 de octubre de 2020:<\/p>\n\n\n\n<figure class=\"wp-block-embed is-type-video is-provider-youtube wp-block-embed-youtube wp-embed-aspect-16-9 wp-has-aspect-ratio\"><div class=\"wp-block-embed__wrapper\">\n<iframe loading=\"lazy\" title=\"Ciutat rural\" width=\"580\" height=\"326\" src=\"https:\/\/www.youtube.com\/embed\/9kG7BfBEvlk?feature=oembed\" frameborder=\"0\" allow=\"accelerometer; autoplay; clipboard-write; encrypted-media; gyroscope; picture-in-picture; web-share\" referrerpolicy=\"strict-origin-when-cross-origin\" allowfullscreen><\/iframe>\n<\/div><\/figure>\n\n\n\n<div style=\"height:50px\" aria-hidden=\"true\" class=\"wp-block-spacer\"><\/div>\n\n\n\n<p>Conversaci\u00f3n con Antoni Bassas y Daniel Gamper, <em>Di\u00e0legs de Pedralbes<\/em>, Monestir de Pedralbes, 14 de octubre de 2020:<\/p>\n\n\n\n<p class=\"wp-embed-aspect-16-9 wp-has-aspect-ratio\"><a href=\"https:\/\/www.youtube.com\/watch?v=Bh6Pe76RnNU&amp;t=4871s\">https:\/\/www.youtube.com\/watch?v=Bh6Pe76RnNU&amp;t=4871s<\/a><\/p>\n\n\n\n<div style=\"height:50px\" aria-hidden=\"true\" class=\"wp-block-spacer\"><\/div>\n\n\n\n<p>Conversaci\u00f3n con David Garc\u00eda Mi\u00f1o, <em>Ciclo Liternatura<\/em>, <em>Festival ExLibris<\/em>, Murcia, 24 de septiembre de 2020:<\/p>\n\n\n\n<figure class=\"wp-block-embed is-type-video is-provider-youtube wp-block-embed-youtube wp-embed-aspect-16-9 wp-has-aspect-ratio\"><div class=\"wp-block-embed__wrapper\">\n<iframe loading=\"lazy\" title=\"CICLO LITERNATURA: MARTA TAFALLA - EXLIBRIS MURCIA\" width=\"580\" height=\"326\" src=\"https:\/\/www.youtube.com\/embed\/IkmHFsZsmXY?feature=oembed\" frameborder=\"0\" allow=\"accelerometer; autoplay; clipboard-write; encrypted-media; gyroscope; picture-in-picture; web-share\" referrerpolicy=\"strict-origin-when-cross-origin\" allowfullscreen><\/iframe>\n<\/div><\/figure>\n\n\n\n<div style=\"height:50px\" aria-hidden=\"true\" class=\"wp-block-spacer\"><\/div>\n\n\n\n<p>Conversaci\u00f3n con Jesusa Rodr\u00edguez, Senadora de la Rep\u00fablica Mexicana, 17 de septiembre de 2020:<\/p>\n\n\n\n<p class=\"wp-embed-aspect-16-9 wp-has-aspect-ratio\"><a href=\"https:\/\/www.youtube.com\/watch?v=rj3x4JsiSCY&amp;feature=youtu.be\">https:\/\/www.youtube.com\/watch?v=rj3x4JsiSCY&amp;feature=youtu.be<\/a><\/p>\n\n\n\n<div style=\"height:50px\" aria-hidden=\"true\" class=\"wp-block-spacer\"><\/div>\n\n\n\n<p>Entrevista de Lourdes Lancho y Gabi Mart\u00ednez en la secci\u00f3n <em>Litenatura<\/em> del programa <em>A vivir que son dos d\u00edas<\/em>, en Cadena Ser, 23 de agosto de 2020:<\/p>\n\n\n\n<p><a href=\"https:\/\/play.cadenaser.com\/audio\/cadenaser_avivirquesondosdias_20200823_120000_130000\/\">https:\/\/play.cadenaser.com\/audio\/cadenaser_avivirquesondosdias_20200823_120000_130000\/<\/a><\/p>\n\n\n\n<div style=\"height:50px\" aria-hidden=\"true\" class=\"wp-block-spacer\"><\/div>\n\n\n\n<p>Conversaci\u00f3n con Saia Vergara y Grimaldo Aparicio, del <em>Instituto de Patrimonio y Cultura<\/em> de Cartagena de Indias, 31 de julio de 2020:<\/p>\n\n\n\n<p><a href=\"https:\/\/www.facebook.com\/ipccCartagenadeIndias\/videos\/280282096603346\">https:\/\/www.facebook.com\/ipccCartagenadeIndias\/videos\/280282096603346<\/a><\/p>\n\n\n\n<div style=\"height:50px\" aria-hidden=\"true\" class=\"wp-block-spacer\"><\/div>\n\n\n\n<p>Conversaci\u00f3n con Malena Blanco, de <em>Voicot<\/em>, 21 de junio de 2020:<\/p>\n\n\n\n<figure class=\"wp-block-embed is-type-video is-provider-youtube wp-block-embed-youtube wp-embed-aspect-16-9 wp-has-aspect-ratio\"><div class=\"wp-block-embed__wrapper\">\n<iframe loading=\"lazy\" title=\"Voicot - Marta Tafalla\" width=\"580\" height=\"326\" src=\"https:\/\/www.youtube.com\/embed\/Es9t7gDw8vw?start=437&#038;feature=oembed\" frameborder=\"0\" allow=\"accelerometer; autoplay; clipboard-write; encrypted-media; gyroscope; picture-in-picture; web-share\" referrerpolicy=\"strict-origin-when-cross-origin\" allowfullscreen><\/iframe>\n<\/div><\/figure>\n\n\n\n<div style=\"height:50px\" aria-hidden=\"true\" class=\"wp-block-spacer\"><\/div>\n\n\n\n<p>Participaci\u00f3n en mesa redonda: <em>La narrativa verde ante el futuro<\/em>, moderada por Gabi Mart\u00ednez, organizada por ACEC, 9 de junio de 2020:<\/p>\n\n\n\n<figure class=\"wp-block-embed is-type-video is-provider-youtube wp-block-embed-youtube wp-embed-aspect-16-9 wp-has-aspect-ratio\"><div class=\"wp-block-embed__wrapper\">\n<iframe loading=\"lazy\" title=\"La narrativa verde ante el futuro\" width=\"580\" height=\"326\" src=\"https:\/\/www.youtube.com\/embed\/es-g1a1wmLg?feature=oembed\" frameborder=\"0\" allow=\"accelerometer; autoplay; clipboard-write; encrypted-media; gyroscope; picture-in-picture; web-share\" referrerpolicy=\"strict-origin-when-cross-origin\" allowfullscreen><\/iframe>\n<\/div><\/figure>\n\n\n\n<div style=\"height:50px\" aria-hidden=\"true\" class=\"wp-block-spacer\"><\/div>\n\n\n\n<p>Entrevista de Sergi Picazo en <em>Cr\u00edtic<\/em>, 2 de junio de 2020:<\/p>\n\n\n\n<p><a href=\"https:\/\/www.elcritic.cat\/entrevistes\/marta-tafalla-la-pandemia-es-culpa-dallo-que-anomenem-normalitat-58795\">https:\/\/www.elcritic.cat\/entrevistes\/marta-tafalla-la-pandemia-es-culpa-dallo-que-anomenem-normalitat-58795<\/a><\/p>\n\n\n\n<p><a href=\"https:\/\/www.elcritic.cat\/entrevistes\/marta-tafalla-la-pandemia-es-culpa-de-lo-que-llamamos-normalidad-59284\">https:\/\/www.elcritic.cat\/entrevistes\/marta-tafalla-la-pandemia-es-culpa-de-lo-que-llamamos-normalidad-59284<\/a><\/p>\n\n\n\n<div style=\"height:50px\" aria-hidden=\"true\" class=\"wp-block-spacer\"><\/div>\n\n\n\n<p>Entrevista de Cristina Hern\u00e1ndez, en el programa <em>Wonderland<\/em> de Radio 4, 17 de mayo de 2020:<\/p>\n\n\n\n<figure class=\"wp-block-embed is-type-rich is-provider-gestor-del-servei wp-block-embed-gestor-del-servei\"><div class=\"wp-block-embed__wrapper\">\n<audio class=\"wp-audio-shortcode\" id=\"audio-44-1\" preload=\"none\" style=\"width: 100%;\" controls=\"controls\"><source type=\"audio\/mpeg\" src=\"https:\/\/mediavod-lvlt.rtve.es\/resources\/TE_SWONDER\/mp3\/5\/4\/1589466760045.mp3?_=1\" \/><a href=\"https:\/\/mediavod-lvlt.rtve.es\/resources\/TE_SWONDER\/mp3\/5\/4\/1589466760045.mp3\">https:\/\/mediavod-lvlt.rtve.es\/resources\/TE_SWONDER\/mp3\/5\/4\/1589466760045.mp3<\/a><\/audio>\n<\/div><\/figure>\n\n\n\n<div style=\"height:50px\" aria-hidden=\"true\" class=\"wp-block-spacer\"><\/div>\n\n\n\n<p>Recomendaci\u00f3n del escritor Gabi Mart\u00ednez desde <em>Barcelona Metr\u00f2polis<\/em>, 23 de abril de 2020:<\/p>\n\n\n\n<figure class=\"wp-block-embed is-type-rich is-provider-twitter wp-block-embed-twitter\"><div class=\"wp-block-embed__wrapper\">\n<blockquote class=\"twitter-tweet\" data-width=\"550\" data-dnt=\"true\"><p lang=\"ca\" dir=\"ltr\"><a href=\"https:\/\/twitter.com\/hashtag\/SantJordiBCN20?src=hash&amp;ref_src=twsrc%5Etfw\">#SantJordiBCN20<\/a> \ud83c\udf39\ud83d\udc09\ud83d\udcda amb <a href=\"https:\/\/twitter.com\/bcnmetropolis?ref_src=twsrc%5Etfw\">@bcnmetropolis<\/a> <a href=\"https:\/\/twitter.com\/bcncultura?ref_src=twsrc%5Etfw\">@bcncultura<\/a> <a href=\"https:\/\/twitter.com\/bcnliteratura?ref_src=twsrc%5Etfw\">@bcnliteratura<\/a><a href=\"https:\/\/twitter.com\/GabiMartnez?ref_src=twsrc%5Etfw\">@GabiMartnez<\/a> recomana &quot;Ecoanimal&quot; de <a href=\"https:\/\/twitter.com\/martatafalla?ref_src=twsrc%5Etfw\">@martatafalla<\/a> de l&#39;editorial <a href=\"https:\/\/twitter.com\/plazayvaldes?ref_src=twsrc%5Etfw\">@plazayvaldes<\/a>. Un llibre amb est\u00e8tica plurisensorial, ecologista i animalista&#8230; <br>Escolta-ho! <br>\ud83e\uddf5 <a href=\"https:\/\/t.co\/SFaMsvWElW\">pic.twitter.com\/SFaMsvWElW<\/a><\/p>&mdash; Barcelona Metr\u00f2polis (@bcnmetropolis) <a href=\"https:\/\/twitter.com\/bcnmetropolis\/status\/1253256344808960000?ref_src=twsrc%5Etfw\">April 23, 2020<\/a><\/blockquote><script async src=\"https:\/\/platform.twitter.com\/widgets.js\" charset=\"utf-8\"><\/script>\n<\/div><\/figure>\n\n\n\n<div style=\"height:50px\" aria-hidden=\"true\" class=\"wp-block-spacer\"><\/div>\n\n\n\n<p>Entrevista de Pilar Sampietro, en el programa <em>Vida Verda,<\/em> en Radio 4, 14 de abril de 2020<\/p>\n\n\n\n<figure class=\"wp-block-embed is-type-rich is-provider-gestor-del-servei wp-block-embed-gestor-del-servei\"><div class=\"wp-block-embed__wrapper\">\n<audio class=\"wp-audio-shortcode\" id=\"audio-44-2\" preload=\"none\" style=\"width: 100%;\" controls=\"controls\"><source type=\"audio\/mpeg\" src=\"https:\/\/mediavod-lvlt.rtve.es\/resources\/TE_SVIDAVR\/mp3\/9\/7\/1586951239579.mp3?_=2\" \/><a href=\"https:\/\/mediavod-lvlt.rtve.es\/resources\/TE_SVIDAVR\/mp3\/9\/7\/1586951239579.mp3\">https:\/\/mediavod-lvlt.rtve.es\/resources\/TE_SVIDAVR\/mp3\/9\/7\/1586951239579.mp3<\/a><\/audio>\n<\/div><\/figure>\n\n\n\n<div style=\"height:50px\" aria-hidden=\"true\" class=\"wp-block-spacer\"><\/div>\n\n\n\n<p>Entrevista de Ver\u00f3nica Perales, en el podcast de la <em>Red Ecofeminista<\/em>, 13 de abril de 2020<\/p>\n\n\n\n<p><a href=\"https:\/\/www.ivoox.com\/naturaleza-animal-tiempos-covid19-encuentro-audios-mp3_rf_49968236_1.html\">https:\/\/www.ivoox.com\/naturaleza-animal-tiempos-covid19-encuentro-audios-mp3_rf_49968236_1.html<\/a><\/p>\n\n\n\n<div style=\"height:50px\" aria-hidden=\"true\" class=\"wp-block-spacer\"><\/div>\n\n\n\n<p>Entrevista de Leonardo Anselmi, <em>Fundaci\u00f3n Franz Weber<\/em>, 12 de abril de 2020<\/p>\n\n\n\n<p class=\"wp-embed-aspect-16-9 wp-has-aspect-ratio\"><a href=\"https:\/\/www.youtube.com\/watch?v=cL5eT99Evzc\">https:\/\/www.youtube.com\/watch?v=cL5eT99Evzc<\/a><\/p>\n\n\n\n<div style=\"height:50px\" aria-hidden=\"true\" class=\"wp-block-spacer\"><\/div>\n\n\n\n<p>Entrevista de Anna Zaera en <em>Vilaweb<\/em>, 31 de marzo de 2020<\/p>\n\n\n\n<p><a href=\"https:\/\/www.vilaweb.cat\/noticies\/entrevista-marta-tafalla-covid-19-coronavirus\/\">https:\/\/www.vilaweb.cat\/noticies\/entrevista-marta-tafalla-covid-19-coronavirus\/<\/a><\/p>\n\n\n\n<div style=\"height:49px\" aria-hidden=\"true\" class=\"wp-block-spacer\"><\/div>\n\n\n\n<p>Entrevista de Pilar Sampietro, con Yayo Herrero y Jorge Riechmann, en el programa <em>Vida Verde, <\/em>en RNE, 29 de febrero de 2020<\/p>\n\n\n\n<p><a href=\"https:\/\/www.rtve.es\/alacarta\/audios\/vida-verde\/vida-verde-yayo-herrero-marta-tafalla-29-02-20\/5527395\/\">https:\/\/www.rtve.es\/alacarta\/audios\/vida-verde\/vida-verde-yayo-herrero-marta-tafalla-29-02-20\/5527395\/<\/a><\/p>\n\n\n\n<div style=\"height:51px\" aria-hidden=\"true\" class=\"wp-block-spacer\"><\/div>\n\n\n\n<p>Conversaci\u00f3n con Yayo Herrero conducida por Pilar Sampietro en el CCCB, en el marco del ciclo: &#8220;Canviar el relat. Una nova sensibilitat per la natura&#8221;,<\/p>\n\n\n\n<p>20 de febrero de 2020<\/p>\n\n\n\n<p><a href=\"https:\/\/www.cccb.org\/ca\/cicles\/fitxa\/canviar-el-relat\/233010\">https:\/\/www.cccb.org\/ca\/cicles\/fitxa\/canviar-el-relat\/233010<\/a><\/p>\n\n\n\n<div style=\"height:0px\" aria-hidden=\"true\" class=\"wp-block-spacer\"><\/div>\n\n\n\n<p>V\u00eddeo: <a href=\"https:\/\/www.cccb.org\/ca\/multimedia\/videos\/yayo-herrero-i-marta-tafalla\/233228\" target=\"_blank\" rel=\"noopener\">https:\/\/www.cccb.org\/ca\/multimedia\/videos\/yayo-herrero-i-marta-tafalla\/233228<\/a><\/p>\n\n\n\n<div style=\"height:50px\" aria-hidden=\"true\" class=\"wp-block-spacer\"><\/div>\n\n\n\n<p>Rese\u00f1a de Georgina Aim\u00e9 Tapia Gonz\u00e1lez, en <em>Revista Latinoamericana de Estudios Cr\u00edticos Animales<\/em>, A\u00f1o VI, Vol. II<\/p>\n\n\n\n<p><a href=\"http:\/\/revistaleca.org\/journal\/index.php\/RLECA\/article\/view\/252\/192\" target=\"_blank\" rel=\"noopener\">http:\/\/revistaleca.org\/journal\/index.php\/RLECA\/article\/view\/252\/192<\/a><\/p>\n\n\n\n<div style=\"height:50px\" aria-hidden=\"true\" class=\"wp-block-spacer\"><\/div>\n\n\n\n<p>Entrevista de Joan Burdeus en <em>N\u00favol<\/em>, 31 de enero de 2020<\/p>\n\n\n\n<p><a href=\"https:\/\/www.nuvol.com\/llibres\/assaig\/marta-tafalla-el-desastre-del-delta-ens-diu-que-hauriem-denretirar-nos-terra-endins-80035\">https:\/\/www.nuvol.com\/llibres\/assaig\/marta-tafalla-el-desastre-del-delta-ens-diu-que-hauriem-denretirar-nos-terra-endins-80035<\/a><\/p>\n\n\n\n<div style=\"height:50px\" aria-hidden=\"true\" class=\"wp-block-spacer\"><\/div>\n\n\n\n<p>Columna de Elisabet Goula en <em>Ara<\/em>, 15 de enero de 2020<\/p>\n\n\n\n<p><a href=\"https:\/\/www.ara.cat\/opinio\/elisabet-goula-natura-virtual_0_2381162047.html\">https:\/\/www.ara.cat\/opinio\/elisabet-goula-natura-virtual_0_2381162047.html<\/a><\/p>\n\n\n\n<div style=\"height:51px\" aria-hidden=\"true\" class=\"wp-block-spacer\"><\/div>\n\n\n\n<p>Rese\u00f1a de Mara Nieto Gonz\u00e1lez en <em>Papeles de Relaciones Ecosociales y Cambio Global<\/em>, num 147, FUHEM, 2019<\/p>\n\n\n\n<figure class=\"wp-block-embed is-type-wp-embed is-provider-fuhem wp-block-embed-fuhem\"><div class=\"wp-block-embed__wrapper\">\n<blockquote class=\"wp-embedded-content\" data-secret=\"DNmEZlWLYZ\"><a href=\"https:\/\/www.fuhem.es\/product\/periferias-nuevas-geografias-del-malestar-numero-147\/\">Periferias: nuevas geograf\u00edas del malestar (n\u00famero 147)<\/a><\/blockquote><iframe loading=\"lazy\" class=\"wp-embedded-content\" sandbox=\"allow-scripts\" security=\"restricted\" style=\"position: absolute; visibility: hidden;\" title=\"\u00abPeriferias: nuevas geograf\u00edas del malestar (n\u00famero 147)\u00bb \u2014 FUHEM\" src=\"https:\/\/www.fuhem.es\/product\/periferias-nuevas-geografias-del-malestar-numero-147\/embed\/#?secret=D79ArqUlA0#?secret=DNmEZlWLYZ\" data-secret=\"DNmEZlWLYZ\" width=\"580\" height=\"327\" frameborder=\"0\" marginwidth=\"0\" marginheight=\"0\" scrolling=\"no\"><\/iframe>\n<\/div><\/figure>\n\n\n\n<p><a href=\"http:\/\/plazayvaldes.es\/uploads\/2020\/02\/resena-fuhem.pdf\" target=\"_blank\" rel=\"noopener\">http:\/\/plazayvaldes.es\/uploads\/2020\/02\/resena-fuhem.pdf<\/a><\/p>\n\n\n\n<div style=\"height:51px\" aria-hidden=\"true\" class=\"wp-block-spacer\"><\/div>\n\n\n\n<p>Entrevista de Jordi Pascual en <em>El Cugatenc<\/em>, 23 de septiembre de 2019<\/p>\n\n\n\n<p><a href=\"http:\/\/elcugatenc.cat\/ecologia\/marta-tafalla-es-possible-que-ens-extingim-pero-encara-que-sigui-dignitat-hem-dintentar-fer\" target=\"_blank\" rel=\"noopener\">http:\/\/elcugatenc.cat\/ecologia\/marta-tafalla-es-possible-que-ens-extingim-pero-encara-que-sigui-dignitat-hem-dintentar-fer<\/a><\/p>\n\n\n\n<div style=\"height:50px\" aria-hidden=\"true\" class=\"wp-block-spacer\"><\/div>\n\n\n\n<p>Recomendaci\u00f3n en <em>Paisatg-e<\/em>, bolet\u00edn digital del Observatori del Paisatge de Catalunya, julio-septiembre de 2019<\/p>\n\n\n\n<p><em>Paisatg-e<\/em>, en catal\u00e1n: <a href=\"http:\/\/www.catpaisatge.net\/cat\/butlleti2\/index.php?codi=497&amp;idioma=cat\" target=\"_blank\" rel=\"noopener\">http:\/\/www.catpaisatge.net\/cat\/butlleti2\/index.php?codi=497&amp;idioma=cat<\/a><\/p>\n\n\n\n<p><em>Paisaj-e<\/em>, en espa\u00f1ol: <a href=\"http:\/\/www.catpaisatge.net\/esp\/butlleti2\/index.php?codi=497&amp;idioma=esp\" target=\"_blank\" rel=\"noopener\">http:\/\/www.catpaisatge.net\/esp\/butlleti2\/index.php?codi=497&amp;idioma=esp<\/a><\/p>\n\n\n\n<p><em>Landscap-e<\/em>, en ingl\u00e9s: <a href=\"http:\/\/www.catpaisatge.net\/eng\/butlleti2\/index.php?codi=497&amp;idioma=eng\" target=\"_blank\" rel=\"noopener\">http:\/\/www.catpaisatge.net\/eng\/butlleti2\/index.php?codi=497&amp;idioma=eng<\/a><\/p>\n\n\n\n<div style=\"height:50px\" aria-hidden=\"true\" class=\"wp-block-spacer\"><\/div>\n\n\n\n<p>Entrevista en un reportaje de Alejandro Tena en el marco de un especial sobre \u00e9tica animal, en <em>P\u00fablico<\/em>, 9 de julio de 2019:<\/p>\n\n\n\n<p><a href=\"https:\/\/temas.publico.es\/animalismo-o-barbarie\/?doing_wp_cron=1562654887.71010303497314453\">https:\/\/temas.publico.es\/animalismo-o-barbarie\/?doing_wp_cron=1562654887.71010303497314453<\/a><\/p>\n\n\n\n<figure class=\"wp-block-embed is-type-wp-embed is-provider-animalismo-o-barbarie wp-block-embed-animalismo-o-barbarie\"><div class=\"wp-block-embed__wrapper\">\nhttps:\/\/temas.publico.es\/animalismo-o-barbarie\/2019\/07\/09\/en-busca-de-la-liberacion-animal\/\n<\/div><\/figure>\n\n\n\n<div style=\"height:50px\" aria-hidden=\"true\" class=\"wp-block-spacer\"><\/div>\n\n\n\n<p>Entrevista de Paula Gonz\u00e1lez en <em>Ingobernables<\/em>, 8 de julio de 2019<\/p>\n\n\n\n<p><a href=\"https:\/\/www.ivoox.com\/entrevista-a-marta-tafalla-doctora-filosofia-y-audios-mp3_rf_38120909_1.html\">https:\/\/www.ivoox.com\/entrevista-a-marta-tafalla-doctora-filosofia-y-audios-mp3_rf_38120909_1.html<\/a><\/p>\n\n\n\n<div style=\"height:50px\" aria-hidden=\"true\" class=\"wp-block-spacer\"><\/div>\n\n\n\n<p>Conversaci\u00f3n a tres bandas con Alicia H. Puleo, por Laura L. Ruiz, en <em>El Asombrario<\/em>, 1 de julio de 2019<\/p>\n\n\n\n<p><a href=\"https:\/\/elasombrario.com\/ecologistas-animalistas-feministas\/\">https:\/\/elasombrario.com\/ecologistas-animalistas-feministas\/<\/a><\/p>\n\n\n\n<div style=\"height:50px\" aria-hidden=\"true\" class=\"wp-block-spacer\"><\/div>\n\n\n\n<p>Lectura de fragmentos en <em>El bosque habitado<\/em>, de Radio 3, programa presentado y dirigido por Mar\u00eda Jos\u00e9 Parejo, 23 de junio de 2019<\/p>\n\n\n\n<p><a href=\"http:\/\/www.rtve.es\/alacarta\/audios\/el-bosque-habitado\/bosque-habitado-esos-ojos-miran-etica-animal-joaquin-araujo-23-06-19\/5293179\/\" target=\"_blank\" rel=\"noopener\">http:\/\/www.rtve.es\/alacarta\/audios\/el-bosque-habitado\/bosque-habitado-esos-ojos-miran-etica-animal-joaquin-araujo-23-06-19\/5293179\/<\/a><\/p>\n\n\n\n<div style=\"height:50px\" aria-hidden=\"true\" class=\"wp-block-spacer\"><\/div>\n\n\n\n<p>Recomendaci\u00f3n en <em>eldiario.es<\/em>, en el blog <em>El Caballo de Nietzsche<\/em>, por Ruth Toledano, 14 de junio de 2019<\/p>\n\n\n\n<p><a href=\"https:\/\/www.eldiario.es\/caballodenietzsche\/humanos-Feria-Libro_6_908919100.html\">https:\/\/www.eldiario.es\/caballodenietzsche\/humanos-Feria-Libro_6_908919100.html<\/a><\/p>\n\n\n\n<div style=\"height:51px\" aria-hidden=\"true\" class=\"wp-block-spacer\"><\/div>\n\n\n\n<p>Recomendaci\u00f3n en <em>El Mundo<\/em>, secci\u00f3n <em>Yo Dona<\/em>, por L. F. \/ \u00c1lvaro Colomer \/ S. N., 2 de junio de 2019<\/p>\n\n\n\n<p><a href=\"https:\/\/www.elmundo.es\/yodona\/lifestyle\/2019\/06\/02\/5cefc46bfc6c831b7c8b4674.html\">https:\/\/www.elmundo.es\/yodona\/lifestyle\/2019\/06\/02\/5cefc46bfc6c831b7c8b4674.html<\/a><\/p>\n\n\n\n<div style=\"height:51px\" aria-hidden=\"true\" class=\"wp-block-spacer\"><\/div>\n\n\n\n<p>Rese\u00f1a en <em>eldiario.es<\/em>, en el blog <em>El Caballo de Nietzsch<\/em>e, por Jorge Riechmann, 27 de abril de 2019<\/p>\n\n\n\n<p><a href=\"https:\/\/www.eldiario.es\/caballodenietzsche\/Marta-Tafalla-estetica-naturaleza-Ecoanimal_6_892820718.html\">https:\/\/www.eldiario.es\/caballodenietzsche\/Marta-Tafalla-estetica-naturaleza-Ecoanimal_6_892820718.html<\/a><\/p>\n\n\n\n<div style=\"height:50px\" aria-hidden=\"true\" class=\"wp-block-spacer\"><\/div>\n\n\n\n<p>Entrevista en <em>EFE Verde<\/em>, por Isabel Mart\u00ednez Pita, 13 de abril de 2019<\/p>\n\n\n\n<p><a href=\"https:\/\/www.efeverde.com\/noticias\/busca-placeres-naturaleza-contribuimos-destruccion\/\">https:\/\/www.efeverde.com\/noticias\/busca-placeres-naturaleza-contribuimos-destruccion\/<\/a><\/p>\n\n\n\n<div style=\"height:51px\" aria-hidden=\"true\" class=\"wp-block-spacer\"><\/div>\n\n\n\n<p>Entrevista en Cadena Ser, programa <em>Los Muchos Libros<\/em>, por Macarena Berl\u00edn, 6 de abril de 2019<\/p>\n\n\n\n<p><a href=\"https:\/\/cadenaser.com\/programa\/2019\/04\/04\/los_muchos_libros\/1554372983_772975.html\">https:\/\/cadenaser.com\/programa\/2019\/04\/04\/los_muchos_libros\/1554372983_772975.html<\/a><\/p>\n\n\n\n<figure class=\"wp-block-embed is-type-rich is-provider-twitter wp-block-embed-twitter\"><div class=\"wp-block-embed__wrapper\">\n<blockquote class=\"twitter-tweet\" data-width=\"550\" data-dnt=\"true\"><p lang=\"es\" dir=\"ltr\">En @LosMuchosLibros de <a href=\"https:\/\/twitter.com\/La_SER?ref_src=twsrc%5Etfw\">@La_SER<\/a> hablamos con la autora <a href=\"https:\/\/twitter.com\/TafallaMarta?ref_src=twsrc%5Etfw\">@TafallaMarta<\/a> Filosof\u00eda y profesora, especializada en analizar la relaci\u00f3n humana con la naturaleza y los otros animales. \ud83d\udcda<a href=\"https:\/\/t.co\/rKArjshijh\">https:\/\/t.co\/rKArjshijh<\/a> <a href=\"https:\/\/t.co\/OYaaTDVvSe\">pic.twitter.com\/OYaaTDVvSe<\/a><\/p>&mdash; Macarena Berl\u00edn (@MacarenaBerlin1) <a href=\"https:\/\/twitter.com\/MacarenaBerlin1\/status\/1116724693329948672?ref_src=twsrc%5Etfw\">April 12, 2019<\/a><\/blockquote><script async src=\"https:\/\/platform.twitter.com\/widgets.js\" charset=\"utf-8\"><\/script>\n<\/div><\/figure>\n\n\n\n<figure class=\"wp-block-embed is-type-rich is-provider-twitter wp-block-embed-twitter\"><div class=\"wp-block-embed__wrapper\">\n<blockquote class=\"twitter-tweet\" data-width=\"550\" data-dnt=\"true\"><p lang=\"es\" dir=\"ltr\">La conciencia animalista ya no se sonroja. Importa en campa\u00f1a. \ud83d\udcdaComparto algunas lecturas que me han influido por si pudieran interesaros y os recuerdo que esta noche nos encontramos en una nueva edici\u00f3n de @LosMuchosLibros en <a href=\"https:\/\/twitter.com\/La_SER?ref_src=twsrc%5Etfw\">@La_SER<\/a> <a href=\"https:\/\/twitter.com\/hashtag\/LosAnimalesMeImportan?src=hash&amp;ref_src=twsrc%5Etfw\">#LosAnimalesMeImportan<\/a> <a href=\"https:\/\/twitter.com\/hashtag\/UnPa%C3%ADsAnimalista?src=hash&amp;ref_src=twsrc%5Etfw\">#UnPa\u00edsAnimalista<\/a> <a href=\"https:\/\/t.co\/RG2F2oLNbU\">pic.twitter.com\/RG2F2oLNbU<\/a><\/p>&mdash; Macarena Berl\u00edn (@MacarenaBerlin1) <a href=\"https:\/\/twitter.com\/MacarenaBerlin1\/status\/1119316765706612736?ref_src=twsrc%5Etfw\">April 19, 2019<\/a><\/blockquote><script async src=\"https:\/\/platform.twitter.com\/widgets.js\" charset=\"utf-8\"><\/script>\n<\/div><\/figure>\n\n\n\n<div style=\"height:50px\" aria-hidden=\"true\" class=\"wp-block-spacer\"><\/div>\n\n\n\n<p>Entrevista en RNE, programa <em>Vida Verde<\/em>, por Pilar Sampietro, 30 de marzo de 2019<\/p>\n\n\n\n<p><a href=\"http:\/\/mvod.lvlt.rtve.es\/resources\/TE_SVIDAVE\/mp3\/3\/3\/1553756919233.mp3\" target=\"_blank\" rel=\"noopener\">http:\/\/mvod.lvlt.rtve.es\/resources\/TE_SVIDAVE\/mp3\/3\/3\/1553756919233.mp3<\/a><\/p>\n\n\n\n<div style=\"height:50px\" aria-hidden=\"true\" class=\"wp-block-spacer\"><\/div>\n\n\n\n<p>Entrevista en RNE, programa <em>Siglo XXI<\/em>, por Mar\u00eda Taosa, 28 de marzo de 2019<\/p>\n\n\n\n<p><a href=\"http:\/\/plazayvaldes.es\/uploads\/2019\/03\/1553775949927-mp3cutnet2.mp3\" target=\"_blank\" rel=\"noopener\">http:\/\/plazayvaldes.es\/uploads\/2019\/03\/1553775949927-mp3cutnet2.mp3<\/a><\/p>\n\n\n\n<div style=\"height:50px\" aria-hidden=\"true\" class=\"wp-block-spacer\"><\/div>\n\n\n\n<p>Entrevista en Radio ECCA, programa <em>Las 100 Primeras Palabras<\/em>, 13 de marzo de 2019<\/p>\n\n\n\n<p><a href=\"https:\/\/www.ivoox.com\/ecoanimal-una-estetica-plurisensorial-ecologista-animalista-de-audios-mp3_rf_33342058_1.html\">https:\/\/www.ivoox.com\/ecoanimal-una-estetica-plurisensorial-ecologista-animalista-de-audios-mp3_rf_33342058_1.html<\/a><\/p>\n","protected":false},"excerpt":{"rendered":"<p>Ecoanimal. Una est\u00e9tica plurisensorial, ecologista y animalista (Plaza y Vald\u00e9s, 2019) &nbsp; M\u00e1s informaci\u00f3n en la web de la editorial: http:\/\/www.plazayvaldes.es\/libro\/ecoanimal Consulta el \u00edndice: http:\/\/www.plazayvaldes.es\/uploads\/2019\/02\/indicepdf_4.pdf Lee la introducci\u00f3n en la revista on-line Zenda: https:\/\/www.zendalibros.com\/ecoanimal-marta-tafalla\/ Presentaci\u00f3n en el marco de Cartagena Piensa, en conversaci\u00f3n con Ver\u00f3nica Perales, evento on-line, 25 de noviembre de 2021: Conversaci\u00f3n con [&hellip;]<\/p>\n","protected":false},"author":20,"featured_media":0,"parent":0,"menu_order":0,"comment_status":"closed","ping_status":"closed","template":"","meta":{"footnotes":""},"class_list":["post-44","page","type-page","status-publish","hentry"],"_links":{"self":[{"href":"https:\/\/webs.uab.cat\/marta-tafalla\/wp-json\/wp\/v2\/pages\/44","targetHints":{"allow":["GET"]}}],"collection":[{"href":"https:\/\/webs.uab.cat\/marta-tafalla\/wp-json\/wp\/v2\/pages"}],"about":[{"href":"https:\/\/webs.uab.cat\/marta-tafalla\/wp-json\/wp\/v2\/types\/page"}],"author":[{"embeddable":true,"href":"https:\/\/webs.uab.cat\/marta-tafalla\/wp-json\/wp\/v2\/users\/20"}],"replies":[{"embeddable":true,"href":"https:\/\/webs.uab.cat\/marta-tafalla\/wp-json\/wp\/v2\/comments?post=44"}],"version-history":[{"count":9,"href":"https:\/\/webs.uab.cat\/marta-tafalla\/wp-json\/wp\/v2\/pages\/44\/revisions"}],"predecessor-version":[{"id":563,"href":"https:\/\/webs.uab.cat\/marta-tafalla\/wp-json\/wp\/v2\/pages\/44\/revisions\/563"}],"wp:attachment":[{"href":"https:\/\/webs.uab.cat\/marta-tafalla\/wp-json\/wp\/v2\/media?parent=44"}],"curies":[{"name":"wp","href":"https:\/\/api.w.org\/{rel}","templated":true}]}}