{"id":39,"date":"2013-02-26T10:11:24","date_gmt":"2013-02-26T10:11:24","guid":{"rendered":"https:\/\/webs.uab.cat\/megalits\/mas-cals\/"},"modified":"2022-09-21T15:13:40","modified_gmt":"2022-09-21T15:13:40","slug":"mas-cals","status":"publish","type":"page","link":"https:\/\/webs.uab.cat\/megalits\/mas-cals\/","title":{"rendered":"Mas Cals"},"content":{"rendered":"\n<div class=\"wp-block-columns alignwide is-layout-flex wp-container-core-columns-is-layout-9d6595d7 wp-block-columns-is-layout-flex\">\n<div class=\"wp-block-column is-layout-flow wp-block-column-is-layout-flow\">\n<p>El Mas Cals s&#8217;identifica amb l&#8217;antic lloc de <em>Calvos<\/em>, que apareix entre els <em>villarunculi<\/em> (agregacions de poblaci\u00f3) associats a la vila de Fitor en la consagraci\u00f3 de la seva esgl\u00e9sia de Santa Coloma de Fitor l&#8217;any 949, acompanyant d&#8217;altres establiments no localitzats. \u00c9s un dels assentaments medievals m\u00e9s importants de la zona, i hem de presumir la seva exist\u00e8ncia ja en \u00e8poca romana.<\/p>\n\n\n\n<p>Aquesta masia, actualment restaurada i dedicada al <a href=\"http:\/\/www.finca-fitor.com\/?zona=eventos_corporativos\" target=\"_blank\" rel=\"noreferrer noopener\">turisme rural<\/a>, ha estat durant anys un dels referents del Cam\u00ed Ral que hi passa just a davant. Durant segles ha donat rep\u00f2s i avituallament als viatgers que feien anar aquesta via de comunicacions tant important. L\u2019edifici, enmig d\u2019una plana, respon a la necessitat d\u2019explotar les valls internes de les Gavarres i els preuats productes dels seus boscos.<\/p>\n\n\n\n<p>Si us fixeu b\u00e9, l\u2019edifici t\u00e9 una estructura que la fa gaireb\u00e9 inexpugnable. Bandolers i d\u2019altres conflictes feren que l\u2019estructuraci\u00f3 de la casa es realitz\u00e9s perqu\u00e8 els seus habitants tinguessin aigua,llenya, bestiar i gra emmagatzemat. Amb alts murs de pedra i espitlleres, els seus habitants es podien tancar a dins i aguantar v\u00e0ries setmanes.<\/p>\n\n\n\n<p>Una de les particularitats d\u2019aquesta masia \u00e9s l\u2019exist\u00e8ncia d\u2019un capbreu del 1342 recuperat en una llibreria de vell de Barcelona pel seu propietari actual, en Joan Botey. L\u2019estudi d\u2019aquest document donar\u00e0, sens dubte, una informaci\u00f3 valuos\u00edssima sobre la vida en un mas gavarrenc de m\u00e9s de mil anys.<\/p>\n\n\n\n<p><strong>Per saber-ne mes:<\/strong><\/p>\n\n\n\n<p>Joan Botey (2012) <em>Les masies de Fitor. Un microcosmos equilibrat.<\/em> Revista del Baix Empord\u00e0, 39<\/p>\n\n\n\n<p>Joan Botey (1999) <em>Fitor a l\u2019\u00e8poca medieval<\/em> a <em>Santa Coloma de Fitor<\/em>, 948-1998. Palam\u00f3s: Associaci\u00f3 d\u2019Amics de Fitor, p. 22-27<\/p>\n\n\n\n<p>Elvis Mallorqu\u00ed &nbsp;(2000) <em>Les Gavarres a l\u2019edat mitjana. Poblament i societat d\u2019un mass\u00eds del Nord-est catal\u00e0.<\/em> Girona: CCG Edicions : Associaci\u00f3 d\u2019Hist\u00f2ria Rural de les Comarques Gironines : Institut de Llengua i Cultura Catalanes de la Universitat de Girona, octubre 2000. [Biblioteca d\u2019Hist\u00f2ria Rural. Estudis ; 2]. ISBN 84-95483-02-5. (VIII Premi Joan Xirgu dels Premis Les Gavarres).<\/p>\n\n\n\n<p><a href=\"http:\/\/www.finca-fitor.com\/?zona=eventos_corporativos\" target=\"_blank\" rel=\"noreferrer noopener\">Lloguer de Mas Cals<\/a><\/p>\n<\/div>\n\n\n\n<div class=\"wp-block-column is-layout-flow wp-block-column-is-layout-flow\">\n<figure class=\"wp-block-image\"><a href=\"http:\/\/pagines.uab.cat\/megalits\/sites\/pagines.uab.cat.megalits\/files\/images\/2012-12-20%2015.47.38.jpg\" target=\"_blank\" rel=\"noreferrer noopener\"><img decoding=\"async\" src=\"http:\/\/pagines.uab.cat\/megalits\/sites\/pagines.uab.cat.megalits\/files\/images\/2012-12-20%2015.47.38.jpg\" alt=\"\"\/><\/a><figcaption>Vista\u00a0 del Mas Cals (SAPPO)<\/figcaption><\/figure>\n\n\n\n<figure class=\"wp-block-image\"><a href=\"http:\/\/pagines.uab.cat\/megalits\/sites\/pagines.uab.cat.megalits\/files\/images\/2012-12-20%2012.34.42.jpg\" target=\"_blank\" rel=\"noreferrer noopener\"><img decoding=\"async\" src=\"http:\/\/pagines.uab.cat\/megalits\/sites\/pagines.uab.cat.megalits\/files\/images\/2012-12-20%2012.34.42.jpg\" alt=\"\"\/><\/a><figcaption>El Mas Cals (SAPPO)<\/figcaption><\/figure>\n\n\n\n<figure class=\"wp-block-image\"><a href=\"http:\/\/pagines.uab.cat\/megalits\/sites\/pagines.uab.cat.megalits\/files\/images\/_MG_1060.preview.jpg\" target=\"_blank\" rel=\"noreferrer noopener\"><img decoding=\"async\" src=\"http:\/\/pagines.uab.cat\/megalits\/sites\/pagines.uab.cat.megalits\/files\/images\/_MG_1060.jpg\" alt=\"\"\/><\/a><figcaption>El Mas Cals (SAPPO)<\/figcaption><\/figure>\n<\/div>\n<\/div>\n\n\n\n<figure class=\"wp-block-table\"><table><tbody><tr><td>\n<p><strong>Situaci\u00f3:<\/strong><\/p>\n<p><iframe loading=\"lazy\" src=\"https:\/\/maps.google.es\/maps\/ms?msid=202222010049608088798.0004dd3a2dc4f786c4242&amp;msa=0&amp;ie=UTF8&amp;t=f&amp;ll=41.914932,3.075326&amp;spn=0.001198,0.004125&amp;z=18&amp;ecpose=41.91309044,3.07532637,300.33,-0.005,55.923,-0.004&amp;output=embed\" marginwidth=\"0\" marginheight=\"0\" scrolling=\"no\" width=\"770\" height=\"300\" frameborder=\"0\"><\/iframe><br><small>Mostra <a style=\"color: #0000ff; text-align: left;\" href=\"https:\/\/maps.google.es\/maps\/ms?msid=202222010049608088798.0004dd3a2dc4f786c4242&amp;msa=0&amp;ie=UTF8&amp;t=f&amp;ll=41.914932,3.075326&amp;spn=0.001198,0.004125&amp;z=18&amp;ecpose=41.91309044,3.07532637,300.33,-0.005,55.923,-0.004&amp;source=embed\">E-Ruta Dolmens de la Serra de Cals<\/a> en un mapa m\u00e9s gran<\/small><\/p>\n<\/td><\/tr><\/tbody><\/table><\/figure>\n","protected":false},"excerpt":{"rendered":"<p>El Mas Cals s&#8217;identifica amb l&#8217;antic lloc de Calvos, que apareix entre els villarunculi (agregacions de poblaci\u00f3) associats a la vila de Fitor en la consagraci\u00f3 de la seva esgl\u00e9sia de Santa Coloma de Fitor l&#8217;any 949, acompanyant d&#8217;altres establiments no localitzats. \u00c9s un dels assentaments medievals m\u00e9s importants de la zona, i hem de [&hellip;]<\/p>\n","protected":false},"author":20,"featured_media":0,"parent":0,"menu_order":0,"comment_status":"closed","ping_status":"closed","template":"","meta":{"footnotes":""},"class_list":["post-39","page","type-page","status-publish","hentry"],"_links":{"self":[{"href":"https:\/\/webs.uab.cat\/megalits\/wp-json\/wp\/v2\/pages\/39","targetHints":{"allow":["GET"]}}],"collection":[{"href":"https:\/\/webs.uab.cat\/megalits\/wp-json\/wp\/v2\/pages"}],"about":[{"href":"https:\/\/webs.uab.cat\/megalits\/wp-json\/wp\/v2\/types\/page"}],"author":[{"embeddable":true,"href":"https:\/\/webs.uab.cat\/megalits\/wp-json\/wp\/v2\/users\/20"}],"replies":[{"embeddable":true,"href":"https:\/\/webs.uab.cat\/megalits\/wp-json\/wp\/v2\/comments?post=39"}],"version-history":[{"count":1,"href":"https:\/\/webs.uab.cat\/megalits\/wp-json\/wp\/v2\/pages\/39\/revisions"}],"predecessor-version":[{"id":477,"href":"https:\/\/webs.uab.cat\/megalits\/wp-json\/wp\/v2\/pages\/39\/revisions\/477"}],"wp:attachment":[{"href":"https:\/\/webs.uab.cat\/megalits\/wp-json\/wp\/v2\/media?parent=39"}],"curies":[{"name":"wp","href":"https:\/\/api.w.org\/{rel}","templated":true}]}}