{"id":19,"date":"2009-05-08T11:22:32","date_gmt":"2009-05-08T11:22:32","guid":{"rendered":"https:\/\/webs.uab.cat\/mequeedo\/publicacions\/"},"modified":"2009-05-08T11:22:32","modified_gmt":"2009-05-08T11:22:32","slug":"publicacions","status":"publish","type":"page","link":"https:\/\/webs.uab.cat\/mequeedo\/publicacions\/","title":{"rendered":"Publicacions"},"content":{"rendered":"<p><strong>Articles<\/strong><\/p>\n<p>Blanch,&nbsp; S.,&nbsp; Edo,&nbsp; M.,&nbsp; Par\u00eds,&nbsp; G.&nbsp; (2020).&nbsp; Improving&nbsp; personal&nbsp; and&nbsp; prosocial&nbsp; competencies&nbsp; implementing Service&nbsp; Leaning&nbsp; Projects&nbsp; during&nbsp; internships&nbsp; at&nbsp; University. <em>REDU. Revista de Docencia Universitaria<\/em>, <em>18<\/em>(1),&nbsp; 123-142. <a href=\"https:\/\/doi.org\/10.4995\/redu.2020.13076\">https:\/\/doi.org\/10.4995\/redu.2020.13076<\/a><\/p>\n<p>Blanch, S., Edo, M., Par\u00eds, G. (2018). R\u00fabrica per a millorar les compet\u00e8ncies personals i prosocials a trav\u00e9s de la implementaci\u00f3 de projectes ApS durant el pr\u00e0cticum als graus de mestres d\u2019infantil i prim\u00e0ria. Projectes de comprom\u00eds social entre futurs mestres d&#8217;Educaci\u00f3 Infantil i les escoles. <em>Revista CIDUI<\/em>, 4, 1-13. <a href=\"https:\/\/www.raco.cat\/index.php\/RevistaCIDUI\/article\/view\/349149\/440318\">https:\/\/www.raco.cat\/index.php\/RevistaCIDUI\/article\/view\/349149\/440318<\/a><\/p>\n<p>Blanch, S.; Edo, M.; Paris, G. (2017). Millora de compet\u00e8ncies personals i prosocials a trav\u00e9s de projectes d\u2019aprenentatge i servei. Projectes de Comprom\u00eds Social entre futurs mestres d\u2019Educaci\u00f3 Infantil i les Escoles. ACUP: B<em>ones pr\u00e0ctiques d\u2019innovaci\u00f3 docent. \u00c0mbit metodologies innovadores<\/em>, 2-9. Recuperat de: http:\/\/bonespractiques.acup.cat\/ca\/casos\/metodologies-innovadores\/aprenentatge-servei\/millora-de-competencies-personals-i-prosocials-a-traves-de-projectes-daprenentatge-i-servei<\/p>\n<p>Blanch, S., Edo, M., Paris, G. (2016). Millora de compet\u00e8ncies personals i prosocials a trav\u00e9s de projectes d&#8217;Aprenentatge i Servei. Projectes de comprom\u00eds social realitzats entre alumnes del Grau d&#8217;Educaci\u00f3 Infantil i les escoles. <em>Revista CIDUI<\/em>, 3, 1-9.&nbsp;<a href=\"https:\/\/www.cidui.org\/revistacidui\/index.php\/cidui\/article\/view\/875\/833\">https:\/\/www.cidui.org\/revistacidui\/index.php\/cidui\/article\/view\/875\/833<\/a><\/p>\n<p>Edo, M., Art\u00e9s, M. (2016). <a href=\"http:\/\/www.edma0-6.es\/index.php\/edma0-6\/article\/view\/82\">Juego y aprendizaje matem\u00e1tico en educaci\u00f3n infantil. Investigaci\u00f3n en did\u00e1ctica de las matem\u00e1ticas<\/a>. <em>Edma 0-6: Educaci\u00f3n Matem\u00e1tica en la Infancia, 5<\/em>(1), 33-44.<\/p>\n<p>Edo, M., Blanch, S. (2016). <a href=\"\/\/gent.uab.cat\/mequeedo\/sites\/gent.uab.cat.mequeedo\/files\/El-patio-de-los-deseos%20Edo_Blanch.pdf\">El patio de los deseos. Un proyecto de aprendizaje y servicio<\/a>. En: J. Gair\u00edn e I. Vizca\u00edno. <em>Manual de Educaci\u00f3n Infantil. Orientaciones y Recursos (0-6 a\u00f1os).<\/em> (pp.1-11). Barcelona: Wolters Kluwer. En l\u00ednea mediante suscripci\u00f3n en la plataforma digital ebiblox.<\/p>\n<p>Edo, M., Blanch, S., Armengol, C. (2015).&nbsp;<a href=\"http:\/\/gent.uab.cat\/mequeedo\/sites\/gent.uab.cat.mequeedo\/files\/ElGradoDeEducacionInfantilDeLaUABApostandoPorElPra.pdf\" target=\"blank\" rel=\"noopener\">El grado de educaci\u00f3n infantil de la UAB, apostando por el pr\u00e1cticum<\/a>. A <em>Tendencias Pedag\u00f3gicas<\/em>, <em>26<\/em>, 109-130.<\/p>\n<p>F\u00e0brega, J., Edo, M. (2015). <a href=\"http:\/\/gent.uab.cat\/mequeedo\/sites\/gent.uab.cat.mequeedo\/files\/149_compress.pdf\">Cultivar matem\u00e1ticas<\/a>. <em>In-fan-cia,<\/em><em>149<\/em>, 29-37.<\/p>\n<p>Edo, M., Badillo, E. (2014). <a href=\"http:\/\/gent.uab.cat\/mequeedo\/sites\/gent.uab.cat.mequeedo\/files\/UN066.pdf\">Ense\u00f1ar y aprender matem\u00e1ticas en los pr\u00e1cticums del Grado de Educaci\u00f3n Infantil de la UAB.<\/a> <em>UNO-Revista de Did\u00e1ctica de las Matem\u00e1ticas<\/em>,<em> 66<\/em>, 36-46.<\/p>\n<p>Badillo, E., Edo, M., Font, V. (2014)<em>. <\/em><a href=\"http:\/\/webs.ono.com\/vicencfont\/index_archivos\/UN06507.pdf\">Representaciones matem\u00e1ticas usadas en la resoluci\u00f3n de un problema aritm\u00e9tico de reparto por ni\u00f1os del primer ciclo de primaria<\/a><em>. <\/em><em>UNO-Revista de Did\u00e1ctica de las Matem\u00e1ticas, 65,<\/em><em> 59-69.<\/em><\/p>\n<p>Badillo, E., Font, V., Edo, M. (2014). <a href=\"http:\/\/webs.ono.com\/vicencfont\/index_archivos\/IJSME2014.pdf\">Analyzing the responses of 7-8 year olds when solving partitioning problems.<\/a> <em>International Journal of Science and Mathematics Education, <\/em>(4)13, <strong>811-836<\/strong>. DOI: 10.1007\/s10763-013-9495-8.<\/p>\n<p>F\u00e1brega, J., Edo, M. (2013). <a href=\"http:\/\/funes.uniandes.edu.co\/2099\/1\/Edma0-6_v2n1_82-94.pdf\">Matem\u00e1ticas de Infantil en Delaware, USA<\/a>. <em>Edma 0-6-Educaci\u00f3n Matem\u00e1tica en la Infancia,<\/em> <em>2<\/em>(1), 82-94.<\/p>\n<p>Edo, M. (2012). <a href=\"http:\/\/gent.uab.cat\/mequeedo\/sites\/gent.uab.cat.mequeedo\/files\/Ahi_empieza_todo_04.pdf\">Ah\u00ed empieza todo.<\/a> Las matem\u00e1ticas de cero a tres a\u00f1os.<em> N\u00fameros-Revista de Did\u00e1ctica de las Matem\u00e1ticas, 80<\/em>, 71-84.<\/p>\n<p>Badillo, E., Edo, M., Deulofeu, J. (2012). <a href=\"http:\/\/gent.uab.cat\/mequeedo\/sites\/gent.uab.cat.mequeedo\/files\/ad_competencies_mat.pdf\">L&#8217;adquisici\u00f3 de compet\u00e8ncies matem\u00e0tiques d&#8217;alumnes de prim\u00e0ria en contextos de jocs de taula i resoluci\u00f3 de problemes<\/a>. <em>Nou Biaix-Revista de la FEEMCAT i la SCM, 321<\/em>, 29-43.<\/p>\n<p>Cordom\u00ed, E., Edo, M. (2011). <a href=\"\/\/gent.uab.cat\/mequeedo\/sites\/gent.uab.cat.mequeedo\/files\/reina_LLuna.pdf\">La Reina Lluna<\/a>. <em>Inf\u00e0ncia-Educar &nbsp;de 0 a 6 anys,<\/em><em>181<\/em>, 29-33.<\/p>\n<p>Gamboa, G., Planas, N., Edo, M. (2010). <a href=\"http:\/\/gent.uab.cat\/mequeedo\/sites\/gent.uab.cat.mequeedo\/files\/Argumentaci\u00f3n%20matem\u00e1tica%20pr\u00e1cticas%20escritas%20y%20argumentaciones.pdf\">Argumentaci\u00f3n matem\u00e1tica: pr\u00e1cticas escritas e interpretaciones<\/a>. <em>Suma-Revista sobre la Ense\u00f1anza y el Aprendizaje de las Matem\u00e1ticas, 64<\/em><em>,<\/em> 35-44.<\/p>\n<p>Edo, M., G\u00f2mez, R. (2009). <a href=\"\/\/gent.uab.cat\/mequeedo\/sites\/gent.uab.cat.mequeedo\/files\/Trobada_Geometria_Art.pdf\">Trobada entre la geometria i l\u2019art.<\/a> <em>Inf\u00e0ncia-Educar de 0 a 6 anys,&nbsp;170<\/em>, 26-33.<\/p>\n<p>Edo, M., Planas, N., Badillo, E. (2009). <a href=\"\/\/gent.uab.cat\/mequeedo\/sites\/gent.uab.cat.mequeedo\/files\/Mathematical%20learning.pdf\">Mathematical learning in a context of play.<\/a><em> European Early Childhood Education Research Journal,<\/em><em>17<\/em>(3), 325-342.<\/p>\n<p>Abell\u00f3, N., Edo, M. (2009). <a href=\"\/\/gent.uab.cat\/mequeedo\/sites\/gent.uab.cat.mequeedo\/files\/Lanzar_Cohetes.pdf\">Lanzar cohetes, matem\u00e1ticas en contexto.<\/a>&nbsp;<em>Cuadernos de pedagog\u00eda,&nbsp;395<\/em>, &nbsp;31-43.<\/p>\n<p>Planas, N., Font, V., Edo, M. (2009). <a href=\"http:\/\/gent.uab.cat\/mequeedo\/sites\/gent.uab.cat.mequeedo\/files\/_LaConfrontaci\u00f3nDeNormas_Nplanas.pdf_-1.pdf\">La confrontaci\u00f3n de normas en la construcci\u00f3n del discurso de la matem\u00e1tica escolar.<\/a> <em>Paradigma-Revista de investigaci\u00f3n educativa<\/em><em>, 30<\/em><em>(2)<\/em><em>,<\/em> 125-142.<\/p>\n<p>Edo, M. (2008). <a href=\"\/\/gent.uab.cat\/mequeedo\/sites\/gent.uab.cat.mequeedo\/files\/Joc_Mat_Recrca_Dida_comunicacio_educativa_0.pdf\">Joc i Matem\u00e0tiques: Recerca i implicacions did\u00e0ctiques.<\/a> <em>Comunicaci\u00f3 Educativa, 21<\/em>, 64-70.<\/p>\n<p>Edo, M. (2008). <a href=\"http:\/\/gent.uab.cat\/mequeedo\/sites\/gent.uab.cat.mequeedo\/files\/Matem\u00e1ticas%20y%20arte%20en%20EI%20UNO.pdf\">Matem\u00e1ticas y arte en educaci\u00f3n infantil.<\/a> <em>UNO-Revista de Did\u00e1ctica de las matem\u00e1ticas, 47<\/em>, 37-53.<\/p>\n<p>Edo, M., Baeza, M., Deulofeu, J., Badillo, E. (2008). <a href=\"\/\/gent.uab.cat\/mequeedo\/sites\/gent.uab.cat.mequeedo\/files\/Estudio_del_paralelismo.pdf\">Estudio del paralelismo entre las fases de resoluci\u00f3n de un juego y las fases de resoluci\u00f3n de un problema<\/a>. <em>Uni\u00f3n-Revista Iberoamericana de Educaci\u00f3n Matem\u00e1tica, 14<\/em>, 61-75.&nbsp; <a href=\"http:\/\/www.fisem.org\/paginas\/union\/revista.php\">http:\/\/www.fisem.org\/paginas\/union\/revista.php<\/a><\/p>\n<p>Edo, M., Masoliver, C. (2008). <a href=\"\/\/gent.uab.cat\/mequeedo\/sites\/gent.uab.cat.mequeedo\/files\/una%20tienda%20en%20clase.pdf\">Una tienda en clase<\/a>. Creaci\u00f3n y an\u00e1lisis de un contexto para aprendizajes matem\u00e1ticos. <em>UNO-Revista de Did\u00e1ctica de las Matem\u00e1ticas, 47, <\/em>20-36.<\/p>\n<p>Jim\u00e9nez, P., Edo, M. (2008). <a href=\"\/\/gent.uab.cat\/mequeedo\/sites\/gent.uab.cat.mequeedo\/files\/pastis_mes_gran_perspect321_0.pdf\">Quin \u00e9s el past\u00eds m\u00e9s gran del m\u00f3n? Les matem\u00e0tiques al nostre projecte.<\/a> <em>Perspectiva Escolar, 321<\/em><em>,<\/em> 64-73.&nbsp;&nbsp;&nbsp;&nbsp;&nbsp;&nbsp;&nbsp;&nbsp;<\/p>\n<p>Murtra, A., Edo, M. (2008). <a href=\"\/\/gent.uab.cat\/mequeedo\/sites\/gent.uab.cat.mequeedo\/files\/hort_escolar.pdf\">El projecte de l\u2019hort escolar.<\/a>&nbsp;<em>Biaix-Revista de la Federaci\u00f3 d\u2019Entitats per a l\u2019Ensenyament de les Matem\u00e0tiques a Catalunya, 27<\/em><em>, <\/em>34-40.<\/p>\n<p>Planas, N., Edo, M. (2008). <a href=\"\/\/gent.uab.cat\/mequeedo\/sites\/gent.uab.cat.mequeedo\/files\/Dificultades_aprendizaje_mat.pdf\">Dificultades de aprendizaje matem\u00e1tico asociadas al aula multicultural<\/a>. <em>Boletim do Grupo de Estudos e Pesquisas em Educa\u00e7\u00e3o Matem\u00e1tica<\/em>, <em>52,<\/em> 11-28.<\/p>\n<p>Planas, N., Edo, M. (2008). <a href=\"\/\/gent.uab.cat\/mequeedo\/sites\/gent.uab.cat.mequeedo\/files\/interaccion_discurso.pdf\">Interacci\u00f3n entre discursos en una situaci\u00f3n de pr\u00e1ctica matem\u00e1tica escolar. <\/a><em>C&amp;E-Cultura y Educaci\u00f3n<\/em><em>, 20<\/em>(4), 441-457.<\/p>\n<p>Deulofeu, J., Edo, M. (2007). <a href=\"http:\/\/gent.uab.cat\/mequeedo\/sites\/gent.uab.cat.mequeedo\/files\/preguntes_respostes_calendari.pdf\">Preguntes i respostes sobre el calendari: reflexions sobre una manera d&#8217;ensenyar i aprendre matem\u00e0tiques.<\/a> <em>Perspectiva Escolar, 312<\/em>, 11-21.<\/p>\n<p>Edo, M., Deulofeu, J. (2006).<a href=\"\/\/gent.uab.cat\/mequeedo\/sites\/gent.uab.cat.mequeedo\/files\/investigaci\u00f3n_juegos_interaccion.pdf\"> Investigaci\u00f3n sobre juegos, interacci\u00f3n y construcci\u00f3n de conocimientos matem\u00e1ticos<\/a>. <em>Ense\u00f1anza de las Ciencias, 24<\/em>(2), 257-268.<\/p>\n<p>Badillo, E., Edo, M. (2006). <a href=\"\/\/gent.uab.cat\/mequeedo\/sites\/gent.uab.cat.mequeedo\/files\/Els%20conceptes%20de%20triangle.pdf\">Els conceptes de triangle, elements i tipus a partir del quadre &#8220;tranquil\u00b7litat&#8221; (1939), de Wassily Kandinsky<\/a>. <em>Guix-Elements d\u2019Acci\u00f3 Educativa, 329<\/em>, 49-57.<\/p>\n<p>Fern\u00e1ndez, A., Edo, M. (2006). <a href=\"\/\/gent.uab.cat\/mequeedo\/sites\/gent.uab.cat.mequeedo\/files\/quant_fa_aquest_camp.pdf\">Quant fa aquest camp? La necessitat de compartir una escala.<\/a> <em>Guix-Elements d\u2019Acci\u00f3 Educativa, 329,<\/em> 32-40.<\/p>\n<p>Revelles, S., Edo, M. (2005). <a href=\"\/\/gent.uab.cat\/mequeedo\/sites\/gent.uab.cat.mequeedo\/files\/Es_un_cub_biaix_0.pdf\">\u00c9s o no \u00e9s un cub? De la geometria a la mesura a trav\u00e9s de la realitat.<\/a> <em>Biaix-Revista de la Federaci\u00f3 d&#8217;Entitats per a l&#8217;Ensenyament de es Matem\u00e0tiques a Catalunya, 24<\/em>, 78-84. <a href=\"http:\/\/www.xtec.net\/entitats\/biaix\/\">http:\/\/www.xtec.net\/entitats\/biaix<\/a><\/p>\n<p>Edo, M. (2004). <a href=\"\/\/gent.uab.cat\/mequeedo\/sites\/gent.uab.cat.mequeedo\/files\/La%20Educaci\u00f3n%20matem\u00e1tica%20en%20Infantil.pdf\">La Educaci\u00f3n Matem\u00e1tica en Infantil. <\/a><em>Educar-Revista de Educaci\u00f3n<\/em>, <em>32,<\/em> 23-38. Secretaria de Educaci\u00f3n. Gobierno Estado de Jalisco. M\u00e9jico.<\/p>\n<p>Mir\u00f3, L., Saiz, M., Edo, M. (2004). <a href=\"\/\/gent.uab.cat\/mequeedo\/sites\/gent.uab.cat.mequeedo\/files\/mesura_temps.pdf\">La mesura del temps al llarg del temps<\/a>. <em>Biaix-Revista d&#8217;Entitats per a l&#8217;Ensenyament de les Matem\u00e0tiques a Catalunya, 21<\/em>, 51-62. <a href=\"http:\/\/www.xtec.net\/entitats\/biaix\/\">http:\/\/www.xtec.net\/entitats\/biaix<\/a><\/p>\n<p>Edo, M. (2003). <a href=\"\/\/gent.uab.cat\/mequeedo\/sites\/gent.uab.cat.mequeedo\/files\/jocs_nomes_calcular.pdf\">Jocs nom\u00e9s per calcular<\/a>. Amb els petits es pot anar m\u00e9s enll\u00e0? <em>Perspectiva Escolar, 273<\/em>, 14-21.<\/p>\n<p>Edo, M. (2000). <a href=\"\/\/gent.uab.cat\/mequeedo\/sites\/gent.uab.cat.mequeedo\/files\/merienda_galactica.pdf\">Situaciones matem\u00e1ticas: una merienda gal\u00e0ctica.<\/a> A <em>Revista Index\/net<\/em>, 4, Editorial Santillana. <a href=\"http:\/\/www.indexnet.santillana.es\/\">www.indexnet.santillana.es<\/a><\/p>\n<p>Edo, M. (1999). <a href=\"\/\/gent.uab.cat\/mequeedo\/sites\/gent.uab.cat.mequeedo\/files\/juegosmates_primaria.pdf\">Juegos y matem\u00e1ticas en primaria<\/a>. A <em>Revista Index\/net<\/em>, 1, Editorial Santillana. <a href=\"http:\/\/www.santillana.es\/\">www.indexnet.santillana.es<\/a><\/p>\n<p>Edo, M. (1999). <a href=\"\/\/gent.uab.cat\/mequeedo\/sites\/gent.uab.cat.mequeedo\/files\/Reflexiones%20para%20una%20propuesta%20de%20geometria%20a%20parvulario.pdf\">Reflexiones para una propuesta de geometr\u00eda en el parvulario.<\/a> <em>Suma-<\/em><em>Revista sobre la Ense\u00f1anza y el Aprendizaje de las Matem\u00e1ticas<\/em><em>, 32<\/em>, 53-60.<\/p>\n<p>Edo, M. (1998). <a href=\"\/\/gent.uab.cat\/mequeedo\/sites\/gent.uab.cat.mequeedo\/files\/juegos_matematicas_experiencia.pdf\">Juegos y matem\u00e1ticas. Una experiencia creaci\u00f3n y an\u00e1lisis de un contexto para en el ciclo inicial de primaria.<\/a> <em>UNO-Revista de Did\u00e1ctica de las Matem\u00e1ticas, 18<\/em>, 21-37.<\/p>\n<p>Edo, M., Gorgori\u00f3, N. (1998). <a href=\"http:\/\/gent.uab.cat\/mequeedo\/sites\/gent.uab.cat.mequeedo\/files\/Caixa%20Fosca.pdf\">Possibilitats geom\u00e8triques de la caixa fosca<\/a>. <em>Biaix-Revista d\u2019Entitats per a l\u2019Ensenyament de les Matem\u00e0tiques a Catalunya, 12<\/em>, 12-20.<\/p>\n<p>Costa, A., Edo, M., Font, M., Forrellad, H. (1998). <a href=\"\/\/gent.uab.cat\/mequeedo\/sites\/gent.uab.cat.mequeedo\/files\/diseny_avaluacio_taller_perspectiva_0.pdf\">Disseny, aplicaci\u00f3 i avaluaci\u00f3 d&#8217;un taller de jocs matem\u00e0tics al cicle inicial de prim\u00e0ria<\/a>. <em>Perspectiva Escolar, 226<\/em>, 60-67.<\/p>\n<p>Edo, M. (1997). <a href=\"\/\/gent.uab.cat\/mequeedo\/sites\/gent.uab.cat.mequeedo\/files\/Fer_matematiques_a_EI.pdf\">Fer matem\u00e0tiques a l\u2019educaci\u00f3 infantil<\/a>. <em>Inf\u00e0ncia-Educar de 0 a 6 anys, 99<\/em>, 18-21.<\/p>\n<p>Edo, M. (1991). <a href=\"\/\/gent.uab.cat\/mequeedo\/sites\/gent.uab.cat.mequeedo\/files\/01_El%20calculo%20mental_parvulari.pdf\">El c\u00e0lcul mental a Parvulari<\/a>, <em>Guix<\/em>&#8211;<em>Elements d\u2019acci\u00f3 educativa<\/em>, <em>169<\/em>, 11-16.<\/p>\n<p>&nbsp;<\/p>\n<p><strong>Llibres i cap\u00edtols de llibre<\/strong><\/p>\n<p>Edo, M., Aranda, M., Edo, C., Serrano, H. (2020). <em>Un munt de jocs per un m\u00f3n de c\u00e0lculs. 1. Dossier del taller de jocs matem\u00e0tics per a les mestres<\/em>. Barcelona: Dip\u00f2sit Digital de Documents, UAB. Recuperat de: <a href=\"https:\/\/ddd.uab.cat\/record\/225037\">https:\/\/ddd.uab.cat\/record\/225037<\/a><\/p>\n<p>Edo, M., Aranda, M., Edo, C., Serrano, H. (2020). <em>Un munt de jocs per un m\u00f3n de&nbsp;<\/em><em>c\u00e0lculs. 2. Material del taller dels jocs matem\u00e0tics per als infants<\/em>. Barcelona: Dip\u00f2sit Digital de Documents, UAB. Recuperat de: <a href=\"https:\/\/ddd.uab.cat\/record\/225044\">https:\/\/ddd.uab.cat\/record\/225044<\/a><\/p>\n<p>Edo, M., Alfageme, B., Colomera, L., S\u00e1nchez, M. (2020). <em>Cat\u00e0leg de materials i jocs de taula matem\u00e0tics per Prim\u00e0ria<\/em>. Dip\u00f2sit digital de documents de la UAB. Recuperat de <a href=\"https:\/\/ddd.uab.cat\/record\/224903\">https:\/\/ddd.uab.cat\/record\/224903<\/a><\/p>\n<p>Edo, M. (2018). De la identificaci\u00f3n al an\u00e1lisis de figuras geom\u00e9tricas. En M.C. Mu\u00f1oz-Catalan,&nbsp;J. Carillo (eds.) <em>Did\u00e1ctica de las Matem\u00e1ticas para maestros de Educaci\u00f3n Infantil<\/em>, (pp. 243-285). Madrid: Paraninfo.<\/p>\n<p>Edo, M. (2016). Mirada matem\u00e0tica sobre els jocs que apareixen a la primera inf\u00e0ncia. Dins: M. Edo, S. Blanch, M. Anton (eds.) <em>El joc a la primera inf\u00e0ncia<\/em>, (pp. 85-110). Barcelona: Octaedro.<\/p>\n<p>Edo, M., Blanch, S., Anton, M. (coord.) (2016). <a href=\"http:\/\/gent.uab.cat\/mequeedo\/sites\/gent.uab.cat.mequeedo\/files\/el-joc-a-la-primera-infancia-edo-meque.jpg\">El joc a&nbsp;la primera inf\u00e0ncia<\/a>. Barcelona: Octaedro.<\/p>\n<p>Edo, M., Blanch, S., Anton, M. (coord.) (2016). <a href=\"http:\/\/octaedro.com\/es\/producto:Cos\/1\/ensenar\/recursos\/el-juego-en-la-primera-infancia\/742\">El juego en la primera infancia<\/a>. Barcelona: Octaedro.<\/p>\n<p>Blanch, S., Edo, M., Comes, P. (2013). <a href=\"http:\/\/redaberta.usc.es\/poio\/documentos\/actas\/actas_poio_2013.pdf\">Aprendizaje servicio (APS) en el Pr\u00e1cticum IV del Grado de Educaci\u00f3n Infantil. Un enfoque educativo que fomenta la implicaci\u00f3n social del alumnado y completa su capacitaci\u00f3n profesional.<\/a> En P.C. Mu\u00f1oz, M. Raposo-Rivas, M. Gonz\u00e1lez, M. E. Mart\u00ednez-Figueira, M. Zabalza-Cerdeiri\u00f1a, A. P\u00e9rez-Abell\u00e1s (Eds.), <em>XII Symposium Internacional sobre el Pr\u00e1cticum y las empresas en la formaci\u00f3n universitaria <\/em>(pp. 503-516). Santiago de Compostela: Andavira.<\/p>\n<p>Edo, M. (2012). <a href=\"\/\/gent.uab.cat\/mequeedo\/sites\/gent.uab.cat.mequeedo\/files\/APRENDER_PENSAR.pdf\">Aprender a pensar y a comunicar. Introducci\u00f3n a las magnitudes de longitud a trav\u00e9s de una escultura.&nbsp;<\/a> En E. Badillo, L. Garc\u00eda, A. Marb\u00e0, M. Brice\u00f1o (Coord.), <em>El Desarrollo de Competencias en la clase de ciencias y matem\u00e1ticas <\/em>(pp. 399-423). Venezuela: Universidad de Los Andes.<\/p>\n<p>Edo, M. (2012). <a href=\"http:\/\/gent.uab.cat\/mequeedo\/sites\/gent.uab.cat.mequeedo\/files\/SITUACIONES_INTERDISCIPLINARES.pdf\">Situaciones interdisciplinarias para el desarrollo del pensamiento matem\u00e1tico en Educaci\u00f3n Infantil en la formaci\u00f3n de maestros.<\/a> En M. Mar\u00edn-Rodr\u00edguez, N. Climent-Rodr\u00edguez (Eds.), <em>Investigaci\u00f3n en Educaci\u00f3n Matem\u00e1tica<\/em>.<em> XV Simposio de la SEIEM&nbsp; <\/em>(pp. 427-453). Ciudad Real: SEIEM.<\/p>\n<p>Badillo, E., Font, V., Edo, M., Planas, N. (2011). <a href=\"http:\/\/www.cerme7.univ.rzeszow.pl\/WG\/13\/CERME7_WG13_Badillo.pdf\">Analysis of mathematical solutions of 7 year old pupils when solving an arithmetic problem on distribution<\/a>. En M. Pytlak, T. Rowland, E. Swoboda (Eds.), <em>Proceedings of the Seventh Congress of the European Society for Research in Mathematics Education<\/em> (pp. 1832-1841). Poland: University of Rzesz\u00f3w and European Society for Research in Mathematics. ISBN 978-83-7338-683-9<\/p>\n<p>Edo, M. (2011). <a href=\"http:\/\/www.seiem.es\/congresos\/Seminario%20Castro\/Edo090411.pdf\">Did\u00e1ctica de la Matem\u00e1tica en el Grado de Educaci\u00f3n Infantil en la Universitat Aut\u00f2noma de Barcelona<\/a>. En M. Mar\u00edn, N. Climent (Eds.), <em>La formaci\u00f3n inicial del profesorado de matem\u00e1ticas ante la implantaci\u00f3n de los nuevos grados en infantil, primaria y m\u00e1ster de secundaria. Sociedad Espa\u00f1ola de Investigaci\u00f3n en Educaci\u00f3n Matem\u00e1tica SEIEM. <\/em>Santander: Castro Urdiales.<\/p>\n<p>Edo, M., Badillo, E. (2010). <a href=\"http:\/\/congresoarteilustracion.org\/wp-content\/uploads\/2012\/01\/actasweb-aicv-1.pdf\">Arte y Matem\u00e1ticas en el aula. Construcci\u00f3n interdisciplinaria del conocimiento<\/a>. En R. Gonz\u00e1lez, &nbsp;M. \u00c1. Mole\u00f3n, C. Gonz\u00e1lez (Eds.), <em>I Congreso Internacional \u201cArte, Ilustraci\u00f3n y Cultura Visual en Educaci\u00f3n Infantil y Primaria: construcci\u00f3n de identidades<\/em>\u201d &nbsp;(pp. 307-312). Granada, 3-6.<\/p>\n<p>Edo, M. (2009). <a href=\"http:\/\/gent.uab.cat\/mequeedo\/sites\/gent.uab.cat.mequeedo\/files\/Estetica_emociones.pdf\">Est\u00e9tica y emociones en la formaci\u00f3n matem\u00e1tica de maestros<\/a>. En N. Planas,&nbsp; A. Alsina (Eds.), <em>Educaci\u00f3n matem\u00e1tica y buenas pr\u00e1cticas<\/em> (pp. 244-253). Barcelona: Gra\u00f3.<\/p>\n<p>Edo, M., Balb\u00e1s, S., Masip, A. (2009). <a href=\"http:\/\/gent.uab.cat\/mequeedo\/sites\/gent.uab.cat.mequeedo\/files\/IDENTIFICACION_COMPARACION_FORMAS.pdf\">Identificaci\u00f3n y comparaci\u00f3n de formas y longitudes. Ni\u00f1os de cuatro a\u00f1os y la escultura \u201cLive back!\u201d<\/a>. En J. Gim\u00e9nez (Ed.), <em>La proporci\u00f3n: arte y matem\u00e1ticas<\/em> (pp. 123-140). Barcelona: Gra\u00f3.<\/p>\n<p>Edo, M., Escalas, M. T., Malagrida, R., Pericot, J., Ruiz, I., Segarra, D., Senra, P., &nbsp;Zorrilla, J. (2009). <a href=\"http:\/\/www.bib.uab.cat\/ciencies\/expo\/cientificdibuixat\/llibre.htm\"><em>El Cient\u00edfic dibuixat<\/em><\/a><em>.<\/em> Barcelona: Lulu.com<\/p>\n<p>Roc, M., Edo, M., Mart\u00edn, C., Hern\u00e1ndez, M. (2009). <a href=\"\/\/gent.uab.cat\/mequeedo\/sites\/gent.uab.cat.mequeedo\/files\/practicum_magisteri_diversitat.pdf\">El pr\u00e0cticum de magisteri i la diversitat cultural.<\/a> Dins M. A. Essomba, D. Muntan\u00e9 (eds.), <em>Treball en xarxa a la formaci\u00f3 inicial dels professionals de l&#8217;educaci\u00f3<\/em> (pp.1-18). Barcelona: Fundaci\u00f3 Jaume Bofill.<\/p>\n<p>Masoliver, C., Edo, M. (2009). <a href=\"\/\/gent.uab.cat\/mequeedo\/sites\/gent.uab.cat.mequeedo\/files\/Todos_nuestros_zapatos_tiene_numeros1.pdf\">Todos nuestros zapatos tienen n\u00fameros.<\/a> En N. Planas, A. Alsina (Eds.), <em>Educaci\u00f3n matem\u00e1tica y buenas pr\u00e1cticas<\/em> (pp. 81-92). Barcelona: Gra\u00f3.<\/p>\n<p>Badillo, E., Edo, M. (2008). <a href=\"\/\/gent.uab.cat\/mequeedo\/sites\/gent.uab.cat.mequeedo\/files\/taller_3.pdf\">Taller de arte y geometr\u00eda en el ciclo superior de primaria III: Pol\u00edgonos. Documentaci\u00f3n para el taller. <\/a>En C. Tom\u00e1s, M. Casas (Eds.), <em>Educaci\u00f3n Primaria. Orientaciones y Recursos<\/em>. Desarrollo Curricular, Experiencias (pp. 1-43). Barcelona: Wolters Luwer Espa\u00f1a.<\/p>\n<p>Badillo, E., Edo, M. (2008). <a href=\"http:\/\/gent.uab.cat\/mequeedo\/sites\/gent.uab.cat.mequeedo\/files\/taller_3_2.pdf\">Taller de arte y geometr\u00eda en el ciclo superior de primaria III: Pol\u00edgonos<\/a>. En C. Tom\u00e1s, M. Casas (Eds.), <em>Educaci\u00f3n Primaria. Orientaciones y Recursos<\/em>. Desarrollo Curricular, Experiencias (pp. 1-59). Barcelona: Wolters Luwer Espa\u00f1a.<\/p>\n<p>Edo, M., Badillo, E. (2007). <a href=\"\/\/gent.uab.cat\/mequeedo\/sites\/gent.uab.cat.mequeedo\/files\/El_practicum_Present_futur_reflexio.pdf\">El pr\u00e0cticum de magisteri, un espai per a la innovaci\u00f3 i la recerca a l&#8217;aula.<\/a> Dins M. Anton, M. Oller (eds.), <em>El pr\u00e0cticum: present i futur a reflexi\u00f3<\/em> (pp. 95-100). Barcelona: Servei de Publicacions Universitat Aut\u00f2noma de Barcelona.<\/p>\n<p>Edo, M., Deulofeu, J., Badillo, E. (2007). <a href=\"\/\/gent.uab.cat\/mequeedo\/sites\/gent.uab.cat.mequeedo\/files\/Juego_matematicas_JAEM_XIII_1.pdf\">Juego y matem\u00e1ticas: Un taller para el desarrollo de estrategias en la escuela.<\/a> En M.I. Berenguer, et al. (Eds.), <em>Actas XIII JAEM, Jornadas para el Aprendizaje y la Ense\u00f1anza de las Matem\u00e1ticas<\/em>. Granada: Publicaciones FESPM.<\/p>\n<p>Badillo, E.; Edo, M. (2007). <a href=\"http:\/\/gent.uab.cat\/mequeedo\/sites\/gent.uab.cat.mequeedo\/files\/taller_2_2.pdf\">Taller de arte y geometr\u00eda en el ciclo superior de primaria II: Tri\u00e1ngulos (2\u00aa parte)<\/a>. En C. Tom\u00e1s, M. Casas (Eds.), <em>Educaci\u00f3n Primaria. Orientaciones y Recursos<\/em>. Desarrollo Curricular, Experiencias (pp. 1-25). Barcelona: Praxis.<\/p>\n<p>Badillo, E., Edo, M. (2007). <a href=\"http:\/\/gent.uab.cat\/mequeedo\/sites\/gent.uab.cat.mequeedo\/files\/taller%202_1.pdf\">Taller de arte y geometr\u00eda en el ciclo superior de primaria II: Tri\u00e1ngulos. Documentaci\u00f3n para el taller.<\/a> En C. Tom\u00e1s, M. Casas (Eds.), <em>Educaci\u00f3n Primaria. Orientaciones y Recursos<\/em>. Desarrollo Curricular, Experiencias (pp. 1-45). Barcelona: Wolters Luwer Espa\u00f1a.<\/p>\n<p>Badillo, E., Edo, M. (2006). <a href=\"http:\/\/gent.uab.cat\/mequeedo\/sites\/gent.uab.cat.mequeedo\/files\/taller%202_1a_parte.pdf\">Taller de arte y geometr\u00eda en el ciclo superior de primaria II: Tri\u00e1ngulos (1\u00aa parte).<\/a> En C. Tom\u00e1s, M. Casas (Eds.), <em>Educaci\u00f3n Primaria. Orientaciones y Recursos<\/em>. Desarrollo Curricular, Experiencias (pp. 1-39). Barcelona: Praxis.<\/p>\n<p>Edo, M. (2006). <a href=\"\/\/gent.uab.cat\/mequeedo\/sites\/gent.uab.cat.mequeedo\/files\/matematicas_arte_contexto_interdisciplinar.pdf\">Matem\u00e1tica y arte, un contexto interdisciplinario.<\/a> <em>Actas 1\u00ba Congreso Internacional de L\u00f3gico-Matem\u00e1tica en Educaci\u00f3n Infantil. <\/em>World Association of Early Childhood Educators. Madrid.<\/p>\n<p>Edo, M. (2006). <a href=\"\/\/gent.uab.cat\/mequeedo\/sites\/gent.uab.cat.mequeedo\/files\/ed_mat_vs.pdf\">Educaci\u00f3 matem\u00e0tica versus instrucci\u00f3 matem\u00e0tica. <\/a>Dins C. Casacuberta, J. Deulofeu, P. Royo (eds.), <em>La formaci\u00f3 del professorat de matem\u00e0tiques: d&#8217;infantil a la universitat. Trobada SCM-FEEMCAT 2005<\/em> (pp. 23-44). Barcelona: Institut d&#8217;Estudis Catalans.<\/p>\n<p>Edo, M., Revelles, S. (2006). <a href=\"\/\/gent.uab.cat\/mequeedo\/sites\/gent.uab.cat.mequeedo\/files\/TallerjuegomatemCI_documentostaller.pdf\">Taller de geometr\u00eda, recorrido geom\u00e9trico y duda que nos conduce a la medida en el ciclo inicial<\/a>. En C. Tom\u00e1s, M. Casas (Eds.), <em>Educaci\u00f3n Primaria. Orientaciones y Recursos<\/em>. Desarrollo Curricular, Experiencias (pp.1-22). Barcelona: Praxis.<\/p>\n<p>Edo, M., Fern\u00e1ndez, A. (2006). <a href=\"\/\/gent.uab.cat\/mequeedo\/sites\/gent.uab.cat.mequeedo\/files\/matematicas_proyectos_deportes.pdf\">Aprendizajes matem\u00e1ticos en el proyecto &#8220;los deportes&#8221;<\/a>. En C. Tom\u00e1s, M. Casas (Eds.), <em>Educaci\u00f3n Primaria. Orientaciones y Recursos<\/em>. Desarrollo Curricular, Experiencias (pp. 1-18). Barcelona: Praxis.<\/p>\n<p>Edo, M. (2005). <a href=\"\/\/gent.uab.cat\/mequeedo\/sites\/gent.uab.cat.mequeedo\/files\/ed_mat_comp_social.pdf\">Educaci\u00f3n Matem\u00e1tica y competencia social en la formaci\u00f3n inicial.<\/a> En S. Garc\u00eda y otros (Eds.), <em>XII JAEM, Jornadas para el aprendizaje y la ense\u00f1anza de las Matem\u00e1ticas<\/em> (pp. 393-404). Albacete: Servicio de Publicaciones de la Federaci\u00f3n Espa\u00f1ola de Sociedades de Profesores de Matem\u00e1ticas (FESPM).<\/p>\n<p>Edo, M. (2005). <a href=\"\/\/gent.uab.cat\/mequeedo\/sites\/gent.uab.cat.mequeedo\/files\/Matematicas_arte_EI_Bailando_miedo.pdf\">Matem\u00e1tica y Arte en la Educaci\u00f3n Infantil, a partir del cuadro \u201cBailando por miedo\u201d de Paul Klee. <\/a>En D. Couso, E. Badillo, A. Ad\u00fariz-Bravo, G. Peraf\u00e1n (Eds.), <em>Unidades did\u00e1cticas en ciencias y matem\u00e1ticas. <\/em>(pp. 93-126). Bogot\u00e1: Magisterio.<\/p>\n<p>Edo, M., Deulofeu, J. (2005, setiembre). <a href=\"http:\/\/gent.uab.cat\/mequeedo\/sites\/gent.uab.cat.mequeedo\/files\/juegos_interaccion_construccion.pdf\">Juegos, interacci\u00f3n y construcci\u00f3n de conocimientos matem\u00e1ticos:investigaci\u00f3n sobre una pr\u00e1ctica educativa.<\/a> <em>Actas IX Simposio SEIEM, Sociedad Espa\u00f1ola de Investigaci\u00f3n en Educaci\u00f3n Matem\u00e1tica<\/em> (pp. 187-195). C\u00f3rdoba.<\/p>\n<p>Badillo, E., Edo, M. (2005). <a href=\"http:\/\/gent.uab.cat\/mequeedo\/sites\/gent.uab.cat.mequeedo\/files\/Tallerarteygeometria1CS_documentostaller.pdf\">Taller de arte y geometr\u00eda I: \u00c1ngulos. Documentaci\u00f3n para el taller. Desarrollo Curricular. Estrategias e Instrumentos.<\/a> En Tom\u00e1s, C., Casas, M. (Eds.), <em>Educaci\u00f3n Primaria. Orientaciones y Recursos (6-12 a\u00f1os)<\/em> (pp. 1-35). Barcelona: Praxis.<\/p>\n<p>Edo, M. (2004). <a href=\"\/\/gent.uab.cat\/mequeedo\/sites\/gent.uab.cat.mequeedo\/files\/TallerjuegomatemCI_guia.pdf\">Taller de juegos y matem\u00e1ticas en el ciclo inicial de primaria, Desarrollo curricular. Estrategias e instrumentos. <\/a>En C. Tom\u00e1s, M. Casas (Eds.), <em>Educaci\u00f3n Primaria. Orientaciones y Recursos<\/em> (pp. 1-13). Barcelona: Praxis.&nbsp;<\/p>\n<p>Edo, M., Revelles, S. (2004). <a href=\"\/\/gent.uab.cat\/mequeedo\/sites\/gent.uab.cat.mequeedo\/files\/Situaciones_matematicas_potencialmente.pdf\">Situaciones matem\u00e1ticas potencialmente significativas<\/a>. En M. Ant\u00f3n, B. Moll (Eds.),<em> Educaci\u00f3n infantil. Orientaci\u00f3n y recursos (0-6 a\u00f1os)<\/em> (pp.103-179). Barcelona: Praxis.<\/p>\n<p>Badillo, E., Edo, M. (2004). <a href=\"\/\/gent.uab.cat\/mequeedo\/sites\/gent.uab.cat.mequeedo\/files\/TallerarteygeometriaCS_1angulos.pdf\">Taller de arte y geometr\u00eda, en el ciclo superior de primaria, I: \u00c1ngulos. Desarrollo Curricular. Estrategias e Instrumentos.<\/a> En C. Tom\u00e1s, M. Casas (Eds.), <em>Educaci\u00f3n Primaria. Orientaciones y Recursos (6-12 a\u00f1os)<\/em> (pp. 1-28). Barcelona: Praxis.<\/p>\n<p>Edo, M. (2003). <a href=\"\/\/gent.uab.cat\/mequeedo\/sites\/gent.uab.cat.mequeedo\/files\/TallerjuegomatemCI_documentostaller.pdf\">Taller de juegos y matem\u00e1ticas. Documentaci\u00f3n para el taller. Desarrollo curricular. Estrategias e instrumentos<\/a>. En C. Tom\u00e1s, M. Casas (Eds.), <em>Educaci\u00f3n Primaria. Orientaciones y Recursos<\/em> (pp. 1-59). Barcelona: Praxis.<\/p>\n<p>Edo, M. (2003). <a href=\"\/\/gent.uab.cat\/mequeedo\/sites\/gent.uab.cat.mequeedo\/files\/intuir_y_construir_geometria_arte.pdf\">Intuir y construir nociones geom\u00e9tricas desarrollando sentimientos y emociones est\u00e9ticas.<\/a> Ponencia invitada. En C. Duque, L. Balbuena, J.M. M\u00e9ndez, D. Coba, J.A. Garcia (Eds.), <em>Actas de las XI Jornadas sobre el aprendizaje y la ense\u00f1anza de las matem\u00e1ticas <\/em>(pp. 233-249). <em>Tenerife: Consejer\u00eda Educaci\u00f3n, Gobierno Canarias.<\/em><\/p>\n<p>Edo, M. (2000). <a href=\"\/\/gent.uab.cat\/mequeedo\/sites\/gent.uab.cat.mequeedo\/files\/mundo_matematico.pdf\">Mundo Matem\u00e1tico. Formas en el espacio (2)<\/a>. En M. Ant\u00f3n, B. Moll, (Eds.), <em>Educaci\u00f3n Infantil. Orientaci\u00f3n y recursos (0-6 a\u00f1os)<\/em> (pp. 301- 409). Barcelona: Praxis.<\/p>\n<p>Edo, M. (2000). <a href=\"\/\/gent.uab.cat\/mequeedo\/sites\/gent.uab.cat.mequeedo\/files\/mundo_matematico_1.pdf\">Mundo Matem\u00e1tico. Formas en el espacio<\/a>. En M. Ant\u00f3n, B. Moll, (Eds.),<em> Educaci\u00f3n infantil. Orientaci\u00f3n y recursos (0-6 a\u00f1os)<\/em> (pp. 301-409). Barcelona: Praxis.<\/p>\n<p><em><strong>&nbsp;<\/strong><\/em><\/p>\n<p><strong>Altres publicacions<\/strong><\/p>\n<p>Edo, M. (2006). Tesis doctorals en did\u00e0ctica de les matem\u00e0tiques. <em>Biaix- Revista d\u2019Entitats per a l\u2019Ensenyament de les Matem\u00e0tiques a Catalunya,<\/em> <em>25<\/em>, 101-102.<\/p>\n<p>Edo, M. (2005). Tesis doctorals en did\u00e0ctica de les matem\u00e0tiques. <em>Biaix-Revista d\u2019Entitats per a l\u2019Ensenyament de les Matem\u00e0tiques a Catalunya,<\/em> <em>23<\/em>, 94-95.<\/p>\n<p>Edo, M. (2005). Secci\u00f3 Agenda. <em>Biaix-Revista d\u2019Entitats per a l\u2019Ensenyament de les Matem\u00e0tiques a Catalunya,<\/em> <em>23<\/em>, 91-92.<\/p>\n<p>Segarra, Ll., Barba, C., Edo, M., Marzo, R. (2008). <em>Dracs 3, 4 y 5<\/em>. Barcelona: Teide.<\/p>\n<p>Segarra, Ll., Marzo, R., Edo, M., Capdevila, R. (2005). Ch\u00edo-Ch\u00edo! Cuaderno de Figuras, N\u00fameros, Dimensi\u00f3n y Problemas. Barcelona: Teide.<\/p>\n<p>Edo, M. (2002). <a href=\"http:\/\/www.tdx.cesca.es\/TDX-1117104-165028\/\">Jocs, interacci\u00f3 i construcci\u00f3 de coneixements matem\u00e0tics<\/a>. Tesis doctoral. Bellaterra: Universitat Aut\u00f2noma de Barcelona.<\/p>\n<p>Edo, M. (1996). <a href=\"http:\/\/gent.uab.cat\/mequeedo\/sites\/gent.uab.cat.mequeedo\/files\/Altres_TR.pdf\">Taller de jocs al cicle inicial: Disseny, experimentaci\u00f3 i avaluaci\u00f3 d&#8217;una situaci\u00f3 did\u00e0ctica per a la construcci\u00f3 conjunta de coneixements matem\u00e0tics. <\/a>Barcelona: Universitat Aut\u00f2noma de Barcelona. Treball de recerca de Doctorat en did\u00e0ctica de les Ci\u00e8ncies i les Matem\u00e0tiques del Departament de did\u00e0ctica de les Matem\u00e0tiques i les Ci\u00e8ncies Experimentals.<\/p>\n<p>&nbsp;<\/p>\n","protected":false},"excerpt":{"rendered":"<p>Articles Blanch,&nbsp; S.,&nbsp; Edo,&nbsp; M.,&nbsp; Par\u00eds,&nbsp; G.&nbsp; (2020).&nbsp; Improving&nbsp; personal&nbsp; and&nbsp; prosocial&nbsp; competencies&nbsp; implementing Service&nbsp; Leaning&nbsp; Projects&nbsp; during&nbsp; internships&nbsp; at&nbsp; University. REDU. Revista de Docencia Universitaria, 18(1),&nbsp; 123-142. https:\/\/doi.org\/10.4995\/redu.2020.13076 Blanch, S., Edo, M., Par\u00eds, G. (2018). R\u00fabrica per a millorar les compet\u00e8ncies personals i prosocials a trav\u00e9s de la implementaci\u00f3 de projectes ApS durant el [&hellip;]<\/p>\n","protected":false},"author":20,"featured_media":0,"parent":0,"menu_order":0,"comment_status":"closed","ping_status":"closed","template":"","meta":{"footnotes":""},"class_list":["post-19","page","type-page","status-publish","hentry"],"_links":{"self":[{"href":"https:\/\/webs.uab.cat\/mequeedo\/wp-json\/wp\/v2\/pages\/19","targetHints":{"allow":["GET"]}}],"collection":[{"href":"https:\/\/webs.uab.cat\/mequeedo\/wp-json\/wp\/v2\/pages"}],"about":[{"href":"https:\/\/webs.uab.cat\/mequeedo\/wp-json\/wp\/v2\/types\/page"}],"author":[{"embeddable":true,"href":"https:\/\/webs.uab.cat\/mequeedo\/wp-json\/wp\/v2\/users\/20"}],"replies":[{"embeddable":true,"href":"https:\/\/webs.uab.cat\/mequeedo\/wp-json\/wp\/v2\/comments?post=19"}],"version-history":[{"count":1,"href":"https:\/\/webs.uab.cat\/mequeedo\/wp-json\/wp\/v2\/pages\/19\/revisions"}],"predecessor-version":[{"id":568,"href":"https:\/\/webs.uab.cat\/mequeedo\/wp-json\/wp\/v2\/pages\/19\/revisions\/568"}],"wp:attachment":[{"href":"https:\/\/webs.uab.cat\/mequeedo\/wp-json\/wp\/v2\/media?parent=19"}],"curies":[{"name":"wp","href":"https:\/\/api.w.org\/{rel}","templated":true}]}}