{"id":327,"date":"2015-01-12T17:00:42","date_gmt":"2015-01-12T17:00:42","guid":{"rendered":"https:\/\/webs.uab.cat\/mequeedo\/meque-edo-4\/"},"modified":"2022-08-03T09:26:56","modified_gmt":"2022-08-03T09:26:56","slug":"meque-edo-4","status":"publish","type":"page","link":"https:\/\/webs.uab.cat\/mequeedo\/","title":{"rendered":"Mequ\u00e8 Edo"},"content":{"rendered":"<p><strong><img loading=\"lazy\" decoding=\"async\" class=\" size-full wp-image-324\" alt=\"\" src=\"https:\/\/webs.uab.cat\/mequeedo\/wp-content\/uploads\/sites\/99\/2015\/01\/MequeEdo.jpg\" style=\"float:right\" width=\"448\" height=\"299\" srcset=\"https:\/\/webs.uab.cat\/mequeedo\/wp-content\/uploads\/sites\/99\/2015\/01\/MequeEdo.jpg 448w, https:\/\/webs.uab.cat\/mequeedo\/wp-content\/uploads\/sites\/99\/2015\/01\/MequeEdo-300x200.jpg 300w\" sizes=\"auto, (max-width: 448px) 100vw, 448px\" \/><\/strong><a href=\"mailto:Meque.Edo@uab.es\"><strong>Meque.Edo@uab.cat<\/strong><\/a><\/p>\n<p>Maria Merc\u00e8 Edo i Bast\u00e9<\/p>\n<p><strong>Despatx:<\/strong> G5-136<br \/>\n<strong>Tel\u00e8fon:<\/strong> +34 93 581 26 43<\/p>\n<p>Professora Agregada.<\/p>\n<p><a href=\"http:\/\/www.uab.cat\/web\/departament-de-didactica-de-la-matematica-i-de-les-ciencies-experimentals-1244458467047.html\">Departament de Did\u00e0ctica de la Matem\u00e0tica i de les Ci\u00e8ncies Experimentals.<\/a><\/p>\n<p><a href=\"http:\/\/www.uab.cat\/ciencies-educacio\/\">Facultat de Ci\u00e8ncies de l\u2019Educaci\u00f3 <\/a>de la <a href=\"http:\/\/www.uab.cat\/\">Universitat Aut\u00f2noma de Barcelona<\/a>.<\/p>\n<p>Edifici G5 \u00b7 Campus UAB \u00b7&nbsp;08193 \u00b7&nbsp;Bellaterra (Cerdanyola del Vall\u00e8s) \u00b7&nbsp;Barcelona \u00b7&nbsp;Spain.<\/p>\n","protected":false},"excerpt":{"rendered":"<p>Meque.Edo@uab.cat Maria Merc\u00e8 Edo i Bast\u00e9 Despatx: G5-136 Tel\u00e8fon: +34 93 581 26 43 Professora Agregada. Departament de Did\u00e0ctica de la Matem\u00e0tica i de les Ci\u00e8ncies Experimentals. Facultat de Ci\u00e8ncies de l\u2019Educaci\u00f3 de la Universitat Aut\u00f2noma de Barcelona. Edifici G5 \u00b7 Campus UAB \u00b7&nbsp;08193 \u00b7&nbsp;Bellaterra (Cerdanyola del Vall\u00e8s) \u00b7&nbsp;Barcelona \u00b7&nbsp;Spain.<\/p>\n","protected":false},"author":20,"featured_media":0,"parent":0,"menu_order":0,"comment_status":"closed","ping_status":"closed","template":"","meta":{"footnotes":""},"class_list":["post-327","page","type-page","status-publish","hentry"],"_links":{"self":[{"href":"https:\/\/webs.uab.cat\/mequeedo\/wp-json\/wp\/v2\/pages\/327","targetHints":{"allow":["GET"]}}],"collection":[{"href":"https:\/\/webs.uab.cat\/mequeedo\/wp-json\/wp\/v2\/pages"}],"about":[{"href":"https:\/\/webs.uab.cat\/mequeedo\/wp-json\/wp\/v2\/types\/page"}],"author":[{"embeddable":true,"href":"https:\/\/webs.uab.cat\/mequeedo\/wp-json\/wp\/v2\/users\/20"}],"replies":[{"embeddable":true,"href":"https:\/\/webs.uab.cat\/mequeedo\/wp-json\/wp\/v2\/comments?post=327"}],"version-history":[{"count":1,"href":"https:\/\/webs.uab.cat\/mequeedo\/wp-json\/wp\/v2\/pages\/327\/revisions"}],"predecessor-version":[{"id":532,"href":"https:\/\/webs.uab.cat\/mequeedo\/wp-json\/wp\/v2\/pages\/327\/revisions\/532"}],"wp:attachment":[{"href":"https:\/\/webs.uab.cat\/mequeedo\/wp-json\/wp\/v2\/media?parent=327"}],"curies":[{"name":"wp","href":"https:\/\/api.w.org\/{rel}","templated":true}]}}