{"id":229,"date":"2016-07-23T01:05:09","date_gmt":"2016-07-22T23:05:09","guid":{"rendered":"https:\/\/webs.uab.cat\/methodos\/biblio\/una-experiencia-interdisciplinar-mitologia-clasica-astronomia-y-pintura-en-la-poesia-de\/"},"modified":"2016-07-23T01:05:09","modified_gmt":"2016-07-22T23:05:09","slug":"una-experiencia-interdisciplinar-mitologia-clasica-astronomia-y-pintura-en-la-poesia-de","status":"publish","type":"biblio","link":"https:\/\/webs.uab.cat\/methodos\/biblio\/una-experiencia-interdisciplinar-mitologia-clasica-astronomia-y-pintura-en-la-poesia-de\/","title":{"rendered":"Una experiencia interdisciplinar: mitolog\u00eda cl\u00e1sica, astronom\u00eda y pintura en la poes\u00eda de Miguel Hern\u00e1ndez"},"content":{"rendered":"<p>Mostramos una experiencia docente en la que la astronom\u00eda, la mitolog\u00eda cl\u00e1sica, la pintura del Museo del Prado y la poes\u00eda de Miguel Hern\u00e1ndez han sido unidas para descubrir una belleza vista hasta ahora s\u00f3lo de forma separada. Igualmente hemos descubierto que en la poes\u00eda de Miguel Hern\u00e1ndez aparecen unos referentes cl\u00e1sicos hasta ahora poco estudiados y que nos parec\u00edan fundamentales para comprender mejor su obra po\u00e9tica, ya que emplea con gran dominio la mitolog\u00eda cl\u00e1sica como un recurso estil\u00edstico y cultural de primer orden. Partimos de una necesaria interdisciplinariedad, pues se requer\u00eda el trabajo en com\u00fan de una serie de profesores de diversos \u00e1mbitos debido a los variados contenidos que pretend\u00edamos abordar y que nos planteamos que pudieran adaptarse a las caracter\u00edsticas de cada grupo de alumnos y a los planteamientos did\u00e1cticos de cada profesor. Ofrecemos una propuesta did\u00e1ctica viva y proponemos una cosmovisi\u00f3n mitol\u00f3gica y literaria de la poes\u00eda del vate oriolano en la que cada planeta o sat\u00e9lite tendr\u00e1 su explicaci\u00f3n mitol\u00f3gica y su apoyo visual y literario.<\/p>\n","protected":false},"excerpt":{"rendered":"<p>Mostramos una experiencia docente en la que la astronom\u00eda, la mitolog\u00eda cl\u00e1sica, la pintura del Museo del Prado y la poes\u00eda de Miguel Hern\u00e1ndez han sido unidas para descubrir una belleza vista hasta ahora s\u00f3lo de forma separada. Igualmente hemos descubierto que en la poes\u00eda de Miguel Hern\u00e1ndez aparecen unos referentes cl\u00e1sicos hasta ahora poco [&hellip;]<\/p>\n","protected":false},"author":20,"featured_media":0,"template":"","class_list":["post-229","biblio","type-biblio","status-publish","hentry"],"_links":{"self":[{"href":"https:\/\/webs.uab.cat\/methodos\/wp-json\/wp\/v2\/biblio\/229","targetHints":{"allow":["GET"]}}],"collection":[{"href":"https:\/\/webs.uab.cat\/methodos\/wp-json\/wp\/v2\/biblio"}],"about":[{"href":"https:\/\/webs.uab.cat\/methodos\/wp-json\/wp\/v2\/types\/biblio"}],"author":[{"embeddable":true,"href":"https:\/\/webs.uab.cat\/methodos\/wp-json\/wp\/v2\/users\/20"}],"wp:attachment":[{"href":"https:\/\/webs.uab.cat\/methodos\/wp-json\/wp\/v2\/media?parent=229"}],"curies":[{"name":"wp","href":"https:\/\/api.w.org\/{rel}","templated":true}]}}