{"id":149,"date":"2011-06-18T22:14:43","date_gmt":"2011-06-18T20:14:43","guid":{"rendered":"https:\/\/webs.uab.cat\/methodos\/revista\/"},"modified":"2022-10-24T12:07:20","modified_gmt":"2022-10-24T10:07:20","slug":"revista","status":"publish","type":"page","link":"https:\/\/webs.uab.cat\/methodos\/","title":{"rendered":"La nostra revista"},"content":{"rendered":"\n<p>La revista digital <strong><em>Methodos<\/em><\/strong> va ser fundada i dirigida en la seva <strong><a href=\"primera-epoca\">primera \u00e8poca<\/a><\/strong> per Pedro Luis Cano. La seva <strong>segona \u00e8poca<\/strong> s&#8217;inicia el 2011. Actualment <strong><em>Methodos. Revista de did\u00e0ctica dels estudis cl\u00e0ssics<\/em><\/strong> \u00e9s una publicaci\u00f3 editada per l&#8217;<a href=\"http:\/\/pagines.uab.cat\/iceclassiques\/\">Equip Arg\u00f3 de Lleng\u00fces i Cultura Cl\u00e0ssiques<\/a> de l&#8217;ICE de la <a href=\"http:\/\/www.uab.cat\/\">Universitat Aut\u00f2noma de Barcelona<\/a>, que integra professorat del <a href=\"http:\/\/www.uab.cat\/departament\/ciencies-antiguitat-edat-mitjana\/\" target=\"_blank\" rel=\"noopener\">Departament de Ci\u00e8ncies de l&#8217;Antiguitat i l&#8217;Edat Mitjana<\/a> i de professorat de diversos centres de secund\u00e0ria. <strong><em>Methodos<\/em><\/strong> publica articles sobre did\u00e0ctica de les lleng\u00fces i la cultura cl\u00e0ssiques en qualsevol nivell educatiu. La seva vocaci\u00f3 \u00e9s esdevenir un espai de trobada entre l&#8217;ensenyament secundari i l&#8217;universitari, entre l&#8217;estudi del llat\u00ed i del grec, entre la did\u00e0ctica de la llengua i de la cultura cl\u00e0ssica.<\/p>\n\n\n\n<h2 class=\"wp-block-heading\"><strong>Director<\/strong><\/h2>\n\n\n\n<ul class=\"wp-block-list\"><li>Sebasti\u00e0 Giralt, professor agregat de filologia llatina a la Universitat Aut\u00f2noma de Barcelona.<\/li><\/ul>\n\n\n\n<h2 class=\"wp-block-heading\"><strong>Consell de redacci\u00f3<\/strong><\/h2>\n\n\n\n<ul class=\"wp-block-list\"><li>Margalida Capell\u00e0, professora de cl\u00e0ssiques a l&#8217;Institut Premi\u00e0 de Mar.<\/li><li>C\u00e1ndida Ferrero, professora agregada de filologia llatina a la Universitat Aut\u00f2noma de Barcelona.<\/li><li>Joaquim Gest\u00ed, professor de cl\u00e0ssiques a l&#8217;Escola del Treball, Barcelona.<\/li><li>Marta Oller, professora agregada de filologia grega a la Universitat Aut\u00f2noma de Barcelona.<\/li><li>Joan Pag\u00e8s, professor associat de filologia grega a la Universitat Aut\u00f2noma de Barcelona.<\/li><li>Jordi P\u00e0mias, professor agregat de filologia grega a la Universitat Aut\u00f2noma de Barcelona.<\/li><li>Gemma Puigvert, professora titular de filologia llatina a la Universitat Aut\u00f2noma de Barcelona.<\/li><\/ul>\n\n\n\n<h2 class=\"wp-block-heading\"><strong>Consell assessor<\/strong><\/h2>\n\n\n\n<ul class=\"wp-block-list\"><li>Joan Alberich, professor de cl\u00e0ssiques a l&#8217;Institut Emperador Carles, Barcelona.<\/li><li>Carlos Cabanillas, professor de llat\u00ed a l&#8217;IES Santiago Ap\u00f3stol, Almendralejo.<\/li><li>Pedro L. Cano, catedr\u00e0tic em\u00e8rit de filologia llatina a la Universitat Aut\u00f2noma de Barcelona.<\/li><li>Joan Carbonell, professor titular de filologia llatina a la Universitat Aut\u00f2noma de Barcelona.<\/li><li>Pilar G\u00f3mez, professora titular de filologia grega a la Universitat de Barcelona.<\/li><li>Francesca Mestre, professora titular de filologia grega a la Universitat de Barcelona.<\/li><li>Silvana Rocca, catedr\u00e0tica de filologia llatina dell&#8217;Universit\u00e0 degli Studi di Genova.<\/li><\/ul>\n\n\n\n<p><strong>ISNN: <\/strong>2013-682X<\/p>\n\n\n\n<p><strong>Correu electr\u00f2nic de contacte<\/strong>: <a href=\"mailto:revista.methodos@uab.cat\">revista.methodos@uab.cat<\/a>.<\/p>\n\n\n\n<p><strong>Adre\u00e7a postal<\/strong>: enviament a nom de Sebasti\u00e0 Giralt, <em>Methodos<\/em>,<br>Departament de Ci\u00e8ncies de l&#8217;Antiguitat i l&#8217;Edat Mitjana, Edifici B,<br>Campus de la Universitat Aut\u00f2noma de Barcelona, 08193 Bellaterra (Cerdanyola del Vall\u00e8s).<\/p>\n\n\n\n<figure class=\"wp-block-image\"><a href=\"http:\/\/creativecommons.org\/licenses\/by-nc-nd\/3.0\/deed.ca\" target=\"_self\" rel=\"noopener\"><img decoding=\"async\" src=\"http:\/\/pagines.uab.cat\/methodos\/sites\/pagines.uab.cat.methodos\/files\/cc.png\" alt=\"cc\"\/><\/a><\/figure>\n\n\n\n<p><em>Methodos<\/em> es publica sota la llic\u00e8ncia <a href=\"http:\/\/creativecommons.org\/licenses\/by-nc-nd\/3.0\/deed.ca\" target=\"_blank\" rel=\"noopener\">Creative Commons<\/a>. Per tant, es permet la reproducci\u00f3 total o parcial i la comunicaci\u00f3 p\u00fablica dels continguts de la revista, sempre que no sigui amb finalitats comercials, i sempre que es reconegui l&#8217;autoria de l&#8217;obra original. No es permet la creaci\u00f3 d&#8217;obres derivades dels continguts.<\/p>\n\n\n\n<p class=\"has-text-align-center\">&nbsp;<\/p>\n\n\n\n<figure class=\"wp-block-table\"><table><tbody><tr><td>\n<figure><a href=\"http:\/\/www.uab.cat\/departament\/ciencies-antiguitat-edat-mitjana\" target=\"_blank\" rel=\"noopener\"><img loading=\"lazy\" decoding=\"async\" class=\" size-full wp-image-145\" src=\"https:\/\/webs.uab.cat\/methodos\/wp-content\/uploads\/sites\/255\/2011\/06\/UAB.jpg\" alt=\"\" width=\"228\" height=\"54\"><\/a><\/figure><p align=\"CENTER\"><\/p>\n<\/td><td>\n<figure><a href=\"http:\/\/pagines.uab.cat\/iceclassiques\" target=\"_blank\" rel=\"noopener\"><img loading=\"lazy\" decoding=\"async\" class=\" size-full wp-image-147\" src=\"https:\/\/webs.uab.cat\/methodos\/wp-content\/uploads\/sites\/255\/2011\/06\/classiques_daurat_mini_0.jpg\" alt=\"\" width=\"70\" height=\"70\"><\/a><\/figure><p style=\"text-align: center;\"><\/p>\n<\/td><\/tr><tr><td>\n<p align=\"CENTER\">Departament de Ci\u00e8ncies<br>de l\u2019Antiguitat i de l\u2019Edat Mitjana<\/p>\n<\/td><td>\n<p>Equip de Formaci\u00f3 i Innovaci\u00f3<br>de Lleng\u00fces i Cultura Cl\u00e0ssiques<br>ICE de la UAB<\/p>\n<\/td><\/tr><\/tbody><\/table><\/figure>\n\n\n\n<p class=\"has-text-align-center\">&nbsp;<\/p>\n","protected":false},"excerpt":{"rendered":"<p>La revista digital Methodos va ser fundada i dirigida en la seva primera \u00e8poca per Pedro Luis Cano. La seva segona \u00e8poca s&#8217;inicia el 2011. Actualment Methodos. Revista de did\u00e0ctica dels estudis cl\u00e0ssics \u00e9s una publicaci\u00f3 editada per l&#8217;Equip Arg\u00f3 de Lleng\u00fces i Cultura Cl\u00e0ssiques de l&#8217;ICE de la Universitat Aut\u00f2noma de Barcelona, que integra [&hellip;]<\/p>\n","protected":false},"author":20,"featured_media":0,"parent":0,"menu_order":0,"comment_status":"closed","ping_status":"closed","template":"","meta":{"footnotes":""},"class_list":["post-149","page","type-page","status-publish","hentry"],"_links":{"self":[{"href":"https:\/\/webs.uab.cat\/methodos\/wp-json\/wp\/v2\/pages\/149","targetHints":{"allow":["GET"]}}],"collection":[{"href":"https:\/\/webs.uab.cat\/methodos\/wp-json\/wp\/v2\/pages"}],"about":[{"href":"https:\/\/webs.uab.cat\/methodos\/wp-json\/wp\/v2\/types\/page"}],"author":[{"embeddable":true,"href":"https:\/\/webs.uab.cat\/methodos\/wp-json\/wp\/v2\/users\/20"}],"replies":[{"embeddable":true,"href":"https:\/\/webs.uab.cat\/methodos\/wp-json\/wp\/v2\/comments?post=149"}],"version-history":[{"count":1,"href":"https:\/\/webs.uab.cat\/methodos\/wp-json\/wp\/v2\/pages\/149\/revisions"}],"predecessor-version":[{"id":433,"href":"https:\/\/webs.uab.cat\/methodos\/wp-json\/wp\/v2\/pages\/149\/revisions\/433"}],"wp:attachment":[{"href":"https:\/\/webs.uab.cat\/methodos\/wp-json\/wp\/v2\/media?parent=149"}],"curies":[{"name":"wp","href":"https:\/\/api.w.org\/{rel}","templated":true}]}}