{"id":1004,"date":"2025-11-17T17:05:13","date_gmt":"2025-11-17T16:05:13","guid":{"rendered":"https:\/\/webs.uab.cat\/micromol\/?page_id=1004"},"modified":"2026-02-20T16:29:57","modified_gmt":"2026-02-20T15:29:57","slug":"projectes-finalitzats","status":"publish","type":"page","link":"https:\/\/webs.uab.cat\/micromol\/en\/projectes-finalitzats\/","title":{"rendered":"Completed Projects"},"content":{"rendered":"\n<h2 class=\"wp-block-heading has-verd-tropic-color has-text-color has-link-color wp-elements-ddf2136e68ddf925b5dcbb0f1d1f3cb8\">Completed Projects<\/h2>\n\n\n\n<div class=\"wp-block-media-text is-stacked-on-mobile\" style=\"grid-template-columns:35% auto\"><figure class=\"wp-block-media-text__media\"><img loading=\"lazy\" decoding=\"async\" width=\"817\" height=\"452\" src=\"https:\/\/webs.uab.cat\/micromol\/wp-content\/uploads\/sites\/254\/2025\/09\/Imatge4.png\" alt=\"\" class=\"wp-image-852 size-full\" srcset=\"https:\/\/webs.uab.cat\/micromol\/wp-content\/uploads\/sites\/254\/2025\/09\/Imatge4.png 817w, https:\/\/webs.uab.cat\/micromol\/wp-content\/uploads\/sites\/254\/2025\/09\/Imatge4-300x166.png 300w, https:\/\/webs.uab.cat\/micromol\/wp-content\/uploads\/sites\/254\/2025\/09\/Imatge4-768x425.png 768w\" sizes=\"auto, (max-width: 817px) 100vw, 817px\" \/><\/figure><div class=\"wp-block-media-text__content\">\n<div class=\"wp-block-group\"><div class=\"wp-block-group__inner-container is-layout-constrained wp-block-group-is-layout-constrained\">\n<div class=\"wp-block-group is-vertical is-layout-flex wp-container-core-group-is-layout-8cf370e7 wp-block-group-is-layout-flex\">\n<p class=\"has-small-font-size\"><strong>Project Title: <\/strong><em>Phage-based solutions to combat Salmonella Infantis in poultry production<\/em><\/p>\n\n\n\n<p class=\"has-small-font-size\"><strong>Reference:<\/strong> 2024LLAV00036<\/p>\n\n\n\n<p class=\"has-small-font-size\"><strong><strong>Principal Investigator<\/strong><\/strong>: Campoy S\u00e1nchez, Susana<\/p>\n\n\n\n<p class=\"has-small-font-size\"><strong>Funding Institution:<\/strong> Ag\u00e8ncia de Gesti\u00f3 d&#8217;Ajuts Universitaris i de Recerca<\/p>\n\n\n\n<p class=\"has-small-font-size\"><strong>Period:<\/strong>&nbsp; 02\/12\/2024 &#8211; 01\/06\/2025<\/p>\n<\/div>\n<\/div><\/div>\n<\/div><\/div>\n\n\n\n<div class=\"wp-block-media-text is-stacked-on-mobile\" style=\"grid-template-columns:35% auto\"><figure class=\"wp-block-media-text__media\"><img loading=\"lazy\" decoding=\"async\" width=\"558\" height=\"162\" src=\"https:\/\/webs.uab.cat\/micromol\/wp-content\/uploads\/sites\/254\/2025\/09\/Ministerio.png\" alt=\"\" class=\"wp-image-857 size-full\" srcset=\"https:\/\/webs.uab.cat\/micromol\/wp-content\/uploads\/sites\/254\/2025\/09\/Ministerio.png 558w, https:\/\/webs.uab.cat\/micromol\/wp-content\/uploads\/sites\/254\/2025\/09\/Ministerio-300x87.png 300w\" sizes=\"auto, (max-width: 558px) 100vw, 558px\" \/><\/figure><div class=\"wp-block-media-text__content\">\n<div class=\"wp-block-group is-vertical is-layout-flex wp-container-core-group-is-layout-8cf370e7 wp-block-group-is-layout-flex\">\n<p class=\"has-small-font-size\"><strong>Project Title: <\/strong><em>Caracterizaci\u00f3n de los mecanismos de resistencia adquiridos por transferencia lateral de genes durante la terapia fagica<\/em><\/p>\n\n\n\n<p class=\"has-small-font-size\"><strong><strong>Reference:<\/strong><\/strong> PID2020-117708GB-I00<\/p>\n\n\n\n<p class=\"has-small-font-size\"><strong><strong><strong><strong>Principal Investigator<\/strong><\/strong>s:<\/strong><\/strong>Campoy S\u00e1nchez, Susana\/Cort\u00e9s Garmendia, M. Pilar<\/p>\n\n\n\n<p class=\"has-small-font-size\"><strong>Funding Institution:<\/strong> Ministerio de Ciencia e Innovaci\u00f3n (MICINN)<\/p>\n\n\n\n<p class=\"has-small-font-size\"><strong><strong>Period:<\/strong><\/strong> 01\/09\/2021-31\/08\/2024<\/p>\n<\/div>\n<\/div><\/div>\n\n\n\n<div class=\"wp-block-media-text is-stacked-on-mobile\" style=\"grid-template-columns:35% auto\"><figure class=\"wp-block-media-text__media\"><img loading=\"lazy\" decoding=\"async\" width=\"210\" height=\"79\" src=\"https:\/\/webs.uab.cat\/micromol\/wp-content\/uploads\/sites\/254\/2025\/11\/Logo-UAB-1.png\" alt=\"\" class=\"wp-image-1530 size-full\" \/><\/figure><div class=\"wp-block-media-text__content\">\n<div class=\"wp-block-group is-vertical is-layout-flex wp-container-core-group-is-layout-8cf370e7 wp-block-group-is-layout-flex\">\n<p class=\"has-small-font-size\"><strong>Project Title:<\/strong> <em>New strategies for the treatment of multi-resistant pathogens to antibiotics<\/em><\/p>\n\n\n\n<p class=\"has-small-font-size\"><strong>Reference:<\/strong> PPC-2023-574647<\/p>\n\n\n\n<p class=\"has-small-font-size\"><strong><strong>Principal Investigator:<\/strong><\/strong> P\u00e9rez Varela, Mar\u00eda<\/p>\n\n\n\n<p class=\"has-small-font-size\"><strong><strong>Funding Institution:<\/strong> <\/strong> Universitat Aut\u00f2noma de Barcelona<\/p>\n\n\n\n<p class=\"has-small-font-size\"><strong><strong>Per<\/strong>iod:<\/strong> 2024<\/p>\n<\/div>\n<\/div><\/div>\n\n\n\n<div class=\"wp-block-media-text is-stacked-on-mobile\" style=\"grid-template-columns:35% auto\"><figure class=\"wp-block-media-text__media\"><img loading=\"lazy\" decoding=\"async\" width=\"1024\" height=\"538\" src=\"https:\/\/webs.uab.cat\/micromol\/wp-content\/uploads\/sites\/254\/2025\/10\/Logo4-1-1024x538.jpeg\" alt=\"\" class=\"wp-image-1014 size-full\" srcset=\"https:\/\/webs.uab.cat\/micromol\/wp-content\/uploads\/sites\/254\/2025\/10\/Logo4-1-1024x538.jpeg 1024w, https:\/\/webs.uab.cat\/micromol\/wp-content\/uploads\/sites\/254\/2025\/10\/Logo4-1-300x158.jpeg 300w, https:\/\/webs.uab.cat\/micromol\/wp-content\/uploads\/sites\/254\/2025\/10\/Logo4-1-768x403.jpeg 768w, https:\/\/webs.uab.cat\/micromol\/wp-content\/uploads\/sites\/254\/2025\/10\/Logo4-1.jpeg 1200w\" sizes=\"auto, (max-width: 1024px) 100vw, 1024px\" \/><\/figure><div class=\"wp-block-media-text__content\">\n<div class=\"wp-block-group is-vertical is-layout-flex wp-container-core-group-is-layout-8cf370e7 wp-block-group-is-layout-flex\">\n<p class=\"has-small-font-size\"><strong><strong>Project Title:<\/strong><\/strong> SGR &#8211; Microbiologia Molecular (MICROMOL)<\/p>\n\n\n\n<p class=\"has-small-font-size\"><strong>Reference:<\/strong> 2021SGR00646<\/p>\n\n\n\n<p class=\"has-small-font-size\"><strong>Principal Investigator<\/strong>: Susana&nbsp; Campoy S\u00e1nchez<\/p>\n\n\n\n<p class=\"has-small-font-size\"><strong><strong>Funding Institution:<\/strong> <\/strong>Direcci\u00f3 General de Recerca de la Generalitat de Catalunya<\/p>\n\n\n\n<p class=\"has-small-font-size\"><strong><strong>Per<\/strong>iod<\/strong>: 01\/01\/2022 &#8211; 31\/12\/2024<\/p>\n<\/div>\n<\/div><\/div>\n\n\n\n<div class=\"wp-block-media-text is-stacked-on-mobile\" style=\"grid-template-columns:35% auto\"><figure class=\"wp-block-media-text__media\"><img loading=\"lazy\" decoding=\"async\" width=\"238\" height=\"69\" src=\"https:\/\/webs.uab.cat\/micromol\/wp-content\/uploads\/sites\/254\/2025\/09\/Ministerio-2.png\" alt=\"\" class=\"wp-image-871 size-full\" \/><\/figure><div class=\"wp-block-media-text__content\">\n<div class=\"wp-block-group is-vertical is-layout-flex wp-container-core-group-is-layout-8cf370e7 wp-block-group-is-layout-flex\">\n<p class=\"has-small-font-size\"><strong><strong>Project Title:<\/strong><\/strong>  Red Espa\u00f1ola de bacteri\u00f3fagos y elementos transductores (FAGOMA)<\/p>\n\n\n\n<p class=\"has-small-font-size\"><strong>Reference:<\/strong> RED2022-134837-T<\/p>\n\n\n\n<p class=\"has-small-font-size\"><strong>Principal Investigator<\/strong>:Pilar Garc\u00eda (IPLA)<\/p>\n\n\n\n<p class=\"has-small-font-size\"><strong><strong>Funding Institution:<\/strong><\/strong> Ministerio de Ciencia, Innovaci\u00f3n y Universidades y la. Agencia Estatal de Investigaci\u00f3n<\/p>\n\n\n\n<p class=\"has-small-font-size\"><strong><strong>Per<\/strong><\/strong>iod<strong>:<\/strong> 01\/06\/2023 &#8211; 01\/06\/2025<\/p>\n<\/div>\n<\/div><\/div>\n\n\n\n<div class=\"wp-block-media-text is-stacked-on-mobile\" style=\"grid-template-columns:35% auto\"><figure class=\"wp-block-media-text__media\"><img loading=\"lazy\" decoding=\"async\" width=\"254\" height=\"79\" src=\"https:\/\/webs.uab.cat\/micromol\/wp-content\/uploads\/sites\/254\/2025\/09\/Fundacio-TV3.png\" alt=\"\" class=\"wp-image-875 size-full\" \/><\/figure><div class=\"wp-block-media-text__content\">\n<div class=\"wp-block-group is-vertical is-layout-flex wp-container-core-group-is-layout-8cf370e7 wp-block-group-is-layout-flex\">\n<p class=\"has-small-font-size\"><strong><strong>Project Title:<\/strong><\/strong>  Immunotherapy against ESKAPE pathogens based on bacterial ironuptake proteins<\/p>\n\n\n\n<p class=\"has-small-font-size\"><strong>Reference:<\/strong>  TV3-201806-10<\/p>\n\n\n\n<p class=\"has-small-font-size\"><strong>Principal Investigator<\/strong>: Susana Campoy S\u00e1nchez<\/p>\n\n\n\n<p class=\"has-small-font-size\"><strong><strong>Funding Institution:<\/strong><\/strong> Fundaci\u00f3 La Marat\u00f3 de TV3<\/p>\n\n\n\n<p class=\"has-small-font-size\"><strong><strong>Per<\/strong><\/strong>iod<strong>:<\/strong> 01\/04\/2019 &#8211; 31\/01\/2023<\/p>\n<\/div>\n<\/div><\/div>\n\n\n\n<div class=\"wp-block-media-text is-stacked-on-mobile\" style=\"grid-template-columns:35% auto\"><figure class=\"wp-block-media-text__media\"><img loading=\"lazy\" decoding=\"async\" width=\"251\" height=\"101\" src=\"https:\/\/webs.uab.cat\/micromol\/wp-content\/uploads\/sites\/254\/2025\/09\/Horizon-2020.jpg\" alt=\"\" class=\"wp-image-879 size-full\" \/><\/figure><div class=\"wp-block-media-text__content\">\n<div class=\"wp-block-group is-vertical is-layout-flex wp-container-core-group-is-layout-8cf370e7 wp-block-group-is-layout-flex\">\n<div class=\"wp-block-group is-vertical is-layout-flex wp-container-core-group-is-layout-8cf370e7 wp-block-group-is-layout-flex\">\n<p class=\"has-small-font-size\"><strong><strong>Project Title:<\/strong><\/strong>A cost-effective solution for controlling <em>Salmonella<\/em> and <em>Escherichia<\/em> <em>coli<\/em> in poultry production<\/p>\n\n\n\n<p class=\"has-small-font-size\"><strong>Reference:<\/strong> 820523-PHAGOVET<\/p>\n\n\n\n<p class=\"has-small-font-size\"><strong>Project Coordinator<\/strong>:  CONTROLVET-SEGURANCA ALIMENTAR, SA<\/p>\n\n\n\n<p class=\"has-small-font-size\"><strong><strong>Funding Institution:<\/strong><\/strong>  H2020-EU.3.; H2020-EU.2.1<\/p>\n\n\n\n<p class=\"has-small-font-size\"><strong>Topic<\/strong>: EIC-FTI-2018-2020 \u2014 Fast Track to Innovation (FTI)<\/p>\n\n\n\n<p class=\"has-small-font-size\"><strong>Period:<\/strong> 01\/11\/2018 &#8211; 31\/10\/2022<\/p>\n<\/div>\n<\/div>\n<\/div><\/div>\n\n\n\n<div class=\"wp-block-media-text is-stacked-on-mobile\" style=\"grid-template-columns:35% auto\"><figure class=\"wp-block-media-text__media\"><img loading=\"lazy\" decoding=\"async\" width=\"1024\" height=\"538\" src=\"https:\/\/webs.uab.cat\/micromol\/wp-content\/uploads\/sites\/254\/2025\/10\/Logo4-2-1024x538.jpeg\" alt=\"\" class=\"wp-image-1017 size-full\" srcset=\"https:\/\/webs.uab.cat\/micromol\/wp-content\/uploads\/sites\/254\/2025\/10\/Logo4-2-1024x538.jpeg 1024w, https:\/\/webs.uab.cat\/micromol\/wp-content\/uploads\/sites\/254\/2025\/10\/Logo4-2-300x158.jpeg 300w, https:\/\/webs.uab.cat\/micromol\/wp-content\/uploads\/sites\/254\/2025\/10\/Logo4-2-768x403.jpeg 768w, https:\/\/webs.uab.cat\/micromol\/wp-content\/uploads\/sites\/254\/2025\/10\/Logo4-2.jpeg 1200w\" sizes=\"auto, (max-width: 1024px) 100vw, 1024px\" \/><\/figure><div class=\"wp-block-media-text__content\">\n<div class=\"wp-block-group is-vertical is-layout-flex wp-container-core-group-is-layout-8cf370e7 wp-block-group-is-layout-flex\">\n<div class=\"wp-block-group is-vertical is-layout-flex wp-container-core-group-is-layout-8cf370e7 wp-block-group-is-layout-flex\">\n<p class=\"has-small-font-size\"><strong><strong>Project Title:<\/strong><\/strong> Microbiologia Molecular (MICROMOL)<\/p>\n\n\n\n<p class=\"has-small-font-size\"><strong>Reference:<\/strong> 2017SGR1726<\/p>\n\n\n\n<p class=\"has-small-font-size\"><strong>Principal Investigator:<\/strong> Susana&nbsp; Campoy S\u00e1nchez<\/p>\n\n\n\n<p class=\"has-small-font-size\"><strong><strong>Funding Institution:<\/strong><\/strong>  Generalitat de Catalunya<\/p>\n\n\n\n<p class=\"has-small-font-size\"><strong>Period: <\/strong>08\/09\/2018 &#8211; 08\/09\/2021<\/p>\n<\/div>\n<\/div>\n<\/div><\/div>\n\n\n\n<div class=\"wp-block-media-text is-stacked-on-mobile\" style=\"grid-template-columns:35% auto\"><figure class=\"wp-block-media-text__media\"><img loading=\"lazy\" decoding=\"async\" width=\"254\" height=\"61\" src=\"https:\/\/webs.uab.cat\/micromol\/wp-content\/uploads\/sites\/254\/2025\/09\/Ministerio-3.png\" alt=\"\" class=\"wp-image-887 size-full\" \/><\/figure><div class=\"wp-block-media-text__content\">\n<div class=\"wp-block-group is-vertical is-layout-flex wp-container-core-group-is-layout-8cf370e7 wp-block-group-is-layout-flex\">\n<p class=\"has-small-font-size\"><strong><strong>Project Title:<\/strong><\/strong> Identificacion de nuevas dianas asociadas al sistema de motilidad de <em>Acinetobacter baumannii<\/em> para su uso terapeutico<\/p>\n\n\n\n<p class=\"has-small-font-size\"><strong>Reference:<\/strong> BIO2016-77011-R<\/p>\n\n\n\n<p class=\"has-small-font-size\"><strong>Principal Investigator:<\/strong>Jordi Barb\u00e9 Garcia<\/p>\n\n\n\n<p class=\"has-small-font-size\"><strong><strong>Funding Institution:<\/strong><\/strong> Ministerio de Economia y Competitividad<\/p>\n\n\n\n<p class=\"has-small-font-size\"><strong>Period:<\/strong> 22\/12\/2016 &#8211; 21\/12\/2020<\/p>\n<\/div>\n<\/div><\/div>\n\n\n\n<div class=\"wp-block-media-text is-stacked-on-mobile\" style=\"grid-template-columns:35% auto\"><figure class=\"wp-block-media-text__media\"><img loading=\"lazy\" decoding=\"async\" width=\"1024\" height=\"538\" src=\"https:\/\/webs.uab.cat\/micromol\/wp-content\/uploads\/sites\/254\/2025\/10\/Logo4-3-1024x538.jpeg\" alt=\"\" class=\"wp-image-1020 size-full\" srcset=\"https:\/\/webs.uab.cat\/micromol\/wp-content\/uploads\/sites\/254\/2025\/10\/Logo4-3-1024x538.jpeg 1024w, https:\/\/webs.uab.cat\/micromol\/wp-content\/uploads\/sites\/254\/2025\/10\/Logo4-3-300x158.jpeg 300w, https:\/\/webs.uab.cat\/micromol\/wp-content\/uploads\/sites\/254\/2025\/10\/Logo4-3-768x403.jpeg 768w, https:\/\/webs.uab.cat\/micromol\/wp-content\/uploads\/sites\/254\/2025\/10\/Logo4-3.jpeg 1200w\" sizes=\"auto, (max-width: 1024px) 100vw, 1024px\" \/><\/figure><div class=\"wp-block-media-text__content\">\n<div class=\"wp-block-group is-vertical is-layout-flex wp-container-core-group-is-layout-8cf370e7 wp-block-group-is-layout-flex\">\n<p class=\"has-small-font-size\"><strong><strong>Project Title:<\/strong><\/strong> Microbiologia Molecular (MICROMOL)<\/p>\n\n\n\n<p><strong>Reference:<\/strong> 2014SGR0572<\/p>\n\n\n\n<p class=\"has-text-align-left has-small-font-size\"><strong>Principal Investigator:<\/strong> Jordi Barb\u00e9 Garcia<\/p>\n\n\n\n<p><strong><strong>Funding Institution:<\/strong><\/strong> Generalitat de Catalunya<\/p>\n\n\n\n<p><strong>Period:<\/strong> 01\/01\/2016 &#8211; 30\/04\/2017<\/p>\n<\/div>\n<\/div><\/div>\n\n\n\n<div class=\"wp-block-media-text is-stacked-on-mobile\" style=\"grid-template-columns:35% auto\"><figure class=\"wp-block-media-text__media\"><img loading=\"lazy\" decoding=\"async\" width=\"254\" height=\"61\" src=\"https:\/\/webs.uab.cat\/micromol\/wp-content\/uploads\/sites\/254\/2025\/09\/Ministerio-3-1.png\" alt=\"\" class=\"wp-image-897 size-full\" \/><\/figure><div class=\"wp-block-media-text__content\">\n<div class=\"wp-block-group is-vertical is-layout-flex wp-container-core-group-is-layout-8cf370e7 wp-block-group-is-layout-flex\">\n<p class=\"has-small-font-size\"><strong><strong>Project Title:<\/strong><\/strong>  Determinaci\u00f3n del Mecanismo dependiente de RecA que gobierna la motilidad de bacterias patogenas flageladas<\/p>\n\n\n\n<p class=\"has-small-font-size\"><strong>Reference:<\/strong> BFU2011-23478<\/p>\n\n\n\n<p class=\"has-small-font-size\"><strong>Principal Investigator:<\/strong> Jordi Barb\u00e9 Garcia<\/p>\n\n\n\n<p class=\"has-small-font-size\"><strong><strong>Funding Institution:<\/strong><\/strong> Ministerio de Economia y Competitividad<\/p>\n\n\n\n<p class=\"has-small-font-size\"><strong>Period:<\/strong> 01\/01\/2012 &#8211; 30\/06\/2015<\/p>\n<\/div>\n<\/div><\/div>\n\n\n\n<div class=\"wp-block-media-text is-stacked-on-mobile\" style=\"grid-template-columns:35% auto\"><figure class=\"wp-block-media-text__media\"><img loading=\"lazy\" decoding=\"async\" width=\"1024\" height=\"538\" src=\"https:\/\/webs.uab.cat\/micromol\/wp-content\/uploads\/sites\/254\/2025\/10\/Logo4-4-1024x538.jpeg\" alt=\"\" class=\"wp-image-1023 size-full\" srcset=\"https:\/\/webs.uab.cat\/micromol\/wp-content\/uploads\/sites\/254\/2025\/10\/Logo4-4-1024x538.jpeg 1024w, https:\/\/webs.uab.cat\/micromol\/wp-content\/uploads\/sites\/254\/2025\/10\/Logo4-4-300x158.jpeg 300w, https:\/\/webs.uab.cat\/micromol\/wp-content\/uploads\/sites\/254\/2025\/10\/Logo4-4-768x403.jpeg 768w, https:\/\/webs.uab.cat\/micromol\/wp-content\/uploads\/sites\/254\/2025\/10\/Logo4-4.jpeg 1200w\" sizes=\"auto, (max-width: 1024px) 100vw, 1024px\" \/><\/figure><div class=\"wp-block-media-text__content\">\n<div class=\"wp-block-group is-vertical is-layout-flex wp-container-core-group-is-layout-8cf370e7 wp-block-group-is-layout-flex\">\n<p><strong><strong>Project Title:<\/strong><\/strong>  Microbiologia Molecular<\/p>\n\n\n\n<p><strong>Principal Investigator:<\/strong>  Jordi Barb\u00e9 Garcia<\/p>\n\n\n\n<div class=\"wp-block-group is-vertical is-layout-flex wp-container-core-group-is-layout-8cf370e7 wp-block-group-is-layout-flex\">\n<p class=\"has-small-font-size\"><strong><strong>Funding Institution:<\/strong><\/strong> Departament d\u2019Universitats, Recerca i Societat de la Informaci\u00f3 (Generalitat de Catalunya)Refer\u00e8ncia de la concessi\u00f3: 2009SGR1106<\/p>\n\n\n\n<p class=\"has-small-font-size\"><strong>Period:<\/strong>  30\/09\/2009 &#8211; 30\/04\/2014<\/p>\n<\/div>\n<\/div>\n<\/div><\/div>\n\n\n\n<div class=\"wp-block-media-text is-stacked-on-mobile\" style=\"grid-template-columns:35% auto\"><figure class=\"wp-block-media-text__media\"><img loading=\"lazy\" decoding=\"async\" width=\"145\" height=\"140\" src=\"https:\/\/webs.uab.cat\/micromol\/wp-content\/uploads\/sites\/254\/2025\/09\/Marie-Curie.png\" alt=\"\" class=\"wp-image-903 size-full\" \/><\/figure><div class=\"wp-block-media-text__content\">\n<div class=\"wp-block-group is-vertical is-layout-flex wp-container-core-group-is-layout-8cf370e7 wp-block-group-is-layout-flex\">\n<p class=\"has-small-font-size\"><strong><strong>Project Title:<\/strong><\/strong>  BioMaX: Novel diagnostic bio-assays based on magnetic particles<\/p>\n\n\n\n<p class=\"has-small-font-size\"><strong>Reference:<\/strong> FP7-PEOPLE-2010-ITN<\/p>\n\n\n\n<p class=\"has-small-font-size\"><strong>Principal Investigators:<\/strong> Pividori, Mar\u00eda Isabel (Coordinadora UAB). Jeroen Lammertyn (Coordinador general)<\/p>\n\n\n\n<p class=\"has-small-font-size\"><strong><strong>Funding Institution:<\/strong><\/strong> Marie Curie Initial Training Networks (ITN)<\/p>\n\n\n\n<p class=\"has-small-font-size\"><strong>Period:<\/strong> 01\/02\/2011 &#8211; 31\/01\/2015<\/p>\n<\/div>\n<\/div><\/div>\n\n\n\n<div class=\"wp-block-media-text is-stacked-on-mobile\" style=\"grid-template-columns:35% auto\"><figure class=\"wp-block-media-text__media\"><img loading=\"lazy\" decoding=\"async\" width=\"225\" height=\"78\" src=\"https:\/\/webs.uab.cat\/micromol\/wp-content\/uploads\/sites\/254\/2025\/09\/Acup.png\" alt=\"\" class=\"wp-image-906 size-full\" \/><\/figure><div class=\"wp-block-media-text__content\">\n<div class=\"wp-block-group is-vertical is-layout-flex wp-container-core-group-is-layout-8cf370e7 wp-block-group-is-layout-flex\">\n<p class=\"has-small-font-size\"><strong><strong>Project Title:<\/strong><\/strong>  Seguretat aliment\u00e0ria: Desenvolupament de noves tecnologies basades en bacteri\u00f2fags pel control de la salmonel\u00b7losi.<\/p>\n\n\n\n<p class=\"has-small-font-size\"><strong><strong>Reference:<\/strong><\/strong> 2010ACUP00300<\/p>\n\n\n\n<p class=\"has-small-font-size\"><strong>Principal Investigator:<\/strong>  Montserrat Llagostera Casas<\/p>\n\n\n\n<p class=\"has-small-font-size\"><strong><strong>Funding Institution:<\/strong><\/strong>  Associaci\u00f3 Catalana d\u2019Universitats P\u00fabliques (ACUP)<\/p>\n\n\n\n<p class=\"has-small-font-size\"><strong>Period:<\/strong> 01\/12\/2010 &#8211; 30\/11\/2013<\/p>\n<\/div>\n<\/div><\/div>\n\n\n\n<div class=\"wp-block-media-text is-stacked-on-mobile\" style=\"grid-template-columns:35% auto\"><figure class=\"wp-block-media-text__media\"><img loading=\"lazy\" decoding=\"async\" width=\"1024\" height=\"538\" src=\"https:\/\/webs.uab.cat\/micromol\/wp-content\/uploads\/sites\/254\/2025\/10\/Logo4-5-1024x538.jpeg\" alt=\"\" class=\"wp-image-1026 size-full\" srcset=\"https:\/\/webs.uab.cat\/micromol\/wp-content\/uploads\/sites\/254\/2025\/10\/Logo4-5-1024x538.jpeg 1024w, https:\/\/webs.uab.cat\/micromol\/wp-content\/uploads\/sites\/254\/2025\/10\/Logo4-5-300x158.jpeg 300w, https:\/\/webs.uab.cat\/micromol\/wp-content\/uploads\/sites\/254\/2025\/10\/Logo4-5-768x403.jpeg 768w, https:\/\/webs.uab.cat\/micromol\/wp-content\/uploads\/sites\/254\/2025\/10\/Logo4-5.jpeg 1200w\" sizes=\"auto, (max-width: 1024px) 100vw, 1024px\" \/><\/figure><div class=\"wp-block-media-text__content\">\n<div class=\"wp-block-group is-vertical is-layout-flex wp-container-core-group-is-layout-8cf370e7 wp-block-group-is-layout-flex\">\n<p class=\"has-small-font-size\"><strong><strong>Project Title:<\/strong><\/strong> Valoritzaci\u00f3 i pla de comercialitzaci\u00f3 d\u2019un c\u00f2ctel f\u00e0gic mitjan\u00e7ant t\u00e8cniques de nanoencapsulaci\u00f3 pel control de la salmonel\u00b7losi.<\/p>\n\n\n\n<p class=\"has-small-font-size\"><strong><strong>Reference:<\/strong><\/strong> ID 3118<\/p>\n\n\n\n<p class=\"has-small-font-size\"><strong>Principal Investigator:<\/strong> Montserrat Llagostera Casas<\/p>\n\n\n\n<p class=\"has-small-font-size\"><strong><strong>Funding Institution:<\/strong><\/strong>  Valor 2010, Generalitat de Catalunya<\/p>\n\n\n\n<p class=\"has-small-font-size\"><strong>Period:<\/strong> 01\/01\/2011 &#8211; 01\/01\/2013<\/p>\n<\/div>\n<\/div><\/div>\n\n\n\n<div class=\"wp-block-media-text is-stacked-on-mobile\" style=\"grid-template-columns:35% auto\"><figure class=\"wp-block-media-text__media\"><img loading=\"lazy\" decoding=\"async\" width=\"254\" height=\"64\" src=\"https:\/\/webs.uab.cat\/micromol\/wp-content\/uploads\/sites\/254\/2025\/09\/Ministerio-educacion-y-ciencia.png\" alt=\"\" class=\"wp-image-920 size-full\" \/><\/figure><div class=\"wp-block-media-text__content\">\n<div class=\"wp-block-group is-vertical is-layout-flex wp-container-core-group-is-layout-8cf370e7 wp-block-group-is-layout-flex\">\n<p class=\"has-small-font-size\"><strong><strong>Project Title:<\/strong><\/strong> Importancia de los sistemas de reparaci\u00f3n del DNA en la virulencia de especies pat\u00f3genas de la clase Proteobacteria. DNAREPARVIR<\/p>\n\n\n\n<p class=\"has-small-font-size\"><strong><strong>Reference:<\/strong><\/strong> BFU2008-01078<\/p>\n\n\n\n<p class=\"has-small-font-size\"><strong>Principal Investigator:<\/strong> Jordi Barb\u00e9 Garcia<\/p>\n\n\n\n<p class=\"has-small-font-size\"><strong><strong>Funding Institution:<\/strong><\/strong> Ministerio de Educaci\u00f3n y Ciencia<\/p>\n\n\n\n<p class=\"has-small-font-size\"><strong>Period:<\/strong> 01\/01\/2009 &#8211; 31\/03\/2012<\/p>\n<\/div>\n<\/div><\/div>\n\n\n\n<div class=\"wp-block-media-text is-stacked-on-mobile\" style=\"grid-template-columns:35% auto\"><figure class=\"wp-block-media-text__media\"><img loading=\"lazy\" decoding=\"async\" width=\"250\" height=\"77\" src=\"https:\/\/webs.uab.cat\/micromol\/wp-content\/uploads\/sites\/254\/2025\/09\/Ministerio-Ciencia-innovacion.png\" alt=\"\" class=\"wp-image-923 size-full\" \/><\/figure><div class=\"wp-block-media-text__content\">\n<div class=\"wp-block-group is-vertical is-layout-flex wp-container-core-group-is-layout-8cf370e7 wp-block-group-is-layout-flex\">\n<p class=\"has-small-font-size\"><strong><strong>Project Title:<\/strong><\/strong> Red espa\u00f1ola de bacteriofagos y elementos transductores (FAGOMA)<\/p>\n\n\n\n<p class=\"has-small-font-size\"><strong><strong>Reference:<\/strong><\/strong> BFU2010-10469-E<\/p>\n\n\n\n<p class=\"has-small-font-size\"><strong>Principal Investigator:<\/strong>  Juan Carlos Alonso Navarro<\/p>\n\n\n\n<p class=\"has-small-font-size\"><strong><strong>Funding Institution:<\/strong><\/strong> Ministerio de Ciencia e Innovaci\u00f3n (MICINN)<\/p>\n\n\n\n<p class=\"has-small-font-size\"><strong>Period:<\/strong> 01\/01\/2010 &#8211; 01\/10\/2012<\/p>\n<\/div>\n<\/div><\/div>\n\n\n\n<div class=\"wp-block-media-text is-stacked-on-mobile\" style=\"grid-template-columns:35% auto\"><figure class=\"wp-block-media-text__media\"><img loading=\"lazy\" decoding=\"async\" width=\"250\" height=\"77\" src=\"https:\/\/webs.uab.cat\/micromol\/wp-content\/uploads\/sites\/254\/2025\/09\/Ministerio-Ciencia-innovacion-1.png\" alt=\"\" class=\"wp-image-927 size-full\" \/><\/figure><div class=\"wp-block-media-text__content\">\n<div class=\"wp-block-group is-vertical is-layout-flex wp-container-core-group-is-layout-8cf370e7 wp-block-group-is-layout-flex\">\n<p class=\"has-small-font-size\"><strong><strong>Project Title:<\/strong><\/strong> Red Tem\u00e1tica de Gen\u00f3mica de Microorganismos Pat\u00f3genos del Hombre (PATOGENOM08)<\/p>\n\n\n\n<p class=\"has-small-font-size\"><strong><strong>Reference:<\/strong><\/strong> PEX_11574<\/p>\n\n\n\n<p class=\"has-small-font-size\"><strong>Principal Investigator:<\/strong> I\u00f1igo L\u00f3pez Go\u00f1i<\/p>\n\n\n\n<p class=\"has-small-font-size\"><strong><strong>Funding Institution:<\/strong><\/strong> Ministerio de Ciencia e Innovaci\u00f3n<\/p>\n\n\n\n<p class=\"has-small-font-size\"><strong><strong><strong>Period:<\/strong><\/strong><\/strong> 01\/01\/2009 &#8211; 31\/12\/2010<\/p>\n<\/div>\n<\/div><\/div>\n\n\n\n<div class=\"wp-block-media-text is-stacked-on-mobile\" style=\"grid-template-columns:35% auto\"><figure class=\"wp-block-media-text__media\"><img loading=\"lazy\" decoding=\"async\" width=\"1024\" height=\"538\" src=\"https:\/\/webs.uab.cat\/micromol\/wp-content\/uploads\/sites\/254\/2025\/10\/Logo4-6-1024x538.jpeg\" alt=\"\" class=\"wp-image-1029 size-full\" srcset=\"https:\/\/webs.uab.cat\/micromol\/wp-content\/uploads\/sites\/254\/2025\/10\/Logo4-6-1024x538.jpeg 1024w, https:\/\/webs.uab.cat\/micromol\/wp-content\/uploads\/sites\/254\/2025\/10\/Logo4-6-300x158.jpeg 300w, https:\/\/webs.uab.cat\/micromol\/wp-content\/uploads\/sites\/254\/2025\/10\/Logo4-6-768x403.jpeg 768w, https:\/\/webs.uab.cat\/micromol\/wp-content\/uploads\/sites\/254\/2025\/10\/Logo4-6.jpeg 1200w\" sizes=\"auto, (max-width: 1024px) 100vw, 1024px\" \/><\/figure><div class=\"wp-block-media-text__content\">\n<div class=\"wp-block-group is-vertical is-layout-flex wp-container-core-group-is-layout-8cf370e7 wp-block-group-is-layout-flex\">\n<p class=\"has-small-font-size\"><strong><strong>Project Title:<\/strong><\/strong>  Microbiolog\u00eda Molecular<\/p>\n\n\n\n<p class=\"has-small-font-size\"><strong><strong>Reference:<\/strong><\/strong> 2005SGR-00533<\/p>\n\n\n\n<p class=\"has-small-font-size\"><strong>Principal Investigator:<\/strong> Jordi Barb\u00e9 Garcia<\/p>\n\n\n\n<p class=\"has-small-font-size\"><strong><strong>Funding Institution:<\/strong><\/strong> Departament d\u2019Universitats, Recerca i Societat de la Informaci\u00f3 (Generalitat de Catalunya)<\/p>\n\n\n\n<p class=\"has-small-font-size\"><strong><strong><strong>Period:<\/strong><\/strong><\/strong> 01\/01\/2005 &#8211; 31\/12\/2008<\/p>\n<\/div>\n<\/div><\/div>\n\n\n\n<div class=\"wp-block-media-text is-stacked-on-mobile\" style=\"grid-template-columns:35% auto\"><figure class=\"wp-block-media-text__media\"><img loading=\"lazy\" decoding=\"async\" width=\"208\" height=\"90\" src=\"https:\/\/webs.uab.cat\/micromol\/wp-content\/uploads\/sites\/254\/2025\/09\/INIA.png\" alt=\"\" class=\"wp-image-937 size-full\" \/><\/figure><div class=\"wp-block-media-text__content\">\n<div class=\"wp-block-group is-vertical is-layout-flex wp-container-core-group-is-layout-8cf370e7 wp-block-group-is-layout-flex\">\n<p class=\"has-small-font-size\"><strong><strong>Project Title:<\/strong><\/strong> Aislamiento y caracterizaci\u00f3n de bacteriofagos de <em>Salmonella <\/em>enterica para su aplicaci\u00f3n en el sector av\u00edcola y porcino como agentes de biocontrol<\/p>\n\n\n\n<p class=\"has-small-font-size\"><strong><strong>Reference:<\/strong><\/strong> RTA2006-00065-00-00<\/p>\n\n\n\n<p class=\"has-small-font-size\"><strong>Principal Investigator:<\/strong> Montserrat Llagostera Casas<\/p>\n\n\n\n<p class=\"has-small-font-size\"><strong><strong>Funding Institution:<\/strong><\/strong> Instituto Nacional de Investigaci\u00f3n y Tecnolog\u00eda Agraria y Alimentaria (INIA-CSIC)<\/p>\n\n\n\n<p class=\"has-small-font-size\"><strong><strong><strong>Period:<\/strong><\/strong><\/strong> 31\/07\/2006 &#8211; 28\/02\/2010<\/p>\n<\/div>\n<\/div><\/div>\n\n\n\n<div class=\"wp-block-media-text is-stacked-on-mobile\" style=\"grid-template-columns:35% auto\"><figure class=\"wp-block-media-text__media\"><img loading=\"lazy\" decoding=\"async\" width=\"254\" height=\"64\" src=\"https:\/\/webs.uab.cat\/micromol\/wp-content\/uploads\/sites\/254\/2025\/09\/Ministerio-educacion-y-ciencia-1.png\" alt=\"\" class=\"wp-image-940 size-full\" \/><\/figure><div class=\"wp-block-media-text__content\">\n<div class=\"wp-block-group is-vertical is-layout-flex wp-container-core-group-is-layout-8cf370e7 wp-block-group-is-layout-flex\">\n<p class=\"has-small-font-size\"><img decoding=\"async\" src=\"\" alt=\"\"><strong><strong>Project Title:<\/strong><\/strong> Identificaci\u00f3n de los componentes de los sistemas de captaci\u00f3n de hierro y zinc en <em>Streptococcus suis<\/em>. Evaluaci\u00f3n de su potencial antig\u00e9nico y\/o protector<\/p>\n\n\n\n<p class=\"has-small-font-size\"><strong><strong>Reference:<\/strong><\/strong> AGL2005-03574\/GAN<\/p>\n\n\n\n<p class=\"has-small-font-size\"><strong>Principal Investigator:<\/strong> Jordi Barb\u00e9 Garcia<\/p>\n\n\n\n<p class=\"has-small-font-size\"><strong><strong>Funding Institution:<\/strong><\/strong> Ministerio de Educaci\u00f3n y Ciencia<\/p>\n\n\n\n<p class=\"has-small-font-size\"><strong><strong><strong>Period:<\/strong><\/strong><\/strong> 05\/10\/2005 &#8211; 31\/01\/2009<\/p>\n<\/div>\n<\/div><\/div>\n\n\n\n<div class=\"wp-block-media-text is-stacked-on-mobile\" style=\"grid-template-columns:35% auto\"><figure class=\"wp-block-media-text__media\"><img loading=\"lazy\" decoding=\"async\" width=\"254\" height=\"64\" src=\"https:\/\/webs.uab.cat\/micromol\/wp-content\/uploads\/sites\/254\/2025\/09\/Ministerio-educacion-y-ciencia-2.png\" alt=\"\" class=\"wp-image-944 size-full\" \/><\/figure><div class=\"wp-block-media-text__content\">\n<div class=\"wp-block-group is-vertical is-layout-flex wp-container-core-group-is-layout-8cf370e7 wp-block-group-is-layout-flex\">\n<p class=\"has-small-font-size\"><strong><strong>Project Title:<\/strong><\/strong> Red Tem\u00e1tica de Gen\u00f3mica de Microorganismos Pat\u00f3genos del Hombre (Acr\u00f3nimo de la Red: Patogenom)<\/p>\n\n\n\n<p class=\"has-small-font-size\"><strong><strong>Reference:<\/strong><\/strong> BIO2005-24814-E<\/p>\n\n\n\n<p class=\"has-small-font-size\"><strong>Principal Investigator:<\/strong>  Jordi Barb\u00e9 Garcia<\/p>\n\n\n\n<p class=\"has-small-font-size\"><strong><strong>Funding Institution:<\/strong><\/strong> Ministerio de Educaci\u00f3n y Ciencia<\/p>\n\n\n\n<p class=\"has-small-font-size\"><strong><strong><strong>Period:<\/strong><\/strong><\/strong> 31\/12\/2005 &#8211; 31\/12\/2007<\/p>\n<\/div>\n<\/div><\/div>\n\n\n\n<div class=\"wp-block-media-text is-stacked-on-mobile\" style=\"grid-template-columns:35% auto\"><figure class=\"wp-block-media-text__media\"><img loading=\"lazy\" decoding=\"async\" width=\"254\" height=\"64\" src=\"https:\/\/webs.uab.cat\/micromol\/wp-content\/uploads\/sites\/254\/2025\/09\/Ministerio-educacion-y-ciencia-3.png\" alt=\"\" class=\"wp-image-947 size-full\" \/><\/figure><div class=\"wp-block-media-text__content\">\n<div class=\"wp-block-group is-vertical is-layout-flex wp-container-core-group-is-layout-8cf370e7 wp-block-group-is-layout-flex\">\n<p class=\"has-small-font-size\"><strong><strong><strong>Project Title:<\/strong><\/strong> <\/strong> Identificaci\u00f3n del mecanismo regulador de los genes inducibles por lesiones en el DNA en <em>Sulfolobus solfataricus<\/em>: an\u00e1lisis de la distribuci\u00f3n en el dominio Archaea<\/p>\n\n\n\n<p class=\"has-small-font-size\"><strong><strong>Reference:<\/strong><\/strong> BFU2004-02768\/BMC<\/p>\n\n\n\n<p class=\"has-small-font-size\"><strong>Principal Investigator:<\/strong> Jordi Barb\u00e9 Garcia<\/p>\n\n\n\n<p class=\"has-small-font-size\"><strong><strong>Funding Institution:<\/strong><\/strong>  MEC<\/p>\n\n\n\n<p class=\"has-small-font-size\"><strong><strong><strong><strong><strong>Period:<\/strong><\/strong><\/strong> <\/strong><\/strong>13\/12\/2004 &#8211; 13\/12\/2007<\/p>\n<\/div>\n<\/div><\/div>\n\n\n\n<div class=\"wp-block-media-text is-stacked-on-mobile\" style=\"grid-template-columns:35% auto\"><figure class=\"wp-block-media-text__media\"><img loading=\"lazy\" decoding=\"async\" width=\"142\" height=\"69\" src=\"https:\/\/webs.uab.cat\/micromol\/wp-content\/uploads\/sites\/254\/2025\/09\/Gobierno-de-Espanya.png\" alt=\"\" class=\"wp-image-951 size-full\" \/><\/figure><div class=\"wp-block-media-text__content\">\n<div class=\"wp-block-group is-vertical is-layout-flex wp-container-core-group-is-layout-8cf370e7 wp-block-group-is-layout-flex\">\n<p class=\"has-small-font-size\"><strong><strong><strong>Project Title:<\/strong><\/strong><\/strong> Identificaci\u00f3n mediante gen\u00f3mica y prote\u00f3mica de las prote\u00ednas involucradas en la captaci\u00f3n de cationes divalentes a <em>Salmonella enterica<\/em>. An\u00e1lisis de su capacidad antig\u00e9nico y vacunal<\/p>\n\n\n\n<p class=\"has-small-font-size\"><strong><strong>Reference:<\/strong><\/strong> GEN2003-20434-C06-04<\/p>\n\n\n\n<p class=\"has-small-font-size\"><strong>Principal Investigator:<\/strong> Jordi Barb\u00e9 Garcia<\/p>\n\n\n\n<p class=\"has-small-font-size\"><strong><strong>Funding Institution:<\/strong><\/strong> MiCyT<\/p>\n\n\n\n<p class=\"has-small-font-size\"><strong><strong><strong><strong><strong>Period:<\/strong><\/strong><\/strong><\/strong><\/strong> 05\/03\/2003 &#8211; 05\/03\/2006<\/p>\n<\/div>\n<\/div><\/div>\n\n\n\n<div class=\"wp-block-media-text is-stacked-on-mobile\" style=\"grid-template-columns:35% auto\"><figure class=\"wp-block-media-text__media\"><img loading=\"lazy\" decoding=\"async\" width=\"208\" height=\"90\" src=\"https:\/\/webs.uab.cat\/micromol\/wp-content\/uploads\/sites\/254\/2025\/09\/INIA-1.png\" alt=\"\" class=\"wp-image-954 size-full\" \/><\/figure><div class=\"wp-block-media-text__content\">\n<div class=\"wp-block-group is-vertical is-layout-flex wp-container-core-group-is-layout-8cf370e7 wp-block-group-is-layout-flex\">\n<p class=\"has-small-font-size\"><strong><strong><strong>Project Title:<\/strong><\/strong><\/strong> Desarrollo de un nuevo tipo de vacunas para <em>Haemophilus parasuis<\/em> que combinan la expresi\u00f3n constitutiva de sus prote\u00ednas captadoras de hierro con su inactivaci\u00f3n programada durante el proceso infectivo<\/p>\n\n\n\n<p class=\"has-small-font-size\"><strong><strong><strong>Reference:<\/strong><\/strong><\/strong> IRTA03-065<\/p>\n\n\n\n<p class=\"has-small-font-size\"><strong>Principal Investigator:<\/strong> Jordi Barb\u00e9 Garcia<\/p>\n\n\n\n<p class=\"has-small-font-size\"><strong><strong>Funding Institution:<\/strong><\/strong> Instituto Nacional de Investigaci\u00f3n y Tecnolog\u00eda Agraria y Alimentaria (INIA)<\/p>\n\n\n\n<p class=\"has-small-font-size\"><strong><strong><strong><strong><strong><strong><strong>Period<\/strong><\/strong><\/strong><\/strong><\/strong><\/strong>:<\/strong> 01\/01\/2003 &#8211; 31\/12\/2005<\/p>\n<\/div>\n<\/div><\/div>\n\n\n\n<div class=\"wp-block-media-text is-stacked-on-mobile\" style=\"grid-template-columns:35% auto\"><figure class=\"wp-block-media-text__media\"><img loading=\"lazy\" decoding=\"async\" width=\"242\" height=\"81\" src=\"https:\/\/webs.uab.cat\/micromol\/wp-content\/uploads\/sites\/254\/2025\/09\/Ministerio-ciencia-innovacion-y-universidades.png\" alt=\"\" class=\"wp-image-957 size-full\" \/><\/figure><div class=\"wp-block-media-text__content\">\n<div class=\"wp-block-group is-vertical is-layout-flex wp-container-core-group-is-layout-8cf370e7 wp-block-group-is-layout-flex\">\n<p class=\"has-small-font-size\"><strong><strong><strong>Project Title:<\/strong><\/strong><\/strong>  Prevalencia de las betalactamasas plasm\u00eddicas de espectro extendido, cefamicinasas y carbapenemasas en animales. Caracterizaci\u00f3n gen\u00e9tica de estas resistencias en cepas de or\u00edgenes diversos<\/p>\n\n\n\n<p class=\"has-small-font-size\"><strong><strong><strong>Reference:<\/strong><\/strong><\/strong> PI020918<\/p>\n\n\n\n<p class=\"has-small-font-size\"><strong>Principal Investigator:<\/strong> Dra. Montserrat Llagostera Casas<\/p>\n\n\n\n<p class=\"has-small-font-size\"><strong><strong>Funding Institution:<\/strong><\/strong> Fondo de Investigaciones Sanitarias de la Seguridad Social (FIS)<\/p>\n\n\n\n<p class=\"has-small-font-size\"><strong><strong><strong><strong><strong><strong><strong>Period<\/strong><\/strong><\/strong><\/strong><\/strong><\/strong>:<\/strong> 01\/10\/2002 &#8211; 01\/10\/2005<\/p>\n<\/div>\n<\/div><\/div>\n\n\n\n<div class=\"wp-block-media-text is-stacked-on-mobile\" style=\"grid-template-columns:35% auto\"><figure class=\"wp-block-media-text__media\"><img loading=\"lazy\" decoding=\"async\" width=\"1024\" height=\"538\" src=\"https:\/\/webs.uab.cat\/micromol\/wp-content\/uploads\/sites\/254\/2025\/10\/Logo4-7-1024x538.jpeg\" alt=\"\" class=\"wp-image-1032 size-full\" srcset=\"https:\/\/webs.uab.cat\/micromol\/wp-content\/uploads\/sites\/254\/2025\/10\/Logo4-7-1024x538.jpeg 1024w, https:\/\/webs.uab.cat\/micromol\/wp-content\/uploads\/sites\/254\/2025\/10\/Logo4-7-300x158.jpeg 300w, https:\/\/webs.uab.cat\/micromol\/wp-content\/uploads\/sites\/254\/2025\/10\/Logo4-7-768x403.jpeg 768w, https:\/\/webs.uab.cat\/micromol\/wp-content\/uploads\/sites\/254\/2025\/10\/Logo4-7.jpeg 1200w\" sizes=\"auto, (max-width: 1024px) 100vw, 1024px\" \/><\/figure><div class=\"wp-block-media-text__content\">\n<div class=\"wp-block-group is-vertical is-layout-flex wp-container-core-group-is-layout-8cf370e7 wp-block-group-is-layout-flex\">\n<p class=\"has-small-font-size\"><strong><strong><strong>Project Title:<\/strong><\/strong><\/strong>  Investigaci\u00f3n vigil\u00e0ncia y control de la resistencia bacteriana a los antibi\u00f3ticos<\/p>\n\n\n\n<p class=\"has-small-font-size\"><strong><strong>Principal Investigator:<\/strong><\/strong> Dr. Jordi Vila i Estap\u00e9<\/p>\n\n\n\n<p class=\"has-small-font-size\"><strong><strong>Funding Institution:<\/strong><\/strong> Departament d\u2019Universitats, Recerca i Societat de la Informaci\u00f3 (Generalitat de Catalunya)&nbsp;&nbsp;&nbsp;&nbsp;&nbsp;&nbsp;&nbsp;&nbsp;&nbsp;&nbsp;&nbsp;&nbsp;&nbsp;&nbsp;&nbsp;&nbsp;&nbsp;&nbsp;&nbsp;&nbsp;&nbsp;&nbsp;&nbsp;&nbsp;&nbsp;&nbsp;&nbsp;&nbsp;&nbsp;&nbsp;&nbsp;&nbsp;&nbsp;&nbsp;&nbsp;&nbsp;&nbsp;&nbsp;&nbsp;&nbsp;&nbsp;&nbsp;<\/p>\n\n\n\n<p class=\"has-small-font-size\"><strong><strong><strong><strong><strong><strong><strong>Period<\/strong><\/strong><\/strong><\/strong><\/strong><\/strong>:<\/strong> 01\/01\/2003 &#8211; 31\/12\/2003<\/p>\n<\/div>\n<\/div><\/div>\n\n\n\n<div class=\"wp-block-media-text is-stacked-on-mobile\" style=\"grid-template-columns:35% auto\"><figure class=\"wp-block-media-text__media\"><img loading=\"lazy\" decoding=\"async\" width=\"1024\" height=\"538\" src=\"https:\/\/webs.uab.cat\/micromol\/wp-content\/uploads\/sites\/254\/2025\/10\/Logo4-8-1024x538.jpeg\" alt=\"\" class=\"wp-image-1035 size-full\" srcset=\"https:\/\/webs.uab.cat\/micromol\/wp-content\/uploads\/sites\/254\/2025\/10\/Logo4-8-1024x538.jpeg 1024w, https:\/\/webs.uab.cat\/micromol\/wp-content\/uploads\/sites\/254\/2025\/10\/Logo4-8-300x158.jpeg 300w, https:\/\/webs.uab.cat\/micromol\/wp-content\/uploads\/sites\/254\/2025\/10\/Logo4-8-768x403.jpeg 768w, https:\/\/webs.uab.cat\/micromol\/wp-content\/uploads\/sites\/254\/2025\/10\/Logo4-8.jpeg 1200w\" sizes=\"auto, (max-width: 1024px) 100vw, 1024px\" \/><\/figure><div class=\"wp-block-media-text__content\">\n<div class=\"wp-block-group is-vertical is-layout-flex wp-container-core-group-is-layout-8cf370e7 wp-block-group-is-layout-flex\">\n<p class=\"has-small-font-size\"><strong><strong><strong>Project Title:<\/strong><\/strong><\/strong> Grupo de Microbiologia Molecular y Gen\u00e9tica Bacteriana<\/p>\n\n\n\n<p class=\"has-small-font-size\"><strong><strong><strong>Reference:<\/strong><\/strong><\/strong>  2001SGR-00206<\/p>\n\n\n\n<p class=\"has-small-font-size\"><strong><strong>Principal Investigator:<\/strong><\/strong> Jordi Barb\u00e9 Garcia<\/p>\n\n\n\n<p class=\"has-small-font-size\"><strong><strong>Funding Institution:<\/strong><\/strong>  Direcci\u00f3 General de Recerca de la Generalitat de Catalunya<\/p>\n\n\n\n<p class=\"has-small-font-size\"><strong><strong><strong><strong><strong><strong><strong><strong><strong>Period<\/strong><\/strong><\/strong><\/strong><\/strong><\/strong>:<\/strong><\/strong><\/strong> 01\/11\/2001 &#8211; 31\/10\/2005<\/p>\n<\/div>\n<\/div><\/div>\n\n\n\n<div class=\"wp-block-media-text is-stacked-on-mobile\" style=\"grid-template-columns:35% auto\"><figure class=\"wp-block-media-text__media\"><\/figure><div class=\"wp-block-media-text__content\">\n<div class=\"wp-block-group is-vertical is-layout-flex wp-container-core-group-is-layout-8cf370e7 wp-block-group-is-layout-flex\">\n<p class=\"has-small-font-size\"><strong><strong><strong>Project Title:<\/strong><\/strong><\/strong> An\u00e1lisis de la variabilitat de la caja SOS en el Dominio Bacteria<\/p>\n\n\n\n<p class=\"has-small-font-size\"><strong><strong><strong><strong>Reference:<\/strong><\/strong><\/strong><\/strong> BMC2001-2065<\/p>\n\n\n\n<p class=\"has-small-font-size\"><strong><strong><strong><strong>Principal Investigator:<\/strong><\/strong><\/strong><\/strong> Jordi Barb\u00e9 Garcia<\/p>\n\n\n\n<p class=\"has-small-font-size\"><strong><strong>Funding Institution:<\/strong><\/strong> DGESIC<\/p>\n\n\n\n<p class=\"has-small-font-size\"><strong><strong><strong><strong><strong><strong><strong><strong><strong>Period<\/strong><\/strong><\/strong><\/strong><\/strong><\/strong>:<\/strong><\/strong><\/strong>  28\/12\/2001 &#8211; 28\/12\/2004<\/p>\n<\/div>\n<\/div><\/div>\n\n\n\n<div class=\"wp-block-media-text is-stacked-on-mobile\" style=\"grid-template-columns:35% auto\"><figure class=\"wp-block-media-text__media\"><img loading=\"lazy\" decoding=\"async\" width=\"1024\" height=\"538\" src=\"https:\/\/webs.uab.cat\/micromol\/wp-content\/uploads\/sites\/254\/2025\/10\/Logo4-9-1024x538.jpeg\" alt=\"\" class=\"wp-image-1038 size-full\" srcset=\"https:\/\/webs.uab.cat\/micromol\/wp-content\/uploads\/sites\/254\/2025\/10\/Logo4-9-1024x538.jpeg 1024w, https:\/\/webs.uab.cat\/micromol\/wp-content\/uploads\/sites\/254\/2025\/10\/Logo4-9-300x158.jpeg 300w, https:\/\/webs.uab.cat\/micromol\/wp-content\/uploads\/sites\/254\/2025\/10\/Logo4-9-768x403.jpeg 768w, https:\/\/webs.uab.cat\/micromol\/wp-content\/uploads\/sites\/254\/2025\/10\/Logo4-9.jpeg 1200w\" sizes=\"auto, (max-width: 1024px) 100vw, 1024px\" \/><\/figure><div class=\"wp-block-media-text__content\">\n<div class=\"wp-block-group is-vertical is-layout-flex wp-container-core-group-is-layout-8cf370e7 wp-block-group-is-layout-flex\">\n<p class=\"has-small-font-size\"><strong><strong><strong>Project Title:<\/strong><\/strong><\/strong> Grup de Microbiologia Molecular i Gen\u00e8tica Bacteriana<\/p>\n\n\n\n<p class=\"has-small-font-size\"><strong><strong><strong><strong>Reference:<\/strong><\/strong><\/strong><\/strong> SGR99-106<\/p>\n\n\n\n<p class=\"has-small-font-size\"><strong><strong><strong><strong>Principal Investigator:<\/strong><\/strong><\/strong><\/strong> Jordi Barb\u00e9 Garcia<\/p>\n\n\n\n<p class=\"has-small-font-size\"><strong><strong>Funding Institution:<\/strong><\/strong> Direcci\u00f3 General de Recerca de la Generalitat de Catalunya<\/p>\n\n\n\n<p class=\"has-small-font-size\"><strong><strong><strong><strong><strong><strong><strong><strong><strong><strong><strong>Period<\/strong><\/strong><\/strong><\/strong><\/strong><\/strong>:<\/strong><\/strong><\/strong><\/strong><\/strong> 01\/03\/2000 &#8211; 31\/03\/2002<\/p>\n<\/div>\n<\/div><\/div>\n\n\n\n<div class=\"wp-block-media-text is-stacked-on-mobile\" style=\"grid-template-columns:35% auto\"><figure class=\"wp-block-media-text__media\"><img loading=\"lazy\" decoding=\"async\" width=\"300\" height=\"143\" src=\"https:\/\/webs.uab.cat\/micromol\/wp-content\/uploads\/sites\/254\/2025\/10\/CICYT-300x143-1.png\" alt=\"\" class=\"wp-image-1056 size-full\" \/><\/figure><div class=\"wp-block-media-text__content\">\n<div class=\"wp-block-group is-vertical is-layout-flex wp-container-core-group-is-layout-8cf370e7 wp-block-group-is-layout-flex\">\n<p class=\"has-small-font-size\"><strong><strong><strong>Project Title:<\/strong><\/strong><\/strong> Construcci\u00f3n de cepas vacunales frente a <em>Pasteurella multocida<\/em> basadas en la expresi\u00f3n constitutiva de prote\u00ednas captadoras de hierro<\/p>\n\n\n\n<p class=\"has-small-font-size\"><strong><strong><strong><strong>Reference:<\/strong><\/strong><\/strong><\/strong> BIO99-0779<\/p>\n\n\n\n<p class=\"has-small-font-size\"><strong><strong><strong><strong>Principal Investigator:<\/strong><\/strong><\/strong><\/strong> Jordi Barb\u00e9 Garcia<\/p>\n\n\n\n<p class=\"has-small-font-size\"><strong><strong>Funding Institution:<\/strong><\/strong> Comisi\u00f3n Interministerial de Ciencia y Tecnolog\u00eda (CICYT)<\/p>\n\n\n\n<p class=\"has-small-font-size\"><strong><strong><strong><strong><strong><strong><strong><strong><strong><strong><strong>Period<\/strong><\/strong><\/strong><\/strong><\/strong><\/strong>:<\/strong><\/strong><\/strong><\/strong><\/strong> 30\/12\/1999 &#8211; 30\/12\/2002<\/p>\n<\/div>\n<\/div><\/div>\n\n\n\n<div class=\"wp-block-media-text is-stacked-on-mobile\" style=\"grid-template-columns:35% auto\"><figure class=\"wp-block-media-text__media\"><\/figure><div class=\"wp-block-media-text__content\">\n<div class=\"wp-block-group is-vertical is-layout-flex wp-container-core-group-is-layout-8cf370e7 wp-block-group-is-layout-flex\">\n<p class=\"has-small-font-size\"><strong><strong><strong>Project Title:<\/strong><\/strong><\/strong> Aislamiento y caracterizaci\u00f3n de un nuevo tipo de represor LexA perteneciente al grupo Alfa de las proteobacterias<\/p>\n\n\n\n<p class=\"has-small-font-size\"><strong><strong><strong><strong>Reference:<\/strong><\/strong><\/strong><\/strong> PB97-0194<\/p>\n\n\n\n<p class=\"has-small-font-size\"><strong><strong><strong><strong>Principal Investigator:<\/strong><\/strong><\/strong><\/strong> Jordi Barb\u00e9 Garcia<\/p>\n\n\n\n<p class=\"has-small-font-size\"><strong><strong>Funding Institution:<\/strong><\/strong> Direcci\u00f3n General de Ense\u00f1anza Superior e Investigaci\u00f3n Cient\u00edfica (DGESIC)<\/p>\n\n\n\n<p class=\"has-small-font-size\"><strong><strong><strong><strong><strong><strong><strong><strong><strong><strong><strong>Period<\/strong><\/strong><\/strong><\/strong><\/strong><\/strong>:<\/strong><\/strong><\/strong><\/strong><\/strong> 01\/10\/1998&nbsp; &#8211; 31\/01\/2002<\/p>\n<\/div>\n<\/div><\/div>\n\n\n\n<div class=\"wp-block-buttons is-layout-flex wp-block-buttons-is-layout-flex\">\n<div class=\"wp-block-button\"><a class=\"wp-block-button__link wp-element-button\" href=\"https:\/\/webs.uab.cat\/micromol\/en\/\">home<\/a><\/div>\n\n\n\n<div class=\"wp-block-button\"><a class=\"wp-block-button__link wp-element-button\" href=\"https:\/\/webs.uab.cat\/micromol\/en\/projectes\/\">current projects<\/a><\/div>\n<\/div>\n","protected":false},"excerpt":{"rendered":"<p>Completed Projects<\/p>\n","protected":false},"author":105,"featured_media":0,"parent":0,"menu_order":0,"comment_status":"closed","ping_status":"closed","template":"","meta":{"footnotes":""},"class_list":["post-1004","page","type-page","status-publish","hentry"],"_links":{"self":[{"href":"https:\/\/webs.uab.cat\/micromol\/en\/wp-json\/wp\/v2\/pages\/1004","targetHints":{"allow":["GET"]}}],"collection":[{"href":"https:\/\/webs.uab.cat\/micromol\/en\/wp-json\/wp\/v2\/pages"}],"about":[{"href":"https:\/\/webs.uab.cat\/micromol\/en\/wp-json\/wp\/v2\/types\/page"}],"author":[{"embeddable":true,"href":"https:\/\/webs.uab.cat\/micromol\/en\/wp-json\/wp\/v2\/users\/105"}],"replies":[{"embeddable":true,"href":"https:\/\/webs.uab.cat\/micromol\/en\/wp-json\/wp\/v2\/comments?post=1004"}],"version-history":[{"count":26,"href":"https:\/\/webs.uab.cat\/micromol\/en\/wp-json\/wp\/v2\/pages\/1004\/revisions"}],"predecessor-version":[{"id":2092,"href":"https:\/\/webs.uab.cat\/micromol\/en\/wp-json\/wp\/v2\/pages\/1004\/revisions\/2092"}],"wp:attachment":[{"href":"https:\/\/webs.uab.cat\/micromol\/en\/wp-json\/wp\/v2\/media?parent=1004"}],"curies":[{"name":"wp","href":"https:\/\/api.w.org\/{rel}","templated":true}]}}