{"id":18,"date":"2024-01-11T11:40:30","date_gmt":"2024-01-11T09:40:30","guid":{"rendered":"https:\/\/webs.uab.cat\/migracions\/?page_id=18"},"modified":"2024-10-17T14:06:17","modified_gmt":"2024-10-17T12:06:17","slug":"contacte","status":"publish","type":"page","link":"https:\/\/webs.uab.cat\/migracions\/ca\/contacte\/","title":{"rendered":"Breu hist\u00f2ria de GRM"},"content":{"rendered":"\n<p>Aquesta p\u00e0gina web \u2013\u00a0<em>Galeria de Recerca sobre Migracions, GRM<\/em>\u00a0\u2013 est\u00e0 fonamentalment centrada en l\u2019estudi de les\u00a0<strong>migracions humanes<\/strong> i \u00e9s d\u2019<strong>acc\u00e8s obert<\/strong>.\u00a0 GRM fou creada l&#8217;any <strong>2002<\/strong> gr\u00e0cies a finan\u00e7ament del programa de recerca\u00a0<strong><em>Ram\u00f3n y Cajal<\/em><\/strong>\u00a0(Ministeri de Ci\u00e8ncia i Tecnologia, Govern d\u2019Espanya) pel professor Ricard Mor\u00e9n-Alegret, en el marc del Grup de Recerca sobre Migracions &#8211; llavors dirigit per la professora \u00c0ngels Pascual de Sans  (vegeu altres informacions sobre GRM a<strong> <\/strong>X, <em>Twitter<\/em><strong>:<\/strong>\u00a0<a href=\"https:\/\/twitter.com\/RicardMoren?ref_src=twsrc%5Egoogle%7Ctwcamp%5Eserp%7Ctwgr%5Eauthor\">@RicardMoren<\/a>).<br><br>Apartir de 2017,\u00a0<strong>GRM<\/strong>\u00a0i el col\u00b7lectiu de personal investigador vinculat s\u2019organitzen com\u00a0<strong>l\u00ednia de recerca sobre migracions<\/strong>\u00a0<strong>d\u2019ECONECOL<\/strong>, Grup de Recerca Consolidat i Finan\u00e7at del Programa\u00a0<strong>SGR2017-2021 &amp; SGR2021-2025<\/strong>\u00a0de l\u2019<strong>AGAUR<\/strong>\u00a0(convertint-se en una de les 5 l\u00ednies de recerca que composen aquest grup). ECONECOL est\u00e0 coordinat pel Dr. Giorgos Kallis i inclou professorat i personal investigador de l\u2019<strong>ICTA-UAB<\/strong>\u00a0i del\u00a0<strong>Departament de Geografia de la UAB<\/strong>, entre altres institucions. Aquesta\u00a0<strong>Galeria de Recerca sobre Migracions<\/strong>\u00a0<strong>(GRM)<\/strong>\u00a0i l\u2019esmentada l\u00ednia d\u2019investigaci\u00f3 sobre migracions estan coordinades pel\u00a0Dr. Ricard Mor\u00e9n Alegret.<strong>\u00a0<\/strong><\/p>\n\n\n\n<p>Des d\u2019octubre de 2014 fins 2017 aquesta p\u00e1gina web ha ofert continguts relacionats amb activitats, entre d\u2019altres, de la<strong>&nbsp;linia de recerca sobre<\/strong>&nbsp;<strong>migracions<\/strong>&nbsp;del grup consolidat i renovat del programa SGR denominat <strong>Interfase<\/strong> (2014-2017), Departament de Geografia, UAB. Durant aquell periode, Interfase fou coordinat per la Dra.  Fran\u00e7oise Breton, fins la seva jubilaci\u00f3 de la UAB. <\/p>\n\n\n\n<p>GRM est\u00e0 principalment vinculat al<strong>&nbsp;<a href=\"https:\/\/www.uab.cat\/ca\/geografia\">Departament de Geografia<\/a><\/strong>&nbsp;<strong>i la&nbsp;<a href=\"https:\/\/www.uab.cat\/web\/facultat-de-filosofia-i-lletres-1345689134334.html\">Facultat de Filosofia i LLetres<\/a><\/strong>&nbsp;de la&nbsp;<strong>Universitat Aut\u00f2noma de Barcelona<\/strong>&nbsp;(UAB). El Departament de Geografia de la UAB es va crear als anys 1970s. Segons els&nbsp;<em>2022 QS World University Rankings by Subject<\/em>, la Universitat Aut\u00f2noma de Barcelona (<strong>UAB<\/strong>) est\u00e0 entre les&nbsp;<strong>100 millors<\/strong>&nbsp;<strong>universitats&nbsp;<\/strong>del&nbsp;<strong>m\u00f3n<\/strong>&nbsp;en&nbsp;<strong>Geografia<\/strong>, vegeu:&nbsp;<a href=\"https:\/\/www.topuniversities.com\/university-subject-rankings\/geography\/2022\">https:\/\/www.topuniversities.com\/university-rankings\/university-subject-rankings\/2022\/geography<\/a><\/p>\n\n\n\n<p>A m\u00e9s, aquesta p\u00e0gina web tamb\u00e9 ofereix continguts relacionats amb el ja hist\u00f2ric&nbsp;<strong>Grup de Recerca sobre Migracions (GRM),<\/strong>&nbsp;aix\u00ed mateix localitzat al&nbsp;<a href=\"https:\/\/www.uab.cat\/ca\/geografia\">Departament de Geografia<\/a>&nbsp;i a la&nbsp;<a href=\"https:\/\/www.uab.cat\/web\/facultat-de-filosofia-i-lletres-1345689134334.html\">Facultat de Filosofia i Lletres<\/a>&nbsp;de la Universitat Aut\u00f2noma de Barcelona (UAB). El GRM va ser reconegut com a Grup de Recerca Consolidat i Finan\u00e7at per l\u2019AGAUR (Generalitat de Catalunya) durant el per\u00edode 2009-2014 amb Ricard Mor\u00e9n Alegret com Coordinador (SGR2009-728). Durant aquest periode el GRM ha augmentat, internacionalitzat i diversificat la producci\u00f3 de resultats de recerca. Anteriorment, durant el periode 2005-2008, el GRM fou coordinat per la Dra. <strong>\u00c0ngels Pascual de Sans<\/strong>, qui des de 2009 fins la seva jubilaci\u00f3 el setembre de 2013 va exercir d\u2019em\u00e8rita. Des de la d\u00e8cada dels anys 1960, \u00c0ngels Pascual ha estat una apreciada acad\u00e8mica dedicada a la recerca sobre migracions a Espanya.<\/p>\n\n\n\n<p>El GRM ha desenvolupat recerca en l\u2019\u00e0rea de la migraci\u00f3 i l\u2019assentament des d\u2019una perspectiva interdisciplin\u00e0ria, amb una especial refer\u00e8ncia a Catalunya, la pen\u00ednsula Ib\u00e8rica, Europa i la Mediterr\u00e0nia. Els seus membres han format part de diferents recerques europees i han col\u00b7laborat amb diverses institucions locals, nacionals i internacionals. <\/p>\n\n\n\n<p>M\u00e9s avall d&#8217;aquesta secci\u00f3 es mostren alguns exemples visuals d&#8217;aquestes activitats, per\u00f2 per obtenir m\u00e9s detalls vegeu altres seccions d&#8217;aquesta p\u00e0gina web.<\/p>\n\n\n\n<hr class=\"wp-block-separator has-alpha-channel-opacity is-style-dots\" \/>\n\n\n\n<p class=\"has-text-align-center\"><strong>XARXA d\u2019ESTUDIS MIGRATORIS<\/strong><\/p>\n\n\n\n<p><strong>GRM<\/strong>&nbsp;particip\u00e0 a la&nbsp;<strong>Xarxa d\u2019Estudis Migratoris<\/strong>&nbsp;(<strong>Red de Estudios Migratorios, REsMi<\/strong>), una de les Xarxes d\u2019Excel\u00b7l\u00e8ncia 2016 en Ci\u00e8ncies Socials finan\u00e7ades pel&nbsp;<strong>MINECO<\/strong>, Govern d\u2019Espanya (2017-2019). Aquesta xarxa fou dirigida per Francisco Javier Garc\u00eda Casta\u00f1o (Universidad de Granada) i hi participaren una dotzena d\u2019investigadores i investigadors d\u2019una varietat de ci\u00e8ncies socials. Aquest personal acad\u00e8mic pertanyia a universitats i altres institucions de recerca localitzades a Andalusia, Catalunya, Galicia, Madrid, Pa\u00eds Basc i Val\u00e8ncia. De la UAB van participar A. Domingo (CED), S. Carrasco (CERM) i R. Mor\u00e9n-Alegret (GRM).<\/p>\n\n\n\n<p>Entre altres productes, REsMi ajud\u00e0 a establir el Centre de Documentaci\u00f3 en Estudis Migratoris (CDEM) de l&#8217;Institut de Migracions de la Universitat de Granada. Vegeu:&nbsp;<a href=\"https:\/\/cdem.info\/centro-de-documentacion\/\">https:\/\/cdem.info\/centro-de-documentacion\/<\/a><\/p>\n\n\n<div class=\"wp-block-image\">\n<figure class=\"aligncenter size-full\"><img loading=\"lazy\" decoding=\"async\" width=\"457\" height=\"213\" src=\"https:\/\/webs.uab.cat\/migracions\/wp-content\/uploads\/sites\/534\/2024\/04\/image-4.png\" alt=\"\" class=\"wp-image-1117\" srcset=\"https:\/\/webs.uab.cat\/migracions\/wp-content\/uploads\/sites\/534\/2024\/04\/image-4.png 457w, https:\/\/webs.uab.cat\/migracions\/wp-content\/uploads\/sites\/534\/2024\/04\/image-4-300x140.png 300w\" sizes=\"auto, (max-width: 457px) 100vw, 457px\" \/><\/figure>\n<\/div>\n\n\n<hr class=\"wp-block-separator has-alpha-channel-opacity is-style-dots\" \/>\n\n\n\n<p class=\"has-text-align-center\"><strong>AUDIOVISUAL PARTICIPAT per GRM (2012)<\/strong><\/p>\n\n\n\n<p class=\"has-text-align-center\"><em><strong>\u201cIf I were the mayor of my neighbourhood<\/strong>\u201c<\/em><\/p>\n\n\n\n<p>Aquest producte multimedia pregunta pel qu\u00e8 faria una varietat d&#8217;habitants urbans si fossin alcaldes o alcaldesses per un dia, tamb\u00e9 s\u2019aproxima a la vida en barris de cinc ciutats de diferents pa\u00efsos europeus: Italia, Alemanya, Regne Unit, Hongria i Espanya. Es tracta d&#8217;un output del projecte europeu <em>CONCORDIA DISCORS<\/em> finan\u00e7at per la DG-V de la Comissi\u00f3 Europea i coordinat per Ferruccio Pastore i Irene Ponzo (FIERI). Aquest projecte compt\u00e0 amb participaci\u00f3 de GRM-UAB, entre d&#8217;altres, incloent la d&#8217;Albert Mas, Dawid Wladyka i Ricard Mor\u00e9n-Alegret.<\/p>\n\n\n\n<p>Vegeu:<strong>&nbsp;<a href=\"http:\/\/www.concordiadiscors.eu\/multimedia\/\">http:\/\/www.concordiadiscors.eu\/multimedia<\/a><\/strong><a href=\"http:\/\/www.concordiadiscors.eu\/multimedia\/\">\/<\/a><\/p>\n\n\n<div class=\"wp-block-image\">\n<figure class=\"aligncenter size-full\"><img loading=\"lazy\" decoding=\"async\" width=\"193\" height=\"149\" src=\"https:\/\/webs.uab.cat\/migracions\/wp-content\/uploads\/sites\/534\/2024\/04\/image-5.png\" alt=\"\" class=\"wp-image-1120\" \/><\/figure>\n<\/div>\n\n\n<hr class=\"wp-block-separator has-alpha-channel-opacity is-style-dots\" \/>\n\n\n\n<p class=\"has-text-align-center\"><strong>VIDEO DOCUMENTAL ELABORAT DES DEL GRM (2009)<\/strong>:<\/p>\n\n\n\n<p class=\"has-text-align-center\"><em><strong>\u201cIBERIANA\u201d<\/strong><\/em><\/p>\n\n\n\n<p class=\"has-text-align-center\"><em><strong>Processos d\u2019integraci\u00f3 d\u2019immigrants<br>a cinc petites ciutats de l\u2019Espanya peninsular<\/strong><\/em><\/p>\n\n\n\n<p><strong>Durada:<\/strong>&nbsp;38 minuts (+ 5\u2032 d\u2019extres)<\/p>\n\n\n\n<p><strong>Breu descripci\u00f3:<\/strong>&nbsp;El v\u00eddeo documental de divulgaci\u00f3 cient\u00edfica i cultural \u201cIberiana\u201d ha estat elaborat l\u2019any 2009 des del GRM (Departament de Geografia, UAB), com a fruit del projecte d\u2019I+D \u201cINMIGRACI\u00d3N EXTRANJERA, SENTIDO DE LUGAR E IDENTIDAD TERRITORIAL EN CINCO PEQUE\u00d1AS CIUDADES DE ESPA\u00d1A\u201d (SEJ2006-14857), finan\u00e7at pel Ministerio de Ciencia e Innovaci\u00f3n. \u201cIberiana\u201d mostra alguns trets generals del que pot ser un proc\u00e9s d\u2019investigaci\u00f3 en ci\u00e8ncies socials, presenta din\u00e0miques geogr\u00e0fiques recents a territoris a cavall entre all\u00f2 que \u00e9s urb\u00e0 i all\u00f2 que \u00e9s rural ubicats a cinc prov\u00edncies espanyoles (Alacant, C\u00e1ceres, Girona, Huelva i Le\u00f3n) i, a m\u00e9s, posa llum sobre cinc casos d\u2019integraci\u00f3 exitosa d\u2019immigrants explicats per cinc protagonistes amb les seves pr\u00f2pies paraules. Aquest v\u00eddeo documental d\u00f3na veu a persones que viuen en \u00e0mbits considerats com a perif\u00e8rics i, com a obra de divulgaci\u00f3, est\u00e0 adre\u00e7at a estudiants de ci\u00e8ncies socials i al p\u00fablic en general interessat en les din\u00e0miques de la immigraci\u00f3 i la integraci\u00f3 a Espanya.<br><br><strong>Paraules clau:<\/strong>&nbsp;Geografia, Immigraci\u00f3, Integraci\u00f3, Ciutats petites, Espanya<\/p>\n\n\n\n<p>Vegeu VIDEO: <a href=\"https:\/\/www.youtube.com\/watch?v=7uC9DNDHlY0 \">https:\/\/www.youtube.com\/watch?v=7uC9DNDHlY0 <\/a><\/p>\n\n\n\n<p>Descarregar car\u00e0tules:<br><a href=\"https:\/\/webs.uab.cat\/migracions\/wp-content\/uploads\/sites\/534\/2024\/06\/portada-iberiana.pdf\">Portada&nbsp;<\/a>\u2013&nbsp;<a href=\"https:\/\/webs.uab.cat\/migracions\/wp-content\/uploads\/sites\/534\/2024\/06\/credits-iberiana.pdf\">Cr\u00e8dits&nbsp;<\/a>\u2013&nbsp;<a href=\"https:\/\/webs.uab.cat\/migracions\/wp-content\/uploads\/sites\/534\/2024\/06\/escrit-contraportada-iberiana.pdf\">Contraportada<\/a>&nbsp;\u2013&nbsp;<a href=\"https:\/\/webs.uab.cat\/migracions\/wp-content\/uploads\/sites\/534\/2024\/06\/adhesiu_cd.pdf\">Etiqueta CD<\/a><\/p>\n\n\n\n<hr class=\"wp-block-separator has-alpha-channel-opacity is-style-dots\" \/>\n","protected":false},"excerpt":{"rendered":"<p>Aquesta p\u00e0gina web \u2013\u00a0Galeria de Recerca sobre Migracions, GRM\u00a0\u2013 est\u00e0 fonamentalment centrada en l\u2019estudi de les\u00a0migracions humanes i \u00e9s d\u2019acc\u00e8s obert.\u00a0 GRM fou creada l&#8217;any 2002 gr\u00e0cies a finan\u00e7ament del programa de recerca\u00a0Ram\u00f3n y Cajal\u00a0(Ministeri de Ci\u00e8ncia i Tecnologia, Govern d\u2019Espanya) pel professor Ricard Mor\u00e9n-Alegret, en el marc del Grup de Recerca sobre Migracions &#8211; [&hellip;]<\/p>\n","protected":false},"author":2819,"featured_media":0,"parent":0,"menu_order":0,"comment_status":"closed","ping_status":"closed","template":"","meta":{"footnotes":""},"class_list":["post-18","page","type-page","status-publish","hentry"],"_links":{"self":[{"href":"https:\/\/webs.uab.cat\/migracions\/ca\/wp-json\/wp\/v2\/pages\/18","targetHints":{"allow":["GET"]}}],"collection":[{"href":"https:\/\/webs.uab.cat\/migracions\/ca\/wp-json\/wp\/v2\/pages"}],"about":[{"href":"https:\/\/webs.uab.cat\/migracions\/ca\/wp-json\/wp\/v2\/types\/page"}],"author":[{"embeddable":true,"href":"https:\/\/webs.uab.cat\/migracions\/ca\/wp-json\/wp\/v2\/users\/2819"}],"replies":[{"embeddable":true,"href":"https:\/\/webs.uab.cat\/migracions\/ca\/wp-json\/wp\/v2\/comments?post=18"}],"version-history":[{"count":23,"href":"https:\/\/webs.uab.cat\/migracions\/ca\/wp-json\/wp\/v2\/pages\/18\/revisions"}],"predecessor-version":[{"id":2437,"href":"https:\/\/webs.uab.cat\/migracions\/ca\/wp-json\/wp\/v2\/pages\/18\/revisions\/2437"}],"wp:attachment":[{"href":"https:\/\/webs.uab.cat\/migracions\/ca\/wp-json\/wp\/v2\/media?parent=18"}],"curies":[{"name":"wp","href":"https:\/\/api.w.org\/{rel}","templated":true}]}}