{"id":781,"date":"2024-01-11T11:50:18","date_gmt":"2024-01-11T09:50:18","guid":{"rendered":"https:\/\/webs.uab.cat\/migracions\/?page_id=781"},"modified":"2025-01-20T13:37:35","modified_gmt":"2025-01-20T11:37:35","slug":"seminarios","status":"publish","type":"page","link":"https:\/\/webs.uab.cat\/migracions\/es\/seminarios\/","title":{"rendered":"Seminarios"},"content":{"rendered":"\n<p><\/p>\n\n\n\n<div class=\"wp-block-columns alignwide is-layout-flex wp-container-core-columns-is-layout-9d6595d7 wp-block-columns-is-layout-flex\">\n<div class=\"wp-block-column is-layout-flow wp-block-column-is-layout-flow\" style=\"flex-basis:33.33%\">\n<p class=\"has-text-align-right\"><strong>Seminarios<\/strong><\/p>\n\n\n\n<p class=\"has-text-align-right\"><strong><a href=\"https:\/\/webs.uab.cat\/migracions\/es\/seminarios\/\">Programa Ciclo previo<\/a><\/strong><\/p>\n\n\n\n<p class=\"has-text-align-right\"><strong><a href=\"https:\/\/webs.uab.cat\/migracions\/ponentes-que-han-participado-en-los-seminarios-organizados-des-del-grm\/\">Ponentes seminarios <br>anteriores<\/a><\/strong><\/p>\n\n\n\n<p class=\"has-text-align-right\"><strong><a href=\"https:\/\/webs.uab.cat\/migracions\/es\/imagenes-de-los-seminarios\/\">Im\u00e1genes de los seminarios<\/a><\/strong><\/p>\n<\/div>\n\n\n\n<div class=\"wp-block-column is-layout-flow wp-block-column-is-layout-flow\" style=\"flex-basis:66.66%\">\n<p class=\"has-text-align-center\"><strong><em>GRM<\/em><\/strong><em> <\/em><a href=\"https:\/\/webs.uab.cat\/migracions\">https:\/\/webs.uab.cat\/migracions<\/a><em> \u00a0<\/em><strong><em>present\u00f3 el<\/em><\/strong><em>\u2026<\/em><\/p>\n\n\n\n<p class=\"has-text-align-center\"><strong>19\u00ba Ciclo de SEMINARIOS sobre Migraciones GRM<\/strong><\/p>\n\n\n\n<p class=\"has-text-align-center\"><em>Programa octubre 2024 \u2013 enero 2025 <\/em><\/p>\n\n\n\n<p><strong>**16 octubre 2024<\/strong>, 10h:Dr <strong>Lucie Bacon<\/strong>, MIGRINTER (CNRS-Universit\u00e9 de Poitiers) &amp; Institute Convergence Migrations, ICM, France: <strong><em>On the Western Mediterranean Migration Route: Moving in a context of control. <\/em><\/strong><em>Creation of a scientific and artistic (carto)graphic exhibition<\/em><\/p>\n\n\n\n<p><strong>**11 diciembre 2024<\/strong>, 10h:<strong> Consuelo Gonz\u00e1lez-Pavicich<\/strong>, UAB Econecol: <strong><em>Access to housing of the <\/em><\/strong><strong><em>V<\/em><\/strong><strong><em>enezuelan immigrant population in <\/em><\/strong><strong><em>I<\/em><\/strong><strong><em>quique and <\/em><\/strong><strong><em>A<\/em><\/strong><strong><em>lto <\/em><\/strong><strong><em>H<\/em><\/strong><strong><em>ospicio (<\/em><\/strong><strong><em>T<\/em><\/strong><strong><em>arapac\u00e1, <\/em><\/strong><strong><em>C<\/em><\/strong><strong><em>hile). <\/em><\/strong><em>A literature and field exploration<\/em><\/p>\n\n\n\n<p><strong>**8 enero 2025<\/strong>, 10h:<strong> Xiao Wen<\/strong>, UAB Tourism Faculty: <strong><em>Chinese immigrants linked to tourism in Barcelona city<\/em><\/strong><em>. Exploring the case of travel agency immigrant workers and entrepreneurs from China<\/em><\/p>\n\n\n\n<p><strong>**10 enero 2025<\/strong>, 10h: Dr<strong> Stefan Kordel <\/strong>&amp; Dr <strong>Tobias Weidinger<\/strong>, Institute of Geography, Friedrich-Alexander-University of Erlangen-N\u00fcrnberg, Germany: <strong><em>The permanence of international immigrants in German rural areas<\/em><\/strong><em> and the role of local\/regional stakeholders<\/em><\/p>\n\n\n\n<p>**<strong>17 enero 2025<\/strong>, 10h: <strong>Jana Finke<\/strong>, Utrecht University, Department for Human Geography and Spatial Planning, The Netherlands: <strong><em>Intersectional Perspectives on Migrants\u2019 Initiatives in Dutch Rural Regions<\/em><\/strong><em>: Spaces for Learning, Agency and Connection<\/em>.<\/p>\n\n\n\n<p class=\"has-text-align-center\">Todas las sesiones fueron en ingl\u00e9s y estaban abiertas al p\u00fablico.<\/p>\n\n\n\n<p class=\"has-text-align-center\"><strong>**<u>Las sesiones<\/u> <\/strong>tuvieron lugar en el <strong><u> <em>Aula 104<\/em><\/u> <\/strong>de la<strong> Facultad de Filosof\u00eda y Letras, Edificio B<\/strong>, Universitat Aut\u00f2noma de Barcelona, UAB<strong>.<\/strong> Ved info de accesibilidad: <a href=\"https:\/\/www.uab.cat\/web\/about-the-faculty\/access-and-maps-1345695633523.html\">https:\/\/www.uab.cat\/web\/about-the-faculty\/access-and-maps-1345695633523.html<\/a>). No hubo sesiones <em>on-line<\/em>.<\/p>\n\n\n\n<p class=\"has-text-align-center\"><strong>&#8211;<\/strong>&gt; Los asientos se asignaron por orden de llegada.<br>Antes de asistir a un seminario, se aconsej\u00f3 consultar esta p\u00e1gina web por si hab\u00eda cambios de \u00faltima hora, pero los horarios de los cinco seminarios se ajustaron al plan.<\/p>\n\n\n\n<p class=\"has-text-align-center\"><em>-&gt; Los seminarios GRM estuvieron principalmente co-financiados y\/o apoyados por la Facultad de Filosofia y Letras y\/o el Departamento de Geograf\u00eda de la UAB. Estos  seminarios se desarrollan en el marco del grupo de investigaci\u00f3n ECONECOL (AGAUR ref. SGR2021-01502) que est\u00e1 dirigido por el Dr. Giorgos Kallis.<\/em><strong><em> <\/em><\/strong><em>Este ciclo de seminarios GRM est\u00e1 coordinado por el Dr. Ricard Mor\u00e9n-Alegret, quien agradece al Decanato de la Facultad de Filosof\u00eda y Letras, a la Direcci\u00f3n del  Departamento de Geograf\u00eda y al equipo de gesti\u00f3n del ICTA su apoyo. <\/em><\/p>\n\n\n\n<figure class=\"wp-block-image size-large\"><img loading=\"lazy\" decoding=\"async\" width=\"1024\" height=\"303\" src=\"https:\/\/webs.uab.cat\/migracions\/wp-content\/uploads\/sites\/534\/2025\/01\/logofacultat-avatar-filosofia-v0-1lin-verd_WEB-1-1024x303.png\" alt=\"\" class=\"wp-image-2690\" srcset=\"https:\/\/webs.uab.cat\/migracions\/wp-content\/uploads\/sites\/534\/2025\/01\/logofacultat-avatar-filosofia-v0-1lin-verd_WEB-1-1024x303.png 1024w, https:\/\/webs.uab.cat\/migracions\/wp-content\/uploads\/sites\/534\/2025\/01\/logofacultat-avatar-filosofia-v0-1lin-verd_WEB-1-300x89.png 300w, https:\/\/webs.uab.cat\/migracions\/wp-content\/uploads\/sites\/534\/2025\/01\/logofacultat-avatar-filosofia-v0-1lin-verd_WEB-1-768x227.png 768w, https:\/\/webs.uab.cat\/migracions\/wp-content\/uploads\/sites\/534\/2025\/01\/logofacultat-avatar-filosofia-v0-1lin-verd_WEB-1-1200x355.png 1200w, https:\/\/webs.uab.cat\/migracions\/wp-content\/uploads\/sites\/534\/2025\/01\/logofacultat-avatar-filosofia-v0-1lin-verd_WEB-1.png 1401w\" sizes=\"auto, (max-width: 1024px) 100vw, 1024px\" \/><\/figure>\n\n\n\n<hr class=\"wp-block-separator has-alpha-channel-opacity is-style-dots\" \/>\n\n\n\n<p><\/p>\n\n\n\n<p class=\"has-text-align-center has-normal-font-size\"><em>GRM&nbsp;(<a href=\"http:\/\/webs.uab.cat\/migracions\/\">http:\/\/webs.uab.cat\/migracions\/<\/a>)***&nbsp;presenta el\u2026<\/em><\/p>\n\n\n\n<p class=\"has-text-align-center has-larger-font-size\"><strong>18\u00ba Ciclo de Seminarios GRM sobre Migraciones<\/strong><\/p>\n\n\n\n<p class=\"has-text-align-center\">Departamento de Geograf\u00eda e ICTA, Universidad Aut\u00f3noma de Barcelona, GRM-GEO-UAB<\/p>\n\n\n\n<p class=\"has-text-align-center\"><strong><em>Programa Febrero &#8211; Mayo 2022<\/em><\/strong><\/p>\n\n\n\n<p class=\"has-text-align-center\"><strong>10 Febrero 2022<\/strong>, 13h,&nbsp;<strong>F. Lucienne Crettex<\/strong>, COLEF, Tijuana, Mexico:<br><strong><em>(Undocumented) international immigration in Los \u00c1ngeles, USA, and Barcelona, Spain<\/em><\/strong><\/p>\n\n\n\n<p class=\"has-text-align-center\"><strong>17 Febrero 2022,&nbsp;<\/strong>13h, Dr&nbsp;<strong>Ra\u00fal Lardi\u00e9s<\/strong>, Universidad de Zaragoza, Spain:<br>&nbsp;<strong>&nbsp;&nbsp;<em>Foreign immigration from outside the EU in rural areas of Arag\u00f3n: impacts and integration<\/em><\/strong><\/p>\n\n\n\n<p class=\"has-text-align-center\"><strong>21 Marzo 2022<\/strong>, 13h, Dr&nbsp;<strong>Montserrat Feixas<\/strong>, UNHCR in Central Europe from 2013 to 2021, Hungary:<br><strong><em>Asylum challenges in Central Europe. The 2015 crisis and its consequences<\/em><\/strong><\/p>\n\n\n\n<p class=\"has-text-align-center\"><strong>28 Abril 2022<\/strong>, 13h, Dr&nbsp;<strong>Valeria Bello<\/strong>, Universitat Ramon Llull, URL, Spain:<br><strong><em>The role of prejudice and cognitions in the governance of international migration<\/em><\/strong><\/p>\n\n\n\n<p class=\"has-text-align-center\"><strong>12 Mayo<\/strong>&nbsp;<strong>2022,<\/strong>&nbsp;13h, Dr&nbsp;<strong>Kevin Mary<\/strong>, Universit\u00e9 de Perpignan Via Domitia, France:<br><strong><em>Migration-facilitating capital: Attracting and (socially) selecting African students for Canada<\/em><\/strong><\/p>\n\n\n\n<p class=\"has-text-align-center\">Si la pandemia lo permite,<strong>&nbsp;todas las sesiones son abiertas al p\u00fablico y tienen lugar<u>&nbsp;en el&nbsp;<em>Aula 203<\/em><\/u>&nbsp;de la Facultad de Filosof\u00eda y Letras,<\/strong>&nbsp;<strong>Universitat Aut\u00f2noma de Barcelona, UAB, campus de Bellaterra<\/strong>&nbsp;(+ info:&nbsp;<a href=\"https:\/\/www.uab.cat\/web\/about-the-faculty\/access-and-maps-1345695633523.html\">https:\/\/www.uab.cat\/web\/about-the-faculty\/access-and-maps-1345695633523.html<\/a>).<\/p>\n\n\n\n<p class=\"has-text-align-center\">Quien asista debe tener en cuenta que&nbsp;<strong>los seminarios son en lengua inglesa<\/strong>&nbsp;y debe seguir las instrucciones de las autoridades acad\u00e9micas (ver:&nbsp;<a href=\"https:\/\/www.uab.cat\/web\/about-the-uab\/itineraries\/coronavirus\/useful-information-1345809701134.html\">https:\/\/www.uab.cat\/web\/about-the-uab\/itineraries\/coronavirus\/useful-information-1345809701134.html<\/a>). Debido al ciberataque masivo sufrido por la UAB en oto\u00f1o de 2021, en este ciclo no hay sesiones on-line, pero si hace falta por la pandemia, etc. (y es posible) alguna sesi\u00f3n de este ciclo podr\u00eda ser postpuesta a a\u00f1os posteriores.<\/p>\n\n\n\n<p class=\"has-text-align-center\"><strong><em>*Seats will be available on a first-come<\/em><\/strong><em>, first-served, basis. The venue has limited capacity.<\/em><br><strong><em>**<\/em><\/strong><em>Please, before attending a seminar,&nbsp;<strong>outside visitors are advised<\/strong>&nbsp;to&nbsp;<strong>check the @RicardMoren Twitter account (see:&nbsp;<\/strong><\/em><strong><a href=\"https:\/\/twitter.com\/ricardmoren\"><em>https:\/\/twitter.com\/ricardmoren<\/em><\/a><em>)&nbsp;<\/em><\/strong><em>in order&nbsp;<strong>to confirm details<\/strong>&nbsp;and to take into account possible last minute changes.<\/em><br><strong><em>***<\/em><\/strong><em>&nbsp;If everything goes well, along 2022 the website linked to the UAB-GEO Generators of Research on Migration, GRM (i.e. the Gallery of Research on Migration, GRM) should be available again, once the UAB fully recovers from the massive cyber-attack that this university suffered in Autumn 2021.<\/em><\/p>\n\n\n\n<p class=\"has-text-align-center\"><strong><em><u>These seminars are mainly co-funded by the UAB Arts &amp; Humanities Faculty and the UAB Geography Department<\/u>&nbsp;as well as are held within the framework of the ECONECOL Research Group (SGR2017, AGAUR, ref. 01126).<\/em><\/strong><br><em>Dr Ricard Mor\u00e9n-Alegret is the coordinator of all these seminars, with support from Dr Crist\u00f3bal Mendoza in some sessions. The GRM coordinator is grateful to the Dean team of the UAB Arts &amp; Humanities Faculty plus to the Director of the Geography Department for their support.<\/em><\/p>\n\n\n\n<hr class=\"wp-block-separator has-alpha-channel-opacity is-style-dots\" \/>\n\n\n\n<p class=\"has-text-align-center has-normal-font-size\"><strong><em>GALERIA de RECERCA sobre MIGRACIONS, GRM<\/em><\/strong><br><a href=\"http:\/\/webs.uab.cat\/migracions\/\">http:\/\/webs.uab.cat\/migracions\/<\/a><\/p>\n\n\n\n<p class=\"has-text-align-center\"><strong>presenta el<\/strong><\/p>\n\n\n\n<p class=\"has-text-align-center has-larger-font-size\"><strong>17\u00ba Ciclo Anual de Seminarios sobre Migraciones GRM<\/strong><\/p>\n\n\n\n<p class=\"has-text-align-center\"><strong>Departamento de Geograf\u00eda e ICTA, Universidad Aut\u00f3noma de Barcelona, UAB-GEO-GRM<\/strong><\/p>\n\n\n\n<p class=\"has-text-align-center has-small-font-size\"><strong><em>Programa 2019<\/em><\/strong><\/p>\n\n\n\n<p class=\"has-text-align-center\"><strong>28 de febrero 2019<\/strong>, 13h,&nbsp;<strong>Crist\u00f3bal Mendoza<\/strong>, UAM, Mexico:<br><strong><em>Fragmented labour markets and international migration dynamics: High-skilled immigration and low-qualified emigration in Mexico?<\/em><\/strong><\/p>\n\n\n\n<p class=\"has-text-align-center\"><strong>7 de marzo&nbsp;<\/strong><strong>2019,<\/strong>&nbsp;13h,&nbsp;<strong>Daniela del Bene<\/strong>, ICTA:<br><strong><em>Exploring forced displacements and involuntary migrations in environmental conflicts<\/em><\/strong><\/p>\n\n\n\n<p class=\"has-text-align-center\"><strong>12 de marzo 2019<\/strong>, 13h,&nbsp;<strong>J\u00falia P\u00edrez<\/strong>, FAS:<br><strong><em>The key role of universities and the \u2018refugee crisis\u2019: The refugees hosting program at UAB (Programa Acollida)<\/em><\/strong><\/p>\n\n\n\n<p class=\"has-text-align-center\"><strong>9 de mayo 2019,&nbsp;<\/strong>13h,&nbsp;<strong>William Berthomiere<\/strong>, CNRS, France:<br><strong><em>Small villages in France: diversity and international immigration<\/em><\/strong><\/p>\n\n\n\n<p class=\"has-text-align-center\"><strong><em>* * * * * * * * *<\/em><\/strong><br><strong>Todas las sesiones est\u00e1n abiertas al p\u00fablico y tienen lugar en el<u>&nbsp;<em>Aula 106<\/em>&nbsp;de la Facultad de Filosof\u00eda y Letras<\/u>&nbsp;(<em>Facultat de Filosofia i Lletres<\/em>) de la Universitat Aut\u00f2noma de Barcelona, UAB. Esta facultad est\u00e1 ubicada en el campus de Bellaterra (ver:<\/strong>&nbsp;<a href=\"https:\/\/www.uab.cat\/web\/accessibility\/how-to-get-to-the-campus-1273127180017.html\">https:\/\/www.uab.cat\/web\/accessibility\/how-to-get-to-the-campus-1273127180017.html<\/a><strong>) .<\/strong><\/p>\n\n\n\n<p class=\"has-text-align-center\"><strong><em>**<\/em><\/strong><em>Los asientos de asignan por orden de llegada.<\/em><br><em>***Por favor, antes de venir para asistir a un seminario, consultad esta p\u00e1gina web por si hay cambios de \u00faltima hora.<\/em><\/p>\n\n\n\n<p class=\"has-text-align-center\"><strong><em>Estos seminarios estan organizados en el marco de la linea de investigaci\u00f3n sobre migraciones del grupo ECONECOL (SGR2017-2020, AGAUR), el proyecto de investigaci\u00f3n HAMLETS (financiado por RercerCaixa, un programa promocionado por ACUP y Obra Social \u201cLa Caixa\u201d; ver:&nbsp;<\/em><\/strong><a href=\"http:\/\/www.uab.cat\/hamlets\"><strong><em>www.uab.cat\/hamlets<\/em><\/strong><\/a><strong><em>), el programa de estudios de Doctorado en Geograf\u00eda de la UAB as\u00ed como la red REsMi (ver:&nbsp;<\/em><\/strong><a href=\"http:\/\/resmi.ugr.es\/\"><strong><em>http:\/\/resmi.ugr.es<\/em><\/strong><\/a><strong><em>). La coordinaci\u00f3n de los seminarios es cargo del Dr Ricard Mor\u00e9n-Alegret.<\/em><\/strong><\/p>\n\n\n\n<hr class=\"wp-block-separator has-alpha-channel-opacity is-style-dots\" \/>\n\n\n\n<p class=\"has-text-align-center has-large-font-size\"><strong><strong>16\u00ba Ciclo Anual de Seminarios sobre Migraciones GRM<\/strong><\/strong><\/p>\n\n\n\n<p class=\"has-text-align-center\">Departmento de Geograf\u00eda, Universidad Aut\u00f3noma de Barcelona, UAB-GEO-GRM<\/p>\n\n\n\n<p class=\"has-text-align-center\"><strong><em>Programa 2018<\/em><\/strong><\/p>\n\n\n\n<p class=\"has-text-align-center\"><strong>24 Abril 2018<\/strong>, 11:30h.&nbsp;<strong>Michele Nori<\/strong>, European University Institute, EUI:<br><strong><em>Living with uncertainty \u2013 learning from pastoralists<\/em><\/strong><\/p>\n\n\n\n<p class=\"has-text-align-center\"><strong>24 Mayo 2018<\/strong>, 11:30h.&nbsp;<strong>Anthony Liew<\/strong>, ICTA-UAB:<br><strong><em>Forced Migration: The Ecological Burden of Hosting Refugees?<\/em><\/strong><\/p>\n\n\n\n<p class=\"has-text-align-center\"><strong>29 Mayo 2018,&nbsp;<\/strong>11:30h.&nbsp;<strong>Ruth McAreavey<\/strong>, Newcastle University, UK:<br><strong><em>The Integration of Migrants in Peripheral and Rural Regions: A Case Study of Northern Ireland<\/em><\/strong><\/p>\n\n\n\n<p class=\"has-text-align-center\">Todas las sesiones estan abiertas al p\u00fablico. Las sesiones de abril y mayo se celebran en el&nbsp;<em>Aula 301<\/em>&nbsp;de la Facultad de Filosof\u00eda y Letras de la Universitat Aut\u00f2noma de Barcelona (UAB), en el campus de Bellaterra.<\/p>\n\n\n\n<p class=\"has-text-align-center\"><em>*<\/em>*El aforo es limitado y los asientos se asignaran por orden de llegada<em>.<\/em><\/p>\n\n\n\n<p class=\"has-text-align-center\">*** Por favor, antes de asistir a los seminarios, consulta esta p\u00e1gina web por posibles cambios de \u00faltima hora.<\/p>\n\n\n\n<p class=\"has-text-align-center\">Estos seminarios y actividades se organizan en el marco del proyecto de investigaci\u00f3n HAMLETS (financiado por RercerCaixa, un programa promovido por ACUP y Obra Social \u201cLa Caixa\u201d; ver:&nbsp;<a href=\"http:\/\/www.uab.cat\/hamlets\">www.uab.cat\/hamlets<\/a>), el Grupo de Investigaci\u00f3n Consolidado ECONECOL (SGR2017-2019, AGAUR), el Programa de Estudios de Doctorado en Geograf\u00eda de la UAB y la red REsMi (ver:&nbsp;<a href=\"http:\/\/resmi.ugr.es\/\">http:\/\/resmi.ugr.es<\/a>). La coordinaci\u00f3n del ciclo es a cargo del Dr. Ricard Mor\u00e9n-Alegret.<\/p>\n\n\n<div class=\"wp-block-image\">\n<figure class=\"aligncenter size-full\"><img loading=\"lazy\" decoding=\"async\" width=\"453\" height=\"73\" src=\"https:\/\/webs.uab.cat\/migracions\/wp-content\/uploads\/sites\/534\/2024\/02\/untitled-1-4.jpg\" alt=\"\" class=\"wp-image-268\" srcset=\"https:\/\/webs.uab.cat\/migracions\/wp-content\/uploads\/sites\/534\/2024\/02\/untitled-1-4.jpg 453w, https:\/\/webs.uab.cat\/migracions\/wp-content\/uploads\/sites\/534\/2024\/02\/untitled-1-4-300x48.jpg 300w\" sizes=\"auto, (max-width: 453px) 100vw, 453px\" \/><\/figure>\n<\/div>\n\n<div class=\"wp-block-image\">\n<figure class=\"aligncenter size-full is-resized\"><img loading=\"lazy\" decoding=\"async\" width=\"250\" height=\"95\" src=\"https:\/\/webs.uab.cat\/migracions\/wp-content\/uploads\/sites\/534\/2024\/03\/image.png\" alt=\"\" class=\"wp-image-721\" style=\"width:434px;height:auto\" \/><\/figure>\n<\/div>\n\n\n<hr class=\"wp-block-separator has-alpha-channel-opacity is-style-dots\" \/>\n\n\n\n<p class=\"has-text-align-center\">Presentaci\u00f3n de libro:<\/p>\n\n\n\n<p class=\"has-text-align-center\"><strong>11 de octubre 2018<\/strong>, 12h.&nbsp;<strong>Ryan Alaniz, California Polytechnic State University, USA:<\/strong><\/p>\n\n\n\n<p class=\"has-text-align-center\"><strong><em><strong><em>From Strangers to Neighbors:&nbsp;<\/em><\/strong><\/em><\/strong><strong><em><strong><em>Resettlement and Recovery in Post-Disaster Honduras<\/em><\/strong><\/em><\/strong><\/p>\n\n\n\n<p class=\"has-text-align-center\">Lugar: Sala DAG, Departamento de Geograf\u00eda, Facultad de Filosof\u00eda y Letras, campus de la UAB en Bellaterra.<\/p>\n\n\n\n<hr class=\"wp-block-separator has-alpha-channel-opacity is-style-dots\" \/>\n\n\n\n<p class=\"has-text-align-center\">Sesi\u00f3n pospuesta para el a\u00f1o acad\u00e9mico 2018-2019*:<\/p>\n\n\n\n<p class=\"has-text-align-center\"><strong>Daniela del Bene, ICTA-UAB:<br><\/strong><em>Environmental refugees? Unpacking and exploring forced displacements and involuntary migrations in environmental conflicts<\/em><\/p>\n\n\n\n<p class=\"has-text-align-center\">*(D\u00eda y lugar de la sesi\u00f3n postpuesta por confirmar).<\/p>\n\n\n\n<hr class=\"wp-block-separator has-alpha-channel-opacity is-style-dots\" \/>\n\n\n\n<p class=\"has-text-align-center has-large-font-size\"><strong>15\u00ba Ciclo Anual de Seminarios sobre Migraciones GRM<\/strong><\/p>\n\n\n\n<p class=\"has-text-align-center\"><strong>Departamento de Geograf\u00eda,<\/strong>&nbsp;<strong>Universitat Aut\u00f2noma de Barcelona, UAB\/GEO\/GRM<\/strong><\/p>\n\n\n\n<p class=\"has-text-align-center\"><strong>Programa 2017<\/strong><\/p>\n\n\n\n<p class=\"has-text-align-center\"><strong>9 de mayo 2017<\/strong>, 11:30h.&nbsp;<strong>Josepha Milazzo<\/strong>, Aix-Marseille Universit\u00e9:<br><strong><em>Lugar, inmigraci\u00f3n y geograf\u00eda de una \u2018aldea\u2019 global. El caso de Cadaqu\u00e9s<\/em>&nbsp;<\/strong><\/p>\n\n\n\n<p class=\"has-text-align-center\"><strong>18 de mayo 2017<\/strong>, 11:30h.&nbsp;<strong>Nat\u00e0lia Ribas-Mateos<\/strong>, Trans-MENA:<br><strong><em>Migracions, Mobilitats i la Primavera \u00c0rab. Ressorgiment del dret a tenir drets a les fronteres?<\/em>&nbsp;<\/strong><\/p>\n\n\n\n<p class=\"has-text-align-center\"><strong>23 de mayo 2017<\/strong>, 11:30h.&nbsp;<strong>\u00c0lex Cubells<\/strong>, Geografia UAB:<br><strong><em>El comer\u00e7 paquistan\u00e8s a Barcelona. Explorant el cas del barri de Camp de l\u2019Arpa<\/em><\/strong><\/p>\n\n\n\n<p class=\"has-text-align-center\"><strong>Todas las sesiones est\u00e1n abiertas al p\u00fablico y se realizaran en&nbsp;<u>el Aula 101 de la Facultad de Filosof\u00eda y Letras&nbsp;<\/u>de la Universidad Aut\u00f3noma de Barcelona (UAB), campus de Bellaterra. El aforo es limitado y los asientos se asignaran por orden de llegada<em>.<\/em><\/strong><\/p>\n\n\n\n<p class=\"has-text-align-center\"><strong><em>* Por favor, antes de asistir a los seminarios, consulta esta p\u00e1gina web por posibles cambios de \u00faltima hora.<\/em><\/strong><\/p>\n\n\n\n<p class=\"has-text-align-center\"><em><strong>** Las lenguas usadas en cada seminario son las indicadas en los respectivos t\u00edtulos.<\/strong><\/em><\/p>\n\n\n\n<p class=\"has-text-align-center\"><strong><em>*** Estos seminarios se enmarcan en las actividades del proyecto Trans-MENA (MINECO 2017-2019), el Programa de Estudios de Doctorado en Geograf\u00eda UAB y la L\u00ednea de Investigaci\u00f3n sobre Migraciones del Grup de Recerca Consolidat Interfase (SGR2014-2017, AGAUR). Este ciclo ha recibido apoyo del Decanato de la Facultad de Filosof\u00eda y Letras UAB y est\u00e1 coordinado por el profesor Ricard Mor\u00e9n-Alegret.<\/em><\/strong><\/p>\n\n\n<div class=\"wp-block-image\">\n<figure class=\"aligncenter size-full\"><img loading=\"lazy\" decoding=\"async\" width=\"453\" height=\"73\" src=\"https:\/\/webs.uab.cat\/migracions\/wp-content\/uploads\/sites\/534\/2024\/02\/untitled-1-4.jpg\" alt=\"\" class=\"wp-image-268\" srcset=\"https:\/\/webs.uab.cat\/migracions\/wp-content\/uploads\/sites\/534\/2024\/02\/untitled-1-4.jpg 453w, https:\/\/webs.uab.cat\/migracions\/wp-content\/uploads\/sites\/534\/2024\/02\/untitled-1-4-300x48.jpg 300w\" sizes=\"auto, (max-width: 453px) 100vw, 453px\" \/><\/figure>\n<\/div>\n\n\n<hr class=\"wp-block-separator has-alpha-channel-opacity is-style-dots\" \/>\n\n\n\n<p class=\"has-text-align-center has-large-font-size\"><strong><strong>14\u00ba Ciclo Anual de Seminarios sobre Migraciones GRM<\/strong><\/strong><\/p>\n\n\n\n<p class=\"has-text-align-center\"><strong>Departamento de Geograf\u00eda, Universitat Aut\u00f2noma de Barcelona, UAB\/GEO\/GRM<\/strong><\/p>\n\n\n\n<p class=\"has-text-align-center\"><strong><em>Programa<\/em><\/strong><\/p>\n\n\n\n<p class=\"has-text-align-center\"><strong>Febrero \u2013 Mayo 2016<\/strong><\/p>\n\n\n\n<p class=\"has-text-align-center\"><strong>23 de febrero 2016,&nbsp;<\/strong>11:30h.&nbsp;<strong>Polina Palash<\/strong>, Aix-Marseille Universit\u00e9, Francia:<br><strong><em>Lazos transnacionales entre familias ecuatorianas en Barcelona y en Ecuador: din\u00e1micas de protecci\u00f3n social<\/em><\/strong><\/p>\n\n\n\n<p class=\"has-text-align-center\"><strong>26 de abril 2016<\/strong>, 11:30h.<strong>&nbsp;Elisa Brey<\/strong>, Universidad Complutense de Madrid:<br><strong><em>Carreras migratorias y pol\u00edticas de integraci\u00f3n en la regi\u00f3n de Madrid<\/em><\/strong><\/p>\n\n\n\n<p class=\"has-text-align-center\"><strong>28 de abril 2016,&nbsp;<\/strong>11:30h.&nbsp;<strong>Marco Aparicio Wilhelmi<\/strong>, Universitat de Girona:<br><strong><em>El r\u00e8gim d\u2019estrangeria: l\u2019excepcionalitat com a norma<\/em><\/strong><\/p>\n\n\n\n<p class=\"has-text-align-center\"><strong>17 de mayo 2016<\/strong>, 11:30h.&nbsp;<strong>Blanca Garc\u00e9s-Mascare\u00f1as<\/strong>, Universitat Pompeu Fabra, Barcelona:<br><strong><em>Condicions per a la ciutadania: residencia, fam\u00edlia, comportament o vulnerabilitat<\/em><\/strong><\/p>\n\n\n\n<p class=\"has-text-align-center\"><strong>24 de mayo 2016<\/strong>, 11:30h.&nbsp;<strong>F\u00e1tima Velez-Castro<\/strong>, Universidade de Coimbra, Portugal:<br><strong><em>Forced&nbsp;migration: an analysis at the light of&nbsp;anthropic risks<\/em><\/strong><\/p>\n\n\n\n<p class=\"has-text-align-center\"><strong><em>Todas las sesiones est\u00e1n abiertas al p\u00fablico y se realizaran en el&nbsp;<u>Aula 101 de la Facultad de Filosof\u00eda y Letras<\/u>&nbsp;de la Universitat Aut\u00f2noma de Barcelona (UAB), en el campus de Bellaterra.<\/em><\/strong><br><em>El aforo es limitado y los asientos se asignaran por orden de llegada.<\/em><br>* Por favor, antes de asistir a los seminarios, consultad esta p\u00e1gina web&nbsp;<a href=\"http:\/\/webs.uab.cat\/migracions\">http:\/\/webs.uab.cat\/migracions<\/a>&nbsp;por posibles cambios de \u00faltima hora.<br>** Las lenguas usadas en cada seminario son las indicadas en los t\u00edtulos respectivos.<br><strong><em>Estos seminarios se enmarcan dentro de las actividades de la L\u00ednea de Investigaci\u00f3n sobre Migraciones del Grup de Recerca Consolidat Interfase (SGR2014-2016, AGAUR) y est\u00e1n coordinados por el profesor Ricard Mor\u00e9n-Alegret.<\/em><\/strong><\/p>\n\n\n<div class=\"wp-block-image\">\n<figure class=\"aligncenter size-full\"><img loading=\"lazy\" decoding=\"async\" width=\"453\" height=\"73\" src=\"https:\/\/webs.uab.cat\/migracions\/wp-content\/uploads\/sites\/534\/2024\/02\/untitled-1-4.jpg\" alt=\"\" class=\"wp-image-268\" srcset=\"https:\/\/webs.uab.cat\/migracions\/wp-content\/uploads\/sites\/534\/2024\/02\/untitled-1-4.jpg 453w, https:\/\/webs.uab.cat\/migracions\/wp-content\/uploads\/sites\/534\/2024\/02\/untitled-1-4-300x48.jpg 300w\" sizes=\"auto, (max-width: 453px) 100vw, 453px\" \/><\/figure>\n<\/div>\n\n\n<hr class=\"wp-block-separator has-alpha-channel-opacity is-style-dots\" \/>\n\n\n\n<p class=\"has-text-align-center has-large-font-size\"><strong><strong>13\u00ba Ciclo Anual de Seminarios sobre Migraciones GRM-UAB<\/strong><\/strong><\/p>\n\n\n\n<p class=\"has-text-align-center\">GRM, Departamento de Geograf\u00eda, UAB<\/p>\n\n\n\n<p class=\"has-text-align-center\"><strong><em>Programa<\/em><\/strong><\/p>\n\n\n\n<p class=\"has-text-align-center\"><strong>Abril \u2013 Mayo 2015<\/strong><\/p>\n\n\n\n<p class=\"has-text-align-center\"><strong>30&nbsp;<\/strong>de&nbsp;<strong>abril&nbsp;<\/strong>de<strong>&nbsp;2015,&nbsp;<\/strong>11:30h.&nbsp;<strong>Dirk Gebhardt,<\/strong>&nbsp;Marie Curie Researcher,&nbsp;<strong>UPF<\/strong>, Barcelona:<br><strong><em>Ciudades y ciudadan\u00eda para inmigrantes &#8211; Barcelona y Madrid comparadas<\/em>&nbsp;<\/strong><\/p>\n\n\n\n<p class=\"has-text-align-center\"><strong>5&nbsp;<\/strong>de&nbsp;<strong>mayo&nbsp;<\/strong>de<strong>&nbsp;2015,&nbsp;<\/strong>11:30h.&nbsp;<strong>Beatriz Felipe, Universitat Rovira i Virgili,<\/strong>&nbsp;URV, Tarragona:<br><strong><em>Los movimientos de poblaci\u00f3n inducidos por el cambio clim\u00e1tico: retos para el Derecho internacional<\/em><\/strong><\/p>\n\n\n\n<p class=\"has-text-align-center\"><strong>28&nbsp;<\/strong>de&nbsp;<strong>mayo<\/strong>&nbsp;de<strong>&nbsp;2015<\/strong>,&nbsp;<strong><em>11h<\/em>.<\/strong>&nbsp;<strong>Ana Cecilia Dinerstein, University of Bath,<\/strong>&nbsp;Somerset, Inglaterra:<br><strong><em>Migrating to another place, venturing beyond the wire\/ Migrando a otro lugar, aventur\u00e1ndose m\u00e1s all\u00e1 de la alambrada<\/em><\/strong><\/p>\n\n\n\n<p class=\"has-text-align-center\"><em>Todas las sesiones est\u00e1n abiertas al p\u00fablico y se realizaran en el&nbsp;<u><strong>aula 101 de la Facultad de Filosof\u00eda y Letras<\/strong><\/u>&nbsp;de la Universitat Aut\u00f2noma de Barcelona (UAB), en el campus de Bellaterra. El aforo es limitado y los asientos se asignaran por orden de llegada.<\/em><\/p>\n\n\n\n<p class=\"has-text-align-center\">* Por favor, antes de asistir a los seminarios, consultad la p\u00e1gina web&nbsp;<a href=\"http:\/\/webs.uab.cat\/migracions\">http:\/\/webs.uab.cat\/migracions<\/a>&nbsp;por posibles cambios de \u00faltima hora.<br>** Las lenguas usadas en cada seminario son las indicadas en los t\u00edtulos respectivos<\/p>\n\n\n\n<p class=\"has-text-align-center\"><em><strong>Esta serie de seminarios est\u00e1 cofinanciada por el Decanato de la Facultad de Filosof\u00eda y Letras de la UAB<\/strong>, est\u00e1 coordinada por el profesor Ricard Mor\u00e9n Alegret y se enmarca dentro de las actividades de la l\u00ednea de investigaci\u00f3n sobre migraciones del Grup de Recerca Consolidat Interfase (SGR2014-2016, AGAUR).<\/em><\/p>\n\n\n<div class=\"wp-block-image\">\n<figure class=\"aligncenter size-full\"><img loading=\"lazy\" decoding=\"async\" width=\"453\" height=\"73\" src=\"https:\/\/webs.uab.cat\/migracions\/wp-content\/uploads\/sites\/534\/2024\/02\/untitled-1-4.jpg\" alt=\"\" class=\"wp-image-268\" srcset=\"https:\/\/webs.uab.cat\/migracions\/wp-content\/uploads\/sites\/534\/2024\/02\/untitled-1-4.jpg 453w, https:\/\/webs.uab.cat\/migracions\/wp-content\/uploads\/sites\/534\/2024\/02\/untitled-1-4-300x48.jpg 300w\" sizes=\"auto, (max-width: 453px) 100vw, 453px\" \/><\/figure>\n<\/div>\n\n\n<hr class=\"wp-block-separator has-alpha-channel-opacity is-style-dots\" \/>\n\n\n\n<p class=\"has-text-align-center has-large-font-size\"><strong>12\u00ba Ciclo Anual de Seminarios sobre Migraciones<\/strong><br><strong><em>Ciclo monogr\u00e1fico \u201cMigraciones, Arte y Cultura\u201d<\/em><\/strong><\/p>\n\n\n\n<p class=\"has-text-align-center\"><strong>GRM, Departamento de Geograf\u00eda UAB<\/strong><\/p>\n\n\n\n<p class=\"has-text-align-center\"><strong><em>Programa<\/em><\/strong><\/p>\n\n\n\n<p class=\"has-text-align-center\"><strong>Septiembre 2013 \u2013 Mayo 2014<\/strong><\/p>\n\n\n\n<p class=\"has-text-align-center\"><strong>26 de Setiembre de 2013<\/strong>, 10:30h:&nbsp;<strong>Marco Martiniello<\/strong>, Universit\u00e9 de Li\u00e8ge (Belgium):<br>\u201cPopular Arts, Ethnicity and Migration\u201d<\/p>\n\n\n\n<p class=\"has-text-align-center\"><strong>26 de Noviembre de 2013,&nbsp;<\/strong>11:30h:<strong>&nbsp;Imma Boj,&nbsp;<\/strong>MHIC, St. Adri\u00e0 de Bes\u00f2s (Barcelona):<br>\u201cExperi\u00e8ncies i activitats del Museu d\u2019Hist\u00f2ria de la Immigraci\u00f3 a Catalunya, MHIC\u201d<\/p>\n\n\n\n<p class=\"has-text-align-center\"><strong>17 de Diciembre de 2013<\/strong>, 11:30h:<strong>&nbsp;Maja Zovko<\/strong>, University of Zadar (Croatia):<br>\u201cEl exotismo, el folklore y las tradiciones en la literatura actual sobre la inmigraci\u00f3n\u201d<\/p>\n\n\n\n<p class=\"has-text-align-center\"><strong>6 de Marzo de 2014,&nbsp;<\/strong>11:30h.&nbsp;<strong>Judit Carrera<\/strong>, Centre de Cultura Contempor\u00e0nia de Barcelona (CCCB): \u201cLa dimensi\u00f3 cultural de la globalitzaci\u00f3. Migracions i diversitat cultural al CCCB\u201d<\/p>\n\n\n\n<p class=\"has-text-align-center\"><strong>10 de Abril de 2014,&nbsp;<\/strong>11:30h.&nbsp;<strong>Ga\u00eblle Patin Laloy,&nbsp;<\/strong>Casa Asia (Barcelona):<br>\u201cMigraci\u00f3n y diversidad: El encuentro intercultural a trav\u00e9s de las artes\u201d<\/p>\n\n\n\n<p class=\"has-text-align-center\"><strong>8 de mayo de 2014<\/strong>, 11:30h.<strong>&nbsp;Xavier Torrens<\/strong>, Universitat de Barcelona &amp; Fundaci\u00f3 Baruch Spinoza (Barcelona): \u201cDi\u00e0spora, diversitat i creativitat. La migraci\u00f3 en el nov\u00e8 art i la mem\u00f2ria hist\u00f2rica de la cultura\u201d<\/p>\n\n\n\n<p class=\"has-text-align-center\"><em><u>Todas las sesiones estan abiertas al p\u00fablico y se celebraran en el campus de Bellaterra de la UAB<\/u><\/em><\/p>\n\n\n\n<p class=\"has-text-align-center\"><em><u>Las sesiones de 2013 se realizaran en la Sala de Juntas de la Facultad de Filosofia y Letras.<\/u><\/em><\/p>\n\n\n\n<p class=\"has-text-align-center\"><em><u>Las sesiones de 2014 se realizaran en Aula 108 de la misma Facultad de Filosofia y Letras<\/u><\/em><\/p>\n\n\n\n<p class=\"has-text-align-center\"><em>El aforo es limitado y los asientos se asignaran por orden de llegada.<\/em><\/p>\n\n\n\n<p class=\"has-text-align-center\"><strong>* Por favor, antes de asistir a los seminarios, consultad la p\u00e1gina web&nbsp;<a href=\"http:\/\/webs.uab.cat\/migracions\">http:\/\/webs.uab.cat\/migracions<\/a>&nbsp;por posibles cambios de \u00faltima hora.<\/strong><br><strong>** La lengua usada en cada seminario es la indicada en los respectivos t\u00edtulos.&nbsp;&nbsp;<\/strong><br><strong>*** En caso de dudas, pod\u00e9is contactarnos enviando un email a:&nbsp;<a href=\"mailto:gr.recerca.migracions@uab.es\">gr.recerca.migracions@uab.es<\/a><\/strong><\/p>\n\n\n\n<p class=\"has-text-align-center\"><strong><em>El GRM fue distinguido como Grupo de Investigaci\u00f3n Consolidado por AGAUR (Generalitat de Catalunya) y est\u00e1 coordinado por Ricard Mor\u00e9n-Alegret. Esta serie de seminarios est\u00e1 cofinanciada por el programa SGR 2009-2013 de AGAUR.<\/em><\/strong><\/p>\n\n\n\n<hr class=\"wp-block-separator has-alpha-channel-opacity is-style-dots\" \/>\n\n\n\n<p class=\"has-text-align-center has-large-font-size\"><strong><em>Special GRM Seminar series on Climate change and Migration<\/em><\/strong><\/p>\n\n\n\n<p class=\"has-text-align-center\"><strong>GRM, Departamento de Geograf\u00eda UAB<\/strong><\/p>\n\n\n\n<p class=\"has-text-align-center\"><strong><em>29 Abril 2014, 11:30h<\/em><\/strong><\/p>\n\n\n\n<p class=\"has-text-align-center\">Dr.&nbsp;<strong>Paola Minoia<\/strong>&nbsp;(University of Helsinki)<\/p>\n\n\n\n<p class=\"has-text-align-center\"><em><strong>\u00abEnvironmental changes, mobilities and people&#8217;s memories. Ethnographic work in Kenya (Taita Hills) and Morocco (Tafilalet)\u00bb.<\/strong><\/em><\/p>\n\n\n\n<p class=\"has-text-align-center\">The venue will be Aula 108, in Facultat de Folosofia i Lletres, UAB campus in Bellaterra. This session will take place within the&nbsp;<em>Special GRM Seminar series on Climate change and Migration<\/em>.<\/p>\n\n\n\n<p class=\"has-text-align-center\"><strong><em>20 February 2014, 11:30h<\/em><\/strong><\/p>\n\n\n\n<p class=\"has-text-align-center\"><strong>Prof. Lucka Kajfez-Bogataj<\/strong><br><strong>(University of Ljubljana &amp; IPCC participant)<\/strong><\/p>\n\n\n\n<p class=\"has-text-align-center\"><strong><em>\u00abOur response to Climate Change:<\/em><\/strong><br><strong><em>How to avoid the Unmanageable and to Manage the Unavoidable\u00bb<\/em><\/strong><\/p>\n\n\n\n<p class=\"has-text-align-center\"><em><strong>T<\/strong><\/em><strong><em><u>his session will take place in&nbsp;<\/u><\/em><u>Aula 108&nbsp;<em>of the Philosophy and Arts Faculty<\/em><\/u><em>&nbsp;(<\/em>Facultat de Filosofia i Lletres<em>) at UAB Bellaterra Campus<\/em><\/strong><\/p>\n\n\n\n<hr class=\"wp-block-separator has-alpha-channel-opacity is-style-dots\" \/>\n\n\n\n<p class=\"has-text-align-center has-large-font-size\"><strong>11\u00ba Ciclo Anual de Seminarios sobre Migraciones<br>Ciclo monogr\u00e1fico \u201cMigraciones, sostenibilidad, movilidad y cambios medioambientales\u201d<\/strong><\/p>\n\n\n\n<p class=\"has-text-align-center\"><strong><em>Abril &#8211; Junio 2013<\/em><\/strong><\/p>\n\n\n\n<p class=\"has-text-align-center\"><strong>GRM, Departamento de Geograf\u00eda UAB<\/strong><\/p>\n\n\n\n<p><strong>&nbsp;<em>Sesi\u00f3n preliminar:<\/em><\/strong><\/p>\n\n\n\n<p class=\"has-text-align-center\"><strong>24 Abril 2013, 11:30h. Anna Vilaseca,&nbsp;<\/strong>Fundaci\u00f3 del M\u00f3n Rural, FMR (Lleida):<em><strong>&nbsp;\u00abMobilitat i sostenibilitat en el m\u00f3n rural catal\u00e0. De la transhum\u00e0ncia a les migracions<\/strong>\u00ab<\/em><\/p>\n\n\n\n<p class=\"has-text-align-center\"><strong><em>Ciclo internacional:<\/em><\/strong><\/p>\n\n\n\n<p class=\"has-text-align-center\"><strong>17 Mayo 2013<\/strong>, 11:30h:&nbsp;<strong>Sandra Fatoric,&nbsp;<\/strong>GRM-UAB:&nbsp;<strong><em>\u201cMigration as climate change adaptation? The case of Aiguamolls de l\u2019Empord\u00e0 (Catalonia, Spain<\/em><\/strong>)<strong><em>in an international context\u201d<\/em><\/strong><\/p>\n\n\n\n<p class=\"has-text-align-center\"><strong>22 Mayo 2013<\/strong>, 11:30h:<strong>&nbsp;Helen Adams,&nbsp;<\/strong>University of Exeter, Inglaterra:<strong>&nbsp;<em>\u00abMobility and immobility under environmental change: evidence from Peru and Bangladesh\u00bb<\/em><\/strong><\/p>\n\n\n\n<p class=\"has-text-align-center\"><strong>29 Mayo 2013<\/strong>, 11:30h:<strong>&nbsp;Ethemcan Turhan,<\/strong>&nbsp;ICTA:<strong>&nbsp;<em>\u201cClimate Change Adaptation, Migration and Human Security: A critical vision on circular\/seasonal migration from Turkey\u201d<\/em><\/strong><\/p>\n\n\n\n<p class=\"has-text-align-center\"><strong>5 Junio 2013<\/strong>, 11:30h:<strong>&nbsp;Navinder Singh,&nbsp;<\/strong>Swedish University of Agricultural Sciences, Umea, Suecia<strong>:&nbsp;<em>\u00abContrasting human and animal migrations in Central Asia and Europe\u00bb.<\/em><\/strong>&nbsp;(<em>el 5 de junio es el<\/em>&nbsp;<em>D\u00eda Mundial del Medioambiente<\/em>)<\/p>\n\n\n\n<p class=\"has-text-align-center\"><strong>14 Junio 2013<\/strong>, 12h:&nbsp;<strong>Kees van der Geest<\/strong>, Institute for Environment and Human Security, United Nations University:&nbsp;<strong><em>\u00abRainfall variability, food insecurity and migration. Empirical evidence from the Where the Rain falls project\u201d<\/em><\/strong><\/p>\n\n\n\n<p class=\"has-text-align-center\"><em>Todas las sesiones est\u00e1n abiertas al p\u00fablico y se celebraran en la Sala de Juntas de la Facultad de Filosof\u00eda y Letras del campus de Bellaterra de la UAB, junto a la entrada principal de la Facultad.<\/em>&nbsp;<em>El aforo es limitado y los asientos se asignan por orden de llegada.<\/em><\/p>\n\n\n\n<p class=\"has-text-align-center\"><em>Esta serie de seminarios est\u00e1 cofinanciada por el programa SGR 2009-2013 de AGAUR, est\u00e1 vinculada al proyecto de I+D CSO2009-13909 (financiado por el MICINN, 2010-2013)<\/em>&nbsp;<em>y est\u00e1 dirigida por Ricard Mor\u00e9n-Alegret.<\/em><\/p>\n\n\n\n<p class=\"has-text-align-center\">* Por favor, antes de asistir a los seminarios, consultad esta p\u00e1gina webpor posibles cambios de \u00faltima hora.<br>** La lengua usada en cada seminario es la indicada en los respectivos t\u00edtulos.&nbsp;&nbsp;<br>*** En caso de dudas, pod\u00e9is contactarnos enviando un email a:&nbsp;<a href=\"mailto:gr.recerca.migracions@uab.es\">gr.recerca.migracions@uab.es<\/a><\/p>\n<\/div>\n<\/div>\n","protected":false},"excerpt":{"rendered":"<p>Seminarios Programa Ciclo previo Ponentes seminarios anteriores Im\u00e1genes de los seminarios GRM https:\/\/webs.uab.cat\/migracions \u00a0present\u00f3 el\u2026 19\u00ba Ciclo de SEMINARIOS sobre Migraciones GRM Programa octubre 2024 \u2013 enero 2025 **16 octubre 2024, 10h:Dr Lucie Bacon, MIGRINTER (CNRS-Universit\u00e9 de Poitiers) &amp; Institute Convergence Migrations, ICM, France: On the Western Mediterranean Migration Route: Moving in a context of [&hellip;]<\/p>\n","protected":false},"author":2819,"featured_media":0,"parent":0,"menu_order":0,"comment_status":"closed","ping_status":"closed","template":"","meta":{"footnotes":""},"class_list":["post-781","page","type-page","status-publish","hentry"],"_links":{"self":[{"href":"https:\/\/webs.uab.cat\/migracions\/es\/wp-json\/wp\/v2\/pages\/781","targetHints":{"allow":["GET"]}}],"collection":[{"href":"https:\/\/webs.uab.cat\/migracions\/es\/wp-json\/wp\/v2\/pages"}],"about":[{"href":"https:\/\/webs.uab.cat\/migracions\/es\/wp-json\/wp\/v2\/types\/page"}],"author":[{"embeddable":true,"href":"https:\/\/webs.uab.cat\/migracions\/es\/wp-json\/wp\/v2\/users\/2819"}],"replies":[{"embeddable":true,"href":"https:\/\/webs.uab.cat\/migracions\/es\/wp-json\/wp\/v2\/comments?post=781"}],"version-history":[{"count":18,"href":"https:\/\/webs.uab.cat\/migracions\/es\/wp-json\/wp\/v2\/pages\/781\/revisions"}],"predecessor-version":[{"id":2710,"href":"https:\/\/webs.uab.cat\/migracions\/es\/wp-json\/wp\/v2\/pages\/781\/revisions\/2710"}],"wp:attachment":[{"href":"https:\/\/webs.uab.cat\/migracions\/es\/wp-json\/wp\/v2\/media?parent=781"}],"curies":[{"name":"wp","href":"https:\/\/api.w.org\/{rel}","templated":true}]}}