{"id":790,"date":"2024-01-11T11:40:30","date_gmt":"2024-01-11T09:40:30","guid":{"rendered":"https:\/\/webs.uab.cat\/migracions\/?page_id=790"},"modified":"2024-10-17T14:02:08","modified_gmt":"2024-10-17T12:02:08","slug":"contactar","status":"publish","type":"page","link":"https:\/\/webs.uab.cat\/migracions\/es\/contactar\/","title":{"rendered":"Breve historia de GRM"},"content":{"rendered":"\n<p>Esta p\u00e1gina web <strong>GRM<\/strong> \u2013\u00a0<em>Galeria de Recerca sobre Migracions<\/em>\u00a0\u2013 est\u00e1 centrada fundamentalmente en el estudio de las\u00a0<strong>migraciones humanas<\/strong> y es de<strong>\u00a0acceso abierto<\/strong>. Gracias a financiaci\u00f3n del Programa de investigaci\u00f3n <strong>Ram\u00f3n y Cajal <\/strong>(Ministerio de Ciencia y Tecnolog\u00eda del Gobierno de Espa\u00f1a, 2001-2006) y en el marco del Grupo de Investigaci\u00f3n sobre Migraciones (<em>Grup de Recerca sobre Migracions<\/em>) &#8211; entonces dirigido por la profesora \u00c0ngels Pascual de Sans -, este sitio web fue creado el <strong>a\u00f1o<\/strong> <strong>2002<\/strong> por el profesor Ricard Mor\u00e9n-Alegret (ver publicaciones adicionales sobre GRM en\u00a0X,\u00a0<em>Twitter<\/em>:\u00a0<a href=\"https:\/\/twitter.com\/RicardMoren?ref_src=twsrc%5Egoogle%7Ctwcamp%5Eserp%7Ctwgr%5Eauthor\">@RicardMoren<\/a>).<\/p>\n\n\n\n<p>Apartir de 2017,\u00a0<strong>GRM<\/strong>\u00a0y el colectivo de personal investigador vinculado se organizan como\u00a0<strong>l\u00ednea de investigacion en migraciones<\/strong>\u00a0<strong>de ECONECOL<\/strong>, Grupo de Investigaci\u00f3n Consolidado y Financiado del Programa\u00a0<strong>SGR2017-2021 &amp; SGR2021-2025<\/strong>\u00a0de\u00a0<strong>AGAUR<\/strong>\u00a0(convirti\u00e9ndose en una de las 5 l\u00edneas de investigaci\u00f3n que componen este grupo).\u00a0<strong>ECONECOL<\/strong>\u00a0est\u00e1 coordinado por el Dr. Giorgos Kallis e incluye profesorado y personal investigador del\u00a0<strong>ICTA-UAB<\/strong>\u00a0y del\u00a0<strong>Departamento de Geograf\u00eda de la Universidad Aut\u00f3noma de Barcelona (UAB<\/strong>), entre otras instituciones. Esta\u00a0<strong>Galer\u00eda de investigaci\u00f3n sobre Migraciones (GRM)<\/strong>\u00a0y la mencionada l\u00ednia de investigaci\u00f3n sobre migraciones est\u00e1n coordinadas por\u00a0el Dr Ricard Mor\u00e9n-Alegret. <\/p>\n\n\n\n<p>Desde octubre de 2014 a 2017 esta p\u00e1gina web ofreci\u00f3 contenidos relacionados con actividades, entre otras, de la l\u00ednea de investigaci\u00f3n sobre migraciones de otro grupo renovado y consolidado del Programa SGR y que se denomin\u00f3 <strong>Interfase<\/strong> (2014-2017). En ese periodo el grupo Interfase estaba coordinado por la Dra. Fran\u00e7oise Breton, hasta su jubilaci\u00f3n de la UAB.<\/p>\n\n\n\n<p><strong>GRM<\/strong> est\u00e1 principalmente vinculado al<strong>&nbsp;<a href=\"https:\/\/www.uab.cat\/es\/geografia\">Departamento de Geograf\u00eda<\/a><\/strong>&nbsp;<strong>y la&nbsp;<a href=\"https:\/\/www.uab.cat\/web\/facultad-de-filosofia-y-letras-1345695503909.html\">Facultad de Filosof\u00eda y Letras<\/a><\/strong>&nbsp;de la<strong>&nbsp;UAB<\/strong>. El Departamento de Geograf\u00eda de la UAB se cre\u00f3 en los a\u00f1os 1970. Seg\u00fan los&nbsp;<em>2022 QS World University Rankings by Subject<\/em>, la&nbsp;<strong>UAB<\/strong>&nbsp;est\u00e1 entre las&nbsp;<strong>100 mejores<\/strong>&nbsp;<strong>universidades&nbsp;<\/strong>del&nbsp;<strong>mundo<\/strong>&nbsp;en&nbsp;<strong>Geograf\u00eda<\/strong>, ver:&nbsp;<a href=\"https:\/\/www.topuniversities.com\/university-rankings\/university-subject-rankings\/2020\/geography\">https:\/\/www.topuniversities.com\/university-rankings\/university-subject-rankings\/2022\/geography<\/a><\/p>\n\n\n\n<p>Adem\u00e1s, esta p\u00e1gina web GRM tambi\u00e9n ofrece contenidos relacionados con el ya hist\u00f3rico Grupo de Investigaci\u00f3n sobre Migraciones (<em><strong>Grup de Recerca sobre Migracions<\/strong><\/em><strong>, GRM),&nbsp;<\/strong>as\u00ed mismo&nbsp;ubicado en el&nbsp;<a href=\"https:\/\/www.uab.cat\/es\/geografia\">Departamento de Geograf\u00eda<\/a>&nbsp;y en la&nbsp;<a href=\"https:\/\/www.uab.cat\/web\/facultad-de-filosofia-y-letras-1345695503909.html\">Facultad de Filosof\u00eda y Letras<\/a>&nbsp;de la UAB.&nbsp;El GRM fue reconocido como grupo de investigaci\u00f3n consolidado y financiado por AGAUR (Generalitat de Catalunya) durante el <strong>periodo 2009-2014<\/strong> con <strong>Ricard Mor\u00e9n-Alegret<\/strong> como Coordinador (SGR 2009-728). Durante este periodo, el GRM aument\u00f3, internacionaliz\u00f3 y diversific\u00f3 la producci\u00f3n de resultados de investigaci\u00f3n. Anteriormente, en el <strong>periodo 2005-2008<\/strong>, el GRM fue coordinado por la Dra. <strong>\u00c0ngels Pascual de Sans<\/strong>, quien desde 2009 hasta su jubilaci\u00f3n en septiembre de 2013 ejerci\u00f3 como em\u00e9rita. Desde la d\u00e9cada de los a\u00f1os 1960, \u00c0ngels Pascual de Sans ha sido una apreciada acad\u00e9mica dedicada a las migraciones en Espa\u00f1a.<\/p>\n\n\n\n<p>GRM ha desarrollado investigaci\u00f3n en el \u00e1rea de la migraci\u00f3n y el asentamiento desde una perspectiva interdisciplinar, con una especial referencia a Catalu\u00f1a, la pen\u00ednsula Ib\u00e9rica, Europa y el Mediterr\u00e1neo. Sus miembros han formado parte de diferentes investigaciones internacionales y nacionales y, a lo largo de los a\u00f1os, han colaborado con diversas instituciones locales, nacionales e internacionales. <\/p>\n\n\n\n<p>M\u00e1s abajo de esta secci\u00f3n se muestran algunos ejemplos visuales de esas actividades, pero para obtener m\u00e1s detalles ved otras secciones de esta p\u00e1gina web.<\/p>\n\n\n\n<hr class=\"wp-block-separator has-alpha-channel-opacity is-style-dots\" \/>\n\n\n\n<p class=\"has-text-align-center\"><strong>RED de ESTUDIOS MIGRATORIOS (REsMi)&nbsp;<\/strong><\/p>\n\n\n\n<p><strong>GRM<\/strong>&nbsp;particip\u00f3 en la&nbsp;<strong>Red de Estudios Migratorios (REsMi)&nbsp;<\/strong>una de las Redes de Excelencia 2016 en Ciencias Sociales con financiaci\u00f3n del&nbsp;<strong>MINECO<\/strong>, Gobierno de Espa\u00f1a (2017-2019). Esta red fue dirigida por Francisco Javier Garc\u00eda Casta\u00f1o (Universidad de Granada) y en ella participaron una docena de investigadoras e investigadores de una variedad de ciencias sociales. Este personal acad\u00e9mico pertenec\u00eda a universidades y otras instituciones de investigaci\u00f3n localizadas en Andaluc\u00eda, Catalu\u00f1a, Galicia, Madrid, Pa\u00eds Vasco y Valencia. De la UAB, participaron A. Domingo (CED), S. Carrasco (CERM) y R. Mor\u00e9n-Alegret (GRM).<\/p>\n\n\n\n<p>Entre otros productos, REsMi ayud\u00f3 a establecer el Centro de Documentaci\u00f3n en Estudios Migratorios (CDEM) del Instituto de Migraciones de la Universidad de Granada. Ver: <a href=\"https:\/\/cdem.info\/centro-de-documentacion\/ \">https:\/\/cdem.info\/centro-de-documentacion\/ <\/a><\/p>\n\n\n<div class=\"wp-block-image\">\n<figure class=\"aligncenter size-full\"><img loading=\"lazy\" decoding=\"async\" width=\"457\" height=\"213\" src=\"https:\/\/webs.uab.cat\/migracions\/wp-content\/uploads\/sites\/534\/2024\/04\/image-2.png\" alt=\"\" class=\"wp-image-1099\" srcset=\"https:\/\/webs.uab.cat\/migracions\/wp-content\/uploads\/sites\/534\/2024\/04\/image-2.png 457w, https:\/\/webs.uab.cat\/migracions\/wp-content\/uploads\/sites\/534\/2024\/04\/image-2-300x140.png 300w\" sizes=\"auto, (max-width: 457px) 100vw, 457px\" \/><\/figure>\n<\/div>\n\n\n<hr class=\"wp-block-separator has-alpha-channel-opacity is-style-dots\" \/>\n\n\n\n<p class=\"has-text-align-center\"><strong>AUDIOVISUAL EUROPEO participado por GRM (2012)<\/strong><\/p>\n\n\n\n<p class=\"has-text-align-center\"><em><strong>\u201cIf I were the mayor of my neighbourhood<\/strong>\u201c<\/em><\/p>\n\n\n\n<p>Esta obra multimedia pregunta por lo que varios habitantes har\u00edan si fuesen alcaldes o alcaldesas por un d\u00eda, aproxim\u00e1ndose a la vida en barrios de 5 ciudades de diferentes pa\u00edses europeos: Italia, Alemania, Reino Unido, Hungr\u00eda y Espa\u00f1a. Este audiovisual form\u00f3 parte del proyecto <em>CONCORDIA DISCORS<\/em> financiado por la DG-V de la Comisi\u00f3n Europea y coordinado por Ferruccio Pastore e Irene Ponzo (FIERI). Este proyecto cont\u00f3, entre otros, con la participaci\u00f3n de GRM-GEO-UAB, concretamente de Albert Mas, Dawid Wladyka y Ricard Mor\u00e9n-Alegret.  <\/p>\n\n\n\n<p>Ver:<strong>&nbsp;<a href=\"http:\/\/www.concordiadiscors.eu\/multimedia\/\">http:\/\/www.concordiadiscors.eu\/multimedia<\/a><\/strong><a href=\"http:\/\/www.concordiadiscors.eu\/multimedia\/\">\/<\/a><\/p>\n\n\n<div class=\"wp-block-image\">\n<figure class=\"aligncenter size-full\"><img loading=\"lazy\" decoding=\"async\" width=\"193\" height=\"149\" src=\"https:\/\/webs.uab.cat\/migracions\/wp-content\/uploads\/sites\/534\/2024\/04\/image-3.png\" alt=\"\" class=\"wp-image-1102\" \/><\/figure>\n<\/div>\n\n\n<hr class=\"wp-block-separator has-alpha-channel-opacity is-style-dots\" \/>\n\n\n\n<p class=\"has-text-align-center\"><strong>VIDEO DOCUMENTAL ELABORADO DESDE GRM (2009)<\/strong>:<\/p>\n\n\n\n<p class=\"has-text-align-center\"><em><strong>\u201cIBERIANA\u201d<\/strong><\/em><\/p>\n\n\n\n<p class=\"has-text-align-center\"><em><strong>Procesos de integraci\u00f3n de inmigrantes<br>en cinco peque\u00f1as ciudades de la Espa\u00f1a peninsular<\/strong><\/em><\/p>\n\n\n\n<p><strong>Duraci\u00f3n:<\/strong>&nbsp;38 minutos (+ 5\u2032 extras)<\/p>\n\n\n\n<p><strong>Breve descripci\u00f3n:<\/strong>&nbsp;El v\u00eddeo documental de divulgaci\u00f3n cient\u00edfica y cultural \u201cIberiana\u201d ha sido elaborado el a\u00f1o 2009 desde el GRM (Departamento de Geograf\u00eda, UAB) como fruto del proyecto de I+D \u201cINMIGRACI\u00d3N EXTRANJERA, SENTIDO DE LUGAR E IDENTIDAD TERRITORIAL EN CINCO PEQUE\u00d1AS CIUDADES DE ESPA\u00d1A\u201d (SEJ2006-14857), financiado por el Ministerio de Ciencia e Innovaci\u00f3n. \u201cIberiana\u201d muestra algunos rasgos generales de lo que puede ser un proceso de investigaci\u00f3n en ciencias sociales, presenta din\u00e1micas geogr\u00e1ficas recientes en territorios a caballo entre lo urbano y lo rural ubicados en cinco provincias espa\u00f1olas (Alicante, C\u00e1ceres, Girona, Huelva y Le\u00f3n) y, adem\u00e1s, pone luz sobre cinco casos de integraci\u00f3n exitosa de inmigrantes explicados por cinco protagonistas con sus propias palabras. Este v\u00eddeo documental da voz a personas que viven en \u00e1mbitos considerados como perif\u00e9ricos y, como obra de divulgaci\u00f3n, est\u00e1 dirigido a estudiantes de ciencias sociales y al p\u00fablico en general interesado en las din\u00e1micas de la inmigraci\u00f3n y la integraci\u00f3n en Espa\u00f1a.<br><strong>Palabras clave:&nbsp;<\/strong>Geografia, Inmigraci\u00f3n, Integraci\u00f3n, Ciudades peque\u00f1as, Espa\u00f1a.<\/p>\n\n\n\n<p>Ver VIDEO: <a href=\"https:\/\/www.youtube.com\/watch?v=7uC9DNDHlY0 \">https:\/\/www.youtube.com\/watch?v=7uC9DNDHlY0 <\/a><\/p>\n\n\n\n<p>Descargar car\u00e1tulas:<br><a href=\"https:\/\/webs.uab.cat\/migracions\/wp-content\/uploads\/sites\/534\/2024\/06\/portada-iberiana.pdf\">Portada&nbsp;<\/a>\u2013&nbsp;<a href=\"https:\/\/webs.uab.cat\/migracions\/wp-content\/uploads\/sites\/534\/2024\/06\/credits-iberiana.pdf\">Cr\u00e9ditos&nbsp;<\/a>\u2013&nbsp;<a href=\"https:\/\/webs.uab.cat\/migracions\/wp-content\/uploads\/sites\/534\/2024\/06\/escrit-contraportada-iberiana.pdf\">Contraportada<\/a>&nbsp;\u2013&nbsp;<a href=\"https:\/\/webs.uab.cat\/migracions\/wp-content\/uploads\/sites\/534\/2024\/06\/adhesiu_cd.pdf\">Etiqueta CD<\/a><\/p>\n\n\n\n<hr class=\"wp-block-separator has-alpha-channel-opacity is-style-dots\" \/>\n","protected":false},"excerpt":{"rendered":"<p>Esta p\u00e1gina web GRM \u2013\u00a0Galeria de Recerca sobre Migracions\u00a0\u2013 est\u00e1 centrada fundamentalmente en el estudio de las\u00a0migraciones humanas y es de\u00a0acceso abierto. Gracias a financiaci\u00f3n del Programa de investigaci\u00f3n Ram\u00f3n y Cajal (Ministerio de Ciencia y Tecnolog\u00eda del Gobierno de Espa\u00f1a, 2001-2006) y en el marco del Grupo de Investigaci\u00f3n sobre Migraciones (Grup de Recerca [&hellip;]<\/p>\n","protected":false},"author":2819,"featured_media":0,"parent":0,"menu_order":0,"comment_status":"closed","ping_status":"closed","template":"","meta":{"footnotes":""},"class_list":["post-790","page","type-page","status-publish","hentry"],"_links":{"self":[{"href":"https:\/\/webs.uab.cat\/migracions\/es\/wp-json\/wp\/v2\/pages\/790","targetHints":{"allow":["GET"]}}],"collection":[{"href":"https:\/\/webs.uab.cat\/migracions\/es\/wp-json\/wp\/v2\/pages"}],"about":[{"href":"https:\/\/webs.uab.cat\/migracions\/es\/wp-json\/wp\/v2\/types\/page"}],"author":[{"embeddable":true,"href":"https:\/\/webs.uab.cat\/migracions\/es\/wp-json\/wp\/v2\/users\/2819"}],"replies":[{"embeddable":true,"href":"https:\/\/webs.uab.cat\/migracions\/es\/wp-json\/wp\/v2\/comments?post=790"}],"version-history":[{"count":31,"href":"https:\/\/webs.uab.cat\/migracions\/es\/wp-json\/wp\/v2\/pages\/790\/revisions"}],"predecessor-version":[{"id":2435,"href":"https:\/\/webs.uab.cat\/migracions\/es\/wp-json\/wp\/v2\/pages\/790\/revisions\/2435"}],"wp:attachment":[{"href":"https:\/\/webs.uab.cat\/migracions\/es\/wp-json\/wp\/v2\/media?parent=790"}],"curies":[{"name":"wp","href":"https:\/\/api.w.org\/{rel}","templated":true}]}}