{"id":988,"date":"2024-02-28T17:37:11","date_gmt":"2024-02-28T15:37:11","guid":{"rendered":"https:\/\/webs.uab.cat\/migracions\/?page_id=988"},"modified":"2024-03-15T15:23:47","modified_gmt":"2024-03-15T13:23:47","slug":"algunas-instituciones-organismos-y-centros-de-investigacion-relacionados-con-las-migraciones-por-orden-alfabetico-de-paises","status":"publish","type":"page","link":"https:\/\/webs.uab.cat\/migracions\/es\/algunas-instituciones-organismos-y-centros-de-investigacion-relacionados-con-las-migraciones-por-orden-alfabetico-de-paises\/","title":{"rendered":"Algunas instituciones, organismos y centros de investigaci\u00f3n relacionados con las migraciones (por orden alfab\u00e9tico de pa\u00edses)"},"content":{"rendered":"\n<p><strong>Alema\u00f1a<\/strong><\/p>\n\n\n\n<p><a href=\"http:\/\/www.efms.uni-bamberg.de\/\">European Forum for Migration Studies (EFMS)<\/a><\/p>\n\n\n\n<p><a href=\"http:\/\/www.zef.de\/aboutzef.html\">Center for Development Research (ZEF)<\/a><\/p>\n\n\n\n<p><a href=\"http:\/\/www.imis.uni-osnabrueck.de\/\">Institute for Migration Research and Intercultural Studies (IMIS)<\/a><\/p>\n\n\n\n<p><a href=\"http:\/\/www.uni-konstanz.de\/willkommen\/\" target=\"_blank\" rel=\"noreferrer noopener\">Centre for International and European Law on Immigration and Asylum (CIAL)<\/a><\/p>\n\n\n\n<p><strong>Argentina<\/strong><\/p>\n\n\n\n<p><a href=\"http:\/\/www.cemla.com\/\">Centro de Estudios Migratorios Latinoamericanos (CEMLA)<\/a><\/p>\n\n\n\n<p><strong>Australia<\/strong><\/p>\n\n\n\n<p><a href=\"http:\/\/www.adelaide.edu.au\/apmrc\/\">APMRC &#8211; Australian Population and Migration Research Centre<\/a><\/p>\n\n\n\n<p><a href=\"http:\/\/www.csiro.au\/Portals\/About-CSIRO\/Where-we-are\/South-Australia.aspx\">CISRO, University of Adelaide<\/a><\/p>\n\n\n\n<p><strong>Austria<\/strong><\/p>\n\n\n\n<p><a href=\"http:\/\/www.oeaw.ac.at\/vid\/\">Vienna Institute of Demography<strong>&nbsp;&#8211;&nbsp;<\/strong>Austrian Academy of Sciences<\/a><\/p>\n\n\n\n<p><a href=\"http:\/\/www.icmpd.org\/\">International Centre for Migration Policy Development (ICMPD)<\/a><\/p>\n\n\n\n<p><strong>B\u00e9lgica<\/strong><\/p>\n\n\n\n<p><a href=\"http:\/\/www.epc.eu\/\">European Policy Centre \u2013 EPC<\/a><\/p>\n\n\n\n<p><a href=\"http:\/\/www.migpolgroup.com\/\" target=\"_blank\" rel=\"noreferrer noopener\">Migration Policy Group (MPG)<\/a><\/p>\n\n\n\n<p><a href=\"http:\/\/www.labourmigration.eu\/\" target=\"_blank\" rel=\"noreferrer noopener\">Independent Network of Labour Migration and Integration Experts&nbsp;<\/a><a href=\"http:\/\/www.labourmigration.eu\/\">(LINET)<\/a><\/p>\n\n\n\n<p><a href=\"http:\/\/www.cedem.ulg.ac.be\/\" target=\"_blank\" rel=\"noreferrer noopener\">Centre d&#8217;Etudes de l&#8217;Ethnicit\u00e9 et des Migrations (CEDEM)<\/a><\/p>\n\n\n\n<p><a href=\"http:\/\/www.ulb.ac.be\/socio\/germe\/\">Groupe de recherche sur les Relations Ethniques, les Migrations et l\u2019Egalit\u00e9 (GERME)<\/a><\/p>\n\n\n\n<p><strong>Brasil<\/strong><\/p>\n\n\n\n<p><a href=\"http:\/\/www.abep.org.br\/\">Associa\u00e7\u00e3o Brasileira de Estudos Populacionais (ABEP)&nbsp;<\/a><\/p>\n\n\n\n<p><strong>Corea<\/strong><\/p>\n\n\n\n<p><a href=\"http:\/\/www.kli.re.kr\/kli_ehome\/main\/main.jsp\" target=\"_blank\" rel=\"noreferrer noopener\">Korean Labour Institute (KLI)<\/a><\/p>\n\n\n\n<p><strong>China<\/strong><\/p>\n\n\n\n<p><a href=\"http:\/\/bic.cass.cn\/english\/\">Chinese Academy for Social Sciences (CASS)<\/a><\/p>\n\n\n\n<p><strong>Cuba<\/strong><\/p>\n\n\n\n<p><a href=\"http:\/\/www.uh.cu\/centros\/cemi\/\">Centro de Estudios de Migraciones Internacionales \u2013 CEMI<\/a><\/p>\n\n\n\n<p><strong>Dinamarca<\/strong><\/p>\n\n\n\n<p><a href=\"http:\/\/www.cdr.dk\/\">Centre for Development Research<\/a><\/p>\n\n\n\n<p><a href=\"http:\/\/www.amid.dk\/\" target=\"_blank\" rel=\"noreferrer noopener\">Academy for Migration Studies in Denmark (AMID)<\/a><\/p>\n\n\n\n<p><strong>EUA<\/strong><\/p>\n\n\n\n<p><a href=\"http:\/\/migration.ucdavis.edu\/rs\/ciip.php\">Comparative Immigration and Integration Program (CIIP) &#8211; Migration Dialogue<\/a><\/p>\n\n\n\n<p><a href=\"http:\/\/www.migrationpolicy.org\/\" target=\"_blank\" rel=\"noreferrer noopener\">Migration Policy Institute (MPI)<\/a><\/p>\n\n\n\n<p><a href=\"http:\/\/www.simn-cs.net\/\" target=\"_blank\" rel=\"noreferrer noopener\">Scalabrini International Migration Network<\/a><\/p>\n\n\n\n<p><a href=\"http:\/\/www.ssrc.org\/\" target=\"_blank\" rel=\"noreferrer noopener\">Social Science Research Council (SSRC)<\/a><\/p>\n\n\n\n<p><a href=\"http:\/\/isim.georgetown.edu\/\" target=\"_blank\" rel=\"noreferrer noopener\">Institute for the Study of International Migration (ISIM)<\/a><\/p>\n\n\n\n<p><a href=\"http:\/\/www.cmsny.org\/\">Center for Migration Studies (CMS)<\/a><\/p>\n\n\n\n<p><a href=\"http:\/\/iasfm.org\/\" target=\"_blank\" rel=\"noreferrer noopener\">International Association for the Study of Forced Migration<\/a><\/p>\n\n\n\n<p><strong>Eslovenia<\/strong><\/p>\n\n\n\n<p><a href=\"http:\/\/www.iscomet.org\/\">ISCOMET \u2013 Institute for Ethnic and Regional Studies<\/a><\/p>\n\n\n\n<p><a href=\"http:\/\/www.iscomet.org\/index.php?id=84,0,0,1,0,0\">ECERS &#8211; European Centre for Ethnic, Regional and Sociological Studies<\/a><a href=\"http:\/\/www.iscomet.org\/index.php?id=84,0,0,1,0,0\" target=\"_blank\" rel=\"noreferrer noopener\"><\/a><\/p>\n\n\n\n<p><a href=\"http:\/\/isim.zrc-sazu.si\/en#v\">Slovenian Migration Institute<\/a><\/p>\n\n\n\n<p><strong>Filipinas<\/strong><\/p>\n\n\n\n<p><a href=\"http:\/\/www.smc.org.ph\/\">Scalabrini Migration Center &#8211; Manila<\/a><\/p>\n\n\n\n<p><strong>Finlandia<\/strong><\/p>\n\n\n\n<p><a href=\"http:\/\/www.migrationinstitute.fi\/\">Institute of Migration<\/a><\/p>\n\n\n\n<p><strong>Francia<\/strong><\/p>\n\n\n\n<p><a href=\"http:\/\/www.msh-paris.fr\/fr\/\">Fondation Maison des sciences de l\u2019homme (FMSH)<\/a><\/p>\n\n\n\n<p><a href=\"http:\/\/www.mshs.univ-poitiers.fr\/migrinter\/index.htm\" target=\"_blank\" rel=\"noreferrer noopener\">MIGRINTER<\/a><\/p>\n\n\n\n<p><a href=\"http:\/\/www.ined.fr\/\" target=\"_blank\" rel=\"noreferrer noopener\">Institut National d\u2019Etudes D\u00e9mographiques (INED)<\/a><\/p>\n\n\n\n<p><a href=\"http:\/\/www.ciemi.org\/\" target=\"_blank\" rel=\"noreferrer noopener\">Centre d\u2019Information et d\u2019Etudes sur les Migrations Internationales (CIEMI)<\/a><\/p>\n\n\n\n<p><a href=\"http:\/\/urmis.unice.fr\/\">Unit\u00e9 de recherches \u00abMigrations et soci\u00e9t\u00e9\u00bb &#8211; URMIS&nbsp;<\/a>&nbsp;<\/p>\n\n\n\n<p><a href=\"http:\/\/www.iddri.org\/\" target=\"_blank\" rel=\"noreferrer noopener\">Institute for Sustainable Development and International Relations (IDDRI)<\/a><\/p>\n\n\n\n<p><a href=\"http:\/\/www.cmimarseille.org\/web\/base2\/cmi\/index.html\" target=\"_blank\" rel=\"noreferrer noopener\">Marseille Center for Mediterranean Integration (MCMI)<\/a><\/p>\n\n\n\n<p><strong>Georgia<\/strong><\/p>\n\n\n\n<p><a href=\"http:\/\/www.tsu.edu.ge\/en\/\" target=\"_blank\" rel=\"noreferrer noopener\">Centre of Migration Studies<\/a><\/p>\n\n\n\n<p><strong>Grecia<\/strong><\/p>\n\n\n\n<p><a href=\"http:\/\/www.aoa.aua.gr\/en\/default.aspx\">Laboratory of Rural Economic Development, Department of Agricultural Economics and Rural Development, AUA<\/a><\/p>\n\n\n\n<p><strong>Hungr\u00eda<\/strong><\/p>\n\n\n\n<p><a href=\"http:\/\/www.tarki.hu\/en\/about\/profile\/index.html\" target=\"_blank\" rel=\"noreferrer noopener\">TARKI Joint Research Centre<\/a><\/p>\n\n\n\n<p><strong>Irlanda<\/strong><\/p>\n\n\n\n<p><a href=\"http:\/\/migration.ucc.ie\/\" target=\"_blank\" rel=\"noreferrer noopener\">Irish Centre for Migration Studies<\/a><\/p>\n\n\n\n<p><strong>Italia<\/strong><\/p>\n\n\n\n<p><a href=\"http:\/\/www.migrationpolicycentre.eu\/\">Migration Policy Centre (MPC)<\/a><\/p>\n\n\n\n<p><a href=\"http:\/\/www.ismu.org\/\">ISMU<\/a>&nbsp;<a href=\"http:\/\/www.ismu.org\/\">\u2013 Istituto per lo Studio della Multietnicit\u00e0<\/a><\/p>\n\n\n\n<p><a href=\"http:\/\/www.fieri.it\/\" target=\"_blank\" rel=\"noreferrer noopener\">FIERI \u2013 Forum Internazionale ed Europeo di Ricerche sull\u2019Immigrazione<\/a><\/p>\n\n\n\n<p><a href=\"http:\/\/www.cser.it\/\">Centro Studi Emigrazione Roma<\/a><\/p>\n\n\n\n<p><strong>Marruecos<\/strong><\/p>\n\n\n\n<p><a href=\"http:\/\/www.hcp.ma\/Centre-d-Etudes-et-de-Recherches-Demographiques_a735.html\">Centre d&#8217; \u00e9tudes et de recherches d\u00e9mographiques (CERED)&nbsp;<\/a><\/p>\n\n\n\n<p><strong>M\u00e9xico<\/strong><\/p>\n\n\n\n<p><a href=\"http:\/\/www.colef.mx\/\">El Colegio de la Frontera Norte<\/a><\/p>\n\n\n\n<p><strong>Noruega<\/strong><\/p>\n\n\n\n<p><a href=\"http:\/\/org.uib.no\/imer\/\">IMER Bergen &#8211; International Migration and Ethnic Relations<\/a><\/p>\n\n\n\n<p><a href=\"http:\/\/www.socialresearch.no\/\">Institute for Social Research<\/a><\/p>\n\n\n\n<p><strong>Pa\u00edses Bajos<\/strong><\/p>\n\n\n\n<p><a href=\"http:\/\/www.ercomer.eu\/\" target=\"_blank\" rel=\"noreferrer noopener\">European Research Centre On Migration and Ethnic Relations (ERCOMER)<\/a><\/p>\n\n\n\n<p><a href=\"http:\/\/imes.uva.nl\/\">Institute for Migration &amp; Ethnic Studies \u2013 IMES<\/a><\/p>\n\n\n\n<p><a href=\"http:\/\/www.nidi.nl\/\" target=\"_blank\" rel=\"noreferrer noopener\">Netherlands Interdisciplinary Demographic Institute (NiDi)<\/a><\/p>\n\n\n\n<p><a href=\"http:\/\/www.ascleiden.nl\/\">African Studies Centre ASC\/Leiden<\/a><\/p>\n\n\n\n<p><a href=\"http:\/\/www.ru.nl\/law\/cmr\/\" target=\"_blank\" rel=\"noreferrer noopener\">Centre for Migration Law<\/a><\/p>\n\n\n\n<p><strong>Polonia<\/strong><\/p>\n\n\n\n<p><a href=\"http:\/\/www.migracje.uw.edu.pl\/\">Centre of Migration Research (CMR)<\/a><\/p>\n\n\n\n<p><a href=\"http:\/\/www.ism.uni.wroc.pl\/en\/?mod=en\">Institute of International Studies (U. Wroclaw)<\/a><\/p>\n\n\n\n<p><a href=\"http:\/\/www.pism.pl\/pl#1\">Polish Institute of International Affairs<\/a><\/p>\n\n\n\n<p><strong>Portugal<\/strong><\/p>\n\n\n\n<p><a href=\"http:\/\/www.ceg.ul.pt\/nucleos.asp?id=1\">Migra\u00e7\u00f5es, Espa\u00e7os e Sociedades (MIGRARE)<\/a><\/p>\n\n\n\n<p><a href=\"http:\/\/www.ceg.ul.pt\/\" target=\"_blank\" rel=\"noreferrer noopener\">Centro de Estudos Geogr\u00e1ficos<\/a><\/p>\n\n\n\n<p><a href=\"http:\/\/www2.uab.pt\/cemri\/index.php\">Centro de Estudos da Migra\u00e7\u00f5es e Rela\u00e7\u00f5es Interculturais (CEMRI)<\/a><\/p>\n\n\n\n<p><strong>Reino Unido<\/strong><\/p>\n\n\n\n<p><a href=\"http:\/\/www.compas.ox.ac.uk\/\">Centre on Migration, Policy and Society (COMPAS)<\/a><\/p>\n\n\n\n<p><a href=\"http:\/\/migrationobservatory.ox.ac.uk\/\">The Migration Observatory at the University of Oxford<\/a><\/p>\n\n\n\n<p><a href=\"http:\/\/www.imi.ox.ac.uk\/\" target=\"_blank\" rel=\"noreferrer noopener\">International Migration Institute (IMI)<\/a><\/p>\n\n\n\n<p><a href=\"http:\/\/www.ippr.org\/\" target=\"_blank\" rel=\"noreferrer noopener\">Institute of Public Policy Research (IPPR)<\/a><\/p>\n\n\n\n<p><a href=\"http:\/\/www.rsc.ox.ac.uk\/\">Refugees Studies Centre (RSC)<\/a><\/p>\n\n\n\n<p><a href=\"http:\/\/www2.warwick.ac.uk\/fac\/soc\/crer\" target=\"_blank\" rel=\"noreferrer noopener\">Centre for Research in Ethnic Relations (CRER)<\/a><\/p>\n\n\n\n<p><a href=\"http:\/\/www.sussex.ac.uk\/migration\/\" target=\"_blank\" rel=\"noreferrer noopener\">Sussex Centre for Migration Research (SCMR)<\/a><\/p>\n\n\n\n<p><a href=\"http:\/\/www.qub.ac.uk\/cibr\/\">Centre for International Border Research (CIBR)<\/a><\/p>\n\n\n\n<p><a href=\"http:\/\/www.lse.ac.uk\/researchAndExpertise\/units\/ASEN\/Home.aspx\">Association for the Study of Ethnicity and Nationalism (ASEN)<\/a><\/p>\n\n\n\n<p><strong>Senegal<\/strong><\/p>\n\n\n\n<p><a href=\"http:\/\/diasporaenligne.net\/\">R\u00e9seau International Diaspora En Ligne<\/a><\/p>\n\n\n\n<p><strong>Sud\u00e1frica<\/strong><\/p>\n\n\n\n<p><a href=\"http:\/\/www.queensu.ca\/samp\/\">Southern African Migration Programme (SAMP)<\/a><\/p>\n\n\n\n<p><strong>Suecia<\/strong><\/p>\n\n\n\n<p><a href=\"http:\/\/www.socant.su.se\/english\/research\/research-program-ceifo\">Centre for research in International Migration and Ethnic Relations \u2013 CEIFO<\/a><\/p>\n\n\n\n<p><a href=\"http:\/\/www.mah.se\/english\/research\/Our-research\/Centers\/Malmo-Institute-for-Studies-of-Migration-Diversity-and-Welfare\/\">Malm\u00f6 Institute for Studies of Migration, Diversity and Welfare<\/a><\/p>\n\n\n\n<p><strong>Suiza<\/strong><\/p>\n\n\n\n<p><a href=\"http:\/\/graduateinstitute.ch\/\" target=\"_blank\" rel=\"noreferrer noopener\">Graduate Institute of International and Development Studies<\/a><\/p>\n\n\n\n<p><a href=\"http:\/\/www.snis.ch\/\">Swiss Network for International Studies<\/a><\/p>\n\n\n\n<p><a href=\"http:\/\/www.cserpe.org\/\">Centro Studi e Ricerche per l&#8217;Emigrazione<\/a><\/p>\n\n\n\n<p><a href=\"http:\/\/www.migration-population.ch\/cms\/site\/sfm\/lang\/fr_CH\/sfm\">SFM &#8211; Forum suisse pour l&#8217;\u00e9tude des migrations et de la population<\/a><\/p>\n\n\n\n<p><strong>Turqu\u00eda<\/strong><\/p>\n\n\n\n<p><a href=\"http:\/\/mirekoc.ku.edu.tr\/\" target=\"_blank\" rel=\"noreferrer noopener\">Migration Research Center at Ko\u00e7 University (MiReKoc)<\/a><\/p>\n","protected":false},"excerpt":{"rendered":"<p>Alema\u00f1a European Forum for Migration Studies (EFMS) Center for Development Research (ZEF) Institute for Migration Research and Intercultural Studies (IMIS) Centre for International and European Law on Immigration and Asylum (CIAL) Argentina Centro de Estudios Migratorios Latinoamericanos (CEMLA) Australia APMRC &#8211; Australian Population and Migration Research Centre CISRO, University of Adelaide Austria Vienna Institute of [&hellip;]<\/p>\n","protected":false},"author":2819,"featured_media":0,"parent":0,"menu_order":0,"comment_status":"closed","ping_status":"closed","template":"","meta":{"footnotes":""},"class_list":["post-988","page","type-page","status-publish","hentry"],"_links":{"self":[{"href":"https:\/\/webs.uab.cat\/migracions\/es\/wp-json\/wp\/v2\/pages\/988","targetHints":{"allow":["GET"]}}],"collection":[{"href":"https:\/\/webs.uab.cat\/migracions\/es\/wp-json\/wp\/v2\/pages"}],"about":[{"href":"https:\/\/webs.uab.cat\/migracions\/es\/wp-json\/wp\/v2\/types\/page"}],"author":[{"embeddable":true,"href":"https:\/\/webs.uab.cat\/migracions\/es\/wp-json\/wp\/v2\/users\/2819"}],"replies":[{"embeddable":true,"href":"https:\/\/webs.uab.cat\/migracions\/es\/wp-json\/wp\/v2\/comments?post=988"}],"version-history":[{"count":1,"href":"https:\/\/webs.uab.cat\/migracions\/es\/wp-json\/wp\/v2\/pages\/988\/revisions"}],"predecessor-version":[{"id":990,"href":"https:\/\/webs.uab.cat\/migracions\/es\/wp-json\/wp\/v2\/pages\/988\/revisions\/990"}],"wp:attachment":[{"href":"https:\/\/webs.uab.cat\/migracions\/es\/wp-json\/wp\/v2\/media?parent=988"}],"curies":[{"name":"wp","href":"https:\/\/api.w.org\/{rel}","templated":true}]}}