{"id":210,"date":"2020-03-03T08:49:53","date_gmt":"2020-03-03T06:49:53","guid":{"rendered":"https:\/\/webs.uab.cat\/musc\/digitalitzacio-i-analisi-de-suports-sonors-historics\/"},"modified":"2022-11-24T12:49:26","modified_gmt":"2022-11-24T10:49:26","slug":"digitalitzacio-i-analisi-de-suports-sonors-historics","status":"publish","type":"page","link":"https:\/\/webs.uab.cat\/musc\/digitalitzacio-i-analisi-de-suports-sonors-historics\/","title":{"rendered":"Digitalitzaci\u00f3 i an\u00e0lisi de suports sonors hist\u00f2rics"},"content":{"rendered":"\n<p>L\u00ednia que disposa d&#8217;un llarg recorregut dins del grup i que en els darrers deu anys ha focalitzat en un suport sonor particularment complex com s\u00f3n els rotlles de pianola. En aquest sentit destaquen els projectes de digitalitzaci\u00f3 portats a terme al Museu de la M\u00fasica de Barcelona, a la Biblioteca Nacional d&#8217;Espanya o al Museu de la Mediterr\u00e0nia, els convenis amb institucions com el Ministerio de Cultura de l&#8217;Equador o el Consorci del Temple Expiatori de la Sagrada Fam\u00edlia i diverses col\u00b7laboracions amb el Teatre Nacional de Catalunya.<\/p>\n\n\n\n<h2 class=\"wp-block-heading\">Projectes<\/h2>\n\n\n\n<h3 class=\"wp-block-heading\"><em><strong>Estudi i catalogaci\u00f3 de rotlles de pianola de col\u00b7leccions privades catalanes (en curs)<\/strong><\/em><\/h3>\n\n\n\n<p><em>Confer\u00e8ncia<\/em><br>&#8220;<a href=\"https:\/\/youtu.be\/SHCQO1SZ4sE\">Musicologia i humanitats digitals: el cas dels rotlles de pianola<\/a>&#8220;, Silvia Segura, \u00c0ngel Monasterio i Joaqu\u00edn R\u00f3denas en el marc de les TrobaHDes organitzades per l&#8217;Associaci\u00f3 d&#8217;Humanitats Digitals Catalanes (AHDCat), el 26 d&#8217;abril de 2021.<\/p>\n\n\n\n<h3 class=\"wp-block-heading\"><em><strong>Digitalitzaci\u00f3, catalogaci\u00f3 i estudi de rotlles de pianola equatorians<\/strong><\/em><br>Finan\u00e7at per la Latin Grammy Cultural Foundation, 2017<\/h3>\n\n\n\n<p><em>Premsa<\/em><br><a href=\"https:\/\/www.latingrammy.com\/en\/news\/latin-grammy-cultural-foundation-bestows-third-annual-international-grants-for-latin-music\" target=\"_blank\" rel=\"noopener\">Latin Grammy Cultural Fundation<\/a>&nbsp;|&nbsp;<a href=\"https:\/\/www.uab.cat\/web\/sala-de-premsa\/detall-de-noticia-1345667174054.html?noticiaid=1345718688427\" target=\"_blank\" rel=\"noopener\">Universitat Aut\u00f2noma de Barcelona<\/a>&nbsp;|&nbsp;<a href=\"https:\/\/www.eluniverso.com\/vida-estilo\/2017\/02\/10\/nota\/6039961\/ecuatoriano-gana-premio-latin-grammy-cultura\" target=\"_blank\" rel=\"noopener\">El Universo<\/a><\/p>\n\n\n\n<h3 class=\"wp-block-heading\"><em><strong>Preserving player piano rolls written under pseudonym by catalan composers<\/strong><\/em><br>Finan\u00e7at per la Association for Recorded Sound Collections, 2016<\/h3>\n\n\n\n<p><em>Premsa<\/em><br>Associations for Recorded Sound Collections: <a href=\"http:\/\/www.arsc-audio.org\/newsletter\/NSLR146.pdf\" target=\"_blank\" rel=\"noopener\">Newsletter<\/a> |&nbsp; <a href=\"http:\/\/www.arsc-audio.org\/pdf\/press-release\/pr_2016_grants.pdf\" target=\"_blank\" rel=\"noopener\">Press Release<\/a> | <a href=\"https:\/\/www.arsc-audio.org\/committees\/preservation-grant-recipients.html#2016\" target=\"_blank\" rel=\"noopener\">Grant Recipients<\/a><\/p>\n\n\n\n<h3 class=\"wp-block-heading\"><em><strong>Digitalitzaci\u00f3 de rotlles de pianola de la Biblioteca Nacional d&#8217;Espanya<\/strong><\/em><br>Finan\u00e7at per la la Biblioteca Nacional d&#8217;Espanya, 2015<\/h3>\n\n\n\n<p><em>Premsa<\/em><br><a href=\"http:\/\/www.bne.es\/es\/AreaPrensa\/noticias2016\/0503-Rollos-de-pianola.html\" target=\"_blank\" rel=\"noopener\">Biblioteca Nacional de Espa\u00f1a<\/a><\/p>\n\n\n\n<h3 class=\"wp-block-heading\"><em><strong>Pianola Roll Digitizer<\/strong><\/em><\/h3>\n\n\n\n<p><em>Premsa<\/em><br><a href=\"https:\/\/www.eltemps.cat\/article\/3894\/la-musica-ballable-i-inedita-de-frederic-mompou-i-manuel-blancafort\" target=\"_blank\" rel=\"noopener\">El Temps<\/a> | <a href=\"https:\/\/www.lavanguardia.com\/cultura\/20151203\/30556879019\/ragtime-mompou-blancafort.html\">La Vanguardia<\/a> | <a href=\"https:\/\/www.abc.es\/espana\/catalunya\/abci-mompou-inedito-y-ritmo-foxtrot-201512021709_noticia.html\" target=\"_blank\" rel=\"noopener\">ABC<\/a><\/p>\n","protected":false},"excerpt":{"rendered":"<p>L\u00ednia que disposa d&#8217;un llarg recorregut dins del grup i que en els darrers deu anys ha focalitzat en un suport sonor particularment complex com s\u00f3n els rotlles de pianola. En aquest sentit destaquen els projectes de digitalitzaci\u00f3 portats a terme al Museu de la M\u00fasica de Barcelona, a la Biblioteca Nacional d&#8217;Espanya o al [&hellip;]<\/p>\n","protected":false},"author":20,"featured_media":0,"parent":0,"menu_order":0,"comment_status":"closed","ping_status":"closed","template":"","meta":{"footnotes":""},"class_list":["post-210","page","type-page","status-publish","hentry"],"_links":{"self":[{"href":"https:\/\/webs.uab.cat\/musc\/wp-json\/wp\/v2\/pages\/210","targetHints":{"allow":["GET"]}}],"collection":[{"href":"https:\/\/webs.uab.cat\/musc\/wp-json\/wp\/v2\/pages"}],"about":[{"href":"https:\/\/webs.uab.cat\/musc\/wp-json\/wp\/v2\/types\/page"}],"author":[{"embeddable":true,"href":"https:\/\/webs.uab.cat\/musc\/wp-json\/wp\/v2\/users\/20"}],"replies":[{"embeddable":true,"href":"https:\/\/webs.uab.cat\/musc\/wp-json\/wp\/v2\/comments?post=210"}],"version-history":[{"count":1,"href":"https:\/\/webs.uab.cat\/musc\/wp-json\/wp\/v2\/pages\/210\/revisions"}],"predecessor-version":[{"id":414,"href":"https:\/\/webs.uab.cat\/musc\/wp-json\/wp\/v2\/pages\/210\/revisions\/414"}],"wp:attachment":[{"href":"https:\/\/webs.uab.cat\/musc\/wp-json\/wp\/v2\/media?parent=210"}],"curies":[{"name":"wp","href":"https:\/\/api.w.org\/{rel}","templated":true}]}}