{"id":170,"date":"2025-10-16T13:24:06","date_gmt":"2025-10-16T11:24:06","guid":{"rendered":"https:\/\/webs.uab.cat\/neurobio-trastorns-mentals\/?page_id=170"},"modified":"2025-10-16T13:24:06","modified_gmt":"2025-10-16T11:24:06","slug":"colaboradoras-y-colaboradores","status":"publish","type":"page","link":"https:\/\/webs.uab.cat\/neurobio-trastorns-mentals\/es\/colaboradoras-y-colaboradores\/","title":{"rendered":"Colaboradoras y Colaboradores"},"content":{"rendered":"\n<figure class=\"wp-block-image size-large\"><img loading=\"lazy\" decoding=\"async\" width=\"1024\" height=\"521\" src=\"https:\/\/webs.uab.cat\/neurobio-trastorns-mentals\/wp-content\/uploads\/sites\/595\/2025\/10\/mundi-collab-2-1024x521.png\" alt=\"\" class=\"wp-image-159\" srcset=\"https:\/\/webs.uab.cat\/neurobio-trastorns-mentals\/wp-content\/uploads\/sites\/595\/2025\/10\/mundi-collab-2-1024x521.png 1024w, https:\/\/webs.uab.cat\/neurobio-trastorns-mentals\/wp-content\/uploads\/sites\/595\/2025\/10\/mundi-collab-2-300x153.png 300w, https:\/\/webs.uab.cat\/neurobio-trastorns-mentals\/wp-content\/uploads\/sites\/595\/2025\/10\/mundi-collab-2-768x391.png 768w, https:\/\/webs.uab.cat\/neurobio-trastorns-mentals\/wp-content\/uploads\/sites\/595\/2025\/10\/mundi-collab-2-1536x781.png 1536w, https:\/\/webs.uab.cat\/neurobio-trastorns-mentals\/wp-content\/uploads\/sites\/595\/2025\/10\/mundi-collab-2-2048x1042.png 2048w, https:\/\/webs.uab.cat\/neurobio-trastorns-mentals\/wp-content\/uploads\/sites\/595\/2025\/10\/mundi-collab-2-1200x610.png 1200w, https:\/\/webs.uab.cat\/neurobio-trastorns-mentals\/wp-content\/uploads\/sites\/595\/2025\/10\/mundi-collab-2-1980x1007.png 1980w\" sizes=\"auto, (max-width: 1024px) 100vw, 1024px\" \/><\/figure>\n\n\n\n<p class=\"wp-block-paragraph\">Nuestro grupo mantiene una amplia red de colaboraciones internacionales con equipos de investigaci\u00f3n de prestigio en neurociencias y biomedicina. Estos v\u00ednculos nos permiten integrar metodolog\u00edas avanzadas en epigen\u00f3mica, neurobiolog\u00eda molecular y an\u00e1lisis de conducta, reforzando la dimensi\u00f3n traslacional de nuestros proyectos.<\/p>\n\n\n\n<p class=\"wp-block-paragraph\">Dentro del proyecto actual <strong>EPISCHIZORAT<\/strong>, las principales colaboraciones son las siguientes:<\/p>\n\n\n\n<h2 class=\"wp-block-heading\">Dinamarca &#8211; Dra. Susana Aznar (<strong>Bispebjerg-Frederiksberg Hospital, K\u00f8<\/strong>benhavn)<\/h2>\n\n\n\n<p class=\"wp-block-paragraph\">La Dra. Susana Aznar y su equipo colaboran con nuestro grupo en el estudio de la <strong>expresi\u00f3n diferencial de genes<\/strong> relacionados con la neuroplasticidad y la funci\u00f3n sin\u00e1ptica en modelos animales de vulnerabilidad a la esquizofrenia.<\/p>\n\n\n\n<p class=\"wp-block-paragraph\">Su laboratorio participa en los an\u00e1lisis de expresi\u00f3n g\u00e9nica y en la validaci\u00f3n de resultados epigen\u00e9ticos, contribuyendo al conocimiento de los mecanismos moleculares que vinculan las experiencias ambientales tempranas con la actividad neuronal y la salud mental.<\/p>\n\n\n\n<h2 class=\"wp-block-heading\">Espa\u00f1a &#8211; Colaboradores nacionales <\/h2>\n\n\n\n<p class=\"wp-block-paragraph\">Nuestro grupo mantiene una amplia red de colaboraciones a nivel nacional con equipos de investigaci\u00f3n de diferentes universidades y centros, especialmente en los \u00e1mbitos de la neurobiolog\u00eda, la gen\u00e9tica del comportamiento y la salud mental traslacional.<\/p>\n\n\n\n<p class=\"wp-block-paragraph\">En el marco del proyecto, colaboramos activamente con el Centro Nacional de An\u00e1lisis Gen\u00f3mico (CNAG, Barcelona), dirigido por el Dr. Simon Heath, quien lidera los <strong>an\u00e1lisis epigen\u00f3micos y bioinform\u00e1ticos de todo el genoma<\/strong>. Su equipo es responsable del procesamiento e interpretaci\u00f3n de los datos de metilaci\u00f3n del ADN, proporcionando una base s\u00f3lida para comprender c\u00f3mo las experiencias ambientales positivas o adversas modulan la expresi\u00f3n g\u00e9nica y la funci\u00f3n neuronal.<\/p>\n\n\n\n<p class=\"wp-block-paragraph\">Adem\u00e1s, colaboradoras y colaboradores como la Dra. Carmen Torres, el Dr. Ignacio Mor\u00f3n, la Dra. Pilar Torres y la Dra. Margalida Coll aportan apoyo t\u00e9cnico y metodol\u00f3gico en la coordinaci\u00f3n experimental y en el mantenimiento de la calidad de los procesos de investigaci\u00f3n desarrollados en la UAB y en colaboraci\u00f3n con otras instituciones del Estado.<\/p>\n\n\n\n<h2 class=\"wp-block-heading\">Estados Unidos de Am\u00e9rica &#8211; Dr. Javier Gonz\u00e1lez-Maeso<strong> (Virginia Commonwealth University, Richmond)<\/strong><\/h2>\n\n\n\n<p class=\"wp-block-paragraph\">El Dr. Javier Gonz\u00e1lez-Maeso colabora con nuestro grupo en el estudio de los mecanismos neurofarmacol\u00f3gicos implicados en los receptores <strong>5-HT2A<\/strong> y <strong>mGluR2<\/strong>, fundamentales en los procesos de se\u00f1alizaci\u00f3n neuronal asociados a la esquizofrenia.<\/p>\n\n\n\n<p class=\"wp-block-paragraph\">Esta colaboraci\u00f3n ha permitido identificar alteraciones moleculares y epigen\u00e9ticas relevantes, reforzando el puente traslacional entre la investigaci\u00f3n b\u00e1sica con modelos animales y la comprensi\u00f3n cl\u00ednica de los trastornos mentales.<\/p>\n\n\n\n<h2 class=\"wp-block-heading\">Italia &#8211; Prof. Osvaldo Giorgi y Prof. Marina Quartu<strong> (Universit\u00e0 degli Studi di Cagliari, Cagliari)<\/strong><\/h2>\n\n\n\n<p class=\"wp-block-paragraph\">El grupo de Cagliari, junto con las investigadoras Dra. Mari G. Corda, Prof. Fabrizio Sanna y Dra. Maria P. Serra, forma parte de una colaboraci\u00f3n de m\u00e1s de dos d\u00e9cadas, participando activamente en los estudios moleculares y conductuales con las ratas Romanas.<\/p>\n\n\n\n<p class=\"wp-block-paragraph\">Bajo la direcci\u00f3n de los profesores Giorgi, Quartu y Corda, el equipo italiano analiza la expresi\u00f3n de prote\u00ednas clave como <strong>BDNF<\/strong>, <strong>TrkB<\/strong> y <strong>PSA-NCAM<\/strong>, relacionadas con la neuroplasticidad y la maduraci\u00f3n cortical.<\/p>\n\n\n\n<p class=\"wp-block-paragraph\">Esta alianza hist\u00f3rica ha sido esencial para descifrar las bases sin\u00e1pticas y moleculares de los fenotipos relacionados con la esquizofrenia y consolidar la cooperaci\u00f3n cient\u00edfica entre Cagliari y Barcelona.<\/p>\n\n\n\n<h2 class=\"wp-block-heading\">Rep\u00fablica de Chile &#8211; Dr. Crist\u00f3bal del R\u00edo-\u00c1lamos<strong> (Universidad Austral de Chile, Valdivia)<\/strong><\/h2>\n\n\n\n<p class=\"wp-block-paragraph\">El Dr. Crist\u00f3bal del R\u00edo-\u00c1lamos, antiguo miembro de nuestro grupo y actualmente profesor asociado en Chile, colabora en el an\u00e1lisis conductual y morfol\u00f3gico de los <strong>efectos de las experiencias tempranas<\/strong> sobre el cerebro y la conducta.<\/p>\n\n\n\n<p class=\"wp-block-paragraph\">Su trabajo se centra en la transferencia metodol\u00f3gica y en la adaptaci\u00f3n de protocolos a nuevos contextos de investigaci\u00f3n, contribuyendo a ampliar la dimensi\u00f3n internacional del proyecto y a consolidar la presencia cient\u00edfica de nuestro grupo en Latinoam\u00e9rica.<\/p>\n\n\n\n<figure class=\"wp-block-image size-full is-resized\"><img loading=\"lazy\" decoding=\"async\" width=\"723\" height=\"510\" src=\"https:\/\/webs.uab.cat\/neurobio-trastorns-mentals\/wp-content\/uploads\/sites\/595\/2025\/10\/LOGO_GRUP_FINAL.png\" alt=\"\" class=\"wp-image-132\" style=\"width:244px;height:auto\" srcset=\"https:\/\/webs.uab.cat\/neurobio-trastorns-mentals\/wp-content\/uploads\/sites\/595\/2025\/10\/LOGO_GRUP_FINAL.png 723w, https:\/\/webs.uab.cat\/neurobio-trastorns-mentals\/wp-content\/uploads\/sites\/595\/2025\/10\/LOGO_GRUP_FINAL-300x212.png 300w\" sizes=\"auto, (max-width: 723px) 100vw, 723px\" \/><\/figure>\n","protected":false},"excerpt":{"rendered":"<p>Nuestro grupo mantiene una amplia red de colaboraciones internacionales con equipos de investigaci\u00f3n de prestigio en neurociencias y biomedicina. Estos v\u00ednculos nos permiten integrar metodolog\u00edas avanzadas en epigen\u00f3mica, neurobiolog\u00eda molecular y an\u00e1lisis de conducta, reforzando la dimensi\u00f3n traslacional de nuestros proyectos. Dentro del proyecto actual EPISCHIZORAT, las principales colaboraciones son las siguientes: Dinamarca &#8211; Dra. [&hellip;]<\/p>\n","protected":false},"author":2971,"featured_media":0,"parent":0,"menu_order":0,"comment_status":"closed","ping_status":"closed","template":"","meta":{"footnotes":""},"class_list":["post-170","page","type-page","status-publish","hentry"],"_links":{"self":[{"href":"https:\/\/webs.uab.cat\/neurobio-trastorns-mentals\/es\/wp-json\/wp\/v2\/pages\/170","targetHints":{"allow":["GET"]}}],"collection":[{"href":"https:\/\/webs.uab.cat\/neurobio-trastorns-mentals\/es\/wp-json\/wp\/v2\/pages"}],"about":[{"href":"https:\/\/webs.uab.cat\/neurobio-trastorns-mentals\/es\/wp-json\/wp\/v2\/types\/page"}],"author":[{"embeddable":true,"href":"https:\/\/webs.uab.cat\/neurobio-trastorns-mentals\/es\/wp-json\/wp\/v2\/users\/2971"}],"replies":[{"embeddable":true,"href":"https:\/\/webs.uab.cat\/neurobio-trastorns-mentals\/es\/wp-json\/wp\/v2\/comments?post=170"}],"version-history":[{"count":1,"href":"https:\/\/webs.uab.cat\/neurobio-trastorns-mentals\/es\/wp-json\/wp\/v2\/pages\/170\/revisions"}],"predecessor-version":[{"id":174,"href":"https:\/\/webs.uab.cat\/neurobio-trastorns-mentals\/es\/wp-json\/wp\/v2\/pages\/170\/revisions\/174"}],"wp:attachment":[{"href":"https:\/\/webs.uab.cat\/neurobio-trastorns-mentals\/es\/wp-json\/wp\/v2\/media?parent=170"}],"curies":[{"name":"wp","href":"https:\/\/api.w.org\/{rel}","templated":true}]}}