{"id":339,"date":"2023-07-19T15:29:42","date_gmt":"2023-07-19T13:29:42","guid":{"rendered":"https:\/\/webs.uab.cat\/nivellsdevida\/?page_id=339"},"modified":"2024-11-07T17:16:06","modified_gmt":"2024-11-07T15:16:06","slug":"jesus-ramos","status":"publish","type":"page","link":"https:\/\/webs.uab.cat\/nivellsdevida\/jesus-ramos\/","title":{"rendered":"Jes\u00fas Ramos"},"content":{"rendered":"<div class=\"wp-block-image is-style-rounded\">\n<figure class=\"aligncenter size-thumbnail\"><img loading=\"lazy\" decoding=\"async\" width=\"150\" height=\"150\" src=\"https:\/\/webs.uab.cat\/nivellsdevida\/wp-content\/uploads\/sites\/451\/2023\/07\/ramos-150x150.jpg\" alt=\"\" class=\"wp-image-96\" \/><\/figure>\n<\/div>\n\n\n<p>Catedr\u00e0tic de la <a href=\"https:\/\/www.uab.cat\/ca\/economia-historia-economica\/unitat-historia-economica\" target=\"_blank\" rel=\"noreferrer noopener\">Unitat d&#8217;Hist\u00f2ria Econ\u00f2mica<\/a> del Department d&#8217;Economia i Hist\u00f2ria Econ\u00f2mica de la UAB. \u00c9s economista i doctor en ci\u00e8ncies ambientals (economia ecol\u00f2gica). \u00c9s investigador de l&#8217;<a href=\"https:\/\/www.uab.cat\/icta\/\" target=\"_blank\" rel=\"noreferrer noopener\">Institut de Ci\u00e8ncia i Tecnologia Ambientals (ICTA)<\/a>. En el passat ha estat deg\u00e0 del Centre de Prospectiva Estrat\u00e8gica de l&#8217;<a href=\"https:\/\/www.iaen.edu.ec\/\" target=\"_blank\" rel=\"noreferrer noopener\">Institut d&#8217;Alts Estudis Nacionals<\/a> (Equador) i rector de la <a href=\"https:\/\/www.ikiam.edu.ec\/\" target=\"_blank\" rel=\"noreferrer noopener\">Universitat Regional Amaz\u00f2nica Ikiam<\/a> (Equador).<\/p>\n\n\n\n<p>La seva recerca es centra en economia ecol\u00f2gica biof\u00edsica, l&#8217;an\u00e0lisi del metabolisme de les societats i de les llars, els sistemes energ\u00e8tics, l&#8217;impacte de l&#8217;educaci\u00f3 en el desenvolupament, i poblaci\u00f3 i medi ambient.<\/p>\n\n\n\n<p>La seva producci\u00f3 cient\u00edfica es pot consultar als diferents perfils:<\/p>\n\n\n\n<ul class=\"wp-block-list\">\n<li><a href=\"https:\/\/orcid.org\/0000-0002-1057-3545\" target=\"_blank\" rel=\"noreferrer noopener\">ORCID<\/a><\/li>\n\n\n\n<li><a href=\"https:\/\/www.scopus.com\/authid\/detail.uri?authorId=6507288718\" target=\"_blank\" rel=\"noreferrer noopener\">SCOPUS<\/a><\/li>\n\n\n\n<li><a href=\"https:\/\/scholar.google.es\/citations?user=RthVTFsAAAAJ\" target=\"_blank\" rel=\"noreferrer noopener\">Scholar Google<\/a><\/li>\n\n\n\n<li><a href=\"https:\/\/www.researchgate.net\/profile\/Jesus-Ramos-Martin-2\" target=\"_blank\" rel=\"noreferrer noopener\">Research Gate<\/a><\/li>\n\n\n\n<li><a href=\"https:\/\/econpapers.repec.org\/RAS\/pra54.htm\" target=\"_blank\" rel=\"noreferrer noopener\">EconPapers<\/a><\/li>\n\n\n\n<li><a href=\"https:\/\/www.amazon.com\/stores\/Ramos-Martin-Jesus\/author\/B00JZR19OK?ref=ap_rdr&amp;store_ref=ap_rdr&amp;isDramIntegrated=true&amp;shoppingPortalEnabled=true\" target=\"_blank\" rel=\"noreferrer noopener\">Amazon<\/a><\/li>\n\n\n\n<li><a rel=\"noreferrer noopener\" href=\"https:\/\/portalrecerca.uab.cat\/en\/persons\/jes%C3%BAs-ramos-mart%C3%ADn-7\" target=\"_blank\">Portal de Recerca UAB<\/a><\/li>\n<\/ul>\n","protected":false},"excerpt":{"rendered":"<p>Catedr\u00e0tic de la Unitat d&#8217;Hist\u00f2ria Econ\u00f2mica del Department d&#8217;Economia i Hist\u00f2ria Econ\u00f2mica de la UAB. \u00c9s economista i doctor en ci\u00e8ncies ambientals (economia ecol\u00f2gica). \u00c9s investigador de l&#8217;Institut de Ci\u00e8ncia i Tecnologia Ambientals (ICTA). En el passat ha estat deg\u00e0 del Centre de Prospectiva Estrat\u00e8gica de l&#8217;Institut d&#8217;Alts Estudis Nacionals (Equador) i rector de la [&hellip;]<\/p>\n","protected":false},"author":2606,"featured_media":0,"parent":0,"menu_order":0,"comment_status":"closed","ping_status":"closed","template":"","meta":{"footnotes":""},"class_list":["post-339","page","type-page","status-publish","hentry"],"_links":{"self":[{"href":"https:\/\/webs.uab.cat\/nivellsdevida\/wp-json\/wp\/v2\/pages\/339","targetHints":{"allow":["GET"]}}],"collection":[{"href":"https:\/\/webs.uab.cat\/nivellsdevida\/wp-json\/wp\/v2\/pages"}],"about":[{"href":"https:\/\/webs.uab.cat\/nivellsdevida\/wp-json\/wp\/v2\/types\/page"}],"author":[{"embeddable":true,"href":"https:\/\/webs.uab.cat\/nivellsdevida\/wp-json\/wp\/v2\/users\/2606"}],"replies":[{"embeddable":true,"href":"https:\/\/webs.uab.cat\/nivellsdevida\/wp-json\/wp\/v2\/comments?post=339"}],"version-history":[{"count":4,"href":"https:\/\/webs.uab.cat\/nivellsdevida\/wp-json\/wp\/v2\/pages\/339\/revisions"}],"predecessor-version":[{"id":511,"href":"https:\/\/webs.uab.cat\/nivellsdevida\/wp-json\/wp\/v2\/pages\/339\/revisions\/511"}],"wp:attachment":[{"href":"https:\/\/webs.uab.cat\/nivellsdevida\/wp-json\/wp\/v2\/media?parent=339"}],"curies":[{"name":"wp","href":"https:\/\/api.w.org\/{rel}","templated":true}]}}