{"id":241,"date":"2016-01-22T14:49:45","date_gmt":"2016-01-22T12:49:45","guid":{"rendered":"http:\/\/blogs.uab.cat\/nonsexistlanguage\/?page_id=241"},"modified":"2016-01-22T14:49:45","modified_gmt":"2016-01-22T12:49:45","slug":"articles","status":"publish","type":"page","link":"https:\/\/webs.uab.cat\/nonsexistlanguage\/referencies\/articles\/","title":{"rendered":"Articles"},"content":{"rendered":"<ul>\n<li>Bibiloni, Gabriel. \u00ab<a href=\"http:\/\/bibiloni.cat\/textos\/genere.html\">Llengua, g\u00e8nere i sexe<\/a>\u00bb . <em>Diari de Balears<\/em>, 2009.<\/li>\n<li>Bosque, Ignacio. \u00ab<a href=\"http:\/\/www.gela.cat\/lib\/exe\/fetch.php?id=textos_genere&amp;cache=cache&amp;media=bosque_rae_lenguaje_personas.pdf\">La RAE, las palabras y las personas<\/a>\u00bb . <em>El Pa\u00eds<\/em>, 5 de desembre de 2006.<\/li>\n<li>D\u00edaz Hormigo, Mar\u00eda Tadea. \u00ab<a href=\"http:\/\/www.gela.cat\/lib\/exe\/fetch.php?id=textos_genere&amp;cache=cache&amp;media=diaz_hormigo_articulo_unia.pdf\">Androcentrismo social, discriminaci\u00f3n ling\u00fc\u00edstica y propuestas para un uso igualitario de la lengua<\/a>\u00bb . A: Fuentes, Catalina, i Alcaide, Esperanza (ed.). <em>Manifestaciones textuales de la descortes\u00eda y agresividad verbal en diversos \u00e1mbitos comunicativos<\/em> [en l\u00ednia]. Sevilla: Universidad Internacional de Andalus\u00eda, 2009, p\u00e0g. 98-117.<\/li>\n<li>D\u00edaz Hormigo, Mar\u00eda Tadea. \u00ab<a href=\"http:\/\/www.gela.cat\/lib\/exe\/fetch.php?id=textos_genere&amp;cache=cache&amp;media=diaz_hormigo_revista_murcia.pdf\">Comentarios ling\u00fc\u00edsticos a la Gu\u00eda para un uso igualitario del lenguaje administrativo<\/a>\u00bb. <em>Revista de Investigaci\u00f3n Ling\u00fc\u00edstica<\/em>, 10 (2007), p\u00e0g. 7-40.<\/li>\n<li>Diversos autors. <em>Resum de les intervencions de la Jornada \u00ab<a href=\"http:\/\/www.gela.cat\/Resum.html\">Visibilitzar o marcar? Repensar el g\u00e8nere en la llengua catalana<\/a>\u00bb<\/em>. Barcelona: Grup d\u2019Estudi de Lleng\u00fces Amena\u00e7ades, Universitat de Barcelona, 2010.<\/li>\n<li>Grup d\u2019Antropologia Ling\u00fc\u00edstica de la UB. \u00ab<a href=\"http:\/\/www.revistaigualada.cat\/fitxaarticle.asp?article=244\">Per qu\u00e8 en diem g\u00e8nere quan volem dir sexe?<\/a>\u00bb. <em>Revista d\u2019Igualada<\/em>, n\u00fam. 23, 2006.<\/li>\n<li>Junyent, M. Carme. \u00ab<a href=\"http:\/\/paper.avui.cat\/pdfs\/pdf.php?id_pdf=\/pdf\/09\/0523\/090523sup_a012.pdf\">Contra la dictadura ling\u00fc\u00edstica<\/a>\u00bb. <em>Avui<\/em>, 23 de maig de 2009.<\/li>\n<li>Junyent, M. Carme. \u00ab<a href=\"http:\/\/www.lllf.uam.es\/clg8\/actas\/pdf\/paperCLG60.pdf\">G\u00e8nere, sexe, llengua<\/a>\u00bb. Madrid: VIII Congr\u00e9s de Ling\u00fc\u00edstica General, UAM, 2007.<\/li>\n<li>Lled\u00f3, Eul\u00e0lia. <em><a href=\"http:\/\/www20.gencat.cat\/docs\/icdones\/Documents%20web%20antiga\/Arxius\/pub_quaderns3.pdf\">De llengua, difer\u00e8ncia i context<\/a><\/em>. Barcelona: Institut Catal\u00e0 de les Dones, 2007.<\/li>\n<li>Montserrat, Anna. \u00ab<a href=\"http:\/\/www.raco.cat\/index.php\/LlenguaUs\/article\/viewFile\/128234\/177801\">Marcar la difer\u00e8ncia: la representaci\u00f3 de dones i homes a la llengua<\/a>\u00bb. <em>Llengua i \u00das<\/em>, 2009.<\/li>\n<li>Roca, Ignacio M. \u00ab<a href=\"http:\/\/www.gela.cat\/lib\/exe\/fetch.php?id=textos_genere&amp;cache=cache&amp;media=genero_y_sexo_en_castellano.pdf\">Todas las vascas son vascos, y muchos vascos tambi\u00e9n vascas: g\u00e9nero y sexo en el castellano<\/a>\u00bb [en l\u00ednia]. <em>Bolet\u00edn de la Real Academia Espa\u00f1ola<\/em>, vol. LXXXIX, quadern CCXCIX (gener-juny), 2009, p\u00e0g. 77-117.<\/li>\n<li>Tus\u00f3n, Amparo. \u00abDiferencia sexual y diversidad ling\u00fc\u00edstica\u00bb. A: Lomas, C. (coord.). <em>\u00bfIguales o diferentes? G\u00e9nero, diferencia sexual, lenguaje y educaci\u00f3n<\/em>. Barcelona: Paid\u00f3s, 1999, p\u00e0g. 85-100.<\/li>\n<\/ul>\n<hr \/>\n<p><a href=\"http:\/\/blogs.uab.cat\/nonsexistlanguage\/referencies\/\">Refer\u00e8ncies<\/a><\/p>\n<p>&nbsp;<\/p>\n","protected":false},"excerpt":{"rendered":"<p>Bibiloni, Gabriel. \u00abLlengua, g\u00e8nere i sexe\u00bb . Diari de Balears, 2009. Bosque, Ignacio. \u00abLa RAE, las palabras y las personas\u00bb . El Pa\u00eds, 5 de desembre de 2006. D\u00edaz Hormigo, Mar\u00eda Tadea. \u00abAndrocentrismo social, discriminaci\u00f3n ling\u00fc\u00edstica y propuestas para un uso igualitario de la lengua\u00bb . A: Fuentes, Catalina, i Alcaide, Esperanza (ed.). Manifestaciones textuales [&hellip;]<\/p>\n","protected":false},"author":59,"featured_media":0,"parent":77,"menu_order":2,"comment_status":"closed","ping_status":"closed","template":"","meta":{"footnotes":""},"class_list":["post-241","page","type-page","status-publish","hentry"],"_links":{"self":[{"href":"https:\/\/webs.uab.cat\/nonsexistlanguage\/wp-json\/wp\/v2\/pages\/241","targetHints":{"allow":["GET"]}}],"collection":[{"href":"https:\/\/webs.uab.cat\/nonsexistlanguage\/wp-json\/wp\/v2\/pages"}],"about":[{"href":"https:\/\/webs.uab.cat\/nonsexistlanguage\/wp-json\/wp\/v2\/types\/page"}],"author":[{"embeddable":true,"href":"https:\/\/webs.uab.cat\/nonsexistlanguage\/wp-json\/wp\/v2\/users\/59"}],"replies":[{"embeddable":true,"href":"https:\/\/webs.uab.cat\/nonsexistlanguage\/wp-json\/wp\/v2\/comments?post=241"}],"version-history":[{"count":0,"href":"https:\/\/webs.uab.cat\/nonsexistlanguage\/wp-json\/wp\/v2\/pages\/241\/revisions"}],"up":[{"embeddable":true,"href":"https:\/\/webs.uab.cat\/nonsexistlanguage\/wp-json\/wp\/v2\/pages\/77"}],"wp:attachment":[{"href":"https:\/\/webs.uab.cat\/nonsexistlanguage\/wp-json\/wp\/v2\/media?parent=241"}],"curies":[{"name":"wp","href":"https:\/\/api.w.org\/{rel}","templated":true}]}}