{"id":54,"date":"2022-10-05T14:20:25","date_gmt":"2022-10-05T12:20:25","guid":{"rendered":"https:\/\/webs.uab.cat\/nuevosdesarrollosao\/?page_id=54"},"modified":"2023-04-06T18:55:51","modified_gmt":"2023-04-06T16:55:51","slug":"actividades","status":"publish","type":"page","link":"https:\/\/webs.uab.cat\/nuevosdesarrollosao\/en\/actividades\/","title":{"rendered":"Activities"},"content":{"rendered":"\n<h2 class=\"wp-block-heading\">2023<\/h2>\n\n\n\n<p><strong>Gustavo Pita C\u00e9spedes<\/strong>. Lecture: \u00abEl Samur\u00e1i, su imagen e historia, mitos y realidades\u00bb. Friday 10 march 2023 at the Palacio de la Madraza \u2013 Gabinete de Teatro. Organized by La Madraza, Centro de Cultura Contempor\u00e1nea de la Universidad de Granada \u2013 Seminario de Estudios Asi\u00e1ticos. More information: <a rel=\"noreferrer noopener\" href=\"https:\/\/lamadraza.ugr.es\/evento\/el-samurai-su-imagen-e-historia-mitos-y-realidades\/\" target=\"_blank\">La Madraza<\/a>.<\/p>\n\n\n\n<p><strong>Roberto Figliulo.<\/strong> 23 de febrero. \u201cPor donde caen las hojas: po\u00e9ticas del retorno en la reci\u00e9n producci\u00f3n fotogr\u00e1fica china\u201d, con Sylvia Hottinger Craig como comentarista y Filippo Costantini como moderador. En el marco del \u201cCiclo de conferencias virtuales internacionales sobre China\u201d organizadas por la\u00a0<a rel=\"noreferrer noopener\" href=\"https:\/\/urldefense.com\/v3\/__http:\/\/www.redsinolatina.ucr.ac.cr\/*20__;JQ!!D9dNQwwGXtA!VOU7TPh3NmHnEb71rXcBForN5yAOLVNe8fyri5wi_YuRC98zdPbRlE4xJIFPDTpIlcHyquPvCOkzntjy6pCV-nmRdZuJ7Gobx6M$\" target=\"_blank\">Red Acad\u00e9mica Latino (e Hispano) Americanista sobre Estudios Sinol\u00f3gicos \u62c9\u7f8e\u6c49\u5b66\u7814\u7a76\u5b66\u672f\u7f51<\/a>\u00a0con sede en la Universidad de Costa Rica.<\/p>\n\n\n\n<p><strong>Irene Masdeu Torruella.<\/strong> 2 de febrero.\u00a0El periodista Javier Borr\u00e0s y los investigadores\u00a0Irene Masdeu Torruella, Xavier Ortells y Maialen Mar\u00edn conversan sobre la evoluci\u00f3n de la China en los \u00faltimos a\u00f1os, su presente y el futuro que compartimos. En el ciclo &#8220;<a href=\"https:\/\/www.cccb.org\/es\/ciclos\/ficha\/la-china-del-presente-el-mundo-del-futuro\/240899\" target=\"_blank\" rel=\"noreferrer noopener\">La China del presente, el mundo del futuro<\/a>&#8221; al CCCB, Barcelona. <\/p>\n\n\n\n<h2 class=\"wp-block-heading\">2022<\/h2>\n\n\n\n<p><strong>Loriguillo-L\u00f3pez, Antonio.<\/strong> Conferencia Invitada: \u201cRutas Geemu: espacios, comunidades y experiencias en el turismo otaku&#8221; Fundaci\u00f3n Jap\u00f3n, Madrid, 25 de noviembre de 2022.<\/p>\n\n\n\n<p><strong>Loriguillo-L\u00f3pez, Antonio. <\/strong>Conferencia Invitada: \u201cAnime contempor\u00e1neo y complejidad narrativa&#8221; Instituto Universitario del Cine Espa\u00f1ol, Universidad Carlos III de Madrid, octubre 2022.<\/p>\n\n\n\n<p><strong><strong>Joaqu\u00edn Beltr\u00e1n Antol\u00edn. <\/strong><\/strong>October 30.<strong>\u00a0<\/strong>In \u201cII Jornadas sobre el Mundo Chino\u201d, organized by\u00a0<a href=\"https:\/\/fundacionqili.org\/\">Fundaci\u00f3n Qili<\/a>,\u00a0Joaqu\u00edn Beltr\u00e1n\u00a0presents \u201c<a rel=\"noreferrer noopener\" href=\"https:\/\/www.youtube.com\/watch?v=astv5KSSM4w&amp;ab_channel=Fundaci%C3%B3nQiliFundazioa\" target=\"_blank\">El Partido Comunista Chino y su XX Congreso<\/a>\u201d, moderated by Mart\u00edn de Rada.<\/p>\n\n\n\n<p><strong>Laura Montero.<\/strong> Universidad Carlos 3 de Madrid (Madrid, Espa\u00f1a). Los inicios del anime: los pioneros que dieron forma a la animaci\u00f3n como industria (1910-1956). Clase magistral presencial dentro del marco del curso &#8220;Reflexiones sobre la cultura asi\u00e1tica&#8221;. 14 de octubre de 2022<\/p>\n\n\n\n<p><strong>Laura Montero.<\/strong> Japan Foundation New Delhi (India). Hayao Miyazaki: Tradition and Storytelling Innovation. Conferencia online. 8 de septiembre de 2022.<\/p>\n\n\n\n<p><strong>Just Castillo Iglesias<\/strong>.<strong> <\/strong>June 16.<strong>\u00a0<\/strong>The webinar \u201cLas relaciones de la Uni\u00f3n Europea con China y Jap\u00f3n: retos ante un contexto geopol\u00edtico\u201d by\u00a0Just Castillo Iglesias\u00a0in \u201cII Ciclo de Conferencias: Estudios Globales de Asia Oriental\u201d, organized by the\u00a0<a href=\"https:\/\/www.uab.cat\/web\/estudiar\/la-oferta-de-masteres-oficiales\/informacion-general\/estudios-globales-de-asia-oriental-1096480309770.html?param1=1345803183017\">M\u00e1ster Oficial en Estudios Globales de Asia Oriental<\/a>\u00a0\u00a0of the Universidad Aut\u00f3noma de Barcelona (UAB) and Casa Asia. Presented by Rafael Bueno, director of Pol\u00edtica, Sociedad y Programas Educativos, Casa Asia, and moderated by David Saur\u00ed,\u00a0coordinator of the M\u00e1ster Oficial en Estudios Globales de Asia Oriental (UAB).<\/p>\n\n\n\n<p><strong><strong>Roberto Figliulo<\/strong><\/strong>. June 2. The webinar \u201c<a rel=\"noreferrer noopener\" href=\"https:\/\/www.youtube.com\/watch?v=D8zldBvQr3o&amp;ab_channel=casaasia\" target=\"_blank\">Sinofuturismos: Imaginarios de ciencia ficci\u00f3n y nuevas tecnolog\u00edas en la producci\u00f3n art\u00edstica en China<\/a>\u201d by\u00a0Roberto Figliulo\u00a0in \u201cII Ciclo de Conferencias: Estudios Globales de Asia Oriental\u201d, organized by the M\u00e1ster Oficial en Estudios Globales de Asia Oriental of the Universidad Aut\u00f3noma de Barcelona (UAB) and Casa Asia. Presented by Rafael Bueno, director of Pol\u00edtica, Sociedad y Programas Educativos, Casa Asia, and moderated by Ester Torres-Sim\u00f3n, Serra H\u00fanter lecturer UAB.<\/p>\n\n\n\n<h2 class=\"wp-block-heading\">2021<\/h2>\n\n\n\n<p>Navarro-Remesal, V\u00edctor y <strong>Loriguillo-L\u00f3pez, Antonio.<\/strong> Curso online invitado: \u201cUn recorrido por el videojuego japon\u00e9s&#8221; Casa Asia, mayo-junio 2021.<\/p>\n\n\n\n<p><strong>Laura Montero. <\/strong>Fundaci\u00f3n Jap\u00f3n Madrid (Madrid, Espa\u00f1a). Ready to play? Cinem\u00e1tica vs jugabilidad: interactividad y animaci\u00f3n en el g\u00eamu. Conferencia online. 14 de julio de 2021.<\/p>\n","protected":false},"excerpt":{"rendered":"<p>2023 Gustavo Pita C\u00e9spedes. Lecture: \u00abEl Samur\u00e1i, su imagen e historia, mitos y realidades\u00bb. Friday 10 march 2023 at the Palacio de la Madraza \u2013 Gabinete de Teatro. Organized by La Madraza, Centro de Cultura Contempor\u00e1nea de la Universidad de Granada \u2013 Seminario de Estudios Asi\u00e1ticos. More information: La Madraza. Roberto Figliulo. 23 de febrero. [&hellip;]<\/p>\n","protected":false},"author":304,"featured_media":0,"parent":0,"menu_order":0,"comment_status":"closed","ping_status":"closed","template":"","meta":{"footnotes":""},"class_list":["post-54","page","type-page","status-publish","hentry"],"_links":{"self":[{"href":"https:\/\/webs.uab.cat\/nuevosdesarrollosao\/en\/wp-json\/wp\/v2\/pages\/54","targetHints":{"allow":["GET"]}}],"collection":[{"href":"https:\/\/webs.uab.cat\/nuevosdesarrollosao\/en\/wp-json\/wp\/v2\/pages"}],"about":[{"href":"https:\/\/webs.uab.cat\/nuevosdesarrollosao\/en\/wp-json\/wp\/v2\/types\/page"}],"author":[{"embeddable":true,"href":"https:\/\/webs.uab.cat\/nuevosdesarrollosao\/en\/wp-json\/wp\/v2\/users\/304"}],"replies":[{"embeddable":true,"href":"https:\/\/webs.uab.cat\/nuevosdesarrollosao\/en\/wp-json\/wp\/v2\/comments?post=54"}],"version-history":[{"count":7,"href":"https:\/\/webs.uab.cat\/nuevosdesarrollosao\/en\/wp-json\/wp\/v2\/pages\/54\/revisions"}],"predecessor-version":[{"id":307,"href":"https:\/\/webs.uab.cat\/nuevosdesarrollosao\/en\/wp-json\/wp\/v2\/pages\/54\/revisions\/307"}],"wp:attachment":[{"href":"https:\/\/webs.uab.cat\/nuevosdesarrollosao\/en\/wp-json\/wp\/v2\/media?parent=54"}],"curies":[{"name":"wp","href":"https:\/\/api.w.org\/{rel}","templated":true}]}}