{"id":188,"date":"2016-11-10T10:44:03","date_gmt":"2016-11-10T10:44:03","guid":{"rendered":"https:\/\/webs.uab.cat\/occita\/conferencies\/"},"modified":"2024-03-22T12:20:22","modified_gmt":"2024-03-22T12:20:22","slug":"conferencies","status":"publish","type":"page","link":"https:\/\/webs.uab.cat\/occita\/conferencies\/","title":{"rendered":"Confer\u00e8ncies"},"content":{"rendered":"\n<p>Aqu\u00ed podeu veure les gravacions en v\u00eddeo de diverses confer\u00e8ncies:<\/p>\n\n\n\n<p><a href=\"https:\/\/www.youtube.com\/watch?v=9_XVhzFN9Gs\" target=\"_blank\" rel=\"noreferrer noopener\"><img loading=\"lazy\" decoding=\"async\" width=\"40\" height=\"40\" class=\"wp-image-546\" style=\"width: 40px\" src=\"https:\/\/webs.uab.cat\/occita\/wp-content\/uploads\/sites\/196\/2024\/03\/image.png\" alt=\"\"><\/a><a href=\"https:\/\/www.youtube.com\/watch?v=9_XVhzFN9Gs\" target=\"_blank\" rel=\"noopener\">Programa&nbsp;30 minuts &#8211; Occit\u00e0nia, el retorn d&#8217;en Joan Petit<\/a><\/p>\n\n\n\n<h2 class=\"wp-block-heading\"><strong>20es Jornades Occitanes<\/strong><\/h2>\n\n\n\n<p><a href=\"https:\/\/ddd.uab.cat\/record\/165853\" target=\"_blank\" rel=\"noreferrer noopener\"><img loading=\"lazy\" decoding=\"async\" width=\"40\" height=\"40\" class=\"wp-image-546\" style=\"width: 40px\" src=\"https:\/\/webs.uab.cat\/occita\/wp-content\/uploads\/sites\/196\/2024\/03\/image.png\" alt=\"\"><\/a><a href=\"http:\/\/ddd.uab.cat\/record\/165853\" target=\"_blank\" rel=\"noopener\">Josep Anselm Clav\u00e9. M\u00fasica i literatura<\/a> \/ Carre\u00f1o S\u00e1nchez, Irene<\/p>\n\n\n\n<p><a href=\"https:\/\/ddd.uab.cat\/record\/165852\" target=\"_blank\" rel=\"noreferrer noopener\"><img loading=\"lazy\" decoding=\"async\" width=\"40\" height=\"40\" class=\"wp-image-546\" style=\"width: 40px\" src=\"https:\/\/webs.uab.cat\/occita\/wp-content\/uploads\/sites\/196\/2024\/03\/image.png\" alt=\"\"><\/a><a href=\"http:\/\/ddd.uab.cat\/record\/165852\" target=\"_blank\" rel=\"noopener\">Daurel y Bet\u00f3n y la \u00e9pica occitana medieval en su marco rom\u00e1nico<\/a> \/ Contreras Mart\u00edn, Antonio&nbsp;<\/p>\n\n\n\n<p><a href=\"https:\/\/ddd.uab.cat\/record\/165851\" target=\"_blank\" rel=\"noreferrer noopener\"><img loading=\"lazy\" decoding=\"async\" width=\"40\" height=\"40\" class=\"wp-image-546\" style=\"width: 40px\" src=\"https:\/\/webs.uab.cat\/occita\/wp-content\/uploads\/sites\/196\/2024\/03\/image.png\" alt=\"\"><\/a><a href=\"http:\/\/ddd.uab.cat\/record\/165851\" target=\"_blank\" rel=\"noopener\">De la impersonalitat a la primera persona : Guerra, rumors i literatura pol\u00edtica al llarg del regnat de Joan I <\/a>\/ Reche Ontillera, Alberto<\/p>\n\n\n\n<p><a href=\"https:\/\/ddd.uab.cat\/record\/165850\" target=\"_blank\" rel=\"noreferrer noopener\"><img loading=\"lazy\" decoding=\"async\" width=\"40\" height=\"40\" class=\"wp-image-546\" style=\"width: 40px\" src=\"https:\/\/webs.uab.cat\/occita\/wp-content\/uploads\/sites\/196\/2024\/03\/image.png\" alt=\"\"><\/a><a href=\"http:\/\/ddd.uab.cat\/record\/165850\" target=\"_blank\" rel=\"noopener\">Renaixen\u00e7a i Felibritge: la relaci\u00f3 entre Francesc Pelai Briz i els felibres Frederic Mistral i Josep Romanilha (1859-1880)<\/a> \/ Panyella Ferreres, Ramon<\/p>\n\n\n\n<p><a href=\"https:\/\/ddd.uab.cat\/record\/164302\" target=\"_blank\" rel=\"noreferrer noopener\"><img loading=\"lazy\" decoding=\"async\" width=\"40\" height=\"40\" class=\"wp-image-546\" style=\"width: 40px\" src=\"https:\/\/webs.uab.cat\/occita\/wp-content\/uploads\/sites\/196\/2024\/03\/image.png\" alt=\"\"><\/a><a href=\"http:\/\/ddd.uab.cat\/record\/164302\" target=\"_blank\" rel=\"noopener\">Mitolog\u00eda cl\u00e1sica en la leyenda de los infantes de Salas : de la General Estoria a la Estoria de Espa\u00f1a<\/a> \/ Morros Mestres, Bienvenido<\/p>\n\n\n\n<p><a href=\"https:\/\/ddd.uab.cat\/record\/164298\" target=\"_blank\" rel=\"noreferrer noopener\"><img loading=\"lazy\" decoding=\"async\" width=\"40\" height=\"40\" class=\"wp-image-546\" style=\"width: 40px\" src=\"https:\/\/webs.uab.cat\/occita\/wp-content\/uploads\/sites\/196\/2024\/03\/image.png\" alt=\"\"><\/a><a href=\"http:\/\/ddd.uab.cat\/record\/164298\" target=\"_blank\" rel=\"noopener\">Entrevista al grup Mirab\u00e8l<\/a> \/ Universitat Aut\u00f2noma de Barcelona. Institut d&#8217;Estudis Medievals<\/p>\n\n\n\n<h2 class=\"wp-block-heading\"><strong>21es Jornades Occitanes<\/strong><\/h2>\n\n\n\n<p><a href=\"https:\/\/ddd.uab.cat\/record\/165861\" target=\"_blank\" rel=\"noreferrer noopener\"><img loading=\"lazy\" decoding=\"async\" width=\"40\" height=\"40\" class=\"wp-image-546\" style=\"width: 40px\" src=\"https:\/\/webs.uab.cat\/occita\/wp-content\/uploads\/sites\/196\/2024\/03\/image.png\" alt=\"\"><\/a><a href=\"http:\/\/ddd.uab.cat\/record\/165861\" target=\"_blank\" rel=\"noopener\">\u00c9s perill\u00f3s el triangle? : Amor i relacions a l&#8217;edat mitjana i m\u00e9s enll\u00e0<\/a> \/ Contreras Mart\u00edn, Antonio ; Rossell i Mayo, Antoni<\/p>\n\n\n\n<p><a href=\"https:\/\/ddd.uab.cat\/record\/165859\" target=\"_blank\" rel=\"noreferrer noopener\"><img loading=\"lazy\" decoding=\"async\" width=\"40\" height=\"40\" class=\"wp-image-546\" style=\"width: 40px\" src=\"https:\/\/webs.uab.cat\/occita\/wp-content\/uploads\/sites\/196\/2024\/03\/image.png\" alt=\"\"><\/a><a href=\"http:\/\/ddd.uab.cat\/record\/165859\" target=\"_blank\" rel=\"noopener\">Oralitat, literatura i m\u00fasica : Un paradigma necessari<\/a> \/ Rossell i Mayo, Antoni<\/p>\n\n\n\n<p><a href=\"https:\/\/ddd.uab.cat\/record\/165858\" target=\"_blank\" rel=\"noreferrer noopener\"><img loading=\"lazy\" decoding=\"async\" width=\"40\" height=\"40\" class=\"wp-image-546\" style=\"width: 40px\" src=\"https:\/\/webs.uab.cat\/occita\/wp-content\/uploads\/sites\/196\/2024\/03\/image.png\" alt=\"\"><\/a><a href=\"http:\/\/ddd.uab.cat\/record\/165858\" target=\"_blank\" rel=\"noopener\">Pa\u00eds C\u00e0tar, l&#8217;enc\u00eds d&#8217;un territori<\/a> \/ Rius, Montserrat<\/p>\n\n\n\n<p><a href=\"https:\/\/ddd.uab.cat\/record\/165856\" target=\"_blank\" rel=\"noreferrer noopener\"><img loading=\"lazy\" decoding=\"async\" width=\"40\" height=\"40\" class=\"wp-image-546\" style=\"width: 40px\" src=\"https:\/\/webs.uab.cat\/occita\/wp-content\/uploads\/sites\/196\/2024\/03\/image.png\" alt=\"\"><\/a><a href=\"http:\/\/ddd.uab.cat\/record\/165856\" target=\"_blank\" rel=\"noopener\">La pres\u00e8ncia occitana a la Universitat Catalana d&#8217;Estiu<\/a> \/ Maluquer, Joan<\/p>\n\n\n\n<p><a href=\"https:\/\/ddd.uab.cat\/record\/165855\" target=\"_blank\" rel=\"noreferrer noopener\"><img loading=\"lazy\" decoding=\"async\" width=\"40\" height=\"40\" class=\"wp-image-546\" style=\"width: 40px\" src=\"https:\/\/webs.uab.cat\/occita\/wp-content\/uploads\/sites\/196\/2024\/03\/image.png\" alt=\"\"><\/a><a href=\"http:\/\/ddd.uab.cat\/record\/165855\" target=\"_blank\" rel=\"noopener\">\u00bfQu\u00e9 historia permite entender la literatura?<\/a> \/ Ruiz Dom\u00e8nech, Jos\u00e9 Enrique<\/p>\n\n\n\n<h2 class=\"wp-block-heading\"><strong>22es Jornades Occitanes<\/strong><\/h2>\n\n\n\n<p><a href=\"https:\/\/ddd.uab.cat\/record\/184873?ln=ca\" target=\"_blank\" rel=\"noopener\"><img loading=\"lazy\" decoding=\"async\" class=\" size-full wp-image-187\" src=\"https:\/\/webs.uab.cat\/occita\/wp-content\/uploads\/sites\/196\/2016\/11\/video_fw.jpg\" alt=\"video_fw.jpg\" width=\"40\" height=\"40\"><\/a><a href=\"https:\/\/ddd.uab.cat\/record\/184873?ln=ca\" target=\"_blank\" rel=\"noopener\">Dansa i espai esc\u00e8nic en la performance medieval<\/a> \/ Massip, Francesc<\/p>\n\n\n\n<p><a href=\"https:\/\/ddd.uab.cat\/record\/184872?ln=ca\" target=\"_blank\" rel=\"noopener\"><img loading=\"lazy\" decoding=\"async\" class=\" size-full wp-image-187\" src=\"https:\/\/webs.uab.cat\/occita\/wp-content\/uploads\/sites\/196\/2016\/11\/video_fw.jpg\" alt=\"video_fw.jpg\" width=\"40\" height=\"40\"><\/a><a href=\"https:\/\/ddd.uab.cat\/record\/184872?ln=ca\" target=\"_blank\" rel=\"noopener\">Occit\u00e0nia i l\u2019occit\u00e0 avui<\/a> \/ Rossell i Mayo, Antoni<\/p>\n\n\n\n<p><a href=\"https:\/\/ddd.uab.cat\/record\/184871?ln=ca\" target=\"_blank\" rel=\"noopener\"><img loading=\"lazy\" decoding=\"async\" class=\" size-full wp-image-187\" src=\"https:\/\/webs.uab.cat\/occita\/wp-content\/uploads\/sites\/196\/2016\/11\/video_fw.jpg\" alt=\"video_fw.jpg\" width=\"40\" height=\"40\"><\/a><a href=\"https:\/\/ddd.uab.cat\/record\/184871?ln=ca\" target=\"_blank\" rel=\"noopener\">Bases epistemol\u00f2giques per a una arqueologia de la bio-est\u00e8tica aplicada a la literatura medieval<\/a> \/ Costa, Ronald Ferreira da<\/p>\n\n\n\n<p><a href=\"https:\/\/ddd.uab.cat\/record\/184870?ln=ca\" target=\"_blank\" rel=\"noopener\"><img loading=\"lazy\" decoding=\"async\" class=\" size-full wp-image-187\" src=\"https:\/\/webs.uab.cat\/occita\/wp-content\/uploads\/sites\/196\/2016\/11\/video_fw.jpg\" alt=\"video_fw.jpg\" width=\"40\" height=\"40\"><\/a><a href=\"https:\/\/ddd.uab.cat\/record\/184870?ln=ca\" target=\"_blank\" rel=\"noopener\">Conflicto y vasallaje en el Poema de Fern\u00e1n Gonz\u00e1lez<\/a> \/ Bautista, Francisco<\/p>\n\n\n\n<p><a href=\"https:\/\/ddd.uab.cat\/record\/184809?ln=ca\" target=\"_blank\" rel=\"noopener\"><img loading=\"lazy\" decoding=\"async\" class=\" size-full wp-image-187\" src=\"https:\/\/webs.uab.cat\/occita\/wp-content\/uploads\/sites\/196\/2016\/11\/video_fw.jpg\" alt=\"video_fw.jpg\" width=\"40\" height=\"40\"><\/a><a href=\"https:\/\/ddd.uab.cat\/record\/184809?ln=ca\" target=\"_blank\" rel=\"noopener\">\u201dOccit\u00e0nia i el Meridi\u00e0 de Par\u00eds\u201d. En motiu de la publicaci\u00f3 del llibre El Meridi\u00e0 de Par\u00eds de Llu\u00eds Calvo (Edicions Poncianes 2016)<\/a> \/ Calvo i Guardiola, Llu\u00eds ; Rossell i Mayo, Antoni&nbsp;<\/p>\n\n\n\n<p><a href=\"https:\/\/ddd.uab.cat\/record\/184801?ln=ca\" target=\"_blank\" rel=\"noopener\"><img loading=\"lazy\" decoding=\"async\" class=\" size-full wp-image-187\" src=\"https:\/\/webs.uab.cat\/occita\/wp-content\/uploads\/sites\/196\/2016\/11\/video_fw.jpg\" alt=\"video_fw.jpg\" width=\"40\" height=\"40\"><\/a><a href=\"https:\/\/ddd.uab.cat\/record\/184801?ln=ca\" target=\"_blank\" rel=\"noopener\">Humanitats Digitals : presentaci\u00f3 de la col\u00b7lecci\u00f3 de llibres electr\u00f2nics de la Biblioteca de Catalunya: Escrits i mem\u00f2ria<\/a> \/ Rossell i Mayo, Antoni&nbsp;<\/p>\n\n\n\n<p><a href=\"https:\/\/ddd.uab.cat\/record\/184798?ln=ca\" target=\"_blank\" rel=\"noopener\"><img loading=\"lazy\" decoding=\"async\" class=\" size-full wp-image-187\" src=\"https:\/\/webs.uab.cat\/occita\/wp-content\/uploads\/sites\/196\/2016\/11\/video_fw.jpg\" alt=\"video_fw.jpg\" width=\"40\" height=\"40\"><\/a><a href=\"https:\/\/ddd.uab.cat\/record\/184798?ln=ca\" target=\"_blank\" rel=\"noopener\">Amor cort\u00e8s i amor venal als contes de Canterbury<\/a> \/ Curbet Soler, Joan<\/p>\n\n\n\n<p><a href=\"https:\/\/ddd.uab.cat\/record\/184797?ln=ca\" target=\"_blank\" rel=\"noopener\"><img loading=\"lazy\" decoding=\"async\" class=\" size-full wp-image-187\" src=\"https:\/\/webs.uab.cat\/occita\/wp-content\/uploads\/sites\/196\/2016\/11\/video_fw.jpg\" alt=\"video_fw.jpg\" width=\"40\" height=\"40\"><\/a><a href=\"https:\/\/ddd.uab.cat\/record\/184797?ln=ca\" target=\"_blank\" rel=\"noopener\">Per qu\u00e8 apropar-se a l&#8217;Edat Mitjana al segle XXI?<\/a> \/ Reche Ontillera, Alberto<\/p>\n\n\n\n<p><a href=\"https:\/\/ddd.uab.cat\/record\/184796?ln=ca\" target=\"_blank\" rel=\"noopener\"><img loading=\"lazy\" decoding=\"async\" class=\" size-full wp-image-187\" src=\"https:\/\/webs.uab.cat\/occita\/wp-content\/uploads\/sites\/196\/2016\/11\/video_fw.jpg\" alt=\"video_fw.jpg\" width=\"40\" height=\"40\"><\/a><a href=\"https:\/\/ddd.uab.cat\/record\/184796?ln=ca\" target=\"_blank\" rel=\"noopener\">Er\u00f2tica i obscenitat en la l\u00edrica trobadoresca<\/a> \/ Camprub\u00ed i Vinyals, Adriana<\/p>\n\n\n\n<p><a href=\"https:\/\/ddd.uab.cat\/record\/184438?ln=ca\" target=\"_blank\" rel=\"noopener\"><img loading=\"lazy\" decoding=\"async\" class=\" size-full wp-image-187\" src=\"https:\/\/webs.uab.cat\/occita\/wp-content\/uploads\/sites\/196\/2016\/11\/video_fw.jpg\" alt=\"video_fw.jpg\" width=\"40\" height=\"40\"><\/a><a href=\"https:\/\/ddd.uab.cat\/record\/184438?ln=ca\" target=\"_blank\" rel=\"noopener\">El &#8220;Jaufr\u00e9&#8221; y las formas de comprensi\u00f3n del amor en la narrativa art\u00farica (ss XII-XIII)<\/a> \/ Contreras Mart\u00edn, Antonio&nbsp;<\/p>\n\n\n\n<p><a href=\"https:\/\/ddd.uab.cat\/record\/184437?ln=ca\" target=\"_blank\" rel=\"noopener\"><img loading=\"lazy\" decoding=\"async\" class=\" size-full wp-image-187\" src=\"https:\/\/webs.uab.cat\/occita\/wp-content\/uploads\/sites\/196\/2016\/11\/video_fw.jpg\" alt=\"video_fw.jpg\" width=\"40\" height=\"40\"><\/a><a href=\"https:\/\/ddd.uab.cat\/record\/184437?ln=ca\" target=\"_blank\" rel=\"noopener\">Amor i economia a l&#8217;Edat Mitjana<\/a> \/ Rossell i Mayo, Antoni&nbsp;<\/p>\n\n\n\n<h2 class=\"wp-block-heading\"><strong>23es Jornades Occitanes<\/strong><\/h2>\n\n\n\n<p><a href=\"https:\/\/ddd.uab.cat\/record\/199437?ln=ca\" target=\"_blank\" rel=\"noopener\"><img loading=\"lazy\" decoding=\"async\" class=\" size-full wp-image-187\" src=\"https:\/\/webs.uab.cat\/occita\/wp-content\/uploads\/sites\/196\/2016\/11\/video_fw.jpg\" alt=\"video_fw.jpg\" width=\"40\" height=\"40\"><\/a><a href=\"https:\/\/ddd.uab.cat\/record\/199437?ln=ca\" target=\"_blank\" rel=\"noopener\">Presentaci\u00f3 llibre per a infants en occit\u00e0 : Missi\u00f3 Trobairitz de Cinta Arasa, il\u00b7lustracions d&#8217;Ignasi Blanch, tradu\u00eft a l\u2019occit\u00e0 per Maria Jos\u00e9 Fern\u00e1ndez<\/a> \/ Arasa, Cinta<\/p>\n\n\n\n<p><a href=\"https:\/\/ddd.uab.cat\/record\/199440?ln=ca\" target=\"_blank\" rel=\"noopener\"><img loading=\"lazy\" decoding=\"async\" class=\" size-full wp-image-187\" src=\"https:\/\/webs.uab.cat\/occita\/wp-content\/uploads\/sites\/196\/2016\/11\/video_fw.jpg\" alt=\"video_fw.jpg\" width=\"40\" height=\"40\"><\/a><a href=\"https:\/\/ddd.uab.cat\/record\/199440?ln=ca\" target=\"_blank\" rel=\"noopener\">Las sagas heroicas, art\u00faricas y caballerescas (siglos XII &#8211; XIV)<\/a> \/ Contreras Mart\u00edn, Antonio<\/p>\n\n\n\n<p><a href=\"https:\/\/ddd.uab.cat\/record\/199441?ln=ca\" target=\"_blank\" rel=\"noopener\"><img loading=\"lazy\" decoding=\"async\" class=\" size-full wp-image-187\" src=\"https:\/\/webs.uab.cat\/occita\/wp-content\/uploads\/sites\/196\/2016\/11\/video_fw.jpg\" alt=\"video_fw.jpg\" width=\"40\" height=\"40\"><\/a><a href=\"https:\/\/ddd.uab.cat\/record\/199441?ln=ca\" target=\"_blank\" rel=\"noopener\">La representaci\u00f3 del Judici Final en el teatre occit\u00e0 i catal\u00e0 de finals de l&#8217;Edat Mitjana<\/a> \/ Massip, Francesc<\/p>\n\n\n\n<p><a href=\"https:\/\/ddd.uab.cat\/record\/199442?ln=ca\" target=\"_blank\" rel=\"noopener\"><img loading=\"lazy\" decoding=\"async\" class=\" size-full wp-image-187\" src=\"https:\/\/webs.uab.cat\/occita\/wp-content\/uploads\/sites\/196\/2016\/11\/video_fw.jpg\" alt=\"video_fw.jpg\" width=\"40\" height=\"40\"><\/a><a href=\"https:\/\/ddd.uab.cat\/record\/199442?ln=ca\" target=\"_blank\" rel=\"noopener\">O ato da palavra : poesia, performance coletivos e redes afetivas<\/a> \/ Fernandes, Frederico Augusto Garcia<\/p>\n\n\n\n<p><a href=\"https:\/\/ddd.uab.cat\/record\/199457?ln=ca\" target=\"_blank\" rel=\"noopener\"><img loading=\"lazy\" decoding=\"async\" class=\" size-full wp-image-187\" src=\"https:\/\/webs.uab.cat\/occita\/wp-content\/uploads\/sites\/196\/2016\/11\/video_fw.jpg\" alt=\"video_fw.jpg\" width=\"40\" height=\"40\"><\/a><a href=\"https:\/\/ddd.uab.cat\/record\/199457?ln=ca\" target=\"_blank\" rel=\"noopener\">M\u00fasica i cultura medievals a la r\u00e0dio p\u00fablica : l\u2019experi\u00e8ncia \u201cSons de l\u2019edat mitjana\u201d<\/a> \/ Montes, Maria<\/p>\n\n\n\n<p><a href=\"https:\/\/ddd.uab.cat\/record\/199458?ln=ca\" target=\"_blank\" rel=\"noopener\"><img loading=\"lazy\" decoding=\"async\" class=\" size-full wp-image-187\" src=\"https:\/\/webs.uab.cat\/occita\/wp-content\/uploads\/sites\/196\/2016\/11\/video_fw.jpg\" alt=\"video_fw.jpg\" width=\"40\" height=\"40\"><\/a><a href=\"https:\/\/ddd.uab.cat\/record\/199458?ln=ca\" target=\"_blank\" rel=\"noopener\">Recuperaci\u00f3 de les comarques tradicionals d\u2019Occit\u00e0nia<\/a> \/ Fun\u00e9s Mart\u00edn-Canyadell, Gerard i Sichel-Bazin, Rapha\u00ebl<\/p>\n\n\n\n<p><a href=\"https:\/\/ddd.uab.cat\/record\/199602?ln=ca\" target=\"_blank\" rel=\"noopener\"><img loading=\"lazy\" decoding=\"async\" class=\" size-full wp-image-187\" src=\"https:\/\/webs.uab.cat\/occita\/wp-content\/uploads\/sites\/196\/2016\/11\/video_fw.jpg\" alt=\"video_fw.jpg\" width=\"40\" height=\"40\"><\/a><a href=\"https:\/\/ddd.uab.cat\/record\/199602?ln=ca\" target=\"_blank\" rel=\"noopener\">La urraca de luz : recital po\u00e8tic<\/a> \/ H\u00e4sler, Rodolfo<\/p>\n\n\n\n<p><a href=\"https:\/\/ddd.uab.cat\/record\/199603?ln=ca\" target=\"_blank\" rel=\"noopener\"><img loading=\"lazy\" decoding=\"async\" class=\" size-full wp-image-187\" src=\"https:\/\/webs.uab.cat\/occita\/wp-content\/uploads\/sites\/196\/2016\/11\/video_fw.jpg\" alt=\"video_fw.jpg\" width=\"40\" height=\"40\"><\/a><a href=\"https:\/\/ddd.uab.cat\/record\/199603?ln=ca\" target=\"_blank\" rel=\"noopener\">L&#8217;ocell a la cendra : recital po\u00e8tic<\/a> \/ Rafart, Susana<\/p>\n\n\n\n<p><a href=\"https:\/\/ddd.uab.cat\/record\/199606?ln=ca\" target=\"_blank\" rel=\"noopener\"><img loading=\"lazy\" decoding=\"async\" class=\" size-full wp-image-187\" src=\"https:\/\/webs.uab.cat\/occita\/wp-content\/uploads\/sites\/196\/2016\/11\/video_fw.jpg\" alt=\"video_fw.jpg\" width=\"40\" height=\"40\"><\/a><a href=\"https:\/\/ddd.uab.cat\/record\/199606?ln=ca\" target=\"_blank\" rel=\"noopener\">El culte a Sant Jordi com a eina pol\u00edtica a la Catalunya medieval<\/a> \/ Reche Ontillera, Alberto<\/p>\n\n\n\n<h2 class=\"wp-block-heading\"><strong>27es Jornades Occitanes<\/strong><\/h2>\n\n\n\n<p><img loading=\"lazy\" decoding=\"async\" width=\"40\" height=\"40\" class=\" size-full wp-image-187\" src=\"https:\/\/webs.uab.cat\/occita\/wp-content\/uploads\/sites\/196\/2016\/11\/video_fw.jpg\" alt=\"video_fw.jpg\">Contrastare gli smembratori di manoscritti medievali \/ Rossi, Carla<\/p>\n\n\n\n<p><a rel=\"noreferrer noopener\" href=\"https:\/\/videosdigitals.uab.cat\/almacen\/downloads\/935\/17514.mp4\" target=\"_blank\">Part 1<\/a>  \/  <a rel=\"noreferrer noopener\" href=\"https:\/\/videosdigitals.uab.cat\/almacen\/downloads\/935\/17516.mp4\" target=\"_blank\">Part 2<\/a>  \/  <a rel=\"noreferrer noopener\" href=\"https:\/\/videosdigitals.uab.cat\/almacen\/downloads\/935\/17518.mp4\" target=\"_blank\">Part 3<\/a>  \/  <a rel=\"noreferrer noopener\" href=\"https:\/\/videosdigitals.uab.cat\/almacen\/downloads\/935\/17520.mp4\" target=\"_blank\">Part 4<\/a><\/p>\n\n\n\n<p><a href=\"https:\/\/videosdigitals.uab.cat\/almacen\/downloads\/935\/17144.mp4\" target=\"_blank\" rel=\"noreferrer noopener\"><img loading=\"lazy\" decoding=\"async\" width=\"40\" height=\"40\" class=\" size-full wp-image-187\" src=\"https:\/\/webs.uab.cat\/occita\/wp-content\/uploads\/sites\/196\/2016\/11\/video_fw.jpg\" alt=\"video_fw.jpg\">Considerazioni sul frammento egiziano dell&#8217; Yvain (P.Vindob. L114) e sul suo ambiente di origine<\/a> \/ Rossi, Carla<\/p>\n","protected":false},"excerpt":{"rendered":"<p>Aqu\u00ed podeu veure les gravacions en v\u00eddeo de diverses confer\u00e8ncies: Programa&nbsp;30 minuts &#8211; Occit\u00e0nia, el retorn d&#8217;en Joan Petit 20es Jornades Occitanes Josep Anselm Clav\u00e9. M\u00fasica i literatura \/ Carre\u00f1o S\u00e1nchez, Irene Daurel y Bet\u00f3n y la \u00e9pica occitana medieval en su marco rom\u00e1nico \/ Contreras Mart\u00edn, Antonio&nbsp; De la impersonalitat a la primera persona [&hellip;]<\/p>\n","protected":false},"author":20,"featured_media":0,"parent":0,"menu_order":0,"comment_status":"closed","ping_status":"closed","template":"","meta":{"footnotes":""},"class_list":["post-188","page","type-page","status-publish","hentry"],"_links":{"self":[{"href":"https:\/\/webs.uab.cat\/occita\/wp-json\/wp\/v2\/pages\/188","targetHints":{"allow":["GET"]}}],"collection":[{"href":"https:\/\/webs.uab.cat\/occita\/wp-json\/wp\/v2\/pages"}],"about":[{"href":"https:\/\/webs.uab.cat\/occita\/wp-json\/wp\/v2\/types\/page"}],"author":[{"embeddable":true,"href":"https:\/\/webs.uab.cat\/occita\/wp-json\/wp\/v2\/users\/20"}],"replies":[{"embeddable":true,"href":"https:\/\/webs.uab.cat\/occita\/wp-json\/wp\/v2\/comments?post=188"}],"version-history":[{"count":24,"href":"https:\/\/webs.uab.cat\/occita\/wp-json\/wp\/v2\/pages\/188\/revisions"}],"predecessor-version":[{"id":562,"href":"https:\/\/webs.uab.cat\/occita\/wp-json\/wp\/v2\/pages\/188\/revisions\/562"}],"wp:attachment":[{"href":"https:\/\/webs.uab.cat\/occita\/wp-json\/wp\/v2\/media?parent=188"}],"curies":[{"name":"wp","href":"https:\/\/api.w.org\/{rel}","templated":true}]}}